{"id":95,"date":"2012-01-23T12:15:51","date_gmt":"2012-01-23T11:15:51","guid":{"rendered":"http:\/\/wiki.sote.hu\/?p=95"},"modified":"2026-03-23T11:24:12","modified_gmt":"2026-03-23T10:24:12","slug":"uj-oldal-letrehozasa","status":"publish","type":"page","link":"https:\/\/semmelweis.hu\/wiki\/tartalom-kezeles\/uj-oldal-letrehozasa\/","title":{"rendered":"Tartalmak szerkeszt\u00e9se, \u00faj tartalmak k\u00f6zz\u00e9t\u00e9tele (oldal, bejegyz\u00e9s)"},"content":{"rendered":"<div class=\"keretes w-100\">\n<h5>Tartalomjegyz\u00e9k<\/h5>\n<ul style=\"list-style-type: square;\">\n<li><a href=\"#page-post\">Az oldal \u00e9s a bejegyz\u00e9s k\u00f6zti k\u00fcl\u00f6nbs\u00e9g<\/a><\/li>\n<li><a href=\"#new-page\">\u00daj oldal l\u00e9trehoz\u00e1sa<\/a><\/li>\n<li><a href=\"#page-ready\">M\u00e1r k\u00f6zz\u00e9tett tartalom szerkeszt\u00e9se<\/a><\/li>\n<li><a href=\"#all-pages\">Oldalak \/ bejegyz\u00e9sek listan\u00e9zete, sz\u0171r\u00e9sek, gyorsfunkci\u00f3k<\/a><\/li>\n<li><a href=\"#posts\">Bejegyz\u00e9sek<\/a><\/li>\n<li><a href=\"#taxonomy\">Kateg\u00f3ri\u00e1k, c\u00edmk\u00e9k<\/a><a id=\"page-post\"><\/a><\/li>\n<\/ul>\n<\/div>\n<h2>Az oldal \u00e9s a bejegyz\u00e9s k\u00f6zti k\u00fcl\u00f6nbs\u00e9g<\/h2>\n<p>A honlaprendszer alapvet\u0151en k\u00e9tf\u00e9le tartalomt\u00edpust haszn\u00e1l. <strong>Fontos, hogy a tartalomnak megfelel\u0151en v\u00e1lasszuk meg a t\u00edpust!<\/strong>\u00a0<\/p>\n<h5><span style=\"font-size: 14pt;\">OLDAL (PAGE)<\/span><\/h5>\n<p>Az oldalak <strong>az \u00e1lland\u00f3 tartalmaink k\u00f6zz\u00e9t\u00e9tel\u00e9re szolg\u00e1l<\/strong>, ami v\u00e1ltozhat, friss\u00fclhet, de \u00e1lland\u00f3an van l\u00e9tjogosults\u00e1ga (\u00edgy l\u00e9nyegtelen, hogy mikor ker\u00fclt k\u00f6zz\u00e9t\u00e9telre). Ilyen pl. a Bemutatkoz\u00e1s, a tev\u00e9kenys\u00e9g le\u00edr\u00e1sa, el\u00e9rhet\u0151s\u00e9g, oktat\u00e1s, betegell\u00e1t\u00e1s, stb. Alapvet\u0151en a honlapok oldalakb\u00f3l \u00e9p\u00fclnek fel, \u00e9s az oldalak adj\u00e1k a <a href=\"https:\/\/semmelweis.hu\/wiki\/megjelenes\/menuk-letrehozasa-kezelese\/\">navig\u00e1ci\u00f3 f\u0151- \u00e9s almen\u00fcpontjainak<\/a> t\u00f6bbs\u00e9g\u00e9t. Az oldalakat <strong>egym\u00e1shoz k\u00e9pest hierarchi\u00e1ba rendezz\u00fck<\/strong>, azaz f\u0151oldal \u00e9s aloldal viszonyokat alak\u00edtunk ki (a rendszer ezt sz\u00fcl\u0151-gyerek viszonynak h\u00edvja, amit minden oldal eset\u00e9ben k\u00fcl\u00f6n be kell \u00e1ll\u00edtani! \u00e9s ez adja a honlapt\u00e9rk\u00e9p\u00fcnk alapj\u00e1t).\u00a0<\/p>\n<h5><span style=\"font-size: 14pt;\">BEJEGYZ\u00c9S (POST)<\/span><\/h5>\n<p>A bejegyz\u00e9sek olyan honlaptartalmak, amelyeknek <strong>valamilyen id\u0151 szerinti aktualit\u00e1sa van (frissess\u00e9g)<\/strong> \u00e9s ez\u00e9rt meg is jelenik a c\u00edm alatt a k\u00f6zz\u00e9t\u00e9tel d\u00e1tuma, egym\u00e1st\u00a0nem hierarchikusan, hanem frissess\u00e9g szerint k\u00f6vetik (leg\u00fajabb legel\u00f6l). A <strong>bejegyz\u00e9seket kateg\u00f3ri\u00e1kkal csoportos\u00edthatjuk<\/strong>, a kateg\u00f3ri\u00e1k viszont m\u00e1r hierarchiz\u00e1lhat\u00f3k: \u00a0pl. H\u00edrek alatt Oktat\u00e1si h\u00edrek, Betegell\u00e1t\u00e1si h\u00edrek; vagy \u00c1ll\u00e1shirdet\u00e9sek, azon bel\u00fcl eg\u00e9szs\u00e9g\u00fcgyi, adminisztr\u00e1ci\u00f3s, vezet\u0151i, stb. A kateg\u00f3ri\u00e1kb\u00f3l pedig men\u00fcpontok k\u00e9sz\u00edthet\u0151k, ahol automatikusan jelennek meg a bekategoriz\u00e1lt \u00e9s k\u00f6zz\u00e9tett cikkek.<a id=\"new-page\"><\/a><\/p>\n<h2>\u00daj oldal k\u00e9sz\u00edt\u00e9se<\/h2>\n<p>Amikor bel\u00e9pt\u00fcnk a honlapunk szerkeszt\u0151 fel\u00fclet\u00e9re (Vez\u00e9rl\u0151pult), akkor a fels\u0151 szerkeszt\u0151 s\u00e1vban vigy\u00fck az egeret kattint\u00e1s n\u00e9lk\u00fcl az <strong>&#8222;+\u00daj&#8221;<\/strong> opci\u00f3ra, ezut\u00e1n a leny\u00edl\u00f3 men\u00fcb\u0151l v\u00e1lasszuk az &#8222;Oldal&#8221; lehet\u0151s\u00e9get (ez a honlap megtekint\u00e9se k\u00f6zben is m\u0171k\u00f6dik, nem csak a szerkeszt\u0151fel\u00fcleten).<\/p>\n<p>M\u00e1sik lehet\u0151s\u00e9g \u00faj oldal l\u00e9trehoz\u00e1s\u00e1ra, ha\u00a0a <strong>Vez\u00e9rl\u0151pulton<\/strong>\u00a0az <strong>Oldalak<\/strong>\u00a0men\u00fcpontra kattintunk, majd ott kiv\u00e1lasztjuk az <strong>\u00daj hozz\u00e1ad\u00e1sa<\/strong>\u00a0almen\u00fcpontot.<\/p>\n<p>\ud83d\udca1\u00a0<strong><a href=\"https:\/\/semmelweis.hu\/wiki\/tartalom-kezeles\/\">A honlap tartalmainak fel\u00e9p\u00edt\u00e9s\u00e9r\u0151l mindenk\u00e9pp \u00e9rdemes elolvasni \u00edr\u00e1sunkat! \u2192<\/a><\/strong><\/p>\n<p>Az \u00faj oldal l\u00e9trehoz\u00e1s\u00e1hoz a megjelen\u0151 lapon el\u0151sz\u00f6r is <strong>adjunk meg egy c\u00edmet<\/strong> (legyen t\u00f6m\u00f6r, de \u00e9rthet\u0151) a &#8222;C\u00edmsor megad\u00e1sa&#8221; s\u00e1vba.<\/p>\n<p style=\"padding-left: 40px;\"><em>Ha az oldalunkat f\u0151men\u00fcpontnak sz\u00e1njuk, akkor sz\u00e1molhatunk azzal, hogy lehet hosszabb a c\u00edm, mert a men\u00fcbe\u00e1ll\u00edt\u00e1skor majd a vonatkoz\u00f3 men\u00fcpontnak adhatunk r\u00f6vid c\u00edmet is pl. az oldal c\u00edme lehet ez &#8222;Az \u00c1ltal\u00e1nos Orvostudom\u00e1nyi Kar bemutat\u00e1sa&#8221;, m\u00edg a men\u00fcpont majd &#8222;A Karr\u00f3l&#8221; c\u00edmet fogja kapni.<\/em><\/p>\n<p>A c\u00edm be\u00edr\u00e1s\u00e1t k\u00f6vet\u0151en a nagyobbik \u00fcres mez\u0151be<strong> helyezz\u00fck el\u00a0az oldal tartalm\u00e1t: sz\u00f6veget, k\u00e9pet, linkeket, t\u00e1bl\u00e1zatot, stb. <\/strong>A sz\u00f6veget beg\u00e9pelhetj\u00fck k\u00f6zvetlen\u00fcl, vagy Wordb\u0151l &#8222;M\u00e1sol\u00e1s&#8221; (Ctrl+C) \u00e9s &#8222;Beilleszt\u00e9s&#8221; (Ctrl+V) m\u00f3dszerrel is \u00e1temelhetj\u00fck. <strong>Fontos!<\/strong> E-mailb\u0151l vagy m\u00e1sik weboldalb\u00f3l beilleszt\u00e9s eset\u00e9n mindig a &#8222;Beilleszt\u00e9s egyszer\u0171 sz\u00f6vegk\u00e9nt&#8221; (Ctrl+Shift+V) opci\u00f3t haszn\u00e1ljuk. Word-b\u0151l val\u00f3 \u00e1temel\u00e9skor gyakran a bekezd\u00e9sek k\u00f6z\u00f6tt dupla sort\u00e1v keletkezhet, ezt beilleszt\u00e9s ut\u00e1n \u00a0t\u00f6r\u00f6lni sz\u00fcks\u00e9ges.<\/p>\n<p>Egyszer\u0171bb form\u00e1z\u00e1si lehet\u0151s\u00e9geink vannak (felsorol\u00e1sok, vastag\u00edt\u00e1s, id\u00e9zet, stb.), ezeket a sz\u00f6vegdoboz felett l\u00e1that\u00f3 ikonokkal illetve a k\u00fcl\u00f6nb\u00f6z\u0151 leny\u00edl\u00f3 men\u00fcpontokkal \u00e9rhetj\u00fck el.\u00a0<\/p>\n<ul style=\"list-style-type: square;\">\n<li><strong><a href=\"https:\/\/semmelweis.hu\/wiki\/tartalom-kezeles\/kepek-egyeb-fajlok-beillesztese\/\" target=\"_blank\" rel=\"noopener noreferrer\">K\u00e9pek, k\u00e9pgal\u00e9ri\u00e1k \u00e9s egy\u00e9b f\u00e1jlok (pdf, word, stb.) beilleszt\u00e9s\u00e9r\u0151l ezen a linken olvashat \u2192<br \/>\n<\/a><\/strong><\/li>\n<li><a href=\"https:\/\/semmelweis.hu\/wiki\/tartalom-kezeles\/linkek-keszitese\/\" target=\"_blank\" rel=\"noopener noreferrer\">Linkek k\u00e9sz\u00edt\u00e9s\u00e9nek m\u00f3dja ebben a le\u00edr\u00e1sban olvashat\u00f3 \u2192<\/a><\/li>\n<li><a href=\"https:\/\/semmelweis.hu\/wiki\/tartalom-kezeles\/keretes-fontos-lead-idezet\/\">Extra form\u00e1z\u00e1si opci\u00f3k, haszn\u00e1ljuk ezeket b\u00e1tran \u2192<\/a><\/li>\n<li><a href=\"https:\/\/semmelweis.hu\/wiki\/tartalom-kezeles\/egyszeru-tablazatok\/\" target=\"_blank\" rel=\"noopener noreferrer\">T\u00e1bl\u00e1zatok k\u00e9sz\u00edt\u00e9s\u00e9r\u0151l ezen a lapon tal\u00e1lhat b\u0151vebb inform\u00e1ci\u00f3t \u2192<\/a>\u00a0<\/li>\n<\/ul>\n<p>Az oldalaknak, (\u00e9s\u00a0a bejegyz\u00e9seknek is) k\u00e9tf\u00e9le <strong>megtekint\u00e9si m\u00f3d<\/strong>ja van: jobb oldalon a szerkeszt\u0151doboz tetej\u00e9n k\u00e9t f\u00fcl l\u00e1that\u00f3: <strong>Grafikus<\/strong> (vizu\u00e1lis ) \u00e9s <strong>HTML<\/strong> (text) <em>(l\u00e1sd al\u00e1bb k\u00e9p)<\/em>. El\u0151bbiben a legegyszer\u0171bb form\u00e1z\u00e1sok k\u00f6nnyen, m\u00e1s sz\u00f6vegszerkeszt\u0151 programokhoz hasonl\u00f3an l\u00e9trehozhat\u00f3, m\u00edg a HTML szerkeszt\u00e9si m\u00f3dot a k\u00fcl\u00f6nb\u00f6z\u0151 k\u00f3dok seg\u00edts\u00e9g\u00e9vel a halad\u00f3 felhaszn\u00e1l\u00f3knak aj\u00e1nljuk, illetve egyes be\u00e1gyaz\u00f3 k\u00f3dok elhelyez\u00e9s\u00e9re is ez a \u00a0n\u00e9zet szolg\u00e1l (<a href=\"https:\/\/semmelweis.hu\/wiki\/megjelenes\/terkep-beagyazas-google-maps\/\" target=\"_blank\" rel=\"noopener noreferrer\">Google t\u00e9rk\u00e9p \u2192<\/a>, <a href=\"https:\/\/semmelweis.hu\/wiki\/tartalom-kezeles\/video-beagyazas\/\" target=\"_blank\" rel=\"noopener noreferrer\">vide\u00f3k \u2192<\/a>, stb., de ezeket <a href=\"https:\/\/semmelweis.hu\/wiki\/kiegeszito-eszkozok\/\" target=\"_blank\" rel=\"noopener noreferrer\">a vonatkoz\u00f3 le\u00edr\u00e1sokban \u2192<\/a> jelezz\u00fck).\u00a0<\/p>\n<p><strong>A k\u00e9pen bemutatjuk az oldal k\u00f6zz\u00e9t\u00e9tel\u00e9vel kapcsolatos lehet\u0151s\u00e9geinket. N\u00e9zz\u00fck \u00e1t a pirossal jelzett opci\u00f3kat!<\/strong><\/p>\n<p style=\"text-align: right;\"><em>A k\u00e9pre kattintva az nagy\u00edthat\u00f3.<\/em><a href=\"https:\/\/semmelweis.hu\/wiki\/files\/2012\/01\/uj_oldal_1.png\" rel=\"attachment wp-att-880\"><img loading=\"lazy\" decoding=\"async\" class=\"aligncenter size-full wp-image-880\" src=\"https:\/\/semmelweis.hu\/wiki\/files\/2012\/01\/uj_oldal_1.png\" alt=\"uj_oldal_1\" width=\"902\" height=\"681\" srcset=\"https:\/\/semmelweis.hu\/wiki\/files\/2012\/01\/uj_oldal_1.png 902w, https:\/\/semmelweis.hu\/wiki\/files\/2012\/01\/uj_oldal_1-150x113.png 150w, https:\/\/semmelweis.hu\/wiki\/files\/2012\/01\/uj_oldal_1-300x226.png 300w, https:\/\/semmelweis.hu\/wiki\/files\/2012\/01\/uj_oldal_1-768x580.png 768w\" sizes=\"auto, (max-width: 902px) 100vw, 902px\" \/><\/a><\/p>\n<h5>Az oldal tulajdons\u00e1gai doboz tartalma:<\/h5>\n<p>Ha a tartalmunkat m\u00e1r megszerkesztett\u00fck, akkor a k\u00f6zz\u00e9t\u00e9tel el\u0151tt az <strong>Oldal tulajdons\u00e1gai\u00a0<\/strong>dobozban l\u00e9v\u0151 be\u00e1ll\u00edt\u00e1sokat\u00a0kell megtenn\u00fcnk (a k\u00e9pen a jobb oldali s\u00e1v k\u00f6z\u00e9pt\u00e1j\u00e1n l\u00e1that\u00f3). \u00a0<\/p>\n<ul>\n<li>A <strong>sablonmint\u00e1t<\/strong> hagyhatjuk <strong>Alap\u00e9rtelmezett<\/strong>en. Ekkor a k\u00f6zz\u00e9tett oldal bal oldali s\u00e1vj\u00e1ban megjelenik a vonatkoz\u00f3 almen\u00fck list\u00e1ja, ha van, illetve alatta a <a href=\"https:\/\/semmelweis.hu\/wiki\/megjelenes\/oldalak-bal-oldali-savjaba-helyezheto-tartalmak-a-widgetek-segitsegevel\/\" target=\"_blank\" rel=\"noopener noreferrer\">Widgetek seg\u00edts\u00e9g\u00e9vel saj\u00e1t tartalmat tehet\u00fcnk a baloldali s\u00e1vba \u2192<\/a>). \u00a0<\/li>\n<li>V\u00e1laszthatjuk\u00a0az <strong>Oldals\u00e1v n\u00e9lk\u00fcli<\/strong> sablont is, amely arra szolg\u00e1l, hogy nagyon sz\u00e9les tartalmat pl. t\u00e1bl\u00e1zat, vagy almen\u00fcpontokkal nem rendelkez\u0151 f\u0151men\u00fcpontot k\u00f6z\u00f6lj\u00fcnk. Fontos!, ha oldals\u00e1vn\u00e9lk\u00fcli sablon haszn\u00e1lata eset\u00e9n a baloldali s\u00e1v teljesen elt\u0171nik, akkor is, ha ott az almen\u00fc list\u00e1nak kellene l\u00e1tszani, ilyenkor csak\u00a0a visszak\u00f6vet\u00e9sre szolg\u00e1l\u00f3 \u00fan. morzsamen\u00fc\u00a0<em>&#8222;bread crumb&#8221;<\/em>\u00a0mutatja az almen\u00fcstrukt\u00far\u00e1t<strong>.<\/strong><\/li>\n<li><strong>Sz\u00fcl\u0151 <span style=\"color: #ff0000;\">(Fontos!)<\/span>:<\/strong> <strong>a honlapunk tartalm\u00e1nak strukt\u00far\u00e1j\u00e1t, az oldalak hierarchi\u00e1j\u00e1t, sorrendj\u00e9t (f\u0151men\u00fc, almen\u00fc viszonyt, ami megtekint\u00e9skor a bal oldali s\u00e1vban l\u00e1that\u00f3) a sz\u00fcl\u0151 \u00e9s a sorrend mutatja meg<\/strong>. Ha az oldalt f\u0151men\u00fcpontnak sz\u00e1njuk, ne adjunk meg sz\u00fcl\u0151t (de sorrendet igen, a t\u00f6bbi f\u0151men\u00fch\u00f6z k\u00e9pest sz\u00e1m\u00edtott sorsz\u00e1mmal). Ha alen\u00fcpontot akatunk l\u00e9trehozni, akkor sz\u00fcl\u0151nek v\u00e1lasszuk ki a leny\u00edl\u00f3 list\u00e1b\u00f3l azt a k\u00e9sz oldalt, amelyet felettes men\u00fcpontnak sz\u00e1nunk. A sorrendet is \u00e1ll\u00edtsuk be (ha nem tessz\u00fck, az almen\u00fcpontok a c\u00edm\u00fck alapj\u00e1n abc sorrendbe ker\u00fclnek egym\u00e1shoz k\u00e9pest). Ez a hierarchia fog majd az \u00fan. morzsamen\u00fcnkben is t\u00fckr\u00f6z\u0151dni. A k\u00e9sz, strukt\u00far\u00e1ba rendezett oldalakb\u00f3l ugyanakkor majd k\u00fcl\u00f6n fel kell \u00e9p\u00edten\u00fcnk a honlapunk fejl\u00e9ce alatt l\u00e1that\u00f3 men\u00fcszerkezetet\u00a0 (ahov\u00e1 azonban az oldalakon k\u00edv\u00fcl egy\u00e9b tartalmak is ker\u00fclhetnek) <strong><a href=\"https:\/\/semmelweis.hu\/wiki\/megjelenes\/menuk-letrehozasa-kezelese\/\" target=\"_blank\" rel=\"noopener noreferrer\">R\u00e9szletes le\u00edr\u00e1s itt olvashat\u00f3 \u2192 <\/a><\/strong><\/li>\n<\/ul>\n<p>Ha megszerkesztett\u00fck a tartalmat, tekints\u00fck \u00e1t a jobb oldali oszlopban tal\u00e1lhat\u00f3 (a k\u00e9pen a bal oldali oszlopban fel\u00fcl pirossal \u00a0kiemelt) k\u00f6zz\u00e9t\u00e9teli opci\u00f3inkat.<\/p>\n<h5>A K\u00f6zz\u00e9t\u00e9tel doboz tartalma:\u00a0<\/h5>\n<ul>\n<li>A szerkeszt\u00e9s\u00fcnk <strong>El\u0151n\u00e9zet<\/strong>ben is megtekinthet\u0151 a jobb fels\u0151 sarokban tal\u00e1lhat\u00f3 \u00a0gomb seg\u00edts\u00e9g\u00e9vel (\u00faj ablakban ny\u00edlik meg).<\/li>\n<li>Az el\u0151n\u00e9zett\u0151l balra a &#8222;<strong>Ment\u00e9s v\u00e1zlatk\u00e9nt<\/strong>&#8221; gomb tal\u00e1lhat\u00f3. Ha erre kattintunk, az oldalunkat a rendszer elmenti, de nem teszi k\u00f6zz\u00e9, az oldalt bez\u00e1rhatjuk \u00e9s a k\u00e9s\u0151bbiekben folytathatjuk a szerkeszt\u00e9st (az \u00f6sszes oldal k\u00f6z\u00f6tt megtal\u00e1ljuk a v\u00e1zlatokat).<\/li>\n<li>\u00a0A szem ikonnal is jelzett\u00a0<strong>Nyilv\u00e1noss\u00e1g<\/strong>ra kattintva (pirossal nem jelzett r\u00e9sz, az El\u0151n\u00e9zet gomb alatt tal\u00e1lhat\u00f3) v\u00e1laszthat\u00f3 opci\u00f3ink: nyilv\u00e1nos (mindenki l\u00e1thatja),<strong> jelsz\u00f3val v\u00e9dett<\/strong>, \u00e9s mag\u00e1njelleg\u0171 (csak a k\u00f6zz\u00e9tev\u0151 l\u00e1thatja). <em>(Fontos! Ha az oldal nem nyilv\u00e1nos, akkor az al\u00e1 rendezett almen\u00fcpontok sem lesznek el\u00e9rhet\u0151ek.)<\/em><\/li>\n<li>Ha minden rendben van, akkor nyomhatunk a <strong>k\u00f6zz\u00e9t\u00e9tel <\/strong>gombra\u00a0\u00e9s az \u00faj oldal m\u00e1r el\u00a0is k\u00e9sz\u00fclt. Jav\u00edt\u00e1s, \u00fajraszerkeszt\u00e9s eset\u00e9n a v\u00e1ltoztat\u00e1sok ment\u00e9se a <strong>Friss\u00edt\u00e9s<\/strong> gomb megnyom\u00e1sa ut\u00e1n v\u00e1lik v\u00e9glegess\u00e9.<\/li>\n<li>Ha sz\u00fcks\u00e9ges, a k\u00f6zz\u00e9t\u00e9teli id\u0151 szerkeszt\u00e9s\u00e9vel tudjuk el\u0151re vagy\u00a0h\u00e1tra is d\u00e1tumozni az oldalt. El\u0151re d\u00e1tumoz\u00e1s eset\u00e9ben a rendszer automatikusan \u00fctemezi majd a k\u00f6zz\u00e9t\u00e9telt.<\/li>\n<\/ul>\n<p>Az oldalak visszatarthat\u00f3ak az <strong>intranet<\/strong>re (ez vagy a k\u00f6zz\u00e9t\u00e9tel doboz felett l\u00e1that\u00f3, vagy a tartalomdoboz alatt). Ebben az esetben a tartalom csak a Semmelweis Egyetem bels\u0151 internet h\u00e1l\u00f3zat\u00e1b\u00f3l (illetve VPN hozz\u00e1f\u00e9r\u00e9ssel) olvashat\u00f3, egy\u00e9b esetben a felhaszn\u00e1l\u00f3 hiba \u00fczenetet kap (figyelj\u00fcnk majd, hogy az intranetes tartalmakb\u00f3l csak<a href=\"https:\/\/semmelweis.hu\/wiki\/megjelenes\/menuk-letrehozasa-kezelese\/?target=intranetes%20menupontok\" target=\"_blank\" rel=\"noopener\"> az intranetre visszatartott men\u00fcpontokat \u2192<\/a> k\u00e9sz\u00edts\u00fcnk).<\/p>\n<h4><strong>Hogy ker\u00fcl az oldal a men\u00fcbe?<\/strong><\/h4>\n<p>Az oldal a fentebb olvashat\u00f3 m\u00f3don a sz\u00fcl\u0151 be\u00e1ll\u00edt\u00e1s\u00e1val rendezhet\u0151 hierarchi\u00e1ba, de a k\u00f6zz\u00e9t\u00e9tel ut\u00e1n a navig\u00e1ci\u00f3s men\u00fcben is be kell \u00e1ll\u00edtani a Megjelen\u00e9st.\u00a0\u00a0<a href=\"https:\/\/semmelweis.hu\/wiki\/megjelenes\/menuk-letrehozasa-kezelese\/\" target=\"_blank\" rel=\"noopener noreferrer\"><strong>Men\u00fcv\u00e9 alak\u00edt\u00e1sr\u00f3l b\u0151vebben (Vez\u00e9rl\u0151pult &gt; Megjelen\u00e9s &gt; Men\u00fck) \u2192<\/strong><\/a>.<a id=\"page-ready\"><\/a><\/p>\n<h2>K\u00e9sz Tartalom (oldal\/bejegyz\u00e9s) szerkeszt\u00e9se<\/h2>\n<p>A m\u00e1r megl\u00e9v\u0151 oldalainkat vagy bejegyz\u00e9seinket t\u00f6bb m\u00f3don is szerkeszthetj\u00fck (term\u00e9szetesen miut\u00e1n bel\u00e9pt\u00fcnk a honlap szerkeszt\u0151 fel\u00fclet\u00e9re). Legegyszer\u0171bb, ha az adott oldal\/bejegyz\u00e9s megtekint\u00e9sekor a weboldal legtetej\u00e9n, a fekete szerkeszt\u0151 s\u00e1vban klikkel\u00fcnk az &#8222;Oldal szerkeszt\u00e9se&#8221; ill. &#8222;Bejegyz\u00e9s szerkeszt\u00e9se&#8221; hivatkoz\u00e1sra \u00e9s m\u00e1ris <strong>m\u00f3dos\u00edthat\u00f3 a tartalom az \u00faj oldal l\u00e9trehoz\u00e1sa f\u00fclben le\u00edrtaknak megfelel\u0151en <\/strong><em>(a bejegyz\u00e9s \u00e9s az oldal tartalm\u00e1nak szerkeszt\u00e9se nagyon hasonl\u00f3)<\/em>. Ha k\u00e9szen vagyunk a m\u00f3dos\u00edt\u00e1ssal, ment\u00e9shez kattintsunk a &#8222;<strong>Friss\u00edt\u00e9s&#8221;<\/strong> gombra (az \u00faj oldaln\u00e1l le\u00edrtak szerinti <strong>&#8222;K\u00f6zz\u00e9t\u00e9tel&#8221;<\/strong> gombbal azonos helyen, ahelyett jelenik meg.<\/p>\n<p><a href=\"https:\/\/semmelweis.hu\/wiki\/files\/2024\/08\/Kepernyokep-2024-08-22-131725.jpg\"><img loading=\"lazy\" decoding=\"async\" class=\"aligncenter size-large wp-image-3074\" src=\"https:\/\/semmelweis.hu\/wiki\/files\/2024\/08\/Kepernyokep-2024-08-22-131725-1024x425.jpg\" alt=\"\" width=\"753\" height=\"313\" srcset=\"https:\/\/semmelweis.hu\/wiki\/files\/2024\/08\/Kepernyokep-2024-08-22-131725-1024x425.jpg 1024w, https:\/\/semmelweis.hu\/wiki\/files\/2024\/08\/Kepernyokep-2024-08-22-131725-400x166.jpg 400w, https:\/\/semmelweis.hu\/wiki\/files\/2024\/08\/Kepernyokep-2024-08-22-131725-150x62.jpg 150w, https:\/\/semmelweis.hu\/wiki\/files\/2024\/08\/Kepernyokep-2024-08-22-131725-768x319.jpg 768w, https:\/\/semmelweis.hu\/wiki\/files\/2024\/08\/Kepernyokep-2024-08-22-131725-753x313.jpg 753w, https:\/\/semmelweis.hu\/wiki\/files\/2024\/08\/Kepernyokep-2024-08-22-131725.jpg 1230w\" sizes=\"auto, (max-width: 753px) 100vw, 753px\" \/><\/a><\/p>\n<p>&nbsp;<\/p>\n<p><strong>K\u00e9sz oldalak hely\u00e9nek m\u00f3dos\u00edt\u00e1sa a men\u00fcstrukt\u00far\u00e1ban:\u00a0<\/strong><a href=\"https:\/\/semmelweis.hu\/wiki\/megjelenes\/menuk-letrehozasa-kezelese\/\"><strong>A men\u00fck szerkeszt\u00e9s\u00e9r\u0151l \u00f6n\u00e1ll\u00f3 tartalom sz\u00f3l \u2192<\/strong><\/a><a id=\"all-pages\"><\/a><\/p>\n<h2>Az \u00f6sszes oldal\/bejegyz\u00e9s listan\u00e9zete, sz\u0171r\u00e9sek \u00e9s gyorsfunkci\u00f3k<\/h2>\n<p>El\u00e9rhetj\u00fck a szerkeszteni k\u00edv\u00e1nt tartalmat \u00fagy is, ha a honlap bels\u0151 szerkeszt\u0151 fel\u00fclet\u00e9n, a <strong>Vez\u00e9rl\u0151pulton<\/strong> vagyunk. Ekkor<strong>\u00a0<\/strong>az <strong>Oldalak<\/strong> vagy a <strong>Bejegyz\u00e9sek<\/strong> men\u00fcpontra kell kattintani, \u00edgy kilist\u00e1z\u00f3dik az \u00f6sszes eddig k\u00f6zz\u00e9tett, avagy v\u00e1zlatba elmentett oldalunk \/ bejegyz\u00e9s\u00fcnk (l\u00e1sd k\u00e9p az oldalak eset\u00e9n, de nagyon hasonl\u00f3 a bejegyz\u00e9sek fel\u00fclete is). Teljes szerkeszt\u00e9shez itt kell az adott oldal \/ bejegyz\u00e9s c\u00edm\u00e9re kattintani. Ha nagyon sok oldalunk vagy bejegyz\u00e9s\u00fcnk van, akkor persze lehet sz\u0171rni \u00e9s kulcssz\u00f3 alapj\u00e1n keresni is, illetve gyors funkci\u00f3kat is el\u00e9rhet\u00fcnk az al\u00e1bbiak szerint:<\/p>\n<p><a href=\"https:\/\/semmelweis.hu\/wiki\/files\/2024\/08\/Kepernyokep-2024-08-22-125132.jpg\"><img loading=\"lazy\" decoding=\"async\" class=\"aligncenter size-large wp-image-3073\" src=\"https:\/\/semmelweis.hu\/wiki\/files\/2024\/08\/Kepernyokep-2024-08-22-125132-1024x509.jpg\" alt=\"\" width=\"753\" height=\"374\" srcset=\"https:\/\/semmelweis.hu\/wiki\/files\/2024\/08\/Kepernyokep-2024-08-22-125132-1024x509.jpg 1024w, https:\/\/semmelweis.hu\/wiki\/files\/2024\/08\/Kepernyokep-2024-08-22-125132-400x199.jpg 400w, https:\/\/semmelweis.hu\/wiki\/files\/2024\/08\/Kepernyokep-2024-08-22-125132-150x75.jpg 150w, https:\/\/semmelweis.hu\/wiki\/files\/2024\/08\/Kepernyokep-2024-08-22-125132-768x381.jpg 768w, https:\/\/semmelweis.hu\/wiki\/files\/2024\/08\/Kepernyokep-2024-08-22-125132-753x374.jpg 753w, https:\/\/semmelweis.hu\/wiki\/files\/2024\/08\/Kepernyokep-2024-08-22-125132.jpg 1510w\" sizes=\"auto, (max-width: 753px) 100vw, 753px\" \/><\/a><\/p>\n<h5>Tekints\u00fck \u00e1t a lista n\u00e9zet opci\u00f3it (a lenti k\u00e9pen l\u00e1that\u00f3 piros kiemel\u00e9sek):<\/h5>\n<p><b>K\u00e9perny\u0151 <\/b><strong>opci\u00f3k <\/strong>(r\u00e9gebben<strong> &#8222;Mit l\u00e1ssunk?&#8221;<\/strong>)\u00a0 a jobb fels\u0151 sarokban: \u00a0ez a lehet\u0151s\u00e9g a Vez\u00e9rl\u0151pult b\u00e1rmely men\u00fcpontj\u00e1ban a jobb fels\u0151 sarokban l\u00e1that\u00f3 \u00e9s mindig az aktu\u00e1lis men\u00fcpontunkra vonatkoz\u00f3 azon be\u00e1ll\u00edt\u00e1si lehet\u0151s\u00e9geket mutatja, ami a szerkeszt\u0151 fel\u00fclet\u00fcnk megjelen\u00edt\u00e9s\u00e9t befoly\u00e1solja. Az oldal eset\u00e9n pl. itt tudjuk be\u00e1ll\u00edtani, hogy egyszerre h\u00e1ny oldal legyen kilist\u00e1zva, milyen oszlopok legyenek l\u00e1that\u00f3ak.<\/p>\n<p><strong>S\u00fag\u00f3<\/strong> a jobb fels\u0151 sarokban: a WordPress saj\u00e1t ismertet\u0151it tartalmazza.<\/p>\n<p><strong>Keres\u0151 mez\u0151<\/strong> az \u00f6sszes tartalom list\u00e1ja feletti jobb sarok: \u00a0ide kell be\u00edrni azt a keres\u0151 sz\u00f3t vagy kifejez\u00e9st, amelyet az oldal c\u00edm\u00e9ben \u00e9s\/vagy tartalm\u00e1ban (ak\u00e1r html k\u00f3d is!) keres\u00fcnk, majd \u00a0az &#8222;<strong>Oldal keres\u00e9se<\/strong>&#8221; gombra kell kattintani.<\/p>\n<p><strong>\u00c1llapotcsoportok<\/strong> az \u00f6sszes tartalom list\u00e1ja feletti bal sarok:\u00a0 a rendszer egyben kilist\u00e1zza nek\u00fcnk az \u00f6sszes oldal t\u00edpus\u00fa tartalmat, azonban az \u00e1llapotok neveire kattintva l\u00e1thatjuk lesz\u0171rve azon oldalakat, amelyek vagy <strong>K\u00f6zz\u00e9tett<\/strong> \u00e1llapot\u00faak, vagy <strong>V\u00e1zlat<\/strong>ba mentett\u00fck k\u00e9s\u0151bbi szerkeszt\u00e9sre (ezek nem l\u00e1that\u00f3ak, csak a honlap szerkeszt\u0151i sz\u00e1m\u00e1ra), vagy t\u00f6r\u00f6ltek, \u00edgy a <strong>Lomt\u00e1r<\/strong>ba ker\u00fcltek, amelyb\u0151l azonban helyre\u00e1ll\u00edthat\u00f3ak, vagy v\u00e9glegesen t\u00f6r\u00f6lhet\u0151ek.\u00a0<\/p>\n<p><strong>Csoportm\u0171velet:<\/strong> t\u00f6bb kijel\u00f6lt oldal \u00a0(a list\u00e1ban a c\u00edm el\u0151tt szerepl\u0151 bokszot kell kattintva bepip\u00e1lni) egyidej\u0171 szerkeszt\u00e9s\u00e9re szolg\u00e1l. A leny\u00edl\u00f3 men\u00fcb\u0151l kell kiv\u00e1lasztani az opci\u00f3t (Szerkeszt\u00e9s vagy Lomt\u00e1rba helyez\u00e9s), majd az alkalmaz gombra kell kattintani. T\u00f6rl\u00e9s eset\u00e9n felugr\u00f3 ablakban kell meger\u0151s\u00edteni a t\u00f6rl\u00e9si k\u00e9r\u00e9st, m\u00edg a szerkeszt\u00e9s eset\u00e9n egyszer\u0171bb m\u00f3dos\u00edt\u00e1sokat tudunk v\u00e9grehajtani pl. sz\u00fcl\u0151 v\u00e1ltoztat\u00e1s\/megad\u00e1s, sorsz\u00e1m megad\u00e1sa\/v\u00e1ltoztat\u00e1sa, stb., amely m\u0171veletet vagy menteni kell, vagy meg is szak\u00edthatjuk.\u00a0<\/p>\n<p><strong>Sz\u0171r\u00e9s:<\/strong> a k\u00f6zz\u00e9t\u00e9tel h\u00f3napj\u00e1ra, kateg\u00f3ri\u00e1j\u00e1ra is sz\u0171rhet\u00fcnk, ehhez a leny\u00edl\u00f3 men\u00fcb\u0151l a megfelel\u0151 h\u00f3napra \/ kateg\u00f3ri\u00e1ra, majd a &#8222;Sz\u0171r\u00e9s&#8221; gombra kell kattintani.<\/p>\n<p><strong>Gyorsszerkeszt\u00e9s:<\/strong> ha egy szerkesztend\u0151 oldal c\u00edm\u00e9re h\u00fazzuk az egeret, de nem kattintunk r\u00e1, akkor egy\u00e9b lehet\u0151s\u00e9gek jelennek meg a c\u00edm alatt (Szerkeszt\u00e9s | Gyorsszerkeszt\u00e9s | Lomt\u00e1rba helyez\u00e9s | Megtekint\u00e9s). A gyorsszerkeszt\u00e9ssel az oldal \/ bejegyz\u00e9s egyes tulajdons\u00e1gai m\u00f3dos\u00edthat\u00f3ak a teljes szerkeszt\u00e9si oldal bet\u00f6lt\u00e9se n\u00e9lk\u00fcl: c\u00edm \u00e9s webc\u00edm m\u00f3dos\u00edt\u00e1s, oldalak eset\u00e9n az oldalstrukt\u00far\u00e1ban, azaz a hierarchi\u00e1ban elfoglalt hely\u00e9nek (sz\u00fcl\u0151) \u00e9s sorrendj\u00e9nek v\u00e1ltoztat\u00e1sa, bejegyz\u00e9s eset\u00e9n a kateg\u00f3ria \u00e9s c\u00edmke v\u00e1ltoztat\u00e1sa, a k\u00f6zz\u00e9t\u00e9tel d\u00e1tum\u00e1nak \u00e1t\u00edr\u00e1sa, jelsz\u00f3 ad\u00e1s\/\u00e1t\u00edr\u00e1sa, nyelv m\u00f3dos\u00edt\u00e1sa, sablon \u00e9s k\u00f6zz\u00e9t\u00e9tel \u00e1llapot\u00e1nak \u00e1t\u00e1ll\u00edt\u00e1sa.<a id=\"posts\"><\/a>\u00a0<\/p>\n<h2>Bejegyz\u00e9sek:<\/h2>\n<p><em>H\u00edrek, esem\u00e9nyek, cikkek, felh\u00edv\u00e1sok <\/em>\u00a0k\u00f6zz\u00e9t\u00e9tel\u00e9re a <strong>Bejegyz\u00e9s<\/strong> t\u00edpus\u00fa tartalom szolg\u00e1l.\u00a0<\/p>\n<p>\u00daj bejegyz\u00e9s hozz\u00e1ad\u00e1sa <strong>Vez\u00e9rl\u0151pult &gt; Bejegyz\u00e9s &gt; \u00daj hozz\u00e1ad\u00e1sa <\/strong>men\u00fcponttal, vagy a fels\u0151 szerkeszt\u0151 l\u00e9cben a<strong> &#8222;+\u00daj&#8221;<\/strong> gombbal lehets\u00e9ges. Ennek szerkeszt\u0151 fel\u00fclete szinte teljesen megegyezik az oldal\u00e9val (<a href=\"#new-page\">l\u00e1sd fentebb<\/a>). Hasonl\u00f3an adunk meg c\u00edmet, szerkesztj\u00fck a sz\u00f6veget, sz\u00farunk be k\u00e9pet vagy egy\u00e9b f\u00e1jlt, azonban nem hierarchi\u00e1t \u00e1ll\u00edtunk be, hanem <strong>kateg\u00f3ri\u00e1t<\/strong> (l\u00e1sd al\u00e1bb) kell be\u00e1ll\u00edtanunk hozz\u00e1. A jobb oldali szerkeszt\u00e9si lehet\u0151s\u00e9gek k\u00f6z\u00fcl \u00e9rdemes a <strong>kiemelt k\u00e9p<\/strong> be\u00e1ll\u00edt\u00e1s\u00e1t megtenni (lehet m\u00e1r felt\u00f6lt\u00f6tt k\u00e9p a M\u00e9diat\u00e1rb\u00f3l, de t\u00f6lthet\u00fcnk fel teljesen \u00faj k\u00e9pet is &#8211; fontos: 950x633px k\u00e9par\u00e1ny\u00fa k\u00e9pet haszn\u00e1ljunk!), mert \u00edgy a cikk\u00fcnknek a kilist\u00e1z\u00e1skor lesz kis \u00edzel\u00edt\u0151 k\u00e9pe (en\u00e9lk\u00fcl csak a sz\u00f6veg el\u0151zetese, ha adtunk meg, akkor a kivonata lesz l\u00e1that\u00f3) valamint az internet keres\u0151kben (Google, Bing) a relevancia alap\u00fa tal\u00e1latot n\u00f6velhetj\u00fck, ha rendszeresen <strong>c\u00edmk\u00e9ket (kulcsszavakat)<\/strong> adunk a bejegyz\u00e9seinkhez. A bejegyz\u00e9s a k\u00f6zz\u00e9t\u00e9tel ut\u00e1n d\u00e1tummal \u00e9s szerz\u0151vel egy\u00fctt jelenik meg a honlapon. <a id=\"taxonomy\"><\/a><\/p>\n<h2>Kateg\u00f3ri\u00e1k \u00e9s c\u00edmk\u00e9k<\/h2>\n<p>A bejegyz\u00e9seket (bizonyos speci\u00e1lis esetekben oldalakat is) <strong>kateg\u00f3ri\u00e1kba (rovatokba) csoportos\u00edthatunk \u00e9s a <a href=\"https:\/\/semmelweis.hu\/wiki\/megjelenes\/menuk-letrehozasa-kezelese\/\" target=\"_blank\" rel=\"noopener noreferrer\">navig\u00e1ci\u00f3s men\u00fcbe is kitehetj\u00fck \u2192<\/a><\/strong> . A kateg\u00f3ri\u00e1k az \u00faj bejegyz\u00e9sek bek\u00fcld\u00e9se, illetve a megl\u00e9v\u0151k szerkeszt\u00e9se eset\u00e9n a \u00a0szerkeszt\u0151 fel\u00fclet jobb oldali men\u00fcoszlop\u00e1ban pip\u00e1lhat\u00f3ak be (itt ak\u00e1r \u00fajat is hozz\u00e1adhatunk). Egy bejegyz\u00e9snek egyszerre t\u00f6bb kateg\u00f3ria is adhat\u00f3, de egy mindenk\u00e9pp k\u00f6telez\u0151.\u00a0<\/p>\n<p>A kateg\u00f3ri\u00e1k egym\u00e1shoz k\u00e9pest (az oldalhoz hasonl\u00f3an) hierarchi\u00e1ba, azaz sz\u00fcl\u0151-gyerek viszonyba rendezhet\u0151ek. \u00cdgy pl. az <a href=\"https:\/\/semmelweis.hu\/human\/\" target=\"_blank\" rel=\"noopener noreferrer\">EGFI honlapj\u00e1n \u2192<\/a>\u00a0 van egy <a href=\"https:\/\/semmelweis.hu\/human\/category\/karrier\/\" target=\"_blank\" rel=\"noopener noreferrer\">Karrier (\u00c1ll\u00e1shirdet\u00e9sek) f\u0151kateg\u00f3ria \u2192<\/a>, amelynek t\u00f6bb alkateg\u00f3ri\u00e1ja van (pl. <a href=\"https:\/\/semmelweis.hu\/human\/category\/karrier\/egeszsegugyi-munkakorok\/\" target=\"_blank\" rel=\"noopener noreferrer\">Eg\u00e9szs\u00e9g\u00fcgyi munkak\u00f6r\u00f6k \u2192<\/a>, <a href=\"https:\/\/semmelweis.hu\/human\/category\/karrier\/vezetoi-palyazat\/\" target=\"_blank\" rel=\"noopener noreferrer\">Vezet\u0151i p\u00e1ly\u00e1zatok \u2192<\/a>, stb.). Ha van egy sz\u00fcl\u0151 kateg\u00f3ria, amely alatt alkateg\u00f3ri\u00e1k vannak, akkor a rendszer automatikusan gener\u00e1l egy gy\u0171jt\u0151 nyit\u00f3 oldalt. A kateg\u00f3ri\u00e1k kilist\u00e1zz\u00e1k a tartalmukat: akkor vagy egy r\u00f6vid f\u00e9nyk\u00e9pes \u00edzel\u00edt\u0151t l\u00e1thatunk a bejegyz\u00e9sekb\u0151l &#8211; amennyiben \u00e1ll\u00edtottunk be kiemelt k\u00e9pet (l\u00e1sd pl. <a href=\"https:\/\/semmelweis.hu\/hirek\/category\/semmelweis-vilag\/\" target=\"_blank\" rel=\"noopener noreferrer\">egyetemi h\u00edrport\u00e1l Semmelweis H\u00edrek rovata \u2192<\/a>), amelyek egym\u00e1st d\u00e1tum alapj\u00e1n k\u00f6vetik (legfrissebb legel\u00f6l). De be\u00e1ll\u00edthatunk listan\u00e9zetet is, akkor egyszer\u0171 felsorol\u00e1st kapunk. A kateg\u00f3ri\u00e1b\u00f3l k\u00e9sz\u00edtett men\u00fcpontban minden bejegyz\u00e9s c\u00edme \u00a0kattinthat\u00f3, \u00edgy \u00a0a teljes cikk is elolvashat\u00f3. Ha egy kateg\u00f3ri\u00e1ban csak egyetlen cikk van, akkor az teljes terjedelm\u00e9ben olvashat\u00f3 lesz a kateg\u00f3ria oldal\u00e1n is.<\/p>\n<p><strong>\u00daj kateg\u00f3ri\u00e1t <\/strong>a\u00a0<strong>Vez\u00e9rl\u0151pult &gt; Bejegyz\u00e9sek<\/strong>\u00a0<strong>&gt; Kateg\u00f3ri\u00e1k<\/strong> men\u00fcpontban lehet l\u00e9trehozni, vagy egy bejegyz\u00e9s k\u00e9sz\u00edt\u00e9sekor is megtehetj\u00fck ezt (ott ahol egy\u00e9bk\u00e9nt be\u00e1ll\u00edtan\u00e1nk a bejegyz\u00e9s kateg\u00f3ri\u00e1j\u00e1t.\u00a0<\/p>\n<p>A <strong>c\u00edmk\u00e9k<\/strong> a kateg\u00f3ri\u00e1khoz nagyon hasonl\u00f3ak, tartalmakat tudunk csokorba f\u0171zni a seg\u00edts\u00e9g\u00fckkel, ak\u00e1r men\u00fcpontot is lehet bel\u0151l\u00fck l\u00e9trehozni, azonban a c\u00edmk\u00e9k nem hierarchiz\u00e1lhat\u00f3k. Egy cikk ak\u00e1r t\u00f6bb, s\u0151t eg\u00e9szen sok c\u00edmk\u00e9t is kaphat. De azoknak a c\u00edmk\u00e9knek, amelyekben csak egy vagy k\u00e9t tartalom van, nincs \u00e9rtelme, hiszen a l\u00e9nyeg a t\u00f6bb tartalom azonos szempont szerinti \u00f6sszef\u0171z\u00e9se.\u00a0<\/p>\n","protected":false},"excerpt":{"rendered":"<p>Tartalomjegyz\u00e9k <a href=\"#page-post\">Az oldal \u00e9s a bejegyz\u00e9s k\u00f6zti k\u00fcl\u00f6nbs\u00e9g<\/a> <a href=\"#new-page\">\u00daj oldal l\u00e9trehoz\u00e1sa<\/a> <a href=\"#page-ready\">M\u00e1r k\u00f6zz\u00e9tett tartalom szerkeszt\u00e9se<\/a> <a href=\"#all-pages\">Oldalak \/ bejegyz\u00e9sek listan\u00e9zete, sz\u0171r\u00e9sek, gyorsfunkci\u00f3k<\/a> <a href=\"#posts\">Bejegyz\u00e9sek<\/a> <a href=\"#taxonomy\">Kateg\u00f3ri\u00e1k, c\u00edmk\u00e9k<\/a> <a id=\"page-post\"><\/a> Az oldal \u00e9s a bejegyz\u00e9s k\u00f6zti k\u00fcl\u00f6nbs\u00e9g A honlaprendszer alapvet\u0151en k\u00e9tf\u00e9le tartalomt\u00edpust haszn\u00e1l. Fontos, hogy a tartalomnak megfelel\u0151en v\u00e1lasszuk meg a t\u00edpust!\u00a0 OLDAL (PAGE) Az oldalak az \u00e1lland\u00f3 tartalmaink k\u00f6zz\u00e9t\u00e9tel\u00e9re szolg\u00e1l, ami v\u00e1ltozhat, friss\u00fclhet, de \u00e1lland\u00f3an van l\u00e9tjogosults\u00e1ga (\u00edgy l\u00e9nyegtelen, hogy mikor ker\u00fclt k\u00f6zz\u00e9t\u00e9telre). Ilyen pl. a Bemutatkoz\u00e1s, a tev\u00e9kenys\u00e9g le\u00edr\u00e1sa, el\u00e9rhet\u0151s\u00e9g, oktat\u00e1s, betegell\u00e1t\u00e1s, &hellip;<\/p>\n","protected":false},"author":12,"featured_media":0,"parent":949,"menu_order":1,"comment_status":"closed","ping_status":"closed","template":"template-fullwidth.php","meta":{"_acf_changed":false,"footnotes":""},"categories":[],"tags":[],"class_list":["post-95","page","type-page","status-publish","hentry"],"acf":[],"publishpress_future_action":{"enabled":false,"date":"1970-01-01 01:00:00","action":"","terms":[],"taxonomy":"","browser_timezone_offset":0},"_links":{"self":[{"href":"https:\/\/semmelweis.hu\/wiki\/wp-json\/wp\/v2\/pages\/95","targetHints":{"allow":["GET"]}}],"collection":[{"href":"https:\/\/semmelweis.hu\/wiki\/wp-json\/wp\/v2\/pages"}],"about":[{"href":"https:\/\/semmelweis.hu\/wiki\/wp-json\/wp\/v2\/types\/page"}],"author":[{"embeddable":true,"href":"https:\/\/semmelweis.hu\/wiki\/wp-json\/wp\/v2\/users\/12"}],"replies":[{"embeddable":true,"href":"https:\/\/semmelweis.hu\/wiki\/wp-json\/wp\/v2\/comments?post=95"}],"version-history":[{"count":12,"href":"https:\/\/semmelweis.hu\/wiki\/wp-json\/wp\/v2\/pages\/95\/revisions"}],"predecessor-version":[{"id":3385,"href":"https:\/\/semmelweis.hu\/wiki\/wp-json\/wp\/v2\/pages\/95\/revisions\/3385"}],"up":[{"embeddable":true,"href":"https:\/\/semmelweis.hu\/wiki\/wp-json\/wp\/v2\/pages\/949"}],"wp:attachment":[{"href":"https:\/\/semmelweis.hu\/wiki\/wp-json\/wp\/v2\/media?parent=95"}],"wp:term":[{"taxonomy":"category","embeddable":true,"href":"https:\/\/semmelweis.hu\/wiki\/wp-json\/wp\/v2\/categories?post=95"},{"taxonomy":"post_tag","embeddable":true,"href":"https:\/\/semmelweis.hu\/wiki\/wp-json\/wp\/v2\/tags?post=95"}],"curies":[{"name":"wp","href":"https:\/\/api.w.org\/{rel}","templated":true}]}}