{"id":7,"date":"2022-05-19T13:52:44","date_gmt":"2022-05-19T13:52:44","guid":{"rendered":"http:\/\/se.localhost\/wiki\/?page_id=7"},"modified":"2025-05-13T14:56:36","modified_gmt":"2025-05-13T12:56:36","slug":"telefonkonyv-adminisztracio","status":"publish","type":"page","link":"https:\/\/semmelweis.hu\/wiki\/telefonkonyv-adminisztracio\/","title":{"rendered":"Telefonk\u00f6nyv adminisztr\u00e1ci\u00f3"},"content":{"rendered":"<p>A szervezeti egys\u00e9gek munkat\u00e1rsainak adatait (n\u00e9v, telefonsz\u00e1m, beoszt\u00e1s, stb.) a <strong>Telefonk\u00f6nyv Adminisztr\u00e1ci\u00f3<\/strong> elnevez\u00e9s\u0171 fel\u00fcleten kereszt\u00fcl m\u00f3dos\u00edthatjuk.<\/p>\n<p>A program azonos a kor\u00e1bban megszokottal, azonban a kib\u0151v\u00edtett szerkeszt\u00e9si funkci\u00f3k m\u00e1r egy adott k\u00f6zponti rendszer\u0171 alhonlapon m\u0171k\u00f6dnek, a telefonk\u00f6nyv kezel\u0151i itt kapnak hozz\u00e1f\u00e9r\u00e9st a program kezel\u00e9s\u00e9hez.<\/p>\n<p>A fel\u00fclet c\u00edme: <a href=\"https:\/\/semmelweis.hu\/telefon\">https:\/\/semmelweis.hu\/telefon<\/a><\/p>\n<div class=\"keretes w-100\">\n<h5>Tartalomjegyz\u00e9k<\/h5>\n<ol>\n<li><a href=\"#login\">Bejelentkez\u00e9s<\/a><\/li>\n<li><a href=\"#welcome\">Nyit\u00f3lap fel\u00e9p\u00edt\u00e9se<\/a><\/li>\n<li><a href=\"#sze\">Szervezeti egys\u00e9geim<\/a><\/li>\n<li><a href=\"#sze-adatok\">Szervezeti egys\u00e9g adatai<\/a><\/li>\n<li><a href=\"#mts-lista\">Munkat\u00e1rsak list\u00e1ja<\/a><\/li>\n<li><a href=\"#mts-adatok\">Munkat\u00e1rs adatok<\/a><\/li>\n<li><a href=\"#csoportok\">Csoportos\u00edt\u00e1s<\/a><\/li>\n<li><a href=\"#telephelyek\">Telephelyek<\/a><\/li>\n<li><a href=\"#muveletek\">M\u0171veletek<\/a><\/li>\n<li><a href=\"https:\/\/semmelweis.hu\/wiki\/kiegeszito-eszkozok\/munkatarsak-menupont-telefonkonyvi-adatokbol\/\" target=\"_blank\" rel=\"noopener\">Telefonk\u00f6nyvi adatok be\u00e1gyaz\u00e1sa \u2192<\/a> (pl. Munkat\u00e1rsak, vagy alegys\u00e9gek)<\/li>\n<\/ol>\n<\/div>\n<h2><a id=\"login\"><\/a>1. Bejelentkez\u00e9s<\/h2>\n<p>A <strong>Telefon Adminisztr\u00e1ci\u00f3<\/strong> fel\u00fclet a Semmelweis Honlaprendszer r\u00e9sz\u00e9v\u00e9 v\u00e1lt, \u00edgy amennyiben van valamely szervezeti egys\u00e9g telefonk\u00f6nyvi adataihoz szerkeszt\u0151i jogosults\u00e1gunk, akkor ezent\u00fal a WordPress rendszer keret\u00e9ben fogjuk tudni az adatokat m\u00f3dos\u00edtani. Ha emellett van hozz\u00e1f\u00e9r\u00e9s\u00fcnk b\u00e1rmely egyetemi honlaphoz, akkor azzal az azonos\u00edt\u00f3nkkal \u00e9s jelszavunkkal be tudunk a telefonk\u00f6nyvi szerkeszt\u0151fel\u00fcletre is l\u00e9pni (vagy ha be vagyunk m\u00e1shol l\u00e9pve, akkor erre a fel\u00fcletre \u00e9rkezve a rendszer azonnal be is l\u00e9ptet benn\u00fcnket).\u00a0<\/p>\n<p><a class=\"btn btn-secondary\" href=\"https:\/\/semmelweis.hu\/telefon\" target=\"_blank\" rel=\"noopener\">Bel\u00e9p\u00e9s<\/a><\/p>\n<p>Ha csak a r\u00e9gi telefonk\u00f6nyvben volt jogosults\u00e1gunk, \u00e9s semmilyen honlaphoz nem volt m\u00e9g betekint\u0151 jogosults\u00e1gunk se, akkor a r\u00e9gi azonos\u00edt\u00f3kkal itt is be tudunk majd l\u00e9pni. A megjelen\u0151 bejelentkez\u00e9si \u0171rlapon adjuk meg a Semmelweis Honlaprendszerhez haszn\u00e1lt emailc\u00edm\u00fcnket \u00e9s r\u00e9gi jelsz\u00f3t. <em>(Ha akarjuk, jel\u00f6lhetj\u00fck a b\u00f6ng\u00e9sz\u0151 \u00e1ltal felk\u00edn\u00e1lt az &#8222;Eml\u00e9kezzen r\u00e1m&#8221; kapcsol\u00f3t, ezzel egy ideig az \u00e9ppen haszn\u00e1lt sz\u00e1m\u00edt\u00f3g\u00e9pen nem fog \u00fajra bejelentkez\u00e9st k\u00e9rni a rendszer.)<\/em><\/p>\n<div class=\"fontos_div\">\n<p><strong>\u00daj felhaszn\u00e1l\u00f3t az egys\u00e9g vezet\u0151je ig\u00e9nyelhet<\/strong> a \u00a0<a href=\"mailto:honlap@semmelweis.hu\">honlap@semmelweis.hu<\/a>\u00a0c\u00edmen.<\/p>\n<\/div>\n<h2><a id=\"welcome\"><\/a>2. Nyit\u00f3lap fel\u00e9p\u00edt\u00e9se<\/h2>\n<p>Az admin fel\u00fclet 4 f\u0151 r\u00e9szb\u0151l \u00e1ll:<\/p>\n<ol>\n<li>WordPress Admin men\u00fc (bal sz\u00e9ls\u0151 f\u00fcgg\u0151leges oszlop \u00e9s fels\u0151 v\u00e9kony v\u00edzszintes s\u00e1v, fekete h\u00e1tt\u00e9rrel)<\/li>\n<li>Telefonk\u00f6nyv fejl\u00e9c (s\u00f6t\u00e9tk\u00e9k h\u00e1tt\u00e9r)<\/li>\n<li>Adminisztr\u00e1ci\u00f3s felhaszn\u00e1l\u00f3i men\u00fc (a feh\u00e9r munkater\u00fclet bal sz\u00e9l\u00e9n)<\/li>\n<li>Munkater\u00fclet (feh\u00e9r h\u00e1tt\u00e9r, k\u00f6z\u00e9pen)<\/li>\n<\/ol>\n<h5>2.1 WordPress Admin men\u00fc<\/h5>\n<p>Alapesetben itt k\u00e9t men\u00fcpontot l\u00e1thatunk:<\/p>\n<ul>\n<li>Telefon Admin &#8211; az adminisztr\u00e1ci\u00f3s program ind\u00edt\u00e1sa<\/li>\n<li>Adatlap &#8211; felhaszn\u00e1l\u00f3i adatlapunk, itt m\u00f3dos\u00edthatjuk nev\u00fcnket, emailc\u00edm\u00fcnket, prefer\u00e1lt sz\u00ednkombin\u00e1ci\u00f3nkat, stb.)<\/li>\n<\/ul>\n<p>Mivel erre a s\u00e1vra nem nagyon van sz\u00fcks\u00e9g, az oszlop alj\u00e1n tal\u00e1lhat\u00f3 &#8222;\u00d6sszez\u00e1r\u00e1s&#8221; gombbal minim\u00e1lis m\u00e9retre cs\u00f6kkenthetj\u00fck ezt a sz\u00e9ls\u0151 s\u00e1vot, ilyenkor csak az ikonok l\u00e1tszanak, \u00edgy t\u00f6bb hely\u00fcnk lesz a munkater\u00fcleten.<\/p>\n<h5>2.2 Fejl\u00e9c<\/h5>\n<p>Az Admin fel\u00fcleten a szok\u00e1sost\u00f3l elt\u00e9r\u0151 fejl\u00e9cet haszn\u00e1lunk, a k\u00f6vetkez\u0151 adatok olvashat\u00f3k itt:<\/p>\n<ul>\n<li>Egyetemi c\u00edmer, az egyetem neve (a log\u00f3ra kattintva a c\u00edmoldalra jutunk vissza)<\/li>\n<li>Felhaszn\u00e1l\u00f3nev\u00fcnk<\/li>\n<li>A haszn\u00e1lt adatb\u00e1zis neve (&#8222;usn&#8221;)<\/li>\n<li>Seg\u00edts\u00e9g (link az admin fel\u00fcletet bemutat\u00f3 wiki oldalra)<\/li>\n<\/ul>\n<h5>2.3 Felhaszn\u00e1l\u00f3i men\u00fc<\/h5>\n<p>Alapesetben a felhaszn\u00e1l\u00f3i men\u00fc az al\u00e1bbiak szerint \u00e9p\u00fcl fel:<\/p>\n<ul>\n<li>Tartalom szerkeszt\u00e9se\n<ul>\n<li>Szervezeti egys\u00e9g adatai<\/li>\n<li>Munkat\u00e1rsak<\/li>\n<li>Csoportos\u00edt\u00e1s<\/li>\n<li>Telephelyek<\/li>\n<\/ul>\n<\/li>\n<li>Szervezeti egys\u00e9geim\n<ul>\n<li>Szervezeti egys\u00e9gek, alegys\u00e9gek abc sorrendben, a-z-ig\u00a0<\/li>\n<\/ul>\n<\/li>\n<\/ul>\n<p>A men\u00fcben az aktu\u00e1lis szervezeti egys\u00e9g vastag bet\u0171vel kiemelve jelenik meg.\u00a0<\/p>\n<h5>2.4 Munkater\u00fclet<\/h5>\n<p>A k\u00e9perny\u0151 nagy r\u00e9sz\u00e9t a munkater\u00fclet teszi ki. Indul\u00e1skor itt jelenik meg a hozz\u00e1f\u00e9r\u00e9seink list\u00e1ja, alapesetben a &#8222;Helyi inform\u00e1ci\u00f3k szerkeszt\u0151je&#8221; jogosults\u00e1g. A felhaszn\u00e1l\u00f3i men\u00fc v\u00e1laszt\u00e1sa alapj\u00e1n itt jelennek meg az adatlapok \u00e9s list\u00e1k.<\/p>\n<h2><a id=\"sze\"><\/a>3. Szervezeti egys\u00e9geim<\/h2>\n<p>Ebben a szakaszban jelennek meg azok a szervezeti egys\u00e9gek, amelyhez hozz\u00e1f\u00e9r\u00e9st kaptunk. Az egys\u00e9g nev\u00e9re kattintva az adott egys\u00e9g ker\u00fcl kiv\u00e1laszt\u00e1sra \u00e9s megjelenik a hozz\u00e1 tartoz\u00f3 munkat\u00e1rsak list\u00e1ja.<\/p>\n<p>Ha a szervezeti egys\u00e9gnek alegys\u00e9gei vannak, akkor a f\u0151 egys\u00e9g mellett megjelenik egy h\u00e1romsz\u00f6g (<i class=\"fa fa-caret-right\" aria-hidden=\"true\"><\/i>), amelyre az eger\u00fcnket r\u00e1h\u00fazva egy nagy\u00edt\u00f3 ikon (<i class=\"fa fa-search-plus\" aria-hidden=\"true\"><\/i>) jelenik meg. Ide kattintva leny\u00edlik a f\u0151 egys\u00e9g \u00e9s megjelennek az al\u00e1 tartoz\u00f3 alegys\u00e9gek.<\/p>\n<h2><a id=\"sze-adatok\"><\/a>4. Szervezeti egys\u00e9g adatai<\/h2>\n<p>A csak olvashat\u00f3 adatokat a rendszergazda (szuperadmin) m\u00f3dos\u00edthatja. Az adatokat m\u00f3dos\u00edt\u00e1s ut\u00e1n az &#8222;Adatok t\u00e1rol\u00e1sa&#8221; gombbal menthetj\u00fck el.<\/p>\n<table style=\"border-collapse: collapse; width: 100%; height: 622px;\">\n<tbody>\n<tr style=\"height: 33px;\">\n<td style=\"width: 30.6479%; height: 33px;\"><strong>Egys\u00e9g st\u00e1tusza (csak olvashat\u00f3):\u00a0<\/strong><\/td>\n<td style=\"width: 69.3521%; height: 33px;\">Szervezeti egys\u00e9g vagy Alegys\u00e9g lehet.<br \/>\nA szervezeti egys\u00e9g kezel\u0151je az egys\u00e9ghez tartoz\u00f3 alegys\u00e9geket is kezelheti. Ha egy egys\u00e9g &#8222;szervezeti egys\u00e9g&#8221; st\u00e1tusz\u00fa, akkor az adatai megjelennek a telefonk\u00f6nyvben is.\u00a0<\/td>\n<\/tr>\n<tr style=\"height: 33px;\">\n<td style=\"width: 30.6479%; height: 33px;\"><strong>Felettes szervezet (csak olvashat\u00f3):<\/strong><\/td>\n<td style=\"width: 69.3521%; height: 33px;\">A szervezeti hierarchi\u00e1ban az egys\u00e9g felettes szervezete. Ezt a Kommunik\u00e1ci\u00f3s Igazgat\u00f3s\u00e1g tudja m\u00f3dos\u00edtani, a honlap@semmelweis.hu c\u00edmre kell \u00edrni, ha helytelen az inform\u00e1ci\u00f3.<\/td>\n<\/tr>\n<tr style=\"height: 33px;\">\n<td style=\"width: 30.6479%; height: 33px;\"><strong>Gazdas\u00e1gi \u00fcgyint\u00e9z\u0151:<\/strong><\/td>\n<td style=\"width: 69.3521%; height: 33px;\">A szervezeti egys\u00e9g gazdas\u00e1gi \u00fcgyint\u00e9z\u0151 egys\u00e9ge \u00e9s kijel\u00f6lt \u00fcgyint\u00e9z\u0151je. Az adat megjelenik a telefonk\u00f6nyv lek\u00e9rdez\u00e9sben a szervezeti egys\u00e9g adatai k\u00f6z\u00f6tt.<\/td>\n<\/tr>\n<tr style=\"height: 33px;\">\n<td style=\"width: 30.6479%; height: 33px;\"><strong>Egys\u00e9g neve:<\/strong><\/td>\n<td style=\"width: 69.3521%; height: 33px;\">N\u00e9v magyarul, angolul \u00e9s n\u00e9met\u00fcl. Ki kell t\u00f6lteni, illetve jav\u00edtani kell, ha m\u00f3dosul az egys\u00e9g neve. Ez jelenik meg a\u00a0 k\u00f6zponti idegennyelv\u0171 honlapokon.<\/td>\n<\/tr>\n<tr style=\"height: 33px;\">\n<td style=\"width: 30.6479%; height: 33px;\"><strong>Egys\u00e9g r\u00f6vid\u00edt\u00e9se:<\/strong><\/td>\n<td style=\"width: 69.3521%; height: 33px;\">Az egys\u00e9g r\u00f6vid neve, ha van. Nem jelenik meg, de a keres\u00e9s haszn\u00e1lja a mez\u0151t.<\/td>\n<\/tr>\n<tr style=\"height: 33px;\">\n<td style=\"width: 30.6479%; height: 33px;\"><strong>Egys\u00e9g egy\u00e9b neve:<\/strong><\/td>\n<td style=\"width: 69.3521%; height: 33px;\">Gyakran haszn\u00e1lt egy\u00e9b (nem hivatalos) n\u00e9v, nem jelenik meg, de a keres\u00e9s haszn\u00e1lja ezt a mez\u0151t is.<\/td>\n<\/tr>\n<tr style=\"height: 33px;\">\n<td style=\"width: 30.6479%; height: 33px;\"><strong>Honlap c\u00edme:<\/strong><\/td>\n<td style=\"width: 69.3521%; height: 33px;\">Az egys\u00e9g honlapj\u00e1nak webc\u00edme. A https:\/\/ el\u0151z\u00e9ket nem kell oda\u00edrni, kiv\u00e9ve, ha m\u00e9g a r\u00e9gi http:\/\/ prefixet haszn\u00e1lj\u00e1k. Ugyanez angol \u00e9s n\u00e9met v\u00e1ltozatban is, ha van ilyen.<\/td>\n<\/tr>\n<tr style=\"height: 33px;\">\n<td style=\"width: 30.6479%; height: 33px;\"><strong>C\u00edm (ir. sz\u00e1m, telep\u00fcl\u00e9s, utca, h\u00e1zsz\u00e1m):<\/strong><\/td>\n<td style=\"width: 69.3521%; height: 33px;\">Az egys\u00e9g f\u0151 telephely\u00e9nek c\u00edme, csak a h\u00e1zsz\u00e1mig \u00edrva, emelet \u00e9s ajt\u00f3 n\u00e9lk\u00fcl!\u00a0<\/td>\n<\/tr>\n<tr style=\"height: 33px;\">\n<td style=\"width: 30.6479%; height: 33px;\"><strong>&#8211; c\u00edm kieg\u00e9sz\u00edt\u00e9s (t\u00f6mb, emelet, ajt\u00f3)<\/strong><\/td>\n<td style=\"width: 69.3521%; height: 33px;\">A c\u00edm kieg\u00e9sz\u00edt\u00e9se, ha sz\u00fcks\u00e9ges.<\/td>\n<\/tr>\n<tr style=\"height: 33px;\">\n<td style=\"width: 30.6479%; height: 33px;\"><strong>Koordin\u00e1t\u00e1k :<\/strong><\/td>\n<td style=\"width: 69.3521%; height: 33px;\">A t\u00e9rk\u00e9pes megjelen\u00edt\u00e9shez sz\u00fcks\u00e9ges koordin\u00e1t\u00e1k. Ha nem tudjuk ezeket, akkor keress\u00fcnk r\u00e1 a Google Maps-ben, m\u00e1soljuk ki a tal\u00e1lat webc\u00edm\u00e9t \u00e9s a &#8222;Google Maps hivatkoz\u00e1s&#8221; gombra kattintva m\u00e1soljuk be a megny\u00edl\u00f3 mez\u0151be, majd kattintsunk a &#8222;Koordin\u00e1t\u00e1k aktualiz\u00e1l\u00e1sa&#8221; gombra.<\/td>\n<\/tr>\n<tr style=\"height: 33px;\">\n<td style=\"width: 30.6479%; height: 33px;\"><strong>Telefonsz\u00e1m (k\u00fcls\u0151):<\/strong><strong><br \/>\n<\/strong><\/td>\n<td style=\"width: 69.3521%; height: 33px;\">K\u00fcls\u0151 (vezet\u00e9kes) telefonsz\u00e1m +36 1 felvezet\u00e9ssel c\u00e9lszer\u0171 megadni, hogy mobilr\u00f3l is k\u00f6nnyen h\u00edvhat\u00f3 legyen.<\/td>\n<\/tr>\n<tr style=\"height: 33px;\">\n<td style=\"width: 30.6479%; height: 33px;\"><strong>Telefax (k\u00fcls\u0151):<\/strong><strong><br \/>\n<\/strong><\/td>\n<td style=\"width: 69.3521%; height: 33px;\">K\u00fcls\u0151 (vezet\u00e9kes) telefax sz\u00e1m +36 1 felvezet\u00e9ssel, hogy vid\u00e9kr\u0151l \u00e9s k\u00fclf\u00f6ldr\u0151l is k\u00f6nnyen haszn\u00e1lhat\u00f3 legyen.<\/td>\n<\/tr>\n<tr style=\"height: 33px;\">\n<td style=\"width: 30.6479%; height: 33px;\"><strong>Bels\u0151 telefonmell\u00e9k:<\/strong><strong><br \/>\n<\/strong><\/td>\n<td style=\"width: 69.3521%; height: 33px;\">Telefonmell\u00e9k(ek) sz\u00e1ma<\/td>\n<\/tr>\n<tr style=\"height: 33px;\">\n<td style=\"width: 30.6479%; height: 33px;\"><strong>Email c\u00edm:<\/strong><strong><br \/>\n<\/strong><\/td>\n<td style=\"width: 69.3521%; height: 33px;\">Az egys\u00e9g k\u00f6zponti emailc\u00edme<\/td>\n<\/tr>\n<tr style=\"height: 33px;\">\n<td style=\"width: 30.6479%; height: 33px;\"><strong>Postac\u00edm:<\/strong><strong><br \/>\n<\/strong><\/td>\n<td style=\"width: 69.3521%; height: 33px;\">V\u00e1laszthat\u00f3an vagy a k\u00f6zponti, vagy saj\u00e1t, egy\u00e9nileg megadott postac\u00edm<\/td>\n<\/tr>\n<tr style=\"height: 33px;\">\n<td style=\"width: 30.6479%; height: 33px;\"><strong>Alint\u00e9zm\u00e9nyek megjelen\u00edt\u00e9se:<\/strong><strong><br \/>\n<\/strong><\/td>\n<td style=\"width: 69.3521%; height: 33px;\">Kapcsoljuk be, ha a telefonk\u00f6nyvben szeretn\u00e9nk az alegys\u00e9geket megjelen\u00edteni\u00a0<\/td>\n<\/tr>\n<tr style=\"height: 63px;\">\n<td style=\"width: 30.6479%; height: 63px;\"><strong>Int\u00e9zm\u00e9ny k\u00e9pe:<\/strong><\/td>\n<td style=\"width: 69.3521%; height: 63px;\">Ha van kiv\u00e1lasztott k\u00e9p, itt megjelenik. \u00daj k\u00e9pet a &#8222;V\u00e1laszthat\u00f3 k\u00e9pek&#8221; gombra kattintva tudunk kijel\u00f6lni.<\/td>\n<\/tr>\n<tr style=\"height: 31px;\">\n<td style=\"width: 30.6479%; height: 31px;\"><strong>Egys\u00e9ghez kapcsol\u00f3d\u00f3 adatok (csak olvashat\u00f3):<\/strong><\/td>\n<td style=\"width: 69.3521%; height: 31px;\">A szerkeszthet\u0151 adatok alatt a szuperadmin \u00e1ltal megadott egy\u00e9b t\u00e1j\u00e9koztat\u00f3 adatok l\u00e1that\u00f3k:<br \/>\n&#8211; Szakmai fel\u00fcgyeletek<br \/>\n&#8211; Foglalkoz\u00e1s-eg\u00e9szs\u00e9g\u00fcgyi adatok (kijel\u00f6lt orvos neve, rendel\u0151 sz\u00e1ma)<\/td>\n<\/tr>\n<\/tbody>\n<\/table>\n<p>&nbsp;<\/p>\n<h2><a id=\"mts-lista\"><\/a>5. Munkat\u00e1rsak list\u00e1ja<\/h2>\n<p>A Munkat\u00e1rsak men\u00fcpontra kattintva a kiv\u00e1lasztott szervezeti egys\u00e9ghez tartoz\u00f3 munkat\u00e1rsak list\u00e1ja l\u00e1that\u00f3, az alegys\u00e9gekkel egy\u00fctt, az al\u00e1bbi oszlopokkal:<\/p>\n<ul>\n<li>Munkat\u00e1rs neve &#8211; link a munkat\u00e1rs adatlapj\u00e1ra<\/li>\n<li>Alegys\u00e9g<\/li>\n<li>Csoport<\/li>\n<li>Telephely<\/li>\n<li>Vezet\u0151 &#8211; I.-V. szint\u0171 vezet\u0151, a telefonk\u00f6nyv adatok lek\u00e9rdez\u00e9s\u00e9n\u00e9l a vezet\u0151k ebben a sorrendben jelennek meg<\/li>\n<li>M\u00f3dos\u00edtva &#8211; utols\u00f3 m\u00f3dos\u00edt\u00e1s d\u00e1tuma<\/li>\n<li>M\u0171veletek &#8211; szerkeszt\u00e9s, t\u00f6rl\u00e9s<\/li>\n<\/ul>\n<p>Az oszlopok felett lev\u0151 &#8222;<i class=\"fa fa-star\" style=\"color: #ffcc00;\" aria-hidden=\"true\"><\/i> \u00daj adat&#8221; linkre kattintva egy \u00faj, \u00fcres munkat\u00e1rs adatlapot nyithatunk meg.<\/p>\n<h5>5.1 Sz\u0171r\u00e9s<\/h5>\n<p>Az oszlopok felett a munkat\u00e1rsak list\u00e1ja az al\u00e1bbi eszk\u00f6z\u00f6kkel sz\u0171rhet\u0151:<\/p>\n<ul>\n<li>Sz\u0171r\u00e9s mez\u0151 &#8211; a be\u00edrt r\u00e9szsz\u00f6veg alapj\u00e1n sz\u0171ri a list\u00e1t (kattintsunk a mellette lev\u0151 <i class=\"fa fa-search\" aria-hidden=\"true\"><\/i> keres\u00e9s ikonra az ind\u00edt\u00e1shoz). A &#8222;Teljes lista&#8221; linkre kattintva a list\u00e1t alaphelyzetbe \u00e1ll\u00edtja<\/li>\n<li>ABC linkek &#8211; sz\u0171r\u00e9s a n\u00e9v kezd\u0151bet\u0171je alapj\u00e1n<\/li>\n<li>Csoport, Telephely &#8211; sz\u0171r\u00e9s a csoport \u00e9s\/vagy telephely alapj\u00e1n (kattintsunk a sor v\u00e9g\u00e9n lev\u0151 <i class=\"fa fa-filter\" aria-hidden=\"true\"><\/i>\u00a0filter ikonra az ind\u00edt\u00e1shoz)<\/li>\n<\/ul>\n<h2><a id=\"mts-adatok\"><\/a>6. Munkat\u00e1rs adatok<\/h2>\n<p>A munkat\u00e1rs list\u00e1ban lev\u0151 n\u00e9vre kattintva vagy \u00faj adatlapot nyitva az al\u00e1bbi mez\u0151ket szerkeszthetj\u00fck:<\/p>\n<table style=\"width: 99.8576%; height: 936px;\" width=\"394\">\n<tbody>\n<tr style=\"height: 33px;\">\n<td style=\"width: 20.0374%; height: 33px;\" width=\"330\"><strong>Titulus:<\/strong><\/td>\n<td style=\"width: 240.25%; height: 33px;\" width=\"64\">A n\u00e9v el\u0151tt szerepl\u0151 el\u0151tag (t\u00f6bbet is jel\u00f6lhet\u00fcnk).<\/td>\n<\/tr>\n<tr style=\"height: 63px;\">\n<td style=\"width: 20.0374%; height: 63px;\"><strong>N\u00e9v:<\/strong><\/td>\n<td style=\"width: 240.25%; height: 63px;\">A munkat\u00e1rs teljes neve, el\u0151tag n\u00e9lk\u00fcl. Az &#8222;Automatikus kit\u00f6lt\u00e9s&#8221; gombra kattintva a teljes n\u00e9v alapj\u00e1n kit\u00f6lti a vezet\u00e9kn\u00e9v \u00e9s keresztn\u00e9v mez\u0151ket\u00a0<\/td>\n<\/tr>\n<tr style=\"height: 63px;\">\n<td style=\"width: 20.0374%; height: 63px;\"><strong>Vezet\u00e9kn\u00e9v:<\/strong><\/td>\n<td style=\"width: 240.25%; height: 63px;\">FONTOS: A vezet\u00e9kn\u00e9v \u00e9s keresztn\u00e9v n\u00e9lk\u00fcl nem lehet let\u00e1rolni az adatlapot. A Dr. el\u0151tagot csak akkor kell ide\u00edrni, ha az asszonyn\u00e9vben a f\u00e9rjre utal\u00f3an szerepel!<\/td>\n<\/tr>\n<tr style=\"height: 33px;\">\n<td style=\"width: 20.0374%; height: 33px;\"><strong>Keresztn\u00e9v:<\/strong><\/td>\n<td style=\"width: 240.25%; height: 33px;\">T\u00f6bbes keresztn\u00e9v is lehet.<\/td>\n<\/tr>\n<tr style=\"height: 33px;\">\n<td style=\"width: 20.0374%; height: 33px;\"><strong>Tudom\u00e1nyos fokozat:<\/strong><\/td>\n<td style=\"width: 240.25%; height: 33px;\">docens, professzor, PHD, stb.<\/td>\n<\/tr>\n<tr style=\"height: 63px;\">\n<td style=\"width: 20.0374%; height: 63px;\"><strong>Beoszt\u00e1s:<\/strong><\/td>\n<td style=\"width: 240.25%; height: 63px;\">magyar \/ angol \/ n\u00e9met nyelv\u0171 beoszt\u00e1s. A &#8222;Ford\u00edt\u00e1s javaslat&#8221; gombra kattintva az adatb\u00e1zisban m\u00e1r szerepl\u0151 ford\u00edt\u00e1sok alapj\u00e1n kit\u00f6lti az angol \u00e9s n\u00e9met v\u00e1ltozatokat.<\/td>\n<\/tr>\n<tr style=\"height: 33px;\">\n<td style=\"width: 20.0374%; height: 33px;\"><strong>Csoport:<\/strong><\/td>\n<td style=\"width: 240.25%; height: 33px;\">V\u00e1laszthat\u00f3 csoport (a csoportok list\u00e1ja a <a href=\"#csoportok\">Csoportos\u00edt\u00e1s<\/a> men\u00fcpontban m\u00f3dos\u00edthat\u00f3)<\/td>\n<\/tr>\n<tr style=\"height: 33px;\">\n<td style=\"width: 20.0374%; height: 33px;\"><strong>Egyetemi c\u00edm:<\/strong><\/td>\n<td style=\"width: 240.25%; height: 33px;\">V\u00e1laszthat\u00f3 egyetemi c\u00edm (professor, rector, stb.)<\/td>\n<\/tr>\n<tr style=\"height: 33px;\">\n<td style=\"width: 20.0374%; height: 33px;\"><strong>Tart\u00f3san t\u00e1vol:<\/strong><\/td>\n<td style=\"width: 240.25%; height: 33px;\">Igen-Nem (igen eset\u00e9n megjelenik a n\u00e9v mellett a munkat\u00e1rs list\u00e1ban egy vonatkoz\u00f3 sz\u00f6veg)<\/td>\n<\/tr>\n<tr style=\"height: 33px;\">\n<td style=\"width: 20.0374%; height: 33px;\"><strong>E-mail c\u00edm:<\/strong><\/td>\n<td style=\"width: 240.25%; height: 33px;\">Egyetemi emailc\u00edm, vessz\u0151vel elv\u00e1lasztva t\u00f6bb megadhat\u00f3 (priv\u00e1t c\u00edmeket ne \u00edrjunk ide) &#8211; nyilv\u00e1nosan megjelen\u0151 inform\u00e1ci\u00f3, de egy plusz mez\u0151t bepip\u00e1lva az e-mail c\u00edmeket intranetre tarthatjuk vissza.<\/td>\n<\/tr>\n<tr style=\"height: 33px;\">\n<td style=\"width: 20.0374%; height: 33px;\"><strong>Telefonsz\u00e1m:<\/strong><\/td>\n<td style=\"width: 240.25%; height: 33px;\">Munkahelyi (vezet\u00e9kes) telefonsz\u00e1m. Csak a sz\u00e1mot lehet megadni egybef\u00fcgg\u0151en. T\u00f6bb megadhat\u00f3, vessz\u0151vel elv\u00e1lasztva.<\/td>\n<\/tr>\n<tr style=\"height: 33px;\">\n<td style=\"width: 20.0374%; height: 33px;\"><strong>Mell\u00e9k:<\/strong><\/td>\n<td style=\"width: 240.25%; height: 33px;\">Munkahelyi mell\u00e9k sz\u00e1ma<\/td>\n<\/tr>\n<tr style=\"height: 33px;\">\n<td style=\"width: 20.0374%; height: 33px;\"><strong>Fax:<\/strong><\/td>\n<td style=\"width: 240.25%; height: 33px;\">Munkahelyi telefax sz\u00e1ma<\/td>\n<\/tr>\n<tr style=\"height: 63px;\">\n<td style=\"width: 20.0374%; height: 63px;\"><strong>Int\u00e9zeti mobil\u00a0<br \/>\n(csak intraneten l\u00e1that\u00f3):<\/strong><\/td>\n<td style=\"width: 240.25%; height: 63px;\">Munkahelyi mobilsz\u00e1m. T\u00f6bb megadhat\u00f3, vessz\u0151vel elv\u00e1lasztva. Nem \u00edrhat\u00f3ak be ide az alatta felsorolt kezdet\u0171 mobilsz\u00e1mok.<\/td>\n<\/tr>\n<tr style=\"height: 63px;\">\n<td style=\"width: 20.0374%; height: 63px;\"><strong>Priv\u00e1t mobil\u00a0<br \/>\n(csak intraneten l\u00e1that\u00f3):<\/strong><\/td>\n<td style=\"width: 240.25%; height: 63px;\">Priv\u00e1t mobilsz\u00e1m. T\u00f6bb megadhat\u00f3, vessz\u0151vel elv\u00e1lasztva.<\/td>\n<\/tr>\n<tr style=\"height: 33px;\">\n<td style=\"width: 20.0374%; height: 33px;\"><strong>Scholar honlap:<\/strong><\/td>\n<td style=\"width: 240.25%; height: 33px;\">https:\/\/scholar.semmelweis.hu\/ ut\u00e1ni r\u00e9szt kell megadni.<\/td>\n<\/tr>\n<tr style=\"height: 33px;\">\n<td style=\"width: 20.0374%; height: 33px;\"><strong>Szoba:<\/strong><\/td>\n<td style=\"width: 240.25%; height: 33px;\">Emelet \/ szoba sz\u00e1ma<\/td>\n<\/tr>\n<tr style=\"height: 33px;\">\n<td style=\"width: 20.0374%; height: 33px;\"><strong>Telephely:<\/strong><\/td>\n<td style=\"width: 240.25%; height: 33px;\">V\u00e1laszthat\u00f3 telephely (a telephelyek list\u00e1ja a <a href=\"#telephelyek\">Telephelyek<\/a> men\u00fcpontban m\u00f3dos\u00edthat\u00f3)<\/td>\n<\/tr>\n<tr style=\"height: 63px;\">\n<td style=\"width: 20.0374%; height: 63px;\"><strong>Szervezeti egys\u00e9g vagy alegys\u00e9g vezet\u0151je:<\/strong><\/td>\n<td style=\"width: 240.25%; height: 63px;\">Itt \u00e1ll\u00edthat\u00f3 be, ha a munkat\u00e1rs valamilyen vezet\u0151 szerepet t\u00f6lt be, \u00edgy a munkat\u00e1rsak abc list\u00e1j\u00e1nak az elej\u00e9re ker\u00fcl a munkat\u00e1rs, a nev\u00e9nek f\u00e9lk\u00f6v\u00e9r\u00edt\u00e9se mellett. T\u00f6bb vezet\u0151i szintet is megadhatunk, erre az I.-V. k\u00f6z\u00f6tti jel\u00f6l\u00e9s k\u00f6z\u00fcl v\u00e1laszthatunk. \u00cdgy pl. igazgat\u00f3 I., igazgat\u00f3helyettes II, stb. Ha a vezet\u0151 munkat\u00e1rs egy csoport tagja (pl. X oszt\u00e1ly), akkor a kilist\u00e1z\u00e1skor a munkat\u00e1rs a csoport abc list\u00e1j\u00e1nak az elej\u00e9re fog ker\u00fclni.<\/td>\n<\/tr>\n<tr style=\"height: 33px;\">\n<td style=\"width: 20.0374%; height: 33px;\"><strong>K\u00e9p felt\u00f6lt\u00e9se:<\/strong><\/td>\n<td style=\"width: 240.25%; height: 33px;\">A munkat\u00e1rs arck\u00e9pe jpg vagy png form\u00e1tumban, m\u00e9rete maximum 1 Mb. A felt\u00f6lt\u00e9s az adatok ment\u00e9s\u00e9vel val\u00f3sul meg.<\/td>\n<\/tr>\n<tr style=\"height: 33px;\">\n<td style=\"width: 20.0374%; height: 33px;\"><strong>MTMT azonos\u00edt\u00f3:<\/strong><\/td>\n<td style=\"width: 240.25%; height: 33px;\">A doktori.hu adatt\u00e1r\u00e1ban lev\u0151 azonos\u00edt\u00f3.<\/td>\n<\/tr>\n<tr>\n<td style=\"width: 20.0374%;\"><strong>Szakmai CV-k<\/strong><\/td>\n<td style=\"width: 240.25%;\">Magyar \/ angol \/n\u00e9met nyelv\u0171 \u00f6n\u00e9letrajzok felt\u00f6lt\u00e9se, amelyek megjelennek a telefonk\u00f6nyv keres\u00e9s\u00e9n\u00e9l a munkat\u00e1rs adatlapj\u00e1n.<\/td>\n<\/tr>\n<\/tbody>\n<\/table>\n<p>&nbsp;<\/p>\n<div class=\"keretes w-100\">\n<p>Az online telefonk\u00f6nyvi adatokb\u00f3l egyszer\u0171en elk\u00e9sz\u00edthet\u0151 a k\u00f6zponti honlaprendszerben l\u00e9v\u0151\u00a0 alhonlapunkra egy\u00a0<a href=\"https:\/\/semmelweis.hu\/wiki\/kiegeszito-eszkozok\/munkatarsak-menupont-telefonkonyvi-adatokbol\/\" target=\"_blank\" rel=\"noopener noreferrer\"><strong>Munkat\u00e1rsak men\u00fcpont, amely automatikusan friss\u00fcl, amikor a telefonk\u00f6nyvi adatokat friss\u00edtik<\/strong><\/a>.\u00a0<\/p>\n<\/div>\n<h2><a id=\"csoportok\"><\/a>7. Csoportos\u00edt\u00e1s<\/h2>\n<p>Itt adhatjuk meg azokat a csoportokat, amelyekkel az egys\u00e9gen, alegys\u00e9gen bel\u00fcl tov\u00e1bbi szempontok szerint sorolhatjuk be a munkat\u00e1rsakat. Az \u00edgy kialak\u00edtott csoportokat a munkat\u00e1rs lek\u00e9rdez\u00e9sek sz\u0171r\u00e9s\u00e9re haszn\u00e1lhatjuk fel, emellett ezeket a csoportokat az alegys\u00e9gekn\u00e9l is felhaszn\u00e1lhatjuk.<\/p>\n<p>A csoportoknak magyar, angol \u00e9s n\u00e9met nevet adhatunk meg (c\u00e9lszer\u0171 mind a h\u00e1rmat megadni, ha nincs valamelyik n\u00e9v megadva, akkor a magyar n\u00e9v jelenik meg). A program a kilist\u00e1z\u00e1skor ki\u00edrja a csoportba tartoz\u00f3 munkat\u00e1rsak sz\u00e1m\u00e1t.<\/p>\n<p><strong>\u00daj csoport hozz\u00e1ad\u00e1sa<\/strong> &#8211; erre a gombra kattintva egy \u00faj \u00fcres sor jelenik meg, + jellel az elej\u00e9n, jelezve, hogy ez egy hozz\u00e1adott sor. Az \u00faj csoportot az &#8222;Adatok t\u00e1rol\u00e1sa&#8221; gombra kattintva menthetj\u00fck el. A csoportban a munkat\u00e1rsak ABC sorrendben jelennek meg. A vezet\u0151i szintek be\u00e1ll\u00edt\u00e1s\u00e1val ugyanakkor lehet\u0151s\u00e9g\u00fcnk van a vezet\u0151ket a lista elej\u00e9re helyezni. A lista elej\u00e9n elfoglalt helyet a vezet\u0151i szintek sorrendje fogja meghat\u00e1rozni (I-V).<\/p>\n<p><strong>T\u00f6rl\u00e9s<\/strong> &#8211; csoport t\u00f6rl\u00e9se akkor lehets\u00e9ges, ha a munkat\u00e1rsak sz\u00e1ma nulla. Ekkor a gombra kattintva a sor t\u00f6rl\u00e9sre lesz kijel\u00f6lve, amit szint\u00e9n a t\u00e1rol\u00e1ssal v\u00e9gleges\u00edthet\u00fcnk.<\/p>\n<p><strong>Sorrend be\u00e1ll\u00edt\u00e1sa<\/strong> &#8211; az ID (azonos\u00edt\u00f3) mez\u0151re h\u00fazva az egeret, a sort &#8222;megfogva&#8221; \u00e1t\u00e1ll\u00edthatjuk a csoportok sorrendj\u00e9t. Ez a sorrend a munkat\u00e1rsak megjelen\u00edt\u00e9s\u00e9n\u00e9l haszn\u00e1lhat\u00f3 fel.<\/p>\n<h2><a id=\"telephelyek\"><\/a>8. Telephelyek<\/h2>\n<p>A csoportokhoz teljesen hasonl\u00f3 a telephelyek list\u00e1ja, lesz\u00e1m\u00edtva, hogy itt nincsenek k\u00fcl\u00f6n nyelvi v\u00e1ltozatok. A telephelyek list\u00e1ja a munkat\u00e1rs adatlapon ker\u00fcl felhaszn\u00e1l\u00e1sra, a szervezeti egys\u00e9g c\u00edme (telephelye) ett\u0151l f\u00fcggetlen adat.<\/p>\n<h2><a id=\"muveletek\"><\/a>9. M\u0171veletek<\/h2>\n<p>A munkat\u00e1rsakkal kapcsolatos m\u0171veleteket a <a href=\"#mts-adatok\">Munkat\u00e1rsak<\/a> men\u00fcpontban el\u00e9rhet\u0151 list\u00e1n v\u00e9gezhetj\u00fck el. Els\u0151 l\u00e9p\u00e9sben jel\u00f6lj\u00fck ki a m\u0171veletben szerepl\u0151 munkat\u00e1rsakat a sor elej\u00e9n lev\u0151 n\u00e9gyzet kipip\u00e1l\u00e1s\u00e1val (vagy a legfels\u0151 sor tetej\u00e9n lev\u0151 n\u00e9gyzettel az \u00f6sszes munkat\u00e1rsat kijel\u00f6lhetj\u00fck).<\/p>\n<p>Ekkor megjelennek a munkat\u00e1rsak \u00e1thelyez\u00e9s\u00e9t, csoportba, telephelybe sorol\u00e1s\u00e1t lehet\u0151v\u00e9 tev\u0151 mez\u0151k.\u00a0<\/p>\n<p><strong>\u00c1thelyez\u00e9s<\/strong> &#8211; az &#8222;\u00c1thelyez\u00e9si c\u00e9l&#8221; leny\u00edl\u00f3 mez\u0151b\u0151l v\u00e1lasszuk ki, melyik egys\u00e9gbe akarjuk \u00e1thelyezni a kijel\u00f6lt munkat\u00e1rsakat. Csak azokat az egys\u00e9geket v\u00e1laszthatjuk ki, amelyhez jogosults\u00e1gunk van.\u00a0<\/p>\n<p><strong>Telephely <\/strong>\u00a0&#8211; a szervezeti egys\u00e9g c\u00e9l kiv\u00e1laszt\u00e1sa ut\u00e1n v\u00e1lasszuk ki a telephelyet (nem k\u00f6telez\u0151). Ha nem jel\u00f6l\u00fcnk ki ilyet, akkor nem v\u00e1ltozik a telephely.<\/p>\n<p>Az \u00e1thelyez\u00e9s befejez\u00e9s\u00e9hez kattintsunk az &#8222;\u00c1thelyez\u00e9s&#8221; gombra.<\/p>\n<p><strong>Csoport be\u00e1ll\u00edt\u00e1s<\/strong> &#8211; a munkat\u00e1rsak kijel\u00f6l\u00e9se ut\u00e1n v\u00e1lasszuk ki a csoportot, majd kattintsunk a &#8222;Be\u00e1ll\u00edt\u00e1s&#8221; gombra.<\/p>\n","protected":false},"excerpt":{"rendered":"<p>A szervezeti egys\u00e9gek munkat\u00e1rsainak adatait (n\u00e9v, telefonsz\u00e1m, beoszt\u00e1s, stb.) a Telefonk\u00f6nyv Adminisztr\u00e1ci\u00f3 elnevez\u00e9s\u0171 fel\u00fcleten kereszt\u00fcl m\u00f3dos\u00edthatjuk. A program azonos a kor\u00e1bban megszokottal, azonban a kib\u0151v\u00edtett szerkeszt\u00e9si funkci\u00f3k m\u00e1r egy adott k\u00f6zponti rendszer\u0171 alhonlapon m\u0171k\u00f6dnek, a telefonk\u00f6nyv kezel\u0151i itt kapnak hozz\u00e1f\u00e9r\u00e9st a program kezel\u00e9s\u00e9hez. A fel\u00fclet c\u00edme: <a href=\"https:\/\/semmelweis.hu\/telefon\">https:\/\/semmelweis.hu\/telefon<\/a> Tartalomjegyz\u00e9k <a href=\"#login\">Bejelentkez\u00e9s<\/a> <a href=\"#welcome\">Nyit\u00f3lap fel\u00e9p\u00edt\u00e9se<\/a> <a href=\"#sze\">Szervezeti egys\u00e9geim<\/a> <a href=\"#sze-adatok\">Szervezeti egys\u00e9g adatai<\/a> <a href=\"#mts-lista\">Munkat\u00e1rsak list\u00e1ja<\/a> <a href=\"#mts-adatok\">Munkat\u00e1rs adatok<\/a> <a href=\"#csoportok\">Csoportos\u00edt\u00e1s<\/a> <a href=\"#telephelyek\">Telephelyek<\/a> <a href=\"#muveletek\">M\u0171veletek<\/a> <a href=\"https:\/\/semmelweis.hu\/wiki\/kiegeszito-eszkozok\/munkatarsak-menupont-telefonkonyvi-adatokbol\/\" target=\"_blank\" rel=\"noopener\">Telefonk\u00f6nyvi adatok be\u00e1gyaz\u00e1sa \u2192<\/a> (pl. Munkat\u00e1rsak, vagy alegys\u00e9gek) <a id=\"login\"><\/a> 1. Bejelentkez\u00e9s A Telefon &hellip;<\/p>\n","protected":false},"author":158,"featured_media":0,"parent":0,"menu_order":6,"comment_status":"closed","ping_status":"closed","template":"template-fullwidth.php","meta":{"_acf_changed":false,"footnotes":""},"categories":[106],"tags":[],"class_list":["post-7","page","type-page","status-publish","hentry","category-egyeb"],"acf":[],"publishpress_future_action":{"enabled":false,"date":"1970-01-01 01:00:00","action":"","terms":[],"taxonomy":"","browser_timezone_offset":0},"_links":{"self":[{"href":"https:\/\/semmelweis.hu\/wiki\/wp-json\/wp\/v2\/pages\/7","targetHints":{"allow":["GET"]}}],"collection":[{"href":"https:\/\/semmelweis.hu\/wiki\/wp-json\/wp\/v2\/pages"}],"about":[{"href":"https:\/\/semmelweis.hu\/wiki\/wp-json\/wp\/v2\/types\/page"}],"author":[{"embeddable":true,"href":"https:\/\/semmelweis.hu\/wiki\/wp-json\/wp\/v2\/users\/158"}],"replies":[{"embeddable":true,"href":"https:\/\/semmelweis.hu\/wiki\/wp-json\/wp\/v2\/comments?post=7"}],"version-history":[{"count":11,"href":"https:\/\/semmelweis.hu\/wiki\/wp-json\/wp\/v2\/pages\/7\/revisions"}],"predecessor-version":[{"id":3143,"href":"https:\/\/semmelweis.hu\/wiki\/wp-json\/wp\/v2\/pages\/7\/revisions\/3143"}],"wp:attachment":[{"href":"https:\/\/semmelweis.hu\/wiki\/wp-json\/wp\/v2\/media?parent=7"}],"wp:term":[{"taxonomy":"category","embeddable":true,"href":"https:\/\/semmelweis.hu\/wiki\/wp-json\/wp\/v2\/categories?post=7"},{"taxonomy":"post_tag","embeddable":true,"href":"https:\/\/semmelweis.hu\/wiki\/wp-json\/wp\/v2\/tags?post=7"}],"curies":[{"name":"wp","href":"https:\/\/api.w.org\/{rel}","templated":true}]}}