{"id":657,"date":"2014-03-27T16:11:04","date_gmt":"2014-03-27T15:11:04","guid":{"rendered":"http:\/\/semmelweis.hu\/wiki\/?p=657"},"modified":"2024-10-07T15:51:34","modified_gmt":"2024-10-07T13:51:34","slug":"esemenynaptar-events-made-easy-bovitmeny","status":"publish","type":"page","link":"https:\/\/semmelweis.hu\/wiki\/kiegeszito-eszkozok\/esemenynaptar-events-made-easy-bovitmeny\/","title":{"rendered":"Esem\u00e9nynapt\u00e1r &#8211; Events Made Easy b\u0151v\u00edtm\u00e9ny"},"content":{"rendered":"<p>Lehet\u0151s\u00e9g van a <a href=\"https:\/\/semmelweis.hu\/hirek\/esemenyek\/\" target=\"_blank\" rel=\"noopener noreferrer\">Semmelweis Egyetem esem\u00e9nynapt\u00e1r\u00e1hoz<\/a> hasonl\u00f3an programokat id\u0151rendben vagy napt\u00e1rn\u00e9zetben megjelentetni a honlapunkon.<br \/>\nHa a honlapunkon m\u00e9g nincs bekapcsolva az Events Made Easy (azaz az EME) b\u0151v\u00edtm\u00e9ny, akkor a &#8222;Telep\u00edt\u00e9s&#8221; f\u00fclre kattintva olvashatjuk el az \u00fatmutat\u00f3t.\u00a0<\/p>\n<div class=\"responsive-tabs\">\n<h2 class=\"tabtitle\">Haszn\u00e1lat<\/h2>\n<div class=\"tabcontent\">\n\n<h1>\u00daj esem\u00e9ny l\u00e9trehoz\u00e1sa:\u00a0<\/h1>\n<p>Ha m\u00e1r telep\u00edtve van a b\u0151v\u00edtm\u00e9ny: r\u00e1kattintunk a <strong>Vez\u00e9rl\u0151pult &gt; Events Made Easy &gt; Esem\u00e9nyek (<\/strong>angol honlap eset\u00e9ben<strong> Events)\u00a0 <\/strong>men\u00fcpontra, akkor VAGY a m\u00e1r bet\u00f6lt\u00f6tt j\u00f6v\u0151beli esem\u00e9nyeket l\u00e1thatjuk itt (de persze lehet\u0151s\u00e9g\u00fcnk van\u00a0 a kor\u00e1bbi esem\u00e9nyeket is kilist\u00e1zni, l\u00e1sd k\u00e9p), VAGY friss telep\u00edt\u00e9s eset\u00e9n a h\u00e1rom el\u0151re felt\u00f6lt\u00f6tt mintaesem\u00e9nyt fogjuk l\u00e1tni. Ut\u00f3bbiakat t\u00f6r\u00f6lj\u00fck ki. Az lista tetej\u00e9n \u00faj esem\u00e9nyt jegyezhet\u00fcnk a napt\u00e1rba <strong>Esem\u00e9ny hozz\u00e1ad\u00e1sa<\/strong> (<strong>Add event)<\/strong> gomb seg\u00edts\u00e9g\u00e9vel.<\/p>\n<p><a href=\"https:\/\/semmelweis.hu\/wiki\/files\/2022\/07\/eme-esemenylista.jpg\"><img loading=\"lazy\" decoding=\"async\" class=\"aligncenter size-large wp-image-2393\" src=\"https:\/\/semmelweis.hu\/wiki\/files\/2022\/07\/eme-esemenylista-1024x539.jpg\" alt=\"\" width=\"753\" height=\"396\" srcset=\"https:\/\/semmelweis.hu\/wiki\/files\/2022\/07\/eme-esemenylista-1024x539.jpg 1024w, https:\/\/semmelweis.hu\/wiki\/files\/2022\/07\/eme-esemenylista-400x211.jpg 400w, https:\/\/semmelweis.hu\/wiki\/files\/2022\/07\/eme-esemenylista-150x79.jpg 150w, https:\/\/semmelweis.hu\/wiki\/files\/2022\/07\/eme-esemenylista-768x404.jpg 768w, https:\/\/semmelweis.hu\/wiki\/files\/2022\/07\/eme-esemenylista-1536x809.jpg 1536w, https:\/\/semmelweis.hu\/wiki\/files\/2022\/07\/eme-esemenylista-753x397.jpg 753w, https:\/\/semmelweis.hu\/wiki\/files\/2022\/07\/eme-esemenylista.jpg 1859w\" sizes=\"auto, (max-width: 753px) 100vw, 753px\" \/><\/a><\/p>\n<h4><strong>\u00daJ ESEM\u00c9NYN\u00c9L Megadand\u00f3 adatok (l\u00e1sd k\u00e9pek al\u00e1bb):<\/strong><\/h4>\n<p><strong>N\u00e9v (Name)<\/strong> = Esem\u00e9ny pontos c\u00edme<br \/>\n<strong>Esem\u00e9ny id\u0151pontja (Event date)<\/strong> = Esem\u00e9ny d\u00e1tuma (a konkr\u00e9t d\u00e1tum mez\u0151kre kattintva a kezd\u0151 \u00e9s z\u00e1r\u00f3 id\u0151pontot tudjuk megadni, ak\u00e1r t\u00f6bb naposat is)<br \/>\n<strong>Event time<\/strong> = \u00f3r\u00e1ban megadva a -t\u00f3l-ig.<em> (Ha a k\u00f6vetkez\u0151 r\u00e9szen bepip\u00e1ljuk, hogy eg\u00e9sz napos az esem\u00e9ny, akkor ez a mez\u0151 elrejt\u0151dik.)<\/em><br \/>\n<strong>This event lasts all day (Ez egy eg\u00e9sz napos rendezv\u00e9ny)<\/strong> = bepip\u00e1lva a program eg\u00e9sz naposk\u00e9nt jelenik meg<br \/>\n<strong>Check if your event happens more than once. <\/strong>= bepip\u00e1lni, ha az esem\u00e9ny t\u00f6bbsz\u00f6r ism\u00e9tl\u0151dik teljesen azonos form\u00e1ban.<span style=\"color: #ff0000;\"><strong>*<\/strong><\/span><br \/>\n<strong>Event descripition<\/strong> = R\u00e9szletek (az esem\u00e9ny ismertet\u00e9se, ez \u00fagy m\u0171k\u00f6dik, <a href=\"https:\/\/semmelweis.hu\/wiki\/tartalom-kezeles\/uj-oldal-letrehozasa\/\" target=\"_blank\" rel=\"noopener noreferrer\">mint egy bejegyz\u00e9s vagy oldal, ugyan\u00fagy szerkeszthet\u0151, t\u00f6lthet\u0151 fel hozz\u00e1 k\u00e9p, dokumentum, stb.<\/a>) &#8211; <em>Ha egy esem\u00e9nynek van saj\u00e1t honlapja, vagy fel\u00fclete, ami folyamatosan friss\u00fcl, akkor \u00e9rdemes oda ir\u00e1ny\u00edtani a l\u00e1togat\u00f3t, ehhez csak az oldalunk legalj\u00e1n, a ment\u00e9s gomb feletti <strong>&#8222;External URL&#8221; mez\u0151be<\/strong> kell betenni az esem\u00e9ny honlapj\u00e1nak webc\u00edm\u00e9t.\u00a0<\/em><\/p>\n<p><strong>Helysz\u00edn (Location)<\/strong> = helysz\u00edn f\u00fcl (nem musz\u00e1j haszn\u00e1lni, hiszen a sz\u00f6vegbe is be\u00edrhatjuk, hogy hol lesz a program, de ha haszn\u00e1lni akarjuk, akkor k\u00fcl\u00f6n fel kell venn\u00fcnk a Helysz\u00edneket a\u00a0<strong>Vez\u00e9rl\u0151pult &gt; Events\u00a0 Made Easy\u00a0<\/strong>\u00a0<strong>&gt; Helysz\u00ednek\u00a0<\/strong>almen\u00fcpontban.) Ha haszn\u00e1lunk helysz\u00ednt, az esem\u00e9nynapt\u00e1r oldalunkon a felhaszn\u00e1l\u00f3k helysz\u00edn szerint is sz\u0171rhetnek majd.<\/p>\n<p>Haszn\u00e1lhatunk <strong>kateg\u00f3ri\u00e1kat<\/strong> is, ezeket el\u0151zetesen fel kell venn\u00fcnk a\u00a0<strong>Vez\u00e9rl\u0151pult &gt; Events\u00a0 Made Easy<\/strong>\u00a0<strong>&gt; Kateg\u00f3ri\u00e1k <\/strong>men\u00fcpontban. Ekkor az esem\u00e9nynapt\u00e1r oldalon t\u00edpusra tudnak majd sz\u0171rni az olvas\u00f3k.\u00a0<\/p>\n<p>A szerkeszt\u0151fel\u00fclet legalj\u00e1n tal\u00e1lhat\u00f3<strong>\u00a0MENT\u00c9S \/ SAVE<\/strong> gombbal tudjuk r\u00f6gz\u00edteni az esem\u00e9nyt.\u00a0<\/p>\n<p><a href=\"https:\/\/semmelweis.hu\/wiki\/files\/2022\/07\/esemenynaptar-hirekrol.png\"><img loading=\"lazy\" decoding=\"async\" class=\"aligncenter size-large wp-image-2398\" src=\"https:\/\/semmelweis.hu\/wiki\/files\/2022\/07\/esemenynaptar-hirekrol-1024x589.png\" alt=\"\" width=\"753\" height=\"433\" srcset=\"https:\/\/semmelweis.hu\/wiki\/files\/2022\/07\/esemenynaptar-hirekrol-1024x589.png 1024w, https:\/\/semmelweis.hu\/wiki\/files\/2022\/07\/esemenynaptar-hirekrol-400x230.png 400w, https:\/\/semmelweis.hu\/wiki\/files\/2022\/07\/esemenynaptar-hirekrol-150x86.png 150w, https:\/\/semmelweis.hu\/wiki\/files\/2022\/07\/esemenynaptar-hirekrol-768x441.png 768w, https:\/\/semmelweis.hu\/wiki\/files\/2022\/07\/esemenynaptar-hirekrol-1536x883.png 1536w, https:\/\/semmelweis.hu\/wiki\/files\/2022\/07\/esemenynaptar-hirekrol-753x433.png 753w, https:\/\/semmelweis.hu\/wiki\/files\/2022\/07\/esemenynaptar-hirekrol.png 1731w\" sizes=\"auto, (max-width: 753px) 100vw, 753px\" \/><\/a><\/p>\n<p><a href=\"https:\/\/semmelweis.hu\/wiki\/files\/2022\/07\/esemeny-szerkesztese-3.png\"><img loading=\"lazy\" decoding=\"async\" class=\"aligncenter size-large wp-image-2396\" src=\"https:\/\/semmelweis.hu\/wiki\/files\/2022\/07\/esemeny-szerkesztese-3-1024x581.png\" alt=\"\" width=\"753\" height=\"427\" srcset=\"https:\/\/semmelweis.hu\/wiki\/files\/2022\/07\/esemeny-szerkesztese-3-1024x581.png 1024w, https:\/\/semmelweis.hu\/wiki\/files\/2022\/07\/esemeny-szerkesztese-3-400x227.png 400w, https:\/\/semmelweis.hu\/wiki\/files\/2022\/07\/esemeny-szerkesztese-3-150x85.png 150w, https:\/\/semmelweis.hu\/wiki\/files\/2022\/07\/esemeny-szerkesztese-3-768x436.png 768w, https:\/\/semmelweis.hu\/wiki\/files\/2022\/07\/esemeny-szerkesztese-3-1536x871.png 1536w, https:\/\/semmelweis.hu\/wiki\/files\/2022\/07\/esemeny-szerkesztese-3-753x427.png 753w, https:\/\/semmelweis.hu\/wiki\/files\/2022\/07\/esemeny-szerkesztese-3.png 1581w\" sizes=\"auto, (max-width: 753px) 100vw, 753px\" \/><\/a><\/p>\n<p>&nbsp;<\/p>\n<p>&nbsp;<\/p>\n<p><span style=\"color: #ff0000;\"><strong>*<\/strong><\/span>az <strong>Ism\u00e9tl\u0151d\u00e9s <\/strong>jelz\u00e9s\u00e9re szolg\u00e1l\u00f3\u00a0n\u00e9gyzet bepip\u00e1l\u00e1s\u00e1val automatikusan rendszeresen ism\u00e9tl\u0151d\u0151 esem\u00e9nyeket hozhatunk l\u00e9tre (pl. ugyanazokkal a r\u00e9szletekkel hetente, havonta megjelennek a napt\u00e1rban). Amint\u00a0ezt bepip\u00e1ljuk, az esem\u00e9ny megnevez\u00e9se alatt megjelenik egy plusz opci\u00f3, <strong>Recurrence dates<\/strong> c\u00edmmel. Itt kell megadni, hogy az esem\u00e9ny mett\u0151l meddig, illetve milyen gyakran ism\u00e9tl\u0151dik. Ment\u00e9s ut\u00e1n az esem\u00e9ny minden jelzett d\u00e1tumn\u00e1l megjelenik \u00e9s a szerkeszt\u0151fel\u00fcleten is, mint egy-egy k\u00fcl\u00f6n esem\u00e9ny jelenik meg, azonban ezek az esem\u00e9nyek \u00f6ssze vannak egym\u00e1ssal kapcsolva, ez\u00e9rt ut\u00f3lagos szerkeszt\u00e9s\u00fck is elt\u00e9r\u0151!\u00a0<span style=\"color: #ff0000;\"><strong>Figyelem<\/strong><\/span>, ism\u00e9tl\u0151d\u0151\u00a0esem\u00e9ny ut\u00f3lagos jav\u00edt\u00e1s\u00e1n\u00e1l az \u00f6sszes esem\u00e9ny list\u00e1j\u00e1ban b\u00e1rmely ism\u00e9tl\u0151d\u00e1tumn\u00e1l szerepl\u0151 esem\u00e9nyt szerkeszthetem, azonban nem egyszer\u0171en a szerkeszt\u00e9sre kell kattintani, hanem az adatok jobb sz\u00e9l\u00e9n l\u00e1that\u00f3 <strong>Ism\u00e9tl\u0151d\u00e9s szerkeszt\u00e9s\u00e9re\u00a0<\/strong>(<strong>Reschedule)<\/strong> kell kattintani!<\/p>\n\n<\/div><h2 class=\"tabtitle\">Telep\u00edt\u00e9s<\/h2>\n<div class=\"tabcontent\">\n\n<h1>A b\u0151v\u00edtm\u00e9ny telep\u00edt\u00e9se<\/h1>\n<p>El\u0151sz\u00f6r a <strong>Vez\u00e9rl\u0151pult &gt; B\u0151v\u00edtm\u00e9nyek<\/strong> oldalon be kell kapcsolnunk az <strong>Events Made Easy <\/strong>(EME) b\u0151v\u00edtm\u00e9nyt. Ezzel l\u00e9trej\u00f6n az Oldalaink k\u00f6z\u00f6tt egy <strong>Events<\/strong> c\u00edm\u0171 oldal, valamint megjelenik a Vez\u00e9rl\u0151pult bal oldali men\u00fcoszlop\u00e1ban egy <strong>Events Made Easy<\/strong>\u00a0men\u00fcpont, amelyben az Esem\u00e9nynapt\u00e1r be\u00e1ll\u00edt\u00e1sait tudjuk megtenni.<\/p>\n<p>Kattintsunk a <strong>Vez\u00e9rl\u0151pult &gt; Events Made Easy &gt; Be\u00e1ll\u00edt\u00e1sok <\/strong>men\u00fcpontra. Sz\u00e1mos f\u00fcl\u00f6n l\u00e1thatunk be\u00e1ll\u00edt\u00e1si lehet\u0151s\u00e9geket, az al\u00e1bbiakat tegy\u00fck meg:<\/p>\n<h4><strong>General f\u00fcl\u00f6n:<\/strong><\/h4>\n<ul>\n<li><em>Use dropdown for locations?<\/em> IGEN vagy maradhat NEM-en is (a helysz\u00ednek kiv\u00e1laszt\u00e1s\u00e1ban lesz jelent\u0151s\u00e9ge)<\/li>\n<li><em>R\u00f6vidk\u00f3dok enged\u00e9lyez\u00e9se a widget-ekben. (Enable shortcodes in widgets)<\/em> IGEN<\/li>\n<li>MENTS\u00dcK A M\u00d3DOS\u00cdT\u00c1SOKAT!<\/li>\n<\/ul>\n<h4><strong>Events f\u00fcl m\u00f3dos\u00edt\u00e1sa \u00faj diz\u00e1jn (&#8222;SE18&#8221;)\u00a0 haszn\u00e1lata eset\u00e9n:<\/strong><\/h4>\n<ul>\n<li><em>Events page<\/em> A leny\u00edl\u00f3 opci\u00f3kb\u00f3l v\u00e1lasszuk ki az &#8222;Events&#8221; nev\u0171 oldalt (ha nem az lenne kiv\u00e1lasztva)<\/li>\n<li>MENTS\u00dcK A M\u00d3DOS\u00cdT\u00c1SOKAT!<\/li>\n<\/ul>\n<p>Az esem\u00e9nynapt\u00e1runk a <strong>\/honlapunk\/esemenyek virtu\u00e1lis oldalon fog megjelenni.<\/strong> Ez azt jelenti, hogy t\u00e9nylegesen nincs ilyen nev\u0171 oldalunk az Oldalak men\u00fcpontban, de a\u00a0 virtu\u00e1lis esem\u00e9nyoldal c\u00edm\u00e9t be\u00edrva megjelenik az esem\u00e9nynapt\u00e1r, illetve az &#8222;Events&#8221; nev\u0171 oldal is erre a c\u00edmre ugrik \u00e1t megtekint\u00e9skor.<\/p>\n<h6><span style=\"font-size: 12pt;\"><span style=\"color: #ff6600;\"><strong>Fontos!<\/strong><\/span> <strong>Ne k\u00e9sz\u00edts\u00fcnk &#8222;Esem\u00e9nyek&#8221; elnevez\u00e9s\u0171 oldalt<\/strong>, mert akkor az fog megjelenni, nem az EME esem\u00e9nylist\u00e1ja.\u00a0<\/span><\/h6>\n<p><em>Default single event format<\/em> m\u00e1soljuk ki az al\u00e1bbi k\u00f3dot \u00e9s erre cser\u00e9lj\u00fck ki, amit a mez\u0151ben tal\u00e1lunk:<\/p>\n<pre style=\"padding-left: 60px;\">&lt;p&gt;Id\u0151pont: #Y.#m.#d. - #H:#i&lt;\/p&gt;&lt;p&gt;\r\nHelysz\u00edn: #_LOCATION - #_TOWN #_ADDRESS&lt;\/p&gt;\r\n&lt;p&gt;#_NOTES&lt;\/p&gt;&lt;p&gt; #_MAP&lt;\/p&gt;<\/pre>\n<p><em>Events page title\u00a0<\/em>arra \u00edrjuk \u00e1t ezt a sz\u00f6veget, amit szeretn\u00e9nk, ha a napt\u00e1runk c\u00edme lenne (pl. Esem\u00e9nynapt\u00e1r, K\u00e9pz\u00e9si napt\u00e1r, Konferenci\u00e1k, Programok, stb., de ne legyen t\u00fal hossz\u00fa)<\/p>\n<p><em>No events message<\/em> valami ilyesmire \u00e9rdemes \u00e1t\u00edrni:\u00a0Nincs megjelen\u00edthet\u0151 esem\u00e9ny.<\/p>\n<p>MENTS\u00dcK A M\u00d3DOS\u00cdT\u00c1SOKAT!<\/p>\n<p>Az esem\u00e9nyek list\u00e1ja a \/honlapunk\/esemenyek c\u00edmen fog megjelenni.<\/p>\n\n<\/div><h2 class=\"tabtitle\">Tan\u00e9v rendje<\/h2>\n<div class=\"tabcontent\">\n\n<h1>Tan\u00e9v rendje &#8211; esem\u00e9nyfelt\u00f6lt\u00e9s<\/h1>\n<p>A kari honlapokon az esem\u00e9nynapt\u00e1r alap\u00e9rtelmezetten a &#8222;tan\u00e9v rendje&#8221; megjelen\u00e9st kapja. Az esem\u00e9nyek felt\u00f6lt\u00e9se ugyan\u00fagy t\u00f6rt\u00e9nik, mint ahogy az els\u0151 f\u00fcl\u00f6n le\u00edrtuk, azonban meg kell adnunk m\u00e9g az al\u00e1bbi adatokat:<\/p>\n<h4><strong>\u00c9vfolyam megad\u00e1sa\u00a0<\/strong><\/h4>\n<p>A bal oldali s\u00e1vban a kateg\u00f3ri\u00e1k k\u00f6z\u00f6tt adhatjuk meg, hogy az adott esem\u00e9ny mely \u00e9vfolyamokat \u00e9rinti. Minden olyan \u00e9vfolyamot be kell pip\u00e1lni, amelyiket \u00e9rinti az adott id\u0151szak.\u00a0<\/p>\n<h4><strong>External URL haszn\u00e1lata<\/strong><\/h4>\n<p>Ha egy esem\u00e9nynek m\u00e1r van k\u00e9sz, folyamatosan friss\u00fcl\u0151 fel\u00fclete, akkor \u00e9rdemes a hallgat\u00f3kat odair\u00e1ny\u00edtani (pl. Tan\u00e9vnyit\u00f3 eset\u00e9ben a k\u00f6zponti h\u00edrport\u00e1lon tal\u00e1lhat\u00f3 esem\u00e9nynapt\u00e1r vonatkoz\u00f3 oldal\u00e1ra, TDK \u00e9s OTDK eset\u00e9n a megfelel\u0151 weblapra). Ehhez csak az External URL mez\u0151be kell betenni a landol\u00f3 fel\u00fclet webc\u00edm\u00e9t (l\u00e1sd k\u00e9p). Ilyenkor az Event description fel\u00fclet \u00fcresen hagyhat\u00f3.\u00a0<\/p>\n<p><a href=\"https:\/\/semmelweis.hu\/wiki\/files\/2022\/07\/tanev-rendje-external-URL.png\"><img loading=\"lazy\" decoding=\"async\" class=\"aligncenter size-large wp-image-2400\" src=\"https:\/\/semmelweis.hu\/wiki\/files\/2022\/07\/tanev-rendje-external-URL-1024x377.png\" alt=\"\" width=\"753\" height=\"277\" srcset=\"https:\/\/semmelweis.hu\/wiki\/files\/2022\/07\/tanev-rendje-external-URL-1024x377.png 1024w, https:\/\/semmelweis.hu\/wiki\/files\/2022\/07\/tanev-rendje-external-URL-400x147.png 400w, https:\/\/semmelweis.hu\/wiki\/files\/2022\/07\/tanev-rendje-external-URL-150x55.png 150w, https:\/\/semmelweis.hu\/wiki\/files\/2022\/07\/tanev-rendje-external-URL-768x283.png 768w, https:\/\/semmelweis.hu\/wiki\/files\/2022\/07\/tanev-rendje-external-URL-753x277.png 753w, https:\/\/semmelweis.hu\/wiki\/files\/2022\/07\/tanev-rendje-external-URL.png 1271w\" sizes=\"auto, (max-width: 753px) 100vw, 753px\" \/><\/a><\/p>\n<h4><strong>T\u00edpus \/ Kar \/ Szak \/ Oktat\u00e1si sz\u00fcnet megad\u00e1sa<\/strong><\/h4>\n<p>Az esem\u00e9ny szerkeszt\u00e9se sor\u00e1n \u00e1t kell v\u00e1ltanunk a &#8222;<strong>Custom fields<\/strong>&#8221; (Egyedi mez\u0151) f\u00fclre.\u00a0<\/p>\n<ul style=\"list-style-type: square;\">\n<li>Itt tudunk <strong>t\u00edpus<\/strong>t megadni (egy esem\u00e9ny csak egy t\u00edpust kaphat) a leny\u00edl\u00f3 opci\u00f3k k\u00f6z\u00fcl. Mindenk\u00e9pp v\u00e1lasszunk egyet!<\/li>\n<li><strong>Kar<\/strong>t csak abban az esetben kell megadni, ha a honlapunk t\u00f6bb kar adminisztr\u00e1ci\u00f3j\u00e1t v\u00e9gzi (NTI)<\/li>\n<li><strong>Szakok \u00e9s szakir\u00e1nyok<\/strong> megad\u00e1sa: az \u00e9vfolyamhoz hasonl\u00f3an az \u00f6sszeset meg kell adni, amelyet az adott id\u0151szak \u00e9rint.<\/li>\n<li><strong>Oktat\u00e1si sz\u00fcnet<\/strong>: alap\u00e9rtelmezett be\u00e1ll\u00edt\u00e1s a nem, amennyiben sz\u00fcks\u00e9ges, \u00e1ll\u00edtsuk \u00e1t igenre.\u00a0<\/li>\n<\/ul>\n<p><a href=\"https:\/\/semmelweis.hu\/wiki\/files\/2022\/07\/esemeny-szerkesztese-4.jpg\"><img loading=\"lazy\" decoding=\"async\" class=\"aligncenter size-large wp-image-2397\" src=\"https:\/\/semmelweis.hu\/wiki\/files\/2022\/07\/esemeny-szerkesztese-4-1024x488.jpg\" alt=\"\" width=\"753\" height=\"359\" srcset=\"https:\/\/semmelweis.hu\/wiki\/files\/2022\/07\/esemeny-szerkesztese-4-1024x488.jpg 1024w, https:\/\/semmelweis.hu\/wiki\/files\/2022\/07\/esemeny-szerkesztese-4-400x191.jpg 400w, https:\/\/semmelweis.hu\/wiki\/files\/2022\/07\/esemeny-szerkesztese-4-150x71.jpg 150w, https:\/\/semmelweis.hu\/wiki\/files\/2022\/07\/esemeny-szerkesztese-4-768x366.jpg 768w, https:\/\/semmelweis.hu\/wiki\/files\/2022\/07\/esemeny-szerkesztese-4-753x359.jpg 753w, https:\/\/semmelweis.hu\/wiki\/files\/2022\/07\/esemeny-szerkesztese-4.jpg 1259w\" sizes=\"auto, (max-width: 753px) 100vw, 753px\" \/><\/a><\/p>\n<p>M\u00e1r k\u00e9sz esem\u00e9ny szerkeszt\u00e9se mind a vez\u00e9rl\u0151pult fel\u0151l, mind pedig a megtekint\u00e9s fel\u0151l lehets\u00e9ges (l\u00e1sd k\u00e9pek):<\/p>\n<p><a href=\"https:\/\/semmelweis.hu\/wiki\/files\/2022\/07\/eme-esemenylista.jpg\"><img loading=\"lazy\" decoding=\"async\" class=\"alignleft  wp-image-2393\" src=\"https:\/\/semmelweis.hu\/wiki\/files\/2022\/07\/eme-esemenylista-400x211.jpg\" alt=\"\" width=\"351\" height=\"185\" srcset=\"https:\/\/semmelweis.hu\/wiki\/files\/2022\/07\/eme-esemenylista-400x211.jpg 400w, https:\/\/semmelweis.hu\/wiki\/files\/2022\/07\/eme-esemenylista-1024x539.jpg 1024w, https:\/\/semmelweis.hu\/wiki\/files\/2022\/07\/eme-esemenylista-150x79.jpg 150w, https:\/\/semmelweis.hu\/wiki\/files\/2022\/07\/eme-esemenylista-768x404.jpg 768w, https:\/\/semmelweis.hu\/wiki\/files\/2022\/07\/eme-esemenylista-1536x809.jpg 1536w, https:\/\/semmelweis.hu\/wiki\/files\/2022\/07\/eme-esemenylista-753x397.jpg 753w, https:\/\/semmelweis.hu\/wiki\/files\/2022\/07\/eme-esemenylista.jpg 1859w\" sizes=\"auto, (max-width: 351px) 100vw, 351px\" \/><\/a><a href=\"https:\/\/semmelweis.hu\/wiki\/files\/2022\/07\/eme-esemenyoldal.png\"><img loading=\"lazy\" decoding=\"async\" class=\"alignright  wp-image-2394\" src=\"https:\/\/semmelweis.hu\/wiki\/files\/2022\/07\/eme-esemenyoldal-400x258.png\" alt=\"\" width=\"350\" height=\"226\" srcset=\"https:\/\/semmelweis.hu\/wiki\/files\/2022\/07\/eme-esemenyoldal-400x258.png 400w, https:\/\/semmelweis.hu\/wiki\/files\/2022\/07\/eme-esemenyoldal-1024x661.png 1024w, https:\/\/semmelweis.hu\/wiki\/files\/2022\/07\/eme-esemenyoldal-150x97.png 150w, https:\/\/semmelweis.hu\/wiki\/files\/2022\/07\/eme-esemenyoldal-768x496.png 768w, https:\/\/semmelweis.hu\/wiki\/files\/2022\/07\/eme-esemenyoldal-753x486.png 753w, https:\/\/semmelweis.hu\/wiki\/files\/2022\/07\/eme-esemenyoldal.png 1329w\" sizes=\"auto, (max-width: 350px) 100vw, 350px\" \/><\/a><\/p>\n<hr \/>\n\n<\/div><h2 class=\"tabtitle\">Nyelvi verzi\u00f3k<\/h2>\n<div class=\"tabcontent\">\n\n<p>Az Events made easy b\u0151v\u00edtm\u00e9ny nem kompatibilis teljes m\u00e9rt\u00e9kben a Polylanggal, azaz nem lehet az esem\u00e9nynapt\u00e1rban k\u00fcl\u00f6n angol \u00e9s k\u00fcl\u00f6n magyar (vagy egy\u00e9b nyelv\u0171) esem\u00e9nyeket megadni. Ez\u00e9rt minden esem\u00e9nyt, amennyiben t\u00f6bbnyelv\u0171 a honlapunk, eleve k\u00e9tnyelv\u0171k\u00e9nt kell l\u00e9trehozni. Teh\u00e1t: egy esem\u00e9ny, aminek a c\u00edm\u00e9ben egy k\u00f3ddal megadjuk, hogy mi jelenjen meg magyarul \u00e9s egy m\u00e1sik k\u00f3ddal, hogy mi jelenjen meg angolul:<\/p>\n<p>B\u00e1rmely nyelvi verzi\u00f3ban az esem\u00e9ny c\u00edm\u00e9t (t\u00e1rgy\u00e1t) \u00fagy adjuk meg, hogy:[nyelvik\u00f3d] pl.:[:hu] \u00e9s a legv\u00e9g\u00e9n a befejez\u00e9s [:]<br \/>\nPl.:[:hu]Beiratkoz\u00e1s\/tan\u00e9vkezd\u00e9s[:en]Enrollment\/Beginning of academic year[:]<\/p>\n<p>Majd ahov\u00e1 a r\u00e9szletes le\u00edr\u00e1s j\u00f6n, szint\u00e9n \u00edgy adjuk meg:<\/p>\n<p>:[:hu]C\u00edmsor magyarul<\/p>\n<p>Bekezd\u00e9s, k\u00e9p, b\u00e1rmi magyarul<\/p>\n<p>[:en]C\u00edmsor angolul<\/p>\n<p>Bekezd\u00e9s, k\u00e9p, b\u00e1rmi magyarul<\/p>\n<p>[:]<\/p>\n<\/div><\/div>\n","protected":false},"excerpt":{"rendered":"<p>Lehet\u0151s\u00e9g van a <a href=\"https:\/\/semmelweis.hu\/hirek\/esemenyek\/\" target=\"_blank\" rel=\"noopener noreferrer\">Semmelweis Egyetem esem\u00e9nynapt\u00e1r\u00e1hoz<\/a> hasonl\u00f3an programokat id\u0151rendben vagy napt\u00e1rn\u00e9zetben megjelentetni a honlapunkon. Ha a honlapunkon m\u00e9g nincs bekapcsolva az Events Made Easy (azaz az EME) b\u0151v\u00edtm\u00e9ny, akkor a &#8222;Telep\u00edt\u00e9s&#8221; f\u00fclre kattintva olvashatjuk el az \u00fatmutat\u00f3t.\u00a0 \u00daj esem\u00e9ny l\u00e9trehoz\u00e1sa:\u00a0 Ha m\u00e1r telep\u00edtve van a b\u0151v\u00edtm\u00e9ny: r\u00e1kattintunk a Vez\u00e9rl\u0151pult &gt; Events Made Easy &gt; Esem\u00e9nyek (angol honlap eset\u00e9ben &hellip;<\/p>\n","protected":false},"author":12,"featured_media":0,"parent":951,"menu_order":7,"comment_status":"closed","ping_status":"closed","template":"template-fullwidth.php","meta":{"_acf_changed":false,"footnotes":""},"categories":[106],"tags":[],"class_list":["post-657","page","type-page","status-publish","hentry","category-egyeb"],"acf":[],"publishpress_future_action":{"enabled":false,"date":"1970-01-01 01:00:00","action":"","terms":[],"taxonomy":"","browser_timezone_offset":0},"_links":{"self":[{"href":"https:\/\/semmelweis.hu\/wiki\/wp-json\/wp\/v2\/pages\/657","targetHints":{"allow":["GET"]}}],"collection":[{"href":"https:\/\/semmelweis.hu\/wiki\/wp-json\/wp\/v2\/pages"}],"about":[{"href":"https:\/\/semmelweis.hu\/wiki\/wp-json\/wp\/v2\/types\/page"}],"author":[{"embeddable":true,"href":"https:\/\/semmelweis.hu\/wiki\/wp-json\/wp\/v2\/users\/12"}],"replies":[{"embeddable":true,"href":"https:\/\/semmelweis.hu\/wiki\/wp-json\/wp\/v2\/comments?post=657"}],"version-history":[{"count":11,"href":"https:\/\/semmelweis.hu\/wiki\/wp-json\/wp\/v2\/pages\/657\/revisions"}],"predecessor-version":[{"id":3012,"href":"https:\/\/semmelweis.hu\/wiki\/wp-json\/wp\/v2\/pages\/657\/revisions\/3012"}],"up":[{"embeddable":true,"href":"https:\/\/semmelweis.hu\/wiki\/wp-json\/wp\/v2\/pages\/951"}],"wp:attachment":[{"href":"https:\/\/semmelweis.hu\/wiki\/wp-json\/wp\/v2\/media?parent=657"}],"wp:term":[{"taxonomy":"category","embeddable":true,"href":"https:\/\/semmelweis.hu\/wiki\/wp-json\/wp\/v2\/categories?post=657"},{"taxonomy":"post_tag","embeddable":true,"href":"https:\/\/semmelweis.hu\/wiki\/wp-json\/wp\/v2\/tags?post=657"}],"curies":[{"name":"wp","href":"https:\/\/api.w.org\/{rel}","templated":true}]}}