{"id":327,"date":"2012-01-24T10:31:10","date_gmt":"2012-01-24T09:31:10","guid":{"rendered":"http:\/\/wiki.sote.hu\/?p=327"},"modified":"2026-03-23T11:27:30","modified_gmt":"2026-03-23T10:27:30","slug":"kepek-egyeb-fajlok-beillesztese","status":"publish","type":"page","link":"https:\/\/semmelweis.hu\/wiki\/tartalom-kezeles\/kepek-egyeb-fajlok-beillesztese\/","title":{"rendered":"K\u00e9pek, egy\u00e9b f\u00e1jlok beilleszt\u00e9se (doc, pdf, stb.), k\u00e9pgal\u00e9ria k\u00e9sz\u00edt\u00e9se"},"content":{"rendered":"<div class=\"keretes w-100\">\n<h5>Tartalomjegyz\u00e9s<\/h5>\n<ul style=\"list-style-type: square;\">\n<li><a href=\"#alt\">A m\u00e9diat\u00e1rr\u00f3l \u00e9s a f\u00e1jlok kezel\u00e9s\u00e9r\u0151l \u00e1ltal\u00e1ban<\/a>\n<ul style=\"list-style-type: square;\">\n<li><a href=\"#milyen\">Milyen f\u00e1jlokat t\u00f6lts\u00fcnk fel a m\u00e9diat\u00e1rba?<\/a> (f\u00e1jln\u00e9v, m\u00e9ret, form\u00e1tum)<\/li>\n<\/ul>\n<\/li>\n<li><a href=\"#img\">K\u00e9pek beilleszt\u00e9se a sz\u00f6veg k\u00f6z\u00e9<\/a><\/li>\n<li><a href=\"#piktogramok\">Piktogramok haszn\u00e1lata &#8211; mobiln\u00e9zet be\u00e1ll\u00edt\u00e1sa<\/a><\/li>\n<li><a href=\"#gallery\">K\u00e9pgal\u00e9ri\u00e1k<\/a><\/li>\n<li style=\"text-align: left;\"><a href=\"#files\">F\u00e1jlok beilleszt\u00e9se let\u00f6lt\u00e9sre<\/a><\/li>\n<li><a href=\"#replace\">F\u00e1jlok fel\u00fcl\u00edr\u00e1sa (Replace)<\/a><\/li>\n<li><a href=\"#intranet\">F\u00e1jlok egyedi jelszavas\u00edt\u00e1sa, intranetre val\u00f3 visszatart\u00e1sa<\/a><a id=\"alt\"><\/a><\/li>\n<\/ul>\n<\/div>\n<h1>M\u00e9diat\u00e1r<\/h1>\n<p>Minden felt\u00f6lt\u00f6tt tartalom az \u00fan. <strong>M\u00e9diat\u00e1r<\/strong>ban ker\u00fcl t\u00e1rol\u00e1sra, ott visszakereshet\u0151\/csoportos\u00edthat\u00f3 a f\u00e1jl c\u00edme, a felt\u00f6lt\u00e9s d\u00e1tuma szerint, illetve az alapj\u00e1n, hogy mely tartalomhoz (bejegyz\u00e9s vagy oldal) t\u00f6lt\u00f6tt\u00fck fel<strong><span style=\"color: #ff0000;\">*<\/span><\/strong>.<\/p>\n<figure id=\"attachment_979\" aria-describedby=\"caption-attachment-979\" style=\"width: 411px\" class=\"wp-caption alignright\"><a href=\"https:\/\/semmelweis.hu\/wiki\/files\/2012\/01\/wiki_media_beszuras.png\"><img loading=\"lazy\" decoding=\"async\" class=\"wp-image-979\" src=\"https:\/\/semmelweis.hu\/wiki\/files\/2012\/01\/wiki_media_beszuras-1024x411.png\" alt=\"wiki_media_beszuras\" width=\"411\" height=\"165\" srcset=\"https:\/\/semmelweis.hu\/wiki\/files\/2012\/01\/wiki_media_beszuras-1024x411.png 1024w, https:\/\/semmelweis.hu\/wiki\/files\/2012\/01\/wiki_media_beszuras-150x60.png 150w, https:\/\/semmelweis.hu\/wiki\/files\/2012\/01\/wiki_media_beszuras-300x120.png 300w, https:\/\/semmelweis.hu\/wiki\/files\/2012\/01\/wiki_media_beszuras-768x308.png 768w, https:\/\/semmelweis.hu\/wiki\/files\/2012\/01\/wiki_media_beszuras.png 1211w\" sizes=\"auto, (max-width: 411px) 100vw, 411px\" \/><\/a><figcaption id=\"caption-attachment-979\" class=\"wp-caption-text\">A k\u00e9pre kattintva nagy\u00edthat\u00f3&#8230;<\/figcaption><\/figure>\n<p>Az oldalakba, bejegyz\u00e9sekbe<strong> k\u00e9pek, egy\u00e9b f\u00e1jlok \u00fagy illeszthet\u0151<\/strong>ek, hogy\u00a0 a bejegyz\u00e9s vagy oldal szerkeszt\u00e9se sor\u00e1n a <strong>M\u00e9dia hozz\u00e1ad\u00e1sa<\/strong> gombra kattintunk <em>(az oldal \u00e1ltalunk megadott c\u00edme \u00e9s a szerkeszt\u0151l\u00e9c k\u00f6z\u00f6tt tal\u00e1lhat\u00f3 a bal oldalon, l\u00e1sd k\u00e9p)<\/em>.\u00a0<\/p>\n<p><strong><span style=\"color: #ff0000;\">*<\/span>Mindig az adott oldaln\u00e1l vagy bejegyz\u00e9sn\u00e9l a jelzett &#8222;M\u00e9dia hozz\u00e1ad\u00e1sa&#8221; gombra kattintva t\u00f6lts\u00fck fel a f\u00e1jlokat, mert \u00edgy a rendszer a felt\u00f6lt\u00f6tt k\u00e9peket \u00f6sszekapcsolja a vonatkoz\u00f3 oldallal\/bejegyz\u00e9ssel.<\/strong> Ne t\u00f6lts\u00fcnk fel f\u00e1jlokat \u00f6mlesztve a M\u00e9diat\u00e1rba, mert a honlap \u00edgy nem tudja \u00f6sszekapcsolni semmilyen tartalommal.<\/p>\n<p>Minden felt\u00f6lt\u00f6tt k\u00e9p, f\u00e1jl <strong>saj\u00e1t webc\u00edmet (URL) kap<\/strong>, amellyel meghivatkozhat\u00f3ak a k\u00fcl\u00f6nb\u00f6z\u0151 tartalmakban (oldalak, bejegyz\u00e9sek, redirect).<a id=\"milyen\"><\/a><\/p>\n<h4><strong>Milyen f\u00e1jlokat t\u00f6lts\u00fcnk fel a m\u00e9diat\u00e1rba? <\/strong>(f\u00e1jln\u00e9v, m\u00e9ret, form\u00e1tum)<\/h4>\n<p><span style=\"color: #ff6600;\"><strong>FONTOS!<\/strong>\u00a0<\/span>A \u00a0felt\u00f6ltend\u0151 f\u00e1jlnevek (k\u00e9pek, pdf-ek, stb.) <strong>ne tartalmazzanak \u00e9kezetet, sz\u00f3k\u00f6zt, pontot vagy vessz\u0151t<\/strong> (ez \u00e1ltal\u00e1ban sem tan\u00e1csos); a <strong>f\u00e9nyk\u00e9peket kicsiny\u00edts\u00fck webm\u00e9retre<\/strong>, (72 dpi \u00e9s fekv\u0151 k\u00e9pn\u00e9l maximum 1300-950 pixel sz\u00e9less\u00e9g, m\u00edg \u00e1ll\u00f3 k\u00e9pn\u00e9l max. 600-700 pixel k\u00e9psz\u00e9less\u00e9g), a <strong>pdf-eket pedig webre optimaliz\u00e1ltan <\/strong>(kis m\u00e9retben)<strong> ments\u00fck el<\/strong>, hogy ne fogyasszunk feleslegesen nagy t\u00e1rhelyet, emellett pedig a felhaszn\u00e1l\u00f3kat se terhelj\u00fck feleslegesen <em>(lass\u00edthatja a weboldal bet\u00f6lt\u00e9s\u00e9t, illetve feleslegesen nagy adatforgalmat gener\u00e1l)<\/em>.\u00a0<\/p>\n<h6>K\u00e9pm\u00e9retek a weboldalon:<\/h6>\n<ul>\n<li>Kiemelt k\u00e9p k\u00e9par\u00e1nya a k\u00e1rty\u00e1s (csemp\u00e9s) n\u00e9zetn\u00e9l: 950&#215;633-as k\u00e9p az ide\u00e1lis<\/li>\n<li>K\u00e9pv\u00e1lt\u00f3: desktop\u00a0 &#8211; 1280x420px mobil &#8211; 480&#215;390 px<\/li>\n<\/ul>\n<p>El\u0151nyben kell r\u00e9szes\u00edteni a honlapokon a k\u00f6zvetlen\u00fcl (let\u00f6lt\u00e9s n\u00e9lk\u00fcl, a b\u00f6ng\u00e9sz\u0151 \u00e1ltal is megjelen\u00edthet\u0151) olvashat\u00f3 \u00e9s kereshet\u0151 tartalmakat. Azaz a sz\u00f6veget, amit f\u00e1jlban tenn\u00e9nk ki egyszer\u0171en m\u00e1soljuk ki \u00e9s egy \u00faj oldalba vagy bejegyz\u00e9sbe illessz\u00fck be, form\u00e1zzuk meg, esetleg illusztr\u00e1ljuk.<\/p>\n<h4><strong>T\u00f6r\u00f6lt oldalba, men\u00fcpontba belinkelt f\u00e1jlok, dokumentumok \/ belinkel\u00e9sek t\u00f6rl\u00e9se:<\/strong><\/h4>\n<div class=\"keretes w-100\">\n<p><strong><span style=\"color: #ff6600;\">Figyelem!\u00a0<\/span><\/strong>Ha egy oldalt (bejegyz\u00e9st, men\u00fcpontot, stb.) kit\u00f6rl\u00fcnk, att\u00f3l m\u00e9g az abba belinkelt f\u00e1jl, <strong>amennyiben a m\u00e9diat\u00e1runkb\u00f3l nem t\u00f6r\u00f6lt\u00fck, az interneten tov\u00e1bbra is el\u00e9rhet\u0151 marad<\/strong>. Illetve ha egy oldalb\u00f3l kit\u00f6r\u00f6lj\u00fck a f\u00e1jlra mutat\u00f3 linkel\u00e9st, vagy a k\u00e9pet, att\u00f3l m\u00e9g nem t\u00f6rl\u0151dik a m\u00e9diat\u00e1rb\u00f3l!<\/p>\n<p>Ez az\u00e9rt van, mert minden egyes f\u00e1jl (pdf, k\u00e9p, dokumentum, stb.) egyedi webc\u00edmet kap, ami a megjelen\u00edt\u0151 oldalt\u00f3l f\u00fcggetlen\u00fcl \u00e9l a vil\u00e1gh\u00e1l\u00f3n. Saj\u00e1t keres\u00e9si tapasztalatb\u00f3l is ismer\u0151s lehet, hogy egy-egy tal\u00e1lat k\u00f6zvetlen\u00fcl egy f\u00e1jlra mutat (pl. egyb\u0151l egy pdf ny\u00edlik meg, vagy egy doc t\u00f6lt\u0151dik le).<\/p>\n<\/div>\n<p>A keres\u0151 robotok k\u00e9pesek az olvashat\u00f3 f\u00e1jlok tartalmait is felt\u00e9rk\u00e9pezni, \u00edgy a google, bing, stb. keres\u0151k fel\u00fclet\u00e9n az ilyen, oldalakban m\u00e1r nem hivatkozott f\u00e1jlokat is relev\u00e1ns tal\u00e1latk\u00e9nt k\u00e9pes megjelen\u00edteni. Ha ezt nem akarjuk, <strong>mindenk\u00e9pp t\u00f6r\u00f6lj\u00fck a t\u00f6r\u00f6lt oldalakba belinkelt f\u00e1jlokat \/ illetve ha egy akt\u00edv oldalb\u00f3l t\u00f6rl\u00fcnk egy kor\u00e1bbi, dokumentumra mutat\u00f3 linket, akkor mag\u00e1t a f\u00e1jlt is t\u00f6r\u00f6lj\u00fck ki is a m\u00e9diat\u00e1rb\u00f3l<\/strong>! Ezzel t\u00e1rhelyet is szabad\u00edtunk fel.<a id=\"img\"><\/a><\/p>\n<h1>K\u00e9pek beilleszt\u00e9se a sz\u00f6veg k\u00f6z\u00e9<\/h1>\n<p><a class=\"btn btn-secondary\" href=\"https:\/\/kaltura.semmelweis.hu\/media\/t\/1_le3u4qnc\" target=\"_blank\" rel=\"noopener\">VIDE\u00d3S \u00daTMUTAT\u00d3 MEGTEKINT\u00c9SE \u2192<\/a><\/p>\n<figure id=\"attachment_2126\" aria-describedby=\"caption-attachment-2126\" style=\"width: 267px\" class=\"wp-caption alignright\"><a href=\"https:\/\/semmelweis.hu\/wiki\/files\/2022\/01\/9512_transform.jpg\"><img loading=\"lazy\" decoding=\"async\" class=\"size-medium wp-image-2126\" src=\"https:\/\/semmelweis.hu\/wiki\/files\/2022\/01\/9512_transform-267x400.jpg\" alt=\"\" width=\"267\" height=\"400\" srcset=\"https:\/\/semmelweis.hu\/wiki\/files\/2022\/01\/9512_transform-267x400.jpg 267w, https:\/\/semmelweis.hu\/wiki\/files\/2022\/01\/9512_transform-100x150.jpg 100w, https:\/\/semmelweis.hu\/wiki\/files\/2022\/01\/9512_transform.jpg 400w\" sizes=\"auto, (max-width: 267px) 100vw, 267px\" \/><\/a><figcaption id=\"caption-attachment-2126\" class=\"wp-caption-text\">Minta k\u00e9pbesz\u00far\u00e1sra felirattal<\/figcaption><\/figure>\n<p>Ha a k\u00e9p mell\u00e9 szeretn\u00e9nk sz\u00f6veget folyatni, mindig annak a bekezd\u00e9snek a legelej\u00e9re \u00e9rdemes \u00e1ll\u00edtani a kurzort, ahov\u00e1 a k\u00e9pet szeretn\u00e9nk tenni, f\u00fcggetlen\u00fcl att\u00f3l, hogy jobbra vagy balra akarjuk helyezni a k\u00e9pet (a rendszer automatikusan k\u00f6rbefolyatja majd a sz\u00f6veget<strong><span style=\"color: #ff0000;\">*<\/span><\/strong>). Ett\u0151l akkor kell elt\u00e9rni, ha a k\u00e9pet nagyobb m\u00e9retben k\u00f6z\u00e9pre akarjuk helyezni, ilyenkor egy teljesen \u00faj, m\u00e9g \u00fcres bekezd\u00e9sbe sz\u00farjuk be a k\u00e9pet.<\/p>\n<p><strong><span style=\"color: #ff0000;\">*<\/span><\/strong><span style=\"font-size: 12pt;\">A k\u00e9perny\u0151 felbont\u00e1sa miatt lehets\u00e9ges, hogy a szerkeszt\u0151fel\u00fcleten a k\u00e9p nem k\u00f6rbefolyatva l\u00e1tszik.\u00a0 Ilyenkor az &#8222;El\u0151n\u00e9zet&#8221; gomb seg\u00edts\u00e9g\u00e9vel ellen\u0151rizz\u00fck le a k\u00e9sz\u00fcl\u0151 fel\u00fclet\u00fcnket. A b\u00f6ng\u00e9sz\u0151 n\u00e9zetbe\u00e1ll\u00edt\u00e1s\u00e1n\u00e1l a 100%-os m\u00e9ret helyett 90% vagy 80% v\u00e1laszt\u00e1sa eset\u00e9n (a Ctrl \u00e9s a &#8211; gombok egy\u00fcttes lenyom\u00e1s\u00e1val) a szerkeszt\u0151fel\u00fclet n\u00e9zete cs\u00f6kkenthet\u0151.<\/span><\/p>\n<p>T\u00f6lts\u00fck fel a haszn\u00e1lni k\u00edv\u00e1nt k\u00e9pet a M\u00e9dia hozz\u00e1ad\u00e1sa gombbal. <em>(Mindig a szerkesztend\u0151 oldal\/bejegyz\u00e9sn\u00e9l t\u00f6lts\u00fck fel f\u00e1jlokat, \u00edgy a rendszer \u00f6ssze is kapcsolja a f\u00e1jlt a honlaptartalommal, sohase k\u00fcl\u00f6n csak a M\u00e9diat\u00e1rba!)<\/em>\u00a0A felugr\u00f3 ablakban alap\u00e1ll\u00e1sban a <strong>M\u00e9diat\u00e1r<\/strong>unk van megnyitva (itt kereshet\u00fcnk a \u00a0m\u00e1r felt\u00f6lt\u00f6tt k\u00e9pek k\u00f6z\u00f6tt), de \u00e1t tudunk v\u00e1ltani a <strong>F\u00e1jlok felt\u00f6lt\u00e9se<\/strong> f\u00fclre. \u00a0Az utas\u00edt\u00e1snak megfelel\u0151en vagy beh\u00fazhatjuk a felt\u00f6lt\u00e9sre sz\u00e1nt f\u00e1jlokat, vagy a gombra kattintva keresg\u00e9lhet\u00fcnk a sz\u00e1m\u00edt\u00f3g\u00e9p t\u00e1rhelyein. Felt\u00f6lt\u00e9s ut\u00e1n az adott f\u00e1jl m\u00e1r kiv\u00e1lasztott \u00e1llapotban van (ezt pipa jelzi a k\u00e9p bal fels\u0151 sark\u00e1ban) vagy a M\u00e9diat\u00e1rban\u00a0kattintsunk a besz\u00farni k\u00edv\u00e1nt elemre.<\/p>\n<p>Kiv\u00e1lasztott \u00e1llapotban a k\u00e9pr\u0151l \u00a0jobb oldalon megjelennek a f\u00e1jl adatai illetve kiss\u00e9 lejjebb g\u00f6rgetve a sz\u00f6vegbe illeszt\u00e9s\u00a0v\u00e1laszthat\u00f3 m\u00f3djai\/lehet\u0151s\u00e9gei jelennek meg.<\/p>\n<p>Ha <strong>f\u00e9nyk\u00e9pet<\/strong> (jpg, png, stb.) szeretn\u00e9nk besz\u00farni <em>(egy\u00e9b f\u00e1jlokr\u00f3l k\u00e9t f\u00fcllel arr\u00e9bb\u00a0olvashat)<\/em> v\u00e1lasszuk ki a jobb oldali lehet\u0151s\u00e9gek k\u00f6z\u00fcl (leny\u00edl\u00f3 opci\u00f3k) az al\u00e1bbi k\u00e9pnek megfelel\u0151en, hogy a\u00a0sz\u00f6vegbe illeszt\u00e9skor a fot\u00f3t\u00a0<em>jobbra, balra, vagy k\u00f6z\u00e9pre<\/em> igaz\u00edtjuk-e, illetve mekkora m\u00e9retben szeretn\u00e9nk beilleszteni a k\u00e9pet.<\/p>\n<p><a href=\"https:\/\/semmelweis.hu\/wiki\/files\/2012\/01\/V\u00e1g\u00f3lap02.jpg\"><img loading=\"lazy\" decoding=\"async\" class=\"aligncenter wp-image-203 size-large\" src=\"https:\/\/semmelweis.hu\/wiki\/files\/2012\/01\/V\u00e1g\u00f3lap02-1024x516.jpg\" alt=\"V\u00e1g\u00f3lap02\" width=\"753\" height=\"379\" srcset=\"https:\/\/semmelweis.hu\/wiki\/files\/2012\/01\/V\u00e1g\u00f3lap02-1024x516.jpg 1024w, https:\/\/semmelweis.hu\/wiki\/files\/2012\/01\/V\u00e1g\u00f3lap02-300x151.jpg 300w, https:\/\/semmelweis.hu\/wiki\/files\/2012\/01\/V\u00e1g\u00f3lap02.jpg 1364w\" sizes=\"auto, (max-width: 753px) 100vw, 753px\" \/><\/a><\/p>\n<p>V\u00e1lasszuk ki a megfelel\u0151 hivatkoz\u00e1si m\u00f3dot:<\/p>\n<ul>\n<li><strong>m\u00e9dia f\u00e1jl<\/strong> &#8211; ekkor a k\u00e9p saj\u00e1t webc\u00edme a k\u00e9p linkje \u00a0<strong>AJ\u00c1NLOTT!<\/strong> (A beilleszt\u00e9s ut\u00e1n, ha a\u00a0k\u00e9pre kattintunk, az nagy\u00edthat\u00f3 lesz .)<\/li>\n<li>csatolm\u00e1ny oldal &#8211; a honlapon egy \u00faj oldal jelenik meg, amelyen csak a k\u00e9p szerepel<\/li>\n<li>egyedi URL &#8211; be\u00edrhatunk saj\u00e1t webc\u00edmet (pl. log\u00f3ra linkelhet\u0151 az adott szervezet honlapja)<\/li>\n<li>egyik sem &#8211; NEM javasolt, mert ilyenkor hi\u00e1ba kattintunk a k\u00e9pre, elvileg nem t\u00f6rt\u00e9nik semmi, gyakorlatilag azonban a honlaprendszeren be\u00e1ll\u00edtott k\u00e9pn\u00e9zeget\u0151 miatt a k\u00e9p\u00fcnk olyan kis m\u00e9retben ugrik fel a k\u00e9pn\u00e9zeget\u0151ben, amilyenben besz\u00fartuk. \u00a0\u00a0<\/li>\n<\/ul>\n<p>A beillesztett k\u00e9pet ut\u00f3lag is tudjuk szerkeszteni, kattint\u00e1ssal \u00e1th\u00fazhatjuk m\u00e1s helyre illetve, \u00a0ha r\u00e1kattintunk a k\u00e9pre \u00e9s a megjelen\u0151 ceruza\u00a0ikonra klikkelve m\u00f3dos\u00edthatjuk . N\u00e9ha egyszer\u0171bb lehet a rosszul beillesztett k\u00e9pet t\u00f6r\u00f6lni (x) a bejegyz\u00e9sb\u0151l, \u00e9s a M\u00e9dia hozz\u00e1ad\u00e1sa gombra kattintva a k\u00e9pet \u00fajra kiv\u00e1lasztva \u2013 nem kell \u00fajra felt\u00f6lteni! \u2013 beilleszthetj\u00fck a j\u00f3 be\u00e1ll\u00edt\u00e1sokkal.<a id=\"piktogramok\"><\/a><\/p>\n<h1>Piktogramok haszn\u00e1lata &#8211; mobiln\u00e9zet be\u00e1ll\u00edt\u00e1sa<\/h1>\n<p>A piktogram egy olyan egyszer\u0171 rajz vagy k\u00e9p, ami magyar\u00e1z\u00f3 sz\u00f6veg n\u00e9lk\u00fcl k\u00e9pes \u00fczenetet tov\u00e1bb\u00edtani. Ezek <strong>jellemz\u0151en ikonok<\/strong>, amik seg\u00edtik a vizu\u00e1lis t\u00e1j\u00e9koz\u00f3d\u00e1st an\u00e9lk\u00fcl, hogy b\u00e1rmit is elolvasn\u00e1nk.<\/p>\n<p><strong>A k\u00e9pek elrendez\u00e9se az egyetemi honlaprendszer tartalmai <em>(oldal\/bejegyz\u00e9s)<\/em> eset\u00e9ben asztali \u00e9s mobil n\u00e9zetben elt\u00e9r\u0151.<\/strong><\/p>\n<p>Asztali n\u00e9zetben a k\u00e9pet, ha akarjuk, k\u00f6rbefolyathatjuk sz\u00f6veggel, azaz a k\u00e9p a sz\u00f6veg mell\u00e9 ker\u00fclhet. <strong>Mobiln\u00e9zetben azonban, a keskeny \u00e1ll\u00f3 k\u00e9perny\u0151 miatt a k\u00e9pek mindig a k\u00e9perny\u0151 teljes sz\u00e9less\u00e9g\u00e9t foglalj\u00e1k el<\/strong> <em>(m\u00e9rett\u0151l \u00e9s elrendez\u00e9st\u0151l f\u00fcggetlen\u00fcl \u2013 teh\u00e1t a kisebb k\u00e9pet is a rendszer meg fogja ny\u00fajtani)<\/em> \u00e9s minden esetben az adott bekezd\u00e9s el\u0151tt jelennek meg. Ez a jellemz\u0151en nagyon kis m\u00e9ret\u0171 piktogramok eset\u00e9ben mobil n\u00e9zetben t\u00falnagy\u00edt\u00e1st (cs\u00fanya pixeles megjelen\u00e9st) eredm\u00e9nyezne, ez\u00e9rt meg kell adnunk a rendszer sz\u00e1m\u00e1ra, hogy mely k\u00e9p eset\u00e9ben tartsa meg mobil n\u00e9zetben is az asztali n\u00e9zetben be\u00e1ll\u00edtott elhelyez\u00e9st \u00e9s m\u00e9retet.<\/p>\n<p>A lenti p\u00e9ld\u00e1kon kereszt\u00fcl l\u00e1tszik, hogy a szerkeszt\u0151 n\u00e9zetben megtervezett tartalom mobilon nem \u00fagy jelenik meg, ahogyan azt els\u0151re szeretn\u00e9nk.<\/p>\n<h5>Asztali n\u00e9zetben a k\u00e9pelrendez\u00e9s:<\/h5>\n<p><a href=\"https:\/\/semmelweis.hu\/wiki\/files\/2025\/05\/image-25.jpg\"><img loading=\"lazy\" decoding=\"async\" class=\"aligncenter wp-image-3175\" src=\"https:\/\/semmelweis.hu\/wiki\/files\/2025\/05\/image-25.jpg\" alt=\"\" width=\"666\" height=\"425\" srcset=\"https:\/\/semmelweis.hu\/wiki\/files\/2025\/05\/image-25.jpg 945w, https:\/\/semmelweis.hu\/wiki\/files\/2025\/05\/image-25-400x255.jpg 400w, https:\/\/semmelweis.hu\/wiki\/files\/2025\/05\/image-25-150x96.jpg 150w, https:\/\/semmelweis.hu\/wiki\/files\/2025\/05\/image-25-768x490.jpg 768w, https:\/\/semmelweis.hu\/wiki\/files\/2025\/05\/image-25-753x480.jpg 753w\" sizes=\"auto, (max-width: 666px) 100vw, 666px\" \/><\/a><\/p>\n<p>&nbsp;<\/p>\n<h5>Norm\u00e1l mobiln\u00e9zetben a k\u00e9pelrendez\u00e9s:<\/h5>\n<p><a href=\"https:\/\/semmelweis.hu\/wiki\/files\/2025\/05\/image-26.jpg\"><img loading=\"lazy\" decoding=\"async\" class=\"aligncenter wp-image-3174\" src=\"https:\/\/semmelweis.hu\/wiki\/files\/2025\/05\/image-26.jpg\" alt=\"\" width=\"248\" height=\"316\" srcset=\"https:\/\/semmelweis.hu\/wiki\/files\/2025\/05\/image-26.jpg 296w, https:\/\/semmelweis.hu\/wiki\/files\/2025\/05\/image-26-118x150.jpg 118w\" sizes=\"auto, (max-width: 248px) 100vw, 248px\" \/><\/a><\/p>\n<p>\nA fenti p\u00e9ld\u00e1k j\u00f3l \u00e9rz\u00e9keltetik, hogy <strong>minden esetben <a href=\"https:\/\/semmelweis.hu\/wiki\/megjelenes\/mobilnezet-ellenorzese\/\">le kell ellen\u0151rizn\u00fcnk <\/a><\/strong><strong>az elk\u00e9sz\u00fclt tartalmakat mobil n\u00e9zetben<\/strong> is, hiszen lehetnek elt\u00e9r\u00e9sek a megjelen\u00e9sben. Ahhoz, hogy mobiln\u00e9zetben <strong>fix\u00e1lhassuk a k\u00e9p m\u00e9ret\u00e9t<\/strong> egy \u00fagynevezett <strong>class-t kell hozz\u00e1rendeln\u00fcnk<\/strong> a be\u00e1gyazott k\u00e9phez. Ezt a k\u00f6vetkez\u0151k\u00e9ppen tudjuk megtenni:<\/p>\n<p>A m\u00e1r elhelyezett <strong>k\u00e9pre kattintva<\/strong> felugrik a k\u00f6vetkez\u0151 kis ablak, amiben lehet\u0151s\u00e9g\u00fcnk van kiv\u00e1lasztani a <strong>ceruza ikont<\/strong>, azaz a szerkeszt\u00e9s men\u00fcpontot. Kattintsunk r\u00e1, hogy el\u00e9rj\u00fck a \u201eK\u00e9p r\u00e9szletei\u201d be\u00e1ll\u00edt\u00e1st.<\/p>\n<p><a href=\"https:\/\/semmelweis.hu\/wiki\/files\/2025\/05\/Group-12.jpg\"><img loading=\"lazy\" decoding=\"async\" class=\"aligncenter wp-image-3173 size-full\" src=\"https:\/\/semmelweis.hu\/wiki\/files\/2025\/05\/Group-12.jpg\" alt=\"\" width=\"384\" height=\"152\" srcset=\"https:\/\/semmelweis.hu\/wiki\/files\/2025\/05\/Group-12.jpg 384w, https:\/\/semmelweis.hu\/wiki\/files\/2025\/05\/Group-12-150x59.jpg 150w\" sizes=\"auto, (max-width: 384px) 100vw, 384px\" \/><\/a><\/p>\n<p>A felugr\u00f3 ablakban keress\u00fck meg a \u201e<strong>HALAD\u00d3 LEHET\u0150S\u00c9GEK<\/strong>\u201d be\u00e1ll\u00edt\u00e1st, kattintsunk a kis lefel\u00e9 mutat\u00f3 h\u00e1romsz\u00f6gre. A megjelen\u0151 mez\u0151kben a \u201e<strong>K\u00e9p CSS oszt\u00e1ly<\/strong>\u201d mez\u0151be, \u00edrjuk be a k\u00f6vetkez\u0151 param\u00e9tert: <strong>piktogram<\/strong><\/p>\n<p><a href=\"https:\/\/semmelweis.hu\/wiki\/files\/2025\/05\/image-28.jpg\"><img loading=\"lazy\" decoding=\"async\" class=\"aligncenter wp-image-3172\" src=\"https:\/\/semmelweis.hu\/wiki\/files\/2025\/05\/image-28.jpg\" alt=\"\" width=\"458\" height=\"559\" srcset=\"https:\/\/semmelweis.hu\/wiki\/files\/2025\/05\/image-28.jpg 535w, https:\/\/semmelweis.hu\/wiki\/files\/2025\/05\/image-28-328x400.jpg 328w, https:\/\/semmelweis.hu\/wiki\/files\/2025\/05\/image-28-123x150.jpg 123w\" sizes=\"auto, (max-width: 458px) 100vw, 458px\" \/><\/a><\/p>\n<p>A megadott oszt\u00e1ly n\u00e9v ut\u00e1n kattintsunk a <strong><em>friss\u00edt\u00e9s<\/em> gomb<\/strong>ra, majd <strong>tesztelj\u00fck le a v\u00e1ltoztat\u00e1st mobil n\u00e9zetben is<\/strong>. A lenti k\u00e9pen j\u00f3l l\u00e1tszik, hogy sikeresen adtuk meg a class-t, \u00edgy a beillesztett tartalom j\u00f3l jelenik meg.<\/p>\n<h5>Piktogram eset\u00e9ben a mobiln\u00e9zet\u0171 k\u00e9pelrendez\u00e9s:<\/h5>\n<p><a href=\"https:\/\/semmelweis.hu\/wiki\/files\/2025\/05\/image-29.jpg\"><img loading=\"lazy\" decoding=\"async\" class=\"aligncenter wp-image-3171\" src=\"https:\/\/semmelweis.hu\/wiki\/files\/2025\/05\/image-29.jpg\" alt=\"\" width=\"315\" height=\"394\" srcset=\"https:\/\/semmelweis.hu\/wiki\/files\/2025\/05\/image-29.jpg 326w, https:\/\/semmelweis.hu\/wiki\/files\/2025\/05\/image-29-320x400.jpg 320w, https:\/\/semmelweis.hu\/wiki\/files\/2025\/05\/image-29-120x150.jpg 120w\" sizes=\"auto, (max-width: 315px) 100vw, 315px\" \/><\/a><a id=\"gallery\"><\/a><\/p>\n<h1>K\u00e9pgal\u00e9ri\u00e1k<\/h1>\n<p><a class=\"btn btn-secondary\" href=\"https:\/\/kaltura.semmelweis.hu\/media\/t\/1_le3u4qnc\" target=\"_blank\" rel=\"noopener\">Vide\u00f3s \u00fatmutat\u00f3 megtekint\u00e9se \u2192<\/a><\/p>\n<p>T\u00f6bb k\u00e9pet <strong>k\u00e9pgal\u00e9ri\u00e1v\u00e1<\/strong> tudunk \u00f6sszef\u0171zni (\u00e9rdemes \u00f6n\u00e1ll\u00f3 bekezd\u00e9sbe helyezni). A M\u00e9dia hozz\u00e1ad\u00e1sa gombra kattintva a felugr\u00f3 ablakban a <strong>Gal\u00e9ria l\u00e9trehoz\u00e1sa\u00a0<\/strong>(Create Galery) link seg\u00edts\u00e9g\u00e9vel (l\u00e1sd a k\u00e9pek besz\u00far\u00e1s\u00e1n\u00e1l l\u00e1that\u00f3 k\u00e9p).<\/p>\n<p>V\u00e1lasszuk ki az \u00f6sszef\u0171zni k\u00edv\u00e1nt k\u00e9peket (a CTRL gomb lenyom\u00e1s\u00e1val kattintsunk t\u00f6bb k\u00e9pre) majd\u00a0a jobb als\u00f3 sarokban kattintsunk az <strong>\u00daj gal\u00e9ria l\u00e9trehoz\u00e1sa<\/strong> gombra.<\/p>\n<p>Ezut\u00e1n az elrendez\u00e9s \u00e9s a megjelen\u00e9s form\u00e1ja be\u00e1ll\u00edthat\u00f3 (h\u00e1ny k\u00e9p jelenjen meg egym\u00e1s mellett, mire mutasson a k\u00e9pek linkje &#8211; itt is a m\u00e9dia f\u00e1jl v\u00e1laszt\u00e1sa az aj\u00e1nlott). A k\u00e9pek jobb sark\u00e1ban tal\u00e1lhat\u00f3 x-re kattintva a k\u00e9pet elt\u00e1vol\u00edthatjuk a gal\u00e9ri\u00e1b\u00f3l. Ha egy k\u00e9pre kattintva az eg\u00e9r bal gombj\u00e1t lenyomva tartjuk, akkor a k\u00e9peket olyan sorrendbe h\u00fazhatjuk, amilyenbe szeretn\u00e9nk. Ha minden be\u00e1ll\u00edt\u00e1st megtett\u00fcnk, sz\u00farjuk be a gal\u00e9ri\u00e1t az oldalunkba vagy bejegyz\u00e9s\u00fcnkbe (ut\u00f3lag szint\u00e9n szerkeszthet\u0151 a ceruza ikon seg\u00edts\u00e9g\u00e9vel).<\/p>\n<p><a href=\"https:\/\/semmelweis.hu\/wiki\/files\/2012\/01\/galeria_beillesztese.png\"><img loading=\"lazy\" decoding=\"async\" class=\"aligncenter size-large wp-image-980\" src=\"https:\/\/semmelweis.hu\/wiki\/files\/2012\/01\/galeria_beillesztese-1024x557.png\" alt=\"galeria_beillesztese\" width=\"940\" height=\"511\" srcset=\"https:\/\/semmelweis.hu\/wiki\/files\/2012\/01\/galeria_beillesztese-1024x557.png 1024w, https:\/\/semmelweis.hu\/wiki\/files\/2012\/01\/galeria_beillesztese-150x82.png 150w, https:\/\/semmelweis.hu\/wiki\/files\/2012\/01\/galeria_beillesztese-300x163.png 300w, https:\/\/semmelweis.hu\/wiki\/files\/2012\/01\/galeria_beillesztese-768x418.png 768w, https:\/\/semmelweis.hu\/wiki\/files\/2012\/01\/galeria_beillesztese.png 1105w\" sizes=\"auto, (max-width: 940px) 100vw, 940px\" \/><\/a><\/p>\n<p>Az alap\u00e9rtelmezett gal\u00e9rian\u00e9zet eset\u00e9ben h\u00e1rom fekv\u0151 k\u00e9p fog l\u00e1tsz\u00f3dni (egy nagy \u00e9s k\u00e9t kicsi), de v\u00e1laszthatunk az \u00f6sszes k\u00e9pet megmutat\u00f3 csemp\u00e9s n\u00e9zetek k\u00f6z\u00fcl is (Tiled mosaik\/Square tiles), csak ezek j\u00f3val nagyobb helyet foglalnak el.<a id=\"files\"><\/a><\/p>\n<h1 style=\"text-align: left;\">F\u00e1jlok beilleszt\u00e9se let\u00f6lt\u00e9sre:<\/h1>\n<p>K\u00e9pek mellett a honlapra egy\u00e9b f\u00e1jlokat (PDF, Word, Excel, PPT, stb.) is felt\u00f6lthet\u00fcnk azonban el\u0151nyben kell r\u00e9szes\u00edteni a honlapokon a k\u00f6zvetlen\u00fcl (let\u00f6lt\u00e9s n\u00e9lk\u00fcl, a b\u00f6ng\u00e9sz\u0151 \u00e1ltal is megjelen\u00edthet\u0151) olvashat\u00f3 \u00e9s kereshet\u0151 tartalmakat. Azaz a sz\u00f6veget, amit f\u00e1jlban tenn\u00e9nk ki egyszer\u0171en m\u00e1soljuk ki \u00e9s egy \u00faj oldalba vagy bejegyz\u00e9sbe illessz\u00fck be, form\u00e1zzuk meg, esetleg illusztr\u00e1ljuk. <em>(Gondoljunk arra, hogy egyre t\u00f6bb l\u00e1togat\u00f3 okostelefonr\u00f3l keresi fel a honlapunkat, akik sz\u00e1m\u00e1ra a f\u00e1jlok let\u00f6lt\u00e9se neh\u00e9zs\u00e9get jelenthet \u00e9s zavar\u00f3 is.)<\/em><\/p>\n<p>Amennyiben egy m\u00e1r el\u0151re megszerkesztett f\u00e1jl felt\u00f6lt\u00e9se elker\u00fclhetetlen (pl. megh\u00edv\u00f3, szab\u00e1lyzat, stb.), \u00fagy el\u0151nyben kell r\u00e9szes\u00edteni az asztali b\u00f6ng\u00e9sz\u0151k sz\u00e1m\u00e1ra let\u00f6lt\u00e9s n\u00e9lk\u00fcl megjelen\u00edthet\u0151 f\u00e1jlform\u00e1tumot (pl. <strong>PDF<\/strong>\u00a0a Word f\u00e1jllal szemben<span style=\"color: #ff0000;\">*<\/span>)\u00a0 sz\u00f6veges, kereshet\u0151 (karakteres, azaz nem k\u00e9p) form\u00e1tumban. Csak abban az esetben fogadhat\u00f3 el Word, Excel, stb. f\u00e1jl, ha abba a felhaszn\u00e1l\u00f3nak bele kell \u00edrnia.<\/p>\n<div class=\"fontos_div\">\n<p><span style=\"color: #ff6600;\"><strong>Fontos!<\/strong> <\/span>a f\u00e1jlokat <a href=\"https:\/\/semmelweis.hu\/wiki\/tartalom-kezeles\/kepek-meretenek-optimalizalasa\/\">webre optimaliz\u00e1lt<\/a> m\u00e9retben <em>(kilob\u00e1jtban m\u00e9rve kis m\u00e9ret\u0171)<\/em> kell elmenteni, hogy egyr\u00e9szt a <span style=\"font-size: 1rem;\">ne fogyasszuk feleslegesen sok <\/span><span style=\"font-size: 1rem;\">t\u00e1rhelyet, m\u00e1sr\u00e9szt a felhaszn\u00e1l\u00f3knak ne kelljen feleslegesen sok adatot felhaszn\u00e1lnia a f\u00e1jlunk megtekint\u00e9sekor vagy let\u00f6lt\u00e9sekor (lass\u00edtja a weboldalunkat is).<\/span><\/p>\n<\/div>\n<p><span style=\"color: #ff0000;\">*<\/span>\u00a0<span style=\"font-size: 10pt;\">A sz\u00e1m\u00edt\u00f3g\u00e9p\u00fcnkre ingyenesen telep\u00edthet\u0151 olyan program, amely seg\u00edts\u00e9g\u00e9vel az Office programok \u00e1ltal k\u00e9sz\u00edtett f\u00e1jlokat PDF f\u00e1jlba lehet menteni (pontosabban nyomtatni, hiszen a Nyomtat\u00e1s funkci\u00f3n\u00e1l a printer helyett a PDF k\u00e9sz\u00edt\u0151 programot kell kiv\u00e1lasztani). K\u00e9rje a helyi informatikus seg\u00edts\u00e9g\u00e9t, ha nem rendelkez\u00fcnk ilyen programmal!\u00a0<\/span><\/p>\n<p style=\"text-align: left;\">PDF \u00e9s egy\u00e9b dokumentumokat a WordPress honlaprendszer nem tud k\u00f6zvetlen\u00fcl megjelen\u00edteni, ezeket csak linkk\u00e9nt lehet beilleszteni (ugyanakkor a legt\u00f6bb asztali b\u00f6ng\u00e9sz\u0151ben m\u00e1r tal\u00e1lhat\u00f3 automatikus PDF olvas\u00f3).<\/p>\n<p style=\"text-align: left;\">Ha f\u00e1jlt (PDF, doc, xls, ppt, mp3, stb.) szeretn\u00e9nk az oldalunkon helyezni, akkor az oldal\/bejegyz\u00e9s szerkeszt\u00e9se eset\u00e9n a fentieknek megfelel\u0151en\u00a0a <strong>M\u00e9dia hozz\u00e1ad\u00e1sa<\/strong> gombra kattintunk, felt\u00f6ltj\u00fck a dokumentumokat. <em>(Mindig a szerkesztend\u0151 oldal\/bejegyz\u00e9sn\u00e9l t\u00f6lts\u00fck fel f\u00e1jlokat, \u00edgy a rendszer \u00f6ssze is kapcsolja a f\u00e1jlt a honlaptartalommal, soha se k\u00fcl\u00f6n csak a M\u00e9diat\u00e1rba!)<\/em><\/p>\n<p style=\"text-align: left;\">A kiv\u00e1lasztott f\u00e1jl jobb oldali adatain\u00e1l <strong>m\u00e1soljuk ki a f\u00e1jl webc\u00edm\u00e9t<\/strong> (<em>teljes URL c\u00edmet!<\/em>), majd a p\u00e1rbesz\u00e9d ablakot a jobb fels\u0151 x-el z\u00e1rjuk be.<\/p>\n<p style=\"text-align: left;\">A szerkesztett oldalon bel\u00fcl azt a sz\u00f6veget, amelyet link\u00e9 szeretn\u00e9nk alak\u00edtani (pl. a dokumentum \u00e9kezetekkel ell\u00e1tott teljes c\u00edme, vagy egy olyan sz\u00f6veg, hogy: <em>&#8222;a k\u00edv\u00e1nt f\u00e1jl pdf form\u00e1tumban let\u00f6lthet\u0151 erre a linkre kattintva&#8221;<\/em>) \u00a0\u00e9s a szerkeszt\u0151l\u00e9cb\u0151l a l\u00e1ncszem (Hivatkoz\u00e1s beilleszt\u00e9se) ikonra kattintunk. A felugr\u00f3 ablakba beillesztj\u00fck a kor\u00e1bban kim\u00e1solt f\u00e1jl webc\u00edm\u00e9t (Ctrl+V), majd Enter nyomunk (vagy az Entert szimboliz\u00e1l\u00f3 gombra kattintunk. Ha m\u00e9g az Enter el\u0151tt a fogasker\u00e9k ikonra klikkel\u00fcnk, akkor tov\u00e1bbi be\u00e1ll\u00edt\u00e1sokat tehet\u00fcnk pl. a webc\u00edm alatti kis boxba kattintva a link\u00fcnk majd egy \u00faj b\u00f6ng\u00e9sz\u0151 ablakban vagy b\u00f6ng\u00e9sz\u0151 f\u00fcl\u00f6n fog megny\u00edlni (aj\u00e1nlott). A rendszer a hivatkoz\u00e1s megjelen\u00edt\u00e9sekor egy kis ikon seg\u00edts\u00e9g\u00e9vel meg fogja mutatni a f\u00e1jl form\u00e1tum\u00e1t.<\/p>\n<p style=\"text-align: left;\">Ha egy oldalnak csak a PDF lenne a tartalma, akkor az al\u00e1bbi le\u00edr\u00e1sban olvashat\u00f3 be\u00e1gyaz\u00e1st haszn\u00e1ljuk (nem mobil bar\u00e1t megold\u00e1s!), vagy <a href=\"https:\/\/semmelweis.hu\/wiki\/tartalom-kezeles\/oldalak-atiranyitasa\/\">az oldal \u00e1tir\u00e1ny\u00edt\u00e1sa funkci\u00f3val az oldalt egyb\u0151l ugrassuk \u00e1t<\/a> a PDF f\u00e1jlra.<\/p>\n<p style=\"text-align: left;\"><span style=\"color: #ff6600;\"><strong>Figyelem!<\/strong> <\/span>Ha egy pdf (vagy b\u00e1rmely f\u00e1jl) linkel\u00e9st elt\u00e1vol\u00edtunk az oldalunkr\u00f3l, mert m\u00e1r nem akarjuk, hogy el\u00e9rhet\u0151 legyen a honlapunkr\u00f3l, akkor azt t\u00f6r\u00f6lj\u00fck is ki a M\u00e9diat\u00e1rb\u00f3l, mert ha a keres\u0151robotok m\u00e1r egyszer felt\u00e9rk\u00e9pezt\u00e9k a tartalm\u00e1t, akkor a Google\/Bing keres\u00e9sek ind\u00edt\u00e1sakor m\u00e9g relev\u00e1ns tartalomk\u00e9nt jelenhet meg \u00e9s ameddig a M\u00e9diat\u00e1rban van, addig a webc\u00edme is \u00e9l\u0151 marad, f\u00fcggetlen\u00fcl att\u00f3l, hogy arra mutat-e a honlapunkr\u00f3l link vagy sem.<a id=\"replace\"><\/a><\/p>\n<h1>F\u00e1jlok fel\u00fcl\u00edr\u00e1sa (Replace)<\/h1>\n<p>A honlapra m\u00e1r felt\u00f6lt\u00f6tt k\u00e9pet, egy\u00e9b f\u00e1jlt fel\u00fcl\u00edrhatjuk, ha azonos funkci\u00f3j\u00fa, de jav\u00edtott, friss\u00edtett verzi\u00f3val szeretn\u00e9nk lecser\u00e9lni.<\/p>\n<p>Keress\u00fck meg a m\u00e9diat\u00e1rban a fel\u00fcl\u00edrni k\u00edv\u00e1nt f\u00e1jlt. Kattintsunk a szerkeszt\u00e9s opci\u00f3ra, majd a jobb oldali s\u00e1vban keress\u00fck a <em>Replace media<\/em> szakaszt \u00e9s kattintsunk az <strong>&#8222;Upload a new file&#8221;<\/strong> gombra. \u00a0Ezt az ablakot fogjuk kapni:<\/p>\n<p><a href=\"https:\/\/semmelweis.hu\/wiki\/files\/2016\/03\/file_replacement.png\" rel=\"attachment wp-att-900\"><img loading=\"lazy\" decoding=\"async\" class=\"aligncenter  wp-image-900\" src=\"https:\/\/semmelweis.hu\/wiki\/files\/2016\/03\/file_replacement.png\" alt=\"file_replacement\" width=\"625\" height=\"414\" srcset=\"https:\/\/semmelweis.hu\/wiki\/files\/2016\/03\/file_replacement.png 1012w, https:\/\/semmelweis.hu\/wiki\/files\/2016\/03\/file_replacement-150x99.png 150w, https:\/\/semmelweis.hu\/wiki\/files\/2016\/03\/file_replacement-300x199.png 300w, https:\/\/semmelweis.hu\/wiki\/files\/2016\/03\/file_replacement-768x508.png 768w\" sizes=\"auto, (max-width: 625px) 100vw, 625px\" \/><\/a><\/p>\n<p>Figyelmeztet\u00e9s: <span style=\"color: #ff0000;\"><strong>ezt a m\u0171veletet nem lehet visszavonni<\/strong><\/span> (azaz a fel\u00fcl\u00edrt f\u00e1jl v\u00e9gleg t\u00f6rl\u0151dik a rendszerb\u0151l)!<\/p>\n<p>K\u00e9t opci\u00f3 k\u00f6z\u00fcl v\u00e1laszthatunk, de mind a k\u00e9t esetben a r\u00e9gi f\u00e1jl fel\u00fcl\u00edr\u00f3dik:<\/p>\n<p><strong>&#8222;Just replace the file&#8221;<\/strong> = b\u00e1rhogyan h\u00edvj\u00e1k is a felt\u00f6lteni k\u00edv\u00e1nt (azaz az \u00faj) f\u00e1jlt, megkapja a r\u00e9gi nev\u00e9t \u00e9s minden el\u00e9rhet\u0151s\u00e9ge azonos lesz a r\u00e9givel. \u00cdgy, ha m\u00e1s honlapra belinkelt\u00e9k, akkor az a hivatkoz\u00e1s tov\u00e1bbra is m\u0171k\u00f6dni fog, azonban, ha a r\u00e9gi f\u00e1jln\u00e9v pl. d\u00e1tumot tartalmazott, akkor ezzel a r\u00e9gi d\u00e1tummal fog az \u00faj f\u00e1jl is szerepelni.<\/p>\n<p><strong>&#8222;Replace the file, use new file name and update all links&#8221;\u00a0<\/strong>= A rendszer az \u00faj f\u00e1jl nev\u00e9t fogja haszn\u00e1lni, abb\u00f3l k\u00e9pzi az URL-t, a r\u00e9gi hivatkoz\u00e1sokat is erre az \u00fajra \u00edrja \u00e1t\u00a0a bejegyz\u00e9seken \u00e9s az oldalakon bel\u00fcl, azonban a be\u00e1ll\u00edtott \u00e1tir\u00e1ny\u00edt\u00e1sainkat (redirect) nek\u00fcnk kell manu\u00e1lisan fel\u00fcl\u00edrni,\u00a0illetve\u00a0a k\u00fcls\u0151s honlapokon tal\u00e1lhat\u00f3 hivatkoz\u00e1sok (ha van ilyen) sem fognak m\u0171k\u00f6dni. A k\u00e9pek fel\u00fcl\u00edr\u00e1s\u00e1n\u00e1l figyeln\u00fcnk kell, hogy csak a teljes m\u00e9ret\u0171 k\u00e9peket \u00edrja a rendszer fel\u00fcl, ha kisebb k\u00e9pet illesztett\u00fcnk be, akkor azt ellen\u0151rizz\u00fck le, \u00e9s illessz\u00fck be a m\u00e9diat\u00e1rb\u00f3l \u00fajra.<a id=\"intranet\"><\/a><\/p>\n<h1>F\u00e1jlok egyedi jelszavas\u00edt\u00e1sa, intranetre val\u00f3 visszatart\u00e1sa<\/h1>\n<p>Ha szeretn\u00e9nk a f\u00e1jljainkat (kiv\u00e9ve k\u00e9pek) egyedi, azaz az oldalt\u00f3l \u00e9s bejegyz\u00e9st\u0151l f\u00fcggetlen v\u00e9delemmel ell\u00e1tni: egy\u00e9ni jelsz\u00f3t adni neki, vagy a f\u00e1jlt az intranetre visszatartani, akkor az al\u00e1bbiakat kell tenn\u00fcnk. <strong><em>Figyelem, az al\u00e1bbiak a k\u00e9pekre nem \u00e9rv\u00e9nyesek, csak dokumentum f\u00e1jlokra pl. pdf, doc, docx, ppt, xls stb!<\/em><\/strong><\/p>\n<p>T\u00f6lts\u00fck fel a f\u00e1jlt <strong>k\u00f6zvetlen\u00fcl a M\u00e9diat\u00e1rba<\/strong> (ha k\u00e9sz van m\u00e1r az oldal\/bejegyz\u00e9s, amibe be akarjuk illeszteni, akkor itt is csatoljuk a f\u00e1jlunkat a hordoz\u00f3 oldalhoz\/bejegyz\u00e9shez, ez a k\u00e9s\u0151bbi keres\u00e9st teszi majd k\u00f6nnyebb\u00e9. Ha az oldalb\u00f3l\/bejegyz\u00e9sb\u0151l t\u00f6lt\u00f6tt\u00fck fel a f\u00e1jlt, akkor sincs gond, csak az az al\u00e1bbi be\u00e1ll\u00edt\u00e1sok\u00e9rt \u00e1t kell kattintanunk a M\u00e9diat\u00e1r men\u00fcpontba.)<\/p>\n<p>A M\u00e9diat\u00e1rban a felt\u00f6lt\u00f6tt f\u00e1jln\u00e1l v\u00e1lasszuk ki a <strong>&#8222;szerkeszt\u00e9s&#8221;<\/strong> opci\u00f3t. \u00a0Keress\u00fck meg a jobb als\u00f3 ter\u00fcleten\u00a0a M\u00e9dia-hozz\u00e1f\u00e9r\u00e9s nev\u0171 be\u00e1ll\u00edt\u00e1si dobozt.<\/p>\n<p><a href=\"https:\/\/semmelweis.hu\/wiki\/files\/2016\/03\/fajl_biztonsag.png\" rel=\"attachment wp-att-896\"><img loading=\"lazy\" decoding=\"async\" class=\"aligncenter wp-image-896 \" src=\"https:\/\/semmelweis.hu\/wiki\/files\/2016\/03\/fajl_biztonsag.png\" alt=\"fajl_biztonsag\" width=\"608\" height=\"568\" srcset=\"https:\/\/semmelweis.hu\/wiki\/files\/2016\/03\/fajl_biztonsag.png 612w, https:\/\/semmelweis.hu\/wiki\/files\/2016\/03\/fajl_biztonsag-150x140.png 150w, https:\/\/semmelweis.hu\/wiki\/files\/2016\/03\/fajl_biztonsag-300x281.png 300w\" sizes=\"auto, (max-width: 608px) 100vw, 608px\" \/><\/a><\/p>\n<p>Az ott l\u00e1that\u00f3 be\u00e1ll\u00edt\u00e1sok alapj\u00e1n a k\u00f6vetkez\u0151 lehet\u0151s\u00e9geink vannak:<\/p>\n<ul>\n<li>csak az intraneten l\u00e1that\u00f3 (\u00edgy a k\u00f6zvetlen linkre kattintva sem lesz el\u00e9rhet\u0151 a f\u00e1jl az egyetemi h\u00e1l\u00f3zaton k\u00edv\u00fclr\u0151l)<\/li>\n<li>ha be\u00edrunk egy jelsz\u00f3t, akkor csak annak birtok\u00e1ban lehet majd megtekinteni a f\u00e1jlt<\/li>\n<li>Kit\u00f6lt\u00e9s er\u0151s jelsz\u00f3val &#8211; a rendszer maga gener\u00e1l nek\u00fcnk egy biztons\u00e1gos jelsz\u00f3t<\/li>\n<\/ul>\n<p>A be\u00e1ll\u00edt\u00e1s ut\u00e1n nyomjunk <strong>a Friss\u00edt\u00e9s<\/strong> gombra \u00e9s haszn\u00e1ljuk a f\u00e1jlt a kor\u00e1bban megszokott m\u00f3don.\u00a0<\/p>\n","protected":false},"excerpt":{"rendered":"<p>Tartalomjegyz\u00e9s <a href=\"#alt\">A m\u00e9diat\u00e1rr\u00f3l \u00e9s a f\u00e1jlok kezel\u00e9s\u00e9r\u0151l \u00e1ltal\u00e1ban<\/a> <a href=\"#milyen\">Milyen f\u00e1jlokat t\u00f6lts\u00fcnk fel a m\u00e9diat\u00e1rba?<\/a> (f\u00e1jln\u00e9v, m\u00e9ret, form\u00e1tum) <a href=\"#img\">K\u00e9pek beilleszt\u00e9se a sz\u00f6veg k\u00f6z\u00e9<\/a> <a href=\"#piktogramok\">Piktogramok haszn\u00e1lata &#8211; mobiln\u00e9zet be\u00e1ll\u00edt\u00e1sa<\/a> <a href=\"#gallery\">K\u00e9pgal\u00e9ri\u00e1k<\/a> <a href=\"#files\">F\u00e1jlok beilleszt\u00e9se let\u00f6lt\u00e9sre<\/a> <a href=\"#replace\">F\u00e1jlok fel\u00fcl\u00edr\u00e1sa (Replace)<\/a> <a href=\"#intranet\">F\u00e1jlok egyedi jelszavas\u00edt\u00e1sa, intranetre val\u00f3 visszatart\u00e1sa<\/a> <a id=\"alt\"><\/a> M\u00e9diat\u00e1r Minden felt\u00f6lt\u00f6tt tartalom az \u00fan. M\u00e9diat\u00e1rban ker\u00fcl t\u00e1rol\u00e1sra, ott visszakereshet\u0151\/csoportos\u00edthat\u00f3 a f\u00e1jl c\u00edme, a felt\u00f6lt\u00e9s d\u00e1tuma szerint, illetve az alapj\u00e1n, hogy mely tartalomhoz (bejegyz\u00e9s vagy oldal) t\u00f6lt\u00f6tt\u00fck fel*. Az oldalakba, bejegyz\u00e9sekbe k\u00e9pek, egy\u00e9b f\u00e1jlok \u00fagy illeszthet\u0151ek, hogy\u00a0 a bejegyz\u00e9s vagy oldal szerkeszt\u00e9se sor\u00e1n a M\u00e9dia hozz\u00e1ad\u00e1sa gombra kattintunk (az oldal &hellip;<\/p>\n","protected":false},"author":12,"featured_media":0,"parent":949,"menu_order":3,"comment_status":"closed","ping_status":"closed","template":"template-fullwidth.php","meta":{"_acf_changed":false,"footnotes":""},"categories":[106],"tags":[],"class_list":["post-327","page","type-page","status-publish","hentry","category-egyeb"],"acf":[],"publishpress_future_action":{"enabled":false,"date":"1970-01-01 01:00:00","action":"","terms":[],"taxonomy":"","browser_timezone_offset":0},"_links":{"self":[{"href":"https:\/\/semmelweis.hu\/wiki\/wp-json\/wp\/v2\/pages\/327","targetHints":{"allow":["GET"]}}],"collection":[{"href":"https:\/\/semmelweis.hu\/wiki\/wp-json\/wp\/v2\/pages"}],"about":[{"href":"https:\/\/semmelweis.hu\/wiki\/wp-json\/wp\/v2\/types\/page"}],"author":[{"embeddable":true,"href":"https:\/\/semmelweis.hu\/wiki\/wp-json\/wp\/v2\/users\/12"}],"replies":[{"embeddable":true,"href":"https:\/\/semmelweis.hu\/wiki\/wp-json\/wp\/v2\/comments?post=327"}],"version-history":[{"count":13,"href":"https:\/\/semmelweis.hu\/wiki\/wp-json\/wp\/v2\/pages\/327\/revisions"}],"predecessor-version":[{"id":3386,"href":"https:\/\/semmelweis.hu\/wiki\/wp-json\/wp\/v2\/pages\/327\/revisions\/3386"}],"up":[{"embeddable":true,"href":"https:\/\/semmelweis.hu\/wiki\/wp-json\/wp\/v2\/pages\/949"}],"wp:attachment":[{"href":"https:\/\/semmelweis.hu\/wiki\/wp-json\/wp\/v2\/media?parent=327"}],"wp:term":[{"taxonomy":"category","embeddable":true,"href":"https:\/\/semmelweis.hu\/wiki\/wp-json\/wp\/v2\/categories?post=327"},{"taxonomy":"post_tag","embeddable":true,"href":"https:\/\/semmelweis.hu\/wiki\/wp-json\/wp\/v2\/tags?post=327"}],"curies":[{"name":"wp","href":"https:\/\/api.w.org\/{rel}","templated":true}]}}