{"id":3182,"date":"2025-05-27T15:50:05","date_gmt":"2025-05-27T13:50:05","guid":{"rendered":"https:\/\/semmelweis.hu\/wiki\/?page_id=3182"},"modified":"2026-02-04T09:57:57","modified_gmt":"2026-02-04T08:57:57","slug":"sablon-keszitese","status":"publish","type":"page","link":"https:\/\/semmelweis.hu\/wiki\/tartalom-kezeles\/sablon-keszitese\/","title":{"rendered":"Sablon k\u00e9sz\u00edt\u00e9se"},"content":{"rendered":"<h2>Sablon k\u00e9sz\u00edt\u00e9se<\/h2>\n<h5>A sablonok haszn\u00e1lata k\u00e9tf\u00e9le c\u00e9lt tud kiszolg\u00e1lni:<\/h5>\n<ol>\n<li>azonos kaptaf\u00e1ra k\u00e9sz\u00fcl\u0151 tartalmak sz\u00e1m\u00e1ra egys\u00e9ges keretet k\u00e9sz\u00edthet\u00fcnk, amit cikkek vagy oldalak k\u00e9sz\u00edt\u00e9sekor \u201ebekapcsolhatunk\u201d \u00edgy a sz\u00f6vegeket ebbe a sablonba t\u00f6lthetj\u00fck be<\/li>\n<li>olyan tartalomszakaszokat k\u00e9sz\u00edthet\u00fcnk, amelyeket sz\u00f3 \u00e9s kin\u00e9zet szerint azonos m\u00f3don tudunk t\u00f6bb k\u00fcl\u00f6nb\u00f6z\u0151 oldalon vagy bejegyz\u00e9sben megjelen\u00edteni egy shortk\u00f3d (r\u00f6vid k\u00f3d) seg\u00edts\u00e9g\u00e9vel, \u00e9s ezeket egyetlen helyen m\u00f3dos\u00edtva minden c\u00e9lhelyen friss\u00edteni<\/li>\n<\/ol>\n<h2 class=\"lead\">TinyMCE Templates b\u0151v\u00edtm\u00e9ny bekapcsol\u00e1sa \u00e9s haszn\u00e1lata<\/h2>\n<div class=\"keretes w-100\">\n<p>El\u0151sz\u00f6r a\u00a0<strong>Vez\u00e9rl\u0151pult &gt; B\u0151v\u00edtm\u00e9nyek<\/strong>\u00a0oldalon be kell kapcsolnunk a <strong>TinyMCE Templates\u00a0<\/strong>b\u0151v\u00edtm\u00e9nyt. Ezut\u00e1n megjelenik a vez\u00e9rl\u0151pulton a\u00a0<strong>Sablonok<\/strong>\u00a0men\u00fcpont, amelyben l\u00e9trehozhatjuk \u00e9s szerkeszthetj\u00fck a sablonjainkat.<\/p>\n<\/div>\n<h3>\n1. Sablon l\u00e9trehoz\u00e1sa \u2013 egys\u00e9gesen kin\u00e9z\u0151 tartalmak l\u00e9trehoz\u00e1s\u00e1hoz<\/h3>\n<p>Az els\u0151 verzi\u00f3ban egy olyan sablont fogunk l\u00e9trehozni, amit egyszer elk\u00e9sz\u00edt\u00fcnk, ut\u00e1na pedig \u00fajra felhaszn\u00e1lhatjuk azt egy m\u00e1sik aloldalon. J\u00f3 p\u00e9lda erre egy \u00e1ll\u00e1shirdet\u00e9s tartalm\u00e1nak l\u00e9trehoz\u00e1sa, ahol t\u00f6bb elem azonos (pl. az egyetem bemutat\u00e1sa, a mez\u0151k megnevez\u00e9se, a jelentkez\u00e9s m\u00f3dj\u00e1nak le\u00edr\u00e1sa, elv\u00e1rt dokumentumok stb.), \u00e9s csak bizonyos sz\u00f6vegr\u00e9szekben t\u00e9r el a k\u00fcl\u00f6nb\u00f6z\u0151 hirdet\u00e9sek tartalma (pl. a munkak\u00f6r megnevez\u00e9se, feladatok le\u00edr\u00e1sa, elv\u00e1rt v\u00e9gzetts\u00e9g szintje stb.).<\/p>\n<div class=\"fontos_div w-100\">\n<p><strong>Fontos!<\/strong> A most elk\u00e9sz\u00edtett sablon beilleszt\u00e9s\u00e9t k\u00f6vet\u0151en minden esetben az adott aloldalon kell az egyedi tartalmat friss\u00edteni.<\/p>\n<\/div>\n<p>Hozzunk l\u00e9tre \u00faj sablont a <span style=\"font-weight: normal !msorm;\"><strong>Vez\u00e9rl\u0151pult &gt; Sablonok &gt;<\/strong><\/span> <strong>\u00daj sablon hozz\u00e1ad\u00e1sa<\/strong> gombbal, majd el is kezdhetj\u00fck a szerkeszt\u00e9st. Adjuk meg a c\u00edmet, majd t\u00f6lts\u00fck fel tartalommal a sablonunkat (k\u00e9p, sz\u00f6veg, gombok, stb.) a m\u00e1r ismert sz\u00f6vegszerkeszt\u0151 seg\u00edts\u00e9g\u00e9vel.<\/p>\n<p><a href=\"https:\/\/semmelweis.hu\/wiki\/files\/2025\/05\/Group-21.jpg\"><img loading=\"lazy\" decoding=\"async\" class=\"aligncenter\" src=\"https:\/\/semmelweis.hu\/wiki\/files\/2025\/05\/Group-21.jpg\" alt=\"\" width=\"787\" height=\"549\" \/><\/a><\/p>\n<p>Amikor k\u00e9szen vagyunk a sablon felt\u00f6lt\u00e9s\u00e9vel \u00e9s szeretn\u00e9nk haszn\u00e1lni az oldalainkon, nincs m\u00e1s dolgunk, mint a sablont menteni a <strong>K\u00f6zz\u00e9t\u00e9tel gombra kattintva. <\/strong>A sablon a k\u00f6zz\u00e9t\u00e9tel ut\u00e1n automatikusan el\u00e9rhet\u0151v\u00e9 v\u00e1lik az aloldalaink\/bejegyz\u00e9seink \u00a0szerkeszt\u0151j\u00e9ben \u2013 de k\u00edv\u00fclr\u0151l \u00f6nmag\u00e1ban nem lesz a l\u00e1togat\u00f3k sz\u00e1m\u00e1ra l\u00e1that\u00f3.<\/p>\n<h5>Sablon beilleszt\u00e9se aloldalba\/bejegyz\u00e9sbe<\/h5>\n<p>Hozzunk l\u00e9tre egy \u00faj oldalt\/bejegyz\u00e9st vagy v\u00e1lasszuk ki a megl\u00e9v\u0151 oldalak\/bejegyz\u00e9sek k\u00f6z\u00fcl azt, ahol haszn\u00e1lni szeretn\u00e9nk a sablonunkat.<\/p>\n<p><a href=\"https:\/\/semmelweis.hu\/wiki\/files\/2025\/05\/Group-20.jpg\"><img loading=\"lazy\" decoding=\"async\" class=\"aligncenter wp-image-3189\" src=\"https:\/\/semmelweis.hu\/wiki\/files\/2025\/05\/Group-20.jpg\" alt=\"\" width=\"801\" height=\"164\" srcset=\"https:\/\/semmelweis.hu\/wiki\/files\/2025\/05\/Group-20.jpg 972w, https:\/\/semmelweis.hu\/wiki\/files\/2025\/05\/Group-20-400x82.jpg 400w, https:\/\/semmelweis.hu\/wiki\/files\/2025\/05\/Group-20-150x31.jpg 150w, https:\/\/semmelweis.hu\/wiki\/files\/2025\/05\/Group-20-768x157.jpg 768w, https:\/\/semmelweis.hu\/wiki\/files\/2025\/05\/Group-20-753x154.jpg 753w\" sizes=\"auto, (max-width: 801px) 100vw, 801px\" \/><\/a><\/p>\n<p>A szerkeszt\u0151i n\u00e9zetben kattintsunk a <strong>Sablon Beilleszt\u00e9s<\/strong> gombra majd a felugr\u00f3 men\u00fcben v\u00e1lasszuk ki azt a sablont, amit szeretn\u00e9nk beilleszteni. Amennyiben egy sablonunk van, \u00fagy automatikusan az az egy fog kiv\u00e1laszt\u00e1sra ker\u00fclni. A kiv\u00e1laszt\u00e1s ut\u00e1n itt is r\u00e1 kell nyomni a \u201eSablon Beilleszt\u00e9s\u201d gombra.<br \/>\n<a href=\"https:\/\/semmelweis.hu\/wiki\/files\/2025\/05\/Group-19.jpg\"><img loading=\"lazy\" decoding=\"async\" class=\"aligncenter wp-image-3188\" src=\"https:\/\/semmelweis.hu\/wiki\/files\/2025\/05\/Group-19.jpg\" alt=\"\" width=\"523\" height=\"474\" srcset=\"https:\/\/semmelweis.hu\/wiki\/files\/2025\/05\/Group-19.jpg 657w, https:\/\/semmelweis.hu\/wiki\/files\/2025\/05\/Group-19-400x363.jpg 400w, https:\/\/semmelweis.hu\/wiki\/files\/2025\/05\/Group-19-150x136.jpg 150w\" sizes=\"auto, (max-width: 523px) 100vw, 523px\" \/><\/a><\/p>\n<p>A beilleszt\u00e9st k\u00f6vet\u0151en az oldalunk\/bejegyz\u00e9s\u00fcnk tartalmi mez\u0151j\u00e9ben megjelenik a m\u00e1r kor\u00e1bban elk\u00e9sz\u00edtett sablonunk tartalma, amiben a m\u00f3dos\u00edt\u00e1st ig\u00e9nyl\u0151 r\u00e9szeket \u00e1t\u00edrhatjuk. Ha a tartalmat v\u00e9gleges\u00edtett\u00fck, tegy\u00fck k\u00f6zz\u00e9 az oldalunkat\/bejegyz\u00e9s\u00fcnket a szokott m\u00f3don.<a href=\"https:\/\/semmelweis.hu\/wiki\/files\/2025\/05\/image-39.jpg\"><img loading=\"lazy\" decoding=\"async\" class=\"aligncenter wp-image-3185\" src=\"https:\/\/semmelweis.hu\/wiki\/files\/2025\/05\/image-39.jpg\" alt=\"\" width=\"715\" height=\"556\" srcset=\"https:\/\/semmelweis.hu\/wiki\/files\/2025\/05\/image-39.jpg 975w, https:\/\/semmelweis.hu\/wiki\/files\/2025\/05\/image-39-400x311.jpg 400w, https:\/\/semmelweis.hu\/wiki\/files\/2025\/05\/image-39-150x117.jpg 150w, https:\/\/semmelweis.hu\/wiki\/files\/2025\/05\/image-39-768x597.jpg 768w, https:\/\/semmelweis.hu\/wiki\/files\/2025\/05\/image-39-753x585.jpg 753w\" sizes=\"auto, (max-width: 715px) 100vw, 715px\" \/><\/a><\/p>\n<p>Amennyiben a sablon bizonyos elemein szeretn\u00e9nk m\u00f3dos\u00edtani, \u00fagy azt a Sablonok men\u00fcpontban tudjuk megtenni. Ebben az esetben az oldalakat\/bejegyz\u00e9seket, ahov\u00e1 kor\u00e1bban besz\u00fartuk a sablonunkat \u00e9s dolgoztunk benne, nem \u00e9rinti a v\u00e1ltoz\u00e1s (azaz egyenk\u00e9nt jav\u00edtanunk kell azokat, ha fontos, hogy azonos legyen az \u00faj tartalmakkal).<\/p>\n<div class=\"fontos_div w-100\">\n<p><strong>Fontos,<\/strong> hogy <a href=\"https:\/\/semmelweis.hu\/wiki\/megjelenes\/mobilnezet-ellenorzese\/\" target=\"_blank\" rel=\"noopener\">ellen\u0151rizz\u00fck<\/a> a megjelen\u0151 tartalmat weben \u00e9s mobilon egyar\u00e1nt, hiszen lehetnek elt\u00e9r\u00e9sek a megjelen\u00e9sben!<\/p>\n<\/div>\n<h3>\n2. Sablon l\u00e9trehoz\u00e1sa \u2013 egy helyen friss\u00edthet\u0151 azonos sz\u00f6vegek l\u00e9trehoz\u00e1s\u00e1hoz (shortk\u00f3d)<\/h3>\n<p>A shortk\u00f3dos (azaz r\u00f6vid k\u00f3d) sablon el\u0151nye, hogy a tartalom m\u00f3dos\u00edt\u00e1shoz nem sz\u00fcks\u00e9ges minden aloldalt egyes\u00e9vel jav\u00edtani, mint az el\u0151z\u0151 verzi\u00f3 eset\u00e9ben, hanem elegend\u0151 csak az adott sablon tartalm\u00e1t m\u00f3dos\u00edtani \u00e9s a rendszer mindenhol, ahov\u00e1 shortk\u00f3ddal a sablont betett\u00fck, automatikusan a friss\u00edtett sablon sz\u00f6veget fogja megjelen\u00edteni.<\/p>\n<h5><strong><br \/>\n<\/strong>P\u00e9lda a haszn\u00e1lat\u00e1ra:<\/h5>\n<p>Az egyik szerkeszt\u0151nek van egy orsz\u00e1glist\u00e1ja, amit t\u00f6bb aloldalon is fel kell t\u00fcntetnie. A neh\u00e9zs\u00e9g az, hogy az el\u00e9rhet\u0151 orsz\u00e1gok gyakran v\u00e1ltoznak, \u00edgy sok id\u0151 elv\u00e9gezni a m\u00f3dos\u00edt\u00e1sokat minden aloldalon. Ebben az esetben elegend\u0151 egy r\u00f6vid k\u00f3dos sablont k\u00e9sz\u00edteni, hiszen ebben az esetben el\u00e9g egy helyen \u00e1t\u00edrnunk a tartalmat ahhoz, hogy minden egyes oldalon\/bejegyz\u00e9sben friss\u00fcljenek az adatok.<\/p>\n<p>A sablon l\u00e9trehoz\u00e1sa \u00e9s tartalommal val\u00f3 felt\u00f6lt\u00e9se ugyan\u00fagy m\u0171k\u00f6dik, mint fentebb olvashat\u00f3 az 1. t\u00edpus\u00fa sablonn\u00e1l, de k\u00f6zz\u00e9t\u00e9tel el\u0151tt m\u00f3dos\u00edtani kell a sablon felhaszn\u00e1l\u00e1s\u00e1nak m\u00f3dj\u00e1t ahhoz, hogy majd az automatikus friss\u00edt\u00e9s meg tudjon t\u00f6rt\u00e9nni. Ehhez a jobb oldali szerkeszt\u0151 s\u00e1vban a \u201e<strong>Beilleszt\u00e9s mint Shortcode<\/strong>\u201d opci\u00f3t Igen-re kell \u00e1ll\u00edtanunk.<\/p>\n<p><a href=\"https:\/\/semmelweis.hu\/wiki\/files\/2025\/05\/Group-18.jpg\"><img loading=\"lazy\" decoding=\"async\" class=\"aligncenter wp-image-3187\" src=\"https:\/\/semmelweis.hu\/wiki\/files\/2025\/05\/Group-18.jpg\" alt=\"\" width=\"852\" height=\"345\" srcset=\"https:\/\/semmelweis.hu\/wiki\/files\/2025\/05\/Group-18.jpg 1225w, https:\/\/semmelweis.hu\/wiki\/files\/2025\/05\/Group-18-400x162.jpg 400w, https:\/\/semmelweis.hu\/wiki\/files\/2025\/05\/Group-18-1024x415.jpg 1024w, https:\/\/semmelweis.hu\/wiki\/files\/2025\/05\/Group-18-150x61.jpg 150w, https:\/\/semmelweis.hu\/wiki\/files\/2025\/05\/Group-18-768x311.jpg 768w, https:\/\/semmelweis.hu\/wiki\/files\/2025\/05\/Group-18-753x305.jpg 753w\" sizes=\"auto, (max-width: 852px) 100vw, 852px\" \/><\/a><\/p>\n<h5><strong><br \/>\n<\/strong>Sablon beilleszt\u00e9se aloldalba<\/h5>\n<p>A sablon beilleszt\u00e9se ugyan\u00fagy m\u0171k\u00f6dik, mint kor\u00e1bban, de a beilleszt\u00e9st k\u00f6vet\u0151en a szerkeszt\u0151fel\u00fcleten nem a megszerkesztett tartalmat fogjuk l\u00e1tni, hanem a sablon shortk\u00f3dj\u00e1t (azaz r\u00f6vid k\u00f3dot), \u00edgy a pontos megjelen\u00edt\u00e9st <span style=\"font-weight: normal !msorm;\"><strong>El\u0151n\u00e9zet<\/strong><\/span>ben tudjuk majd ellen\u0151rizni.<\/p>\n<p>A shortk\u00f3dot az oldalon bel\u00fcl b\u00e1rhov\u00e1 besz\u00farhatjuk, \u00edgy pontosan ott fog megjelenni a tartalom az oldalunkon, ahol azt szeretn\u00e9nk.<\/p>\n<p><a href=\"https:\/\/semmelweis.hu\/wiki\/files\/2025\/05\/Group-17.jpg\"><img loading=\"lazy\" decoding=\"async\" class=\"aligncenter wp-image-3186 size-full\" src=\"https:\/\/semmelweis.hu\/wiki\/files\/2025\/05\/Group-17.jpg\" alt=\"\" width=\"977\" height=\"274\" srcset=\"https:\/\/semmelweis.hu\/wiki\/files\/2025\/05\/Group-17.jpg 977w, https:\/\/semmelweis.hu\/wiki\/files\/2025\/05\/Group-17-400x112.jpg 400w, https:\/\/semmelweis.hu\/wiki\/files\/2025\/05\/Group-17-150x42.jpg 150w, https:\/\/semmelweis.hu\/wiki\/files\/2025\/05\/Group-17-768x215.jpg 768w, https:\/\/semmelweis.hu\/wiki\/files\/2025\/05\/Group-17-753x211.jpg 753w\" sizes=\"auto, (max-width: 977px) 100vw, 977px\" \/><\/a><\/p>\n<p>Amennyiben a sablonban szerepl\u0151 tartalom nem megfelel\u0151en jelenik meg vagy m\u00f3dos\u00edtani kell a tartalm\u00e1t, \u00fagy azt a Sablonok men\u00fcpontban tudjuk megtenni. Figyelj\u00fcnk arra, hogy ebben az esetben az elv\u00e9gzett m\u00f3dos\u00edt\u00e1sok minden egyes aloldalon elhelyezett tartalmat \u00e9rintenek!<\/p>\n","protected":false},"excerpt":{"rendered":"<p>Sablon k\u00e9sz\u00edt\u00e9se A sablonok haszn\u00e1lata k\u00e9tf\u00e9le c\u00e9lt tud kiszolg\u00e1lni: azonos kaptaf\u00e1ra k\u00e9sz\u00fcl\u0151 tartalmak sz\u00e1m\u00e1ra egys\u00e9ges keretet k\u00e9sz\u00edthet\u00fcnk, amit cikkek vagy oldalak k\u00e9sz\u00edt\u00e9sekor \u201ebekapcsolhatunk\u201d \u00edgy a sz\u00f6vegeket ebbe a sablonba t\u00f6lthetj\u00fck be olyan tartalomszakaszokat k\u00e9sz\u00edthet\u00fcnk, amelyeket sz\u00f3 \u00e9s kin\u00e9zet szerint azonos m\u00f3don tudunk t\u00f6bb k\u00fcl\u00f6nb\u00f6z\u0151 oldalon vagy bejegyz\u00e9sben megjelen\u00edteni egy shortk\u00f3d (r\u00f6vid k\u00f3d) seg\u00edts\u00e9g\u00e9vel, \u00e9s ezeket &hellip;<\/p>\n","protected":false},"author":102484,"featured_media":0,"parent":949,"menu_order":4,"comment_status":"closed","ping_status":"closed","template":"template-fullwidth.php","meta":{"_acf_changed":false,"footnotes":""},"categories":[],"tags":[],"class_list":["post-3182","page","type-page","status-publish","hentry"],"acf":[],"publishpress_future_action":{"enabled":false,"date":"1970-01-01 01:00:00","action":"","terms":[],"taxonomy":"","browser_timezone_offset":0},"_links":{"self":[{"href":"https:\/\/semmelweis.hu\/wiki\/wp-json\/wp\/v2\/pages\/3182","targetHints":{"allow":["GET"]}}],"collection":[{"href":"https:\/\/semmelweis.hu\/wiki\/wp-json\/wp\/v2\/pages"}],"about":[{"href":"https:\/\/semmelweis.hu\/wiki\/wp-json\/wp\/v2\/types\/page"}],"author":[{"embeddable":true,"href":"https:\/\/semmelweis.hu\/wiki\/wp-json\/wp\/v2\/users\/102484"}],"replies":[{"embeddable":true,"href":"https:\/\/semmelweis.hu\/wiki\/wp-json\/wp\/v2\/comments?post=3182"}],"version-history":[{"count":10,"href":"https:\/\/semmelweis.hu\/wiki\/wp-json\/wp\/v2\/pages\/3182\/revisions"}],"predecessor-version":[{"id":3350,"href":"https:\/\/semmelweis.hu\/wiki\/wp-json\/wp\/v2\/pages\/3182\/revisions\/3350"}],"up":[{"embeddable":true,"href":"https:\/\/semmelweis.hu\/wiki\/wp-json\/wp\/v2\/pages\/949"}],"wp:attachment":[{"href":"https:\/\/semmelweis.hu\/wiki\/wp-json\/wp\/v2\/media?parent=3182"}],"wp:term":[{"taxonomy":"category","embeddable":true,"href":"https:\/\/semmelweis.hu\/wiki\/wp-json\/wp\/v2\/categories?post=3182"},{"taxonomy":"post_tag","embeddable":true,"href":"https:\/\/semmelweis.hu\/wiki\/wp-json\/wp\/v2\/tags?post=3182"}],"curies":[{"name":"wp","href":"https:\/\/api.w.org\/{rel}","templated":true}]}}