{"id":1810,"date":"2020-06-24T09:00:54","date_gmt":"2020-06-24T07:00:54","guid":{"rendered":"https:\/\/semmelweis.hu\/wiki\/?page_id=1810"},"modified":"2025-10-08T13:50:11","modified_gmt":"2025-10-08T11:50:11","slug":"appointment-hour-booking-hasznalata-naptar-szerkesztese","status":"publish","type":"page","link":"https:\/\/semmelweis.hu\/wiki\/kiegeszito-eszkozok\/appointment-hour-booking-hasznalata-beallitasoke-mailadmin\/appointment-hour-booking-hasznalata-naptar-szerkesztese\/","title":{"rendered":"Appointment Hour Booking haszn\u00e1lata (napt\u00e1r szerkeszt\u00e9se)"},"content":{"rendered":"<div class=\"keretes w-100\"><strong><span style=\"color: #ff6600;\">Figyelem! <\/span><\/strong><span style=\"font-size: 1rem;\">Az al\u00e1bbiakban a WordPressben haszn\u00e1lt r\u00e9gi foglal\u00f3rendszer le\u00edr\u00e1sa olvashat\u00f3 \u2013 helyette javasolt az O365-ben el\u00e9rhet\u0151 <\/span><a style=\"background-color: #f0f3f6; font-size: 1rem;\" href=\"https:\/\/book.ms\" target=\"_blank\" rel=\"noopener\"><strong>Bookings<\/strong><\/a><span style=\"font-size: 1rem;\"> alkalmaz\u00e1s haszn\u00e1lata.<\/span><\/p>\n<ul>\n<li><a href=\"https:\/\/semmelweis.hu\/wiki\/kiegeszito-eszkozok\/appointment-hour-booking-hasznalata-beallitasoke-mailadmin\/\">Appointment Hour Booking haszn\u00e1lata (be\u00e1ll\u00edt\u00e1sok,e-mail,admin)<\/a>\u00a0<\/li>\n<li><a href=\"https:\/\/semmelweis.hu\/wiki\/kiegeszito-eszkozok\/appointment-hour-booking-hasznalata-kezeles\/\">Appointment Hour Booking haszn\u00e1lata (kezel\u00e9s)<\/a>\u00a0<\/li>\n<li><strong><a href=\"https:\/\/semmelweis.hu\/wiki\/kiegeszito-eszkozok\/appointment-hour-booking-hasznalata-naptar-szerkesztese\/\">Appointment Hour Booking haszn\u00e1lata (napt\u00e1r szerkeszt\u00e9se)<\/a> <\/strong>&#8211; MOST EZEN AZ OLDALON \u00c1LLUNK<\/li>\n<\/ul>\n<\/div>\n<p>A napt\u00e1r szerkeszt\u00e9s gombj\u00e1ra kattintva alap\u00e9rtelmezetten a hozz\u00e1adhat\u00f3 mez\u0151k jelennek meg.<\/p>\n<p><img loading=\"lazy\" decoding=\"async\" class=\"alignnone size-full wp-image-1811\" src=\"https:\/\/semmelweis.hu\/wiki\/files\/2020\/06\/firefox_FEGOdQEZAn.png\" alt=\"mezo hozzaadasa\" width=\"738\" height=\"330\" srcset=\"https:\/\/semmelweis.hu\/wiki\/files\/2020\/06\/firefox_FEGOdQEZAn.png 738w, https:\/\/semmelweis.hu\/wiki\/files\/2020\/06\/firefox_FEGOdQEZAn-300x134.png 300w, https:\/\/semmelweis.hu\/wiki\/files\/2020\/06\/firefox_FEGOdQEZAn-150x67.png 150w\" sizes=\"auto, (max-width: 738px) 100vw, 738px\" \/><\/p>\n<p><strong>Ahhoz hogy szerkessz\u00fcnk<\/strong> valamit, a jobb oldalt l\u00e1that\u00f3 eddig elk\u00e9sz\u00edtett napt\u00e1r megjelen\u00edtett verzi\u00f3j\u00e1n kell <strong>belekattintani a megfelel\u0151 ter\u00fcletbe<\/strong>. <br \/>\nHa az egyik \u00e1ltalunk hozz\u00e1adott mez\u0151t szerkeszten\u00e9nk, akkor abba. De <strong>ha id\u0151pontot, d\u00e1tumot \u00e1ll\u00edtan\u00e1nk, akkor a napt\u00e1rra kattintsunk.<\/strong><\/p>\n<p>Szerkeszthetj\u00fck a szolg\u00e1ltat\u00e1st, az el\u00e9rhet\u0151 id\u0151pontokat, h\u00e1nyan foglalhassanak egy helyre, stb.<\/p>\n<p><img loading=\"lazy\" decoding=\"async\" class=\"alignnone size-full wp-image-1812\" src=\"https:\/\/semmelweis.hu\/wiki\/files\/2020\/06\/firefox_1C6B7hwAqh.png\" alt=\"naptar szerkesztese\" width=\"600\" height=\"394\" srcset=\"https:\/\/semmelweis.hu\/wiki\/files\/2020\/06\/firefox_1C6B7hwAqh.png 600w, https:\/\/semmelweis.hu\/wiki\/files\/2020\/06\/firefox_1C6B7hwAqh-300x197.png 300w, https:\/\/semmelweis.hu\/wiki\/files\/2020\/06\/firefox_1C6B7hwAqh-150x99.png 150w\" sizes=\"auto, (max-width: 600px) 100vw, 600px\" \/><\/p>\n<div class=\"responsive-tabs\">\n<h2 class=\"tabtitle\">K\u00f6z\u00f6s be\u00e1ll\u00edt\u00e1sok<\/h2>\n<div class=\"tabcontent\">\n\n<p>Az al\u00e1bbi \u00e9rt\u00e9kek k\u00f6z\u00f6sek a napt\u00e1rn\u00e1l, \u00e9s minden egy\u00e9b mez\u0151n\u00e9l:<\/p>\n<p><img loading=\"lazy\" decoding=\"async\" class=\"alignnone size-full wp-image-1828\" src=\"https:\/\/semmelweis.hu\/wiki\/files\/2020\/06\/firefox_vHwJcHAor4.png\" alt=\"k\u00f6z\u00f6s napt\u00e1r adatok\" width=\"725\" height=\"362\" srcset=\"https:\/\/semmelweis.hu\/wiki\/files\/2020\/06\/firefox_vHwJcHAor4.png 725w, https:\/\/semmelweis.hu\/wiki\/files\/2020\/06\/firefox_vHwJcHAor4-300x150.png 300w, https:\/\/semmelweis.hu\/wiki\/files\/2020\/06\/firefox_vHwJcHAor4-150x75.png 150w\" sizes=\"auto, (max-width: 725px) 100vw, 725px\" \/><\/p>\n<ul>\n<li><strong>Field Label<\/strong>\n<ul>\n<li>Ez jelenik meg a tetej\u00e9n, ez egy c\u00edmnek felel meg<\/li>\n<\/ul>\n<\/li>\n<li><strong>Short Label<\/strong> (nem k\u00f6telez\u0151)\n<ul>\n<li>Ha <strong>export\u00e1ljuk t\u00e1bl\u00e1zatk\u00e9nt a napt\u00e1r adatait<\/strong>, akkor az ide \u00edrt sz\u00f6veg lesz az oszlop tetej\u00e9n. Ha \u00fcres, a Field Label-n\u00e9l megadott adat lesz helyette<\/li>\n<\/ul>\n<\/li>\n<li><strong>Field name, tag for the message:<\/strong>\n<ul>\n<li>Az e-mailben amit k\u00fcld\u00fcnk a felhaszn\u00e1l\u00f3nak, vagy az adminoknak, konkr\u00e9t adatokat jelen\u00edthet\u00fcnk meg. <br \/>\nHa a Keresztn\u00e9v mez\u0151n\u00e9l azt l\u00e1tjuk, hogy <em>\u201e&lt;%fieldname3%&gt;\u201d<\/em>, akkor ezt egy az egyben az emailbe \u00edrva, <strong>be fogja helyettes\u00edteni<\/strong> azt, amit Keresztn\u00e9vnek megadott a felhaszn\u00e1l\u00f3.<br \/>\nTeh\u00e1t mi ezt \u00edrjuk: <em>\u201eKedves &lt;%fieldname3%&gt;\u201d<\/em><br \/>\nA felhaszn\u00e1l\u00f3 be\u00edrja ezt:<em> \u201eG\u00e1bor\u201d<\/em> <strong>(Ez a &lt;%fieldname3%&gt; ebben az esetben)<\/strong><br \/>\nAmi az e-mailben l\u00e1tsz\u00f3dni fog: <em>\u201eKedves G\u00e1bor\u201d<\/em><\/li>\n<\/ul>\n<\/li>\n<li><strong>Field Size\/Field Layout<\/strong>\n<ul>\n<li>A mez\u0151 <strong>sz\u00e9less\u00e9ge<\/strong>, illetve <strong>oszlopos elrendez\u00e9se<\/strong>. Att\u00f3l f\u00fcgg milyen t\u00edpus\u00fa mez\u0151be kattintunk<\/li>\n<\/ul>\n<\/li>\n<li><strong>Required<\/strong>\n<ul>\n<li>Ha ezt bepip\u00e1ljuk, akkor <strong>addig nem enged foglalni, am\u00edg ez az adat nincs megadva.<\/strong><\/li>\n<li>Lehet p\u00e9ld\u00e1ul, hogy a Vezet\u00e9kn\u00e9v nem k\u00f6telez\u0151, de a telefonsz\u00e1m n\u00e9lk\u00fcl nem akarjuk tov\u00e1bb engedni a felhaszn\u00e1l\u00f3t. Ebben az esetben a telefonsz\u00e1mn\u00e1l pip\u00e1ljuk be ezt.<\/li>\n<\/ul>\n<\/li>\n<\/ul>\n\n<\/div><h2 class=\"tabtitle\">Sz\u00f6veges,egy\u00e9b mez\u0151k opci\u00f3i<\/h2>\n<div class=\"tabcontent\">\n\n<ul>\n<li><strong>Predefined Value<\/strong>(sz\u00f6veges mez\u0151, sz\u00e1m mez\u0151)\n<ul>\n<li>Sz\u00f6veges mez\u0151kn\u00e9l megadhatunk egy alap sz\u00f6veget\/\u00e9rt\u00e9ket amit ki\u00edr, hogy \u00e9rthet\u0151bb legyen a felhaszn\u00e1l\u00f3nak. <em><strong>Egy p\u00e9lda bevitel.<\/strong><\/em><br \/>\nEgy e-mail tal\u00e1n nem szorul magyar\u00e1zatra, de a telefonsz\u00e1mn\u00e1l seg\u00edthet\u00fcnk p\u00e9ld\u00e1ul azzal, ha megadjuk itt, milyen form\u00e1tumban v\u00e1rjuk a be\u00edr\u00e1s\u00e1t.<br \/>\n: \u201e301112233\u201d vagy \u201e+36-30\/111-22-33\u201d<\/li>\n<\/ul>\n<\/li>\n<li><strong>Number mez\u0151<\/strong>\n<ul>\n<li>Ez esetben megadhatunk <strong>minimum<\/strong> \u00e9s <strong>maximum \u00e9rt\u00e9ket<\/strong> is, amiket <strong>nem lehet meghaladni.<\/strong> Illetve itt is meg lehet adni <strong>alap\u00e9rtelmezett \u00e9rt\u00e9ket<\/strong> <strong>[Predefined Value]<\/strong><\/li>\n<\/ul>\n<\/li>\n<li><strong>Egy\u00e9b mez\u0151k<\/strong>\n<ul>\n<li>M\u00e1s t\u00edpus\u00fa mez\u0151k eset\u00e9ben pedig itt \u00e1ll\u00edthatjuk be a <strong>lehet\u0151s\u00e9geket.<\/strong> Pl. <strong>r\u00e1di\u00f3 gombos<\/strong> v\u00e1laszt\u00e1s, vagy <strong>leg\u00f6rd\u00fcl\u0151 lista<\/strong> egyes elemeit<\/li>\n<\/ul>\n<\/li>\n<\/ul>\n<p><img loading=\"lazy\" decoding=\"async\" class=\"alignnone size-full wp-image-1813\" src=\"https:\/\/semmelweis.hu\/wiki\/files\/2020\/06\/firefox_4ewvVFtKky.png\" alt=\"dropdown \u00e9rt\u00e9kei\" width=\"728\" height=\"200\" srcset=\"https:\/\/semmelweis.hu\/wiki\/files\/2020\/06\/firefox_4ewvVFtKky.png 728w, https:\/\/semmelweis.hu\/wiki\/files\/2020\/06\/firefox_4ewvVFtKky-300x82.png 300w, https:\/\/semmelweis.hu\/wiki\/files\/2020\/06\/firefox_4ewvVFtKky-150x41.png 150w\" sizes=\"auto, (max-width: 728px) 100vw, 728px\" \/><\/p>\n<ul>\n<li><strong>Use Predefined Value as placeholder<\/strong>\n<ul>\n<li>Ha azt szeretn\u00e9nk, hogy az <strong>el\u0151re megadott alap \u00e9rt\u00e9k csak kisz\u00fcrk\u00edtve jelenjen meg<\/strong>, ne kelljen \u00e1t\u00edrni<\/li>\n<\/ul>\n<\/li>\n<li><strong>Instructions for User<\/strong>\n<ul>\n<li><strong>Egy\u00e9rtelm\u0171s\u00edthetj\u00fck<\/strong> a felhaszn\u00e1l\u00f3 sz\u00e1m\u00e1ra a <strong>v\u00e1rt adatot<\/strong>. Ak\u00e1r a jelent\u00e9s\u00e9t, ak\u00e1r a form\u00e1tum\u00e1t, megmagyar\u00e1zhatjuk plusz infok\u00e9nt.<\/li>\n<\/ul>\n<\/li>\n<\/ul>\n\n<\/div><h2 class=\"tabtitle\">Napt\u00e1r szerkeszt\u00e9se (szolg\u00e1ltat\u00e1sok)<\/h2>\n<div class=\"tabcontent\">\n\n<p>Itt \u00e1ll\u00edthatunk be mindent az id\u0151pontokkal kapcsolatban:<\/p>\n<p><img loading=\"lazy\" decoding=\"async\" class=\"alignnone size-full wp-image-1814\" src=\"https:\/\/semmelweis.hu\/wiki\/files\/2020\/06\/firefox_g60mS5KkQ5.png\" alt=\"Szolg\u00e1ltat\u00e1sok\" width=\"427\" height=\"191\" srcset=\"https:\/\/semmelweis.hu\/wiki\/files\/2020\/06\/firefox_g60mS5KkQ5.png 427w, https:\/\/semmelweis.hu\/wiki\/files\/2020\/06\/firefox_g60mS5KkQ5-300x134.png 300w, https:\/\/semmelweis.hu\/wiki\/files\/2020\/06\/firefox_g60mS5KkQ5-150x67.png 150w\" sizes=\"auto, (max-width: 427px) 100vw, 427px\" \/><\/p>\n<ul>\n<li>Services\n<ul>\n<li>Itt adhatjuk meg a szolg\u00e1ltat\u00e1sokat<\/li>\n<li><strong>Name<\/strong>: A szolg\u00e1ltat\u00e1s neve<\/li>\n<li><strong>Price<\/strong>: \u00c1r, b\u00e1r ezt jelenleg sehol nem haszn\u00e1ljuk, nincs fizet\u00e9s<\/li>\n<li><strong>Capacity<\/strong>: Erre a szolg\u00e1ltat\u00e1sra h\u00e1nyan jelentkezhetnek maximum\n<ul>\n<li>pl van ahol 1 ember 1 alkalom volt a k\u00e9r\u00e9s, de volt ahol 1 \u00f3r\u00e1s intervallumra jelentkezhetett 10-20 ember<\/li>\n<\/ul>\n<\/li>\n<li><strong>Duration<\/strong>: A foglal\u00e1s hossza, id\u0151tartama<\/li>\n<li><strong>Padding time before\/after<\/strong>\n<ul>\n<li>Ha kell minden vizsg\u00e1lat k\u00f6zt egy 2 vagy ak\u00e1r 5 perc am\u00edg felk\u00e9sz\u00fcl\u00e9s t\u00f6rt\u00e9nik, vagy fert\u0151tlen\u00edt\u00e9s, ak\u00e1rmi akkor itt be\u00e1ll\u00edthatjuk a szolg\u00e1ltat\u00e1s EL\u0150TT vagy UT\u00c1N <strong>h\u00e1ny perc sz\u00fcnet<\/strong> legyen. Automatikusan ez alapj\u00e1n fogja alak\u00edtani az id\u0151pontokat.<\/li>\n<\/ul>\n<\/li>\n<li>A fel \u00e9s le <strong>nyilakkal<\/strong> <strong>rendezhetj\u00fck \u00e1t<\/strong> a szolg\u00e1ltat\u00e1sok <strong>sorrendj\u00e9t<\/strong><\/li>\n<li>A <em><strong>\u2013<\/strong><\/em> elt\u00fcnteti a kijel\u00f6ltet, a <em><strong>+<\/strong><\/em> pedig hozz\u00e1ad egy \u00fajabb sort (szolg\u00e1ltat\u00e1st)<\/li>\n<li><strong>Open Hours<\/strong>\n<ul>\n<li>csak akk jelenik meg,ha van t\u00f6bbf\u00e9le nyitva tart\u00e1s megadva (k\u00e9s\u0151bb)<\/li>\n<\/ul>\n<\/li>\n<\/ul>\n<\/li>\n<\/ul>\n<p><img loading=\"lazy\" decoding=\"async\" class=\"alignnone size-full wp-image-1816\" src=\"https:\/\/semmelweis.hu\/wiki\/files\/2020\/06\/firefox_f0nGU4KenO.png\" alt=\"id\u0151pontok egy\u00e9b opci\u00f3i\" width=\"517\" height=\"141\" srcset=\"https:\/\/semmelweis.hu\/wiki\/files\/2020\/06\/firefox_f0nGU4KenO.png 517w, https:\/\/semmelweis.hu\/wiki\/files\/2020\/06\/firefox_f0nGU4KenO-300x82.png 300w, https:\/\/semmelweis.hu\/wiki\/files\/2020\/06\/firefox_f0nGU4KenO-150x41.png 150w\" sizes=\"auto, (max-width: 517px) 100vw, 517px\" \/><\/p>\n<p>Egy\u00e9b opci\u00f3k a k\u00e9pen:<\/p>\n<ol>\n<li><strong>Generate time slots automatically based on service duration<\/strong><br \/>\nHa be van pip\u00e1lva, <strong>automatikusan gener\u00e1lja az id\u0151pontokat<\/strong>, a szolg\u00e1ltat\u00e1s <strong>be\u00e1ll\u00edtott id\u0151tartama<\/strong> (\u00e9s esetleg a k\u00f6ztes sz\u00fcnetek) <strong>alapj\u00e1n<\/strong>.<br \/>\nHa kikapcsoljuk, akkor megadhatjuk hogy mondjuk f\u00e9l\u00f3r\u00e1nk\u00e9nt legyenek id\u0151pontok<\/li>\n<li><strong>Show used slots<\/strong><br \/>\nEz elvileg mutatja a foglalt id\u0151pontokat is, de ezt m\u00e9g nem tudom pontosan hol jelzi. Egy id\u0151pont foglal\u00e1shoz nem is \u00e9rdekes.<\/li>\n<li><strong>Make user choose service before display times<\/strong><br \/>\nA felhaszn\u00e1l\u00f3nak <strong>musz\u00e1j kiv\u00e1lasztania egy szolg\u00e1ltat\u00e1st miel\u0151tt egy\u00e1ltal\u00e1n megjelennek<\/strong> neki az <strong>id\u0151pontok<\/strong><\/li>\n<li><strong>Avoid overlapping between services<\/strong><br \/>\nBekapcsolva: Egy id\u0151pontra, csak egyetlen szolg\u00e1ltat\u00e1s foglalhat\u00f3 le<br \/>\nKikapcsolva: Minden szolg\u00e1ltat\u00e1sn\u00e1l k\u00fcl\u00f6n kezel egy adott id\u0151pontot<\/li>\n<li><strong>Text<\/strong>: A sz\u00f6veg ami megjelenik a szolg\u00e1ltat\u00e1s kiv\u00e1laszt\u00e1sa el\u0151tt a leg\u00f6rd\u00fcl\u0151 men\u00fcben<\/li>\n<\/ol>\n\n<\/div><h2 class=\"tabtitle\">Nyitvatart\u00e1si id\u0151<\/h2>\n<div class=\"tabcontent\">\n\n<p><strong>Open Hours [nyitvatart\u00e1si id\u0151]<\/strong><\/p>\n<ul>\n<li>Van egy alap ahol be\u00e1ll\u00edthatjuk, hogy mondjuk <strong>minden nap 8:00 \u00e9s 17:00<\/strong> k\u00f6zt van nyitva<\/li>\n<li>A<strong> plusz jellel<\/strong> hozz\u00e1adhatunk egy <strong>kiv\u00e9telt<\/strong>, p\u00e9ld\u00e1ul hogy <strong>Vas\u00e1rnap csak 10:00 \u00e9s 14:00<\/strong> k\u00f6z\u00f6tt p\u00e9ld\u00e1ul<\/li>\n<\/ul>\n<p><img loading=\"lazy\" decoding=\"async\" class=\"alignnone size-full wp-image-1817\" src=\"https:\/\/semmelweis.hu\/wiki\/files\/2020\/06\/firefox_tmkNwVaLAZ.png\" alt=\"nyitvatart\u00e1si id\u0151\" width=\"419\" height=\"136\" srcset=\"https:\/\/semmelweis.hu\/wiki\/files\/2020\/06\/firefox_tmkNwVaLAZ.png 419w, https:\/\/semmelweis.hu\/wiki\/files\/2020\/06\/firefox_tmkNwVaLAZ-300x97.png 300w, https:\/\/semmelweis.hu\/wiki\/files\/2020\/06\/firefox_tmkNwVaLAZ-150x49.png 150w\" sizes=\"auto, (max-width: 419px) 100vw, 419px\" \/><\/p>\n<p>Ezalatt pedig <strong>k\u00fcl\u00f6nleges nyitva tart\u00e1st<\/strong> adhatunk meg. Ha p\u00e9ld\u00e1ul a legt\u00f6bb szolg\u00e1ltat\u00e1s el\u00e9rhet\u0151 a megadott nyitva tart\u00e1s alatt, de mondjuk \u201eolt\u00e1s\u201d-ra csak 8:00 \u00e9s 10:00 k\u00f6z\u00f6tt lehet jelentkezni, akkor l\u00e9trehozhatunk ennek egy <strong>k\u00fcl\u00f6n id\u0151tartamot<\/strong>.<\/p>\n<p><img loading=\"lazy\" decoding=\"async\" class=\"alignnone size-full wp-image-1818\" src=\"https:\/\/semmelweis.hu\/wiki\/files\/2020\/06\/firefox_sMGAnKJjJp.png\" alt=\"k\u00fcl\u00f6nleges nyitvatart\u00e1s\" width=\"417\" height=\"118\" srcset=\"https:\/\/semmelweis.hu\/wiki\/files\/2020\/06\/firefox_sMGAnKJjJp.png 417w, https:\/\/semmelweis.hu\/wiki\/files\/2020\/06\/firefox_sMGAnKJjJp-300x85.png 300w, https:\/\/semmelweis.hu\/wiki\/files\/2020\/06\/firefox_sMGAnKJjJp-150x42.png 150w\" sizes=\"auto, (max-width: 417px) 100vw, 417px\" \/><\/p>\n<p>Ezut\u00e1n pedig az olt\u00e1s <strong>szolg\u00e1ltat\u00e1sn\u00e1l<\/strong> az \u201eOpen Hours\u201d opci\u00f3n\u00e1l a \u201eDefault\u201d helyett erre kell \u00e1ll\u00edtani.<br \/>\n\u00c9n most ide is \u201eOlt\u00e1s\u201d-t \u00edrtam, hogy besz\u00e9des legyen, de ez lehet b\u00e1rmi amit mi megadunk.<\/p>\n<p><img loading=\"lazy\" decoding=\"async\" class=\"alignnone size-full wp-image-1819\" src=\"https:\/\/semmelweis.hu\/wiki\/files\/2020\/06\/firefox_Crot3noaCP.png\" alt=\"k\u00fcl\u00f6nleges id\u0151 be\u00e1ll\u00edt\u00e1sa szolg\u00e1ltat\u00e1shoz\" width=\"267\" height=\"235\" srcset=\"https:\/\/semmelweis.hu\/wiki\/files\/2020\/06\/firefox_Crot3noaCP.png 267w, https:\/\/semmelweis.hu\/wiki\/files\/2020\/06\/firefox_Crot3noaCP-150x132.png 150w\" sizes=\"auto, (max-width: 267px) 100vw, 267px\" \/><\/p>\n<p>\u00cdgy ha ezt v\u00e1lasztj\u00e1k a szolg\u00e1ltat\u00e1sok k\u00f6z\u00fcl, akkor eleve csak a megadott id\u0151intervallumb\u00f3l enged majd v\u00e1lasztani.<\/p>\n<p>Egy\u00e9b be\u00e1ll\u00edt\u00e1sok a napt\u00e1rral kapcsolatban:<\/p>\n<p><img loading=\"lazy\" decoding=\"async\" class=\"alignnone size-full wp-image-1820\" src=\"https:\/\/semmelweis.hu\/wiki\/files\/2020\/06\/firefox_Red3d4jU8H.png\" alt=\"egy\u00e9b be\u00e1ll\u00edt\u00e1sok\" width=\"488\" height=\"297\" srcset=\"https:\/\/semmelweis.hu\/wiki\/files\/2020\/06\/firefox_Red3d4jU8H.png 488w, https:\/\/semmelweis.hu\/wiki\/files\/2020\/06\/firefox_Red3d4jU8H-300x183.png 300w, https:\/\/semmelweis.hu\/wiki\/files\/2020\/06\/firefox_Red3d4jU8H-150x91.png 150w\" sizes=\"auto, (max-width: 488px) 100vw, 488px\" \/><\/p>\n<p><strong>Working dates<\/strong>: Azokat a napokat pip\u00e1ljuk be, <strong>amikor munkaid\u0151 van<\/strong>. Ha h\u00e9tv\u00e9g\u00e9n nem el\u00e9rhet\u0151 a szolg\u00e1ltat\u00e1s, akkor azokb\u00f3l vegy\u00fck ki a pip\u00e1t<\/p>\n<p><strong>First date<\/strong>: A napt\u00e1rat \u00fagy jelen\u00edti meg, hogy az itt kiv\u00e1lasztott legyen az els\u0151 nap. Most h\u00e9tf\u0151, de b\u00e1rmelyik nappal kezd\u0151dhet. Vas\u00e1rnappal p\u00e9ld\u00e1ul, mint sok napt\u00e1rn\u00e1l szok\u00e1s.<\/p>\n<p><strong>Military time<\/strong>: Az \u00e1ltalunk is haszn\u00e1lt 24 \u00f3r\u00e1s id\u0151beoszt\u00e1s legyen-e, vagy pedig 12-ig menjen az AM \u00e9s PM jel\u00f6l\u00e9sekkel.<\/p>\n<p><strong>Number of months<\/strong>: Az egyszerre megjelen\u00edtett h\u00f3napok sz\u00e1ma. Ezt \u00e9rdemes tal\u00e1n 1-en hagyni, a h\u00f3napok k\u00f6zt \u00edgy is lehet majd l\u00e9pkedni a nyilakkal<\/p>\n<p><strong>Max number of appointments<\/strong>: Egy felhaszn\u00e1l\u00f3 annyiszor foglalhat id\u0151pontot, amennyi az itt megadott \u00e9rt\u00e9k. Jelenleg \u201eunlimited\u201d a p\u00e9ld\u00e1ban, vagyis korl\u00e1tlan, de levihetj\u00fck 1-re, ha azt akarjuk, hogy senki ne foglaljon t\u00f6bb id\u0151pontot.<\/p>\n\n<\/div><h2 class=\"tabtitle\">El\u00e9rhet\u0151 d\u00e1tumok be\u00e1ll\u00edt\u00e1sa<\/h2>\n<div class=\"tabcontent\">\n\n<p><strong><em>Ez tal\u00e1n az egyik legfontosabb r\u00e9sz, amit szinte minden szerkeszt\u0151 haszn\u00e1lni fog, ha v\u00e1ltoztatni akar az el\u00e9rhet\u0151 id\u0151pontokon.<\/em><\/strong><\/p>\n<p><img loading=\"lazy\" decoding=\"async\" class=\"alignnone size-full wp-image-1821\" src=\"https:\/\/semmelweis.hu\/wiki\/files\/2020\/06\/firefox_00Gem3Sx4Q.png\" alt=\"d\u00e1tum be\u00e1ll\u00edt\u00e1sok\" width=\"374\" height=\"199\" srcset=\"https:\/\/semmelweis.hu\/wiki\/files\/2020\/06\/firefox_00Gem3Sx4Q.png 374w, https:\/\/semmelweis.hu\/wiki\/files\/2020\/06\/firefox_00Gem3Sx4Q-300x160.png 300w, https:\/\/semmelweis.hu\/wiki\/files\/2020\/06\/firefox_00Gem3Sx4Q-150x80.png 150w\" sizes=\"auto, (max-width: 374px) 100vw, 374px\" \/><\/p>\n<p><strong>Default date<\/strong>: Ez az a nap ami <strong>alapb\u00f3l ki lesz jel\u00f6lve ha megnyitj\u00e1k a napt\u00e1rat<\/strong>. Ha nem \u00edrunk be semmit, automatikusan az aktu\u00e1lis napot jel\u00f6li ki. Ha egy <strong>sz\u00e1mot \u00edrunk<\/strong>, az aktu\u00e1lis naphoz k\u00e9pest <strong>annyival k\u00e9s\u0151bbit<\/strong>. <br \/>\nTeh\u00e1t ha be\u00edrom a 2-est -&gt; 06\/23.-\u00e1n 06\/25 lesz kijel\u00f6lve. Negat\u00edv \u00e9rt\u00e9k is lehet.<br \/>\n(-1 p\u00e9ld\u00e1ul a tegnap, +2 a holnaput\u00e1n)<\/p>\n<p>Egy <strong>m\u00e1sik form\u00e1z\u00e1s<\/strong>i lehet\u0151s\u00e9g hogy nem csak napokat akarunk ugrani, hanem <strong>eg\u00e9sz h\u00f3napot<\/strong>. <br \/>\nSz\u00f6veges form\u00e1ban megadhatjuk ezeket. <br \/>\nAz <strong>els\u0151<\/strong> az <strong>el\u0151jel<\/strong>, <strong>ut\u00e1na<\/strong> a <strong>mennyis\u00e9g<\/strong>, \u00e9s <strong>v\u00e9g\u00fcl<\/strong> az <strong>\u00e9v\/h\u00f3nap\/nap<\/strong> (y\/m\/d)<br \/>\nP\u00e9ld\u00e1k:<\/p>\n<p><strong>+2d<\/strong> \u2013 k\u00e9t nappal k\u00e9s\u0151bb (m\u00e1hoz k\u00e9pest)<\/p>\n<p><strong>-3d<\/strong> \u2013 3 nappal kor\u00e1bban mint az aktu\u00e1lis d\u00e1tum(ma)<\/p>\n<p><strong>+2m<\/strong> \u2013 2 h\u00f3nappal k\u00e9s\u0151bb mint az aktu\u00e1lis d\u00e1tum(ma)<\/p>\n<p><strong>Ugyanezek<\/strong> a <strong>form\u00e1z\u00e1si lehet\u0151s\u00e9gek<\/strong> \u00e9rv\u00e9nyesek a <strong>Min Date<\/strong> \u00e9s a <strong>Max Date<\/strong> sorokra is. Azonban m\u00e1s a jelent\u00e9s\u00fck.<\/p>\n<p>A<strong> min date<\/strong> a <strong>legkor\u00e1bbi id\u0151pont amikort\u00f3l lehet foglalni<\/strong>. <br \/>\nHa d\u00e1tumot \u00edrunk, akkor az az els\u0151 amire r\u00e1 lehet egy\u00e1ltal\u00e1n kattintani. <br \/>\nHa pedig a fent megadott form\u00e1ban \u00edrunk valamit, az mindig az aktu\u00e1lis d\u00e1tum (ma) f\u00fcggv\u00e9ny\u00e9ben v\u00e1ltozik.<br \/>\nTeh\u00e1t a <strong>Min Date: 2<\/strong> azt jelenti, hogy <strong>minden napon csak 2 nappal k\u00e9s\u0151bbre tudok foglalni.<\/strong><br \/>\nHa \u00fcresen hagyjuk, akkor m\u00e9g aznapra is engedi, <em>ezt nem biztos hogy akarjuk.<\/em><br \/>\nHa pedig nem akarjuk hogy h\u00f3napokkal el\u0151re lefoglaljon valaki egy id\u0151pontot, a <strong>Max Dates<\/strong> sorban megadhatjuk az <strong>adott d\u00e1tumt\u00f3l (ma) kezdve h\u00e1ny nap legyen el\u00e9rhet\u0151.<\/strong><\/p>\n<p>Teh\u00e1t a fenti p\u00e9ld\u00e1t n\u00e9zve: J\u00fanius 8-\u00e1n megnyitom a napt\u00e1rat. <br \/>\nAz els\u0151 el\u00e9rhet\u0151 d\u00e1tum, \u00e9s egyben a m\u00e1r kijel\u00f6lt nap is j\u00fanius 10-e lesz. \u00c9s a legt\u00e1volabbi id\u0151pont amire tudok foglalni az j\u00fanius 20. <br \/>\nHiszen 10-\u00e9t\u0151l 10 napra van. <br \/>\nEz <strong>napt\u00e1ri napot sz\u00e1mol, nem pedig munkanapot<\/strong> (hiszen azt mi adjuk meg ahogyan csak akarjuk)<\/p>\n<p>Az <strong>Invalid Dates<\/strong> pedig egy <strong>bizonyos id\u0151szak kiz\u00e1r\u00e1s\u00e1ra val\u00f3<\/strong>. P\u00e9ld\u00e1ul <strong>egy h\u00e9t szabads\u00e1g<\/strong> eset\u00e9n, \u00edrjuk be a kezd\u0151 \u00e1s a befejez\u0151 d\u00e1tumot, vessz\u0151kkel vagy k\u00f6t\u0151jellel elv\u00e1lasztva.<\/p>\n<p>pl.: 06\/10\/2020,06\/17\/2020 vagy 06\/10\/2020-06\/17\/2020<\/p>\n<p>Egy\u00e9b opci\u00f3k:<\/p>\n<p><img loading=\"lazy\" decoding=\"async\" class=\"alignnone size-full wp-image-1822\" src=\"https:\/\/semmelweis.hu\/wiki\/files\/2020\/06\/chrome_gTP3fGYMUh.png\" alt=\"d\u00e1tum opci\u00f3k\" width=\"383\" height=\"153\" srcset=\"https:\/\/semmelweis.hu\/wiki\/files\/2020\/06\/chrome_gTP3fGYMUh.png 383w, https:\/\/semmelweis.hu\/wiki\/files\/2020\/06\/chrome_gTP3fGYMUh-300x120.png 300w, https:\/\/semmelweis.hu\/wiki\/files\/2020\/06\/chrome_gTP3fGYMUh-150x60.png 150w\" sizes=\"auto, (max-width: 383px) 100vw, 383px\" \/><\/p>\n<p>A k\u00e9pen l\u00e1that\u00f3 opci\u00f3k a k\u00f6vetkez\u0151k:<\/p>\n<p><strong>Show Dropdown Year and Month<\/strong>: Ha ezt enged\u00e9lyezz\u00fck, a napt\u00e1rban nem csak a nyilakkal l\u00e9ptetve tudunk haladni a h\u00f3napok k\u00f6zt, hanem <strong>konkr\u00e9t h\u00f3napot<\/strong>, illetve <strong>\u00e9vet v\u00e1laszthatunk egy leg\u00f6rd\u00fcl\u0151 list\u00e1b\u00f3l<\/strong>. <br \/>\n<em>A -10:+10 azt jelenti hogy visszafel\u00e9 \u00e9s el\u0151refel\u00e9 is 10 \u00e9vig megy el a lista. De konkr\u00e9t \u00e9vet is megadhatunk pl.: 1990:2050<\/em><\/p>\n<p><img loading=\"lazy\" decoding=\"async\" class=\"alignnone size-full wp-image-1823\" src=\"https:\/\/semmelweis.hu\/wiki\/files\/2020\/06\/chrome_yL4jUW7tIK.png\" alt=\"napt\u00e1r d\u00e1tum v\u00e1laszt\u00f3\" width=\"302\" height=\"224\" srcset=\"https:\/\/semmelweis.hu\/wiki\/files\/2020\/06\/chrome_yL4jUW7tIK.png 302w, https:\/\/semmelweis.hu\/wiki\/files\/2020\/06\/chrome_yL4jUW7tIK-300x223.png 300w, https:\/\/semmelweis.hu\/wiki\/files\/2020\/06\/chrome_yL4jUW7tIK-150x111.png 150w\" sizes=\"auto, (max-width: 302px) 100vw, 302px\" \/><\/p>\n<p><strong>Show End Time<\/strong>: Ha bekapcsoljuk, kijelzi az egyes id\u0151pontok befejez\u00e9s\u00e9nek idej\u00e9t is:<\/p>\n<p><img loading=\"lazy\" decoding=\"async\" class=\"alignnone size-full wp-image-1824\" src=\"https:\/\/semmelweis.hu\/wiki\/files\/2020\/06\/chrome_1iaYLxmJAb.png\" alt=\"foglal\u00e1s befejez\u0151 ideje\" width=\"245\" height=\"59\" srcset=\"https:\/\/semmelweis.hu\/wiki\/files\/2020\/06\/chrome_1iaYLxmJAb.png 245w, https:\/\/semmelweis.hu\/wiki\/files\/2020\/06\/chrome_1iaYLxmJAb-150x36.png 150w\" sizes=\"auto, (max-width: 245px) 100vw, 245px\" \/><\/p>\n<p><strong>Show Total Cost<\/strong>: Ha <strong>\u00e1r is meg van adva<\/strong> a szolg\u00e1ltat\u00e1shoz, egy id\u0151pont foglal\u00e1sakor <strong>ki fogja \u00edrni az \u00f6sszeget<\/strong> az \u00e1ltalunk megadott m\u00f3don. <br \/>\n<span style=\"color: #ff0000;\"><em><strong>A {0} hely\u00e9re az adott szolg\u00e1ltat\u00e1s \u00e1ra fog ker\u00fclni, azt ne \u00edrjuk \u00e1t<\/strong><\/em><\/span>. <br \/>\nAmit el\u00e9, vagy m\u00f6g\u00e9 \u00edrunk, az fog megjelenni sz\u00f6vegk\u00e9nt.<\/p>\n<p>Pl.: \u00c1r: <span style=\"color: #339966;\">150<\/span><br \/>\nAz eredeti form\u00e1tum: <span style=\"color: #339966;\"><strong>$ {0}<\/strong><\/span>. <br \/>\nEkkor ez fog megjelenni: <strong><span style=\"color: #339966;\">$ 150<\/span><\/strong><\/p>\n<p>Ha \u00e1t\u00edrom a k\u00f6vetkez\u0151re: <span style=\"color: #339966;\"><strong>{0} Ft<\/strong><\/span>, <br \/>\nakkor \u00edgy jelenik majd meg: <span style=\"color: #339966;\"><strong>150 Ft<\/strong><\/span><\/p>\n<p><strong>Show Quantity Field<\/strong>: Ha egy szolg\u00e1ltat\u00e1sb\u00f3l egy ember t\u00f6bbet is v\u00e1laszthat (quantity t\u00f6bb mint egy, \u00e9s az egy ember \u00e1ltal foglalhat\u00f3 id\u0151pont IS, akkor van \u00e9rtelme), akkor ezt a mez\u0151t jelen\u00edts\u00fck meg, hogy kiv\u00e1laszthassa a mennyis\u00e9get. (amennyi m\u00e9g szabad persze).<\/p>\n<p><img loading=\"lazy\" decoding=\"async\" class=\"alignnone size-full wp-image-1825\" src=\"https:\/\/semmelweis.hu\/wiki\/files\/2020\/06\/chrome_ZtSrhnsSOp.png\" alt=\"mennyis\u00e9g jelz\u00e9se\" width=\"321\" height=\"166\" srcset=\"https:\/\/semmelweis.hu\/wiki\/files\/2020\/06\/chrome_ZtSrhnsSOp.png 321w, https:\/\/semmelweis.hu\/wiki\/files\/2020\/06\/chrome_ZtSrhnsSOp-300x155.png 300w, https:\/\/semmelweis.hu\/wiki\/files\/2020\/06\/chrome_ZtSrhnsSOp-150x78.png 150w\" sizes=\"auto, (max-width: 321px) 100vw, 321px\" \/><\/p>\n\n<\/div><h2 class=\"tabtitle\">Gombok magyar\u00edt\u00e1sa<\/h2>\n<div class=\"tabcontent\">\n\n<p>\u00c9s v\u00e9g\u00fcl van m\u00e9g egy r\u00e9sz az Editorban ahol a megjelen\u00edtend\u0151 gombokat tudjuk magyaros\u00edtani.<\/p>\n<p><img loading=\"lazy\" decoding=\"async\" class=\"alignnone size-full wp-image-1826\" src=\"https:\/\/semmelweis.hu\/wiki\/files\/2020\/06\/firefox_mOmWiwuJIq.png\" alt=\"gombok leford\u00edt\u00e1sa\" width=\"1260\" height=\"312\" srcset=\"https:\/\/semmelweis.hu\/wiki\/files\/2020\/06\/firefox_mOmWiwuJIq.png 1260w, https:\/\/semmelweis.hu\/wiki\/files\/2020\/06\/firefox_mOmWiwuJIq-300x74.png 300w, https:\/\/semmelweis.hu\/wiki\/files\/2020\/06\/firefox_mOmWiwuJIq-1024x254.png 1024w, https:\/\/semmelweis.hu\/wiki\/files\/2020\/06\/firefox_mOmWiwuJIq-150x37.png 150w, https:\/\/semmelweis.hu\/wiki\/files\/2020\/06\/firefox_mOmWiwuJIq-768x190.png 768w, https:\/\/semmelweis.hu\/wiki\/files\/2020\/06\/firefox_mOmWiwuJIq-753x186.png 753w\" sizes=\"auto, (max-width: 1260px) 100vw, 1260px\" \/><\/p>\n<p>Amit ide be\u00edrunk, az fog megjelenni a <strong>gombokon<\/strong> a napt\u00e1rban.<br \/>\nIlletve lejjebb a <strong>hiba\u00fczeneteket<\/strong> is \u00e1t\u00edrhatjuk. <br \/>\nM\u00e9g ha magyarul is van, ha a <em>\u201eNem j\u00f3 telefonsz\u00e1m\u201d<\/em> helyett azt szeretn\u00e9nk hogy a helyes is ki legyen \u00edrva, akkor \u00edrhatjuk p\u00e9ld\u00e1ul a k\u00f6vetkez\u0151t:<\/p>\n<p><em>\u201eA helyes telefonsz\u00e1m form\u00e1tumot adja meg k\u00e9rem: +36-30\/000-00-00\u201d<\/em><\/p>\n<\/div><\/div>\n","protected":false},"excerpt":{"rendered":"<p>Figyelem! Az al\u00e1bbiakban a WordPressben haszn\u00e1lt r\u00e9gi foglal\u00f3rendszer le\u00edr\u00e1sa olvashat\u00f3 \u2013 helyette javasolt az O365-ben el\u00e9rhet\u0151 <a style=\"background-color: #f0f3f6; font-size: 1rem;\" href=\"https:\/\/book.ms\" target=\"_blank\" rel=\"noopener\">Bookings<\/a> alkalmaz\u00e1s haszn\u00e1lata. <a href=\"https:\/\/semmelweis.hu\/wiki\/kiegeszito-eszkozok\/appointment-hour-booking-hasznalata-beallitasoke-mailadmin\/\">Appointment Hour Booking haszn\u00e1lata (be\u00e1ll\u00edt\u00e1sok,e-mail,admin)<\/a> \u00a0 <a href=\"https:\/\/semmelweis.hu\/wiki\/kiegeszito-eszkozok\/appointment-hour-booking-hasznalata-kezeles\/\">Appointment Hour Booking haszn\u00e1lata (kezel\u00e9s)<\/a> \u00a0 <a href=\"https:\/\/semmelweis.hu\/wiki\/kiegeszito-eszkozok\/appointment-hour-booking-hasznalata-naptar-szerkesztese\/\">Appointment Hour Booking haszn\u00e1lata (napt\u00e1r szerkeszt\u00e9se)<\/a> &#8211; MOST EZEN AZ OLDALON \u00c1LLUNK A napt\u00e1r szerkeszt\u00e9s gombj\u00e1ra kattintva alap\u00e9rtelmezetten a hozz\u00e1adhat\u00f3 mez\u0151k jelennek meg. Ahhoz hogy szerkessz\u00fcnk valamit, a jobb oldalt l\u00e1that\u00f3 eddig elk\u00e9sz\u00edtett napt\u00e1r megjelen\u00edtett verzi\u00f3j\u00e1n kell belekattintani a megfelel\u0151 ter\u00fcletbe. &hellip;<\/p>\n","protected":false},"author":12,"featured_media":0,"parent":1833,"menu_order":13,"comment_status":"closed","ping_status":"closed","template":"template-fullwidth.php","meta":{"_acf_changed":false,"footnotes":""},"categories":[],"tags":[],"class_list":["post-1810","page","type-page","status-publish","hentry"],"acf":[],"publishpress_future_action":{"enabled":false,"date":"1970-01-01 01:00:00","action":"","terms":[],"taxonomy":"","browser_timezone_offset":0},"_links":{"self":[{"href":"https:\/\/semmelweis.hu\/wiki\/wp-json\/wp\/v2\/pages\/1810","targetHints":{"allow":["GET"]}}],"collection":[{"href":"https:\/\/semmelweis.hu\/wiki\/wp-json\/wp\/v2\/pages"}],"about":[{"href":"https:\/\/semmelweis.hu\/wiki\/wp-json\/wp\/v2\/types\/page"}],"author":[{"embeddable":true,"href":"https:\/\/semmelweis.hu\/wiki\/wp-json\/wp\/v2\/users\/12"}],"replies":[{"embeddable":true,"href":"https:\/\/semmelweis.hu\/wiki\/wp-json\/wp\/v2\/comments?post=1810"}],"version-history":[{"count":10,"href":"https:\/\/semmelweis.hu\/wiki\/wp-json\/wp\/v2\/pages\/1810\/revisions"}],"predecessor-version":[{"id":3317,"href":"https:\/\/semmelweis.hu\/wiki\/wp-json\/wp\/v2\/pages\/1810\/revisions\/3317"}],"up":[{"embeddable":true,"href":"https:\/\/semmelweis.hu\/wiki\/wp-json\/wp\/v2\/pages\/1833"}],"wp:attachment":[{"href":"https:\/\/semmelweis.hu\/wiki\/wp-json\/wp\/v2\/media?parent=1810"}],"wp:term":[{"taxonomy":"category","embeddable":true,"href":"https:\/\/semmelweis.hu\/wiki\/wp-json\/wp\/v2\/categories?post=1810"},{"taxonomy":"post_tag","embeddable":true,"href":"https:\/\/semmelweis.hu\/wiki\/wp-json\/wp\/v2\/tags?post=1810"}],"curies":[{"name":"wp","href":"https:\/\/api.w.org\/{rel}","templated":true}]}}