{"id":4403,"date":"2023-05-26T12:32:50","date_gmt":"2023-05-26T10:32:50","guid":{"rendered":"https:\/\/semmelweis.hu\/urologia\/?page_id=4403"},"modified":"2023-05-31T12:56:40","modified_gmt":"2023-05-31T10:56:40","slug":"latogatasi-rend","status":"publish","type":"page","link":"https:\/\/semmelweis.hu\/urologia\/betegellatas\/latogatasi-rend\/","title":{"rendered":"L\u00e1togat\u00e1si rend"},"content":{"rendered":"<h4><strong>A l\u00e1togat\u00e1si rend az Urol\u00f3giai Klinik\u00e1n<\/strong><\/h4>\n<h5>L\u00e1togat\u00e1si id\u0151 a h\u00e9t minden napj\u00e1n:\u00a0d\u00e9lut\u00e1n 16-18 \u00f3r\u00e1ig<\/h5>\n<p><strong>K\u00e9rj\u00fck, a l\u00e1togat\u00e1si id\u0151t tarts\u00e1k be! <\/strong>Betegeink l\u00e1togat\u00f3kat ezen id\u0151szakban fogadhatnak a gy\u00f3gy\u00edt\u00f3 munka \u00e9s a betegek zavartalan gy\u00f3gyul\u00e1sa, pihen\u00e9s\u00fck akad\u00e1lyoz\u00e1sa n\u00e9lk\u00fcl.<\/p>\n<p>A betegek l\u00e1togat\u00f3ikat a k\u00f3rteremben \u00e9s a folyos\u00f3n is fogadhatj\u00e1k. J\u00f3 id\u0151 eset\u00e9n fennj\u00e1r\u00f3 betegeink hozz\u00e1tartoz\u00f3ikkal az udvarra is lemehetnek max. 30 percre, de k\u00e9rj\u00fck, ha elhagyja a beteg az oszt\u00e1lyt, felt\u00e9tlen\u00fcl sz\u00f3ljon az \u00e1pol\u00f3nak!<em>\u00a0\u00a0<\/em><\/p>\n<p>K\u00e9rj\u00fck, hogy a t\u00f6bbi beteg nyugalm\u00e1t a l\u00e1togat\u00e1s sor\u00e1n ne zavarj\u00e1k! <strong>Abban az esetben ha a k\u00f3rteremben \u00e1pol\u00e1si tev\u00e9kenys\u00e9g, vizit, vizsg\u00e1lat zajlik, k\u00e9rj\u00fck, hogy a l\u00e1togat\u00f3k hagyj\u00e1k el a k\u00f3rtermet! <\/strong><\/p>\n<p><strong><em>L\u00e1togat\u00f3k sz\u00e1ma<\/em><\/strong>:<\/p>\n<p><strong>L\u00e1togat\u00e1si id\u0151ben egy betegn\u00e9l a k\u00f3rteremben maximum k\u00e9t l\u00e1togat\u00f3 tart\u00f3zkodhat.<\/strong> Az udvaron t\u00f6bb l\u00e1togat\u00f3 is fogadhat\u00f3. Fennj\u00e1r\u00f3 betegeinket k\u00e9rj\u00fck, hogy a l\u00e1togat\u00f3kat ink\u00e1bb a folyos\u00f3n fogadj\u00e1k a k\u00f3rtermi zs\u00fafolts\u00e1g elker\u00fcl\u00e9se miatt.\u00a0<\/p>\n<p><strong><em>L\u00e1togat\u00f3k \u00e9letkora, \u00e1llapota<\/em><\/strong>:<\/p>\n<p>14 \u00e9v alatti gyermek csak fel\u00fcgyelettel l\u00e1togathatja Klinik\u00e1nkat, 10 \u00e9ven aluli gyermekek a saj\u00e1t \u00e9rdek\u00fckben int\u00e9zm\u00e9ny\u00fcnk betegeit ne l\u00e1togass\u00e1k! K\u00e9rj\u00fck, hogy p\u00e1cienseinket betegen (pl: influenza) ne l\u00e1togass\u00e1k! A posztoperat\u00edv \u0151rz\u0151t 16 \u00e9ven aluli gyermek nem l\u00e1togathatja.<\/p>\n<p><strong><em>Int\u00e9zm\u00e9nyben val\u00f3 bent tart\u00f3zkod\u00e1s:<\/em><\/strong><\/p>\n<p>Abban az esetben, ha s\u00falyos, magatehetetlen beteg mellett szeretne hozz\u00e1tartoz\u00f3ja 24 \u00f3r\u00e1n kereszt\u00fcl tart\u00f3zkodni, a klinikaigazgat\u00f3 \u00edr\u00e1sos enged\u00e9ly\u00e9t kell k\u00e9rni. Amennyiben \u00fcgyeleti id\u0151ben mer\u00fcl fel az ig\u00e9ny, az \u00fcgyeletvezet\u0151 is adhat ilyen enged\u00e9lyt. A hozz\u00e1tartoz\u00f3 r\u00e9sz\u00e9re nincs lehet\u0151s\u00e9g k\u00fcl\u00f6n \u00e1gy, \u00e9tkez\u00e9s biztos\u00edt\u00e1s\u00e1ra, illetve tudom\u00e1sul kell vennie, hogy a vizitek, a t\u00f6bbi beteg ell\u00e1t\u00e1sa k\u00f6zben a hozz\u00e1tartoz\u00f3 nem tart\u00f3zkodhat a k\u00f3rteremben.<\/p>\n<p>Int\u00e9zm\u00e9ny\u00fcnkben az al\u00e1bbi esetekben ad\u00f3dik lehet\u0151s\u00e9g arra, hogy a hozz\u00e1tartoz\u00f3 a beteg mellett tart\u00f3zkodjon a l\u00e1togat\u00e1si id\u0151n k\u00edv\u00fcli id\u0151szakban is:<\/p>\n<ul>\n<li>\u00e9rtelmi s\u00e9r\u00fclt beteg eset\u00e9n<\/li>\n<li>18 \u00e9v alatti beteg eset\u00e9n<\/li>\n<li>cselekv\u0151k\u00e9ptelens\u00e9g eset\u00e9n<\/li>\n<li>v\u00e9gst\u00e1diumban lev\u0151 beteg eset\u00e9n<\/li>\n<\/ul>\n<p>Klinik\u00e1nkon a k\u00f6vetkez\u0151 elj\u00e1r\u00e1s alapj\u00e1n van m\u00f3d a l\u00e1togat\u00e1son k\u00edv\u00fcli id\u0151szakban t\u00f6rt\u00e9n\u0151 bent tart\u00f3zkod\u00e1sra:<\/p>\n<ul>\n<li>a m\u0171t\u00e9tre vagy felv\u00e9telre t\u00f6rt\u00e9n\u0151 el\u0151jegyz\u00e9s sor\u00e1n a betegfelv\u00e9teli iroda az el\u0151jegyz\u00e9s mell\u00e9 r\u00f6gz\u00edti<\/li>\n<li>v\u00e9gst\u00e1diumban lev\u0151 beteg eset\u00e9n a klinikaigazgat\u00f3 vagy az oszt\u00e1lyvezet\u0151 orvos fel\u00e9 kell jelezni a k\u00e9r\u00e9st<\/li>\n<\/ul>\n<p>A fent felsorolt esetekben a beteget lehet\u0151s\u00e9g szerint k\u00fcl\u00f6n k\u00f3rteremben helyezz\u00fck el a hozz\u00e1tartoz\u00f3val egy\u00fctt.<\/p>\n<p>K\u00f3rtermeink mindegyike saj\u00e1t f\u00fcrd\u0151vel felszerelt, rendelkezik mosd\u00f3val, toalettel, zuhanyz\u00f3 helyis\u00e9ggel.<\/p>\n<p>A hozz\u00e1tartoz\u00f3 pihen\u00e9s\u00e9t egy \u00e1gyas k\u00f3rterem eset\u00e9n az elhelyezett fotel\u00e1gy biztos\u00edtja, nagyobb k\u00f3rterem eset\u00e9n a beteg mellett \u00fcres \u00e1gyat biztos\u00edtunk.<\/p>\n<p>A hozz\u00e1tartoz\u00f3 \u00e9tkez\u00e9s\u00e9t az egyetemi \u00e9tteremb\u0151l is tudja biztos\u00edtani saj\u00e1t r\u00e9sz\u00e9re.<\/p>\n<p><strong><em>Viselend\u0151 v\u00e9d\u0151felszerel\u00e9sek<\/em><\/strong>:<\/p>\n<p>Abban az esetben, ha a betegek l\u00e1togat\u00e1s\u00e1hoz a l\u00e1togat\u00f3knak v\u00e9d\u0151felszerel\u00e9st kell viselni\u00fck a k\u00f3rterem ajtaj\u00e1n kihelyez\u00fcnk figyelmeztet\u0151 feliratot a betartand\u00f3 szab\u00e1lyokr\u00f3l. Ebben az esetben a k\u00f3rterembe l\u00e9p\u00e9s el\u0151tt a beteg \u00e9s az \u00d6n \u00e9rdek\u00e9ben felt\u00e9tlen tartsa be az utas\u00edt\u00e1sokat! Az kihelyezett v\u00e9d\u0151eszk\u00f6z\u00f6k haszn\u00e1lata a hozz\u00e1tartoz\u00f3 r\u00e9sz\u00e9re is k\u00f6telez\u0151 (l\u00e1bzs\u00e1k, v\u00e9d\u0151k\u00f6peny, sapka, sz\u00e1jmaszk, gumikeszty\u0171). A haszn\u00e1lt v\u00e9d\u0151eszk\u00f6z\u00f6ket a kijel\u00f6lt zs\u00e1kba helyezze el, majd a kihelyezett alkoholos k\u00e9zfert\u0151tlen\u00edt\u0151vel d\u00f6rzs\u00f6lje be kez\u00e9t, \u00e9s v\u00e1rja meg, am\u00edg megsz\u00e1rad!<\/p>\n<p><strong><em>L\u00e1togat\u00f3k teend\u0151i<\/em><\/strong>:<\/p>\n<p>K\u00e9rj\u00fck, hogy a l\u00e1togat\u00e1s megkezd\u00e9sekor \u00e9s t\u00e1voz\u00e1skor a beteg \u00e9s saj\u00e1t \u00e9rdek\u00e9ben minden esetben a k\u00f3rteremben tal\u00e1lhat\u00f3 csapn\u00e1l kez\u00fcket moss\u00e1k meg, a kihelyezett adagol\u00f3ban tal\u00e1lhat\u00f3 fert\u0151tlen\u00edt\u0151szerrel kez\u00fcket a k\u00e9zmos\u00e1st k\u00f6vet\u0151en fert\u0151tlen\u00edts\u00e9k! A kihelyezett fert\u0151tlen\u00edt\u0151szer alkoholtartalm\u00fa, ez\u00e9rt let\u00f6r\u00f6lni nem kell, meg kell v\u00e1rni, hogy megsz\u00e1radjon.<\/p>\n<p><strong>Posztoperat\u00edv \u0151rz\u0151:<\/strong><\/p>\n<ul>\n<li>K\u00e9rj\u00fck, hogy a bej\u00e1rat melletti cseng\u0151t nyomja meg \u00e9s mindenk\u00e9ppen v\u00e1rja meg, hogy az ott dolgoz\u00f3 \u00e1pol\u00f3 kij\u00f6jj\u00f6n!<\/li>\n<li>A k\u00e9t zsilip ajt\u00f3 k\u00f6z\u00f6tt elhelyezheti kab\u00e1tj\u00e1t, v\u00e9d\u0151k\u00f6penyt kell felvenni \u00e9s cip\u0151j\u00e9re l\u00e1bzs\u00e1kot h\u00fazni.<\/li>\n<li>L\u00e1togat\u00e1si id\u0151ben egy betegn\u00e9l egy l\u00e1togat\u00f3 tart\u00f3zkodhat.<\/li>\n<li>A posztoperat\u00edv \u0151rz\u0151t 16 \u00e9v alatti gyermek nem l\u00e1togathatja.<\/li>\n<li>Az itt lev\u0151 betegek r\u00e9sz\u00e9re sz\u00e9nsavmentes \u00e1sv\u00e1nyv\u00edz hozhat\u00f3. <strong>K\u00e9rj\u00fck \u00e9lelmiszert, sz\u00e9nsavas \u00e9s rostos folyad\u00e9kot ne hozzanak!<\/strong><\/li>\n<li>K\u00e9rj\u00fck, hogy a t\u00f6bbi beteg nyugalm\u00e1t a l\u00e1togat\u00e1s sor\u00e1n ne zavarj\u00e1k! <strong><u>Abban az esetben, ha a k\u00f3rteremben vizit, vizsg\u00e1lat, n\u0151v\u00e9ri tev\u00e9kenys\u00e9g zajlik, a l\u00e1togat\u00f3knak el kell hagyniuk a k\u00f3rtermet!<\/u><\/strong><\/li>\n<\/ul>\n<p><strong><em>L\u00e1togat\u00f3 \u00e1ltal v\u00e9gezhet\u0151 <\/em><\/strong><strong><em>\u00e1pol\u00e1si tev\u00e9kenys\u00e9gek<\/em><\/strong>:<\/p>\n<p>Fekv\u0151betegeink ilyen jelleg\u0171 ig\u00e9nye \u00e9s korl\u00e1tozotts\u00e1ga minden esetben szem\u00e9lyre szabott. Err\u0151l az \u00e1pol\u00f3 szem\u00e9lyzet ad felvil\u00e1gos\u00edt\u00e1st.<\/p>\n<ul>\n<li>Fekv\u0151beteg ell\u00e1t\u00e1sa eset\u00e9n k\u00e9rj\u00fck, hogy az oszt\u00e1lyon dolgoz\u00f3 \u00e1pol\u00f3k seg\u00edts\u00e9g\u00e9t k\u00e9rj\u00e9k a mosdat\u00e1shoz, etet\u00e9shez, itat\u00e1shoz! K\u00e9rj\u00fck, \u00f6n\u00e1ll\u00f3an \u00e1pol\u00e1si tev\u00e9kenys\u00e9gbe ne kezdjenek!<\/li>\n<\/ul>\n<p>A fert\u0151z\u00e9sek megel\u0151z\u00e9se valamint a betegek \u00e9s a dolgoz\u00f3k biztons\u00e1ga \u00e9rdek\u00e9ben k\u00e9rj\u00fck, hogy l\u00e1togat\u00e1s alkalm\u00e1val <strong>NE hozzon be<\/strong>:<\/p>\n<ul>\n<li>gy\u00f3gyszert, nem gy\u00f3gyszert\u00e1ri forgalomban lev\u0151 gy\u00f3gyhat\u00e1s\u00fa k\u00e9sz\u00edtm\u00e9nyt csak a kezel\u0151orvossal val\u00f3 egyeztet\u00e9st k\u00f6vet\u0151en<\/li>\n<li>cserepes vagy v\u00e1gott vir\u00e1got<\/li>\n<li>alkoholt, alkoholtartalm\u00fa italokat\u00a0<\/li>\n<li>tudatm\u00f3dos\u00edt\u00f3 szereket<\/li>\n<li>doh\u00e1nyterm\u00e9keket<\/li>\n<li>nagy \u00e9rt\u00e9k\u0171 m\u0171szaki eszk\u00f6z\u00f6ket<\/li>\n<li>\u00e9kszereket, \u00e9rt\u00e9kt\u00e1rgyakat<\/li>\n<li>nagy mennyis\u00e9g\u0171 k\u00e9szp\u00e9nzt<\/li>\n<li>amennyiben \u00e9lelmiszert hoznak, k\u00e9rj\u00fck, minden esetben egyeztess\u00e9k az oszt\u00e1lyos \u00e1pol\u00f3val, hogy a beteg fogyaszthatja-e a behozott \u00e9lelmiszert!<\/li>\n<\/ul>\n<p><strong><em>L\u00e1togat\u00f3 viselked\u00e9se:<\/em><\/strong><\/p>\n<p>Ker\u00fclni kell a l\u00e1togat\u00e1st fert\u0151z\u0151 betegs\u00e9g gyan\u00faja, alkohol vagy egy\u00e9b tudatm\u00f3dos\u00edt\u00f3 szer \u00e1ltali befoly\u00e1solts\u00e1g eset\u00e9n.<\/p>\n<p><strong><em>K\u00e9p \u00e9s hangfelv\u00e9tel k\u00e9sz\u00edt\u00e9se<\/em><\/strong>:<\/p>\n<p>Gy\u00f3gykezelt betegek \u00e9s az itt dolgoz\u00f3 szem\u00e9lyzet szem\u00e9lyis\u00e9gi jogainak tiszteletben tart\u00e1sa \u00e9rdek\u00e9ben a l\u00e1togat\u00e1s sor\u00e1n mindenf\u00e9le \u00e1ll\u00f3k\u00e9p, mozg\u00f3k\u00e9p vagy hangfelv\u00e9tel k\u00e9sz\u00edt\u00e9se szigor\u00faan tilos!<\/p>\n","protected":false},"excerpt":{"rendered":"<p>A l\u00e1togat\u00e1si rend az Urol\u00f3giai Klinik\u00e1n L\u00e1togat\u00e1si id\u0151 a h\u00e9t minden napj\u00e1n:\u00a0d\u00e9lut\u00e1n 16-18 \u00f3r\u00e1ig K\u00e9rj\u00fck, a l\u00e1togat\u00e1si id\u0151t tarts\u00e1k be! Betegeink l\u00e1togat\u00f3kat ezen id\u0151szakban fogadhatnak a gy\u00f3gy\u00edt\u00f3 munka \u00e9s a betegek zavartalan gy\u00f3gyul\u00e1sa, pihen\u00e9s\u00fck akad\u00e1lyoz\u00e1sa n\u00e9lk\u00fcl. A betegek l\u00e1togat\u00f3ikat a k\u00f3rteremben \u00e9s a folyos\u00f3n is fogadhatj\u00e1k. J\u00f3 id\u0151 eset\u00e9n fennj\u00e1r\u00f3 betegeink hozz\u00e1tartoz\u00f3ikkal az udvarra is &hellip;<\/p>\n","protected":false},"author":12,"featured_media":0,"parent":2028,"menu_order":2,"comment_status":"closed","ping_status":"closed","template":"","meta":{"_acf_changed":false,"footnotes":""},"categories":[],"tags":[],"class_list":["post-4403","page","type-page","status-publish","hentry"],"acf":[],"_links":{"self":[{"href":"https:\/\/semmelweis.hu\/urologia\/wp-json\/wp\/v2\/pages\/4403","targetHints":{"allow":["GET"]}}],"collection":[{"href":"https:\/\/semmelweis.hu\/urologia\/wp-json\/wp\/v2\/pages"}],"about":[{"href":"https:\/\/semmelweis.hu\/urologia\/wp-json\/wp\/v2\/types\/page"}],"author":[{"embeddable":true,"href":"https:\/\/semmelweis.hu\/urologia\/wp-json\/wp\/v2\/users\/12"}],"replies":[{"embeddable":true,"href":"https:\/\/semmelweis.hu\/urologia\/wp-json\/wp\/v2\/comments?post=4403"}],"version-history":[{"count":9,"href":"https:\/\/semmelweis.hu\/urologia\/wp-json\/wp\/v2\/pages\/4403\/revisions"}],"predecessor-version":[{"id":4507,"href":"https:\/\/semmelweis.hu\/urologia\/wp-json\/wp\/v2\/pages\/4403\/revisions\/4507"}],"up":[{"embeddable":true,"href":"https:\/\/semmelweis.hu\/urologia\/wp-json\/wp\/v2\/pages\/2028"}],"wp:attachment":[{"href":"https:\/\/semmelweis.hu\/urologia\/wp-json\/wp\/v2\/media?parent=4403"}],"wp:term":[{"taxonomy":"category","embeddable":true,"href":"https:\/\/semmelweis.hu\/urologia\/wp-json\/wp\/v2\/categories?post=4403"},{"taxonomy":"post_tag","embeddable":true,"href":"https:\/\/semmelweis.hu\/urologia\/wp-json\/wp\/v2\/tags?post=4403"}],"curies":[{"name":"wp","href":"https:\/\/api.w.org\/{rel}","templated":true}]}}