{"id":3790,"date":"2019-05-17T15:01:56","date_gmt":"2019-05-17T13:01:56","guid":{"rendered":"http:\/\/semmelweis.hu\/gyermekklinika2\/?page_id=3790"},"modified":"2026-02-26T11:42:10","modified_gmt":"2026-02-26T10:42:10","slug":"tamogatasi-lehetoseg","status":"publish","type":"page","link":"https:\/\/semmelweis.hu\/tuzoltoklinika\/bemutatkozas\/tamogatasi-lehetoseg\/","title":{"rendered":"T\u00e1mogat\u00e1si lehet\u0151s\u00e9g"},"content":{"rendered":"<blockquote>\n<p style=\"text-align: center\"><em>A gy\u00f3gy\u00edt\u00e1s \u00e1ltal mi magunk is gy\u00f3gyulunk. Ez a szeretet var\u00e1zsereje. (<span style=\"font-size: 14pt\">Lauren Brooke<\/span>)<\/em><\/p>\n<\/blockquote>\n<p>&nbsp;<\/p>\n<p>K\u00e9rj\u00fck, t\u00e1mogassa <strong><a href=\"https:\/\/semmelweis.hu\/tuzoltoklinika\/bemutatkozas\/alapitvanyok\/\" target=\"_blank\" rel=\"noopener noreferrer\">alap\u00edtv\u00e1nyainkon kereszt\u00fcl<\/a><\/strong> a beteg gyermekek gy\u00f3gyul\u00e1s\u00e1t!<\/p>\n<p>Az eg\u00e9szs\u00e9g semmivel sem p\u00f3tolhat\u00f3 \u00e9rt\u00e9k\u00e9t igaz\u00e1n csak akkor \u00e9rz\u00e9kelj\u00fck, ha hi\u00e1ny\u00e1t\u00f3l szenved\u00fcnk, kiv\u00e1ltk\u00e9pp neh\u00e9z ezt meg\u00e9lni, ha gyermekekr\u0151l van sz\u00f3. Neh\u00e9z \u00e9s felel\u0151ss\u00e9gteljes feladat \u0151ket gy\u00f3gy\u00edtani, ugyanakkor nagyon h\u00e1l\u00e1s dolog mindazoknak, akik v\u00e9gigk\u00eds\u00e9rik a beteg gyermekeket ezen a neh\u00e9z \u00faton: orvosoknak, \u00e1pol\u00f3knak, sz\u00fcl\u0151knek, hozz\u00e1tartoz\u00f3knak. A Semmelweis Egyetem Gyermekgy\u00f3gy\u00e1szati Klinik\u00e1j\u00e1nak T\u0171zolt\u00f3 utcai r\u00e9szleg\u00e9n kezelik az orsz\u00e1g minden m\u00e1sodik leuk\u00e9mi\u00e1s, illetve daganatos beteg\u00e9t, azaz annyit, amennyit az orsz\u00e1g \u00f6sszes onkol\u00f3giai k\u00f6zpontj\u00e1ban egy\u00fcttv\u00e9ve. A speci\u00e1lis betegell\u00e1t\u00e1s, k\u00fcl\u00f6nleges ig\u00e9nyeket k\u00f6vetel meg, melyeknek modern m\u0171szerekkel, kiv\u00e1l\u00f3 min\u0151s\u00e9g\u0171 eszk\u00f6z\u00f6kkel igyeksz\u00fcnk legjobb tud\u00e1sunk szerint megfelelni. Ezt a neh\u00e9z feladatot adom\u00e1nyoz\u00f3k seg\u00edts\u00e9ge n\u00e9lk\u00fcl megval\u00f3s\u00edtani lehetetlen. Az \u00d6n\u00f6k nemes felaj\u00e1nl\u00e1sainak k\u00f6sz\u00f6nhet\u0151en, Gyermekgy\u00f3gy\u00e1szati Klinik\u00e1nkon, a kezel\u00e9s alatt \u00e1ll\u00f3 beteg gyermekeknek lehet\u0151s\u00e9g\u00fck van magasabb sz\u00ednvonal\u00fa ell\u00e1t\u00e1sban r\u00e9szes\u00fclni. Ez\u00e9rt a legkisebb t\u00e1mogat\u00e1st is h\u00e1l\u00e1san fogadjuk, k\u00e9rj\u00fck, hogy t\u00e1rsadalmi szerepv\u00e1llal\u00e1s\u00e1ban gondoljon r\u00e1nk, \u00e9s t\u00e1mogassa Klinik\u00e1nkat. Ig\u00e9ny eset\u00e9n biztos\u00edtani tudjuk, hogy adom\u00e1ny\u00e1r\u00f3l a nyilv\u00e1noss\u00e1g is tudom\u00e1st szerezzen.\u00a0<\/p>\n<p>Amennyiben \u00fagy d\u00f6nt, hogy int\u00e9zm\u00e9ny\u00fcnk jav\u00e1ra adakozik, a r\u00e9szletekr\u0151l sz\u00edvesen adnak t\u00e1j\u00e9koztat\u00e1st koll\u00e9g\u00e1ink:<\/p>\n<ol>\n<li>\n<p>Czira Anita, klinikai vezet\u0151 \u00e1pol\u00f3 &#8211; <a href=\"mailto:czira.anita@semmelweis.hu\" target=\"_blank\" rel=\"noopener\">czira.anita@semmelweis.hu<\/a><\/p>\n<\/li>\n<li>\n<p>Staub Edina M\u00e1ria, r\u00e9szlegvezet\u0151 f\u0151n\u0151v\u00e9r &#8211; <a href=\"mailto:staub.edina.maria@semmelweis.hu\" target=\"_blank\" rel=\"noopener\">staub.edina.maria@semmelweis.hu<\/a><\/p>\n<\/li>\n<\/ol>\n","protected":false},"excerpt":{"rendered":"<p>A gy\u00f3gy\u00edt\u00e1s \u00e1ltal mi magunk is gy\u00f3gyulunk. Ez a szeretet var\u00e1zsereje. (Lauren Brooke) &nbsp; K\u00e9rj\u00fck, t\u00e1mogassa <a href=\"https:\/\/semmelweis.hu\/tuzoltoklinika\/bemutatkozas\/alapitvanyok\/\" target=\"_blank\" rel=\"noopener noreferrer\">alap\u00edtv\u00e1nyainkon kereszt\u00fcl<\/a> a beteg gyermekek gy\u00f3gyul\u00e1s\u00e1t! Az eg\u00e9szs\u00e9g semmivel sem p\u00f3tolhat\u00f3 \u00e9rt\u00e9k\u00e9t igaz\u00e1n csak akkor \u00e9rz\u00e9kelj\u00fck, ha hi\u00e1ny\u00e1t\u00f3l szenved\u00fcnk, kiv\u00e1ltk\u00e9pp neh\u00e9z ezt meg\u00e9lni, ha gyermekekr\u0151l van sz\u00f3. Neh\u00e9z \u00e9s felel\u0151ss\u00e9gteljes feladat \u0151ket gy\u00f3gy\u00edtani, ugyanakkor nagyon h\u00e1l\u00e1s dolog mindazoknak, akik v\u00e9gigk\u00eds\u00e9rik a &hellip;<\/p>\n","protected":false},"author":12,"featured_media":0,"parent":23,"menu_order":4,"comment_status":"closed","ping_status":"closed","template":"","meta":{"_acf_changed":false,"footnotes":""},"categories":[],"tags":[],"class_list":["post-3790","page","type-page","status-publish","hentry"],"acf":[],"_links":{"self":[{"href":"https:\/\/semmelweis.hu\/tuzoltoklinika\/wp-json\/wp\/v2\/pages\/3790","targetHints":{"allow":["GET"]}}],"collection":[{"href":"https:\/\/semmelweis.hu\/tuzoltoklinika\/wp-json\/wp\/v2\/pages"}],"about":[{"href":"https:\/\/semmelweis.hu\/tuzoltoklinika\/wp-json\/wp\/v2\/types\/page"}],"author":[{"embeddable":true,"href":"https:\/\/semmelweis.hu\/tuzoltoklinika\/wp-json\/wp\/v2\/users\/12"}],"replies":[{"embeddable":true,"href":"https:\/\/semmelweis.hu\/tuzoltoklinika\/wp-json\/wp\/v2\/comments?post=3790"}],"version-history":[{"count":11,"href":"https:\/\/semmelweis.hu\/tuzoltoklinika\/wp-json\/wp\/v2\/pages\/3790\/revisions"}],"predecessor-version":[{"id":12087,"href":"https:\/\/semmelweis.hu\/tuzoltoklinika\/wp-json\/wp\/v2\/pages\/3790\/revisions\/12087"}],"up":[{"embeddable":true,"href":"https:\/\/semmelweis.hu\/tuzoltoklinika\/wp-json\/wp\/v2\/pages\/23"}],"wp:attachment":[{"href":"https:\/\/semmelweis.hu\/tuzoltoklinika\/wp-json\/wp\/v2\/media?parent=3790"}],"wp:term":[{"taxonomy":"category","embeddable":true,"href":"https:\/\/semmelweis.hu\/tuzoltoklinika\/wp-json\/wp\/v2\/categories?post=3790"},{"taxonomy":"post_tag","embeddable":true,"href":"https:\/\/semmelweis.hu\/tuzoltoklinika\/wp-json\/wp\/v2\/tags?post=3790"}],"curies":[{"name":"wp","href":"https:\/\/api.w.org\/{rel}","templated":true}]}}