{"id":3441,"date":"2019-03-06T12:52:23","date_gmt":"2019-03-06T11:52:23","guid":{"rendered":"http:\/\/tuzoltoklinika.semmelweis.hu\/?page_id=3441"},"modified":"2026-02-25T11:46:34","modified_gmt":"2026-02-25T10:46:34","slug":"szakdolgozat","status":"publish","type":"page","link":"https:\/\/semmelweis.hu\/tuzoltoklinika\/oktatas\/szakdolgozat\/","title":{"rendered":"Szakdolgozat"},"content":{"rendered":"<p>Minden inform\u00e1ci\u00f3 megtal\u00e1lhat\u00f3 az egyetem honlapj\u00e1n: <a href=\"https:\/\/semmelweis.hu\/aok\/oktatas\/szakdolgozat\/\" target=\"_blank\" rel=\"noopener\">https:\/\/semmelweis.hu\/aok\/oktatas\/szakdolgozat\/<\/a><\/p>\n<h3>A szakdolgozat kin\u00e9zete<\/h3>\n<p>A fekete kem\u00e9ny fedel\u0171 bor\u00edt\u00f3n a Szakdolgozat sz\u00f3, alatta a hallgat\u00f3 neve, \u00e9vsz\u00e1m. Egy \u00fcres kem\u00e9nyebb min\u0151s\u00e9g\u0171 feh\u00e9r lap ut\u00e1n az egyetem, majd a kar neve. K\u00f6z\u00e9pen a hallgat\u00f3 neve, szakdolgozat c\u00edme. H\u00e1tt\u00e9rbe be lehet m\u00e1solni az egyetem c\u00edmer\u00e9t, de ez csak opcion\u00e1lis. Alul t\u00e9mavezet\u0151 neve titulusa, v\u00e9g\u00fcl a klinika pontos neve. A k\u00f6vetkez\u0151 oldalon kezd\u0151dik a Tartalomjegyz\u00e9k. A szakdolgozatot z\u00e1rni is kem\u00e9nyebb min\u0151s\u00e9g\u0171 lappal kell. Elektronikusan nem, csak a k\u00f6ttet\u00e9sn\u00e9l kell a Pl\u00e1giumnyilatkozatot belerakatni a szakdolgozat z\u00e1r\u00e1sak\u00e9nt.<\/p>\n<p><a href=\"https:\/\/semmelweis.hu\/tuzoltoklinika\/files\/2026\/01\/image1.jpg\"><img loading=\"lazy\" decoding=\"async\" class=\"aligncenter wp-image-11826 size-large\" src=\"https:\/\/semmelweis.hu\/tuzoltoklinika\/files\/2026\/01\/image1-1024x723.jpg\" alt=\"\" width=\"753\" height=\"532\" srcset=\"https:\/\/semmelweis.hu\/tuzoltoklinika\/files\/2026\/01\/image1-1024x723.jpg 1024w, https:\/\/semmelweis.hu\/tuzoltoklinika\/files\/2026\/01\/image1-400x282.jpg 400w, https:\/\/semmelweis.hu\/tuzoltoklinika\/files\/2026\/01\/image1-768x542.jpg 768w, https:\/\/semmelweis.hu\/tuzoltoklinika\/files\/2026\/01\/image1-753x532.jpg 753w, https:\/\/semmelweis.hu\/tuzoltoklinika\/files\/2026\/01\/image1.jpg 1041w\" sizes=\"auto, (max-width: 753px) 100vw, 753px\" \/><\/a><\/p>\n<div class=\"fontos_div\">\n<p>A szakdolgozat bejelent\u0151lapot a t\u00e9mavezet\u0151 al\u00e1\u00edr\u00e1sa ut\u00e1n az Oktat\u00e1si Titk\u00e1rs\u00e1gon kell leadni. Ezut\u00e1n ker\u00fcl r\u00e1 a tansz\u00e9kvezet\u0151 enged\u00e9lye.<\/p>\n<p>&nbsp;<\/p>\n<p>A k\u00e9sz szakdolgozatot 2 p\u00e9ld\u00e1nyban kell leadni az Oktat\u00e1si Titk\u00e1rs\u00e1gon. Elektronikus form\u00e1ban e-mailben k\u00e9rj\u00fck eljuttatni az <a href=\"mailto:oktatas@gyerekklinika.com\">oktatas@gyerekklinika.com<\/a> c\u00edmre.<br \/>\nA f\u00e1jl neve: N\u00e9v \u2013 A szakdolgozat c\u00edme. <strong>Csak pdf dokumentumot fogadunk el.<\/strong><\/p>\n<p>&nbsp;<\/p>\n<p>A v\u00e9d\u00e9s megszervez\u00e9se a t\u00e9mavezet\u0151 feladata. A bizotts\u00e1g tagjai:<\/p>\n<ol>\n<li>konzulens, aki a bels\u0151 b\u00edr\u00e1l\u00f3 is egyben,<\/li>\n<li>k\u00fcls\u0151 b\u00edr\u00e1l\u00f3, m\u00e1sik int\u00e9zm\u00e9nyb\u0151l \u00e9rkezik,<\/li>\n<li>eln\u00f6k<\/li>\n<\/ol>\n<p>A v\u00e9d\u00e9s id\u0151pontj\u00e1r\u00f3l a bizotts\u00e1g tagjai d\u00f6ntenek, melyr\u0151l a hallgat\u00f3t e-mailben az Oktat\u00e1si Titk\u00e1rs\u00e1g \u00e9rtes\u00edti.<\/p>\n<p>&nbsp;<\/p>\n<p>A b\u00edr\u00e1latot k\u00fcl\u00f6n dokumentumban k\u00e9sz\u00edtik el, k\u00e9rd\u00e9seket c\u00edmezve a hallgat\u00f3nak, amit a hallgat\u00f3 a v\u00e9d\u00e9s sor\u00e1n megv\u00e1laszol. A b\u00edr\u00e1l\u00f3 \u00e9rdemjegyet ad a szakdolgozatra.<\/p>\n<p>&nbsp;<\/p>\n<p>A v\u00e9d\u00e9s jegyz\u0151k\u00f6nyv\u00e9t az Oktat\u00e1si Titk\u00e1rs\u00e1g nyomtatja ki 2 p\u00e9ld\u00e1nyban, melyb\u0151l egy p\u00e9ld\u00e1ny a D\u00e9k\u00e1ni Hivatalba, m\u00e1sodik p\u00e9ld\u00e1nya a Klinika k\u00f6nyvt\u00e1r\u00e1ba ker\u00fcl.<\/p>\n<\/div>\n<p><strong>T\u00e9ma az al\u00e1bbi list\u00e1b\u00f3l v\u00e1laszthat\u00f3. A ki\u00edrt szakdolgozati t\u00e9m\u00e1kb\u00f3l egy t\u00e9m\u00e1t csak egy hallgat\u00f3 \u00edrhat.<\/strong><\/p>\n\n<table id=\"tablepress-7\" class=\"tablepress tablepress-id-7\">\n<thead>\n<tr class=\"row-1\">\n\t<th class=\"column-1\">C\u00edm<\/th><th class=\"column-2\">T\u00e9mavezet\u0151<\/th>\n<\/tr>\n<\/thead>\n<tbody class=\"row-striping row-hover\">\n<tr class=\"row-2\">\n\t<td class=\"column-1\">Survivorshippassport a gyermekkori daganatos megbeteged\u00e9sb\u0151l gy\u00f3gyultak r\u00e9sz\u00e9re Magyarorsz\u00e1gon<\/td><td class=\"column-2\">Dr. Br\u00fcckner Edit, Dr. Garami Mikl\u00f3s<\/td>\n<\/tr>\n<tr class=\"row-3\">\n\t<td class=\"column-1\">Vaszkul\u00e1ris fejl\u0151d\u00e9si rendelleness\u00e9gek korszer\u0171 ell\u00e1t\u00e1sa<\/td><td class=\"column-2\">Dr. B\u0171di Tam\u00e1s<\/td>\n<\/tr>\n<tr class=\"row-4\">\n\t<td class=\"column-1\">Biol\u00f3giai ter\u00e1pi\u00e1s kezel\u00e9si lehet\u0151s\u00e9gek juvenilis idiopathi\u00e1s arthritisben<\/td><td class=\"column-2\">Dr. Constantin Tam\u00e1s<\/td>\n<\/tr>\n<tr class=\"row-5\">\n\t<td class=\"column-1\">Sziszt\u00e9m\u00e1s juvenilis idiopathi\u00e1s arthritis biol\u00f3giai ter\u00e1pi\u00e1s kezel\u00e9si lehet\u0151s\u00e9gei<\/td><td class=\"column-2\">Dr. Constantin Tam\u00e1s<\/td>\n<\/tr>\n<tr class=\"row-6\">\n\t<td class=\"column-1\">Potenci\u00e1lis ter\u00e1pi\u00e1s c\u00e9lpontok, c\u00e9lzott kezel\u00e9sek a gyermekkori szolid tumorokban<\/td><td class=\"column-2\">Dr. Cs\u00f3ka Monika<\/td>\n<\/tr>\n<tr class=\"row-7\">\n\t<td class=\"column-1\">\u00daj ther\u00e1pi\u00e1s lehet\u0151s\u00e9gek szolid tumorok kezel\u00e9s\u00e9ben<\/td><td class=\"column-2\">Dr. Cs\u00f3ka Monika\/Dr. Szab\u00f3 S\u00e1ndor<\/td>\n<\/tr>\n<tr class=\"row-8\">\n\t<td class=\"column-1\">Immunmedi\u00e1lt k\u00f6zponti idegrendszeri gyullad\u00e1sok<\/td><td class=\"column-2\">Dr. Dobner S\u00e1ra<\/td>\n<\/tr>\n<tr class=\"row-9\">\n\t<td class=\"column-1\">HSV encephalitisek \u00e9s postinfekci\u00f3s immunmedi\u00e1lt encephalitisek (adatfeldolgoz\u00e1s)<\/td><td class=\"column-2\">Dr. Dobner S\u00e1ra<\/td>\n<\/tr>\n<tr class=\"row-10\">\n\t<td class=\"column-1\">Sport \u00e9s neurol\u00f3giai betegs\u00e9gek<\/td><td class=\"column-2\">Dr. Dobner S\u00e1ra<\/td>\n<\/tr>\n<tr class=\"row-11\">\n\t<td class=\"column-1\">C\u00e9lzott biol\u00f3giai \u00e9s immunter\u00e1pi\u00e1k gyermekkori leuk\u00e9mi\u00e1kban<\/td><td class=\"column-2\">Dr. Erd\u00e9lyi D\u00e1niel<\/td>\n<\/tr>\n<tr class=\"row-12\">\n\t<td class=\"column-1\">Akut limfoblasztos leuk\u00e9mia recid\u00edva kezel\u00e9se gyermekkorban \u00e9s kamasz \/ fiatal feln\u0151tt korban<\/td><td class=\"column-2\">Dr. Erd\u00e9lyi D\u00e1niel \/ Dr. H\u00f6b\u00f6r Bence<\/td>\n<\/tr>\n<tr class=\"row-13\">\n\t<td class=\"column-1\">Hematol\u00f3giai malignit\u00e1sok idegrendszeri \u00e9rintetts\u00e9g\u00e9nek diagnosztik\u00e1ja<\/td><td class=\"column-2\">Dr. Erd\u00e9lyi D\u00e1niel \/ Dr. Mudra Katalin<\/td>\n<\/tr>\n<tr class=\"row-14\">\n\t<td class=\"column-1\">K\u00f6zponti idegrendszer c\u00e9lzott kezel\u00e9se akut limfoblasztos leuk\u00e9mi\u00e1ban<\/td><td class=\"column-2\">Dr. Erd\u00e9lyi D\u00e1niel<\/td>\n<\/tr>\n<tr class=\"row-15\">\n\t<td class=\"column-1\">Henoch-Sch\u00f6nlein purpur\u00e1s betegek szervi \u00e9rintetts\u00e9g\u00e9nek felm\u00e9r\u00e9se<\/td><td class=\"column-2\">Dr. Garan Di\u00e1na<\/td>\n<\/tr>\n<tr class=\"row-16\">\n\t<td class=\"column-1\">Juvenilis spondylarthropathia \u00e9s kezel\u00e9si lehet\u0151s\u00e9gei<\/td><td class=\"column-2\">Dr. Garan Di\u00e1na<\/td>\n<\/tr>\n<tr class=\"row-17\">\n\t<td class=\"column-1\">IBD-asszoci\u00e1lt arthritises betegek jellemz\u0151inek vizsg\u00e1lata<\/td><td class=\"column-2\">Dr. Garan Di\u00e1na<\/td>\n<\/tr>\n<tr class=\"row-18\">\n\t<td class=\"column-1\">A mindennapos testnevel\u00e9s \u00e9s a gyerekkori elh\u00edz\u00e1s<\/td><td class=\"column-2\">Dr. G\u00e1cs Zs\u00f3fia<\/td>\n<\/tr>\n<tr class=\"row-19\">\n\t<td class=\"column-1\">T\u00fals\u00fallyal \u00e9l\u0151 gyerekekkel kapcsolatos attit\u00fcd\u00f6k az eg\u00e9szs\u00e9g\u00fcgyi ell\u00e1t\u00e1sban<\/td><td class=\"column-2\">Dr. G\u00e1cs Zs\u00f3fia<\/td>\n<\/tr>\n<tr class=\"row-20\">\n\t<td class=\"column-1\">Az egy\u00e9ni motiv\u00e1ci\u00f3 \u00e9s eg\u00e9szs\u00e9g\u00e9rt\u00e9si szint hat\u00e1s\u00e1nak vizsg\u00e1lata t\u00fals\u00falyos \u00e9s elh\u00edzott 14-18 \u00e9ves gyermekek \u00e9letm\u00f3dv\u00e1lt\u00e1s\u00e1nak sikeress\u00e9g\u00e9re<\/td><td class=\"column-2\">Dr. G\u00e1cs Zs\u00f3fia<\/td>\n<\/tr>\n<tr class=\"row-21\">\n\t<td class=\"column-1\">Sz\u00e1m\u00edt\u00f3g\u00e9pes j\u00e1t\u00e9k \u00e9s hypertonia<\/td><td class=\"column-2\">Dr. G\u00e1cs Zs\u00f3fia<\/td>\n<\/tr>\n<tr class=\"row-22\">\n\t<td class=\"column-1\">A b\u00e9l mikrobiom szerepe a gyermekonkol\u00f3giai kezel\u00e9sekben<\/td><td class=\"column-2\">Dr. Garami Mikl\u00f3s<\/td>\n<\/tr>\n<tr class=\"row-23\">\n\t<td class=\"column-1\">A gyermekkori mell\u00e9kvesek\u00e9reg tumorok prognosztikai faktorai \u00e9s korlefoly\u00e1sa<\/td><td class=\"column-2\">Dr. Garami Mikl\u00f3s<\/td>\n<\/tr>\n<tr class=\"row-24\">\n\t<td class=\"column-1\">I-es t\u00edpus\u00fa neurofibromatosis: klinikuma \u00e9s korszer\u0171 kezel\u00e9se, orsz\u00e1gos betegregiszter l\u00e9trehoz\u00e1sa<\/td><td class=\"column-2\">Dr. Garami Mikl\u00f3s<\/td>\n<\/tr>\n<tr class=\"row-25\">\n\t<td class=\"column-1\">A neurofibromatosis-1 klinikuma a genetikai eredm\u00e9nyek t\u00fckr\u00e9ben genot\u00edpus-fenotipus \u00f6sszef\u00fcgg\u00e9sei<\/td><td class=\"column-2\">Dr. Garami Mikl\u00f3s<\/td>\n<\/tr>\n<tr class=\"row-26\">\n\t<td class=\"column-1\">K\u00e9s\u0151i progn\u00f3zis \u00e9s recidiva vizsg\u00e1lata a D-vitamin st\u00e1tusz f\u00fcggv\u00e9ny\u00e9ben szolid tumoros gyerekeken\u00e9l<\/td><td class=\"column-2\">Dr. Garami Mikl\u00f3s, Dr. Juh\u00e1sz Orsolya<\/td>\n<\/tr>\n<tr class=\"row-27\">\n\t<td class=\"column-1\">A 22q11.2 mikrodel\u00e9ci\u00f3s szindr\u00f3ma klinikai aspektusai<\/td><td class=\"column-2\">Dr. Haltrich Ir\u00e9n<\/td>\n<\/tr>\n<tr class=\"row-28\">\n\t<td class=\"column-1\">Centr\u00e1lis kan\u00fclh\u00f6z kapcsol\u00f3d\u00f3 sz\u00f6v\u0151dm\u00e9nyek gyermekkori haemato-onkol\u00f3giai megbeteged\u00e9sekben<\/td><td class=\"column-2\">Dr. Hegyi M\u00e1rta<\/td>\n<\/tr>\n<tr class=\"row-29\">\n\t<td class=\"column-1\">Szteroidkezel\u00e9shez kapcsol\u00f3d\u00f3 sz\u00e9nhidr\u00e1tanyagcsere zavar hematol\u00f3giai betegs\u00e9gekben<\/td><td class=\"column-2\">Dr. Hegyi M\u00e1rta (PhD), Dr Liptovszky Janka<\/td>\n<\/tr>\n<tr class=\"row-30\">\n\t<td class=\"column-1\">Szed\u00e1ci\u00f3, alv\u00e1s \u00e9s cirkadi\u00e1n ritmus a gyermekintenz\u00edv oszt\u00e1lyon<\/td><td class=\"column-2\">Dr. Horv\u00e1th Kl\u00e1ra<\/td>\n<\/tr>\n<tr class=\"row-31\">\n\t<td class=\"column-1\">Csal\u00e1dbar\u00e1t intenz\u00edv oszt\u00e1ly<\/td><td class=\"column-2\">Dr. Horv\u00e1th Kl\u00e1ra<\/td>\n<\/tr>\n<tr class=\"row-32\">\n\t<td class=\"column-1\">Status epilepticus prehospit\u00e1lis ell\u00e1t\u00e1s<\/td><td class=\"column-2\">Dr. Horv\u00e1th Kl\u00e1ra<\/td>\n<\/tr>\n<tr class=\"row-33\">\n\t<td class=\"column-1\">Kawasaki syndroma klinikuma \u00e9s kezel\u00e9si lehet\u0151s\u00e9gei<\/td><td class=\"column-2\">Dr. Horv\u00e1th Zsuzsanna<\/td>\n<\/tr>\n<tr class=\"row-34\">\n\t<td class=\"column-1\">Behcet-k\u00f3r klinikuma \u00e9s kezel\u00e9si lehet\u0151s\u00e9gei<\/td><td class=\"column-2\">Dr. Horv\u00e1th Zsuzsanna<\/td>\n<\/tr>\n<tr class=\"row-35\">\n\t<td class=\"column-1\">Famili\u00e1ris mediterr\u00e1n l\u00e1z klinikuma \u00e9s kezel\u00e9si lehet\u0151s\u00e9gei<\/td><td class=\"column-2\">Dr. Horv\u00e1th Zsuzsanna<\/td>\n<\/tr>\n<tr class=\"row-36\">\n\t<td class=\"column-1\">A csont \u00e1sv\u00e1nyianyagtartalm\u00e1nak \u00f6sszehasonl\u00edt\u00e1sa k\u00fcl\u00f6nb\u00f6z\u0151 m\u00e9r\u00e9si technik\u00e1kkal<\/td><td class=\"column-2\">Dr. Hossz\u00fa \u00c9va<\/td>\n<\/tr>\n<tr class=\"row-37\">\n\t<td class=\"column-1\">Kezel\u00e9si lehet\u0151s\u00e9gek Osteogenesis imperfect\u00e1ban<\/td><td class=\"column-2\">Dr. Hossz\u00fa \u00c9va<\/td>\n<\/tr>\n<tr class=\"row-38\">\n\t<td class=\"column-1\">Turner szindr\u00f3m\u00e1s betegek kezel\u00e9s\u00e9nek eredm\u00e9nyei<\/td><td class=\"column-2\">Dr. Hossz\u00fa \u00c9va<\/td>\n<\/tr>\n<tr class=\"row-39\">\n\t<td class=\"column-1\">Az interszexualit\u00e1s seb\u00e9szeti kezel\u00e9se<\/td><td class=\"column-2\">Dr. Jen\u0151v\u00e1ri Zolt\u00e1n<\/td>\n<\/tr>\n<tr class=\"row-40\">\n\t<td class=\"column-1\">Pajzsmirigy kiirt\u00e1sa gyermekkorban<\/td><td class=\"column-2\">Dr. Jen\u0151v\u00e1ri Zolt\u00e1n<\/td>\n<\/tr>\n<tr class=\"row-41\">\n\t<td class=\"column-1\">Proflaktikus csonkol\u00e1s gyermekkorban<\/td><td class=\"column-2\">Dr. Jen\u0151v\u00e1ri Zolt\u00e1n<\/td>\n<\/tr>\n<tr class=\"row-42\">\n\t<td class=\"column-1\">Retentio tesis m\u0171t\u00e9ti eredm\u00e9nyeinek retrospekt\u00edv vizsg\u00e1lata: f\u00f3kuszban a sz\u00f6v\u0151dm\u00e9nyek<\/td><td class=\"column-2\">Dr. Jen\u0151v\u00e1ri Zolt\u00e1n<\/td>\n<\/tr>\n<tr class=\"row-43\">\n\t<td class=\"column-1\">Szervmegtart\u00f3 tumorm\u0171t\u00e9tek gyermekkorban<\/td><td class=\"column-2\">Dr. Jen\u0151v\u00e1ri Zolt\u00e1n<\/td>\n<\/tr>\n<tr class=\"row-44\">\n\t<td class=\"column-1\">Gyermekkori rizik\u00f3faktorok szerepe a kardivaszkil\u00e1ris betegs\u00e9gek kialakul\u00e1s\u00e1ban<\/td><td class=\"column-2\">Dr. Kiss Tam\u00e1s<\/td>\n<\/tr>\n<tr class=\"row-45\">\n\t<td class=\"column-1\">A b\u00e1r\u00e1nyhiml\u0151 idegrendszeri sz\u00f6v\u0151dm\u00e9nyei<\/td><td class=\"column-2\">Dr. Liptai Zolt\u00e1n<\/td>\n<\/tr>\n<tr class=\"row-46\">\n\t<td class=\"column-1\">Akut cerebellaris ataxia<\/td><td class=\"column-2\">Dr. Liptai Zolt\u00e1n<\/td>\n<\/tr>\n<tr class=\"row-47\">\n\t<td class=\"column-1\">Gyullad\u00e1sos gerincvel\u0151i k\u00f3rk\u00e9pek<\/td><td class=\"column-2\">Dr. Liptai Zolt\u00e1n<\/td>\n<\/tr>\n<tr class=\"row-48\">\n\t<td class=\"column-1\">Neuroinfektol\u00f3giai \u00e9s neuroimmunol\u00f3giai k\u00f3rk\u00e9pek klinikai jellemz\u0151i, diagnosztik\u00e1ja \u00e9s kezel\u00e9se<\/td><td class=\"column-2\">Dr. Liptai Zolt\u00e1n<\/td>\n<\/tr>\n<tr class=\"row-49\">\n\t<td class=\"column-1\">1-es t\u00edpus\u00fa neurofibromatosisos gyermekek neurol\u00f3giai k\u00e9pe<\/td><td class=\"column-2\">Dr. Liptai Zolt\u00e1n<\/td>\n<\/tr>\n<tr class=\"row-50\">\n\t<td class=\"column-1\">A gyermekkori asztma kezel\u00e9s\u00e9nek v\u00e1ltoz\u00e1sa az elm\u00falt 10 \u00e9vben<\/td><td class=\"column-2\">Dr. N\u00e9meth \u00c1gnes<\/td>\n<\/tr>\n<tr class=\"row-51\">\n\t<td class=\"column-1\">A gyermekkori asztma kezel\u00e9s\u00e9e 5 \u00e9ves kor alatt<\/td><td class=\"column-2\">Dr. N\u00e9meth \u00c1gnes<\/td>\n<\/tr>\n<tr class=\"row-52\">\n\t<td class=\"column-1\">Biol\u00f3giai ter\u00e1pia szerepe gyermekkori asthm\u00e1s megbeteged\u00e9sekben<\/td><td class=\"column-2\">Dr. N\u00e9meth \u00c1gnes<\/td>\n<\/tr>\n<tr class=\"row-53\">\n\t<td class=\"column-1\">Post COVID szindr\u00f3m\u00e1s betegek l\u00e9g\u00fati megbeteged\u00e9sei gyermekkorban<\/td><td class=\"column-2\">Dr. N\u00e9meth \u00c1gnes<\/td>\n<\/tr>\n<tr class=\"row-54\">\n\t<td class=\"column-1\">SARs CoV2 ferz\u0151z\u00e9s, influenza, RSV fert\u0151z\u00e9s kisdedkorban<\/td><td class=\"column-2\">Dr. N\u00e9meth \u00c1gnes<\/td>\n<\/tr>\n<tr class=\"row-55\">\n\t<td class=\"column-1\">SARSCoV2 fert\u0151z\u00e9st k\u00f6vet\u0151 k\u00f3r\u00e1llapotok gyermekkorban<\/td><td class=\"column-2\">Dr. N\u00e9meth \u00c1gnes<\/td>\n<\/tr>\n<tr class=\"row-56\">\n\t<td class=\"column-1\">SARSCoV2 fert\u0151z\u00e9st k\u00f6vet\u0151 sz\u00edvritmuszavarok \u00e9s kezel\u00e9s\u00fck<\/td><td class=\"column-2\">Dr. N\u00e9meth \u00c1gnes<\/td>\n<\/tr>\n<tr class=\"row-57\">\n\t<td class=\"column-1\">Juvenilis dermatomyositises betegeink gondoz\u00e1sa sor\u00e1n szerzett tapasztalatok<\/td><td class=\"column-2\">Dr. Ponyi Andrea<\/td>\n<\/tr>\n<tr class=\"row-58\">\n\t<td class=\"column-1\">Sziszt\u00e9m\u00e1s lupus erythematosus kinikuma \u00e9s kezel\u00e9se<\/td><td class=\"column-2\">Dr. Ponyi Andrea<\/td>\n<\/tr>\n<tr class=\"row-59\">\n\t<td class=\"column-1\">Gyermekkori idiopathi\u00e1s \u00e9s juvenilis idiopathi\u00e1s arthritishez csatlakoz\u00f3 uveitisek klinikai jellemz\u0151i \u00e9s kezel\u00e9si lehet\u0151s\u00e9gei<\/td><td class=\"column-2\">Dr. Ponyi Andrea<\/td>\n<\/tr>\n<tr class=\"row-60\">\n\t<td class=\"column-1\">Betegs\u00e9gm\u00f3dos\u00edt\u00f3 ter\u00e1pi\u00e1k hossz\u00fat\u00e1v\u00fa hat\u00e1s\u00e1t befoly\u00e1sol\u00f3 t\u00e9nyez\u0151k vizsg\u00e1lata spinalis muscularis atrophiaban<\/td><td class=\"column-2\">Dr. Szab\u00f3 L\u00e9na<\/td>\n<\/tr>\n<tr class=\"row-61\">\n\t<td class=\"column-1\">Duchenne f\u00e9le izomsorvads\u00e1 term\u00e9szetes lefoly\u00e1sa Magyarorsz\u00e1gon<\/td><td class=\"column-2\">Dr. Szab\u00f3 L\u00e9na<\/td>\n<\/tr>\n<tr class=\"row-62\">\n\t<td class=\"column-1\">Retinoblastoma korszer\u0171 ell\u00e1t\u00e1sa<\/td><td class=\"column-2\">Dr. Szab\u00f3 S\u00e1ndor<\/td>\n<\/tr>\n<tr class=\"row-63\">\n\t<td class=\"column-1\">Tumor prediszpoz\u00edci\u00f3s szindr\u00f3m\u00e1k<\/td><td class=\"column-2\">Dr. Szab\u00f3 S\u00e1ndor<\/td>\n<\/tr>\n<tr class=\"row-64\">\n\t<td class=\"column-1\">Elh\u00faz\u00f3d\u00f3 k\u00f6h\u00f6g\u00e9s kivizsg\u00e1l\u00e1sa \u00e9s ter\u00e1pi\u00e1s lehet\u0151s\u00e9gei 5 \u00e9v alatti gyermekekn\u00e9l<\/td><td class=\"column-2\">Dr. Szikszay Orsolya<\/td>\n<\/tr>\n<tr class=\"row-65\">\n\t<td class=\"column-1\">Asthma bronchiale ter\u00e1pi\u00e1s lehet\u0151s\u00e9gei gyermekkorban<\/td><td class=\"column-2\">Dr. Szikszay Orsolya<\/td>\n<\/tr>\n<tr class=\"row-66\">\n\t<td class=\"column-1\">Tranz\u00edci\u00f3 fontoss\u00e1ga a pulmonol\u00f3giai betegekn\u00e9l<\/td><td class=\"column-2\">Dr. Szikszay Orsolya<\/td>\n<\/tr>\n<tr class=\"row-67\">\n\t<td class=\"column-1\">Fam\u00edli\u00e1ris polyposis szindr\u00f3m\u00e1k - a genetikai h\u00e1tt\u00e9r jelent\u0151s\u00e9ge a beteggondoz\u00e1s sor\u00e1n<\/td><td class=\"column-2\">Dr. Vojnisek Zsuzsanna<\/td>\n<\/tr>\n<tr class=\"row-68\">\n\t<td class=\"column-1\">A Very Early Onset - IBD klinikuma \u00e9s genetikai h\u00e1ttere<\/td><td class=\"column-2\">Dr. Vojnisek Zsuzsanna<\/td>\n<\/tr>\n<tr class=\"row-69\">\n\t<td class=\"column-1\">Kil\u00e9gz\u00e9ses tesztek jelent\u0151s\u00e9ge a modern gyermek gasztroenterol\u00f3gi\u00e1ban<\/td><td class=\"column-2\">Dr. Vojnisek Zsuzsanna<\/td>\n<\/tr>\n<tr class=\"row-70\">\n\t<td class=\"column-1\">Eszk\u00f6z\u00f6s t\u00e1pl\u00e1l\u00e1si lehet\u0151s\u00e9gek onkol\u00f3giai betegekn\u00e9l<\/td><td class=\"column-2\">Dr. Vojnisek Zsuzsanna<\/td>\n<\/tr>\n<tr class=\"row-71\">\n\t<td class=\"column-1\">VEO-IBD \u00e9s t\u00e1rsul\u00f3 immunol\u00f3giai k\u00f3rk\u00e9pek<\/td><td class=\"column-2\">Dr. Vojnisek Zsuzsanna<\/td>\n<\/tr>\n<tr class=\"row-72\">\n\t<td class=\"column-1\">Adolescensek korai \u00e9s k\u00e9s\u0151i mell\u00e9khat\u00e1sainak elemz\u00e9se leuk\u00e9mi\u00e1s betegekben<\/td><td class=\"column-2\">Prof. Dr. Kov\u00e1cs G\u00e1bor<\/td>\n<\/tr>\n<tr class=\"row-73\">\n\t<td class=\"column-1\">Csontrendszeri mell\u00e9khat\u00e1sok leuk\u00e9mi\u00e1s gyermekekben<\/td><td class=\"column-2\">Prof. Dr. Kov\u00e1cs G\u00e1bor<\/td>\n<\/tr>\n<tr class=\"row-74\">\n\t<td class=\"column-1\">Farmakokinetikai vizsg\u00e1latok gyermekkori leuk\u00e9mi\u00e1ban.<\/td><td class=\"column-2\">Prof. Dr. Kov\u00e1cs G\u00e1bor<\/td>\n<\/tr>\n<tr class=\"row-75\">\n\t<td class=\"column-1\">Kardiol\u00f3giai k\u00e9s\u0151i mell\u00e9khat\u00e1sok daganatos betegs\u00e9gb\u0151l gy\u00f3gyult gyermekekben<\/td><td class=\"column-2\">Prof. Dr. Kov\u00e1cs G\u00e1bor<\/td>\n<\/tr>\n<tr class=\"row-76\">\n\t<td class=\"column-1\">T\u00e1pl\u00e1l\u00e1ster\u00e1pia, \u00faj t\u00e1pl\u00e1lts\u00e1gi \u00e1llapot m\u00e9r\u0151m\u00f3dszerek gyermekonkol\u00f3giai betegekben<\/td><td class=\"column-2\">Prof. Dr. Kov\u00e1cs G\u00e1bor<\/td>\n<\/tr>\n<tr class=\"row-77\">\n\t<td class=\"column-1\">Gyermekkori lymphoblasos lymphoma retrosperkz\u00edv adatelemz\u00e9se<\/td><td class=\"column-2\">Prof. Dr. Kov\u00e1cs G\u00e1bor<\/td>\n<\/tr>\n<tr class=\"row-78\">\n\t<td class=\"column-1\">IVIG kezel\u00e9sek hat\u00e9konys\u00e1g\u00e1nak felm\u00e9r\u00e9se<\/td><td class=\"column-2\">Prof. Dr.Kov\u00e1cs G\u00e1bor<\/td>\n<\/tr>\n<tr class=\"row-79\">\n\t<td class=\"column-1\">Orsz\u00e1gos gyermekkori ITP adatok feldolgoz\u00e1sa<\/td><td class=\"column-2\">Prof. Dr. Kov\u00e1cs G\u00e1bor<\/td>\n<\/tr>\n<tr class=\"row-80\">\n\t<td class=\"column-1\">A fenntart\u00f3 \u00e9s intenz\u00edv ter\u00e1pia denzit\u00e1s\u00e1nak jelent\u0151s\u00e9ge gyermekkori ALL-ben - retrospekt\u00edv adatelemz\u00e9s<\/td><td class=\"column-2\">Prof. Dr. Kov\u00e1cs G\u00e1bor<\/td>\n<\/tr>\n<\/tbody>\n<\/table>\n<!-- #tablepress-7 from cache -->\n","protected":false},"excerpt":{"rendered":"<p>Minden inform\u00e1ci\u00f3 megtal\u00e1lhat\u00f3 az egyetem honlapj\u00e1n: <a href=\"https:\/\/semmelweis.hu\/aok\/oktatas\/szakdolgozat\/\" target=\"_blank\" rel=\"noopener\">https:\/\/semmelweis.hu\/aok\/oktatas\/szakdolgozat\/<\/a> A szakdolgozat kin\u00e9zete A fekete kem\u00e9ny fedel\u0171 bor\u00edt\u00f3n a Szakdolgozat sz\u00f3, alatta a hallgat\u00f3 neve, \u00e9vsz\u00e1m. Egy \u00fcres kem\u00e9nyebb min\u0151s\u00e9g\u0171 feh\u00e9r lap ut\u00e1n az egyetem, majd a kar neve. K\u00f6z\u00e9pen a hallgat\u00f3 neve, szakdolgozat c\u00edme. H\u00e1tt\u00e9rbe be lehet m\u00e1solni az egyetem c\u00edmer\u00e9t, de ez csak opcion\u00e1lis. Alul t\u00e9mavezet\u0151 neve &hellip;<\/p>\n","protected":false},"author":158,"featured_media":0,"parent":2298,"menu_order":6,"comment_status":"closed","ping_status":"closed","template":"","meta":{"_acf_changed":false,"footnotes":""},"categories":[],"tags":[],"class_list":["post-3441","page","type-page","status-publish","hentry"],"acf":[],"_links":{"self":[{"href":"https:\/\/semmelweis.hu\/tuzoltoklinika\/wp-json\/wp\/v2\/pages\/3441","targetHints":{"allow":["GET"]}}],"collection":[{"href":"https:\/\/semmelweis.hu\/tuzoltoklinika\/wp-json\/wp\/v2\/pages"}],"about":[{"href":"https:\/\/semmelweis.hu\/tuzoltoklinika\/wp-json\/wp\/v2\/types\/page"}],"author":[{"embeddable":true,"href":"https:\/\/semmelweis.hu\/tuzoltoklinika\/wp-json\/wp\/v2\/users\/158"}],"replies":[{"embeddable":true,"href":"https:\/\/semmelweis.hu\/tuzoltoklinika\/wp-json\/wp\/v2\/comments?post=3441"}],"version-history":[{"count":12,"href":"https:\/\/semmelweis.hu\/tuzoltoklinika\/wp-json\/wp\/v2\/pages\/3441\/revisions"}],"predecessor-version":[{"id":12075,"href":"https:\/\/semmelweis.hu\/tuzoltoklinika\/wp-json\/wp\/v2\/pages\/3441\/revisions\/12075"}],"up":[{"embeddable":true,"href":"https:\/\/semmelweis.hu\/tuzoltoklinika\/wp-json\/wp\/v2\/pages\/2298"}],"wp:attachment":[{"href":"https:\/\/semmelweis.hu\/tuzoltoklinika\/wp-json\/wp\/v2\/media?parent=3441"}],"wp:term":[{"taxonomy":"category","embeddable":true,"href":"https:\/\/semmelweis.hu\/tuzoltoklinika\/wp-json\/wp\/v2\/categories?post=3441"},{"taxonomy":"post_tag","embeddable":true,"href":"https:\/\/semmelweis.hu\/tuzoltoklinika\/wp-json\/wp\/v2\/tags?post=3441"}],"curies":[{"name":"wp","href":"https:\/\/api.w.org\/{rel}","templated":true}]}}