{"id":248,"date":"2013-02-08T11:10:27","date_gmt":"2013-02-08T10:10:27","guid":{"rendered":"http:\/\/tuzoltoklinika.semmelweis.hu\/?page_id=248"},"modified":"2024-11-28T09:58:50","modified_gmt":"2024-11-28T08:58:50","slug":"sebeszet","status":"publish","type":"page","link":"https:\/\/semmelweis.hu\/tuzoltoklinika\/betegellatas\/ambulanciak-es-fekvobeteg-osztalyaink\/sebeszet\/","title":{"rendered":"Seb\u00e9szet"},"content":{"rendered":"<p style=\"text-align: left\"><strong>Oszt\u00e1lyvezet\u0151 orvos:\u00a0<\/strong> Dr. Jen\u0151v\u00e1ri Zolt\u00e1n egyetemi tan\u00e1rseg\u00e9d<\/p>\n<p><strong>Orvosi team:<\/strong><b> <\/b>Dr. B\u0171di Tam\u00e1s &#8211; egyetemi tan\u00e1rseg\u00e9d, Dr. Prokopp Tam\u00e1s &#8211; klinikai szakorvos,\u00a0 Dr. S\u00fck\u00f6sd Zita &#8211; klinikai szakorvos, Dr. Nemes-Csert\u0151 Alinka -rezidens<\/p>\n<p><strong>Oszt\u00e1lyvezet\u0151 f\u0151n\u0151v\u00e9r:<\/strong><b> <\/b>V\u00edgh Zolt\u00e1nn\u00e9, Gy\u00f6ngyi<strong>\u00a0<\/strong><\/p>\n<p><strong>Oszt\u00e1lyon dolgoz\u00f3 n\u0151v\u00e9rek:<\/strong><b><\/b> Mihucza M\u00f3nika, Borosn\u00e9 Bazsik M\u00e1ria, P\u00f6r\u00f6sn\u00e9 Papp Csilla, Skellecz Henrietta,\u00a0<\/p>\n<p style=\"text-align: justify\">A Seb\u00e9szeti Oszt\u00e1ly tev\u00e9kenys\u00e9ge elv\u00e1laszthatatlan a Klinika eg\u00e9sz\u00e9nek m\u0171k\u00f6d\u00e9s\u00e9t\u0151l. 1890-ben, m\u00e1r k\u00f6zvetlen\u00fcl a Klinika megalap\u00edt\u00e1sa ut\u00e1n, \u00f6n\u00e1ll\u00f3 seb\u00e9szeti pavilon kialak\u00edt\u00e1s\u00e1ra ker\u00fclt sor, majd t\u00f6bbsz\u00f6ri \u00e1t\u00e9p\u00edt\u00e9s ut\u00e1n a T\u0171zolt\u00f3 utca 9-es \u00e9p\u00fcletben j\u00f6tt l\u00e9tre a manu\u00e1lis r\u00e9szleg, Seb\u00e9szeti \u00e9s G\u00e9g\u00e9szeti Oszt\u00e1llyal, modern m\u0171t\u0151vel, Intenz\u00edv Oszt\u00e1llyal, Perinat\u00e1lis Intenz\u00edv Centrummal, Gasztroenterol\u00f3gi\u00e1val.<\/p>\n<p style=\"text-align: justify\">A 1970-80-as \u00e9vekben itt m\u0171k\u00f6d\u00f6tt az orsz\u00e1gban egyed\u00fcl\u00e1ll\u00f3an gyermek sz\u00edvseb\u00e9szet. 1989-ben adt\u00e1k \u00e1t az ambulancia \u00e9p\u00fclet\u00e9t, ezt k\u00f6vet\u0151en a j\u00e1r\u00f3 \u00e9s fekv\u0151beteg ell\u00e1t\u00e1s, t\u00e9rben is megfelel\u0151en k\u00fcl\u00f6nv\u00e1lt az \u00e9p\u00fcleten bel\u00fcl. Ezzel egy id\u0151ben ker\u00fclt sor szervezetileg a k\u00f6zponti m\u0171t\u0151 kialak\u00edt\u00e1s\u00e1ra is. A Klinika seb\u00e9szeti profilja er\u0151sen k\u00f6t\u0151dik a gyermekgy\u00f3gy\u00e1szati profilokhoz. Els\u0151dleges feladatunk a Klinika betegeinek seb\u00e9szeti kezel\u00e9se, ennek megfelel\u0151en az \u00e1ltal\u00e1nos seb\u00e9szeti beavatkoz\u00e1sokon t\u00fal endokrinol\u00f3giai-, onkol\u00f3giai betegek, ill. \u00e9r-eredet\u0171 fejl\u0151d\u00e9si rendelleness\u00e9gek (haemangioma, lymphangioma, v\u00e9n\u00e1s malform\u00e1ci\u00f3, stb.) seb\u00e9szeti ell\u00e1t\u00e1s\u00e1t v\u00e9gezz\u00fck. Tov\u00e1bb\u00e1 feladatunk a gyermekseb\u00e9szet oktat\u00e1sa egyetemi \u00e9s posztgradualis szinten, illetve tudom\u00e1nyos munka v\u00e9gz\u00e9se. Kutat\u00e1saink az interszexualit\u00e1s seb\u00e9szi kezel\u00e9s\u00e9re, a minim\u00e1l-invaz\u00edv seb\u00e9szet, a laparoscopia leg\u00fajabb ir\u00e1nyaira, valamint a daganatos gyermekek m\u0171t\u00e9ti ell\u00e1t\u00e1s\u00e1ban jelentkez\u0151 m\u0171t\u00e9ttechnikai k\u00e9rd\u00e9seire f\u00f3kusz\u00e1lnak.<\/p>\n<p style=\"text-align: justify\">A m\u0171t\u0151 felszerel\u00e9se folyamatos meg\u00fajul\u00e1son megy kereszt\u00fcl, k\u00f6sz\u00f6nhet\u0151en els\u0151sorban az adom\u00e1nyoknak, melyek Klinik\u00e1nk alap\u00edtv\u00e1nyain kereszt\u00fcl c\u00e9gekt\u0151l, civil adom\u00e1nyoz\u00f3kt\u00f3l \u00e9rkezik. M\u0171t\u0151nk jelenlegi felszerelts\u00e9ge az orsz\u00e1g legjobbjai k\u00f6z\u00f6tt van: k\u00e9t korszer\u0171 m\u0171t\u0151asztal, plazma-steriliz\u00e1l\u00f3 k\u00e9sz\u00fcl\u00e9k, r\u00f6ntgen-\u00e1tvil\u00e1g\u00edt\u00f3, ultrahang, ultrascision, ligasure illetve laparoscopos eszk\u00f6z\u00f6k, gyermek- \u00e9s csecsem\u0151 endoscopok, colonoscopok, rectoscopok, cystoscopok, \u00e1llnak rendelkez\u00e9sre. Az \u00e9rrendelleness\u00e9gek kezel\u00e9s\u00e9re korszer\u0171 l\u00e9zerk\u00e9sz\u00fcl\u00e9ket haszn\u00e1lunk. A m\u0171t\u00e9tek sterilit\u00e1s\u00e1t nagy teljes\u00edtm\u00e9ny\u0171 k\u00f6zponti, steril kl\u00edma, h\u0151l\u00e9gsteriliz\u00e1l\u00f3, modern plazmasteriliz\u00e1l\u00f3 berendez\u00e9s teszi lehet\u0151v\u00e9.<\/p>\n<p style=\"text-align: justify\">Seb\u00e9szeti Oszt\u00e1lyunkon 10 m\u0171k\u00f6d\u0151 \u00e1gy \u00e1ll betegeink rendelkez\u00e9s\u00e9re. 2016-ban t\u00f6bb mint ezer m\u0171t\u00e9tet v\u00e9gezt\u00fcnk, melyek jelent\u0151s r\u00e9sze onkol\u00f3giai beavatkoz\u00e1s volt, de folyamatosan \u00e9s nagy sz\u00e1mban v\u00e9gz\u00fcnk \u00e1ltal\u00e1nos gyermekseb\u00e9szeti, urol\u00f3giai, s\u00fcrg\u0151ss\u00e9gi, endokrinol\u00f3giai, \u00e9rseb\u00e9szeti, plasztikai m\u0171t\u00e9teket is.<\/p>\n<p style=\"text-align: justify\">A f\u0151v\u00e1rosi \u00fcgyeleti beoszt\u00e1s szerint a K\u00f6z\u00e9p-Magyarorsz\u00e1gi r\u00e9gi\u00f3, \u00c9szak- \u00e9s D\u00e9l-Pesti ter\u00fclet\u00e9n akut gyermekseb\u00e9szeti, valamint az 1 \u00e9v alatti gyermekek traumatol\u00f3giai \u00fcgyelet\u00e9t biztos\u00edtjuk Gyermekgy\u00f3gy\u00e1szati Klinik\u00e1nk B\u00f3kay utcai r\u00e9szleg\u00e9vel felv\u00e1ltva:<\/p>\n<table style=\"border-collapse: collapse;width: 100%;height: 132px\">\n<tbody>\n<tr style=\"height: 33px\">\n<td style=\"width: 25%;height: 33px\">\u00a0<\/td>\n<td style=\"width: 25%;height: 33px\">\u00a0<\/td>\n<td style=\"width: 50%;text-align: center;height: 33px\" colspan=\"2\"><strong>K\u00f6z\u00e9p-Magyarorsz\u00e1gi r\u00e9gi\u00f3<\/strong><\/td>\n<\/tr>\n<tr style=\"height: 33px\">\n<td style=\"width: 25%;height: 33px\">\u00a0<\/td>\n<td style=\"width: 25%;height: 33px\">\u00a0<\/td>\n<td style=\"width: 25%;text-align: center;height: 33px\"><strong>\u00c9SZAK<\/strong><\/td>\n<td style=\"width: 25%;text-align: center;height: 33px\"><strong>D\u00c9L<\/strong><\/td>\n<\/tr>\n<tr style=\"height: 33px\">\n<td style=\"width: 25%;height: 33px\" rowspan=\"2\"><strong>CS\u00dcT\u00d6RT\u00d6K<\/strong><\/td>\n<td style=\"width: 25%;height: 33px;text-align: center\">p\u00e1ratlan h\u00e9t<\/td>\n<td style=\"width: 25%;height: 33px;text-align: center\">B\u00f3kay utcai r\u00e9szleg<\/td>\n<td style=\"width: 25%;height: 33px;text-align: center\">B\u00f3kay utcai r\u00e9szleg<\/td>\n<\/tr>\n<tr style=\"height: 33px\">\n<td style=\"width: 25%;height: 33px;text-align: center\"><span style=\"color: #ff0000\"><strong>p\u00e1ros h\u00e9t<\/strong><\/span><\/td>\n<td style=\"width: 25%;height: 33px;text-align: center\"><span style=\"color: #ff0000\"><strong>T\u0171zolt\u00f3 utcai r\u00e9szleg<\/strong><\/span><\/td>\n<td style=\"width: 25%;height: 33px;text-align: center\"><span style=\"color: #ff0000\"><strong>T\u0171zolt\u00f3 utcai r\u00e9szleg<\/strong><\/span><\/td>\n<\/tr>\n<\/tbody>\n<\/table>\n<table style=\"border-collapse: collapse;width: 100%\">\n<tbody>\n<tr>\n<td style=\"width: 25%\" rowspan=\"2\"><strong>P\u00c9NTEK<\/strong><\/td>\n<td style=\"width: 25%;text-align: center\"><span style=\"color: #ff0000\"><strong>p\u00e1ratlan h\u00e9t<\/strong><\/span><\/td>\n<td style=\"width: 25%;text-align: center\"><span style=\"color: #ff0000\"><strong>T\u0171zolt\u00f3 utcai r\u00e9szleg<\/strong><\/span><\/td>\n<td style=\"width: 25%;text-align: center\"><span style=\"color: #ff0000\"><strong>T\u0171zolt\u00f3 utcai r\u00e9szleg<\/strong><\/span><\/td>\n<\/tr>\n<tr>\n<td style=\"width: 25%;text-align: center\">p\u00e1ros h\u00e9t<\/td>\n<td style=\"width: 25%;text-align: center\">B\u00f3kay utcai r\u00e9szleg<\/td>\n<td style=\"width: 25%;text-align: center\">B\u00f3kay utcai r\u00e9szleg<\/td>\n<\/tr>\n<\/tbody>\n<\/table>\n<p>&nbsp;<\/p>\n<p style=\"text-align: justify\">\u00a0A seb\u00e9szeti oszt\u00e1lyokon stabil, megb\u00edzhat\u00f3, kimagasl\u00f3 szakmai tud\u00e1s\u00fa, \u00e1lland\u00f3 n\u0151v\u00e9rg\u00e1rda teljes\u00edt szolg\u00e1latot.<\/p>\n<p style=\"text-align: justify\">K\u00fclf\u00f6ldi szem\u00e9lyes \u00e9s szakmai kapcsolataink a k\u00f6vetkez\u0151k:<\/p>\n<ul>\n<li style=\"text-align: justify\"><a href=\"https:\/\/rhcg.org.uk\/\" target=\"_blank\" rel=\"noopener\">Glasgow, Royal Hospital for Sick Children<\/a>;<\/li>\n<li style=\"text-align: justify\"><a href=\"https:\/\/www.gosh.nhs.uk\/\" target=\"_blank\" rel=\"noopener\">Great Ormond Street Hospital, London<\/a>;\u00a0<\/li>\n<li style=\"text-align: justify\"><a href=\"https:\/\/lij.northwell.edu\/\" target=\"_blank\" rel=\"noopener\">New York, Long Island Jewish Hospital<\/a>;<\/li>\n<li style=\"text-align: justify\"><a href=\"https:\/\/www.cincinnatichildrens.org\/\" target=\"_blank\" rel=\"noopener\">Cincinnati Children\u2019s Medical Center<\/a>;<\/li>\n<li style=\"text-align: justify\"><a href=\"https:\/\/www.glg-gesundheit.de\/krankenhaeuser\/glg-werner-forssmann-klinikum-eberswalde\" target=\"_blank\" rel=\"noopener\">Werner Forssmann Krankenhaus Eberswalde<\/a>;<\/li>\n<li style=\"text-align: justify\"><a href=\"https:\/\/ppm-system.gumed.edu.pl\/info\/affiliation\/GUMf30679b431ca4108971902d839bddf67?aq=%40status%3APRACOWNIK*%2Cauthorprofile%2Fposition%2F%40namePL%3Aprofesor%3Bauthorprofile%2F%40possitionPL%3Aprofesor%2C%40active%3D%27true%27%2CmainDiscipline%3AWUT8f23859f8bc34fc6ba2ce124aafc3bf0%3BactivityDiscipline%2Fdiscipline%3AWUT8f23859f8bc34fc6ba2ce124aafc3bf0&amp;r=author&amp;ps=20&amp;tab=&amp;title=Department+of+Surgery+and+Urology+for+Children+and+Adolescents&amp;lang=en&amp;pn=1&amp;cid=125987\" target=\"_blank\" rel=\"noopener\">Department of Surgery and Urology for Children and Adolescents Medical University of Gdansk<\/a>, de t\u00f6bb m\u00e1s eur\u00f3pai \u00e9s tengerent\u00fali Seb\u00e9szeti oszt\u00e1llyal, \u00e9s nagyszer\u0171 gyermekseb\u00e9sszel tartunk bar\u00e1ti, illetve szakmai kapcsolatot.<\/li>\n<\/ul>\n<p style=\"text-align: justify\">Alap\u00edtv\u00e1nyunk: <a href=\"https:\/\/hu-hu.facebook.com\/segitsetekgyogyitani\/\" target=\"_blank\" rel=\"noopener noreferrer\">Seg\u00edtsetek Gy\u00f3gy\u00edtani Alap\u00edtv\u00e1ny<\/a> Ad\u00f3sz\u00e1m: 19674368-1-43 Sz\u00e1mlasz\u00e1munk: 11705008-20422251\u00a0<\/p>\n","protected":false},"excerpt":{"rendered":"<p>Oszt\u00e1lyvezet\u0151 orvos:\u00a0 Dr. Jen\u0151v\u00e1ri Zolt\u00e1n egyetemi tan\u00e1rseg\u00e9d Orvosi team: Dr. B\u0171di Tam\u00e1s &#8211; egyetemi tan\u00e1rseg\u00e9d, Dr. Prokopp Tam\u00e1s &#8211; klinikai szakorvos,\u00a0 Dr. S\u00fck\u00f6sd Zita &#8211; klinikai szakorvos, Dr. Nemes-Csert\u0151 Alinka -rezidens Oszt\u00e1lyvezet\u0151 f\u0151n\u0151v\u00e9r: V\u00edgh Zolt\u00e1nn\u00e9, Gy\u00f6ngyi\u00a0 Oszt\u00e1lyon dolgoz\u00f3 n\u0151v\u00e9rek: Mihucza M\u00f3nika, Borosn\u00e9 Bazsik M\u00e1ria, P\u00f6r\u00f6sn\u00e9 Papp Csilla, Skellecz Henrietta,\u00a0 A Seb\u00e9szeti Oszt\u00e1ly tev\u00e9kenys\u00e9ge elv\u00e1laszthatatlan a &hellip;<\/p>\n","protected":false},"author":158,"featured_media":0,"parent":3986,"menu_order":0,"comment_status":"closed","ping_status":"closed","template":"","meta":{"_acf_changed":false,"footnotes":""},"categories":[],"tags":[],"class_list":["post-248","page","type-page","status-publish","hentry"],"acf":[],"_links":{"self":[{"href":"https:\/\/semmelweis.hu\/tuzoltoklinika\/wp-json\/wp\/v2\/pages\/248","targetHints":{"allow":["GET"]}}],"collection":[{"href":"https:\/\/semmelweis.hu\/tuzoltoklinika\/wp-json\/wp\/v2\/pages"}],"about":[{"href":"https:\/\/semmelweis.hu\/tuzoltoklinika\/wp-json\/wp\/v2\/types\/page"}],"author":[{"embeddable":true,"href":"https:\/\/semmelweis.hu\/tuzoltoklinika\/wp-json\/wp\/v2\/users\/158"}],"replies":[{"embeddable":true,"href":"https:\/\/semmelweis.hu\/tuzoltoklinika\/wp-json\/wp\/v2\/comments?post=248"}],"version-history":[{"count":10,"href":"https:\/\/semmelweis.hu\/tuzoltoklinika\/wp-json\/wp\/v2\/pages\/248\/revisions"}],"predecessor-version":[{"id":10581,"href":"https:\/\/semmelweis.hu\/tuzoltoklinika\/wp-json\/wp\/v2\/pages\/248\/revisions\/10581"}],"up":[{"embeddable":true,"href":"https:\/\/semmelweis.hu\/tuzoltoklinika\/wp-json\/wp\/v2\/pages\/3986"}],"wp:attachment":[{"href":"https:\/\/semmelweis.hu\/tuzoltoklinika\/wp-json\/wp\/v2\/media?parent=248"}],"wp:term":[{"taxonomy":"category","embeddable":true,"href":"https:\/\/semmelweis.hu\/tuzoltoklinika\/wp-json\/wp\/v2\/categories?post=248"},{"taxonomy":"post_tag","embeddable":true,"href":"https:\/\/semmelweis.hu\/tuzoltoklinika\/wp-json\/wp\/v2\/tags?post=248"}],"curies":[{"name":"wp","href":"https:\/\/api.w.org\/{rel}","templated":true}]}}