{"id":34,"date":"2025-01-07T15:41:44","date_gmt":"2025-01-07T14:41:44","guid":{"rendered":"https:\/\/semmelweis.hu\/tunderhegy\/?page_id=34"},"modified":"2026-04-15T08:20:12","modified_gmt":"2026-04-15T06:20:12","slug":"munkatarsak","status":"publish","type":"page","link":"https:\/\/semmelweis.hu\/tunderhegy\/munkatarsak\/","title":{"rendered":"Munkat\u00e1rsak"},"content":{"rendered":"<h3>Dr. Mil\u00e1k Piroska<img loading=\"lazy\" decoding=\"async\" class=\"alignright wp-image-498 size-medium\" src=\"https:\/\/semmelweis.hu\/tunderhegy\/files\/2025\/03\/RS210403_GV5A1182-scr-267x400.jpg\" alt=\"\" width=\"267\" height=\"400\" srcset=\"https:\/\/semmelweis.hu\/tunderhegy\/files\/2025\/03\/RS210403_GV5A1182-scr-267x400.jpg 267w, https:\/\/semmelweis.hu\/tunderhegy\/files\/2025\/03\/RS210403_GV5A1182-scr.jpg 600w\" sizes=\"auto, (max-width: 267px) 100vw, 267px\" \/><\/h3>\n<h5>Oszt\u00e1lyvezet\u0151 f\u0151orvos<\/h5>\n<p>Pszichoterapeuta. Pszichi\u00e1ter szakorvos.<\/p>\n<p>2007 \u00f3ta dolgozik oszt\u00e1lyunkon, 2022 \u00f3ta oszt\u00e1lyvezet\u0151 f\u0151orvos.<\/p>\n<hr \/>\n<h3 style=\"text-align: left\">Dr. Petrovszki Ir\u00e9n<img loading=\"lazy\" decoding=\"async\" class=\"wp-image-465 size-medium alignright\" src=\"https:\/\/semmelweis.hu\/tunderhegy\/files\/2025\/02\/petrovszki-267x400.jpg\" alt=\"\" width=\"267\" height=\"400\" srcset=\"https:\/\/semmelweis.hu\/tunderhegy\/files\/2025\/02\/petrovszki-267x400.jpg 267w, https:\/\/semmelweis.hu\/tunderhegy\/files\/2025\/02\/petrovszki.jpg 600w\" sizes=\"auto, (max-width: 267px) 100vw, 267px\" \/><\/h3>\n<h5>R\u00e9szlegvezet\u0151<\/h5>\n<p>F\u0151orvos. Pszichi\u00e1ter, pszichoterapeuta, pszichodr\u00e1ma pszichoterapeuta, magatart\u00e1sterapeuta.<\/p>\n<p>1999 \u00f3ta dolgozik oszt\u00e1lyunkon.<\/p>\n<p>&nbsp;<\/p>\n<hr \/>\n<h3>Dr. Boros Edit<img loading=\"lazy\" decoding=\"async\" class=\"alignright wp-image-456 size-medium\" src=\"https:\/\/semmelweis.hu\/tunderhegy\/files\/2025\/02\/boros-267x400.jpg\" alt=\"\" width=\"267\" height=\"400\" srcset=\"https:\/\/semmelweis.hu\/tunderhegy\/files\/2025\/02\/boros-267x400.jpg 267w, https:\/\/semmelweis.hu\/tunderhegy\/files\/2025\/02\/boros.jpg 600w\" sizes=\"auto, (max-width: 267px) 100vw, 267px\" \/><\/h3>\n<h5>R\u00e9szlegvezet\u0151<\/h5>\n<p>F\u0151orvos. Pszichi\u00e1ter, pszichoanalitikusan orient\u00e1lt pszichoterapeuta (POPKE), pszichi\u00e1triai rehabilit\u00e1ci\u00f3s szakorvos. Pszichodinamikus mozg\u00e1s- \u00e9s t\u00e1ncpszichoteraepeuta.<\/p>\n<p>1997 \u00f3ta dolgozik oszt\u00e1lyunkon.<\/p>\n<hr \/>\n<h3>D\u00e1vid J\u00f3zsef<img loading=\"lazy\" decoding=\"async\" class=\"alignright wp-image-460 size-medium\" src=\"https:\/\/semmelweis.hu\/tunderhegy\/files\/2025\/02\/david-267x400.jpg\" alt=\"\" width=\"267\" height=\"400\" srcset=\"https:\/\/semmelweis.hu\/tunderhegy\/files\/2025\/02\/david-267x400.jpg 267w, https:\/\/semmelweis.hu\/tunderhegy\/files\/2025\/02\/david.jpg 600w\" sizes=\"auto, (max-width: 267px) 100vw, 267px\" \/><\/h3>\n<h5>A Nappali K\u00f3rh\u00e1z vezet\u0151je<\/h5>\n<p>Klinikai szakpszichol\u00f3gus, pszichoterapeuta.<\/p>\n<p>2014 \u00f3ta dolgozik az oszt\u00e1lyon.<\/p>\n<hr \/>\n<h3>Csizm\u00e1r Ildik\u00f3<img loading=\"lazy\" decoding=\"async\" class=\"alignright wp-image-457 size-medium\" src=\"https:\/\/semmelweis.hu\/tunderhegy\/files\/2025\/02\/csizmar-267x400.jpg\" alt=\"\" width=\"267\" height=\"400\" srcset=\"https:\/\/semmelweis.hu\/tunderhegy\/files\/2025\/02\/csizmar-267x400.jpg 267w, https:\/\/semmelweis.hu\/tunderhegy\/files\/2025\/02\/csizmar.jpg 600w\" sizes=\"auto, (max-width: 267px) 100vw, 267px\" \/><\/h3>\n<h5>Oszt\u00e1lyvezet\u0151 \u00e1pol\u00f3<\/h5>\n<p>Pszichoter\u00e1pi\u00e1s \u00e1pol\u00f3. Diplom\u00e1s \u00e1pol\u00f3.<\/p>\n<p>2011 \u00e9s 2018 k\u00f6z\u00f6tt, illetve 2021 \u00f3ta dolgozik oszt\u00e1lyunkon.<\/p>\n<hr \/>\n<p>&nbsp;<\/p>\n<h3>Dr. Sebes J\u00falia<img loading=\"lazy\" decoding=\"async\" class=\"alignright wp-image-468 size-medium\" src=\"https:\/\/semmelweis.hu\/tunderhegy\/files\/2025\/02\/sebes-267x400.jpg\" alt=\"\" width=\"267\" height=\"400\" srcset=\"https:\/\/semmelweis.hu\/tunderhegy\/files\/2025\/02\/sebes-267x400.jpg 267w, https:\/\/semmelweis.hu\/tunderhegy\/files\/2025\/02\/sebes.jpg 600w\" sizes=\"auto, (max-width: 267px) 100vw, 267px\" \/><\/h3>\n<h5>Pszichi\u00e1ter, pszichoterapeuta<\/h5>\n<p>2017 \u00f3ta dolgozik oszt\u00e1lyunkon.<\/p>\n<hr \/>\n<h3>Dr. Ternov\u00e1n Szilvia<img loading=\"lazy\" decoding=\"async\" class=\"alignright wp-image-452 size-medium\" src=\"https:\/\/semmelweis.hu\/tunderhegy\/files\/2025\/02\/ternovan-267x400.jpg\" alt=\"\" width=\"267\" height=\"400\" srcset=\"https:\/\/semmelweis.hu\/tunderhegy\/files\/2025\/02\/ternovan-267x400.jpg 267w, https:\/\/semmelweis.hu\/tunderhegy\/files\/2025\/02\/ternovan.jpg 600w\" sizes=\"auto, (max-width: 267px) 100vw, 267px\" \/><\/h3>\n<h5>Pszichi\u00e1ter, pszichoterapeuta<\/h5>\n<p>2022 \u00f3ta dolgozik oszt\u00e1lyunkon.<\/p>\n<hr \/>\n<h3>Dr. Margitics Marcell<img loading=\"lazy\" decoding=\"async\" class=\"alignright wp-image-464 size-medium\" src=\"https:\/\/semmelweis.hu\/tunderhegy\/files\/2025\/02\/margitics-267x400.jpg\" alt=\"\" width=\"267\" height=\"400\" srcset=\"https:\/\/semmelweis.hu\/tunderhegy\/files\/2025\/02\/margitics-267x400.jpg 267w, https:\/\/semmelweis.hu\/tunderhegy\/files\/2025\/02\/margitics.jpg 600w\" sizes=\"auto, (max-width: 267px) 100vw, 267px\" \/><\/h3>\n<h5>Pszichi\u00e1ter, pszichoterapeuta<\/h5>\n<p>2022 \u00f3ta dolgozik oszt\u00e1lyunkon.<\/p>\n<hr \/>\n<h3>Dr. Ulbert Petra<img loading=\"lazy\" decoding=\"async\" class=\"alignright size-medium wp-image-546\" src=\"https:\/\/semmelweis.hu\/tunderhegy\/files\/2025\/10\/u.petra_.background-267x400.png\" alt=\"\" width=\"267\" height=\"400\" srcset=\"https:\/\/semmelweis.hu\/tunderhegy\/files\/2025\/10\/u.petra_.background-267x400.png 267w, https:\/\/semmelweis.hu\/tunderhegy\/files\/2025\/10\/u.petra_.background.png 400w\" sizes=\"auto, (max-width: 267px) 100vw, 267px\" \/><\/h3>\n<h5>Pszichi\u00e1ter<\/h5>\n<p>2025 \u00f3ta dolgozik oszt\u00e1lyunkon.<\/p>\n<hr \/>\n<h3>Dr. V\u00e1rkonyi R\u00e9ka<img loading=\"lazy\" decoding=\"async\" class=\"alignright wp-image-549 size-medium\" src=\"https:\/\/semmelweis.hu\/tunderhegy\/files\/2026\/01\/reka-261x400.jpg\" alt=\"\" width=\"261\" height=\"400\" srcset=\"https:\/\/semmelweis.hu\/tunderhegy\/files\/2026\/01\/reka-261x400.jpg 261w, https:\/\/semmelweis.hu\/tunderhegy\/files\/2026\/01\/reka-669x1024.jpg 669w, https:\/\/semmelweis.hu\/tunderhegy\/files\/2026\/01\/reka-768x1175.jpg 768w, https:\/\/semmelweis.hu\/tunderhegy\/files\/2026\/01\/reka-753x1152.jpg 753w, https:\/\/semmelweis.hu\/tunderhegy\/files\/2026\/01\/reka.jpg 781w\" sizes=\"auto, (max-width: 261px) 100vw, 261px\" \/><\/h3>\n<h5>Pszichi\u00e1ter<\/h5>\n<p>2025 \u00f3ta dolgozik oszt\u00e1lyunkon<\/p>\n<p>&nbsp;<\/p>\n<p>&nbsp;<\/p>\n<p>&nbsp;<\/p>\n<p>&nbsp;<\/p>\n<hr \/>\n<h3>Kiss Tibor Cece<img loading=\"lazy\" decoding=\"async\" class=\"alignright wp-image-463 size-medium\" src=\"https:\/\/semmelweis.hu\/tunderhegy\/files\/2025\/02\/ktc-267x400.jpg\" alt=\"\" width=\"267\" height=\"400\" srcset=\"https:\/\/semmelweis.hu\/tunderhegy\/files\/2025\/02\/ktc-267x400.jpg 267w, https:\/\/semmelweis.hu\/tunderhegy\/files\/2025\/02\/ktc.jpg 600w\" sizes=\"auto, (max-width: 267px) 100vw, 267px\" \/><\/h3>\n<h5>Klinikai szakpszichol\u00f3gus, pszichoterapeuta<\/h5>\n<p>Integr\u00e1lt kifejez\u00e9s- \u00e9s t\u00e1ncterapeuta, pszichodinamikus mozg\u00e1s- \u00e9s t\u00e1ncterapeuta-jel\u00f6lt.<\/p>\n<p>2013 \u00f3ta dolgozik oszt\u00e1lyunkon<\/p>\n<hr \/>\n<h3>Barna M\u00e1ria<img loading=\"lazy\" decoding=\"async\" class=\"alignright wp-image-454 size-medium\" src=\"https:\/\/semmelweis.hu\/tunderhegy\/files\/2025\/02\/barna-267x400.jpg\" alt=\"\" width=\"267\" height=\"400\" srcset=\"https:\/\/semmelweis.hu\/tunderhegy\/files\/2025\/02\/barna-267x400.jpg 267w, https:\/\/semmelweis.hu\/tunderhegy\/files\/2025\/02\/barna.jpg 600w\" sizes=\"auto, (max-width: 267px) 100vw, 267px\" \/><\/h3>\n<h5>Klinikai szakpszichol\u00f3gus, pszichoterapeuta<\/h5>\n<p>2018 \u00e9s 2020 k\u00f6z\u00f6tt, majd 2023 \u00f3ta dolgozik az oszt\u00e1lyon.<\/p>\n<hr \/>\n<h3>B\u00e1nyai \u00c1kos<img loading=\"lazy\" decoding=\"async\" class=\"alignright wp-image-501 size-medium\" src=\"https:\/\/semmelweis.hu\/tunderhegy\/files\/2025\/03\/RS210406_GV5A1289-scr-267x400.jpg\" alt=\"\" width=\"267\" height=\"400\" srcset=\"https:\/\/semmelweis.hu\/tunderhegy\/files\/2025\/03\/RS210406_GV5A1289-scr-267x400.jpg 267w, https:\/\/semmelweis.hu\/tunderhegy\/files\/2025\/03\/RS210406_GV5A1289-scr.jpg 600w\" sizes=\"auto, (max-width: 267px) 100vw, 267px\" \/><\/h3>\n<h5>Klinikai szakpszichol\u00f3gus, pszichoterapeuta-jel\u00f6lt<\/h5>\n<p>2020 \u00f3ta dolgozik az oszt\u00e1lyon.<\/p>\n<hr \/>\n<h3>Sarbak Istv\u00e1n<img loading=\"lazy\" decoding=\"async\" class=\"alignright wp-image-467 size-medium\" src=\"https:\/\/semmelweis.hu\/tunderhegy\/files\/2025\/02\/sarbak-267x400.jpg\" alt=\"\" width=\"267\" height=\"400\" srcset=\"https:\/\/semmelweis.hu\/tunderhegy\/files\/2025\/02\/sarbak-267x400.jpg 267w, https:\/\/semmelweis.hu\/tunderhegy\/files\/2025\/02\/sarbak.jpg 600w\" sizes=\"auto, (max-width: 267px) 100vw, 267px\" \/><\/h3>\n<h5>Klinikai szakpszichol\u00f3gus, pszichoterapeuta<\/h5>\n<p>2022 \u00f3ta dolgozik az oszt\u00e1lyon.<\/p>\n<hr \/>\n<h3>Dina P\u00e9tern\u00e9 Wenczl Zsuzsanna<img loading=\"lazy\" decoding=\"async\" class=\"alignright wp-image-499 size-medium\" src=\"https:\/\/semmelweis.hu\/tunderhegy\/files\/2025\/03\/RS210404_GV5A1244-scr-267x400.jpg\" alt=\"\" width=\"267\" height=\"400\" srcset=\"https:\/\/semmelweis.hu\/tunderhegy\/files\/2025\/03\/RS210404_GV5A1244-scr-267x400.jpg 267w, https:\/\/semmelweis.hu\/tunderhegy\/files\/2025\/03\/RS210404_GV5A1244-scr.jpg 600w\" sizes=\"auto, (max-width: 267px) 100vw, 267px\" \/><\/h3>\n<h5>Szocioterapeuta<\/h5>\n<p>Pszichoter\u00e1pi\u00e1s \u00e1pol\u00f3, pszichi\u00e1triai szak\u00e1pol\u00f3.<\/p>\n<p>2002 \u00f3ta dolgozik oszt\u00e1lyunkon<\/p>\n<hr \/>\n<h3>G\u00e1lfi-B\u00f3di Ajtony<img loading=\"lazy\" decoding=\"async\" class=\"alignright wp-image-461 size-medium\" src=\"https:\/\/semmelweis.hu\/tunderhegy\/files\/2025\/02\/galfi-bodi-267x400.jpg\" alt=\"\" width=\"267\" height=\"400\" srcset=\"https:\/\/semmelweis.hu\/tunderhegy\/files\/2025\/02\/galfi-bodi-267x400.jpg 267w, https:\/\/semmelweis.hu\/tunderhegy\/files\/2025\/02\/galfi-bodi.jpg 600w\" sizes=\"auto, (max-width: 267px) 100vw, 267px\" \/><\/h3>\n<h5>Szocioterapeuta<\/h5>\n<p>2008 \u00f3ta dolgozik oszt\u00e1lyunkon<\/p>\n<hr \/>\n<p><img loading=\"lazy\" decoding=\"async\" class=\"wp-image-525 size-medium alignright\" src=\"https:\/\/semmelweis.hu\/tunderhegy\/files\/2025\/06\/rezes.h-265x400.jpg\" alt=\"\" width=\"265\" height=\"400\" srcset=\"https:\/\/semmelweis.hu\/tunderhegy\/files\/2025\/06\/rezes.h-265x400.jpg 265w, https:\/\/semmelweis.hu\/tunderhegy\/files\/2025\/06\/rezes.h-678x1024.jpg 678w, https:\/\/semmelweis.hu\/tunderhegy\/files\/2025\/06\/rezes.h-768x1160.jpg 768w, https:\/\/semmelweis.hu\/tunderhegy\/files\/2025\/06\/rezes.h-1017x1536.jpg 1017w, https:\/\/semmelweis.hu\/tunderhegy\/files\/2025\/06\/rezes.h-753x1137.jpg 753w, https:\/\/semmelweis.hu\/tunderhegy\/files\/2025\/06\/rezes.h.jpg 1356w\" sizes=\"auto, (max-width: 265px) 100vw, 265px\" \/><\/p>\n<h3>Rezes Hajnalka<\/h3>\n<h5>M\u0171v\u00e9szetterapeuta<\/h5>\n<p>2025 \u00f3ta dolgozik oszt\u00e1lyunkon.<\/p>\n<hr \/>\n<h3>Rozgonyi Em\u0151ke<img loading=\"lazy\" decoding=\"async\" class=\"alignright wp-image-503 size-medium\" src=\"https:\/\/semmelweis.hu\/tunderhegy\/files\/2025\/03\/RS210408_GV5A1431-scr-267x400.jpg\" alt=\"\" width=\"267\" height=\"400\" srcset=\"https:\/\/semmelweis.hu\/tunderhegy\/files\/2025\/03\/RS210408_GV5A1431-scr-267x400.jpg 267w, https:\/\/semmelweis.hu\/tunderhegy\/files\/2025\/03\/RS210408_GV5A1431-scr.jpg 600w\" sizes=\"auto, (max-width: 267px) 100vw, 267px\" \/><\/h3>\n<h5>M\u0171v\u00e9szetterapeuta<\/h5>\n<p>2024 \u00f3ta dolgozik oszt\u00e1lyunkon.<\/p>\n<hr \/>\n<h3>Bartha Katalin<img loading=\"lazy\" decoding=\"async\" class=\"alignright wp-image-455 size-medium\" src=\"https:\/\/semmelweis.hu\/tunderhegy\/files\/2025\/02\/bartha-267x400.jpg\" alt=\"\" width=\"267\" height=\"400\" srcset=\"https:\/\/semmelweis.hu\/tunderhegy\/files\/2025\/02\/bartha-267x400.jpg 267w, https:\/\/semmelweis.hu\/tunderhegy\/files\/2025\/02\/bartha.jpg 600w\" sizes=\"auto, (max-width: 267px) 100vw, 267px\" \/><\/h3>\n<h5>\u00c1pol\u00f3<\/h5>\n<p>Pszichi\u00e1triai szak\u00e1pol\u00f3.<\/p>\n<p>2006 \u00f3ta dolgozik oszt\u00e1lyunkon.<\/p>\n<hr \/>\n<h3>Csoba Attila<img loading=\"lazy\" decoding=\"async\" class=\"alignright wp-image-458 size-medium\" src=\"https:\/\/semmelweis.hu\/tunderhegy\/files\/2025\/02\/csoba-267x400.jpg\" alt=\"\" width=\"267\" height=\"400\" srcset=\"https:\/\/semmelweis.hu\/tunderhegy\/files\/2025\/02\/csoba-267x400.jpg 267w, https:\/\/semmelweis.hu\/tunderhegy\/files\/2025\/02\/csoba.jpg 600w\" sizes=\"auto, (max-width: 267px) 100vw, 267px\" \/><\/h3>\n<h5>\u00c1pol\u00f3<\/h5>\n<p>Ment\u0151tiszt.<\/p>\n<p>2019 \u00f3ta dolgozik oszt\u00e1lyunkon.<\/p>\n<hr \/>\n<h3>Darvai P\u00e9ter<img loading=\"lazy\" decoding=\"async\" class=\"alignright wp-image-459 size-medium\" src=\"https:\/\/semmelweis.hu\/tunderhegy\/files\/2025\/02\/darvai-267x400.jpg\" alt=\"\" width=\"267\" height=\"400\" srcset=\"https:\/\/semmelweis.hu\/tunderhegy\/files\/2025\/02\/darvai-267x400.jpg 267w, https:\/\/semmelweis.hu\/tunderhegy\/files\/2025\/02\/darvai.jpg 600w\" sizes=\"auto, (max-width: 267px) 100vw, 267px\" \/><\/h3>\n<h5>\u00c1pol\u00f3<\/h5>\n<p>Feln\u0151tt szak\u00e1pol\u00f3, intenz\u00edv ter\u00e1pi\u00e1s \u00e1pol\u00f3.<\/p>\n<p>2020 \u00f3ta dolgozik oszt\u00e1lyunkon.<\/p>\n<hr \/>\n<h3>Heged\u0171s \u00c1gnes<img loading=\"lazy\" decoding=\"async\" class=\"alignright wp-image-504 size-medium\" src=\"https:\/\/semmelweis.hu\/tunderhegy\/files\/2025\/03\/RS210409_GV5A1569-scr-267x400.jpg\" alt=\"\" width=\"267\" height=\"400\" srcset=\"https:\/\/semmelweis.hu\/tunderhegy\/files\/2025\/03\/RS210409_GV5A1569-scr-267x400.jpg 267w, https:\/\/semmelweis.hu\/tunderhegy\/files\/2025\/03\/RS210409_GV5A1569-scr.jpg 600w\" sizes=\"auto, (max-width: 267px) 100vw, 267px\" \/><\/h3>\n<h5>\u00c1pol\u00f3<\/h5>\n<p>HID szak\u00e1pol\u00f3.<\/p>\n<p>2019 \u00f3ta dolgozik oszt\u00e1lyunkon.<\/p>\n<hr \/>\n<h3>Ilok Attila<img loading=\"lazy\" decoding=\"async\" class=\"alignright wp-image-462 size-medium\" src=\"https:\/\/semmelweis.hu\/tunderhegy\/files\/2025\/02\/ilok-267x400.jpg\" alt=\"\" width=\"267\" height=\"400\" srcset=\"https:\/\/semmelweis.hu\/tunderhegy\/files\/2025\/02\/ilok-267x400.jpg 267w, https:\/\/semmelweis.hu\/tunderhegy\/files\/2025\/02\/ilok.jpg 600w\" sizes=\"auto, (max-width: 267px) 100vw, 267px\" \/><\/h3>\n<h5>\u00c1pol\u00f3<\/h5>\n<p>OKJ 54 \u00e1pol\u00f3, pszichi\u00e1triai szak\u00e1pol\u00f3.<\/p>\n<p>2022 \u00f3ta dolgozik oszt\u00e1lyunkon.<\/p>\n<hr \/>\n<h3>Kozma Zsuzsanna<img loading=\"lazy\" decoding=\"async\" class=\"alignright wp-image-500 size-medium\" src=\"https:\/\/semmelweis.hu\/tunderhegy\/files\/2025\/03\/RS210405_GV5A1274-scr-267x400.jpg\" alt=\"\" width=\"267\" height=\"400\" srcset=\"https:\/\/semmelweis.hu\/tunderhegy\/files\/2025\/03\/RS210405_GV5A1274-scr-267x400.jpg 267w, https:\/\/semmelweis.hu\/tunderhegy\/files\/2025\/03\/RS210405_GV5A1274-scr.jpg 600w\" sizes=\"auto, (max-width: 267px) 100vw, 267px\" \/><\/h3>\n<h5>\u00c1pol\u00f3<\/h5>\n<p>2020 \u00f3ta dolgozik oszt\u00e1lyunkon.<\/p>\n<hr \/>\n<h3>Brecska-Gy\u0151ri Andrea<img loading=\"lazy\" decoding=\"async\" class=\"alignright wp-image-551 size-medium\" src=\"https:\/\/semmelweis.hu\/tunderhegy\/files\/2026\/01\/Andrea-264x400.jpg\" alt=\"\" width=\"264\" height=\"400\" srcset=\"https:\/\/semmelweis.hu\/tunderhegy\/files\/2026\/01\/Andrea-264x400.jpg 264w, https:\/\/semmelweis.hu\/tunderhegy\/files\/2026\/01\/Andrea-676x1024.jpg 676w, https:\/\/semmelweis.hu\/tunderhegy\/files\/2026\/01\/Andrea-768x1163.jpg 768w, https:\/\/semmelweis.hu\/tunderhegy\/files\/2026\/01\/Andrea-753x1140.jpg 753w, https:\/\/semmelweis.hu\/tunderhegy\/files\/2026\/01\/Andrea.jpg 828w\" sizes=\"auto, (max-width: 264px) 100vw, 264px\" \/><\/h3>\n<h5>\u00c1pol\u00f3<\/h5>\n<p>2025 \u00f3ta dolgozik oszt\u00e1lyunkon.<\/p>\n<hr \/>\n<h3>Ny\u00edri Csab\u00e1n\u00e9 Magdi<img loading=\"lazy\" decoding=\"async\" class=\"alignright wp-image-536 size-medium\" src=\"https:\/\/semmelweis.hu\/tunderhegy\/files\/2025\/09\/Magdi-1-262x400.jpeg\" alt=\"\" width=\"262\" height=\"400\" srcset=\"https:\/\/semmelweis.hu\/tunderhegy\/files\/2025\/09\/Magdi-1-262x400.jpeg 262w, https:\/\/semmelweis.hu\/tunderhegy\/files\/2025\/09\/Magdi-1-670x1024.jpeg 670w, https:\/\/semmelweis.hu\/tunderhegy\/files\/2025\/09\/Magdi-1-768x1174.jpeg 768w, https:\/\/semmelweis.hu\/tunderhegy\/files\/2025\/09\/Magdi-1-753x1151.jpeg 753w, https:\/\/semmelweis.hu\/tunderhegy\/files\/2025\/09\/Magdi-1.jpeg 777w\" sizes=\"auto, (max-width: 262px) 100vw, 262px\" \/><\/h3>\n<h5>\u00c1pol\u00f3<\/h5>\n<p>OKJ 54 \u00e1pol\u00f3, pszichi\u00e1triai szak\u00e1pol\u00f3.<\/p>\n<p>2020 \u00f3ta dolgozik oszt\u00e1lyunkon.<\/p>\n<p>&nbsp;<\/p>\n<hr \/>\n<h3>Varga Gabriella<img loading=\"lazy\" decoding=\"async\" class=\"alignright wp-image-505 size-medium\" src=\"https:\/\/semmelweis.hu\/tunderhegy\/files\/2025\/03\/RS210410_GV5A1576-scr-267x400.jpg\" alt=\"\" width=\"267\" height=\"400\" srcset=\"https:\/\/semmelweis.hu\/tunderhegy\/files\/2025\/03\/RS210410_GV5A1576-scr-267x400.jpg 267w, https:\/\/semmelweis.hu\/tunderhegy\/files\/2025\/03\/RS210410_GV5A1576-scr.jpg 600w\" sizes=\"auto, (max-width: 267px) 100vw, 267px\" \/><\/h3>\n<h5>\u00c1pol\u00f3<\/h5>\n<p>Pszichi\u00e1triai szak\u00e1pol\u00f3.<\/p>\n<p>2023 \u00f3ta dolgozik oszt\u00e1lyunkon.<\/p>\n<hr \/>\n<h3>\u00c9rsek Beatrix<a href=\"https:\/\/semmelweis.hu\/tunderhegy\/files\/2025\/01\/EB.png\"><img loading=\"lazy\" decoding=\"async\" class=\"alignright wp-image-139\" src=\"https:\/\/semmelweis.hu\/tunderhegy\/files\/2025\/01\/EB-400x400.png\" alt=\"\" width=\"250\" height=\"250\" srcset=\"https:\/\/semmelweis.hu\/tunderhegy\/files\/2025\/01\/EB-400x400.png 400w, https:\/\/semmelweis.hu\/tunderhegy\/files\/2025\/01\/EB-150x150.png 150w, https:\/\/semmelweis.hu\/tunderhegy\/files\/2025\/01\/EB.png 588w\" sizes=\"auto, (max-width: 250px) 100vw, 250px\" \/><\/a><\/h3>\n<h5>\u00c1pol\u00f3<\/h5>\n<p>2024 \u00f3ta dolgozik oszt\u00e1lyunkon.<\/p>\n<hr \/>\n<h3>Sz\u00e9kely Andrea<img loading=\"lazy\" decoding=\"async\" class=\"alignright wp-image-471 size-medium\" src=\"https:\/\/semmelweis.hu\/tunderhegy\/files\/2025\/02\/Szekely-Andrea-267x400.jpg\" alt=\"\" width=\"267\" height=\"400\" srcset=\"https:\/\/semmelweis.hu\/tunderhegy\/files\/2025\/02\/Szekely-Andrea-267x400.jpg 267w, https:\/\/semmelweis.hu\/tunderhegy\/files\/2025\/02\/Szekely-Andrea.jpg 600w\" sizes=\"auto, (max-width: 267px) 100vw, 267px\" \/><\/h3>\n<h5>Oszt\u00e1lyos adminisztr\u00e1tor<\/h5>\n<p>2024 \u00f3ta dolgozik az oszt\u00e1lyon.<\/p>\n<p>&nbsp;<\/p>\n<hr \/>\n<h3>T\u00f3th Klaudia<img loading=\"lazy\" decoding=\"async\" class=\"alignright wp-image-564 size-medium\" src=\"https:\/\/semmelweis.hu\/tunderhegy\/files\/2026\/04\/Toth-Klaudia-262x400.jpg\" alt=\"\" width=\"262\" height=\"400\" srcset=\"https:\/\/semmelweis.hu\/tunderhegy\/files\/2026\/04\/Toth-Klaudia-262x400.jpg 262w, https:\/\/semmelweis.hu\/tunderhegy\/files\/2026\/04\/Toth-Klaudia-672x1024.jpg 672w, https:\/\/semmelweis.hu\/tunderhegy\/files\/2026\/04\/Toth-Klaudia-768x1171.jpg 768w, https:\/\/semmelweis.hu\/tunderhegy\/files\/2026\/04\/Toth-Klaudia-753x1148.jpg 753w, https:\/\/semmelweis.hu\/tunderhegy\/files\/2026\/04\/Toth-Klaudia.jpg 820w\" sizes=\"auto, (max-width: 262px) 100vw, 262px\" \/><\/h3>\n<h5>Oszt\u00e1lyos adminisztr\u00e1tor<\/h5>\n<p>2026 \u00f3ta dolgozik oszt\u00e1lyunkon.<\/p>\n<hr \/>\n<p>&nbsp;<\/p>\n<h3>Kellern\u00e9 Sz\u0171cs M\u00f3nika<img loading=\"lazy\" decoding=\"async\" class=\"alignright wp-image-472 size-medium\" src=\"https:\/\/semmelweis.hu\/tunderhegy\/files\/2025\/02\/Szucs-Monika-267x400.jpg\" alt=\"\" width=\"267\" height=\"400\" srcset=\"https:\/\/semmelweis.hu\/tunderhegy\/files\/2025\/02\/Szucs-Monika-267x400.jpg 267w, https:\/\/semmelweis.hu\/tunderhegy\/files\/2025\/02\/Szucs-Monika.jpg 600w\" sizes=\"auto, (max-width: 267px) 100vw, 267px\" \/><\/h3>\n<h5>K\u00e9pzetts\u00e9g n\u00e9lk\u00fcli \u00e1pol\u00f3<\/h5>\n<p>2019 \u00f3ta dolgozik oszt\u00e1lyunkon.<\/p>\n<hr \/>\n<h3>Isz\u00e1k Erika<img loading=\"lazy\" decoding=\"async\" class=\"alignright wp-image-494 size-medium\" src=\"https:\/\/semmelweis.hu\/tunderhegy\/files\/2025\/03\/RS210399_GV5A1096-scr-267x400.jpg\" alt=\"\" width=\"267\" height=\"400\" srcset=\"https:\/\/semmelweis.hu\/tunderhegy\/files\/2025\/03\/RS210399_GV5A1096-scr-267x400.jpg 267w, https:\/\/semmelweis.hu\/tunderhegy\/files\/2025\/03\/RS210399_GV5A1096-scr.jpg 600w\" sizes=\"auto, (max-width: 267px) 100vw, 267px\" \/><\/h3>\n<h5>K\u00e9pzetts\u00e9g n\u00e9lk\u00fcli \u00e1pol\u00f3<\/h5>\n<p>2022 \u00f3ta dolgozik oszt\u00e1lyunkon.<\/p>\n<hr \/>\n<p>&nbsp;<\/p>\n<h3>Vill\u00e1s Erika<img loading=\"lazy\" decoding=\"async\" class=\"alignright wp-image-495 size-medium\" src=\"https:\/\/semmelweis.hu\/tunderhegy\/files\/2025\/03\/RS210400_GV5A1106-scr-267x400.jpg\" alt=\"\" width=\"267\" height=\"400\" srcset=\"https:\/\/semmelweis.hu\/tunderhegy\/files\/2025\/03\/RS210400_GV5A1106-scr-267x400.jpg 267w, https:\/\/semmelweis.hu\/tunderhegy\/files\/2025\/03\/RS210400_GV5A1106-scr.jpg 600w\" sizes=\"auto, (max-width: 267px) 100vw, 267px\" \/><\/h3>\n<h5>Takar\u00edt\u00f3<\/h5>\n<p>2023 \u00f3ta dolgozik oszt\u00e1lyunkon.<\/p>\n<p>&nbsp;<\/p>\n<p>&nbsp;<\/p>\n<hr \/>\n<h3>..<\/h3>\n<h5>Takar\u00edt\u00f3<\/h5>\n<p>2023 \u00f3ta dolgozik oszt\u00e1lyunkon.<\/p>\n<hr \/>\n<h1 style=\"text-align: center\">\u00d6nk\u00e9ntes munkat\u00e1rsak<\/h1>\n<p>&nbsp;<\/p>\n<h3>Dr. Harmatta J\u00e1nos<a href=\"https:\/\/semmelweis.hu\/tunderhegy\/files\/2025\/01\/HJ.png\"><img loading=\"lazy\" decoding=\"async\" class=\"alignright wp-image-84\" src=\"https:\/\/semmelweis.hu\/tunderhegy\/files\/2025\/01\/HJ.png\" alt=\"\" width=\"250\" height=\"250\" srcset=\"https:\/\/semmelweis.hu\/tunderhegy\/files\/2025\/01\/HJ.png 249w, https:\/\/semmelweis.hu\/tunderhegy\/files\/2025\/01\/HJ-150x150.png 150w\" sizes=\"auto, (max-width: 250px) 100vw, 250px\" \/><\/a><\/h3>\n<h5>F\u0151orvos<\/h5>\n<p>Pszichi\u00e1ter, pszichoterapeuta, pszichi\u00e1triai rehabilit\u00e1ci\u00f3s szakorvos, neurol\u00f3gus szakorvos, az orvostudom\u00e1ny kandid\u00e1tusa. 1983 \u00f3ta dolgozik oszt\u00e1lyunkon. 1994 november\u00e9t\u0151l 2022 augusztus\u00e1ig vezette az oszt\u00e1lyt.<\/p>\n<hr \/>\n<h3>Dr. Holl\u00f3 Andr\u00e1s<img loading=\"lazy\" decoding=\"async\" class=\"alignright wp-image-395\" src=\"https:\/\/semmelweis.hu\/tunderhegy\/files\/2025\/02\/hollo.andras-400x400.jpg\" alt=\"\" width=\"250\" height=\"250\" srcset=\"https:\/\/semmelweis.hu\/tunderhegy\/files\/2025\/02\/hollo.andras-400x400.jpg 400w, https:\/\/semmelweis.hu\/tunderhegy\/files\/2025\/02\/hollo.andras-150x150.jpg 150w, https:\/\/semmelweis.hu\/tunderhegy\/files\/2025\/02\/hollo.andras.jpg 512w\" sizes=\"auto, (max-width: 250px) 100vw, 250px\" \/><\/h3>\n<h5>F\u0151orvos<\/h5>\n<p>Pszichi\u00e1ter, neurol\u00f3gus szakorvos.<\/p>\n","protected":false},"excerpt":{"rendered":"<p>Dr. Mil\u00e1k Piroska Oszt\u00e1lyvezet\u0151 f\u0151orvos Pszichoterapeuta. Pszichi\u00e1ter szakorvos. 2007 \u00f3ta dolgozik oszt\u00e1lyunkon, 2022 \u00f3ta oszt\u00e1lyvezet\u0151 f\u0151orvos. Dr. Petrovszki Ir\u00e9n R\u00e9szlegvezet\u0151 F\u0151orvos. Pszichi\u00e1ter, pszichoterapeuta, pszichodr\u00e1ma pszichoterapeuta, magatart\u00e1sterapeuta. 1999 \u00f3ta dolgozik oszt\u00e1lyunkon. &nbsp; Dr. Boros Edit R\u00e9szlegvezet\u0151 F\u0151orvos. Pszichi\u00e1ter, pszichoanalitikusan orient\u00e1lt pszichoterapeuta (POPKE), pszichi\u00e1triai rehabilit\u00e1ci\u00f3s szakorvos. Pszichodinamikus mozg\u00e1s- \u00e9s t\u00e1ncpszichoteraepeuta. 1997 \u00f3ta dolgozik oszt\u00e1lyunkon. D\u00e1vid J\u00f3zsef A &hellip;<\/p>\n","protected":false},"author":102160,"featured_media":0,"parent":0,"menu_order":2,"comment_status":"closed","ping_status":"closed","template":"template-fullwidth.php","meta":{"_acf_changed":false,"footnotes":""},"categories":[],"tags":[],"class_list":["post-34","page","type-page","status-publish","hentry"],"acf":[],"_links":{"self":[{"href":"https:\/\/semmelweis.hu\/tunderhegy\/wp-json\/wp\/v2\/pages\/34","targetHints":{"allow":["GET"]}}],"collection":[{"href":"https:\/\/semmelweis.hu\/tunderhegy\/wp-json\/wp\/v2\/pages"}],"about":[{"href":"https:\/\/semmelweis.hu\/tunderhegy\/wp-json\/wp\/v2\/types\/page"}],"author":[{"embeddable":true,"href":"https:\/\/semmelweis.hu\/tunderhegy\/wp-json\/wp\/v2\/users\/102160"}],"replies":[{"embeddable":true,"href":"https:\/\/semmelweis.hu\/tunderhegy\/wp-json\/wp\/v2\/comments?post=34"}],"version-history":[{"count":12,"href":"https:\/\/semmelweis.hu\/tunderhegy\/wp-json\/wp\/v2\/pages\/34\/revisions"}],"predecessor-version":[{"id":565,"href":"https:\/\/semmelweis.hu\/tunderhegy\/wp-json\/wp\/v2\/pages\/34\/revisions\/565"}],"wp:attachment":[{"href":"https:\/\/semmelweis.hu\/tunderhegy\/wp-json\/wp\/v2\/media?parent=34"}],"wp:term":[{"taxonomy":"category","embeddable":true,"href":"https:\/\/semmelweis.hu\/tunderhegy\/wp-json\/wp\/v2\/categories?post=34"},{"taxonomy":"post_tag","embeddable":true,"href":"https:\/\/semmelweis.hu\/tunderhegy\/wp-json\/wp\/v2\/tags?post=34"}],"curies":[{"name":"wp","href":"https:\/\/api.w.org\/{rel}","templated":true}]}}