{"id":1272,"date":"2019-12-06T12:59:36","date_gmt":"2019-12-06T11:59:36","guid":{"rendered":"http:\/\/semmelweis.hu\/traumatologia\/?page_id=1272"},"modified":"2022-09-21T15:14:14","modified_gmt":"2022-09-21T13:14:14","slug":"szakkepzes","status":"publish","type":"page","link":"https:\/\/semmelweis.hu\/traumatologia\/oktatas\/szakkepzes\/","title":{"rendered":"Posztgradu\u00e1lis k\u00e9pz\u00e9s"},"content":{"rendered":"<h1>Szakvizsga t\u00e9telsor az ortop\u00e9d \u00e9s traumatol\u00f3gia szakvizsg\u00e1hoz\u00a0<\/h1>\n<div class=\"responsive-tabs\">\n<h2 class=\"tabtitle\">Alaptudom\u00e1nyok<\/h2>\n<div class=\"tabcontent\">\n\n<h2>Alaptudom\u00e1nyok, \u00e1ltal\u00e1nos ismeretek<\/h2>\n<ol>\n<li>Csontsz\u00f6vet biol\u00f3gi\u00e1ja. (n\u00f6veked\u00e9s, fel\u00e9p\u00edt\u00e9s, v\u00e9rell\u00e1t\u00e1s, biomechanikai tulajdons\u00e1gok, a csontosod\u00e1s t\u00edpusai)<\/li>\n<li>Csontt\u00f6r\u00e9sek gy\u00f3gyul\u00e1sa, konzervat\u00edv kezel\u00e9s \u00e9s csontm\u0171t\u00e9tek ut\u00e1ni gy\u00f3gyul\u00e1s<\/li>\n<li>T\u00f6r\u00e9sgy\u00f3gyul\u00e1s zavarai; kezel\u00e9si taktik\u00e1k<\/li>\n<li>A t\u00f6r\u00e9sgy\u00f3gyul\u00e1s serkent\u00e9se. Kezel\u00e9si m\u00f3dszerek (seb\u00e9szi, m\u0171szeres, gy\u00f3gyszeres, biok\u00e9miai, biol\u00f3giai)<\/li>\n<li>V\u00e9gtag tengely\u00e1ll\u00e1s, \u00edz\u00fcleti mozg\u00e1s vizsg\u00e1lat<\/li>\n<li>\u00c1ll\u00e1s, j\u00e1r\u00e1s vizsg\u00e1lata. S\u00e1nt\u00edt\u00e1s, s\u00e1nt\u00edt\u00e1sok fajt\u00e1i<\/li>\n<li>Izot\u00f3p diagnosztika. Mozg\u00e1sszervi betegs\u00e9gek kezel\u00e9si lehet\u0151s\u00e9gei.<\/li>\n<li>Hagyom\u00e1nyos r\u00f6ntgen diagnosztika<\/li>\n<li>Modern k\u00e9palkot\u00f3 m\u00f3dszerek<\/li>\n<li>Immobiliz\u00e1ci\u00f3, nyugalomba helyez\u00e9s, tehermentes\u00edt\u00e9s m\u00f3dszerei<\/li>\n<li>Mozg\u00e1ster\u00e1pia m\u00f3dszerei \u00e9s indik\u00e1ci\u00f3i<\/li>\n<li>Az \u00edz\u00fcleti mozg\u00e1sterjedelem \u00e9s az izomer\u0151 n\u00f6vel\u00e9s\u00e9nek lehet\u0151s\u00e9gei<\/li>\n<li>A kisfrekvenci\u00e1s kezel\u00e9sek indik\u00e1ci\u00f3i, kontraindik\u00e1ci\u00f3i, hat\u00e1sai<\/li>\n<li>A subaqualis torna indik\u00e1ci\u00f3i<\/li>\n<li>A f\u00e1jdalomcsillap\u00edt\u00e1s fizioter\u00e1pi\u00e1s lehet\u0151s\u00e9gei<\/li>\n<li>Amput\u00e1ci\u00f3, m\u0171v\u00e9gtag ell\u00e1t\u00e1s, az amput\u00e1ltak rehabilit\u00e1ci\u00f3j\u00e1nak felt\u00e9telei<\/li>\n<li>Agys\u00e9r\u00fcl\u00e9st k\u00f6vet\u0151en el\u0151fordul\u00f3 sz\u00f6v\u0151dm\u00e9nyek, ezek megel\u0151z\u00e9se \u00e9s a rehabilit\u00e1ci\u00f3<\/li>\n<li>Gerincvel\u0151 s\u00e9r\u00fclt szem\u00e9lyek sz\u00f6v\u0151dm\u00e9nyei, ezek megel\u0151z\u00e9se \u00e9s a rehabilit\u00e1ci\u00f3<\/li>\n<li>Poli- \u00e9s multitraumatiz\u00e1lt szem\u00e9lyek rehabilit\u00e1ci\u00f3ja, a rehabilit\u00e1ci\u00f3s team tagjainak szerepe<\/li>\n<li>Ortesisek, j\u00e1r\u00e1st &#8211; \u00e9s mobilit\u00e1st seg\u00edt\u0151 eszk\u00f6z\u00f6k<\/li>\n<li>F\u0171z\u0151k fajt\u00e1i, alkalmaz\u00e1si ter\u00fcletei<\/li>\n<li>Rehabilit\u00e1ci\u00f3s alapelvek<\/li>\n<li>Seg\u00e9deszk\u00f6z ell\u00e1t\u00e1s alapelvei<\/li>\n<li>A nyaki gerinc funkcion\u00e1lis anat\u00f3mi\u00e1ja<\/li>\n<li>H\u00e1ti- \u00e1gy\u00e9ki gerinc biomechanik\u00e1ja, funkcion\u00e1lis anat\u00f3mi\u00e1ja<\/li>\n<li>A v\u00e1ll\u00f6v funkcion\u00e1lis anat\u00f3mi\u00e1ja<\/li>\n<li>A csukl\u00f3 \u00e9s k\u00e9z funkcion\u00e1lis anat\u00f3mi\u00e1ja<\/li>\n<li>A cs\u00edp\u0151\u00edz\u00fclet fejl\u0151d\u00e9se \u00e9s funkcion\u00e1lis anat\u00f3mi\u00e1ja<\/li>\n<li>A t\u00e9rd\u00edz\u00fclet funkcion\u00e1lis anat\u00f3mi\u00e1ja<\/li>\n<li>A l\u00e1b funkcion\u00e1lis anat\u00f3mi\u00e1ja<\/li>\n<li>Osteoporosis- sz\u0171r\u00e9s, kezel\u00e9si elvek, sz\u00f6v\u0151dm\u00e9nye, \u00e9s azok ell\u00e1t\u00e1sa<\/li>\n<li>A csontp\u00f3tl\u00e1s lehet\u0151s\u00e9gei (auto\/homo\/heterolog transzplant\u00e1ci\u00f3, bioprepar\u00e1tumok)<\/li>\n<li>Porcsz\u00f6vet szerkezete \u00e9s biol\u00f3gi\u00e1ja<\/li>\n<li>Har\u00e1ncs\u00edkolt izomsz\u00f6vet fel\u00e9p\u00edt\u00e9se \u00e9s m\u0171k\u00f6d\u00e9se<\/li>\n<li>Genetikai alapelvek<\/li>\n<li>Gyakoribb ortop\u00e9d fejl\u0151d\u00e9si rendelleness\u00e9gek \u00f6r\u00f6kl\u0151d\u00e9se<\/li>\n<li>Kineziol\u00f3gia alapfogalmai<\/li>\n<li>Klinikai immunol\u00f3gia \u00e9s reumatol\u00f3gia \u00e1ltal\u00e1nos alapelvei<\/li>\n<li>K\u00f3rsz\u00f6vettan \u00e9s immunhisztol\u00f3gia alapelvei<\/li>\n<li>Foglalkoz\u00e1s-eg\u00e9szs\u00e9g\u00fcgy ortop\u00e9diai vonatkoz\u00e1sai<\/li>\n<li>B\u0151rhi\u00e1nyok ideiglenes \u00e9s v\u00e9gleges p\u00f3tl\u00e1sa<\/li>\n<li>Komplex sz\u00f6vethi\u00e1nyok p\u00f3tl\u00e1sa (lebenyek, microvascularis technika)<\/li>\n<li>T\u00falterhel\u00e9ses sportseb\u00e9szeti k\u00f3rk\u00e9pek<\/li>\n<li>\u00cdz\u00fcleti ficamok kezel\u00e9si strat\u00e9gi\u00e1ja<\/li>\n<li>\u00cdz\u00fcleti prot\u00e9zisek septicus sz\u00f6v\u0151dm\u00e9nyei<\/li>\n<li>Tracheostomia indik\u00e1ci\u00f3ja, technik\u00e1ja<\/li>\n<li>Tunnel syndrom\u00e1k t\u00fcnetei, differenci\u00e1l diagnosztik\u00e1ja \u00e9s ell\u00e1t\u00e1sa<\/li>\n<li>Az anaerob fert\u0151z\u00e9sek<\/li>\n<li>Sudeck dystrophia diagnosztik\u00e1ja \u00e9s kezel\u00e9se<\/li>\n<li>Nosocomialis fert\u0151z\u00e9sek<\/li>\n<li>F\u00e9m\u00e1rtalom, f\u00e9m\u00e9rz\u00e9kenys\u00e9g \u00e9s a kezel\u00e9s lehet\u0151s\u00e9gei<\/li>\n<li>Thrombosis profilaxis<\/li>\n<li>\u00cdz\u00fcleti contractur\u00e1k okai. Volkman f\u00e9le ischiaemi\u00e1s contractura<\/li>\n<li>Sav-b\u00e1zis egyens\u00faly zavarai \u00e9s kezel\u00e9se<\/li>\n<li>A shock pathomechanismusa, form\u00e1i \u00e9s diagnosztik\u00e1ja<\/li>\n<li>A shock ter\u00e1pi\u00e1ja<\/li>\n<li>Osteosynthesis m\u00f3dszerek, biomechanika, indik\u00e1ci\u00f3k. Abszol\u00fat \u00e9s relat\u00edv stabilit\u00e1s<\/li>\n<li>A lemezes osteosynthesis elvei, gyakorlata<\/li>\n<li>Vel\u0151\u0171rszegez\u00e9s<\/li>\n<li>A fesz\u00edt\u0151hurok elm\u00e9lete \u00e9s alkalmaz\u00e1sa<\/li>\n<li>A fixateur externe alkalmaz\u00e1si lehet\u0151s\u00e9gei<\/li>\n<li>\u00daj osteosynthesis m\u00f3dszerek: LISS, MIPO<\/li>\n<li>A sebek t\u00edpusai. A sebell\u00e1t\u00e1s szab\u00e1lyai, sebgy\u00f3gyul\u00e1si zavarok \u00e9s azok kezel\u00e9se.<\/li>\n<li>A csontvel\u0151-emboliz\u00e1ci\u00f3 (zs\u00edrembolia) pathomechanizmusa, megel\u0151z\u00e9se, \u00e9s kezel\u00e9se<\/li>\n<li>Aneszteziol\u00f3gia alapelvei, a helyi \u00e9s vezet\u00e9ses \u00e9rz\u00e9stelen\u00edt\u00e9s m\u00f3dszerei<\/li>\n<li>A s\u00f3- \u00e9s folyad\u00e9kh\u00e1ztart\u00e1s zavarai.<\/li>\n<li>Arthroscopos vizsg\u00e1latok, arthroscopos seb\u00e9szti lehet\u0151s\u00e9gek.<\/li>\n<li>A k\u00f6t\u00e9stechnika \u00e9s gipsztechnikai alapelvei<\/li>\n<li>Patol\u00f3gi\u00e1s t\u00f6r\u00e9s fogalma, t\u00edpusai, feloszt\u00e1sa, kezel\u00e9si lehet\u0151s\u00e9gei<\/li>\n<li>Csontmetastasisok<\/li>\n<li>Korai \u00e9s k\u00e9s\u0151i posztoperat\u00edv fert\u0151z\u00e9sek felismer\u00e9se \u00e9s kezel\u00e9se<\/li>\n<li>\u00cdz\u00fcleti fert\u0151z\u00e9sek etiol\u00f3gi\u00e1ja, t\u00fcnettana, diagnosztik\u00e1ja. Akut arthritisek.<\/li>\n<li>Osteitis, osteomyelitis form\u00e1i, kezel\u00e9si lehet\u0151s\u00e9gek<\/li>\n<li>Antibiotikum kezel\u00e9se \u00e9s strat\u00e9gia a csont- \u00e9s \u00edz\u00fcleti fert\u0151z\u00e9sek megel\u0151z\u00e9s\u00e9ben \u00e9s kezel\u00e9s\u00e9ben<\/li>\n<li>Csonts\u00e9r\u00fcl\u00e9sek gyermekkorban<\/li>\n<li>Speci\u00e1lis fert\u0151z\u00e9sek a traumatol\u00f3gi\u00e1ban, lyssa, anaerob bakteri\u00e1lis infekci\u00f3k (tetanus, g\u00e1zgangraena)<\/li>\n<\/ol>\n\n<\/div><h2 class=\"tabtitle\">Ortop\u00e9dia<\/h2>\n<div class=\"tabcontent\">\n\n<h2>Ortop\u00e9dia<\/h2>\n<ol>\n<li>A csontanyagcsere betegs\u00e9gek, \u00e9s azok ortop\u00e9d seb\u00e9szeti korrekci\u00f3ja<\/li>\n<li>Autoimmun mozg\u00e1sszervi k\u00f3rk\u00e9pek, m\u0171t\u00e9ti kezel\u00e9si lehet\u0151s\u00e9gek<\/li>\n<li>Arthritisek seb\u00e9szi kezel\u00e9se<\/li>\n<li>Synovialis chondromatosis. Pigment\u00e1lt villonoduralis synovitis.<\/li>\n<li>Arthrosis klinikopathologi\u00e1ja<\/li>\n<li>Az \u00edz\u00fcletek gyullad\u00e1sos betegs\u00e9gei, azok diagn\u00f3zisa \u00e9s esetleges seb\u00e9szi ell\u00e1t\u00e1sa<\/li>\n<li>A tart\u00f3 \u00e9s mozgat\u00f3 szervrendszer daganatainak, oszt\u00e1lyoz\u00e1sa<\/li>\n<li>Osteoma, osteid osteoma, osteosarcoma<\/li>\n<li>Porck\u00e9pz\u0151 daganatok<\/li>\n<li>Csontvel\u0151 eredet\u0171 daganatok<\/li>\n<li>Tumorszer\u0171 csontelv\u00e1ltoz\u00e1sok<\/li>\n<li>L\u00e1gyr\u00e9sz daganatok<\/li>\n<li>Gyermekkori csontnecrosisok<\/li>\n<li>Feln\u0151ttkori asepticus csontnecrosisok<\/li>\n<li>Gerinc deformit\u00e1sai \u00e9s feloszt\u00e1sa. Egys\u00edk\u00fa deformit\u00e1sok<\/li>\n<li>Scoliosis tipusai<\/li>\n<li>Scoliosis kezel\u00e9se<\/li>\n<li>Spondylolysis, spondylolisthesis.<\/li>\n<li>A gerinc degenerat\u00edv betegs\u00e9gei<\/li>\n<li>Discus hernia<\/li>\n<li>Lumbago, lumboischialgia<\/li>\n<li>Cervicobrachialgia<\/li>\n<li>A gerinc gyullad\u00e1sos betegs\u00e9gei<\/li>\n<li>A gerinc z\u00e1r\u00f3d\u00e1si zavarai<\/li>\n<li>Mellkas deformit\u00e1sok<\/li>\n<li>A v\u00e1ll\u00f6v congenitalis \u00e9s szerzett k\u00f3ros \u00e1llapotai<\/li>\n<li>A fels\u0151 v\u00e9gtag neurovascularis compressios syndrom\u00e1ja<\/li>\n<li>Paralysis obstetricalis t\u00edpusai \u00e9s kezel\u00e9si elvek<\/li>\n<li>A v\u00e1ll\u00edz\u00fclet degenerat\u00edv betegs\u00e9gei<\/li>\n<li>Glenohumeralis instabilit\u00e1s, v\u00e1llficamok<\/li>\n<li>A k\u00f6ny\u00f6k\u00edz\u00fclet velesz\u00fcletett \u00e9s szerzett betegs\u00e9gei<\/li>\n<li>A periprotetikus fert\u0151z\u00e9sek t\u00edpusai, diagnosztik\u00e1ja \u00e9s kezel\u00e9se<\/li>\n<li>A csukl\u00f3 \u00e9s a k\u00e9z\u00edz\u00fcletek arthrosisa, nyereg\u00edz\u00fclet arthrosis, a rheum\u00e1s k\u00e9z t\u00edpusos elv\u00e1ltoz\u00e1sai, kis\u00edz\u00fcleti arthrosisok<\/li>\n<li>Csukl\u00f3- k\u00e9z tendovaginitisek, pattan\u00f3 ujj, ganglionok<\/li>\n<li>Dupuytren betegs\u00e9g, k\u00e9z tumorai \u00e9s tumorszer\u0171 elv\u00e1ltoz\u00e1sai<\/li>\n<li>Velesz\u00fcletett cs\u00edp\u0151ficam \u00e9s dysplasia etiologi\u00e1ja \u00e9s diagnosztik\u00e1ja<\/li>\n<li>Velesz\u00fcletett cs\u00edp\u0151ficam \u00e9s dysplasia kezel\u00e9se<\/li>\n<li>Osteochondritis capitis femoris juvenilis<\/li>\n<li>Epiphyseolysis capitis femoris juvenilis<\/li>\n<li>Coxa vara. A proximalis femurv\u00e9g n\u00f6veked\u00e9si zavarainak t\u00edpusai \u00e9s seb\u00e9szi ell\u00e1t\u00e1sa<\/li>\n<li>A protrusio acetabuli kialakul\u00e1s\u00e1nak form\u00e1i<\/li>\n<li>Az als\u00f3 v\u00e9gtagok hosszk\u00fcl\u00f6nbs\u00e9ge t\u00edpusai, v\u00e9gtaghossz korrekci\u00f3s elj\u00e1r\u00e1sok<\/li>\n<li>A cs\u00edp\u0151\u00edz\u00fclet prearthroticus \u00e1llapotai<\/li>\n<li>A coxarthrosis klinikopathologi\u00e1ja<\/li>\n<li>Coxarthrosis kezel\u00e9se<\/li>\n<li>A t\u00e9rd\u00edz\u00fclet velesz\u00fcletett rendelleness\u00e9gei \u00e9s fejl\u0151d\u00e9si zavarai<\/li>\n<li>A meniscusok rendelleness\u00e9gei, s\u00e9r\u00fcl\u00e9sek t\u00edpusai \u00e9s azok ell\u00e1t\u00e1sa<\/li>\n<li>Genu varum, crus varum. Tibia vara epiphysarea<\/li>\n<li>Genu valgum, crus valgum. T\u00e9rdt\u00e1ji asepticus osteochondrosisok<\/li>\n<li>T\u00e9rdt\u00e1ji ganglionok, cyst\u00e1k<\/li>\n<li>Patellofemoralis \u00edz\u00fclet k\u00f3ros \u00e1llapotai<\/li>\n<li>T\u00e9rdarthrosis klinikopathologi\u00e1ja<\/li>\n<li>T\u00e9rdarthrosis kezel\u00e9se<\/li>\n<li>A l\u00e1b velesz\u00fcletett deformit\u00e1sai<\/li>\n<li>Pes planus \u00e9s kezel\u00e9se<\/li>\n<li>A l\u00e1b gyermekkori elv\u00e1ltoz\u00e1sai<\/li>\n<li>Hallux valgus. Egy\u00e9b ujj deformit\u00e1sok<\/li>\n<li>A csontrendszer-betegs\u00e9gek gyakoribb form\u00e1i<\/li>\n<li>V\u00e9gtag fejl\u0151d\u00e9si rendelleness\u00e9gek. A k\u00e9z gyakori fejl\u0151d\u00e9si rendelleness\u00e9gei<\/li>\n<li>A v\u00e1zizomzat rendelleness\u00e9gei \u00e9s betegs\u00e9gei<\/li>\n<li>Inak \u00e9s \u00ednh\u00fcvelyek betegs\u00e9gei<\/li>\n<li>Cerebralis paresis betegs\u00e9g etiol\u00f3gi\u00e1ja, klinikai form\u00e1i \u00e9s kezel\u00e9se<\/li>\n<\/ol>\n\n<\/div><h2 class=\"tabtitle\">Traumatol\u00f3gia<\/h2>\n<div class=\"tabcontent\">\n\n<h2>Traumatol\u00f3gia<\/h2>\n<ol>\n<li>A z\u00e1rt l\u00e1bsz\u00e1rt\u00f6r\u00e9s konzervat\u00edv kezel\u00e9s\u00e9nek elvei<\/li>\n<li>Az \u00e9g\u00e9si s\u00e9r\u00fcl\u00e9sek form\u00e1i \u00e9s kezel\u00e9se<\/li>\n<li>Fedett mellkass\u00e9r\u00fcl\u00e9sek diagnosztik\u00e1ja \u00e9s kezel\u00e9se<\/li>\n<li>Tibia condylus t\u00f6r\u00e9sek ell\u00e1t\u00e1sa<\/li>\n<li>A radius distalis \u00edz\u00fcleti v\u00e9g t\u00f6r\u00e9s\u00e9nek diagnosztik\u00e1ja \u00e9s a konzervat\u00edv kezel\u00e9s alapelvei<\/li>\n<li>Hasi \u00e9s retroperitonealis s\u00e9r\u00fcl\u00e9sek diagnosztik\u00e1ja \u00e9s a kezel\u00e9se alapelvei<\/li>\n<li>A sarokcsont t\u00f6r\u00e9sek kezel\u00e9se<\/li>\n<li>A kulcscsontt\u00f6r\u00e9sek \u00e9s ficamok diagnosztik\u00e1ja \u00e9s ell\u00e1t\u00e1sa<\/li>\n<li>Az Achilles \u00e9s biceps \u00edn s\u00e9r\u00fcl\u00e9se, diagnosztik\u00e1ja \u00e9s ell\u00e1t\u00e1s\u00e1nak lehet\u0151s\u00e9gei<\/li>\n<li>Az os scaphoideum \u00e1l\u00edz\u00fclet diagnosztik\u00e1ja \u00e9s kezel\u00e9se<\/li>\n<li>A radius distalis \u00edz\u00fcleti v\u00e9g t\u00f6r\u00e9s m\u0171t\u00e9ti kezel\u00e9se<\/li>\n<li>Polytrauma, multitrauma meghat\u00e1roz\u00e1sa, a s\u00e9r\u00fcltell\u00e1t\u00e1s alapelvei<\/li>\n<li>Patella t\u00f6r\u00e9sek diagnosztik\u00e1ja \u00e9s kezel\u00e9se<\/li>\n<li>A m\u00e1js\u00e9r\u00fcl\u00e9sek diagnosztik\u00e1ja \u00e9s seb\u00e9szi ell\u00e1t\u00e1sa<\/li>\n<li>Pilon tibiae t\u00f6r\u00e9s kezel\u00e9se<\/li>\n<li>A dens epistrophei \u00e9s az \u00edvt\u00f6r\u00e9sek diagnosztik\u00e1ja, \u00e9s ell\u00e1t\u00e1s\u00e1nak lehet\u0151s\u00e9gei<\/li>\n<li>Alkar diaphysis t\u00f6r\u00e9sek diagnosztik\u00e1ja \u00e9s kezel\u00e9se<\/li>\n<li>A l\u00e9ps\u00e9r\u00fcl\u00e9s diagnosztik\u00e1ja \u00e9s az ell\u00e1t\u00e1s elvei<\/li>\n<li>A pertrochanter t\u00f6r\u00e9sek diagnosztik\u00e1ja \u00e9s kezel\u00e9se<\/li>\n<li>Gyermekkori humerus distalis \u00edz\u00fcleti v\u00e9g t\u00f6r\u00e9sek kezel\u00e9se<\/li>\n<li>A medencegy\u0171r\u0171 t\u00f6r\u00e9s form\u00e1i \u00e9s kezel\u00e9se<\/li>\n<li>Tompa \u00e9s \u00e1thatol\u00f3 sz\u00edvt\u00e1ji s\u00e9r\u00fcl\u00e9sek diagnosztik\u00e1ja \u00e9s ter\u00e1pi\u00e1ja<\/li>\n<li>A combnyakt\u00f6r\u00e9sek diagnosztik\u00e1ja, feloszt\u00e1sa<\/li>\n<li>A vese, ur\u00e9ter, h\u00fagyh\u00f3lyag \u00e9s urethra s\u00e9r\u00fcl\u00e9sek diagnosztik\u00e1ja \u00e9s ell\u00e1t\u00e1si m\u00f3djai<\/li>\n<li>Metacarpus t\u00f6r\u00e9sek kezel\u00e9se<\/li>\n<li>A boltozati \u00e9s koponyaalapi t\u00f6r\u00e9sek diagnosztik\u00e1ja \u00e9s kezel\u00e9se<\/li>\n<li>A combcsont dist\u00e1lis \u00edz\u00fcleti v\u00e9g t\u00f6r\u00e9sei \u00e9s kezel\u00e9se<\/li>\n<li>Az os scaphoideum t\u00f6r\u00e9s konzervat\u00edv \u00e9s m\u0171t\u00e9ti kezel\u00e9se<\/li>\n<li>A traum\u00e1s epiphyseolysisek form\u00e1i \u00e9s a kezel\u00e9s m\u00f3dszerei<\/li>\n<li>Cs\u00edp\u0151\u00edz\u00fcleti ficamok diagnosztik\u00e1ja \u00e9s kezel\u00e9se<\/li>\n<li>Acetabulum t\u00f6r\u00e9sek keletkez\u00e9s\u00e9nek pathomechanizmusa, diagnosztik\u00e1ja \u00e9s kezel\u00e9se<\/li>\n<li>Az intracranialis s\u00e9r\u00fcl\u00e9sek diagnosztik\u00e1ja \u00e9s az ell\u00e1t\u00e1s alapelvei<\/li>\n<li>A combcsont diaphysis t\u00f6r\u00e9sek diagnosztik\u00e1ja \u00e9s ell\u00e1t\u00e1sa<\/li>\n<li>A k\u00e9z fesz\u00edt\u0151\u00edn s\u00e9r\u00fcl\u00e9seinek diagnosztik\u00e1ja \u00e9s ell\u00e1t\u00e1sa<\/li>\n<li>Az idegrendszeri t\u00fcnet n\u00e9lk\u00fcli nyakcsigolyat\u00f6r\u00e9s \u00e9s ficam t\u00edpusai \u00e9s kezel\u00e9se<\/li>\n<li>Hajl\u00edt\u00f3\u00edn s\u00e9r\u00fcl\u00e9sek ell\u00e1t\u00e1sa a \u201esenki f\u00f6ldj\u00e9n\u201d<\/li>\n<li>Compartment syndroma diagnosztik\u00e1ja \u00e9s kezel\u00e9se<\/li>\n<li>Humerus diaphysis t\u00f6r\u00e9sek kezel\u00e9se<\/li>\n<li>Arck\u00f6z\u00e9p \u00e9s mandibula t\u00f6r\u00e9sek diagnosztik\u00e1ja, oszt\u00e1lyoz\u00e1sa, a maxillofacialis s\u00e9r\u00fcl\u00e9sek ell\u00e1t\u00e1s\u00e1nak alapelvei. CAD-CAM m\u00f3dszer<\/li>\n<li>Ny\u00edlt t\u00f6r\u00e9sek feloszt\u00e1sa, a kezel\u00e9s alapelvei<\/li>\n<li>Humerus proxim\u00e1lis \u00edz\u00fcleti v\u00e9g t\u00f6r\u00e9sek kezel\u00e9se<\/li>\n<li>Az \u00e9g\u00e9sbetegs\u00e9g kezel\u00e9se<\/li>\n<li>A combnyakt\u00f6r\u00e9sek ell\u00e1t\u00e1s\u00e1nak alapelvei, kezel\u00e9si lehet\u0151s\u00e9gei<\/li>\n<li>\u00c9rs\u00e9r\u00fcl\u00e9sek diagnosztik\u00e1ja, ell\u00e1t\u00e1sa<\/li>\n<li>Bokat\u00f6r\u00e9sek keletkez\u00e9s\u00e9nek pathomechanizmusa, oszt\u00e1lyoz\u00e1s, kezel\u00e9si lehet\u0151s\u00e9gek<\/li>\n<li>Perif\u00e9ri\u00e1s idegs\u00e9r\u00fcl\u00e9sek ell\u00e1t\u00e1s\u00e1nak alapelvei, s\u00e9r\u00fcl\u00e9sform\u00e1k, degener\u00e1ci\u00f3, regener\u00e1ci\u00f3<\/li>\n<li>A t\u00e9rd\u00edz\u00fcleti szalags\u00e9r\u00fcl\u00e9sek diagnosztik\u00e1ja \u00e9s a kezel\u00e9s lehet\u0151s\u00e9gei<\/li>\n<li>A ny\u00edlt l\u00e1bsz\u00e1rt\u00f6r\u00e9sek kezel\u00e9se<\/li>\n<li>A rot\u00e1tor mandzsetta s\u00e9r\u00fcl\u00e9sei<\/li>\n<li>A n. radialis s\u00e9r\u00fcl\u00e9sek okai \u00e9s ell\u00e1t\u00e1sa<\/li>\n<li>A l\u00e1b t\u00f6r\u00e9seinek \u00e9s ficamainak ell\u00e1t\u00e1sa<\/li>\n<li>A n. medianus \u00e9s n. ulnaris s\u00e9r\u00fcl\u00e9sek klinikuma<\/li>\n<li>Olecranon \u00e9s radiusfej t\u00f6r\u00e9s diagnosztik\u00e1ja \u00e9s kezel\u00e9se<\/li>\n<li>A thoracolumbalis gerinct\u00f6r\u00e9sek kezel\u00e9se<\/li>\n<li>A combnyakt\u00f6r\u00e9sek sz\u00f6v\u0151dm\u00e9nyei \u00e9s azok kezel\u00e9se<\/li>\n<li>Replant\u00e1ci\u00f3 \u00e9s revasculariz\u00e1ci\u00f3 alapelvei<\/li>\n<li>T\u00f6meges s\u00e9r\u00fcl\u00e9sek ell\u00e1t\u00e1s\u00e1nak alapelvei. Triage.<\/li>\n<li>Talus t\u00f6r\u00e9s diagnosztik\u00e1ja \u00e9s ell\u00e1t\u00e1sa<\/li>\n<li>Z\u00e1rt l\u00e1bsz\u00e1rt\u00f6r\u00e9sek operat\u00edv ell\u00e1t\u00e1sa<\/li>\n<li>Decollement etiol\u00f3gi\u00e1ja, diagnosztik\u00e1ja \u00e9s ell\u00e1t\u00e1sa<\/li>\n<li>Myositis ossificans<\/li>\n<li>Traum\u00e1s amput\u00e1ci\u00f3k befejez\u00e9se<\/li>\n<li>A k\u00e9z gennyed\u00e9seinek ell\u00e1t\u00e1sa<\/li>\n<li>Rekeszt\u00e1ji illetve thoraco-abdominalis s\u00e9r\u00fcl\u00e9sek diagnosztik\u00e1ja \u00e9s kezel\u00e9se<\/li>\n<li>L\u0151tt sebek ell\u00e1t\u00e1sa<\/li>\n<li>Porcp\u00f3tl\u00e1s lehet\u0151s\u00e9gei<\/li>\n<li>Damage control surgery<\/li>\n<\/ol>\n<\/div><\/div>\n","protected":false},"excerpt":{"rendered":"<p>Szakvizsga t\u00e9telsor az ortop\u00e9d \u00e9s traumatol\u00f3gia szakvizsg\u00e1hoz\u00a0 Alaptudom\u00e1nyok, \u00e1ltal\u00e1nos ismeretek Csontsz\u00f6vet biol\u00f3gi\u00e1ja. (n\u00f6veked\u00e9s, fel\u00e9p\u00edt\u00e9s, v\u00e9rell\u00e1t\u00e1s, biomechanikai tulajdons\u00e1gok, a csontosod\u00e1s t\u00edpusai) Csontt\u00f6r\u00e9sek gy\u00f3gyul\u00e1sa, konzervat\u00edv kezel\u00e9s \u00e9s csontm\u0171t\u00e9tek ut\u00e1ni gy\u00f3gyul\u00e1s T\u00f6r\u00e9sgy\u00f3gyul\u00e1s zavarai; kezel\u00e9si taktik\u00e1k A t\u00f6r\u00e9sgy\u00f3gyul\u00e1s serkent\u00e9se. Kezel\u00e9si m\u00f3dszerek (seb\u00e9szi, m\u0171szeres, gy\u00f3gyszeres, biok\u00e9miai, biol\u00f3giai) V\u00e9gtag tengely\u00e1ll\u00e1s, \u00edz\u00fcleti mozg\u00e1s vizsg\u00e1lat \u00c1ll\u00e1s, j\u00e1r\u00e1s vizsg\u00e1lata. S\u00e1nt\u00edt\u00e1s, s\u00e1nt\u00edt\u00e1sok fajt\u00e1i Izot\u00f3p diagnosztika. &hellip;<\/p>\n","protected":false},"author":101217,"featured_media":0,"parent":57,"menu_order":8,"comment_status":"closed","ping_status":"closed","template":"","meta":{"_acf_changed":false,"footnotes":""},"categories":[],"tags":[],"class_list":["post-1272","page","type-page","status-publish","hentry"],"acf":[],"_links":{"self":[{"href":"https:\/\/semmelweis.hu\/traumatologia\/wp-json\/wp\/v2\/pages\/1272","targetHints":{"allow":["GET"]}}],"collection":[{"href":"https:\/\/semmelweis.hu\/traumatologia\/wp-json\/wp\/v2\/pages"}],"about":[{"href":"https:\/\/semmelweis.hu\/traumatologia\/wp-json\/wp\/v2\/types\/page"}],"author":[{"embeddable":true,"href":"https:\/\/semmelweis.hu\/traumatologia\/wp-json\/wp\/v2\/users\/101217"}],"replies":[{"embeddable":true,"href":"https:\/\/semmelweis.hu\/traumatologia\/wp-json\/wp\/v2\/comments?post=1272"}],"version-history":[{"count":3,"href":"https:\/\/semmelweis.hu\/traumatologia\/wp-json\/wp\/v2\/pages\/1272\/revisions"}],"predecessor-version":[{"id":2408,"href":"https:\/\/semmelweis.hu\/traumatologia\/wp-json\/wp\/v2\/pages\/1272\/revisions\/2408"}],"up":[{"embeddable":true,"href":"https:\/\/semmelweis.hu\/traumatologia\/wp-json\/wp\/v2\/pages\/57"}],"wp:attachment":[{"href":"https:\/\/semmelweis.hu\/traumatologia\/wp-json\/wp\/v2\/media?parent=1272"}],"wp:term":[{"taxonomy":"category","embeddable":true,"href":"https:\/\/semmelweis.hu\/traumatologia\/wp-json\/wp\/v2\/categories?post=1272"},{"taxonomy":"post_tag","embeddable":true,"href":"https:\/\/semmelweis.hu\/traumatologia\/wp-json\/wp\/v2\/tags?post=1272"}],"curies":[{"name":"wp","href":"https:\/\/api.w.org\/{rel}","templated":true}]}}