{"id":9760,"date":"2024-03-18T08:22:27","date_gmt":"2024-03-18T07:22:27","guid":{"rendered":"https:\/\/semmelweis.hu\/tdk\/?p=9760"},"modified":"2025-07-16T11:57:46","modified_gmt":"2025-07-16T09:57:46","slug":"rektori-palyamunka-helyreallito-fogaszati-klinika","status":"publish","type":"page","link":"https:\/\/semmelweis.hu\/tdk\/rektori-palyazat\/rektori-palyazat-meghirdetett-temak\/rektori-palyamunka-helyreallito-fogaszati-klinika\/","title":{"rendered":"Helyre\u00e1ll\u00edt\u00f3 Fog\u00e1szati Klinika &#8211; Rektori p\u00e1ly\u00e1zat"},"content":{"rendered":"<p><strong>Rektori p\u00e1lyamunka Helyre\u00e1ll\u00edt\u00f3 Fog\u00e1szati Klinika 2025\/2026 Tan\u00e9v<\/strong><\/p>\n<table style=\"border-collapse: collapse;width: 100%\">\n<tbody>\n<tr>\n<td style=\"width: 50%\"><strong>Rektori p\u00e1lyat\u00e9tel c\u00edme<\/strong><\/td>\n<td style=\"width: 50%\"><strong>Konzulens (fokozattal)<\/strong><\/td>\n<\/tr>\n<tr>\n<td style=\"width: 50%\">Az emberi fogazat geometriai param\u00e9tereink meghat\u00e1roz\u00e1sa harap\u00e1snyom elemz\u00e9shez\u00a0<\/td>\n<td style=\"width: 50%\">Dr. Simon Botond PhD<\/td>\n<\/tr>\n<tr>\n<td style=\"width: 50%\">Popul\u00e1ci\u00f3s affinit\u00e1s vizsg\u00e1lat 3D fogmint\u00e1kon emberi azonos\u00edt\u00e1shoz<\/td>\n<td style=\"width: 50%\">Dr. Mikolicz \u00c1kos (klinikai szakorvos)<\/td>\n<\/tr>\n<tr>\n<td style=\"width: 50%\">Mint\u00e1zat felismer\u00e9s a ruga alapj\u00e1n \u00e1llatk\u00eds\u00e9rletes digit\u00e1lis modellen<\/td>\n<td style=\"width: 50%\">Dr. Simon Botond PhD<\/td>\n<\/tr>\n<tr>\n<td style=\"width: 50%\">Endothelf\u00fcgg\u0151 vasodilatatio vizsg\u00e1lata a hum\u00e1n gingiv\u00e1n az \u00f6sztrog\u00e9nszint f\u00fcggv\u00e9ny\u00e9ben<\/td>\n<td style=\"width: 50%\">Dr. Mikecs Barbara PhD, Dr. Nagy Tam\u00e1s L\u00e1szl\u00f3<\/td>\n<\/tr>\n<tr>\n<td style=\"width: 50%\" width=\"591\">V\u00e9r\u00e1raml\u00e1s vizsg\u00e1lata az \u00f6sztrog\u00e9n szint f\u00fcggv\u00e9ny\u00e9ben<\/td>\n<td style=\"width: 50%\" width=\"420\">Dr. Mikecs Barbara Ph.D., Dr. Nagy Tam\u00e1s L\u00e1szl\u00f3 Ph.D. hallgat\u00f3<\/td>\n<\/tr>\n<\/tbody>\n<\/table>\n","protected":false},"excerpt":{"rendered":"<p>Rektori p\u00e1lyamunka Helyre\u00e1ll\u00edt\u00f3 Fog\u00e1szati Klinika 2025\/2026 Tan\u00e9v Rektori p\u00e1lyat\u00e9tel c\u00edme Konzulens (fokozattal) Az emberi fogazat geometriai param\u00e9tereink meghat\u00e1roz\u00e1sa harap\u00e1snyom elemz\u00e9shez\u00a0 Dr. Simon Botond PhD Popul\u00e1ci\u00f3s affinit\u00e1s vizsg\u00e1lat 3D fogmint\u00e1kon emberi azonos\u00edt\u00e1shoz Dr. Mikolicz \u00c1kos (klinikai szakorvos) Mint\u00e1zat felismer\u00e9s a ruga alapj\u00e1n \u00e1llatk\u00eds\u00e9rletes digit\u00e1lis modellen Dr. Simon Botond PhD Endothelf\u00fcgg\u0151 vasodilatatio vizsg\u00e1lata a hum\u00e1n gingiv\u00e1n az &hellip;<\/p>\n","protected":false},"author":101883,"featured_media":0,"parent":9092,"menu_order":0,"comment_status":"closed","ping_status":"closed","template":"","meta":{"_acf_changed":false,"footnotes":""},"categories":[],"tags":[97],"class_list":["post-9760","page","type-page","status-publish","hentry","tag-fok-rektori-palyazat"],"acf":[],"publishpress_future_action":{"enabled":false,"date":"1970-01-01 01:00:00","action":"","terms":[],"taxonomy":"","browser_timezone_offset":0},"_links":{"self":[{"href":"https:\/\/semmelweis.hu\/tdk\/wp-json\/wp\/v2\/pages\/9760","targetHints":{"allow":["GET"]}}],"collection":[{"href":"https:\/\/semmelweis.hu\/tdk\/wp-json\/wp\/v2\/pages"}],"about":[{"href":"https:\/\/semmelweis.hu\/tdk\/wp-json\/wp\/v2\/types\/page"}],"author":[{"embeddable":true,"href":"https:\/\/semmelweis.hu\/tdk\/wp-json\/wp\/v2\/users\/101883"}],"replies":[{"embeddable":true,"href":"https:\/\/semmelweis.hu\/tdk\/wp-json\/wp\/v2\/comments?post=9760"}],"version-history":[{"count":6,"href":"https:\/\/semmelweis.hu\/tdk\/wp-json\/wp\/v2\/pages\/9760\/revisions"}],"predecessor-version":[{"id":11511,"href":"https:\/\/semmelweis.hu\/tdk\/wp-json\/wp\/v2\/pages\/9760\/revisions\/11511"}],"up":[{"embeddable":true,"href":"https:\/\/semmelweis.hu\/tdk\/wp-json\/wp\/v2\/pages\/9092"}],"wp:attachment":[{"href":"https:\/\/semmelweis.hu\/tdk\/wp-json\/wp\/v2\/media?parent=9760"}],"wp:term":[{"taxonomy":"category","embeddable":true,"href":"https:\/\/semmelweis.hu\/tdk\/wp-json\/wp\/v2\/categories?post=9760"},{"taxonomy":"post_tag","embeddable":true,"href":"https:\/\/semmelweis.hu\/tdk\/wp-json\/wp\/v2\/tags?post=9760"}],"curies":[{"name":"wp","href":"https:\/\/api.w.org\/{rel}","templated":true}]}}