{"id":9128,"date":"2023-05-19T12:32:59","date_gmt":"2023-05-19T10:32:59","guid":{"rendered":"https:\/\/semmelweis.hu\/tdk\/?page_id=9128"},"modified":"2025-07-18T13:49:18","modified_gmt":"2025-07-18T11:49:18","slug":"rektori-palyazat-transzlacios-medicina-intezet-2023-2024","status":"publish","type":"page","link":"https:\/\/semmelweis.hu\/tdk\/rektori-palyazat\/rektori-palyazat-meghirdetett-temak\/rektori-palyazat-transzlacios-medicina-intezet-2023-2024\/","title":{"rendered":"Transzl\u00e1ci\u00f3s Medicina Int\u00e9zet &#8211; Rektori p\u00e1ly\u00e1zat"},"content":{"rendered":"<h3>Rektori p\u00e1ly\u00e1zat Transzl\u00e1ci\u00f3s Medicina Int\u00e9zet 2025\/2026<\/h3>\n<table style=\"border-collapse: collapse;width: 100%;height: 1616px\">\n<tbody>\n<tr style=\"height: 33px\">\n<td style=\"width: 56%;height: 33px\" width=\"542\"><strong>Rektori p\u00e1lyamunka c\u00edme<\/strong><\/td>\n<td style=\"width: 43.8857%;height: 33px\" width=\"425\"><strong>T\u00e9mavezet\u0151 neve (fokozattal)<\/strong><\/td>\n<\/tr>\n<tr style=\"height: 83px\">\n<td style=\"width: 99.8857%;text-align: center;height: 83px\" colspan=\"2\">\n<p><strong>Az Orsz\u00e1gos Kor\u00e1nyi Pulmonol\u00f3giai Int\u00e9zet rektori p\u00e1lyamunk\u00e1i az \u00c1OK Transzl\u00e1ci\u00f3s Medicina Int\u00e9zettel egy\u00fcttm\u0171k\u00f6d\u00e9sben ker\u00fclnek meghirdet\u00e9sre<\/strong><\/p>\n<\/td>\n<\/tr>\n<tr style=\"height: 63px\">\n<td style=\"width: 56%;height: 63px\">\u00a0A l\u00e9g\u00fati gyullad\u00e1s \u00e9s az oxidat\u00edv stressz monitoroz\u00e1sa COPD-ben<\/td>\n<td style=\"width: 43.8857%;height: 63px\">Dr. Antus Bal\u00e1zs (PhD, DSc)<\/td>\n<\/tr>\n<tr style=\"height: 63px\">\n<td style=\"width: 56%;height: 63px\">COPD fenot\u00edpusok elemz\u00e9se klinikai biomarkerek seg\u00edts\u00e9g\u00e9vel<\/td>\n<td style=\"width: 43.8857%;height: 63px\">Dr. Antus Bal\u00e1zs (PhD, DSc)<\/td>\n<\/tr>\n<tr style=\"height: 63px\">\n<td style=\"width: 56%;height: 63px\">COVID ellenes immunv\u00e1lasz \u00f6sszehasonl\u00edt\u00e1sa v\u00edrusfert\u0151z\u00e9s \u00e9s vakcin\u00e1ci\u00f3 ut\u00e1n<\/td>\n<td style=\"width: 43.8857%;height: 63px\">Dr. Barta Imre (PhD)<\/td>\n<\/tr>\n<tr style=\"height: 33px\">\n<td style=\"width: 56%;height: 33px\">Multimorbidit\u00e1s s\u00falyos asztm\u00e1ban<\/td>\n<td style=\"width: 43.8857%;height: 33px\">Dr. Csoma Zsuzsanna (PhD)<\/td>\n<\/tr>\n<tr style=\"height: 33px\">\n<td style=\"width: 56%;height: 33px\">Biol\u00f3giai kezel\u00e9sekre adott v\u00e1lasz, asztma remisszi\u00f3.<\/td>\n<td style=\"width: 43.8857%;height: 33px\">Dr. Csoma Zsuzsanna (PhD)<\/td>\n<\/tr>\n<tr style=\"height: 63px\">\n<td style=\"width: 56%;height: 63px\">A kissejtes t\u00fcd\u0151r\u00e1k heterogenit\u00e1s\u00e1nak vizsg\u00e1lata\u00a0<\/td>\n<td style=\"width: 43.8857%;height: 63px\">Dr. D\u00f6me Bal\u00e1zs (PhD, DSc), Dr. Megyesfalvi Zsolt (PhD)<\/td>\n<\/tr>\n<tr style=\"height: 63px\">\n<td style=\"width: 56%;height: 63px\">A t\u00fcd\u0151r\u00e1kok predikt\u00edv \u00e9s prognosztikai markerei<\/td>\n<td style=\"width: 43.8857%;height: 63px\">Dr. D\u00f6me Bal\u00e1zs (PhD, DSc), Dr. Megyesfalvi Zsolt (PhD)<\/td>\n<\/tr>\n<tr style=\"height: 63px\">\n<td style=\"width: 56%;height: 63px\">Immunfenot\u00edpusok vizsg\u00e1lata mellkasi daganatokban<\/td>\n<td style=\"width: 43.8857%;height: 63px\">Dr. D\u00f6me Bal\u00e1zs (PhD, DSc), Dr. Megyesfalvi Zsolt (PhD)<\/td>\n<\/tr>\n<tr style=\"height: 63px\">\n<td style=\"width: 56%;height: 63px\">Malignus pleur\u00e1lis mezoteli\u00f3ma proteomikai felt\u00e9rk\u00e9pez\u00e9se\u00a0<\/td>\n<td style=\"width: 43.8857%;height: 63px\">Dr. D\u00f6me Bal\u00e1zs (PhD, DSc), Dr. Megyesfalvi Zsolt (PhD)<\/td>\n<\/tr>\n<tr style=\"height: 63px\">\n<td style=\"width: 56%;height: 63px\">A nyitott \u00e9s a minim\u00e1lisan invaz\u00edv t\u00fcd\u0151rezekci\u00f3s m\u0171t\u00e9tek jellemz\u0151i \u00e9s rizik\u00f3t\u00e9nyez\u0151i\u00a0\u00a0<\/td>\n<td style=\"width: 43.8857%;height: 63px\">Dr. D\u00f6me Bal\u00e1zs (PhD, DSc), Dr. Megyesfalvi Zsolt (PhD)<\/td>\n<\/tr>\n<tr style=\"height: 63px\">\n<td style=\"width: 56%;height: 63px\">A thymom\u00e1k predikt\u00edv \u00e9s prognosztikai markerei\u00a0<\/td>\n<td style=\"width: 43.8857%;height: 63px\">Dr. D\u00f6me Bal\u00e1zs (PhD, DSc), Dr. Megyesfalvi Zsolt (PhD)<\/td>\n<\/tr>\n<tr style=\"height: 63px\">\n<td style=\"width: 56%;height: 63px\">VV \u00e9s VA ECMO alkalmaz\u00e1sa t\u00fcd\u0151m\u0171t\u00e9tekn\u00e9l\u00a0<\/td>\n<td style=\"width: 43.8857%;height: 63px\">Dr. D\u00f6me Bal\u00e1zs (PhD, DSc), Dr. Megyesfalvi Zsolt (PhD)<\/td>\n<\/tr>\n<tr style=\"height: 63px\">\n<td style=\"width: 56%;height: 63px\">Videothoracoscopia hat\u00e1sa \/el\u0151nyei a posztoperat\u00edv szakra\u00a0<\/td>\n<td style=\"width: 43.8857%;height: 63px\">Dr. D\u00f6me Bal\u00e1zs (PhD, DSc), Dr. Megyesfalvi Zsolt (PhD)<\/td>\n<\/tr>\n<tr style=\"height: 63px\">\n<td style=\"width: 56%;height: 63px\">A k\u00fcl\u00f6nb\u00f6z\u0151 l\u00e9legeztet\u00e9si m\u00f3dok szerepe \u00e9s jelent\u0151s\u00e9ge a perioperat\u00edv ell\u00e1t\u00e1sban<\/td>\n<td style=\"width: 43.8857%;height: 63px\">Dr. D\u00f6me Bal\u00e1zs (PhD, DSc), Dr. Megyesfalvi Zsolt (PhD)<\/td>\n<\/tr>\n<tr style=\"height: 63px\">\n<td style=\"width: 56%;height: 63px\">Prognosztikai faktorok azonos\u00edt\u00e1sa a ciszt\u00e1s fibr\u00f3zis term\u00e9szetes lefoly\u00e1s\u00e1ban<\/td>\n<td style=\"width: 43.8857%;height: 63px\">Dr. Hal\u00e1sz Adrienn (PhD), Dr. \u00d6rl\u0151s Zolt\u00e1n<\/td>\n<\/tr>\n<tr style=\"height: 33px\">\n<td style=\"width: 56%;height: 33px\">Eozinofil sejtek mint a l\u00e9gz\u0151szervi betegs\u00e9gek biomarkerei<\/td>\n<td style=\"width: 43.8857%;height: 33px\">Dr. Horv\u00e1th Ildik\u00f3 (PhD, DSc)<\/td>\n<\/tr>\n<tr style=\"height: 33px\">\n<td style=\"width: 56%;height: 33px\">Kil\u00e9gzett biomarkerek l\u00e9gz\u0151szervi k\u00f3rk\u00e9pekben<\/td>\n<td style=\"width: 43.8857%;height: 33px\">Dr. Horv\u00e1th Ildik\u00f3 (PhD, DSc)<\/td>\n<\/tr>\n<tr style=\"height: 33px\">\n<td style=\"width: 56%;height: 33px\">Klotho mint biomarker l\u00e9gz\u0151szervi megbeteged\u00e9sekben<\/td>\n<td style=\"width: 43.8857%;height: 33px\">Dr. Horv\u00e1th Ildik\u00f3 (PhD, DSc)<\/td>\n<\/tr>\n<tr style=\"height: 33px\">\n<td style=\"width: 56%;height: 33px\">Komplement faktorok szerepe l\u00e9g\u00fati betegs\u00e9gekben<\/td>\n<td style=\"width: 43.8857%;height: 33px\">Dr. Horv\u00e1th Ildik\u00f3 (PhD, DSc)<\/td>\n<\/tr>\n<tr style=\"height: 33px\">\n<td style=\"width: 56%;height: 33px\">Nehezen el\u00e9rhet\u0151 emberek bevon\u00e1sa t\u00fcd\u0151r\u00e1ksz\u0171r\u00e9sbe<\/td>\n<td style=\"width: 43.8857%;height: 33px\">Dr. Horv\u00e1th Ildik\u00f3 (PhD, DSc)<\/td>\n<\/tr>\n<tr style=\"height: 33px\">\n<td style=\"width: 56%;height: 33px\">L\u00e9gz\u0151szervi infekci\u00f3k<\/td>\n<td style=\"width: 43.8857%;height: 33px\">Dr. Horv\u00e1th Ildik\u00f3 (PhD, DSc)<\/td>\n<\/tr>\n<tr style=\"height: 33px\">\n<td style=\"width: 56%;height: 33px\">Radiol\u00f3giai m\u00f3dszerek a t\u00fcd\u0151betegs\u00e9gek diagnosztik\u00e1j\u00e1ban<\/td>\n<td style=\"width: 43.8857%;height: 33px\">Dr. Kerpel-Fronius Anna (PhD)<\/td>\n<\/tr>\n<tr style=\"height: 63px\">\n<td style=\"width: 56%;height: 63px\">A perif\u00e9ri\u00e1s art\u00e9ri\u00e1s pulzushull\u00e1m v\u00e1ltoz\u00e1sai l\u00e9gz\u0151szervrendszeri betegs\u00e9gekben<\/td>\n<td style=\"width: 43.8857%;height: 63px\">Dr. Mikl\u00f3s Zsuzsanna (PhD)<\/td>\n<\/tr>\n<tr style=\"height: 63px\">\n<td style=\"width: 56%;height: 63px\">Az obesitas szerep\u00e9nek vizsg\u00e1lata obstrukt\u00edv alv\u00e1si apno\u00e9ban szenved\u0151 betegekn\u00e9l<\/td>\n<td style=\"width: 43.8857%;height: 63px\">Dr. Simon Beatrix (PhD)<\/td>\n<\/tr>\n<tr style=\"height: 63px\">\n<td style=\"width: 56%;height: 63px\">Alfa 1 antitripszin hi\u00e1nyos betegek sz\u0171r\u00e9se Magyarorsz\u00e1gon<\/td>\n<td style=\"width: 43.8857%;height: 63px\">Dr. S\u00f3t\u00e9r Szabolcs (PhD), Dr. Temesi Gabriella (orvosigazgat\u00f3)<\/td>\n<\/tr>\n<tr style=\"height: 33px\">\n<td style=\"width: 56%;height: 33px\">L\u00e9gz\u0151izomtr\u00e9ning\u00a0 jelent\u0151s\u00e9ge COPD-ben<\/td>\n<td style=\"width: 43.8857%;height: 33px\">Dr. Szilasi M\u00e1ria (PhD, DSc)<\/td>\n<\/tr>\n<tr style=\"height: 33px\">\n<td style=\"width: 56%;height: 33px\">V\u00e1lad\u00e9kmobiliz\u00e1ci\u00f3 COPD-ben<\/td>\n<td style=\"width: 43.8857%;height: 33px\">Dr. Szilasi M\u00e1ria (PhD, DSc)<\/td>\n<\/tr>\n<tr style=\"height: 63px\">\n<td style=\"width: 56%;height: 63px\">Obstrukt\u00edv alv\u00e1si apnoe gyakoris\u00e1ga feln\u0151tt ciszt\u00e1s fibr\u00f3zisos betegek k\u00f6z\u00f6tt<\/td>\n<td style=\"width: 43.8857%;height: 63px\">Dr. Vizi \u00c9va (PhD)<\/td>\n<\/tr>\n<tr style=\"height: 33px\">\n<td style=\"width: 99.8857%;height: 33px\" colspan=\"2\">\n<h3 style=\"text-align: center\">Transzl\u00e1ci\u00f3s Medicina Int\u00e9zet<\/h3>\n<\/td>\n<\/tr>\n<tr>\n<td style=\"width: 56%\" width=\"365\">A lizofoszfatidsav \u00e9s hum\u00e1n sz\u00e9rum albumin hat\u00e1sa a csontregener\u00e1ci\u00f3ra<\/td>\n<td style=\"width: 43.8857%\" width=\"351\">Dr. Majer Aliz, Dr. Ruisanchez \u00c9va (PhD)<\/td>\n<\/tr>\n<tr>\n<td style=\"width: 56%\">A TGF-\u03b2 szerepe a myocardi\u00e1lis fibr\u00f3zis progresszi\u00f3j\u00e1ban<\/td>\n<td style=\"width: 43.8857%\">K\u00f6k\u00e9ny G\u00e1bor PhD<\/td>\n<\/tr>\n<tr>\n<td style=\"width: 56%\">A TIMP-1 szerepe a sz\u00f6veti fibr\u00f3zisban<\/td>\n<td style=\"width: 43.8857%\">K\u00f6k\u00e9ny G\u00e1bor PhD<\/td>\n<\/tr>\n<tr>\n<td style=\"width: 56%\">Autof\u00e1gia szerepe vesefibr\u00f3zisban<\/td>\n<td style=\"width: 43.8857%\">Manz\u00e9ger Anna BSc, PhD<\/td>\n<\/tr>\n<tr>\n<td style=\"width: 56%\">Az NO-cGMP tengelyre hat\u00f3 szerek alkalmaz\u00e1sa a diabeteses nephropathia ter\u00e1pi\u00e1j\u00e1ban\u00a0<\/td>\n<td style=\"width: 43.8857%\">K\u00f6k\u00e9ny G\u00e1bor PhD<\/td>\n<\/tr>\n<tr>\n<td style=\"width: 56%\">\u00daj ter\u00e1pi\u00e1s lehet\u0151s\u00e9gek a podocit\u00e1k k\u00e1rosod\u00e1s\u00e1nak cs\u00f6kkent\u00e9s\u00e9re diabetesben<\/td>\n<td style=\"width: 43.8857%\">K\u00f6k\u00e9ny G\u00e1bor PhD<\/td>\n<\/tr>\n<tr>\n<td style=\"width: 56%\">Transzg\u00e9n technik\u00e1k alkalmaz\u00e1sa a vesekutat\u00e1sban<\/td>\n<td style=\"width: 43.8857%\">M\u00f3zes Mikl\u00f3s PhD<\/td>\n<\/tr>\n<tr>\n<td style=\"width: 56%\">A relaxin pathogenetikai szerepe k\u00fcl\u00f6nb\u00f6z\u0151 megbeteged\u00e9sekben<\/td>\n<td style=\"width: 43.8857%\">M\u00f3zes Mikl\u00f3s PhD, K\u00f6k\u00e9ny G\u00e1bor PhD<\/td>\n<\/tr>\n<tr>\n<td style=\"width: 56%\">A TGF-\u03b2 szerepe a vesem\u0171k\u00f6d\u00e9sben\u00a0<\/td>\n<td style=\"width: 43.8857%\">M\u00f3zes Mikl\u00f3s PhD, K\u00f6k\u00e9ny G\u00e1bor PhD<\/td>\n<\/tr>\n<tr>\n<td style=\"width: 56%\">A TGF-\u03b2 szerepe a csontfejl\u0151d\u00e9sben<\/td>\n<td style=\"width: 43.8857%\">M\u00f3zes Mikl\u00f3s PhD<\/td>\n<\/tr>\n<tr>\n<td style=\"width: 56%\">\u00daj hipot\u00e9zis egy szabadon v\u00e1lasztott k\u00f3rk\u00e9p pathomechanizmus\u00e1ban\u00a0<\/td>\n<td style=\"width: 43.8857%\">K\u00f6k\u00e9ny G\u00e1bor PhD<\/td>\n<\/tr>\n<tr>\n<td style=\"width: 56%\">Endoplazm\u00e1s retikulum redox rendszerei<\/td>\n<td style=\"width: 43.8857%\">Dr. Margittai \u00c9va, PhD<\/td>\n<\/tr>\n<tr>\n<td style=\"width: 56%\" width=\"365\">Developing new, photoactivatable VEGFR2 inhibitors to treat retinopathy<\/td>\n<td style=\"width: 43.8857%\" width=\"351\">Dr. Kov\u00e1cs Kriszti\u00e1n Andr\u00e1s, PhD<\/td>\n<\/tr>\n<tr>\n<td style=\"width: 56%\" width=\"474\">Covid19 konvaleszcens plazmamint\u00e1k analitikai vizsg\u00e1lata\u00a0<\/td>\n<td style=\"width: 43.8857%\" width=\"205\">Prof. Beny\u00f3 Zolt\u00e1n egyetemi tan\u00e1r, Dr. Kir\u00e1ly M\u00e1rton egyetemi tan\u00e1rseg\u00e9d<\/td>\n<\/tr>\n<tr>\n<td style=\"width: 56%\" width=\"474\">A feln\u0151ttkori obesitashoz asszoci\u00e1lt FTO g\u00e9nvari\u00e1nsok jelent\u0151s\u00e9ge v\u00e1rand\u00f3ss\u00e1g alatt: az anyai \u00e9s fetalis hordoz\u00e1s hat\u00e1sa a sz\u00e9nhidr\u00e1t-anyagcser\u00e9re<\/td>\n<td style=\"width: 43.8857%\" width=\"205\">Dr. Firneisz G\u00e1bor egyetemi docens<\/td>\n<\/tr>\n<\/tbody>\n<\/table>\n","protected":false},"excerpt":{"rendered":"<p>Rektori p\u00e1ly\u00e1zat Transzl\u00e1ci\u00f3s Medicina Int\u00e9zet 2025\/2026 Rektori p\u00e1lyamunka c\u00edme T\u00e9mavezet\u0151 neve (fokozattal) Az Orsz\u00e1gos Kor\u00e1nyi Pulmonol\u00f3giai Int\u00e9zet rektori p\u00e1lyamunk\u00e1i az \u00c1OK Transzl\u00e1ci\u00f3s Medicina Int\u00e9zettel egy\u00fcttm\u0171k\u00f6d\u00e9sben ker\u00fclnek meghirdet\u00e9sre \u00a0A l\u00e9g\u00fati gyullad\u00e1s \u00e9s az oxidat\u00edv stressz monitoroz\u00e1sa COPD-ben Dr. Antus Bal\u00e1zs (PhD, DSc) COPD fenot\u00edpusok elemz\u00e9se klinikai biomarkerek seg\u00edts\u00e9g\u00e9vel Dr. Antus Bal\u00e1zs (PhD, DSc) COVID ellenes immunv\u00e1lasz &hellip;<\/p>\n","protected":false},"author":101596,"featured_media":0,"parent":9092,"menu_order":0,"comment_status":"closed","ping_status":"closed","template":"","meta":{"_acf_changed":false,"footnotes":""},"categories":[],"tags":[99],"class_list":["post-9128","page","type-page","status-publish","hentry","tag-aok-rektori-palyazat"],"acf":[],"publishpress_future_action":{"enabled":false,"date":"1970-01-01 01:00:00","action":"","terms":[],"taxonomy":"","browser_timezone_offset":0},"_links":{"self":[{"href":"https:\/\/semmelweis.hu\/tdk\/wp-json\/wp\/v2\/pages\/9128","targetHints":{"allow":["GET"]}}],"collection":[{"href":"https:\/\/semmelweis.hu\/tdk\/wp-json\/wp\/v2\/pages"}],"about":[{"href":"https:\/\/semmelweis.hu\/tdk\/wp-json\/wp\/v2\/types\/page"}],"author":[{"embeddable":true,"href":"https:\/\/semmelweis.hu\/tdk\/wp-json\/wp\/v2\/users\/101596"}],"replies":[{"embeddable":true,"href":"https:\/\/semmelweis.hu\/tdk\/wp-json\/wp\/v2\/comments?post=9128"}],"version-history":[{"count":10,"href":"https:\/\/semmelweis.hu\/tdk\/wp-json\/wp\/v2\/pages\/9128\/revisions"}],"predecessor-version":[{"id":11540,"href":"https:\/\/semmelweis.hu\/tdk\/wp-json\/wp\/v2\/pages\/9128\/revisions\/11540"}],"up":[{"embeddable":true,"href":"https:\/\/semmelweis.hu\/tdk\/wp-json\/wp\/v2\/pages\/9092"}],"wp:attachment":[{"href":"https:\/\/semmelweis.hu\/tdk\/wp-json\/wp\/v2\/media?parent=9128"}],"wp:term":[{"taxonomy":"category","embeddable":true,"href":"https:\/\/semmelweis.hu\/tdk\/wp-json\/wp\/v2\/categories?post=9128"},{"taxonomy":"post_tag","embeddable":true,"href":"https:\/\/semmelweis.hu\/tdk\/wp-json\/wp\/v2\/tags?post=9128"}],"curies":[{"name":"wp","href":"https:\/\/api.w.org\/{rel}","templated":true}]}}