{"id":8904,"date":"2023-03-10T13:38:50","date_gmt":"2023-03-10T12:38:50","guid":{"rendered":"https:\/\/semmelweis.hu\/tdk\/?page_id=8904"},"modified":"2023-03-10T13:38:50","modified_gmt":"2023-03-10T12:38:50","slug":"roska-tamas","status":"publish","type":"page","link":"https:\/\/semmelweis.hu\/tdk\/tudomanyos-diakkori-konferenciak\/orszagos-tdk-konferencia\/korabbi-otdk-konferenciak\/36-otdk\/roska-tamas-palyazat\/roska-tamas\/","title":{"rendered":"Roska Tam\u00e1s"},"content":{"rendered":"<p style=\"text-align: justify\"><strong>\u201e<\/strong><strong>\u00c9nekeljetek az elm\u00e9tekkel\u201d<\/strong><\/p>\n<p>\nA \u201eRoska Tam\u00e1s Tudom\u00e1nyos El\u0151ad\u00e1s\u201d bevezet\u00e9sek\u00e9nt pr\u00f3b\u00e1ljuk meg felid\u00e9zni, ki volt \u0151, mire tan\u00edt \u00e9letp\u00e9ld\u00e1ja?<\/p>\n<p>Nem v\u00e9letlen, hogy ezt a rangos d\u00edjat Roska Tam\u00e1sr\u00f3l nevezt\u00e9k el.<\/p>\n<p>Roska Tam\u00e1s Sz\u00e9chenyi- \u00e9s Bolyai-d\u00edjas akad\u00e9mikus, professzor, a cellul\u00e1ris hull\u00e1msz\u00e1m\u00edt\u00f3g\u00e9p architekt\u00far\u00e1j\u00e1nak megalkot\u00f3ja, a P\u00e1zm\u00e1ny P\u00e9ter Katolikus Egyetem Inform\u00e1ci\u00f3s Technol\u00f3giai \u00e9s Bionikai Kar\u00e1nak alap\u00edt\u00f3 d\u00e9k\u00e1nja, a hazai bionikai k\u00e9pz\u00e9s megteremt\u0151je. Tudom\u00e1nyos tev\u00e9kenys\u00e9g\u00e9t sz\u00e1mtalan hazai \u00e9s nemzetk\u00f6zi d\u00edjjal ismert\u00e9k el.<\/p>\n<p>A sz\u00e1raz adatok ugyanakkor nem adj\u00e1k vissza az embert, a tud\u00f3st, aki fiatalok gener\u00e1ci\u00f3it ind\u00edtotta el a vil\u00e1gsz\u00ednvonal\u00fa kutat\u00f3munka fel\u00e9.<\/p>\n<p>Tud\u00f3s \u00e9s kutat\u00f3 volt a sz\u00f3 teljes \u00e9rtelm\u00e9ben, s erre a \u201eszellemi kalandra\u201d h\u00edvta tan\u00edtv\u00e1nyait, munkat\u00e1rsait. \u201eValami eg\u00e9szen \u00faj kell!\u201d \u2013 vallotta mindig.\u00a0 Fontosnak tartotta ugyanakkor, hogy a teljes emberhez forduljon \u2013 a min\u0151s\u00e9gi, a \u201elegkiv\u00e1l\u00f3bb amerikaival, indiaival \u00e9s k\u00ednaival is versenyz\u0151\u201d, kitart\u00f3 munka mellett az igazi erk\u00f6lcsi hozz\u00e1\u00e1ll\u00e1st is pr\u00f3b\u00e1lta \u00e9l\u0151v\u00e9 tenni. Meggy\u0151z\u0151d\u00e9se volt, hogy az ember meg\u00e9rt\u00e9s\u00e9hez az \u201eigaz\u201d h\u00e1rom k\u00fcl\u00f6nb\u00f6z\u0151 dimenzi\u00f3j\u00e1t egy\u00fctt szeml\u00e9lve ker\u00fclhet\u00fcnk k\u00f6zelebb. \u201cHajlamosak vagyunk a mai korban azt hinni, hogy csak az az <em>igaz<\/em>, amit a term\u00e9szettudom\u00e1nyok megmutatnak. \u00dagy gondolom, hogy nem. Ha meghallgatjuk Mozart Requiemj\u00e9t, akkor tudjuk, hogy ez <em>igaz<\/em>. Vagy, ha elolvasunk egy Arany- verset, vagy r\u00e1n\u00e9z\u00fcnk egy Munk\u00e1csy-k\u00e9pre, akkor tudjuk, hogy ez <em>igaz<\/em>. Vagy, ha l\u00e1tunk valakit, aki a csal\u00e1dj\u00e1t nemes \u00e9rt\u00e9kekre neveli, akkor tudjuk, hogy <em>igaz<\/em>.\u201d<\/p>\n<p>Hite, lelkesed\u00e9se, a seg\u00edt\u0151t\u00e1rsakra is, akiket h\u00edvott, vill\u00e1mgyorsan \u00e1tragadt. Meg\u00e9rintette \u0151ket al\u00e1zatos, \u00f6nzetlen munk\u00e1ja, elk\u00f6telezetts\u00e9ge, s a teljes bizalom, amivel fel\u00e9j\u00fck fordult. M\u00e9ly embers\u00e9ggel meg\u00e9lt szolg\u00e1lat\u00e1val az egyetemes tudom\u00e1nyt \u00e9s mindenkit, aki tal\u00e1lkozott vele, szem\u00e9lyesen is gazdag\u00edtott \u00e9lete sor\u00e1n.<\/p>\n<p>Mindig megl\u00e1tta a lehet\u0151s\u00e9get a fiatal tehets\u00e9gekben \u00e9s teret adott nekik, hogy kibontakoztat-hass\u00e1k a benn\u00fck rejl\u0151 k\u00e9pess\u00e9geket.<\/p>\n<p>Fontosnak tartotta, hogy \u201eolyan kutat\u00f3 legyen, akinek kaland egy \u00faj min\u0151s\u00e9g l\u00e9trehoz\u00e1sa\u201d. \u201eK\u00f6zben bent van az ember a vil\u00e1g \u00e9lvonal\u00e1nak a t\u00f6rt\u00e9n\u00e9seiben.\u201d<\/p>\n<p>Sosem a saj\u00e1t, \u00f6n\u00f6s \u00e9rdekei mozgatt\u00e1k \u2013 a tudom\u00e1ny, \u00e9s egy erk\u00f6lcsi alapokon nyugv\u00f3, az embert szolg\u00e1l\u00f3 \u00faj t\u00e1rsadalom \u00e9p\u00edt\u00e9s\u00e9n dolgozott.<\/p>\n<p>Saj\u00e1t szakmai ter\u00fclet\u00e9n messze t\u00falmutat\u00f3 tev\u00e9kenys\u00e9ge legyen inspir\u00e1ci\u00f3 \u00e9s p\u00e9ldak\u00e9p az \u00d6n\u00f6k sz\u00e1m\u00e1ra, akik a j\u00f6v\u0151 tud\u00f3sai! Ebben a szellemben hallgassuk \u00fczenet\u00e9t:<\/p>\n<p>\u201eTi vagytok csal\u00e1dotoknak \u00e9s a nagy k\u00f6z\u00f6ss\u00e9gnek, ennek a nemzetnek a rem\u00e9nys\u00e9gei. Itt \u00fclnek k\u00f6ztetek a j\u00f6v\u0151 sikeres kutat\u00f3i, feltal\u00e1l\u00f3i, tan\u00e1rai, felel\u0151s vezet\u0151i. A csal\u00e1d, a tud\u00e1s, az igazi m\u0171v\u00e9szet \u00e9s a nemes erk\u00f6lcsi \u00e9rt\u00e9kek megbecs\u00fcl\u00e9se \u00e9s t\u00e1mogat\u00e1sa a ti boldogul\u00e1sotok \u00e9s az orsz\u00e1g felemelked\u00e9s\u00e9nek sarkk\u00f6ve. Sokan k\u00fczd\u00fcnk ez\u00e9rt az \u00e9rt\u00e9krend\u00e9rt, \u00e9s b\u00e1r nem tudjuk mindig el\u00e9g hitelesen felmutatni, de az \u00e9rt\u00e9kek tisztelete k\u00f6telez benn\u00fcnket. \u2026 A fenti \u00e9rt\u00e9kekre \u00e9p\u00fcl a XXI. sz\u00e1zad \u00faj gazdas\u00e1ga, a koncepci\u00f3 vez\u00e9relte gazdas\u00e1g. A sikeres szakemberek felk\u00e9sz\u00fcl\u00e9s\u00e9ben, a szakmai ismeretek mellett a klasszikus \u00e9rt\u00e9kek ment\u00e9n tal\u00e1lhat\u00f3 hum\u00e1n m\u0171velts\u00e9gnek, az irodalomnak, a zen\u00e9nek, a k\u00e9pz\u0151m\u0171v\u00e9szetnek ugyancsak fontos szerepe van. Csod\u00e1latos \u00e9lm\u00e9ny e k\u00e9t vil\u00e1g \u00f6sszekapcsol\u00e1sa. Mindezt egy sz\u00e9p Szent P\u00e1l-i hasonlattal kifejezve: \u00e9nekeljetek az elm\u00e9tekkel! \u2026 K\u00edv\u00e1nom, hogy siker\u00fclj\u00f6n nektek. A marsallbot a zsebetekben van.\u201d<\/p>\n","protected":false},"excerpt":{"rendered":"<p>\u201e\u00c9nekeljetek az elm\u00e9tekkel\u201d A \u201eRoska Tam\u00e1s Tudom\u00e1nyos El\u0151ad\u00e1s\u201d bevezet\u00e9sek\u00e9nt pr\u00f3b\u00e1ljuk meg felid\u00e9zni, ki volt \u0151, mire tan\u00edt \u00e9letp\u00e9ld\u00e1ja? Nem v\u00e9letlen, hogy ezt a rangos d\u00edjat Roska Tam\u00e1sr\u00f3l nevezt\u00e9k el. Roska Tam\u00e1s Sz\u00e9chenyi- \u00e9s Bolyai-d\u00edjas akad\u00e9mikus, professzor, a cellul\u00e1ris hull\u00e1msz\u00e1m\u00edt\u00f3g\u00e9p architekt\u00far\u00e1j\u00e1nak megalkot\u00f3ja, a P\u00e1zm\u00e1ny P\u00e9ter Katolikus Egyetem Inform\u00e1ci\u00f3s Technol\u00f3giai \u00e9s Bionikai Kar\u00e1nak alap\u00edt\u00f3 d\u00e9k\u00e1nja, a hazai &hellip;<\/p>\n","protected":false},"author":101596,"featured_media":0,"parent":8456,"menu_order":0,"comment_status":"closed","ping_status":"closed","template":"","meta":{"_acf_changed":false,"footnotes":""},"categories":[],"tags":[],"class_list":["post-8904","page","type-page","status-publish","hentry"],"acf":[],"publishpress_future_action":{"enabled":false,"date":"1970-01-01 01:00:00","action":"","terms":[],"taxonomy":"","browser_timezone_offset":0},"_links":{"self":[{"href":"https:\/\/semmelweis.hu\/tdk\/wp-json\/wp\/v2\/pages\/8904","targetHints":{"allow":["GET"]}}],"collection":[{"href":"https:\/\/semmelweis.hu\/tdk\/wp-json\/wp\/v2\/pages"}],"about":[{"href":"https:\/\/semmelweis.hu\/tdk\/wp-json\/wp\/v2\/types\/page"}],"author":[{"embeddable":true,"href":"https:\/\/semmelweis.hu\/tdk\/wp-json\/wp\/v2\/users\/101596"}],"replies":[{"embeddable":true,"href":"https:\/\/semmelweis.hu\/tdk\/wp-json\/wp\/v2\/comments?post=8904"}],"version-history":[{"count":2,"href":"https:\/\/semmelweis.hu\/tdk\/wp-json\/wp\/v2\/pages\/8904\/revisions"}],"predecessor-version":[{"id":8907,"href":"https:\/\/semmelweis.hu\/tdk\/wp-json\/wp\/v2\/pages\/8904\/revisions\/8907"}],"up":[{"embeddable":true,"href":"https:\/\/semmelweis.hu\/tdk\/wp-json\/wp\/v2\/pages\/8456"}],"wp:attachment":[{"href":"https:\/\/semmelweis.hu\/tdk\/wp-json\/wp\/v2\/media?parent=8904"}],"wp:term":[{"taxonomy":"category","embeddable":true,"href":"https:\/\/semmelweis.hu\/tdk\/wp-json\/wp\/v2\/categories?post=8904"},{"taxonomy":"post_tag","embeddable":true,"href":"https:\/\/semmelweis.hu\/tdk\/wp-json\/wp\/v2\/tags?post=8904"}],"curies":[{"name":"wp","href":"https:\/\/api.w.org\/{rel}","templated":true}]}}