{"id":7584,"date":"2021-11-02T14:22:00","date_gmt":"2021-11-02T13:22:00","guid":{"rendered":"https:\/\/semmelweis.hu\/tdk\/?page_id=7584"},"modified":"2026-02-16T16:33:57","modified_gmt":"2026-02-16T15:33:57","slug":"aktualis","status":"publish","type":"page","link":"https:\/\/semmelweis.hu\/tdk\/tudomanyos-diakkori-konferenciak\/eves-tdk-konferencia\/aktualis\/","title":{"rendered":"Aktu\u00e1lis TDK Konferencia"},"content":{"rendered":"<h2><a href=\"https:\/\/semmelweis.hu\/gazdalkodas-kfi\/projektek\/oei-projektek\/operativ-programok-hazai-es-eus-projektek\/rrf-2-1-2-21-2022-00010-a-gyakorlati-orvoskepzes-fejlesztese-a-semmelweis-egyetemen\/\" target=\"_blank\" rel=\"noopener\"><img decoding=\"async\" src=\"https:\/\/semmelweis.hu\/tdk\/files\/2025\/10\/RRF-kedvezmenyezetti-infoblokk-keretes.jpg\" alt=\"\" \/><\/a><\/h2>\n<h2 style=\"text-align: center\">Semmelweis Egyetem Tudom\u00e1nyos Di\u00e1kk\u00f6ri Konferencia 2026<\/h2>\n<p style=\"text-align: center\"><strong>Id\u0151pont: 2026. febru\u00e1r 12-13-14 (cs\u00fct\u00f6rt\u00f6k-p\u00e9ntek-szombat)<\/strong><\/p>\n<p style=\"text-align: center\">\u00a0<\/p>\n<p><strong>EREDM\u00c9NYEK:<\/strong><\/p>\n<p>Gratul\u00e1lunk minden r\u00e9sztvev\u0151nek!<\/p>\n<p><a href=\"https:\/\/semmelweis.hu\/tdk\/files\/2026\/02\/Tudomanyos-Diakkori-Konferencia-Eredmenyei-2026.pdf\" target=\"_blank\" rel=\"noopener\">Tudom\u00e1nyos Di\u00e1kk\u00f6ri Konferencia Eredm\u00e9nyei 2026.<\/a><\/p>\n<p><a href=\"https:\/\/semmelweis.hu\/tdk\/files\/2026\/02\/International-Students-Scientific-Conference-Results-2026.pdf\" target=\"_blank\" rel=\"noopener\">Nemzetk\u00f6zi Tudom\u00e1nyos Di\u00e1kk\u00f6ri Konferencia Eredm\u00e9nyei 2026.<\/a><\/p>\n<p>&nbsp;<\/p>\n<p style=\"text-align: left\"><strong>HELYSZ\u00cdNEK: <br \/>\nNagyv\u00e1rad t\u00e9ri Elm\u00e9leti T\u00f6mb &#8211; NET<\/strong> (1089 Budapest, Nagyv\u00e1rad t\u00e9r 4.) \u00e9s<br \/>\n<strong>Elm\u00e9leti Orvostudom\u00e1nyi K\u00f6zpont &#8211; EOK<\/strong> (1094 Budapest, T\u0171zolt\u00f3 u. 37-47)<\/p>\n<p>Program beoszt\u00e1s \u00e9s az absztraktok az al\u00e1bbi linken \u00e9rhet\u0151k el: <a href=\"https:\/\/www.semmelweiskiado.hu\/termek\/2258\/orvoskepzes\/2026-ci-evfolyam-11-444\" target=\"_blank\" rel=\"noopener\"><em>Orvosk\u00e9pz\u00e9s<\/em><\/a><\/p>\n<p><strong>JELENTKEZ\u00c9S: LEZ\u00c1RVA<br \/>\n<\/strong><\/p>\n<p style=\"text-align: justify\"><strong>Absztrakt bek\u00fcld\u00e9s:<\/strong> LEZ\u00c1RVA<\/p>\n<p>Zs\u0171ri: az aktu\u00e1lis zs\u0171ri lista az al\u00e1bbi <a href=\"https:\/\/semmelweis.hu\/tdk\/files\/2026\/02\/tdk_2026_zsuri_honlap.xlsx\" target=\"_blank\" rel=\"noopener\">linken<\/a> \u00e9rhet\u0151 el (a v\u00e1ltoztat\u00e1s jog\u00e1t fenttartjuk)<\/p>\n<p><a href=\"https:\/\/semmelweis.hu\/tdk\/tudomanyos-diakkori-konferenciak\/eves-tdk-konferencia\/reszveteli-informaciok\/\">A r\u00e9szletes inform\u00e1ci\u00f3k \u00e9s a pontoz\u00e1s szempontjai itt olvashat\u00f3k \u2192<\/a><\/p>\n<p style=\"text-align: justify\">Felh\u00edvjuk a Hallgat\u00f3k figyelm\u00e9t, hogy az OTDK el\u0151\u00edr\u00e1s\u00e1nak megfelel\u0151en, az idei konferencia jelentkez\u00e9sn\u00e9l a jelentkez\u0151 hallgat\u00f3k \u00e9s felk\u00e9sz\u00edt\u0151 t\u00e9mavezet\u0151ik oktat\u00e1si azonos\u00edt\u00f3j\u00e1nak (7-tel kezd\u0151d\u0151 11 sz\u00e1mjegyb\u0151l \u00e1ll\u00f3 sz\u00e1msor) megad\u00e1sa is k\u00f6telez\u0151! Az azonos\u00edt\u00f3 el\u00e9rhet\u0151 a NEPTUN-ban \u00e9s az <a href=\"https:\/\/merfoldkovek.oh.gov.hu\/login?returnUrl=%2Findex\" target=\"_blank\" rel=\"noopener\">Oktat\u00e1si Hivatal Oktat\u00e1si M\u00e9rf\u00f6ldk\u00f6vek<\/a> oldal\u00e1n.<\/p>\n<hr \/>\n<h2 style=\"text-align: center\">Semmelweis Egyetem Tudom\u00e1nyos Di\u00e1kk\u00f6ri Konferencia 2026<br \/>\nGyakorlati Versenyek<\/h2>\n<h5><strong>George Berci Laparoszk\u00f3pos Verseny<\/strong><\/h5>\n<p style=\"text-align: justify\">Kedves TDK Hallgat\u00f3!<\/p>\n<p style=\"text-align: justify\">A TDT \u00e9s Tansz\u00e9k\u00fcnk k\u00f6z\u00f6s szervez\u00e9s\u00e9ben 2026. febru\u00e1r 11-\u00e9n, 14.00 \u00f3rakor ism\u00e9t megrendez\u00e9sre ker\u00fcl a George Berci Laparoszk\u00f3pos Verseny, ami lehet\u0151s\u00e9get biztos\u00edt a TDK Konferencia r\u00e9sztvev\u0151i sz\u00e1m\u00e1ra, hogy gyakorlati verseny form\u00e1j\u00e1ban megismerkedhessenek a laparoszk\u00f3pos m\u0171t\u00e9ti technik\u00e1val.<\/p>\n<p style=\"text-align: justify\">A verseny sor\u00e1n a r\u00e9sztvev\u0151k laparoszk\u00f3pos gyakorl\u00f3 dobozokon, t\u00f6bb fordul\u00f3ban, t\u00f6bb feladatt\u00edpus v\u00e9grehajt\u00e1s\u00e1ban m\u00e9rhetik \u00f6ssze tud\u00e1sukat, \u00fcgyess\u00e9g\u00fcket. Minden versenyz\u0151 hivatalos oklev\u00e9lben, els\u0151 h\u00e1rom helyezett \u00e9rt\u00e9kes k\u00f6nyvjutalomban is r\u00e9szes\u00fcl.<\/p>\n<p style=\"text-align: justify\">A verseny r\u00e9szvev\u0151inek maxim\u00e1lis l\u00e9tsz\u00e1ma 15 f\u0151, ami a jelentkez\u00e9s id\u0151rendi sorrendj\u00e9ben ker\u00fcl felt\u00f6lt\u00e9sre.<\/p>\n<p style=\"text-align: justify\">A 15 f\u0151s l\u00e9tsz\u00e1mon fel\u00fcli \u00e9rdekl\u0151d\u0151ket v\u00e1r\u00f3list\u00e1ra helyezz\u00fck. Ez azt jelenti, hogy esetleges versenyz\u0151i visszamond\u00e1s, meg nem jelen\u00e9s eset\u00e9n az ezen v\u00e1r\u00f3list\u00e1n szerepl\u0151 \u00e9s a verseny helysz\u00edn\u00e9n megjelen\u0151, tartal\u00e9k jelentkez\u0151 r\u00e9szv\u00e9tele v\u00e1lik lehet\u0151v\u00e9.<\/p>\n<p style=\"text-align: justify\">Emellett szurkol\u00f3kat, nem versenyz\u0151 \u00e9rdekl\u0151d\u0151ket is sz\u00edvesen l\u00e1tunk. A verseny ut\u00e1n a megjelent szurkol\u00f3knak, tartal\u00e9kos jelentkez\u0151knek, \u00e9rdekl\u0151d\u0151knek 30 perces j\u00e1t\u00e9kos gyakorl\u00e1st, kipr\u00f3b\u00e1l\u00e1si lehet\u0151s\u00e9get biztos\u00edtunk.<\/p>\n<p style=\"text-align: justify\">K\u00e9rj\u00fck amennyiben felkeltett\u00fck \u00e9rdekl\u0151d\u00e9s\u00e9t verseny\u00fcnk ir\u00e1nt, r\u00e9szv\u00e9teli sz\u00e1nd\u00e9k\u00e1t a kksmtnet@semmelweis.hu e-mail c\u00edmen jelezze, legk\u00e9s\u0151bb febru\u00e1r 9. 12.00 \u00f3r\u00e1ig.<\/p>\n<p style=\"text-align: justify\">A verseny helysz\u00edne a Nagyv\u00e1rad t\u00e9ri Elm\u00e9leti T\u00f6mb 3. sz szemin\u00e1riumi terme (1. emelet).<\/p>\n<p style=\"text-align: justify\">\u00dcdv\u00f6zlettel:<\/p>\n<p style=\"text-align: justify\">K\u00eds\u00e9rletes Kardiol\u00f3giai \u00e9s Seb\u00e9szeti M\u0171t\u00e9ttani Tansz\u00e9k<\/p>\n<hr \/>\n<h5><strong>VII. B\u00e1n\u00f3czy Jol\u00e1n gyakorlati fogorvostanhallgat\u00f3i verseny \u2013 felh\u00edv\u00e1s<\/strong><\/h5>\n<p style=\"text-align: justify\">B\u00e1n\u00f3czy professzor asszony kiemelked\u0151 tudom\u00e1nyos aktivit\u00e1st fejtett ki, \u00e9s nemzetk\u00f6zi elismerts\u00e9get szerzett a precancerosisok vizsg\u00e1lata ter\u00e9n. Ennek tisztelet\u00e9re a verseny elm\u00e9leti r\u00e9szek\u00e9nt id\u00e9n a r\u00e9sztvev\u0151knek az or\u00e1lis medicina t\u00e1rgyk\u00f6r\u00e9be tartoz\u00f3 esetekhez kapcsol\u00f3d\u00f3 k\u00e9rd\u00e9sekre is v\u00e1laszolniuk kell.<\/p>\n<p style=\"text-align: justify\">Ezt k\u00f6vet\u0151en a hallgat\u00f3k fogp\u00f3tl\u00e1stani ismereteiket egy gyakorlati k\u00e9rd\u00e9ssor megv\u00e1laszol\u00e1s\u00e1val, valamint prepar\u00e1ci\u00f3 \u00e9s fogfel\u00e9p\u00edt\u00e9s elv\u00e9gz\u00e9s\u00e9n kereszt\u00fcl mutathatj\u00e1k be. A versenyz\u0151k k\u00e9z\u00fcgyess\u00e9g\u00e9nek \u00f6sszehasonl\u00edt\u00e1s\u00e1ra a fogorvosi felv\u00e9telin\u00e9l haszn\u00e1lt k\u00e9sz\u00fcl\u00e9ket is alkalmazzuk.<\/p>\n<p style=\"text-align: justify\">A r\u00e9sztvev\u0151k a verseny el\u0151tt r\u00f6vid elm\u00e9leti felk\u00e9sz\u00edt\u00e9st kapnak, majd a feladatokat a felk\u00e9sz\u00edt\u0151k demonstr\u00e1lj\u00e1k is, a verseny standardiz\u00e1l\u00e1sa \u00e9s az es\u00e9lyegyenl\u0151s\u00e9g biztos\u00edt\u00e1sa \u00e9rdek\u00e9ben.<\/p>\n<p><strong>Id\u0151pont:\u00a0\u00a0\u00a0\u00a0\u00a0 <\/strong><strong>2026. febru\u00e1r 12. (cs\u00fct\u00f6rt\u00f6k), 17:30\u201319:30<\/strong><\/p>\n<p><strong>Helysz\u00edn:<\/strong><strong> \u00a0\u00a0\u00a0 <\/strong><strong>1088 Budapest, Szentkir\u00e1lyi u. 47.<br \/>\nSemmelweis Egyetem, Fogorvostudom\u00e1nyi Kar<\/strong><br \/>\nOktat\u00e1si Centrum (FOCI) \u2013 f\u00f6ldszint<br \/>\nPropedeutika tanlabor<\/p>\n<h5><strong>Jelentkez\u00e9si felh\u00edv\u00e1s<\/strong><\/h5>\n<p style=\"text-align: justify\">A <strong>2026. \u00e9vi TDK Konferencia<\/strong> keret\u00e9n bel\u00fcl megrendez\u00e9sre ker\u00fcl\u0151 <strong>VII. B\u00e1n\u00f3czy Jol\u00e1n gyakorlati fogorvostanhallgat\u00f3i versenyre <\/strong>\u00a0a szervez\u0151 bizotts\u00e1g v\u00e1rja az \u00e9rdekl\u0151d\u0151 hallgat\u00f3k jelentkez\u00e9s\u00e9t. A megm\u00e9rettet\u00e9sre minden <strong>IV. \u00e9s V. \u00e9ves fogorvostanhallgat\u00f3<\/strong> jelentkezhet, azonban technikai okokb\u00f3l a r\u00e9sztvev\u0151k sz\u00e1ma korl\u00e1tozott.<br \/>\nT\u00faljelentkez\u00e9s eset\u00e9n els\u0151bbs\u00e9get \u00e9lveznek:<\/p>\n<ul>\n<li>az akt\u00edv TDK-hallgat\u00f3k, valamint<\/li>\n<li>a jelentkez\u00e9sek be\u00e9rkez\u00e9si sorrendje.<\/li>\n<\/ul>\n<p><strong>Jelentkez\u00e9s m\u00f3dja: <\/strong>Jelentkezni e-mailben lehet az al\u00e1bbi c\u00edmen:<br \/>\n<a href=\"mailto:czumbel.laszlo@semmelweis.hu\"><strong>czumbel.laszlo@semmelweis.hu<\/strong><\/a><br \/>\n(Dr. Czumbel L\u00e1szl\u00f3 M\u00e1rk)<\/p>\n<p><strong>Jelentkez\u00e9si hat\u00e1rid\u0151:<\/strong><strong> 2026. febru\u00e1r 6. (p\u00e9ntek)<\/strong><\/p>\n<p>A lev\u00e9lben k\u00e9rj\u00fck felt\u00fcntetni:<\/p>\n<ul>\n<li>a hallgat\u00f3 teljes nev\u00e9t,<\/li>\n<li>e-mail c\u00edm\u00e9t,<\/li>\n<li>TDK-munka eset\u00e9n annak c\u00edm\u00e9t,<\/li>\n<li>valamint a t\u00e9mavezet\u0151 nev\u00e9t<\/li>\n<\/ul>\n<p>Sok sikert k\u00edv\u00e1n a Szervez\u0151 Bizotts\u00e1g:<\/p>\n<ul>\n<li><strong> Lohinai Zsolt<\/strong>, egyetemi tan\u00e1r, TDT-tag<br \/>\nHelyre\u00e1ll\u00edt\u00f3 Fog\u00e1szati \u00e9s Endodonciai Klinika<\/li>\n<li><strong> Dob\u00f3-Nagy Csaba<\/strong>, egyetemi tan\u00e1r, TDT-tag<br \/>\nOr\u00e1lis Diagnosztikai Tansz\u00e9k<\/li>\n<li><strong> Czumbel L\u00e1szl\u00f3 M\u00e1rk<\/strong>, rezidens, TDT-tag<br \/>\nParodontol\u00f3giai Klinika<\/li>\n<li><strong> Jo\u00f3s-Kov\u00e1cs Gell\u00e9rt Levente<\/strong>, adjunktus<br \/>\nFogp\u00f3tl\u00e1stani Klinika<\/li>\n<li><strong> Marton Krisztina<\/strong>, egyetemi tan\u00e1r<br \/>\nPropedeutikai Tansz\u00e9k<\/li>\n<\/ul>\n<hr \/>\n<h5><b><span data-contrast=\"auto\">KABAY J\u00c1NOS GY\u00d3GYSZER\u00c9SZTUDOM\u00c1NYI GYAKORLATI VERSENY, 2026<\/span><\/b><span data-ccp-props=\"{}\">\u00a0<\/span><\/h5>\n<p style=\"text-align: justify\"><span data-contrast=\"auto\">A verseny sor\u00e1n a 3 f\u0151s csapatoknak a gy\u00f3gyszer\u00e9sz tudom\u00e1ny\u00a0k\u00fcl\u00f6nb\u00f6z\u0151\u00a0ter\u00fcleteihez\u00a0kapcsol\u00f3d\u00f3, gyakorlati\u00a0jelleg\u0171\u00a0probl\u00e9m\u00e1kat\u00a0kell megoldaniuk. A versenyen\u00a0val\u00f3\u00a0sikeres\u00a0r\u00e9szv\u00e9telhez\u00a0aj\u00e1nlott, hogy a csapatok a\u00a0gy\u00f3gyszer\u00e9sz tudom\u00e1ny\u00a0k\u00fcl\u00f6nb\u00f6z\u0151<\/span><span data-ccp-props=\"{}\">\u00a0<\/span><span data-contrast=\"auto\">ter\u00fcletein\u00a0megfelel\u0151\u00a0felk\u00e9sz\u00fclts\u00e9ggel\u00a0rendelkez\u0151\u00a0tagokb\u00f3l\u00a0\u00e1lljanak.<\/span><span data-ccp-props=\"{}\">\u00a0<\/span><\/p>\n<p style=\"text-align: justify\"><b><span data-contrast=\"auto\">Id\u0151pont:\u00a0<\/span><\/b><i><span data-contrast=\"auto\">2026. febru\u00e1r 13.\u00a0(p\u00e9ntek)\u00a012:30<\/span><\/i><span data-ccp-props=\"{}\">\u00a0<\/span><\/p>\n<p style=\"text-align: justify\"><b><span data-contrast=\"auto\">Helysz\u00edn:\u00a0<\/span><\/b><span data-contrast=\"auto\">Gy\u00f3gyszer\u00e9sz tudom\u00e1nyi\u00a0Kar, H\u0151gyes T\u00f6mb\u00a0laborat\u00f3riumai\u00a0(1092 Budapest, H\u0151gyes Endre utca 7-9.)<\/span><span data-ccp-props=\"{}\">\u00a0<\/span><\/p>\n<p style=\"text-align: justify\"><span data-contrast=\"auto\">Jelentkezni a kari szervez\u0151knek k\u00fcld\u00f6tt email form\u00e1j\u00e1ban lehets\u00e9ges a tabi.tamas@semmelweis.hu c\u00edmre. A r\u00e9szv\u00e9telre csak h\u00e1romtag\u00fa csapatok sz\u00e1m\u00e1ra van lehet\u0151s\u00e9g. A regisztr\u00e1ci\u00f3nak tartalmaznia kell a csapat fant\u00e1zia nevet, a r\u00e9sztvev\u0151 hallgat\u00f3k nev\u00e9t, egyetem\u00e9t, kar\u00e1t, \u00e9vfolyam\u00e1t, annak az Int\u00e9zetnek\/Tansz\u00e9knek\/Klinik\u00e1nak a nevet, ahol TDK munk\u00e1j\u00e1t folytatja, valamint a t\u00e9ma vezet\u0151 nev\u00e9t. A r\u00e9szv\u00e9tel felt\u00e9tele, hogy a hallgat\u00f3 a Semmelweis Egyetem di\u00e1kk\u00f6r\u00e9nek tagja legyen es\/vagy el\u0151ad\u00e1st jelentsen be az egyetemi- vagy nemzetk\u00f6zi TDK konferenci\u00e1ra.<\/span><span data-ccp-props=\"{}\">\u00a0<\/span><\/p>\n<h5><b><span data-contrast=\"auto\">JANOS KABAY PHARMACEUTICAL PRACTICAL COMPETITION, 2026<\/span><\/b><span data-ccp-props=\"{}\">\u00a0<\/span><\/h5>\n<p style=\"text-align: justify\"><span data-contrast=\"auto\">In the competition groups of 3 students should accomplish practical tasks involving various fields of pharmaceutical <\/span><span data-contrast=\"auto\">sciences. For more successful participation in the\u00a0competition,\u00a0it is\u00a0advised to form\u00a0groups by students with\u00a0expertise\u00a0in different<\/span><span data-ccp-props=\"{}\">\u00a0<\/span><span data-contrast=\"auto\">areas of pharmaceutical sciences.<\/span><span data-ccp-props=\"{}\">\u00a0<\/span><\/p>\n<p style=\"text-align: justify\"><b><span data-contrast=\"auto\">Date:\u00a012:30\u00a0<\/span><\/b><i><span data-contrast=\"auto\">13<\/span><\/i><i><span data-contrast=\"auto\">th<\/span><\/i><i><span data-contrast=\"auto\">\u00a0of February (Friday), 2026.<\/span><\/i><span data-ccp-props=\"{}\">\u00a0<\/span><\/p>\n<p style=\"text-align: justify\"><b><span data-contrast=\"auto\">Venue:\u00a0<\/span><\/b><span data-contrast=\"auto\">Faculty of Pharmaceutical Sciences,\u00a0Hogyes\u00a0Building laboratories (7-9\u00a0Hogyes\u00a0Endre str., Budapest 1092)<\/span><span data-ccp-props=\"{}\">\u00a0<\/span><\/p>\n<p style=\"text-align: justify\"><span data-contrast=\"auto\">Registration for the competition is available via e-mail sent to the organizers (tabi.tamas@semmelweis.hu). Registration is\u00a0only open for groups of 3 students.\u00a0Name\u00a0of the\u00a0group, name, university\/faculty, academic year of the students and the\u00a0department and tutor of their scientific work should be given. Only registration of students who are members of the Semmelweis\u00a0University\u2019s Students\u2019 Scientific Association and\/or registered active participants of the\u00a0Semmelweis\u00a0and\/or International\u00a0Scientific Students\u2019 Conference is accepted.<\/span><span data-ccp-props=\"{}\">\u00a0<\/span><\/p>\n<p><span style=\"font-size: 10pt\"><em>Az esem\u00e9ny az RRF-2.1.2-21-2022-00010 A gyakorlati orvosk\u00e9pz\u00e9s fejleszt\u00e9se a Semmelweis Egyetemen c\u00edm\u0171 projektben val\u00f3sul meg, amely a HELYRE\u00c1LL\u00cdT\u00c1SI \u00c9S ELLEN\u00c1LL\u00d3K\u00c9PESS\u00c9GI ESZK\u00d6Z keret\u00e9ben val\u00f3sul meg vissza nem t\u00e9r\u00edtend\u0151 t\u00e1mogat\u00e1sk\u00e9nt, Magyarorsz\u00e1g Korm\u00e1nya megb\u00edz\u00e1s\u00e1b\u00f3l az Eur\u00f3pai Uni\u00f3 t\u00e1mogat\u00e1s\u00e1val.<\/em><\/span><\/p>\n","protected":false},"excerpt":{"rendered":"<p><a href=\"https:\/\/semmelweis.hu\/gazdalkodas-kfi\/projektek\/oei-projektek\/operativ-programok-hazai-es-eus-projektek\/rrf-2-1-2-21-2022-00010-a-gyakorlati-orvoskepzes-fejlesztese-a-semmelweis-egyetemen\/\" target=\"_blank\" rel=\"noopener\"><\/a> Semmelweis Egyetem Tudom\u00e1nyos Di\u00e1kk\u00f6ri Konferencia 2026 Id\u0151pont: 2026. febru\u00e1r 12-13-14 (cs\u00fct\u00f6rt\u00f6k-p\u00e9ntek-szombat) \u00a0 EREDM\u00c9NYEK: Gratul\u00e1lunk minden r\u00e9sztvev\u0151nek! <a href=\"https:\/\/semmelweis.hu\/tdk\/files\/2026\/02\/Tudomanyos-Diakkori-Konferencia-Eredmenyei-2026.pdf\" target=\"_blank\" rel=\"noopener\">Tudom\u00e1nyos Di\u00e1kk\u00f6ri Konferencia Eredm\u00e9nyei 2026.<\/a> <a href=\"https:\/\/semmelweis.hu\/tdk\/files\/2026\/02\/International-Students-Scientific-Conference-Results-2026.pdf\" target=\"_blank\" rel=\"noopener\">Nemzetk\u00f6zi Tudom\u00e1nyos Di\u00e1kk\u00f6ri Konferencia Eredm\u00e9nyei 2026.<\/a> &nbsp; HELYSZ\u00cdNEK: Nagyv\u00e1rad t\u00e9ri Elm\u00e9leti T\u00f6mb &#8211; NET (1089 Budapest, Nagyv\u00e1rad t\u00e9r 4.) \u00e9s Elm\u00e9leti Orvostudom\u00e1nyi K\u00f6zpont &#8211; EOK (1094 Budapest, T\u0171zolt\u00f3 u. 37-47) Program beoszt\u00e1s \u00e9s az absztraktok az al\u00e1bbi linken \u00e9rhet\u0151k el: <a href=\"https:\/\/www.semmelweiskiado.hu\/termek\/2258\/orvoskepzes\/2026-ci-evfolyam-11-444\" target=\"_blank\" rel=\"noopener\">Orvosk\u00e9pz\u00e9s<\/a> JELENTKEZ\u00c9S: LEZ\u00c1RVA Absztrakt bek\u00fcld\u00e9s: LEZ\u00c1RVA &hellip;<\/p>\n","protected":false},"author":101600,"featured_media":0,"parent":1946,"menu_order":0,"comment_status":"closed","ping_status":"closed","template":"","meta":{"_acf_changed":false,"footnotes":""},"categories":[],"tags":[],"class_list":["post-7584","page","type-page","status-publish","hentry"],"acf":[],"publishpress_future_action":{"enabled":false,"date":"1970-01-01 01:00:00","action":"","terms":[],"taxonomy":"","browser_timezone_offset":0},"_links":{"self":[{"href":"https:\/\/semmelweis.hu\/tdk\/wp-json\/wp\/v2\/pages\/7584","targetHints":{"allow":["GET"]}}],"collection":[{"href":"https:\/\/semmelweis.hu\/tdk\/wp-json\/wp\/v2\/pages"}],"about":[{"href":"https:\/\/semmelweis.hu\/tdk\/wp-json\/wp\/v2\/types\/page"}],"author":[{"embeddable":true,"href":"https:\/\/semmelweis.hu\/tdk\/wp-json\/wp\/v2\/users\/101600"}],"replies":[{"embeddable":true,"href":"https:\/\/semmelweis.hu\/tdk\/wp-json\/wp\/v2\/comments?post=7584"}],"version-history":[{"count":15,"href":"https:\/\/semmelweis.hu\/tdk\/wp-json\/wp\/v2\/pages\/7584\/revisions"}],"predecessor-version":[{"id":11988,"href":"https:\/\/semmelweis.hu\/tdk\/wp-json\/wp\/v2\/pages\/7584\/revisions\/11988"}],"up":[{"embeddable":true,"href":"https:\/\/semmelweis.hu\/tdk\/wp-json\/wp\/v2\/pages\/1946"}],"wp:attachment":[{"href":"https:\/\/semmelweis.hu\/tdk\/wp-json\/wp\/v2\/media?parent=7584"}],"wp:term":[{"taxonomy":"category","embeddable":true,"href":"https:\/\/semmelweis.hu\/tdk\/wp-json\/wp\/v2\/categories?post=7584"},{"taxonomy":"post_tag","embeddable":true,"href":"https:\/\/semmelweis.hu\/tdk\/wp-json\/wp\/v2\/tags?post=7584"}],"curies":[{"name":"wp","href":"https:\/\/api.w.org\/{rel}","templated":true}]}}