{"id":7271,"date":"2021-06-15T08:40:34","date_gmt":"2021-06-15T06:40:34","guid":{"rendered":"https:\/\/semmelweis.hu\/tdk\/?page_id=7271"},"modified":"2024-08-15T08:54:55","modified_gmt":"2024-08-15T06:54:55","slug":"department-of-pulmonology-rectors-competition-2021-2022","status":"publish","type":"page","link":"https:\/\/semmelweis.hu\/tdk\/en\/steps-to-pursue-research-as-a-student\/topics-and-supervisors\/department-of-pulmonology-rectors-competition-2021-2022\/","title":{"rendered":"Department of Pulmonology\u00a0Rector&#8217;s competition 2021\/2022"},"content":{"rendered":"<h1>Department of Pulmonology\u00a0Rector&#8217;s competition 2021\/2022<\/h1>\n<table style=\"border-collapse: collapse;width: 100%\">\n<tbody>\n<tr>\n<td style=\"width: 68.4354%\" width=\"516\">\n<h1>Item title<\/h1>\n<\/td>\n<td style=\"width: 31.4286%\" width=\"236\">\n<h1>Consultant<\/h1>\n<\/td>\n<\/tr>\n<tr>\n<td style=\"width: 68.4354%\" width=\"516\">Cellular stress in lung diseases<\/td>\n<td style=\"width: 31.4286%\" width=\"236\">Prof. Dr. Veronika M\u00fcller, DSc<\/td>\n<\/tr>\n<tr>\n<td style=\"width: 68.4354%\" width=\"516\">IPFdiagnostics and therapy<\/td>\n<td style=\"width: 31.4286%\" width=\"236\">Prof. Dr. Veronika M\u00fcller, DSc<\/td>\n<\/tr>\n<tr>\n<td style=\"width: 68.4354%\" width=\"516\">Immunregulation in asthmatic pregnacy<\/td>\n<td style=\"width: 31.4286%\" width=\"236\">Prof. Dr. Lilla Tam\u00e1si, DSc<\/td>\n<\/tr>\n<tr>\n<td style=\"width: 68.4354%\" width=\"516\">Asthma and pregnancy\u00a0<\/td>\n<td style=\"width: 31.4286%\" width=\"236\">Prof. Dr. Lilla Tam\u00e1si, DSc<\/td>\n<\/tr>\n<tr>\n<td style=\"width: 68.4354%\" width=\"516\">Asthma in pregnancy\u00a0<\/td>\n<td style=\"width: 31.4286%\" width=\"236\">Prof. Dr. Gy\u00f6rgy Losonczy, DSc<\/td>\n<\/tr>\n<tr>\n<td style=\"width: 68.4354%\" width=\"516\">The bronchial circulation<\/td>\n<td style=\"width: 31.4286%\" width=\"236\">Dr. habil. G\u00e1bor Horv\u00e1th, PhD<\/td>\n<\/tr>\n<tr>\n<td style=\"width: 68.4354%\" width=\"516\">Inhalation therapy of asthma and COPD<\/td>\n<td style=\"width: 31.4286%\" width=\"236\">Dr. habil. G\u00e1bor Horv\u00e1th, PhD<\/td>\n<\/tr>\n<tr>\n<td style=\"width: 68.4354%\" width=\"516\">Inhalation therapy of asthma and COPD<\/td>\n<td style=\"width: 31.4286%\" width=\"236\">Dr. habil. G\u00e1bor Horv\u00e1th, PhD<\/td>\n<\/tr>\n<tr>\n<td style=\"width: 68.4354%\" width=\"516\">Interstitial lung diseases<\/td>\n<td style=\"width: 31.4286%\" width=\"236\">Dr. Anik\u00f3 Boh\u00e1cs, PhD<\/td>\n<\/tr>\n<tr>\n<td style=\"width: 68.4354%\" width=\"516\">Lung transplantation<\/td>\n<td style=\"width: 31.4286%\" width=\"236\">Dr. Anik\u00f3 Boh\u00e1cs, PhD<\/td>\n<\/tr>\n<tr>\n<td style=\"width: 68.4354%\" width=\"516\">Inhalation treatment of pulmonary diseases<\/td>\n<td style=\"width: 31.4286%\" width=\"236\">Dr. M\u00e1rta Orosz, PhD<\/td>\n<\/tr>\n<tr>\n<td style=\"width: 68.4354%\" width=\"516\">Treatment of bronchial asthma-control of asthma<\/td>\n<td style=\"width: 31.4286%\" width=\"236\">Dr. M\u00e1rta Orosz, PhD<\/td>\n<\/tr>\n<tr>\n<td style=\"width: 68.4354%\" width=\"516\">Measurement of exercise intolerance with new techniques in chronic respiratory diseases<\/td>\n<td style=\"width: 31.4286%\" width=\"236\">Dr. habil. Tam\u00e1s J\u00e1nos Varga, PhD<\/td>\n<\/tr>\n<tr>\n<td style=\"width: 68.4354%\" width=\"516\">The effect of dynamic hyperinflation on circulation in COPD<\/td>\n<td style=\"width: 31.4286%\" width=\"236\">Dr. habil. Tam\u00e1s J\u00e1nos Varga, PhD<\/td>\n<\/tr>\n<tr>\n<td style=\"width: 68.4354%\" width=\"516\">The effectivity of perioperative rehabilitation in lung cancer<\/td>\n<td style=\"width: 31.4286%\" width=\"236\">Dr. habil. Tam\u00e1s J\u00e1nos Varga, PhD<\/td>\n<\/tr>\n<tr>\n<td style=\"width: 68.4354%\" width=\"516\">Comparison between the effectivity of different training modality in COPD<\/td>\n<td style=\"width: 31.4286%\" width=\"236\">Dr. habil. Tam\u00e1s J\u00e1nos Varga, PhD<\/td>\n<\/tr>\n<tr>\n<td style=\"width: 68.4354%\" width=\"516\">Measurement of tissue oxygenation at rest and during exercise<\/td>\n<td style=\"width: 31.4286%\" width=\"236\">Dr. habil. Tam\u00e1s J\u00e1nos Varga, PhD<\/td>\n<\/tr>\n<tr>\n<td style=\"width: 68.4354%\" width=\"516\">Rehabilitation in COVID<\/td>\n<td style=\"width: 31.4286%\" width=\"236\">Dr. habil. Tam\u00e1s J\u00e1nos Varga, PhD<\/td>\n<\/tr>\n<tr>\n<td style=\"width: 68.4354%\" width=\"516\">The change of pulmonary circulation, dynamics of pulmonary pressure during exercise<\/td>\n<td style=\"width: 31.4286%\" width=\"236\">Dr. habil. Tam\u00e1s J\u00e1nos Varga, PhD<\/td>\n<\/tr>\n<tr>\n<td style=\"width: 68.4354%\" width=\"516\">Ethical issues of cadaver organ donation: who is dead?<\/td>\n<td style=\"width: 31.4286%\" width=\"236\">Dr. Zolt\u00e1n S\u00fctt\u0151, PhD<\/td>\n<\/tr>\n<tr>\n<td style=\"width: 68.4354%\" width=\"516\">Significance of low molecular weight hyaluronan and its impact in idiopathic pulmonary arterial hypertension in patients with systemic sclerosis with and without pulmonary arterial hypertension and in patients with idiopathic pulmonary fibrosis<\/td>\n<td style=\"width: 31.4286%\" width=\"236\">Dr. Krist\u00f3f Karl\u00f3cai<\/td>\n<\/tr>\n<tr>\n<td style=\"width: 68.4354%\" width=\"516\">Phenotypes of COPD exacerbation<\/td>\n<td style=\"width: 31.4286%\" width=\"236\">Dr. Zs\u00f3fia L\u00e1z\u00e1r, PhD<\/td>\n<\/tr>\n<tr>\n<td style=\"width: 68.4354%\" width=\"516\">Prediktive biomarkers of COPD exacerbation<\/td>\n<td style=\"width: 31.4286%\" width=\"236\">Dr. Zs\u00f3fia L\u00e1z\u00e1r, PhD<\/td>\n<\/tr>\n<tr>\n<td style=\"width: 68.4354%\" width=\"516\">Assessment of airway and systemic inflammation in COPD<\/td>\n<td style=\"width: 31.4286%\" width=\"236\">Dr. Zs\u00f3fia L\u00e1z\u00e1r, PhD<\/td>\n<\/tr>\n<\/tbody>\n<\/table>\n","protected":false},"excerpt":{"rendered":"<p>Department of Pulmonology\u00a0Rector&#8217;s competition 2021\/2022 Item title Consultant Cellular stress in lung diseases Prof. Dr. Veronika M\u00fcller, DSc IPFdiagnostics and therapy Prof. Dr. Veronika M\u00fcller, DSc Immunregulation in asthmatic pregnacy Prof. Dr. Lilla Tam\u00e1si, DSc Asthma and pregnancy\u00a0 Prof. Dr. Lilla Tam\u00e1si, DSc Asthma in pregnancy\u00a0 Prof. Dr. Gy\u00f6rgy Losonczy, DSc The bronchial circulation Dr. &hellip;<\/p>\n","protected":false},"author":101596,"featured_media":0,"parent":4996,"menu_order":0,"comment_status":"closed","ping_status":"closed","template":"","meta":{"_acf_changed":false,"footnotes":""},"categories":[],"tags":[],"class_list":["post-7271","page","type-page","status-publish","hentry"],"acf":[],"publishpress_future_action":{"enabled":false,"date":"1970-01-01 01:00:00","action":"","terms":[],"taxonomy":"","browser_timezone_offset":0},"_links":{"self":[{"href":"https:\/\/semmelweis.hu\/tdk\/wp-json\/wp\/v2\/pages\/7271","targetHints":{"allow":["GET"]}}],"collection":[{"href":"https:\/\/semmelweis.hu\/tdk\/wp-json\/wp\/v2\/pages"}],"about":[{"href":"https:\/\/semmelweis.hu\/tdk\/wp-json\/wp\/v2\/types\/page"}],"author":[{"embeddable":true,"href":"https:\/\/semmelweis.hu\/tdk\/wp-json\/wp\/v2\/users\/101596"}],"replies":[{"embeddable":true,"href":"https:\/\/semmelweis.hu\/tdk\/wp-json\/wp\/v2\/comments?post=7271"}],"version-history":[{"count":1,"href":"https:\/\/semmelweis.hu\/tdk\/wp-json\/wp\/v2\/pages\/7271\/revisions"}],"predecessor-version":[{"id":7272,"href":"https:\/\/semmelweis.hu\/tdk\/wp-json\/wp\/v2\/pages\/7271\/revisions\/7272"}],"up":[{"embeddable":true,"href":"https:\/\/semmelweis.hu\/tdk\/wp-json\/wp\/v2\/pages\/4996"}],"wp:attachment":[{"href":"https:\/\/semmelweis.hu\/tdk\/wp-json\/wp\/v2\/media?parent=7271"}],"wp:term":[{"taxonomy":"category","embeddable":true,"href":"https:\/\/semmelweis.hu\/tdk\/wp-json\/wp\/v2\/categories?post=7271"},{"taxonomy":"post_tag","embeddable":true,"href":"https:\/\/semmelweis.hu\/tdk\/wp-json\/wp\/v2\/tags?post=7271"}],"curies":[{"name":"wp","href":"https:\/\/api.w.org\/{rel}","templated":true}]}}