{"id":6338,"date":"2020-11-02T10:25:11","date_gmt":"2020-11-02T09:25:11","guid":{"rendered":"https:\/\/semmelweis.hu\/tdk\/?page_id=6338"},"modified":"2024-06-26T08:37:07","modified_gmt":"2024-06-26T06:37:07","slug":"tdk-konferencia-2021","status":"publish","type":"page","link":"https:\/\/semmelweis.hu\/tdk\/tudomanyos-diakkori-konferenciak\/eves-tdk-konferencia\/egyetemi-tdk-konferenciak-eves-bontasban\/tdk-konferencia-2021\/","title":{"rendered":"TDK Konferencia 2021"},"content":{"rendered":"<h4 style=\"text-align: center;\"><strong>Semmelweis Egyetem Tudom\u00e1nyos Di\u00e1kk\u00f6ri Konferencia<br \/>\n<\/strong><strong>2021<\/strong><\/h4>\n<p><strong>A SE Tudom\u00e1nyos Di\u00e1kk\u00f6ri Konferenci\u00e1n az idei \u00e9vben el\u0151sz\u00f6r az <\/strong><strong>Innov\u00e1ci\u00f3s K\u00f6zpont javaslat\u00e1ra a szabadalomhoz k\u00f6thet\u0151 kutat\u00e1sok <\/strong><strong>el\u0151ad\u00e1sai z\u00e1rt k\u00f6rben ker\u00fclnek bemutat\u00e1sra. <\/strong><strong>A titkos\u00edtott el\u0151ad\u00e1sok az adott szekci\u00f3 v\u00e9g\u00e9n ker\u00fclnek megtart\u00e1sra, melyen <\/strong><strong>kiz\u00e1r\u00f3lag a szekci\u00f3 el\u0151ad\u00f3i, a titkos\u00edtott el\u0151ad\u00e1s t\u00e9mavezet\u0151je \u00e9s a\u00a0<\/strong><strong>zs\u0171ritagok vehetnek r\u00e9szt.<\/strong><\/p>\n<p><strong>A szekci\u00f3 t\u00f6bbi el\u0151ad\u00e1sa szabadon l\u00e1togathat\u00f3<\/strong><\/p>\n<p><strong>Meg\u00e9rt\u00e9s\u00fcket \u00e9s egy\u00fcttm\u0171k\u00f6d\u00e9s\u00fcket k\u00f6sz\u00f6n\u00f6m.<\/strong><\/p>\n<p><strong>Prof. Dr. Szij\u00e1rt\u00f3 Attila<\/strong><br \/>\n<strong>a TDT eln\u00f6ke<\/strong><\/p>\n<h4 style=\"text-align: center;\"><strong>A Tudom\u00e1nyos Di\u00e1kk\u00f6ri Konferencia 2021. Febru\u00e1r 10-12. <\/strong>k\u00f6z\u00f6tt ker\u00fcl megrendez\u00e9sre a <strong>Nagyv\u00e1rad t\u00e9ri Elm\u00e9leti T\u00f6mbben.<\/strong><strong>\u00a0<\/strong><\/h4>\n<p><strong>A jelentkez\u00e9s felt\u00e9telei<\/strong><\/p>\n<ul>\n<li>a hallgat\u00f3 a Semmelweis Egyetem Tudom\u00e1nyos Di\u00e1kk\u00f6r\u00e9nek tagja, \u00e9s TDK-tags\u00e1g\u00e1t a kutat\u00f3hely a Tudom\u00e1nyos Di\u00e1kk\u00f6ri Tan\u00e1csnak bejelentette<\/li>\n<li>az els\u0151 szerz\u0151 az adott kutat\u00f3helyen legal\u00e1bb k\u00e9t szemeszteren \u00e1t folyamatosan regisztr\u00e1lt di\u00e1kk\u00f6r\u00f6s, kiv\u00e9ve az idegennyelv\u0171, valamint az osztott k\u00e9pz\u00e9sben r\u00e9sztvev\u0151 hallgat\u00f3kat<\/li>\n<li>a bejelentett el\u0151ad\u00e1soknak legfeljebb k\u00e9t szerz\u0151je \u00e9s k\u00e9t t\u00e9mavezet\u0151je lehet<\/li>\n<li>egy hallgat\u00f3 ugyanarr\u00f3l a kutat\u00f3helyr\u0151l csak egy el\u0151ad\u00e1snak lehet els\u0151 szerz\u0151je<\/li>\n<li>PhD hallgat\u00f3 nem lehet szerz\u0151 vagy szerz\u0151t\u00e1rs a TDK-el\u0151ad\u00e1sban<\/li>\n<li>a konferenci\u00e1n csak az tarthat el\u0151ad\u00e1st, aki a konferencia f\u00e9l\u00e9v\u00e9ben felvette a Neptun rendszerben a TDK munka t\u00e1rgyat<\/li>\n<\/ul>\n<p><strong>Absztrakt k\u00f6vetelm\u00e9nyei<\/strong><\/p>\n<ul>\n<li>az absztraktnak tartalmaznia kell a felhaszn\u00e1lt m\u00f3dszerek \u00e9s a kapott adatok r\u00e9szletes le\u00edr\u00e1s\u00e1t, hossza maximum 2400 karakter lehet<\/li>\n<li>az absztrakt fel\u00e9p\u00edt\u00e9se: bevezet\u00e9s, c\u00e9lkit\u0171z\u00e9s, m\u00f3dszer, eredm\u00e9nyek, k\u00f6vetkeztet\u00e9sek<\/li>\n<li>javasoljuk az el\u0151\u00edrt karaktersz\u00e1mon bel\u00fcl sz\u00e1mszer\u0171s\u00edtett k\u00f6vetkeztet\u00e9sek levon\u00e1s\u00e1t<\/li>\n<li>esetismertet\u00e9s nem fogadhat\u00f3 el.<\/li>\n<li>kor\u00e1bbi \u00e9vekben el\u0151adott, tartalmilag azonos el\u0151ad\u00e1s nem adhat\u00f3 be.<\/li>\n<\/ul>\n<p><strong>A konferencia nyelve<\/strong><\/p>\n<ul>\n<li>magyar<\/li>\n<li>angol<strong>*<\/strong><\/li>\n<\/ul>\n<p>\u00d6n\u00e1ll\u00f3 idegennyelv\u0171 szekci\u00f3kat megfelel\u0151 sz\u00e1m\u00fa el\u0151ad\u00e1s eset\u00e9n tudunk szervezni.<br \/>\n<strong>*<\/strong>T\u00f6bbek k\u00e9r\u00e9s\u00e9nek eleget t\u00e9ve magyar anyanyelv\u0171ek is adhatnak el\u0151 angolul a konferenci\u00e1n.<\/p>\n<p><strong>Az el\u0151ad\u00e1sok ideje 10 perc, amelyet 5 perc vita k\u00f6vet.<\/strong><\/p>\n<p>A konferenci\u00e1n projektor haszn\u00e1lat\u00e1ra van lehet\u0151s\u00e9g.<\/p>\n<p>A be\u00e9rkezett \u00f6sszefoglal\u00f3k a TDT eln\u00f6k\u00e9nek vezet\u00e9se alatt \u00e1ll\u00f3 szakmai bizotts\u00e1g el\u0151zetes b\u00edr\u00e1lat\u00e1n esnek \u00e1t. Akik munk\u00e1j\u00e1t az \u00f6sszefoglal\u00f3ja alapj\u00e1n a szakmai bizotts\u00e1g bemutat\u00e1sra nem fogadta el, \u00e9rtes\u00edt\u00e9st k\u00fcld\u00fcnk.<\/p>\n<p>Az idei \u00e9vt\u0151l a Semmelweis Egyetem Innov\u00e1ci\u00f3s Igazgat\u00f3s\u00e1ga a be\u00e9rkezett el\u0151ad\u00e1skivonatokat iparjogv\u00e9delmi vizsg\u00e1latnak veti al\u00e1. Az \u00e9rintett el\u0151ad\u00f3k szem\u00e9lyre szabott, r\u00e9szletes t\u00e1j\u00e9koztat\u00e1st kapnak a potenci\u00e1lisan iparilag hasznos\u00edthat\u00f3 projektekr\u0151l. Az alapfogalmakr\u00f3l b\u0151vebb inform\u00e1ci\u00f3 az al\u00e1bbi honlapon \u00e9rhet\u0151 el: <a href=\"https:\/\/semmelweis.hu\/innovacio\/technologia-transzfer\/szabadalmazhatosag\/\">https:\/\/semmelweis.hu\/innovacio\/technologia-transzfer\/szabadalmazhatosag\/<\/a><\/p>\n<p>&nbsp;<\/p>\n<h2>R\u00e9szletes program \u00e9s el\u0151ad\u00e1skivonatok 2021<\/h2>\n<p style=\"text-align: left;\">Tudom\u00e1nyos Di\u00e1kk\u00f6ri Konferencia 2021.\u00a0<\/p>\n<p style=\"text-align: left;\"><a href=\"https:\/\/semmelweis.hu\/tdk\/files\/2021\/02\/2021_Orvosk\u00e9pz\u00e9s.pdf\">R\u00c9SZLETES PROGRAM \u00c9S EL\u0150AD\u00c1SKIVONATOK<\/a><\/p>\n<h2>Szekci\u00f3k bizotts\u00e1gai<\/h2>\n<p style=\"text-align: left;\"><strong>Semmelweis Tudom\u00e1nyos Di\u00e1kk\u00f6ri Konferencia bizotts\u00e1gai 2021.<\/strong><\/p>\n<table>\n<tbody>\n<tr>\n<td width=\"249\"><strong>Biofizika<\/strong><\/td>\n<td width=\"249\">\u00a0<\/td>\n<td width=\"249\">\u00a0<\/td>\n<td width=\"249\">\u00a0<\/td>\n<\/tr>\n<tr>\n<td>Eln\u00f6k<\/td>\n<td>Dr. M\u00e1tyus L\u00e1szl\u00f3<\/td>\n<td>egyetemi tan\u00e1r<\/td>\n<td width=\"249\">DE, Biofozikai \u00e9s sejtbiol\u00f3giai Int\u00e9zet<\/td>\n<\/tr>\n<tr>\n<td>Tag\u00a0<\/td>\n<td>Dr. Kellermayer Mikl\u00f3s S\u00e1ndor Zolt\u00e1n<\/td>\n<td width=\"249\">egyetemi tan\u00e1r<\/td>\n<td width=\"249\">SE, Biofizikai \u00e9s Sug\u00e1rbiol\u00f3giai Int\u00e9zet<\/td>\n<\/tr>\n<tr>\n<td>Tag\u00a0<\/td>\n<td>Dr. Heged\u0171s Tam\u00e1s<\/td>\n<td>tudom\u00e1nyos f\u0151munkat\u00e1rs<\/td>\n<td width=\"249\">SE, Biofizikai \u00e9s Sug\u00e1rbiol\u00f3giai Int\u00e9zet<\/td>\n<\/tr>\n<tr>\n<td>Tag\u00a0<\/td>\n<td>Dr. Her\u00e9nyi Levente<\/td>\n<td>egyetemi docens<\/td>\n<td width=\"249\">SE, Biofizikai \u00e9s Sug\u00e1rbiol\u00f3giai Int\u00e9zet<\/td>\n<\/tr>\n<tr>\n<td>Tag\u00a0<\/td>\n<td>Dr. Voszka Istv\u00e1n<\/td>\n<td>egyetemi docens<\/td>\n<td width=\"249\">SE, Biofizikai \u00e9s Sug\u00e1rbiol\u00f3giai Int\u00e9zet<\/td>\n<\/tr>\n<tr>\n<td width=\"249\"><strong>Bioinformatika<\/strong><\/td>\n<td>&nbsp;<\/td>\n<td>&nbsp;<\/td>\n<td width=\"249\">\u00a0<\/td>\n<\/tr>\n<tr>\n<td>Eln\u00f6k<\/td>\n<td>Dr. Csirik J\u00e1nos<\/td>\n<td>egyetemi tan\u00e1r<\/td>\n<td width=\"249\">SZTE, TTIK, Informatikai Int\u00e9zet<\/td>\n<\/tr>\n<tr>\n<td>Tag\u00a0<\/td>\n<td width=\"249\">Dr. Tusn\u00e1dy G\u00e1bor<\/td>\n<td>kutat\u00f3csoport-vezet\u0151<\/td>\n<td width=\"249\">ELTE, TTK, Enzimol\u00f3giai Int\u00e9zet<\/td>\n<\/tr>\n<tr>\n<td>Tag\u00a0<\/td>\n<td>Dr. Dinya Elek<\/td>\n<td>ny. egyetemi tan\u00e1r<\/td>\n<td width=\"249\">SE, Digit\u00e1lis Eg\u00e9szs\u00e9gtudom\u00e1nyi Int\u00e9zet<\/td>\n<\/tr>\n<tr>\n<td>Tag\u00a0<\/td>\n<td>Dr. Osv\u00e1th Szabolcs<\/td>\n<td>tudom\u00e1nyos f\u0151munkat\u00e1rs<\/td>\n<td width=\"249\">SE Biofizikai \u00e9s Sug\u00e1rbiol\u00f3giai Int\u00e9zet<\/td>\n<\/tr>\n<tr>\n<td>Tag\u00a0<\/td>\n<td>Dr. Menyhart Ot\u00edlia<\/td>\n<td>adjunktus<\/td>\n<td width=\"249\">SE, Bioinformatika Tansz\u00e9k<\/td>\n<\/tr>\n<tr>\n<td width=\"249\"><strong>Biok\u00e9mia, laborat\u00f3riumi diagnosztika<\/strong><\/td>\n<td>&nbsp;<\/td>\n<td>&nbsp;<\/td>\n<td width=\"249\">\u00a0<\/td>\n<\/tr>\n<tr>\n<td>Eln\u00f6k<\/td>\n<td>Dr. Erd\u0151di Ferenc\u00a0<\/td>\n<td>egyetemi tan\u00e1r<\/td>\n<td width=\"249\">Debreceni Egyetem \u00c1ltal\u00e1nos Orvostudom\u00e1nyi Kar<\/td>\n<\/tr>\n<tr>\n<td>Tag\u00a0<\/td>\n<td>Dr. Feh\u00e9r Adrienne<\/td>\n<td>szakorvos<\/td>\n<td width=\"249\">SE Laborat\u00f3riumi Medicina Int\u00e9zet<\/td>\n<\/tr>\n<tr>\n<td>Tag\u00a0<\/td>\n<td>Dr. M\u00e9sz\u00e1ros Tam\u00e1s<\/td>\n<td>egyetemi docens<\/td>\n<td width=\"249\">SE Molekul\u00e1ris Biol\u00f3giai Tansz\u00e9k<\/td>\n<\/tr>\n<tr>\n<td>Tag\u00a0<\/td>\n<td>Dr. K\u00f6k\u00e9ny G\u00e1bor<\/td>\n<td>egyetemi docens<\/td>\n<td width=\"249\">SE Transzl\u00e1ci\u00f3s Medicina Int\u00e9zet<\/td>\n<\/tr>\n<tr>\n<td>Tag\u00a0<\/td>\n<td>Dr. Ravasz D\u00f3ra<\/td>\n<td>tan\u00e1rseg\u00e9d<\/td>\n<td width=\"249\">SE, Biok\u00e9mia Tansz\u00e9k<\/td>\n<\/tr>\n<tr>\n<td width=\"249\"><strong>\u00c9lettan, k\u00f3r\u00e9lettan A<\/strong><\/td>\n<td>&nbsp;<\/td>\n<td>&nbsp;<\/td>\n<td width=\"249\">\u00a0<\/td>\n<\/tr>\n<tr>\n<td>Eln\u00f6k<\/td>\n<td>Dr. \u00c1brah\u00e1m Istv\u00e1n<\/td>\n<td>egyetemi tan\u00e1r<\/td>\n<td width=\"249\">PTE, \u00c9lettani nt\u00e9zet<\/td>\n<\/tr>\n<tr>\n<td>Tag\u00a0<\/td>\n<td>Dr. Tordai Attila<\/td>\n<td width=\"249\">int\u00e9zetigazgat\u00f3, egyetemi tan\u00e1r<\/td>\n<td width=\"249\">SE, Transzl\u00e1ci\u00f3s Medicina R\u00e9szleg<\/td>\n<\/tr>\n<tr>\n<td>Tag\u00a0<\/td>\n<td>Dr. Hamar P\u00e9ter<\/td>\n<td width=\"249\">egyetemi docens<\/td>\n<td width=\"249\">SE, Transzl\u00e1ci\u00f3s Medicina R\u00e9szleg<\/td>\n<\/tr>\n<tr>\n<td>Tag\u00a0<\/td>\n<td>Dr. V\u00e1rnai P\u00e9ter<\/td>\n<td width=\"249\">egyetemi tan\u00e1r<\/td>\n<td width=\"249\">SE, \u00c9lettani Int\u00e9zet<\/td>\n<\/tr>\n<tr>\n<td>Tag\u00a0<\/td>\n<td>Dr. Sirokm\u00e1ny G\u00e1bor<\/td>\n<td width=\"249\">egyetemi adjunktus<\/td>\n<td width=\"249\">SE, \u00c9lettani Int\u00e9zet<\/td>\n<\/tr>\n<tr>\n<td width=\"249\"><strong>\u00c9lettan, k\u00f3r\u00e9lettan B<\/strong><\/td>\n<td>&nbsp;<\/td>\n<td>&nbsp;<\/td>\n<td width=\"249\">\u00a0<\/td>\n<\/tr>\n<tr>\n<td>Eln\u00f6k<\/td>\n<td>Dr. Bartha Tibor<\/td>\n<td width=\"249\">egyetemi tan\u00e1r<\/td>\n<td width=\"249\">SZIE, AOTK, \u00c9lettani \u00e9s Biok\u00e9miai Tansz\u00e9k<\/td>\n<\/tr>\n<tr>\n<td>Tag\u00a0<\/td>\n<td>Dr. Jakus Zolt\u00e1n<\/td>\n<td width=\"249\">egyetemi docens<\/td>\n<td width=\"249\">SE, \u00c9lettani Int\u00e9zet<\/td>\n<\/tr>\n<tr>\n<td>Tag\u00a0<\/td>\n<td>Dr. Zsembery \u00c1kos<\/td>\n<td width=\"249\">egyetemi docens<\/td>\n<td width=\"249\">SE, Transzl\u00e1ci\u00f3s Medicina Int\u00e9zet<\/td>\n<\/tr>\n<tr>\n<td>Tag<\/td>\n<td>Dr. V\u00e1s\u00e1rhelyi Barna\u00a0<\/td>\n<td width=\"249\">egyetemi tan\u00e1r<\/td>\n<td width=\"249\">SE, Laborat\u00f3riumi Medicina Int\u00e9zet<\/td>\n<\/tr>\n<tr>\n<td>Tag\u00a0<\/td>\n<td>Dr. Geiszt Mikl\u00f3s<\/td>\n<td width=\"249\">egyetemi tan\u00e1r<\/td>\n<td width=\"249\">SE, \u00c9lettani Int\u00e9zet<\/td>\n<\/tr>\n<tr>\n<td width=\"249\"><strong>Genetika, molekul\u00e1ris biol\u00f3gia<\/strong><\/td>\n<td>&nbsp;<\/td>\n<td>&nbsp;<\/td>\n<td width=\"249\">\u00a0<\/td>\n<\/tr>\n<tr>\n<td>Eln\u00f6k<\/td>\n<td>Dr. Balogh Istv\u00e1n<\/td>\n<td>egyetemi docens<\/td>\n<td width=\"249\">DE KK Laborat\u00f3riumi Medicina Int\u00e9zet, Klinikai Genetika Tansz\u00e9k<\/td>\n<\/tr>\n<tr>\n<td>Tag\u00a0<\/td>\n<td>Dr. Hegyesi Hargita<\/td>\n<td>egyetemi docens<\/td>\n<td width=\"249\">SE, Genetikai, Sejt- \u00e9s Immunbiol\u00f3giai Int\u00e9zet<\/td>\n<\/tr>\n<tr>\n<td>Tag\u00a0<\/td>\n<td>Dr. Grosz Zolt\u00e1n<\/td>\n<td>f\u0151orvos\u00a0<\/td>\n<td width=\"249\">SE, Genomikai Medicina \u00e9s Ritka Betegs\u00e9gek Int\u00e9zete<\/td>\n<\/tr>\n<tr>\n<td>Tag\u00a0<\/td>\n<td>F\u00e9ln\u00e9 Dr. Semsei \u00c1gnes<\/td>\n<td width=\"249\">egyetemi adjunktus<\/td>\n<td width=\"249\">SE, Genetikai, Sejt- \u00e9s Immunbiol\u00f3giai Int\u00e9zet<\/td>\n<\/tr>\n<tr>\n<td>Tag\u00a0<\/td>\n<td>Dr. P\u00e1l\u00f3czi Krisztina<\/td>\n<td>tansz\u00e9ki m\u00e9rn\u00f6k<\/td>\n<td width=\"249\">SE, Genetikai, Sejt- \u00e9s Immunbiol\u00f3giai Int\u00e9zet<\/td>\n<\/tr>\n<tr>\n<td width=\"249\"><strong>Sejtbiol\u00f3gia, sejt\u00e9lettan<\/strong><\/td>\n<td>&nbsp;<\/td>\n<td>&nbsp;<\/td>\n<td width=\"249\">\u00a0<\/td>\n<\/tr>\n<tr>\n<td>Eln\u00f6k<\/td>\n<td>Dr. Ifj. Rakonczay Zolt\u00e1n<\/td>\n<td>egyetemi tan\u00e1r<\/td>\n<td width=\"249\">Szegedei Tudom\u00e1nyegyetem<\/td>\n<\/tr>\n<tr>\n<td>Tag<\/td>\n<td>Dr. Visnovitz Tam\u00e1s<\/td>\n<td>tudom\u00e1nyos mukat\u00e1rs<\/td>\n<td width=\"249\">SE, Genetikai, Sejt- \u00e9s Immunbiol\u00f3giai Int\u00e9zet<\/td>\n<\/tr>\n<tr>\n<td>Tag\u00a0<\/td>\n<td>Dr. L\u00e1ng Orsolya<\/td>\n<td>egyetemi docens<\/td>\n<td width=\"249\">SE, Genetikai, Sejt- \u00e9s Immunbiol\u00f3giai Int\u00e9zet<\/td>\n<\/tr>\n<tr>\n<td>Tag\u00a0<\/td>\n<td>Dr. Csala Mikl\u00f3s<\/td>\n<td>egyetemi tan\u00e1r<\/td>\n<td width=\"249\">SE, Molekul\u00e1ris Biol\u00f3giai Tansz\u00e9k<\/td>\n<\/tr>\n<tr>\n<td>Tag\u00a0<\/td>\n<td>Dr. Buday L\u00e1szl\u00f3<\/td>\n<td>egyetemi tan\u00e1r<\/td>\n<td width=\"249\">SE, Molekul\u00e1ris Biol\u00f3giai Tansz\u00e9k<\/td>\n<\/tr>\n<tr>\n<td width=\"249\"><strong>Fogorvostudom\u00e1nyok A<\/strong><\/td>\n<td>&nbsp;<\/td>\n<td>&nbsp;<\/td>\n<td width=\"249\">\u00a0<\/td>\n<\/tr>\n<tr>\n<td>Eln\u00f6k<\/td>\n<td>Dr. Szab\u00f3 \u00c1rp\u00e1d<\/td>\n<td>egyetemi adjunktus<\/td>\n<td width=\"249\">P\u00e9csi Tudom\u00e1nyegyetem<\/td>\n<\/tr>\n<tr>\n<td>Tag\u00a0<\/td>\n<td>Dr. Ka\u00e1n Mikl\u00f3s<\/td>\n<td>egyetemi docens<\/td>\n<td width=\"249\">SE, Gyermekfog\u00e1szati \u00e9s Fogszab\u00e1lyoz\u00e1si Klinika<\/td>\n<\/tr>\n<tr>\n<td>Tag\u00a0<\/td>\n<td>Dr. Kivovics M\u00e1rton<\/td>\n<td>egyetemi adjunktus<\/td>\n<td width=\"249\">SE, Fog\u00e1szati \u00e9s Sz\u00e1jseb\u00e9szeti Oktat\u00f3 Int\u00e9zet<\/td>\n<\/tr>\n<tr>\n<td>Tag\u00a0<\/td>\n<td>Dr. Sz\u0171cs Attila<\/td>\n<td>egyetemi docens<\/td>\n<td width=\"249\">SE, Arc- \u00c1llcsont- Sz\u00e1jseb\u00e9szeti \u00e9s Fog\u00e1szati\u00a0<\/td>\n<\/tr>\n<tr>\n<td>Tag\u00a0<\/td>\n<td>Dr. Dobai Adrienn<\/td>\n<td>szakorvos<\/td>\n<td width=\"249\">SE, Neuroradiol\u00f3gia Tansz\u00e9k<\/td>\n<\/tr>\n<tr>\n<td width=\"249\"><strong>Fogorvostudom\u00e1nyok B<\/strong><\/td>\n<td>&nbsp;<\/td>\n<td>&nbsp;<\/td>\n<td width=\"249\">\u00a0<\/td>\n<\/tr>\n<tr>\n<td>Eln\u00f6k<\/td>\n<td>Dr. Heged\u0171s Csaba<\/td>\n<td>egyetemi tan\u00e1r<\/td>\n<td width=\"249\">Debreceni Egyetem<\/td>\n<\/tr>\n<tr>\n<td>Tag\u00a0<\/td>\n<td>Dr. Hermann P\u00e9ter<\/td>\n<td>egyetemi tan\u00e1r<\/td>\n<td width=\"249\">SE, Fogp\u00f3tl\u00e1stani Klinika<\/td>\n<\/tr>\n<tr>\n<td>Tag\u00a0<\/td>\n<td>Dr. Lohinai Zsolt<\/td>\n<td>egyetemi docens<\/td>\n<td width=\"249\">SE, Konzerv\u00e1l\u00f3 Fog\u00e1szati Klinika<\/td>\n<\/tr>\n<tr>\n<td>Tag\u00a0<\/td>\n<td>Dr. Ker\u00e9mi Be\u00e1ta<\/td>\n<td>egyetemi docens<\/td>\n<td width=\"249\">SE, Or\u00e1lbiol\u00f3giai Tansz\u00e9k<\/td>\n<\/tr>\n<tr>\n<td>Tag\u00a0<\/td>\n<td>Dr. Horv\u00e1th Attila<\/td>\n<td>egyetemi adjunktus<\/td>\n<td width=\"249\">SE, Parodontol\u00f3giai Klinika<\/td>\n<\/tr>\n<tr>\n<td><strong>Gy\u00f3gyszer\u00e9sztudom\u00e1nyok A<\/strong><\/td>\n<td>&nbsp;<\/td>\n<td>&nbsp;<\/td>\n<td width=\"249\">\u00a0<\/td>\n<\/tr>\n<tr>\n<td>Eln\u00f6k<\/td>\n<td width=\"249\">Dr. Sz\u00e1ntay Csaba<\/td>\n<td width=\"249\">egyetemi mag\u00e1ntan\u00e1r<\/td>\n<td width=\"249\">Richter Gedeon NyRT.<\/td>\n<\/tr>\n<tr>\n<td>Tag\u00a0<\/td>\n<td width=\"249\">Dr. T\u00f3th Gerg\u0151<\/td>\n<td>egyetemi adjunktus<\/td>\n<td width=\"249\">SE, Gy\u00f3gyszer\u00e9szi K\u00e9miai Int\u00e9zet<\/td>\n<\/tr>\n<tr>\n<td>Tag\u00a0<\/td>\n<td width=\"249\">Dr. Juriga D\u00e1vid<\/td>\n<td width=\"249\">egyetemi tan\u00e1rseg\u00e9d<\/td>\n<td width=\"249\">SE \u00c1OK Biofizikai \u00e9s Sug\u00e1rbiol\u00f3giai Int\u00e9zet<\/td>\n<\/tr>\n<tr>\n<td>Tag\u00a0<\/td>\n<td width=\"249\">Dr. Deme Ruth<\/td>\n<td width=\"249\">egyetemi tan\u00e1rseg\u00e9d<\/td>\n<td width=\"249\">SE GYTK Szerves Vegytani Int\u00e9zet<\/td>\n<\/tr>\n<tr>\n<td>Tag\u00a0<\/td>\n<td width=\"249\">Dr. Tapolcs\u00e1nyi P\u00e1l<\/td>\n<td>egyetemi adjunktus<\/td>\n<td width=\"249\">Richter Gedeon NyRT.<\/td>\n<\/tr>\n<tr>\n<td width=\"249\"><strong>Gy\u00f3gyszertudom\u00e1nyok B<\/strong><\/td>\n<td>&nbsp;<\/td>\n<td>&nbsp;<\/td>\n<td width=\"249\">\u00a0<\/td>\n<\/tr>\n<tr>\n<td>Eln\u00f6k<\/td>\n<td width=\"249\">Dr. Marosi Gy\u00f6rgy<\/td>\n<td>egyetemi tan\u00e1r<\/td>\n<td width=\"249\">BME, VBK, Szerves K\u00e9mia \u00e9s Technol\u00f3gia Tansz\u00e9k<\/td>\n<\/tr>\n<tr>\n<td>Tag\u00a0<\/td>\n<td width=\"249\">Dr. Szoboszlai Norbert<\/td>\n<td width=\"249\">adjunktus<\/td>\n<td width=\"249\">ELTE, TTK<\/td>\n<\/tr>\n<tr>\n<td>Tag\u00a0<\/td>\n<td width=\"249\">Dr. D\u00e1vid \u00c1d\u00e1m<\/td>\n<td width=\"249\">tudom\u00e1nyos szak\u00e9rt\u0151<\/td>\n<td width=\"249\">Egis Gy\u00f3gyszergy\u00e1r Zrt.<\/td>\n<\/tr>\n<tr>\n<td>Tag\u00a0<\/td>\n<td width=\"249\">Dr. Lud\u00e1nyi Krisztina<\/td>\n<td width=\"249\">egyetemi docens<\/td>\n<td width=\"249\">SE, Gy\u00f3gyszer\u00e9szeti Int\u00e9zet<\/td>\n<\/tr>\n<tr>\n<td>Tag\u00a0<\/td>\n<td width=\"249\">Dr. Marosi Attila<\/td>\n<td width=\"249\">Kutat\u00f3-fejleszt\u0151<\/td>\n<td width=\"249\">Richter Gedeon NyRT. Hat\u00f3anyagmorfol\u00f3giai Oszt\u00e1ly<\/td>\n<\/tr>\n<tr>\n<td width=\"249\"><strong>Farmakol\u00f3gia<\/strong><\/td>\n<td>&nbsp;<\/td>\n<td>&nbsp;<\/td>\n<td width=\"249\">\u00a0<\/td>\n<\/tr>\n<tr>\n<td>Eln\u00f6k<\/td>\n<td width=\"249\">Dr. D\u00e9t\u00e1ri L\u00e1szl\u00f3<\/td>\n<td width=\"249\">professor emeritus<\/td>\n<td width=\"249\">ELTE, \u00c9lettani \u00e9s Neurobiol\u00f3giai Tansz\u00e9k<\/td>\n<\/tr>\n<tr>\n<td>Tag\u00a0<\/td>\n<td>Dr. T\u00f3thfalusi L\u00e1szl\u00f3<\/td>\n<td width=\"249\">egyetemi docens<\/td>\n<td width=\"249\">SE,Gy\u00f3gyszerhat\u00e1stani Int\u00e9zet<\/td>\n<\/tr>\n<tr>\n<td>Tag\u00a0<\/td>\n<td width=\"249\">Dr. Miklya Ildik\u00f3<\/td>\n<td width=\"249\">egyetemi docens<\/td>\n<td width=\"249\">SE, Farmakol\u00f3giai \u00e9s Farmakoter\u00e1pi\u00e1s Int\u00e9zet<\/td>\n<\/tr>\n<tr>\n<td>Tag\u00a0<\/td>\n<td width=\"249\">Dr. T\u00e1bi Tam\u00e1s<\/td>\n<td width=\"249\">egyetemi docens<\/td>\n<td width=\"249\">SE, Gy\u00f3gyszerhat\u00e1stani Int\u00e9zet<\/td>\n<\/tr>\n<tr>\n<td>Tag\u00a0<\/td>\n<td width=\"249\">Dr. H\u00e1rsing L\u00e1szl\u00f3 G\u00e1bor<\/td>\n<td>tudom\u00e1nyos tan\u00e1csad\u00f3<\/td>\n<td width=\"249\">SE, Farmakol\u00f3giai \u00e9s Farmakoter\u00e1pi\u00e1s Int\u00e9zet<\/td>\n<\/tr>\n<tr>\n<td width=\"249\"><strong>Anyagcsere, endokrinol\u00f3gia<\/strong><\/td>\n<td>&nbsp;<\/td>\n<td>&nbsp;<\/td>\n<td width=\"249\">\u00a0<\/td>\n<\/tr>\n<tr>\n<td>Eln\u00f6k<\/td>\n<td>Dr.\u00a0 Mez\u0151si Emese<\/td>\n<td>egyetemi tan\u00e1r<\/td>\n<td width=\"249\">PTE, Klinikai K\u00f6zpont I.sz. Belgy\u00f3gy\u00e1szati Klinika<\/td>\n<\/tr>\n<tr>\n<td>Tag\u00a0<\/td>\n<td>Dr. Kar\u00e1di Istv\u00e1n<\/td>\n<td width=\"249\">egyetemi tan\u00e1r<\/td>\n<td width=\"249\">SE, Belgy\u00f3gy\u00e1szati \u00e9s Hematol\u00f3giai Klinika<\/td>\n<\/tr>\n<tr>\n<td>Tag\u00a0<\/td>\n<td>Dr. Nagy Zsolt\u00a0<\/td>\n<td>egyetemi docens<\/td>\n<td width=\"249\">SE, Belgy\u00f3gy\u00e1szati \u00e9s Onkol\u00f3giai Klinika<\/td>\n<\/tr>\n<tr>\n<td>Tag\u00a0<\/td>\n<td>Dr. Somogyi Anik\u00f3<\/td>\n<td>egyetemi tan\u00e1r<\/td>\n<td width=\"249\">SE, Belgy\u00f3gy\u00e1szati \u00e9s Hematol\u00f3giai Klinika<\/td>\n<\/tr>\n<tr>\n<td>Tag\u00a0<\/td>\n<td>Dr. P\u00e1ncz\u00e9l P\u00e1l<\/td>\n<td>egyetemi tan\u00e1r<\/td>\n<td width=\"249\">SE, Belgy\u00f3gy\u00e1szati \u00e9s Hematol\u00f3giai Klinika<\/td>\n<\/tr>\n<tr>\n<td width=\"249\"><strong>B\u0151rgy\u00f3gy\u00e1szat<\/strong><\/td>\n<td>&nbsp;<\/td>\n<td>&nbsp;<\/td>\n<td width=\"249\">\u00a0<\/td>\n<\/tr>\n<tr>\n<td>Eln\u00f6k<\/td>\n<td>Dr. Remenyik \u00c9va<\/td>\n<td>egyetemi tan\u00e1r<\/td>\n<td width=\"249\">Debreceni Egyetem<\/td>\n<\/tr>\n<tr>\n<td>Tag\u00a0<\/td>\n<td>Dr. Marschalk\u00f3 M\u00e1rta<\/td>\n<td width=\"249\">egyetemi tan\u00e1r<\/td>\n<td width=\"249\">SE, B\u0151r-Nemik\u00f3rtani \u00e9s B\u0151ronkol\u00f3giai Klinika<\/td>\n<\/tr>\n<tr>\n<td>Tag\u00a0<\/td>\n<td>Dr. Bl\u00e1ga Kincs\u0151<\/td>\n<td width=\"249\">klinikai szakorvos<\/td>\n<td width=\"249\">SE, B\u0151r-Nemik\u00f3rtani \u00e9s B\u0151ronkol\u00f3giai Klinika<\/td>\n<\/tr>\n<tr>\n<td>Tag\u00a0<\/td>\n<td>Dr. Hidv\u00e9gi Bernadett \u00c9va<\/td>\n<td width=\"249\">egyetemi adjunktus<\/td>\n<td width=\"249\">SE, B\u0151r-Nemik\u00f3rtani \u00e9s B\u0151ronkol\u00f3giai Klinika<\/td>\n<\/tr>\n<tr>\n<td>Tag\u00a0<\/td>\n<td>Dr. S\u00e1rdy Mikl\u00f3s<\/td>\n<td width=\"249\">egyetemi tan\u00e1r<\/td>\n<td width=\"249\">SE, B\u0151r-Nemik\u00f3rtani \u00e9s B\u0151ronkol\u00f3giai Klinika<\/td>\n<\/tr>\n<tr>\n<td width=\"249\"><strong>Gyermekgy\u00f3gy\u00e1szat A<\/strong><\/td>\n<td>&nbsp;<\/td>\n<td>&nbsp;<\/td>\n<td width=\"249\">\u00a0<\/td>\n<\/tr>\n<tr>\n<td>Eln\u00f6k<\/td>\n<td>Dr. Szab\u00f3 Tam\u00e1s\u00a0<\/td>\n<td>egyetemi docens<\/td>\n<td width=\"249\">Debreceni Egyetem<\/td>\n<\/tr>\n<tr>\n<td>Tag\u00a0<\/td>\n<td>Dr. Farkas Viktor<\/td>\n<td>klinikai f\u0151orvos<\/td>\n<td width=\"249\">SE, I. Sz. Gyermekgy\u00f3gy\u00e1szati Klinika<\/td>\n<\/tr>\n<tr>\n<td>Tag\u00a0<\/td>\n<td>Dr. Kov\u00e1cs G\u00e1bor<\/td>\n<td width=\"249\">egyetemi tan\u00e1r<\/td>\n<td width=\"249\">SE, II. Sz. Gyermekgy\u00f3gy\u00e1szati Klinika<\/td>\n<\/tr>\n<tr>\n<td>Tag\u00a0<\/td>\n<td>Dr. Kenesei \u00c9va<\/td>\n<td>tudom\u00e1nyos f\u0151munkat\u00e1rs<\/td>\n<td width=\"249\">SE, I. Sz. Gyermekgy\u00f3gy\u00e1szati Klinika<\/td>\n<\/tr>\n<tr>\n<td>Tag\u00a0<\/td>\n<td>Dr. Karoliny Anna<\/td>\n<td>oszt\u00e1lyvezet\u0151 f\u0151orvos<\/td>\n<td width=\"249\">Heim P\u00e1l Orsz\u00e1gos Gyermekgy\u00f3gy\u00e1szati Int\u00e9zet<\/td>\n<\/tr>\n<tr>\n<td width=\"249\"><strong>Gyermekgy\u00f3gy\u00e1szat B<\/strong><\/td>\n<td>&nbsp;<\/td>\n<td>&nbsp;<\/td>\n<td width=\"249\">\u00a0<\/td>\n<\/tr>\n<tr>\n<td>Eln\u00f6k<\/td>\n<td>Dr. Fogarasi Andr\u00e1s<\/td>\n<td>oszt\u00e1lyvezet\u0151 f\u0151orvos<\/td>\n<td width=\"249\">Bethesda Gyermekk\u00f3rh\u00e1z<\/td>\n<\/tr>\n<tr>\n<td>Tag\u00a0<\/td>\n<td>Dr. M\u00e1ttyus Istv\u00e1n<\/td>\n<td>egyetemi adjunktus<\/td>\n<td width=\"249\">SE, I. Sz. Gyermekgy\u00f3gy\u00e1szati Klinika<\/td>\n<\/tr>\n<tr>\n<td>Tag\u00a0<\/td>\n<td>Dr. Tulassay Tivadar<\/td>\n<td>professor emeritus<\/td>\n<td width=\"249\">SE, I. Sz. Gyermekgy\u00f3gy\u00e1szati Klinika<\/td>\n<\/tr>\n<tr>\n<td>Tag\u00a0<\/td>\n<td>Dr. Tomsits Erika<\/td>\n<td>egyetemi docens<\/td>\n<td width=\"249\">SE, II. Sz. Gyermekgy\u00f3gy\u00e1szati Klinika<\/td>\n<\/tr>\n<tr>\n<td>Tag\u00a0<\/td>\n<td>Dr. Antal Zsuzsanna<\/td>\n<td>egyetemi adjunktus<\/td>\n<td width=\"249\">SE, I. Sz. Gyermekgy\u00f3gy\u00e1szati Klinika<\/td>\n<\/tr>\n<tr>\n<td width=\"249\"><strong>Gyermekgy\u00f3gy\u00e1szat C<\/strong><\/td>\n<td>&nbsp;<\/td>\n<td>&nbsp;<\/td>\n<td width=\"249\">\u00a0<\/td>\n<\/tr>\n<tr>\n<td>Eln\u00f6k<\/td>\n<td>Dr. Decsi Tam\u00e1s<\/td>\n<td>egyetemi tan\u00e1r<\/td>\n<td width=\"249\">PTE, Klinikai K\u00f6zpont Gyermekgy\u00f3gy\u00e1szati Klinika<\/td>\n<\/tr>\n<tr>\n<td>Tag\u00a0<\/td>\n<td>Dr. Nagy Anik\u00f3<\/td>\n<td>f\u0151orvos<\/td>\n<td width=\"249\">Heim P\u00e1l Orsz\u00e1gos Gyermekgy\u00f3gy\u00e1szati Int\u00e9zet<\/td>\n<\/tr>\n<tr>\n<td>Tag\u00a0<\/td>\n<td>Dr. Czelecz Judit<\/td>\n<td>f\u0151orvos<\/td>\n<td width=\"249\">Bethesda Gyermekk\u00f3rh\u00e1z<\/td>\n<\/tr>\n<tr>\n<td>Tag\u00a0<\/td>\n<td>Dr. Szab\u00f3 Attila<\/td>\n<td>egyetemi tan\u00e1r<\/td>\n<td width=\"249\">SE, I. Sz. Gyermekgy\u00f3gy\u00e1szati Klinika<\/td>\n<\/tr>\n<tr>\n<td>Tag\u00a0<\/td>\n<td>Dr. Erd\u00e9lyi D\u00e1niel<\/td>\n<td>egyetemi docens<\/td>\n<td width=\"249\">SE, II. Sz. Gyermekgy\u00f3gy\u00e1szati Klinika<\/td>\n<\/tr>\n<tr>\n<td width=\"249\"><strong>Hematol\u00f3gia<\/strong><\/td>\n<td>&nbsp;<\/td>\n<td>&nbsp;<\/td>\n<td width=\"249\">\u00a0<\/td>\n<\/tr>\n<tr>\n<td>Eln\u00f6k<\/td>\n<td>Dr. Borb\u00e9nyi Zita\u00a0<\/td>\n<td>egyetemi tan\u00e1r<\/td>\n<td width=\"249\">SZTE II.sz Belgy\u00f3gy\u00e1szati Klinika<\/td>\n<\/tr>\n<tr>\n<td>Tag\u00a0<\/td>\n<td>Dr. Masszi T\u00e1m\u00e1s\u00a0<\/td>\n<td>egyetemi tan\u00e1r<\/td>\n<td width=\"249\">SE, Belgy\u00f3gy\u00e1szati \u00e9s Hematol\u00f3giai Klinika<\/td>\n<\/tr>\n<tr>\n<td>Tag\u00a0<\/td>\n<td>Dr. Demeter Judit<\/td>\n<td>egyetemi tan\u00e1r<\/td>\n<td width=\"249\">SE, Belgy\u00f3gy\u00e1szati \u00e9s Onkol\u00f3giai Klinika<\/td>\n<\/tr>\n<tr>\n<td>Tag\u00a0<\/td>\n<td>Dr. K\u00e1rp\u00e1ti \u00c1gnes<\/td>\n<td>klinikai f\u0151orvos<\/td>\n<td width=\"249\">SE, Belgy\u00f3gy\u00e1szati \u00e9s Onkol\u00f3giai Klinika<\/td>\n<\/tr>\n<tr>\n<td>Tag\u00a0<\/td>\n<td>Dr. M\u00fcller judit<\/td>\n<td>egyetemi docens<\/td>\n<td width=\"249\">SE, II. Sz. Gyermekgy\u00f3gy\u00e1szati Klinika<\/td>\n<\/tr>\n<tr>\n<td width=\"249\"><strong>Idegtudom\u00e1nyok A<\/strong><\/td>\n<td>&nbsp;<\/td>\n<td>&nbsp;<\/td>\n<td width=\"249\">\u00a0<\/td>\n<\/tr>\n<tr>\n<td>Eln\u00f6k<\/td>\n<td>Dr. Czirj\u00e1k S\u00e1ndor\u00a0<\/td>\n<td>egyetemi tan\u00e1r<\/td>\n<td width=\"249\">Orsz\u00e1gos Klinikai \u00e9s Idegtudom\u00e1nyi Int\u00e9zet<\/td>\n<\/tr>\n<tr>\n<td>Tag\u00a0<\/td>\n<td>Dr. Varga Viktor<\/td>\n<td width=\"249\">tudom\u00e1nyos f\u0151munkat\u00e1rs<\/td>\n<td width=\"249\">KOKI<\/td>\n<\/tr>\n<tr>\n<td>Tag\u00a0<\/td>\n<td>Dr. Zsiros Vikt\u00f3ria<\/td>\n<td>egyetemi adjunktus<\/td>\n<td width=\"249\">SE, Anat\u00f3miai, Sz\u00f6vet- \u00e9s Fejl\u0151d\u00e9stani Int\u00e9zet<\/td>\n<\/tr>\n<tr>\n<td>Tag\u00a0<\/td>\n<td>Dr. Adorj\u00e1n Istv\u00e1n<\/td>\n<td>tudom\u00e1nyos munkat\u00e1rs<\/td>\n<td width=\"249\">SE, Anat\u00f3miai, Sz\u00f6vet- \u00e9s Fejl\u0151d\u00e9stani Int\u00e9zet<\/td>\n<\/tr>\n<tr>\n<td>Tag\u00a0<\/td>\n<td>Dr. Gunda Bence<\/td>\n<td>klinikai szakorvos<\/td>\n<td width=\"249\">SE, Neurol\u00f3giai Klinika<\/td>\n<\/tr>\n<tr>\n<td width=\"249\"><strong>Idegtudom\u00e1nyok B<\/strong><\/td>\n<td>&nbsp;<\/td>\n<td>&nbsp;<\/td>\n<td width=\"249\">\u00a0<\/td>\n<\/tr>\n<tr>\n<td>Eln\u00f6k<\/td>\n<td>Dr. Acs\u00e1dy L\u00e1szl\u00f3<\/td>\n<td>egyetemi tan\u00e1r<\/td>\n<td width=\"249\">KOKI<\/td>\n<\/tr>\n<tr>\n<td>Tag\u00a0<\/td>\n<td>Dr. Pad\u00e1nyi Csaba<\/td>\n<td>adjunktus<\/td>\n<td width=\"249\">Orsz\u00e1gos Klinikai \u00e9s Idegtudom\u00e1nyi Int\u00e9zet<\/td>\n<\/tr>\n<tr>\n<td>Tag\u00a0<\/td>\n<td>Dr. Kov\u00e1cs Tibor<\/td>\n<td>egyetemi docens<\/td>\n<td width=\"249\">SE, Neurol\u00f3giai Klinika<\/td>\n<\/tr>\n<tr>\n<td>Tag\u00a0<\/td>\n<td>Dr. Kozsurek M\u00e1rk<\/td>\n<td width=\"249\">egyetemi adjunktus<\/td>\n<td width=\"249\">SE, Anat\u00f3miai, Sz\u00f6vet- \u00e9s Fejl\u0151d\u00e9stani Int\u00e9zet<\/td>\n<\/tr>\n<tr>\n<td>Tag\u00a0<\/td>\n<td>Dr. Papp Zolt\u00e1n Attila<\/td>\n<td>adjunktus<\/td>\n<td width=\"249\">Orsz\u00e1gos Klinikai \u00e9s Idegtudom\u00e1nyi Int\u00e9zet<\/td>\n<\/tr>\n<tr>\n<td width=\"249\"><strong>Idegtudom\u00e1nyok C<\/strong><\/td>\n<td>&nbsp;<\/td>\n<td>&nbsp;<\/td>\n<td width=\"249\">\u00a0<\/td>\n<\/tr>\n<tr>\n<td>Eln\u00f6k<\/td>\n<td>Dr. H\u00e1jos Norbert<\/td>\n<td>kutat\u00f3<\/td>\n<td width=\"249\">KOKI<\/td>\n<\/tr>\n<tr>\n<td>Tag\u00a0<\/td>\n<td>Dr. Lendvai D\u00e1vid<\/td>\n<td>adjunktus<\/td>\n<td width=\"249\">SE, Anat\u00f3miai, Sz\u00f6vet- \u00e9s Fejl\u0151d\u00e9stani Int\u00e9zet<\/td>\n<\/tr>\n<tr>\n<td>Tag\u00a0<\/td>\n<td>Dr. Lele Zsolt<\/td>\n<td>kutat\u00f3<\/td>\n<td width=\"249\">KOKI<\/td>\n<\/tr>\n<tr>\n<td>Tag\u00a0<\/td>\n<td>Dr. Alp\u00e1r Al\u00e1n<\/td>\n<td>egyetemi tan\u00e1r<\/td>\n<td width=\"249\">SE, Anat\u00f3miai, Sz\u00f6vet- \u00e9s Fejl\u0151d\u00e9stani Int\u00e9zet<\/td>\n<\/tr>\n<tr>\n<td>Tag\u00a0<\/td>\n<td>Dr. Holderith Noemi<\/td>\n<td>tudom\u00e1nyos f\u0151munkat\u00e1rs<\/td>\n<td width=\"249\">KOKI<\/td>\n<\/tr>\n<tr>\n<td width=\"249\"><strong>Kardiol\u00f3gia, kering\u00e9si betegs\u00e9gek A<\/strong><\/td>\n<td>&nbsp;<\/td>\n<td>&nbsp;<\/td>\n<td width=\"249\">\u00a0<\/td>\n<\/tr>\n<tr>\n<td width=\"249\">Eln\u00f6k<\/td>\n<td>Dr. Merkely B\u00e9la<\/td>\n<td>egyetemi tan\u00e1r<\/td>\n<td width=\"249\">SE, V\u00e1rosmajori Sz\u00edv- \u00e9s \u00c9rgy\u00f3gy\u00e1szati Klinika<\/td>\n<\/tr>\n<tr>\n<td>Tag<\/td>\n<td width=\"249\">Dr. Pir\u00f3th Zsolt<\/td>\n<td>oszt\u00e1lyvezet\u0151 f\u0151orvos<\/td>\n<td width=\"249\">Gottsegen Gy\u00f6rgy Orsz\u00e1gos Kardiol\u00f3giai Int\u00e9zet<\/td>\n<\/tr>\n<tr>\n<td>Tag<\/td>\n<td>Dr. Nagy Klaudia Vivien\u00a0<\/td>\n<td>adjunktus<\/td>\n<td width=\"249\">SE, Kardiol\u00f3gia Tansz\u00e9k<\/td>\n<\/tr>\n<tr>\n<td>Tag<\/td>\n<td>Dr. Kis \u00c9va\u00a0<\/td>\n<td>szakorvos<\/td>\n<td width=\"249\">GOKVI<\/td>\n<\/tr>\n<tr>\n<td>Tag<\/td>\n<td>Dr. Nagy Viktor<\/td>\n<td>oszt\u00e1lyvezet\u0151 klinikai f\u0151orvos<\/td>\n<td width=\"249\">SE, Belgy\u00f3gy\u00e1szati \u00e9s Hematol\u00f3giai Klinika<\/td>\n<\/tr>\n<tr>\n<td width=\"249\"><strong>Kardiol\u00f3gia, kering\u00e9si betegs\u00e9gek B<\/strong><\/td>\n<td>&nbsp;<\/td>\n<td>&nbsp;<\/td>\n<td width=\"249\">\u00a0<\/td>\n<\/tr>\n<tr>\n<td>Eln\u00f6k<\/td>\n<td>Dr. Sallai L\u00e1szl\u00f3\u00a0<\/td>\n<td>f\u0151orvos<\/td>\n<td width=\"249\">Szent Imre K\u00f3rh\u00e1z<\/td>\n<\/tr>\n<tr>\n<td>Tag\u00a0<\/td>\n<td>Dr. Becker D\u00e1vid<\/td>\n<td width=\"249\">egyetemi adjunktus<\/td>\n<td width=\"249\">SE, V\u00e1rosmajori Sz\u00edv- \u00e9s \u00c9rgy\u00f3gy\u00e1szati Klinika<\/td>\n<\/tr>\n<tr>\n<td>Tag\u00a0<\/td>\n<td>Dr. Szab\u00f3 Gergely<\/td>\n<td width=\"249\">egyetemi adjunktus<\/td>\n<td width=\"249\">Belgy\u00f3gy\u00e1szati \u00e9s Onkol\u00f3giai Klinika<\/td>\n<\/tr>\n<tr>\n<td>Tag\u00a0<\/td>\n<td width=\"249\">Dr. B\u00e1lint Olga Hajnalka<\/td>\n<td>f\u0151orvos<\/td>\n<td width=\"249\">GOKVI<\/td>\n<\/tr>\n<tr>\n<td>Tag\u00a0<\/td>\n<td>Dr. Szilveszter B\u00e1lint<\/td>\n<td width=\"249\">rezidens\u00a0<\/td>\n<td width=\"249\">SE, V\u00e1rosmajori Sz\u00edv- \u00e9s \u00c9rgy\u00f3gy\u00e1szati Klinika<\/td>\n<\/tr>\n<tr>\n<td width=\"249\"><strong>Kardiol\u00f3gia, kering\u00e9si betegs\u00e9gek C<\/strong><\/td>\n<td>&nbsp;<\/td>\n<td>&nbsp;<\/td>\n<td width=\"249\">\u00a0<\/td>\n<\/tr>\n<tr>\n<td>Eln\u00f6k<\/td>\n<td>Dr. T\u00f3th K\u00e1lm\u00e1n\u00a0<\/td>\n<td>egyetemi tan\u00e1r<\/td>\n<td width=\"249\">P\u00e9csi Tudom\u00e1nyegyetem<\/td>\n<\/tr>\n<tr>\n<td>Tag\u00a0<\/td>\n<td>Dr. Zs\u00e1ry Andr\u00e1s<\/td>\n<td>adjunktus<\/td>\n<td width=\"249\">SE, Belgy\u00f3gy\u00e1szati \u00e9s Hematol\u00f3giai Klinika<\/td>\n<\/tr>\n<tr>\n<td>Tag\u00a0<\/td>\n<td>Dr. Sax Bal\u00e1zs<\/td>\n<td>rezidens orvos<\/td>\n<td width=\"249\">SE, V\u00e1rosmajori Sz\u00edv- \u00e9s \u00c9rgy\u00f3gy\u00e1szati Klinika<\/td>\n<\/tr>\n<tr>\n<td>Tag\u00a0<\/td>\n<td>Dr. Gell\u00e9r L\u00e1szl\u00f3<\/td>\n<td>egyetemi tan\u00e1r<\/td>\n<td width=\"249\">SE, V\u00e1rosmajori Sz\u00edv- \u00e9s \u00c9rgy\u00f3gy\u00e1szati Klinika<\/td>\n<\/tr>\n<tr>\n<td>Tag\u00a0<\/td>\n<td>Dr. Kardos Attila\u00a0<\/td>\n<td>elektrofiziol\u00f3gia<\/td>\n<td width=\"249\">GOKVI<\/td>\n<\/tr>\n<tr>\n<td width=\"249\"><strong>Kardiol\u00f3gia, kering\u00e9si betegs\u00e9gek D<\/strong><\/td>\n<td>&nbsp;<\/td>\n<td>&nbsp;<\/td>\n<td width=\"249\">\u00a0<\/td>\n<\/tr>\n<tr>\n<td>Eln\u00f6k<\/td>\n<td>Dr. J\u00e1rai Zolt\u00e1n\u00a0<\/td>\n<td>egyetemi tan\u00e1r<\/td>\n<td width=\"249\">Szent Imre K\u00f3rh\u00e1z<\/td>\n<\/tr>\n<tr>\n<td>Tag\u00a0<\/td>\n<td>Dr. D\u00f3sa Edit<\/td>\n<td>egyetemi docens<\/td>\n<td width=\"249\">SE, V\u00e1rosmajori Sz\u00edv- \u00e9s \u00c9rgy\u00f3gy\u00e1szati Klinika<\/td>\n<\/tr>\n<tr>\n<td>Tag\u00a0<\/td>\n<td>Dr. Zima Endre<\/td>\n<td width=\"249\">egyetemi tan\u00e1r<\/td>\n<td width=\"249\">SE, Kardiol\u00f3giai Tansz\u00e9k<\/td>\n<\/tr>\n<tr>\n<td>Tag\u00a0<\/td>\n<td>Dr. Maurovich-Horvath P\u00e1l<\/td>\n<td>egyetemi docens<\/td>\n<td width=\"249\">SE, Orvosi K\u00e9palkot\u00f3 Klinika<\/td>\n<\/tr>\n<tr>\n<td>Tag\u00a0<\/td>\n<td width=\"249\">Dr. D\u00e9nes M\u00f3nika<\/td>\n<td>f\u0151orvos<\/td>\n<td width=\"249\">GOLVI<\/td>\n<\/tr>\n<tr>\n<td width=\"249\"><strong>K\u00f6zeg\u00e9szs\u00e9gtan, epidemiol\u00f3gia A<\/strong><\/td>\n<td>&nbsp;<\/td>\n<td>&nbsp;<\/td>\n<td width=\"249\">\u00a0<\/td>\n<\/tr>\n<tr>\n<td>Eln\u00f6k<\/td>\n<td>Dr. Sz\u0171cs S\u00e1ndor\u00a0<\/td>\n<td>egyetemi docens<\/td>\n<td width=\"249\">Debreceni Egyetem<\/td>\n<\/tr>\n<tr>\n<td>Tag\u00a0<\/td>\n<td width=\"249\">Dr. Burgettin\u00e9 dr. B\u00f6sz\u00f6rm\u00e9nyi Erzs\u00e9bet<\/td>\n<td>f\u0151iskolai docens<\/td>\n<td width=\"249\">SE, K\u00f6zeg\u00e9szs\u00e9gtudom\u00e1nyi Tansz\u00e9k<\/td>\n<\/tr>\n<tr>\n<td>Tag\u00a0<\/td>\n<td>Dr. Alliquander Anna<\/td>\n<td>tan\u00e1rseg\u00e9d<\/td>\n<td width=\"249\">SE,N\u00e9peg\u00e9szs\u00e9gtani Int\u00e9zet<\/td>\n<\/tr>\n<tr>\n<td>Tag\u00a0<\/td>\n<td>Dr. Janik Leon\u00e1rd<\/td>\n<td>tan\u00e1rseg\u00e9d<\/td>\n<td width=\"249\">SE, N\u00e9peg\u00e9szs\u00e9gtani Int\u00e9zet<\/td>\n<\/tr>\n<tr>\n<td>Tag\u00a0<\/td>\n<td>Dr. Szelid Zsolt L\u00e1szl\u00f3<\/td>\n<td width=\"249\">egyetemi tan\u00e1rseg\u00e9d<\/td>\n<td width=\"249\">SE, V\u00e1rosmajori Sz\u00edv- \u00e9s \u00c9rgy\u00f3gy\u00e1szati Klinika<\/td>\n<\/tr>\n<tr>\n<td width=\"249\"><strong>K\u00f6zeg\u00e9szs\u00e9gtan, epidemiol\u00f3gia B\u00a0<\/strong><\/td>\n<td>&nbsp;<\/td>\n<td>&nbsp;<\/td>\n<td width=\"249\">\u00a0<\/td>\n<\/tr>\n<tr>\n<td>Eln\u00f6k<\/td>\n<td>Dr. S\u00e1rosi Veronika<\/td>\n<td>f\u0151orvos\u00a0<\/td>\n<td width=\"249\">PTE, Klinikai K\u00f6zpont I.sz. Belgy\u00f3gy\u00e1szati Klinika<\/td>\n<\/tr>\n<tr>\n<td>Tag\u00a0<\/td>\n<td>Dr. T\u00e1rnoki \u00c1d\u00e1m Domonkos<\/td>\n<td>egyetemi docens<\/td>\n<td width=\"249\">SE, Radiol\u00f3gia Tansz\u00e9k<\/td>\n<\/tr>\n<tr>\n<td>Tag\u00a0<\/td>\n<td>Dr. Ongr\u00e1di J\u00f3zsef<\/td>\n<td>egyetemi docens<\/td>\n<td width=\"249\">SE, Orvosi Mikrobiol\u00f3giai Int\u00e9zet<\/td>\n<\/tr>\n<tr>\n<td>Tag\u00a0<\/td>\n<td>Dr. Heltai Krisztina<\/td>\n<td>egyetemi docens<\/td>\n<td width=\"249\">SE, Kardiol\u00f3giai Tansz\u00e9k<\/td>\n<\/tr>\n<tr>\n<td>Tag\u00a0<\/td>\n<td>Dr. Kriv\u00e1n Gergely\u00a0<\/td>\n<td>PhD<\/td>\n<td width=\"249\">DPC K\u00f3rh\u00e1z<\/td>\n<\/tr>\n<tr>\n<td width=\"249\"><strong>Magatart\u00e1studom\u00e1ny, pszichi\u00e1tria, pszichol\u00f3gia<\/strong><\/td>\n<td>&nbsp;<\/td>\n<td>&nbsp;<\/td>\n<td width=\"249\">\u00a0<\/td>\n<\/tr>\n<tr>\n<td>Eln\u00f6k<\/td>\n<td>Dr. Kurimay Tam\u00e1s\u00a0<\/td>\n<td>egyetemi tan\u00e1r<\/td>\n<td width=\"249\">J\u00e1nos K\u00f3rh\u00e1z<\/td>\n<\/tr>\n<tr>\n<td>Tag\u00a0<\/td>\n<td>Dr. R\u00e9thelyi J\u00e1nos<\/td>\n<td>egyetemi tan\u00e1r<\/td>\n<td width=\"249\">SE, Pszichi\u00e1triai \u00e9s Pszichoter\u00e1pi\u00e1s Klinika<\/td>\n<\/tr>\n<tr>\n<td>Tag\u00a0<\/td>\n<td>Dr. Sus\u00e1nszky \u00c9va<\/td>\n<td>egyetemi docens<\/td>\n<td width=\"249\">SE Magatart\u00e1studom\u00e1nyi Int\u00e9zet<\/td>\n<\/tr>\n<tr>\n<td>Tag\u00a0<\/td>\n<td>Dr. B\u00f3dizs R\u00f3bert<\/td>\n<td width=\"249\">Tudom\u00e1nyos f\u0151munkat\u00e1rs, kutat\u00e1si igazgat\u00f3helyettes<\/td>\n<td width=\"249\">SE Magatart\u00e1studom\u00e1nyi Int\u00e9zet<\/td>\n<\/tr>\n<tr>\n<td>Tag\u00a0<\/td>\n<td>Dr. D\u00f3sa \u00c1gnes<\/td>\n<td>egyetemi docens<\/td>\n<td width=\"249\">SE Magatart\u00e1studom\u00e1nyi Int\u00e9zet<\/td>\n<\/tr>\n<tr>\n<td width=\"249\"><strong>Mikrobiol\u00f3gia<\/strong><\/td>\n<td>&nbsp;<\/td>\n<td>&nbsp;<\/td>\n<td width=\"249\">\u00a0<\/td>\n<\/tr>\n<tr>\n<td>Eln\u00f6k<\/td>\n<td>Dr. K\u00f3nya J\u00f3zsef<\/td>\n<td>egyetemi tan\u00e1r<\/td>\n<td width=\"249\">Debereceni Egyetem<\/td>\n<\/tr>\n<tr>\n<td>Tag\u00a0<\/td>\n<td>Dr. Szab\u00f3 D\u00f3ra<\/td>\n<td>egyetemi tan\u00e1r<\/td>\n<td width=\"249\">SE, Orvosi Mikrobiol\u00f3giai Int\u00e9zet<\/td>\n<\/tr>\n<tr>\n<td>Tag\u00a0<\/td>\n<td>Dr. Ostorh\u00e1zi Eszter<\/td>\n<td>egyetemi docens<\/td>\n<td width=\"249\">SE, Orvosi Mikrobiol\u00f3giai Int\u00e9zet<\/td>\n<\/tr>\n<tr>\n<td>Tag\u00a0<\/td>\n<td>Dr. Dobay Orsolya<\/td>\n<td>egyetemi docens<\/td>\n<td width=\"249\">SE, Orvosi Mikrobiol\u00f3giai Int\u00e9zet<\/td>\n<\/tr>\n<tr>\n<td>Tag\u00a0<\/td>\n<td>Dr. Kocsis B\u00e9la<\/td>\n<td>egyetemi adjunktus<\/td>\n<td width=\"249\">SE, Orvosi Mikrobiol\u00f3giai Int\u00e9zet<\/td>\n<\/tr>\n<tr>\n<td width=\"249\"><strong>Operat\u00edv A<\/strong><\/td>\n<td>&nbsp;<\/td>\n<td>&nbsp;<\/td>\n<td width=\"249\">\u00a0<\/td>\n<\/tr>\n<tr>\n<td>Eln\u00f6k<\/td>\n<td>Dr. Banczerowski P\u00e9ter<\/td>\n<td>egyetemi tan\u00e1r<\/td>\n<td width=\"249\">Orsz\u00e1gos Klinikai \u00e9s Idegtudom\u00e1nyi Int\u00e9zet<\/td>\n<\/tr>\n<tr>\n<td>Tag\u00a0<\/td>\n<td>Dr. Szab\u00f3 G\u00e1bor Viktor<\/td>\n<td>egyetemi docens<\/td>\n<td width=\"249\">SE, \u00c9rseb\u00e9szeti \u00e9s Endovaszkul\u00e1ris Tansz\u00e9k<\/td>\n<\/tr>\n<tr>\n<td>Tag\u00a0<\/td>\n<td>Dr. Szabolcs Zolt\u00e1n<\/td>\n<td>egyetemi tan\u00e1r<\/td>\n<td width=\"249\">Kardiol\u00f3giai Tansz\u00e9k<\/td>\n<\/tr>\n<tr>\n<td>Tag\u00a0<\/td>\n<td>Dr. Bal\u00e1zs \u00c1kos<\/td>\n<td>egyetemi adjunktus<\/td>\n<td width=\"249\">SE, I. Sz. Seb\u00e9szeti \u00e9s Intervenci\u00f3s Gasztroenterol\u00f3giai Klinika<\/td>\n<\/tr>\n<tr>\n<td>Tag\u00a0<\/td>\n<td>Dr. V\u00e1rb\u00edr\u00f3 Szabolcs<\/td>\n<td>egyetemi docens<\/td>\n<td width=\"249\">SE, Sz\u00fcl\u00e9szeti \u00e9s N\u0151gy\u00f3gy\u00e1szati Klinika<\/td>\n<\/tr>\n<tr>\n<td width=\"249\"><strong>Operat\u00edv B<\/strong><\/td>\n<td>&nbsp;<\/td>\n<td>&nbsp;<\/td>\n<td width=\"249\">\u00a0<\/td>\n<\/tr>\n<tr>\n<td>Eln\u00f6k<\/td>\n<td>Dr. B\u00fcki Andr\u00e1s<\/td>\n<td>egyetemi tan\u00e1r<\/td>\n<td width=\"249\">PTE, Idegseb\u00e9szeti Klinika<\/td>\n<\/tr>\n<tr>\n<td>Tag\u00a0<\/td>\n<td>Dr. Szeberin Zolt\u00e1n<\/td>\n<td>egyetemi docens<\/td>\n<td width=\"249\">SE, \u00c9rseb\u00e9szeti \u00e9s Endovaszkul\u00e1ris Tansz\u00e9k<\/td>\n<\/tr>\n<tr>\n<td>Tag\u00a0<\/td>\n<td>Dr. Harty\u00e1nszky Istv\u00e1n\u00a0<\/td>\n<td>egyetemi docens<\/td>\n<td width=\"249\">SE, Kardiol\u00f3giai Tansz\u00e9k<\/td>\n<\/tr>\n<tr>\n<td>Tag\u00a0<\/td>\n<td>Dr. Holl\u00f3 G\u00e1bor<\/td>\n<td>egyetemi tan\u00e1r<\/td>\n<td width=\"249\">SE, Szem\u00e9szeti Klinika<\/td>\n<\/tr>\n<tr>\n<td>Tag\u00a0<\/td>\n<td>Dr. Benke K\u00e1lm\u00e1n<\/td>\n<td>rezidens<\/td>\n<td width=\"249\">SE, Kardiol\u00f3giai Tansz\u00e9k<\/td>\n<\/tr>\n<tr>\n<td width=\"249\"><strong>Operat\u00edv C<\/strong><\/td>\n<td>&nbsp;<\/td>\n<td>&nbsp;<\/td>\n<td width=\"249\">\u00a0<\/td>\n<\/tr>\n<tr>\n<td>Eln\u00f6k<\/td>\n<td>Dr. Bajory Zolt\u00e1n<\/td>\n<td>egyetemi tan\u00e1r<\/td>\n<td width=\"249\">SZTE, Urol\u00f3gia Klinika<\/td>\n<\/tr>\n<tr>\n<td>Tag\u00a0<\/td>\n<td>Dr. S\u00f3tonyi P\u00e9ter\u00a0<\/td>\n<td>egyetemi tan\u00e1r<\/td>\n<td width=\"249\">SE, \u00c9rseb\u00e9szeti \u00e9s Endovaszkul\u00e1ris Tansz\u00e9k<\/td>\n<\/tr>\n<tr>\n<td>Tag\u00a0<\/td>\n<td>Dr. Sz\u0151ke Gy\u00f6rgy<\/td>\n<td>egyetemi tan\u00e1r<\/td>\n<td width=\"249\">SE, Ortop\u00e9diai Klinika<\/td>\n<\/tr>\n<tr>\n<td>Tag\u00a0<\/td>\n<td>Dr. \u00c1goston P\u00e9ter<\/td>\n<td>f\u0151orvos<\/td>\n<td width=\"249\">Orsz\u00e1gos Onkol\u00f3giai Int\u00e9zet, Sug\u00e1rter\u00e1pi\u00e1s Centrum<\/td>\n<\/tr>\n<tr>\n<td>Tag\u00a0<\/td>\n<td>Dr. B\u00e1nhidy Ferenc<\/td>\n<td>egyetemi tan\u00e1r<\/td>\n<td width=\"249\">SE, Sz\u00fcl\u00e9szeti \u00e9s N\u0151gy\u00f3gy\u00e1szati Klinika<\/td>\n<\/tr>\n<tr>\n<td width=\"249\"><strong>Operat\u00edv D<\/strong><\/td>\n<td>&nbsp;<\/td>\n<td>&nbsp;<\/td>\n<td width=\"249\">\u00a0<\/td>\n<\/tr>\n<tr>\n<td>Eln\u00f6k<\/td>\n<td>Dr. Kopp\u00e1n Mikl\u00f3s\u00a0<\/td>\n<td>egyetemi tan\u00e1r<\/td>\n<td width=\"249\">PTE, Klinikai K\u00f6zpont Sz\u00fcl\u00e9szeti \u00e9s N\u0151gy\u00f3gy\u00e1szati Klinika<\/td>\n<\/tr>\n<tr>\n<td>Tag\u00a0<\/td>\n<td>Dr. K\u00f3bori L\u00e1szl\u00f3\u00a0<\/td>\n<td>egyetemi tan\u00e1r<\/td>\n<td width=\"249\">SE, Transzplant\u00e1ci\u00f3s \u00e9s Seb\u00e9szeti Klinika<\/td>\n<\/tr>\n<tr>\n<td>Tag\u00a0<\/td>\n<td>Dr. Nyir\u00e1dy P\u00e9ter<\/td>\n<td>egyetemi tan\u00e1r<\/td>\n<td width=\"249\">SE,Urol\u00f3gia Klinika<\/td>\n<\/tr>\n<tr>\n<td>Tag\u00a0<\/td>\n<td>Dr. Horkay\u00a0 Ferenc<\/td>\n<td>egyetemi tan\u00e1r<\/td>\n<td width=\"249\">SE, Kardiol\u00f3giai Tansz\u00e9k<\/td>\n<\/tr>\n<tr>\n<td>Tag\u00a0<\/td>\n<td>Dr. Darvas Katalin\u00a0<\/td>\n<td>professor emerita<\/td>\n<td width=\"249\">SE, I. Sz. Seb\u00e9szeti \u00e9s Intervenci\u00f3s Gasztroenterol\u00f3giai Klinika<\/td>\n<\/tr>\n<tr>\n<td width=\"249\"><strong>Onkol\u00f3gia<\/strong><\/td>\n<td>&nbsp;<\/td>\n<td>&nbsp;<\/td>\n<td width=\"249\">\u00a0<\/td>\n<\/tr>\n<tr>\n<td>Eln\u00f6k<\/td>\n<td>Dr. Polg\u00e1r Csaba<\/td>\n<td>egyetemi tan\u00e1r<\/td>\n<td width=\"249\">Orsz\u00e1gos Onkol\u00f3giai Int\u00e9zet<\/td>\n<\/tr>\n<tr>\n<td>Tag\u00a0<\/td>\n<td>Dr. Dank Magdolna\u00a0<\/td>\n<td>egyetemi tan\u00e1r<\/td>\n<td width=\"249\">SE, Onkol\u00f3giai R\u00e9szleg<\/td>\n<\/tr>\n<tr>\n<td>Tag\u00a0<\/td>\n<td>Dr. Szentm\u00e1rtoni Gy\u00f6ngyv\u00e9r<\/td>\n<td>egyetemi adjunktus<\/td>\n<td width=\"249\">SE, Onkol\u00f3giai R\u00e9szleg<\/td>\n<\/tr>\n<tr>\n<td>Tag\u00a0<\/td>\n<td>Dr. Petr\u00e1nyi \u00c1gota Eszter<\/td>\n<td>klinikai f\u0151orvos<\/td>\n<td width=\"249\">SE, Onkol\u00f3giai R\u00e9szleg<\/td>\n<\/tr>\n<tr>\n<td>Tag\u00a0<\/td>\n<td>Dr. M\u00e9sz\u00e1ros Norbert<\/td>\n<td>egyetemi tan\u00e1r<\/td>\n<td width=\"249\">Orsz\u00e1gos Onkol\u00f3giai Int\u00e9zet<\/td>\n<\/tr>\n<tr>\n<td width=\"249\"><strong>Radiol\u00f3gia, orvosi k\u00e9palkot\u00e1s<\/strong><\/td>\n<td>&nbsp;<\/td>\n<td>&nbsp;<\/td>\n<td width=\"249\">\u00a0<\/td>\n<\/tr>\n<tr>\n<td>Eln\u00f6k<\/td>\n<td>Dr. Kincses Zsigmond Tam\u00e1s<\/td>\n<td width=\"249\">egyetemi tan\u00e1r<\/td>\n<td width=\"249\">Szegedi Tudom\u00e1nyegyetem<\/td>\n<\/tr>\n<tr>\n<td>Tag\u00a0<\/td>\n<td>Dr. Doros Attila<\/td>\n<td>klinikai f\u0151orvos<\/td>\n<td width=\"249\">SE, Transzplant\u00e1ci\u00f3s \u00e9s Seb\u00e9szeti Klinika<\/td>\n<\/tr>\n<tr>\n<td>Tag\u00a0<\/td>\n<td>Dr. Gy\u00f6rke Tam\u00e1s<\/td>\n<td>egyetemi docens<\/td>\n<td width=\"249\">SE, Nukle\u00e1ris Medicina K\u00f6zpont<\/td>\n<\/tr>\n<tr>\n<td>Tag\u00a0<\/td>\n<td>Dr. Koz\u00e1k Lajos Rudolf<\/td>\n<td>egyetemi docens<\/td>\n<td width=\"249\">SE, Neuroradiol\u00f3gia Tansz\u00e9k<\/td>\n<\/tr>\n<tr>\n<td>Tag\u00a0<\/td>\n<td>Dr. Karlinger Kinga<\/td>\n<td width=\"249\">egyetemi tan\u00e1r<\/td>\n<td width=\"249\">SE, Radiol\u00f3giai Klinika<\/td>\n<\/tr>\n<\/tbody>\n<\/table>\n<p>&nbsp;<\/p>\n<h2>Szekci\u00f3k \u00e9s \u00fcnneps\u00e9gek Zoom azonos\u00edt\u00f3i 2021<\/h2>\n<p style=\"text-align: center;\"><span style=\"font-size: 18pt;\"><strong>Tudom\u00e1nyos Di\u00e1kk\u00f6ri Konferencia 2021. 02.10-12.<\/strong><\/span><\/p>\n<p><strong>Nyit\u00f3 \u00fcnneps\u00e9g:<\/strong><\/p>\n<p>2021.02.10. Szerda 08:00-09:30<\/p>\n<table style=\"width: 45.366%; height: 41px;\" width=\"437\">\n<tbody>\n<tr style=\"height: 41px;\">\n<td style=\"width: 39.1139%; height: 41px;\" width=\"327\">\n<p>Nyit\u00f3 \u00fcnneps\u00e9g<\/p>\n<\/td>\n<td style=\"width: 54.0849%; height: 41px;\" width=\"111\">\n<p>98 086 140 368<\/p>\n<\/td>\n<\/tr>\n<\/tbody>\n<\/table>\n<p>&nbsp;<\/p>\n<ul>\n<li><a href=\"https:\/\/semmelweis.hu\/tdk\/files\/2021\/02\/megnyito_2021.pdf\">Megnyit\u00f3 \u00fcnneps\u00e9g diasora<\/a><\/li>\n<\/ul>\n<p><strong>Z\u00e1r\u00f3 \u00fcnneps\u00e9g:<\/strong><\/p>\n<p>2021.02.12. 15:00-16:00<\/p>\n<table style=\"width: 45.4806%; height: 24px;\" width=\"437\">\n<tbody>\n<tr style=\"height: 24px;\">\n<td style=\"width: 34.4402%; height: 24px;\" width=\"327\">\n<p style=\"text-align: left;\">Z\u00e1r\u00f3 \u00fcnneps\u00e9g<\/p>\n<\/td>\n<td style=\"width: 63.5393%; height: 24px;\" width=\"111\">\n<p>92 103 420 745<\/p>\n<\/td>\n<\/tr>\n<\/tbody>\n<\/table>\n<p>\nA z\u00e1r\u00f3 \u00fcnneps\u00e9get terveink szerint a Facebookon is streamelj\u00fck: <a href=\"https:\/\/www.facebook.com\/tdk.semmelweisegyetem.1\/\">https:\/\/www.facebook.com\/tdk.semmelweisegyetem.1\/<\/a><\/p>\n<p><strong>2021.02.10. SZERDA<\/strong><\/p>\n<table width=\"660\">\n<tbody>\n<tr>\n<td>\n<p><strong>SZEKCI\u00d3<\/strong><\/p>\n<\/td>\n<td>\n<p><strong>ZOOM ID<\/strong><\/p>\n<\/td>\n<\/tr>\n<tr>\n<td width=\"327\">\n<p>Kardiol\u00f3gia, kering\u00e9si betegs\u00e9gek A 10:00-12:45<\/p>\n<\/td>\n<td width=\"111\">\n<p>99 354 062 675<\/p>\n<\/td>\n<\/tr>\n<tr>\n<td width=\"327\">\n<p>Kardiol\u00f3gia, kering\u00e9si betegs\u00e9gek B 13:00-15:45<\/p>\n<\/td>\n<td width=\"111\">\n<p>93 748 387 894<\/p>\n<\/td>\n<\/tr>\n<tr>\n<td width=\"327\">\n<p>K\u00f6zeg\u00e9szs\u00e9gtan, epidemiol\u00f3gia A 10:00-11:45<\/p>\n<\/td>\n<td width=\"111\">\n<p>95 341 330 124<\/p>\n<\/td>\n<\/tr>\n<tr>\n<td width=\"327\">\n<p>Fogorvostudom\u00e1ny A 10:00-12:30<\/p>\n<\/td>\n<td width=\"111\">\n<p>92 020 930 068<\/p>\n<\/td>\n<\/tr>\n<tr>\n<td width=\"327\">\n<p>Fogorvostudom\u00e1ny B 12:45-14:45<\/p>\n<\/td>\n<td width=\"111\">\n<p>97 073 637 187<\/p>\n<\/td>\n<\/tr>\n<tr>\n<td width=\"327\">\n<p>Idegtudom\u00e1nyok A 10:00-12:00<\/p>\n<\/td>\n<td width=\"111\">\n<p>91 441 644 434<\/p>\n<\/td>\n<\/tr>\n<tr>\n<td width=\"327\">\n<p>Idegtudom\u00e1nyok B 12:15-14:15<\/p>\n<\/td>\n<td width=\"111\">\n<p>91 680 297 116<\/p>\n<\/td>\n<\/tr>\n<tr>\n<td width=\"327\">\n<p>Idegtudom\u00e1nyok C 14:30-16:30<\/p>\n<\/td>\n<td width=\"111\">\n<p>92 460 983 758<\/p>\n<\/td>\n<\/tr>\n<tr>\n<td width=\"327\">\n<p>Operat\u00edv A\u00a0 10:00-12:15<\/p>\n<\/td>\n<td width=\"111\">\n<p>99 136 454 750<\/p>\n<\/td>\n<\/tr>\n<tr>\n<td width=\"327\">\n<p>Operat\u00edv B 12:30-15:00<\/p>\n<\/td>\n<td width=\"111\">\n<p>95 538 715 680<\/p>\n<\/td>\n<\/tr>\n<tr>\n<td width=\"327\">\n<p>Operat\u00edv C 15:15 &#8211; 17:30<\/p>\n<\/td>\n<td width=\"111\">\n<p>98 254 732 161<\/p>\n<\/td>\n<\/tr>\n<tr>\n<td width=\"327\">\n<p>B\u0151rgy\u00f3gy\u00e1szat 10:00-12:15<\/p>\n<\/td>\n<td width=\"111\">\n<p>92 097 947 808<\/p>\n<\/td>\n<\/tr>\n<tr>\n<td width=\"327\">\n<p>Anyagcsere, endokrinol\u00f3gia 12:30-14:15<\/p>\n<\/td>\n<td width=\"111\">\n<p>97 631 508 910<\/p>\n<\/td>\n<\/tr>\n<tr>\n<td width=\"327\">\n<p>Hematol\u00f3gia 10:00-11:45<\/p>\n<\/td>\n<td width=\"111\">\n<p>91 005 714 101<\/p>\n<\/td>\n<\/tr>\n<tr>\n<td width=\"327\">\n<p>Mikrobiol\u00f3gia 12:00-13:45<\/p>\n<\/td>\n<td width=\"111\">\n<p>91 266 056 188<\/p>\n<\/td>\n<\/tr>\n<tr>\n<td width=\"327\">\n<p>Magatart\u00e1studom\u00e1ny, pszichi\u00e1tria, pszichol\u00f3gia\u00a0 10:00 &#8211; 12:30<\/p>\n<\/td>\n<td width=\"111\">\n<p>99 849 763 906<\/p>\n<\/td>\n<\/tr>\n<tr>\n<td width=\"327\">\n<p>Radiol\u00f3gia \u00a0\u00a012:45-15:15<\/p>\n<\/td>\n<td width=\"111\">\n<p>94 157 625 432<\/p>\n<\/td>\n<\/tr>\n<\/tbody>\n<\/table>\n<p>&nbsp;<\/p>\n<p><strong>2021.02.11. CS\u00dcT\u00d6RT\u00d6K<\/strong><\/p>\n<table width=\"660\">\n<tbody>\n<tr>\n<td>\n<p><strong>SZEKCI\u00d3<\/strong><\/p>\n<\/td>\n<td>\n<p><strong>ZOOM ID<\/strong><\/p>\n<\/td>\n<\/tr>\n<tr>\n<td width=\"327\">\n<p>Kardiol\u00f3gia, kering\u00e9si betegs\u00e9gek C 9:00-11:30<\/p>\n<\/td>\n<td width=\"127\">\n<p>98 718 055 520<\/p>\n<\/td>\n<\/tr>\n<tr>\n<td width=\"327\">\n<p>Kardiol\u00f3gia, kering\u00e9si betegs\u00e9gek D 11:45-14:15<\/p>\n<\/td>\n<td width=\"127\">\n<p>95 592 230 902<\/p>\n<\/td>\n<\/tr>\n<tr>\n<td width=\"327\">\n<p>Gyermekgy\u00f3gy\u00e1szat A 9:00-10:45<\/p>\n<\/td>\n<td width=\"127\">\n<p>96 453 094 784<\/p>\n<\/td>\n<\/tr>\n<tr>\n<td width=\"327\">\n<p>Gyermekgy\u00f3gy\u00e1szat B 11:00-12:45<\/p>\n<\/td>\n<td width=\"127\">\n<p>96 883 987 550<\/p>\n<\/td>\n<\/tr>\n<tr>\n<td width=\"327\">\n<p>Gyermekgy\u00f3gy\u00e1szat C 13:00-14:45<\/p>\n<\/td>\n<td width=\"127\">\n<p>93 009 452 100<\/p>\n<\/td>\n<\/tr>\n<tr>\n<td width=\"327\">\n<p>Biofizika 9:00-10:45<\/p>\n<\/td>\n<td width=\"127\">\n<p>Z\u00e1rtk\u00f6r\u0171 szekci\u00f3*<\/p>\n<\/td>\n<\/tr>\n<tr>\n<td width=\"327\">\n<p>Genetika, molekul\u00e1ris biol\u00f3gia 11:00-12:45<\/p>\n<\/td>\n<td width=\"127\">\n<p>95 017 919 560<\/p>\n<\/td>\n<\/tr>\n<tr>\n<td width=\"327\">\n<p>Sejtbiol\u00f3gia, sejt\u00e9lettan 13:00-15:15<\/p>\n<\/td>\n<td width=\"127\">\n<p>Z\u00e1rtk\u00f6r\u0171 szekci\u00f3*<\/p>\n<\/td>\n<\/tr>\n<tr>\n<td width=\"327\">\n<p>Gy\u00f3gyszertudom\u00e1nyok B 9:00-11:30<\/p>\n<\/td>\n<td width=\"127\">\n<p>Z\u00e1rtk\u00f6r\u0171 szekci\u00f3*<\/p>\n<\/td>\n<\/tr>\n<tr>\n<td width=\"327\">\n<p>Gy\u00f3gyszertudom\u00e1nyok A\u00a0 11:45-14:15<\/p>\n<\/td>\n<td width=\"127\">\n<p>Z\u00e1rtk\u00f6r\u0171 szekci\u00f3*<\/p>\n<\/td>\n<\/tr>\n<tr>\n<td width=\"327\">\n<p>Biok\u00e9mia, laborat\u00f3riumi diagnosztika 9:00-10:30<\/p>\n<\/td>\n<td width=\"127\">\n<p>92 440 917 578<\/p>\n<\/td>\n<\/tr>\n<tr>\n<td width=\"327\">\n<p>Bioinformatika 10:45-12:30<\/p>\n<\/td>\n<td width=\"127\">\n<p>91 885 992 075<\/p>\n<\/td>\n<\/tr>\n<tr>\n<td width=\"327\">\n<p>Operat\u00edv D 12:45-15:00<\/p>\n<\/td>\n<td width=\"127\">\n<p>99 776 913 409<\/p>\n<\/td>\n<\/tr>\n<tr>\n<td width=\"327\">\n<p>\u00c9lettan, k\u00f3r\u00e9lettan A 9:00-11:00<\/p>\n<\/td>\n<td width=\"127\">\n<p>97 375 139 779<\/p>\n<\/td>\n<\/tr>\n<tr>\n<td width=\"327\">\n<p>\u00c9lettan, k\u00f3r\u00e9lettan B 11:15-13:00<\/p>\n<\/td>\n<td width=\"127\">\n<p>97 193 023 352<\/p>\n<\/td>\n<\/tr>\n<tr>\n<td width=\"327\">\n<p>Onkol\u00f3gia 13:15-15:45<\/p>\n<\/td>\n<td width=\"127\">\n<p>96 212 710 523<\/p>\n<\/td>\n<\/tr>\n<tr>\n<td width=\"327\">\n<p>K\u00f6zeg\u00e9szs\u00e9gtan, epidemiol\u00f3gia B 9:00-11:45<\/p>\n<\/td>\n<td width=\"127\">\n<p>91 067 257 021<\/p>\n<\/td>\n<\/tr>\n<tr>\n<td width=\"327\">\n<p>Farmakol\u00f3gia 12:00-14:00<\/p>\n<\/td>\n<td width=\"127\">\n<p>Z\u00e1rtk\u00f6r\u0171 szekci\u00f3*<\/p>\n<\/td>\n<\/tr>\n<\/tbody>\n<\/table>\n<p>&nbsp;<\/p>\n<p>*A z\u00e1rtk\u00f6r\u0171 szekci\u00f3k hallgat\u00f3i emailben kapj\u00e1k meg a sz\u00fcks\u00e9ges azonos\u00edt\u00f3t \u00e9s jelsz\u00f3t.<\/p>\n<h2><a href=\"https:\/\/semmelweis.hu\/tdk\/files\/2021\/11\/tamogatok_2021.pdf\">A konferencia t\u00e1mogat\u00f3i<\/a><\/h2>\n","protected":false},"excerpt":{"rendered":"<p>Semmelweis Egyetem Tudom\u00e1nyos Di\u00e1kk\u00f6ri Konferencia 2021 A SE Tudom\u00e1nyos Di\u00e1kk\u00f6ri Konferenci\u00e1n az idei \u00e9vben el\u0151sz\u00f6r az Innov\u00e1ci\u00f3s K\u00f6zpont javaslat\u00e1ra a szabadalomhoz k\u00f6thet\u0151 kutat\u00e1sok el\u0151ad\u00e1sai z\u00e1rt k\u00f6rben ker\u00fclnek bemutat\u00e1sra. A titkos\u00edtott el\u0151ad\u00e1sok az adott szekci\u00f3 v\u00e9g\u00e9n ker\u00fclnek megtart\u00e1sra, melyen kiz\u00e1r\u00f3lag a szekci\u00f3 el\u0151ad\u00f3i, a titkos\u00edtott el\u0151ad\u00e1s t\u00e9mavezet\u0151je \u00e9s a\u00a0zs\u0171ritagok vehetnek r\u00e9szt. A szekci\u00f3 t\u00f6bbi el\u0151ad\u00e1sa szabadon &hellip;<\/p>\n","protected":false},"author":101600,"featured_media":0,"parent":4177,"menu_order":0,"comment_status":"closed","ping_status":"closed","template":"","meta":{"_acf_changed":false,"footnotes":""},"categories":[],"tags":[],"class_list":["post-6338","page","type-page","status-publish","hentry"],"acf":[],"publishpress_future_action":{"enabled":false,"date":"1970-01-01 01:00:00","action":"","terms":[],"taxonomy":"","browser_timezone_offset":0},"_links":{"self":[{"href":"https:\/\/semmelweis.hu\/tdk\/wp-json\/wp\/v2\/pages\/6338","targetHints":{"allow":["GET"]}}],"collection":[{"href":"https:\/\/semmelweis.hu\/tdk\/wp-json\/wp\/v2\/pages"}],"about":[{"href":"https:\/\/semmelweis.hu\/tdk\/wp-json\/wp\/v2\/types\/page"}],"author":[{"embeddable":true,"href":"https:\/\/semmelweis.hu\/tdk\/wp-json\/wp\/v2\/users\/101600"}],"replies":[{"embeddable":true,"href":"https:\/\/semmelweis.hu\/tdk\/wp-json\/wp\/v2\/comments?post=6338"}],"version-history":[{"count":11,"href":"https:\/\/semmelweis.hu\/tdk\/wp-json\/wp\/v2\/pages\/6338\/revisions"}],"predecessor-version":[{"id":10873,"href":"https:\/\/semmelweis.hu\/tdk\/wp-json\/wp\/v2\/pages\/6338\/revisions\/10873"}],"up":[{"embeddable":true,"href":"https:\/\/semmelweis.hu\/tdk\/wp-json\/wp\/v2\/pages\/4177"}],"wp:attachment":[{"href":"https:\/\/semmelweis.hu\/tdk\/wp-json\/wp\/v2\/media?parent=6338"}],"wp:term":[{"taxonomy":"category","embeddable":true,"href":"https:\/\/semmelweis.hu\/tdk\/wp-json\/wp\/v2\/categories?post=6338"},{"taxonomy":"post_tag","embeddable":true,"href":"https:\/\/semmelweis.hu\/tdk\/wp-json\/wp\/v2\/tags?post=6338"}],"curies":[{"name":"wp","href":"https:\/\/api.w.org\/{rel}","templated":true}]}}