{"id":4239,"date":"2019-06-10T16:42:45","date_gmt":"2019-06-10T14:42:45","guid":{"rendered":"http:\/\/semmelweis.hu\/tdk\/?page_id=4239"},"modified":"2024-07-03T09:41:00","modified_gmt":"2024-07-03T07:41:00","slug":"egyeb-konferenciak","status":"publish","type":"page","link":"https:\/\/semmelweis.hu\/tdk\/tudomanyos-diakkori-konferenciak\/egyeb-konferenciak\/","title":{"rendered":"Egy\u00e9b konferenci\u00e1k"},"content":{"rendered":"<div class=\"keretes w-100\">\n<p style=\"text-align: justify;\">A Semmelweis Egyetem Tudom\u00e1nyos Di\u00e1kk\u00f6ri Tan\u00e1csa rendszeresen <span style=\"font-size: 1rem;\">k\u00fcld <\/span><span style=\"font-size: 1rem;\">deleg\u00e1ci\u00f3t hazai, k\u00fclhoni \u00e9s k\u00fclf\u00f6ldi partnerint\u00e9zm\u00e9nyek \u00e1ltal szervezett tudom\u00e1nyos konferenci\u00e1kra. Az elm\u00falt \u00e9vekben hallgat\u00f3ink sikeresen szerepeltek a <a href=\"https:\/\/semmelweis.hu\/tdk\/tudomanyos-diakkori-konferenciak\/marosvasarhelyi-tdk-konferencia-mtdk\/\">marosv\u00e1s\u00e1rhelyi<\/a>, voronyezsi, coimbrai, bakui, moszkvai TDK konferenci\u00e1kon is. Emellett a <a href=\"https:\/\/semmelweis.hu\/tdk\/tudomanyos-diakkori-konferenciak\/hmaa-nyari-konferencia\/\" target=\"_blank\" rel=\"noopener\">HMAA Ny\u00e1ri Konferencia<\/a>, a <a href=\"https:\/\/semmelweis.hu\/szakkollegium\/\" target=\"_blank\" rel=\"noopener\">Kor\u00e1nyi Tudom\u00e1nyos Napok<\/a>, a <a href=\"https:\/\/semmelweis.hu\/symposium\/\" target=\"_blank\" rel=\"noopener\">Semmelweis Symposium<\/a> \u00e9s egy\u00e9b konferenci\u00e1k is k\u00edn\u00e1lnak az \u00e9rdekl\u0151d\u0151 hallgat\u00f3k sz\u00e1m\u00e1ra r\u00e9szv\u00e9teli lehet\u0151s\u00e9get.<\/span><\/p>\n<\/div>\n<div class=\"lead\" style=\"text-align: justify;\"><span style=\"font-size: 1rem;\">A Semmelweis Egyetem Tudom\u00e1nyos Di\u00e1kk\u00f6ri Tan\u00e1csa lehet\u0151s\u00e9g szerint t\u00e1mogatja az egyetem hallgat\u00f3inak r\u00e9szv\u00e9tel\u00e9t, ennek \u00e9rdek\u00e9ben minden \u00e9vben p\u00e1ly\u00e1zatot hirdet a regisztr\u00e1ci\u00f3s k\u00f6lts\u00e9g megt\u00e9r\u00edt\u00e9s\u00e9re a rendelkez\u00e9sre \u00e1ll\u00f3 keretig.\u00a0<\/span><\/div>\n<div>    \r\n    <div id=\"import-title\">\r\n      \r\n      <div class=\"section-row row my-2 pr-0 ml-0 mb-3\">\r\n        <div class=\"col-12 col-md-auto section-title\">\r\n          <h2 style=\"margin-top: 0;\">Aktu\u00e1lis felh\u00edv\u00e1sok<\/h2>\r\n        <\/div>\r\n        <div class=\"col section-divider px-0 mx-2 event-mobil-hidden d-none d-md-block\"><\/div>\r\n        <div class=\"col col-md-auto section-link text-uppercase px-0 event-mobil-hidden d-none d-md-block mr-5\">\r\n                      <h5 class=\"m-0\" style=\"width: fit-content;\"><a href=\"https:\/\/semmelweis.hu\/tdk\/tag\/egyeb-konferencia-felhivasok\/\" target=\"_self\">\u00d6sszes cikk<\/a><\/h5>\r\n                  <\/div>\r\n      <\/div>\r\n        \r\n    <\/div>\r\n\r\n\r\n    <div class=\"import-posts row ml-0 mr-0\">\r\n      \r\n\r\n      \r\n\r\n        <article class=\"list-format post-10293 post type-post status-publish format-standard hentry category-palyazatok tag-egyeb-konferencia-felhivasok tag-hmaa\">\r\n          <div class=\"row mb-2 mx-0 p-2 mr-2 mr-lg-0\" style=\"border: 1px solid #DFE3E6;\">\r\n            \r\n            <div class=\"col px-normal px-lg-0\">\r\n              <div class=\"row w-100 mx-0\">\r\n                                <div class=\"entry-summary col-12  px-0\">\r\n                  <div class=\"col-12 mb-2 px-0\">\r\n                    <h3 class=\"entry-title mb-1\"><a target=\"_self\" href=\"https:\/\/semmelweis.hu\/tdk\/2024\/05\/27\/jelentkezes-a-2024-es-hmaa-konferencian-torteno-reszvetel-tamogatasara\/\">Jelentkez\u00e9s a 2024-es HMAA konferenci\u00e1n t\u00f6rt\u00e9n\u0151 r\u00e9szv\u00e9tel t\u00e1mogat\u00e1s\u00e1ra<\/a><\/h3>\r\n                    <h6 class=\"entry-meta text-uppercase\">\r\n                      <time class=\"mr-3\" datetime=\"2024-05-27T12:53:56+00:00\">2024. m\u00e1jus 27.  h\u00e9tf\u0151 14:53<\/time>\r\n                    <\/h6>\r\n                  <\/div>\r\n                  <p>Az Amerikai Magyar Orvosi Sz\u00f6vets\u00e9g \u2013 Magyarorsz\u00e1gi Tagozata (HMAA-HC) id\u00e9n is megszervezi hagyom\u00e1nyos ny\u00e1ri konferenci\u00e1j\u00e1t. \u00a0 1) A 2024. \u00e9vi HMAA konferenci\u00e1r\u00f3l: \u00a0 A konferencia id\u0151pontja: 2024. szeptember 6-7. A konferencia helysz\u00edne:\u00a0Villapark V\u00e1rgesztes, 2824 V\u00e1rgesztes, Hrsz. 201 25. \u00a0 A konferenci\u00e1ra t\u00f6rt\u00e9n\u0151 regisztr\u00e1ci\u00f3 \u00e9s az absztrakt lead\u00e1s egyszerre t\u00f6rt\u00e9nik. Egy el\u0151ad\u00f3 egy, kiz\u00e1r\u00f3lag angol nyelv\u0171 &hellip;<\/p>\n                <\/div>\r\n              <\/div>\r\n            <\/div>\r\n          <\/div>\r\n        <\/article>\r\n        <hr \/>\r\n      \r\n\r\n        <article class=\"list-format post-9644 post type-post status-publish format-standard hentry category-hirek-hu tag-egyeb-konferencia-felhivasok\">\r\n          <div class=\"row mb-2 mx-0 p-2 mr-2 mr-lg-0\" style=\"border: 1px solid #DFE3E6;\">\r\n            \r\n            <div class=\"col px-normal px-lg-0\">\r\n              <div class=\"row w-100 mx-0\">\r\n                                <div class=\"entry-summary col-12  px-0\">\r\n                  <div class=\"col-12 mb-2 px-0\">\r\n                    <h3 class=\"entry-title mb-1\"><a target=\"_self\" href=\"https:\/\/semmelweis.hu\/tdk\/2023\/12\/14\/xxviii-koranyi-frigyes-tudomanyos-forum-2024-aprilis-9-10\/\">XXVIII. Kor\u00e1nyi Frigyes Tudom\u00e1nyos F\u00f3rum &#8211; 2024. \u00e1prilis 9-10.<\/a><\/h3>\r\n                    <h6 class=\"entry-meta text-uppercase\">\r\n                      <time class=\"mr-3\" datetime=\"2023-12-14T10:31:32+00:00\">2023. december 14.  cs\u00fct\u00f6rt\u00f6k 11:31<\/time>\r\n                    <\/h6>\r\n                  <\/div>\r\n                  <p>A Kor\u00e1nyi Frigyes Szakkoll\u00e9gium szeretettel h\u00edv minden \u00e9rdekl\u0151d\u0151t tudom\u00e1nyos konferenci\u00e1j\u00e1ra. A XXVIII. Kor\u00e1nyi Frigyes Tudom\u00e1nyos F\u00f3rum\u00a02024. \u00e1prilis 9-10. k\u00f6z\u00f6tt\u00a0ker\u00fcl megrendez\u00e9sre a Kor\u00e1nyi Frigyes Szakkoll\u00e9giumban. Az elm\u00falt \u00e9vekhez hasonl\u00f3an a\u00a0konferencia c\u00e9lja, hogy k\u00f6z\u00f6s rendezv\u00e9ny keret\u00e9ben biztos\u00edtson el\u0151ad\u00e1si lehet\u0151s\u00e9get a tudom\u00e1nyos di\u00e1kk\u00f6ri munk\u00e1t v\u00e9gz\u0151 orvos-, fogorvos- \u00e9s gy\u00f3gyszer\u00e9szhallgat\u00f3k sz\u00e1m\u00e1ra. Az el\u0151ad\u00e1sokat nemzetk\u00f6zileg is elismert szaktekint\u00e9lyek b\u00edr\u00e1lj\u00e1k majd. &hellip;<\/p>\n                <\/div>\r\n              <\/div>\r\n            <\/div>\r\n          <\/div>\r\n        <\/article>\r\n        <hr \/>\r\n      \r\n\r\n        <article class=\"list-format post-8793 post type-post status-publish format-standard hentry category-hirek-hu tag-egyeb-konferencia-felhivasok tag-konferenciak\">\r\n          <div class=\"row mb-2 mx-0 p-2 mr-2 mr-lg-0\" style=\"border: 1px solid #DFE3E6;\">\r\n            \r\n            <div class=\"col px-normal px-lg-0\">\r\n              <div class=\"row w-100 mx-0\">\r\n                                <div class=\"entry-summary col-12  px-0\">\r\n                  <div class=\"col-12 mb-2 px-0\">\r\n                    <h3 class=\"entry-title mb-1\"><a target=\"_self\" href=\"https:\/\/semmelweis.hu\/tdk\/2022\/12\/29\/hundoc-students-conference-2023\/\">HunDoC\u00a0Students&#8217; Conference 2023<\/a><\/h3>\r\n                    <h6 class=\"entry-meta text-uppercase\">\r\n                      <time class=\"mr-3\" datetime=\"2022-12-29T06:57:52+00:00\">2022. december 29.  cs\u00fct\u00f6rt\u00f6k 07:57<\/time>\r\n                    <\/h6>\r\n                  <\/div>\r\n                  <p>Dear Students and Young Postdocs, \u00a0 We are pleased to inform you that the\u00a0HunDoC\u00a0students&#8217; conference deadline has been extended until the\u00a031st of December. \u00a0 Every participant must submit an abstract, but you can choose whether to present your data through an A4 miniposter, oral presentation, or elevator speech. We assure you that finished, ongoing and &hellip;<\/p>\n                <\/div>\r\n              <\/div>\r\n            <\/div>\r\n          <\/div>\r\n        <\/article>\r\n        <hr \/>\r\n      \r\n\r\n        <article class=\"list-format post-8762 post type-post status-publish format-standard hentry category-hirek-hu tag-egyeb-konferencia-felhivasok tag-konferenciak\">\r\n          <div class=\"row mb-2 mx-0 p-2 mr-2 mr-lg-0\" style=\"border: 1px solid #DFE3E6;\">\r\n            \r\n            <div class=\"col px-normal px-lg-0\">\r\n              <div class=\"row w-100 mx-0\">\r\n                                <div class=\"entry-summary col-12  px-0\">\r\n                  <div class=\"col-12 mb-2 px-0\">\r\n                    <h3 class=\"entry-title mb-1\"><a target=\"_self\" href=\"https:\/\/semmelweis.hu\/tdk\/2022\/12\/19\/xxvii-koranyi-frigyes-tudomanyos-forum-2023-03-17-18\/\">XXVII. Kor\u00e1nyi Frigyes Tudom\u00e1nyos F\u00f3rum 2023. 03. 17-18.<\/a><\/h3>\r\n                    <h6 class=\"entry-meta text-uppercase\">\r\n                      <time class=\"mr-3\" datetime=\"2022-12-19T10:22:21+00:00\">2022. december 19.  h\u00e9tf\u0151 11:22<\/time>\r\n                    <\/h6>\r\n                  <\/div>\r\n                  <p>Tisztelt Hallgat\u00f3! A Kor\u00e1nyi Frigyes Szakkoll\u00e9gium szeretettel h\u00edv minden \u00e9rdekl\u0151d\u0151t tudom\u00e1nyos konferenci\u00e1j\u00e1ra. A XXVII. Kor\u00e1nyi Frigyes Tudom\u00e1nyos F\u00f3rumot\u00a02023. m\u00e1rcius 17-18. k\u00f6z\u00f6tt\u00a0rendezz\u00fck a Szakkoll\u00e9giumban. Az el\u0151z\u0151 \u00e9vekhez hasonl\u00f3an a\u00a0Konferencia c\u00e9lja, hogy k\u00f6z\u00f6s rendezv\u00e9ny keret\u00e9ben biztos\u00edtson el\u0151ad\u00e1si lehet\u0151s\u00e9get a tudom\u00e1nyos di\u00e1kk\u00f6ri munk\u00e1ban r\u00e9szt v\u00e1llal\u00f3 orvos-, fogorvos- \u00e9s gy\u00f3gyszer\u00e9szhallgat\u00f3k sz\u00e1m\u00e1ra. Az el\u0151ad\u00e1sokat nemzetk\u00f6zileg is elismert szaktekint\u00e9lyek b\u00edr\u00e1lj\u00e1k, majd &hellip;<\/p>\n                <\/div>\r\n              <\/div>\r\n            <\/div>\r\n          <\/div>\r\n        <\/article>\r\n        <hr \/>\r\n      \r\n\r\n        <article class=\"list-format post-8729 post type-post status-publish format-standard hentry category-hirek-hu tag-egyeb-konferencia-felhivasok tag-konferenciak\">\r\n          <div class=\"row mb-2 mx-0 p-2 mr-2 mr-lg-0\" style=\"border: 1px solid #DFE3E6;\">\r\n            \r\n            <div class=\"col px-normal px-lg-0\">\r\n              <div class=\"row w-100 mx-0\">\r\n                                <div class=\"entry-summary col-12  px-0\">\r\n                  <div class=\"col-12 mb-2 px-0\">\r\n                    <h3 class=\"entry-title mb-1\"><a target=\"_self\" href=\"https:\/\/semmelweis.hu\/tdk\/2022\/12\/05\/online-konferencia-felhivas-2023-xix-international-burdenko-scientific-conference\/\">ONLINE KONFERENCIA FELH\u00cdV\u00c1S 2023- XIX. INTERNATIONAL BURDENKO SCIENTIFIC CONFERENCE<\/a><\/h3>\r\n                    <h6 class=\"entry-meta text-uppercase\">\r\n                      <time class=\"mr-3\" datetime=\"2022-12-05T11:19:38+00:00\">2022. december 5.  h\u00e9tf\u0151 12:19<\/time>\r\n                    <\/h6>\r\n                  <\/div>\r\n                  <p>A XIX.\u00a0INTERNATIONAL BURDENKO SCIENTIFIC CONFERENCE\u00a0nemzetk\u00f6zi konferencia 2023. \u00e1prilis 20-22. k\u00f6z\u00f6tt ker\u00fcl megrendez\u00e9sre.\u00a0<br \/>\n<a href=\"https:\/\/semmelweis.hu\/tdk\/files\/2022\/12\/XIX-INTERNATIONAL-BURDENKO-SCIENTIFIC_2023.pptx\">A felh\u00edv\u00e1s itt el\u00e9rhet\u0151.<\/a><\/p>\n                <\/div>\r\n              <\/div>\r\n            <\/div>\r\n          <\/div>\r\n        <\/article>\r\n        <hr \/>\r\n      \r\n\r\n        <article class=\"list-format post-8067 post type-post status-publish format-standard hentry category-hirek-hu tag-egyeb-konferencia-felhivasok tag-konferenciak\">\r\n          <div class=\"row mb-2 mx-0 p-2 mr-2 mr-lg-0\" style=\"border: 1px solid #DFE3E6;\">\r\n            \r\n            <div class=\"col px-normal px-lg-0\">\r\n              <div class=\"row w-100 mx-0\">\r\n                                <div class=\"entry-summary col-12  px-0\">\r\n                  <div class=\"col-12 mb-2 px-0\">\r\n                    <h3 class=\"entry-title mb-1\"><a target=\"_self\" href=\"https:\/\/semmelweis.hu\/tdk\/2022\/03\/31\/magyar-sebesz-tarsasag-kiserletes-sebeszeti-szekcio-xxix-kongresszusa\/\">Magyar Seb\u00e9sz T\u00e1rsas\u00e1g K\u00eds\u00e9rletes Seb\u00e9szeti Szekci\u00f3 XXIX. Kongresszusa<\/a><\/h3>\r\n                    <h6 class=\"entry-meta text-uppercase\">\r\n                      <time class=\"mr-3\" datetime=\"2022-03-31T06:36:22+00:00\">2022. m\u00e1rcius 31.  cs\u00fct\u00f6rt\u00f6k 08:36<\/time>\r\n                    <\/h6>\r\n                  <\/div>\r\n                  <p>A Magyar Seb\u00e9sz T\u00e1rsas\u00e1g K\u00eds\u00e9rletes Seb\u00e9szeti Szekci\u00f3 XXIX. Kongresszusa Debrecenben, 2022. szeptember 8\u201110. k\u00f6z\u00f6tt ker\u00fcl megrendez\u00e9sre.\u00a0<br \/>\nR\u00e9szletes inform\u00e1ci\u00f3 itt olvashat\u00f3:<br \/>\n<a href=\"https:\/\/semmelweis.hu\/tdk\/files\/2022\/03\/Magyar-Sebesz-Tarsasag-XXIX.-Kongresszus.pdf\">Magyar Seb\u00e9sz T\u00e1rsas\u00e1g XXIX. Kongresszus<\/a><\/p>\n                <\/div>\r\n              <\/div>\r\n            <\/div>\r\n          <\/div>\r\n        <\/article>\r\n        <hr \/>\r\n      \r\n\r\n        <article class=\"list-format post-8005 post type-post status-publish format-standard hentry category-hirek-hu tag-egyeb-konferencia-felhivasok tag-konferenciak\">\r\n          <div class=\"row mb-2 mx-0 p-2 mr-2 mr-lg-0\" style=\"border: 1px solid #DFE3E6;\">\r\n            \r\n            <div class=\"col px-normal px-lg-0\">\r\n              <div class=\"row w-100 mx-0\">\r\n                                <div class=\"entry-summary col-12  px-0\">\r\n                  <div class=\"col-12 mb-2 px-0\">\r\n                    <h3 class=\"entry-title mb-1\"><a target=\"_self\" href=\"https:\/\/semmelweis.hu\/tdk\/2022\/02\/21\/second-open-semmelweis-science-and-business-forum\/\">Second Open Semmelweis Science and Business Forum<\/a><\/h3>\r\n                    <h6 class=\"entry-meta text-uppercase\">\r\n                      <time class=\"mr-3\" datetime=\"2022-02-21T12:15:33+00:00\">2022. febru\u00e1r 21.  h\u00e9tf\u0151 13:15<\/time>\r\n                    <\/h6>\r\n                  <\/div>\r\n                  <p>INVITATION Dear Madam, Dear Sir, We would like to kindly invite you to the Second Open Semmelweis Science and Business Forum Organized by the RDI Business Development Center On the 3rd March 2022, 16:00-18:00 (Thursday) The meeting will take place in the Semmelweis Salon (1085 Budapest, \u00dcll\u0151i street 26.) The Patron of the franchise event &hellip;<\/p>\n                <\/div>\r\n              <\/div>\r\n            <\/div>\r\n          <\/div>\r\n        <\/article>\r\n        <hr \/>\r\n      \r\n\r\n        <article class=\"list-format post-7763 post type-post status-publish format-standard hentry category-hirek-hu tag-egyeb-konferencia-felhivasok tag-konferenciak\">\r\n          <div class=\"row mb-2 mx-0 p-2 mr-2 mr-lg-0\" style=\"border: 1px solid #DFE3E6;\">\r\n            \r\n            <div class=\"col px-normal px-lg-0\">\r\n              <div class=\"row w-100 mx-0\">\r\n                                <div class=\"entry-summary col-12  px-0\">\r\n                  <div class=\"col-12 mb-2 px-0\">\r\n                    <h3 class=\"entry-title mb-1\"><a target=\"_self\" href=\"https:\/\/semmelweis.hu\/tdk\/2021\/12\/02\/call-for-abstracts-4th-recoop-international-student-conference-prague-2022\/\">Call for Abstracts &#8211; 4th\u00a0RECOOP International Student Conference, Prague 2022<\/a><\/h3>\r\n                    <h6 class=\"entry-meta text-uppercase\">\r\n                      <time class=\"mr-3\" datetime=\"2021-12-02T09:49:38+00:00\">2021. december 2.  cs\u00fct\u00f6rt\u00f6k 10:49<\/time>\r\n                    <\/h6>\r\n                  <\/div>\r\n                  <p>Call for Abstracts &#8211; 4th RECOOP International Student Conference, Prague 2022 Dear Participants; As part of the upcoming RECOOP Conferences, we will hold the 4th RECOOP International Student Conference (ISC) in Prague on April 7, 2022 (Thursday). \u00a0The participating students from the RECOOP Member organizations could stay for the 17th RECOOP Bridges in Life Sciences &hellip;<\/p>\n                <\/div>\r\n              <\/div>\r\n            <\/div>\r\n          <\/div>\r\n        <\/article>\r\n        <hr \/>\r\n      \r\n\r\n        <article class=\"list-format post-7559 post type-post status-publish format-standard hentry category-hirek-hu tag-egyeb-konferencia-felhivasok tag-konferenciak\">\r\n          <div class=\"row mb-2 mx-0 p-2 mr-2 mr-lg-0\" style=\"border: 1px solid #DFE3E6;\">\r\n            \r\n            <div class=\"col px-normal px-lg-0\">\r\n              <div class=\"row w-100 mx-0\">\r\n                                <div class=\"entry-summary col-12  px-0\">\r\n                  <div class=\"col-12 mb-2 px-0\">\r\n                    <h3 class=\"entry-title mb-1\"><a target=\"_self\" href=\"https:\/\/semmelweis.hu\/tdk\/semmelweis-symposium-2021\/\">Semmelweis Symposium 2021<\/a><\/h3>\r\n                    <h6 class=\"entry-meta text-uppercase\">\r\n                      <time class=\"mr-3\" datetime=\"2021-10-22T09:29:22+00:00\">2021. okt\u00f3ber 22.  p\u00e9ntek 11:29<\/time>\r\n                    <\/h6>\r\n                  <\/div>\r\n                                  <\/div>\r\n              <\/div>\r\n            <\/div>\r\n          <\/div>\r\n        <\/article>\r\n        <hr \/>\r\n      \r\n\r\n        <article class=\"list-format post-7521 post type-post status-publish format-standard hentry category-hirek-hu tag-egyeb-konferencia-felhivasok tag-konferenciak\">\r\n          <div class=\"row mb-2 mx-0 p-2 mr-2 mr-lg-0\" style=\"border: 1px solid #DFE3E6;\">\r\n            \r\n            <div class=\"col px-normal px-lg-0\">\r\n              <div class=\"row w-100 mx-0\">\r\n                                <div class=\"entry-summary col-12  px-0\">\r\n                  <div class=\"col-12 mb-2 px-0\">\r\n                    <h3 class=\"entry-title mb-1\"><a target=\"_self\" href=\"https:\/\/semmelweis.hu\/symposium\/en\/semmelweis-symposium-2021\/\">SEMMELWEIS SYMPOSIUM 2021<\/a><\/h3>\r\n                    <h6 class=\"entry-meta text-uppercase\">\r\n                      <time class=\"mr-3\" datetime=\"2021-10-13T11:08:15+00:00\">2021. okt\u00f3ber 13.  szerda 13:08<\/time>\r\n                    <\/h6>\r\n                  <\/div>\r\n                                  <\/div>\r\n              <\/div>\r\n            <\/div>\r\n          <\/div>\r\n        <\/article>\r\n        <hr \/>\r\n                  <div class=\"section-row row w-100 mt-2 mb-2\">\r\n        <div class=\"col-7 section-divider px-0 mx-2 d-md-none\"><\/div>\r\n          <div class=\"col-4 d-block d-md-none text-uppercase px-0 section-link ml-2\">\r\n            <h5 class=\"m-0\" style=\"width: fit-content;\"><a href=\"https:\/\/semmelweis.hu\/tdk\/tag\/\/\" target=\"_self\"> \u00d6sszes cikk><\/a><\/h5>\r\n            \r\n        <\/div>\r\n      <\/div>\r\n\r\n    <\/div><!-- \/.import-posts -->\r\n\r\n<\/div>\n","protected":false},"excerpt":{"rendered":"","protected":false},"author":101600,"featured_media":0,"parent":4144,"menu_order":5,"comment_status":"closed","ping_status":"closed","template":"template-fullwidth.php","meta":{"_acf_changed":false,"footnotes":""},"categories":[],"tags":[],"class_list":["post-4239","page","type-page","status-publish","hentry"],"acf":[],"publishpress_future_action":{"enabled":false,"date":"1970-01-01 01:00:00","action":"","terms":[],"taxonomy":"","browser_timezone_offset":0},"_links":{"self":[{"href":"https:\/\/semmelweis.hu\/tdk\/wp-json\/wp\/v2\/pages\/4239","targetHints":{"allow":["GET"]}}],"collection":[{"href":"https:\/\/semmelweis.hu\/tdk\/wp-json\/wp\/v2\/pages"}],"about":[{"href":"https:\/\/semmelweis.hu\/tdk\/wp-json\/wp\/v2\/types\/page"}],"author":[{"embeddable":true,"href":"https:\/\/semmelweis.hu\/tdk\/wp-json\/wp\/v2\/users\/101600"}],"replies":[{"embeddable":true,"href":"https:\/\/semmelweis.hu\/tdk\/wp-json\/wp\/v2\/comments?post=4239"}],"version-history":[{"count":10,"href":"https:\/\/semmelweis.hu\/tdk\/wp-json\/wp\/v2\/pages\/4239\/revisions"}],"predecessor-version":[{"id":10937,"href":"https:\/\/semmelweis.hu\/tdk\/wp-json\/wp\/v2\/pages\/4239\/revisions\/10937"}],"up":[{"embeddable":true,"href":"https:\/\/semmelweis.hu\/tdk\/wp-json\/wp\/v2\/pages\/4144"}],"wp:attachment":[{"href":"https:\/\/semmelweis.hu\/tdk\/wp-json\/wp\/v2\/media?parent=4239"}],"wp:term":[{"taxonomy":"category","embeddable":true,"href":"https:\/\/semmelweis.hu\/tdk\/wp-json\/wp\/v2\/categories?post=4239"},{"taxonomy":"post_tag","embeddable":true,"href":"https:\/\/semmelweis.hu\/tdk\/wp-json\/wp\/v2\/tags?post=4239"}],"curies":[{"name":"wp","href":"https:\/\/api.w.org\/{rel}","templated":true}]}}