{"id":1810,"date":"2016-10-06T00:00:00","date_gmt":"2016-10-05T22:00:00","guid":{"rendered":"http:\/\/semmelweis.hu\/tdk\/88-39202\/"},"modified":"2024-05-08T14:58:56","modified_gmt":"2024-05-08T12:58:56","slug":"mentalhigiene","status":"publish","type":"page","link":"https:\/\/semmelweis.hu\/tdk\/tdk-temak-es-temavezetok\/ekk\/mentalhigiene\/","title":{"rendered":"Ment\u00e1lhigi\u00e9n\u00e9 Int\u00e9zet"},"content":{"rendered":"<p>Dr. Sz\u00e9man Zsuzsa<br \/>\n\u00a0\u00a0\u00a0 Id\u0151sek gondoz\u00e1sa a csal\u00e1dban<br \/>\n\u00a0\u00a0\u00a0 Az infokommunik\u00e1ci\u00f3 szerepe az id\u0151sell\u00e1t\u00e1sban<br \/>\n\u00a0\u00a0\u00a0 Az infokommunik\u00e1ci\u00f3 szerepe az id\u0151sek \u00e9let\u00e9ben<br \/>\n\u00a0\u00a0\u00a0 Innov\u00e1ci\u00f3k az id\u0151sell\u00e1t\u00e1sban<br \/>\n\u00a0\u00a0\u00a0 Az infokommunik\u00e1ci\u00f3 szerepe az intergener\u00e1ci\u00f3s kapcsolatokban<br \/>\n\u00a0\u00a0\u00a0 Id\u0151sbar\u00e1t k\u00f6rnyezet<\/p>\n<p>Dr. T\u00f6r\u00f6k Szabolcs<br \/>\n\u00a0\u00a0\u00a0 \u00c9rzelem F\u00f3kusz\u00fa P\u00e1rter\u00e1pia intervenci\u00f3s eszk\u00f6zt\u00e1r\u00e1nak vizsg\u00e1lata. (Angol nyelvtud\u00e1s sz\u00fcks\u00e9ges)<br \/>\n\u00a0\u00a0\u00a0 Az \u00c9rzelem F\u00f3kusz\u00fa P\u00e1rterapeuta k\u00e9pz\u00e9si folyamat hat\u00e1svizsg\u00e1lata<br \/>\n\u00a0\u00a0\u00a0 A kr\u00f3nikusan beteg gyermeket nevel\u0151 csal\u00e1dok saj\u00e1toss\u00e1gai rendszerszeml\u00e9let\u0171 megk\u00f6zel\u00edt\u00e9sben<\/p>\n<p>Dr. Pethesn\u00e9 D\u00e1vid Be\u00e1ta<br \/>\n\u00a0\u00a0\u00a0 Szoci\u00e1lis munka kapcsolath\u00e1l\u00f3zati megk\u00f6zel\u00edt\u00e9sben. Egy\u00e9ni \u00e9s int\u00e9zm\u00e9nyi szint<br \/>\n\u00a0\u00a0\u00a0 Civil \u00e9s k\u00f6z\u00f6ss\u00e9gi r\u00e9szv\u00e9tel. A T\u00e1rsadalmi t\u0151ke megjelen\u00e9se \u00e9s meger\u0151s\u00edt\u00e9se<br \/>\n\u00a0\u00a0\u00a0 Csal\u00e1di kapcsolatok, csal\u00e1dstrukt\u00far\u00e1k<\/p>\n<p>Dr. Danis Ildik\u00f3<br \/>\n\u00a0\u00a0\u00a0 Egy\u00e9ni, csal\u00e1di \u00e9s t\u00e1gabb k\u00f6rnyezeti t\u00e9nyez\u0151k a sz\u00fcl\u0151v\u00e9 v\u00e1l\u00e1s \u00e9s a korai sz\u00fcl\u0151-gyermek kapcsolat<br \/>\n\u00a0 \u00a0 h\u00e1tter\u00e9ben<br \/>\n\u00a0\u00a0\u00a0 Kock\u00e1zati- \u00e9s v\u00e9d\u0151faktorok a sz\u00fcl\u0151i- \u00e9s koragyermekkori lelki eg\u00e9szs\u00e9g h\u00e1tter\u00e9ben<\/p>\n<p>Dr. Asztalos Bernadett<br \/>\n\u00a0\u00a0\u00a0 A non-direkt\u00edv seg\u00edt\u00e9s t\u00e1maszny\u00fajt\u00f3 lehet\u0151s\u00e9gei\u00a0 a seg\u00edt\u0151 hivat\u00e1s\u00faakn\u00e1l<\/p>\n<p>Dr. Pilinszki Attila<br \/>\n\u00a0\u00a0\u00a0 A medi\u00e1ci\u00f3 lehet\u0151s\u00e9gei a szoci\u00e1lis munk\u00e1ban<br \/>\n\u00a0\u00a0\u00a0 Az alternat\u00edv vitarendez\u00e9s form\u00e1i &#8211; egy\u00e9ni \u00e9s k\u00f6z\u00f6ss\u00e9gi szinten<br \/>\n\u00a0\u00a0\u00a0 Innov\u00e1ci\u00f3k a szoci\u00e1lis munka ter\u00fclet\u00e9n<\/p>\n","protected":false},"excerpt":{"rendered":"<p>Dr. Sz\u00e9man Zsuzsa \u00a0\u00a0\u00a0 Id\u0151sek gondoz\u00e1sa a csal\u00e1dban \u00a0\u00a0\u00a0 Az infokommunik\u00e1ci\u00f3 szerepe az id\u0151sell\u00e1t\u00e1sban \u00a0\u00a0\u00a0 Az infokommunik\u00e1ci\u00f3 szerepe az id\u0151sek \u00e9let\u00e9ben \u00a0\u00a0\u00a0 Innov\u00e1ci\u00f3k az id\u0151sell\u00e1t\u00e1sban \u00a0\u00a0\u00a0 Az infokommunik\u00e1ci\u00f3 szerepe az intergener\u00e1ci\u00f3s kapcsolatokban \u00a0\u00a0\u00a0 Id\u0151sbar\u00e1t k\u00f6rnyezet Dr. T\u00f6r\u00f6k Szabolcs \u00a0\u00a0\u00a0 \u00c9rzelem F\u00f3kusz\u00fa P\u00e1rter\u00e1pia intervenci\u00f3s eszk\u00f6zt\u00e1r\u00e1nak vizsg\u00e1lata. (Angol nyelvtud\u00e1s sz\u00fcks\u00e9ges) \u00a0\u00a0\u00a0 Az \u00c9rzelem F\u00f3kusz\u00fa P\u00e1rterapeuta k\u00e9pz\u00e9si folyamat &hellip;<\/p>\n","protected":false},"author":158,"featured_media":0,"parent":10056,"menu_order":1,"comment_status":"closed","ping_status":"closed","template":"","meta":{"_acf_changed":false,"footnotes":""},"categories":[],"tags":[],"class_list":["post-1810","page","type-page","status-publish","hentry"],"acf":[],"publishpress_future_action":{"enabled":false,"date":"1970-01-01 01:00:00","action":"","terms":[],"taxonomy":"","browser_timezone_offset":0},"_links":{"self":[{"href":"https:\/\/semmelweis.hu\/tdk\/wp-json\/wp\/v2\/pages\/1810","targetHints":{"allow":["GET"]}}],"collection":[{"href":"https:\/\/semmelweis.hu\/tdk\/wp-json\/wp\/v2\/pages"}],"about":[{"href":"https:\/\/semmelweis.hu\/tdk\/wp-json\/wp\/v2\/types\/page"}],"author":[{"embeddable":true,"href":"https:\/\/semmelweis.hu\/tdk\/wp-json\/wp\/v2\/users\/158"}],"replies":[{"embeddable":true,"href":"https:\/\/semmelweis.hu\/tdk\/wp-json\/wp\/v2\/comments?post=1810"}],"version-history":[{"count":4,"href":"https:\/\/semmelweis.hu\/tdk\/wp-json\/wp\/v2\/pages\/1810\/revisions"}],"predecessor-version":[{"id":10129,"href":"https:\/\/semmelweis.hu\/tdk\/wp-json\/wp\/v2\/pages\/1810\/revisions\/10129"}],"up":[{"embeddable":true,"href":"https:\/\/semmelweis.hu\/tdk\/wp-json\/wp\/v2\/pages\/10056"}],"wp:attachment":[{"href":"https:\/\/semmelweis.hu\/tdk\/wp-json\/wp\/v2\/media?parent=1810"}],"wp:term":[{"taxonomy":"category","embeddable":true,"href":"https:\/\/semmelweis.hu\/tdk\/wp-json\/wp\/v2\/categories?post=1810"},{"taxonomy":"post_tag","embeddable":true,"href":"https:\/\/semmelweis.hu\/tdk\/wp-json\/wp\/v2\/tags?post=1810"}],"curies":[{"name":"wp","href":"https:\/\/api.w.org\/{rel}","templated":true}]}}