{"id":57,"date":"2013-04-17T15:35:17","date_gmt":"2013-04-17T13:35:17","guid":{"rendered":"http:\/\/semmelweis-egyetem.hu\/sugarvedelem\/?page_id=57"},"modified":"2026-04-27T10:11:44","modified_gmt":"2026-04-27T08:11:44","slug":"bovitett-fokozatu-sugarvedelmi-tanfolyam","status":"publish","type":"page","link":"https:\/\/semmelweis.hu\/sugarvedelem\/oktatas\/bovitett-fokozatu-sugarvedelmi-tanfolyam\/","title":{"rendered":"B\u0151v\u00edtett fokozat\u00fa sug\u00e1rv\u00e9delmi tanfolyam"},"content":{"rendered":"<p align=\"center\"><b><i>A k\u00f6vetkez\u0151 b\u0151v\u00edtett fokozat\u00fa sug\u00e1rv\u00e9delmi tanfolyam\u00a0 2026. j\u00fanius 1-8. k\u00f6z\u00f6tt lesz. Az el\u0151ad\u00e1sok j\u00fanius 1-4 k\u00f6z\u00f6tt lesznek az EOK B\u00e9k\u00e9sy Gy\u00f6rgy term\u00e9ben, a vizsga j\u00fanius 8-\u00e1n 8:15-kor az EOK B\u00e9k\u00e9sy Gy\u00f6rgy term\u00e9ben.\u00a0<\/i><\/b><\/p>\n<p style=\"text-align: left\" align=\"center\">A jelentkez\u00e9si lap let\u00f6lthet\u0151 innen: <a href=\"https:\/\/semmelweis.hu\/sugarvedelem\/files\/2026\/04\/BovSvTf-jellap-2026_06.doc\">BovSvTf-jellap-2026_06<\/a><\/p>\n<p>tervezett program:<\/p>\n<table width=\"1027\">\n<tbody>\n<tr>\n<td>\n<p>1.<\/p>\n<\/td>\n<td>\n<p>2026.06.01. h\u00e9tf\u0151<\/p>\n<\/td>\n<td>\n<p>08:15<\/p>\n<\/td>\n<td>\n<p>5<\/p>\n<\/td>\n<td>\n<p><strong>Bevezet\u0151<\/strong><\/p>\n<\/td>\n<td>\n<p>Dr. Voszka Istv\u00e1n<\/p>\n<\/td>\n<td>\n<p>egyetemi docens, PhD<\/p>\n<\/td>\n<\/tr>\n<tr>\n<td>\n<p>2.<\/p>\n<\/td>\n<td>\n<p>2026.06.01. h\u00e9tf\u0151<\/p>\n<\/td>\n<td>\n<p>08:20<\/p>\n<\/td>\n<td>\n<p>45<\/p>\n<\/td>\n<td>\n<p><strong>Atomfizikai ismeretek, r\u00f6ntgensug\u00e1rz\u00e1s \u00e9s radioaktivit\u00e1s<\/strong><\/p>\n<\/td>\n<td>\n<p>Dr. Voszka Istv\u00e1n<\/p>\n<\/td>\n<td>\n<p>egyetemi docens, PhD<\/p>\n<\/td>\n<\/tr>\n<tr>\n<td>\n<p>3.<\/p>\n<\/td>\n<td>\n<p>2026.06.01. h\u00e9tf\u0151<\/p>\n<\/td>\n<td>\n<p>09:15<\/p>\n<\/td>\n<td>\n<p>90<\/p>\n<\/td>\n<td>\n<p><strong>Az ioniz\u00e1l\u00f3 sug\u00e1rz\u00e1s \u00e9s az anyag k\u00f6lcs\u00f6nhat\u00e1sa, a sug\u00e1rz\u00e1s m\u00e9r\u00e9se<\/strong><\/p>\n<\/td>\n<td>\n<p>Dr. Voszka Istv\u00e1n<\/p>\n<\/td>\n<td>\n<p>egyetemi docens, PhD<\/p>\n<\/td>\n<\/tr>\n<tr>\n<td>\n<p>4.<\/p>\n<\/td>\n<td>\n<p>2026.06.01. h\u00e9tf\u0151<\/p>\n<\/td>\n<td>\n<p>11:00<\/p>\n<\/td>\n<td>\n<p>90<\/p>\n<\/td>\n<td>\n<p><strong>D\u00f3zisfogalmak \u00e9s haszn\u00e1latuk, d\u00f3zissz\u00e1m\u00edt\u00e1sok, lakoss\u00e1gi sug\u00e1rterhel\u00e9sek<\/strong><\/p>\n<\/td>\n<td>\n<p>Taba Gabriella<\/p>\n<\/td>\n<td>\n<p>Sug\u00e1rv\u00e9delmi szolg\u00e1latvezet\u0151<\/p>\n<\/td>\n<\/tr>\n<tr>\n<td>\n<p>5.<\/p>\n<\/td>\n<td>\n<p>2026.06.01. h\u00e9tf\u0151<\/p>\n<\/td>\n<td>\n<p>13:00<\/p>\n<\/td>\n<td>\n<p>45<\/p>\n<\/td>\n<td>\n<p><strong>Az ioniz\u00e1l\u00f3 sug\u00e1rz\u00e1s biol\u00f3giai eg\u00e9szs\u00e9gk\u00e1ros\u00edt\u00f3 hat\u00e1sai<\/strong><\/p>\n<\/td>\n<td>\n<p>Dr. Voszka Istv\u00e1n<\/p>\n<\/td>\n<td>\n<p>egyetemi docens, PhD<\/p>\n<\/td>\n<\/tr>\n<tr>\n<td>\n<p>6.<\/p>\n<\/td>\n<td>\n<p>2026.06.01. h\u00e9tf\u0151<\/p>\n<\/td>\n<td>\n<p>14:00<\/p>\n<\/td>\n<td>\n<p>90<\/p>\n<\/td>\n<td>\n<p><strong>A sztochasztikus hat\u00e1sok sug\u00e1rv\u00e9delmi vonatkoz\u00e1sai<\/strong><\/p>\n<\/td>\n<td>\n<p>Dr. S\u00e1fr\u00e1ny G\u00e9za<\/p>\n<\/td>\n<td>\n<p>ny. f\u0151oszt\u00e1lyvezet\u0151, MTA doktora<\/p>\n<\/td>\n<\/tr>\n<tr>\n<td>\n<p>7.<\/p>\n<\/td>\n<td>\n<p>2026.06.01. h\u00e9tf\u0151<\/p>\n<\/td>\n<td>\n<p>15:30<\/p>\n<\/td>\n<td>\n<p>45<\/p>\n<\/td>\n<td>\n<p><strong>Konzult\u00e1ci\u00f3<\/strong><\/p>\n<\/td>\n<td>\n<p>Dr. Voszka Istv\u00e1n<\/p>\n<\/td>\n<td>\n<p>egyetemi docens, PhD<\/p>\n<\/td>\n<\/tr>\n<tr>\n<td>\n<p>8.<\/p>\n<\/td>\n<td>\n<p>2026.06.02. kedd<\/p>\n<\/td>\n<td>\n<p>08:15<\/p>\n<\/td>\n<td>\n<p>90<\/p>\n<\/td>\n<td>\n<p><strong>A sug\u00e1rv\u00e9delemmel kapcsolatos szervezetek \u00e9s jogi szab\u00e1lyok (k\u00fcl\u00f6n\u00f6s tekintettel az ut\u00f3bbi \u00e9vek v\u00e1ltoz\u00e1saira)<\/strong><\/p>\n<\/td>\n<td>\n<p>Salik \u00c1d\u00e1m<\/p>\n<\/td>\n<td>\n<p>kutat\u00f3 fizikus<\/p>\n<\/td>\n<\/tr>\n<tr>\n<td>\n<p>9.<\/p>\n<\/td>\n<td>\n<p>2026.06.02. kedd<\/p>\n<\/td>\n<td>\n<p>10:00<\/p>\n<\/td>\n<td>\n<p>90<\/p>\n<\/td>\n<td>\n<p><strong>A sug\u00e1rv\u00e9delem rendszere, mentess\u00e9gi, d\u00f3ziskorl\u00e1toz\u00e1si, beavatkoz\u00e1si \u00e9s m\u00e1s vonatkoztat\u00e1si szintek<\/strong><\/p>\n<\/td>\n<td>\n<p>Dr. Voszka Istv\u00e1n<\/p>\n<\/td>\n<td>\n<p>egyetemi docens, PhD<\/p>\n<\/td>\n<\/tr>\n<tr>\n<td>\n<p>10.<\/p>\n<\/td>\n<td>\n<p>2026.06.02. kedd<\/p>\n<\/td>\n<td>\n<p>12:15<\/p>\n<\/td>\n<td>\n<p>90<\/p>\n<\/td>\n<td>\n<p><strong>Sug\u00e1rv\u00e9delmi megb\u00edzottak \u00e9s ioniz\u00e1l\u00f3 sug\u00e1rz\u00e1ssal dolgoz\u00f3k feladatai (k\u00fcl\u00f6n\u00f6s tekintettel a jogszab\u00e1lyi v\u00e1ltoz\u00e1sokra).<\/strong><\/p>\n<\/td>\n<td>\n<p>Taba Gabriella<\/p>\n<\/td>\n<td>\n<p>Sug\u00e1rv\u00e9delmi szolg\u00e1latvezet\u0151<\/p>\n<\/td>\n<\/tr>\n<tr>\n<td>\n<p>11.<\/p>\n<\/td>\n<td>\n<p>2026.06.02. kedd<\/p>\n<\/td>\n<td>\n<p>14:00<\/p>\n<\/td>\n<td>\n<p>90<\/p>\n<\/td>\n<td>\n<p><strong>Biztons\u00e1gi alapelvek, a nukle\u00e1risbaleset-elh\u00e1r\u00edt\u00e1s rendszere (BEIT, INES, stb.), a lakoss\u00e1g t\u00e1j\u00e9koztat\u00e1sa<\/strong><\/p>\n<\/td>\n<td>\n<p>Dr. Voszka Istv\u00e1n<\/p>\n<\/td>\n<td>\n<p>egyetemi docens, PhD<\/p>\n<\/td>\n<\/tr>\n<tr>\n<td>\n<p>12.<\/p>\n<\/td>\n<td>\n<p>2026.06.02. kedd<\/p>\n<\/td>\n<td>\n<p>15:30<\/p>\n<\/td>\n<td>\n<p>45<\/p>\n<\/td>\n<td>\n<p><strong>Konzult\u00e1ci\u00f3<\/strong><\/p>\n<\/td>\n<td>\n<p>Dr. Voszka Istv\u00e1n<\/p>\n<\/td>\n<td>\n<p>egyetemi docens, PhD<\/p>\n<\/td>\n<\/tr>\n<tr>\n<td>\n<p>13.<\/p>\n<\/td>\n<td>\n<p>2026.06.03. szerda<\/p>\n<\/td>\n<td>\n<p>08:15<\/p>\n<\/td>\n<td>\n<p>90<\/p>\n<\/td>\n<td>\n<p><strong>Sug\u00e1rforr\u00e1sok nyilv\u00e1ntart\u00e1sa \u00e9s fizikai v\u00e9delme<\/strong><\/p>\n<\/td>\n<td>\n<p>Dr. Bodor K\u00e1roly<\/p>\n<\/td>\n<td>\n<p>tan\u00e1csos, PhD<\/p>\n<\/td>\n<\/tr>\n<tr>\n<td>\n<p>14.<\/p>\n<\/td>\n<td>\n<p>2026.06.03. szerda<\/p>\n<\/td>\n<td>\n<p>10:00<\/p>\n<\/td>\n<td>\n<p>90<\/p>\n<\/td>\n<td>\n<p><strong>Sugaras orvosi munkahelyek l\u00e9tes\u00edt\u00e9se, \u00fczembe helyez\u00e9se. Az ellen\u0151rz\u00e9sek tapasztalatai<\/strong><\/p>\n<\/td>\n<td>\n<p>V\u00e1radi Csaba<\/p>\n<\/td>\n<td>\n<p>kutat\u00f3 fizikus<\/p>\n<\/td>\n<\/tr>\n<tr>\n<td>\n<p>15.<\/p>\n<\/td>\n<td>\n<p>2026.06.03. szerda<\/p>\n<\/td>\n<td>\n<p>12:15<\/p>\n<\/td>\n<td>\n<p>90<\/p>\n<\/td>\n<td>\n<p><strong>Sug\u00e1rz\u00e1s elleni v\u00e9delem az orvosi r\u00f6ntgen munkahelyeken. A dolgoz\u00f3k \u00e9s a p\u00e1ciensek sug\u00e1rv\u00e9delme<\/strong><\/p>\n<\/td>\n<td>\n<p>Dr. Karlinger Kinga<\/p>\n<\/td>\n<td>\n<p>tudom\u00e1nyos f\u0151munkat\u00e1rs, PhD<\/p>\n<\/td>\n<\/tr>\n<tr>\n<td>\n<p>16.<\/p>\n<\/td>\n<td>\n<p>2026.06.03. szerda<\/p>\n<\/td>\n<td>\n<p>14:00<\/p>\n<\/td>\n<td>\n<p>45<\/p>\n<\/td>\n<td>\n<p><strong>Sug\u00e1rv\u00e9delem a sug\u00e1rter\u00e1pi\u00e1ban<\/strong><\/p>\n<\/td>\n<td>\n<p>Dr. Varjas G\u00e9za<\/p>\n<\/td>\n<td>\n<p>tudom\u00e1nyos f\u0151munkat\u00e1rs, PhD<\/p>\n<\/td>\n<\/tr>\n<tr>\n<td>\n<p>17.<\/p>\n<\/td>\n<td>\n<p>2026.06.03. szerda<\/p>\n<\/td>\n<td>\n<p>14:45<\/p>\n<\/td>\n<td>\n<p>45<\/p>\n<\/td>\n<td>\n<p><strong>Sug\u00e1rv\u00e9delem a fog\u00e1szati r\u00f6ntgenvizsg\u00e1latok sor\u00e1n<\/strong><\/p>\n<\/td>\n<td>\n<p>Dr. Szab\u00f3 Bence Tam\u00e1s<\/p>\n<\/td>\n<td>\n<p>egyetemi docens, PhD<\/p>\n<\/td>\n<\/tr>\n<tr>\n<td>\n<p>18.<\/p>\n<\/td>\n<td>\n<p>2026.06.03. szerda<\/p>\n<\/td>\n<td>\n<p>15:30<\/p>\n<\/td>\n<td>\n<p>45<\/p>\n<\/td>\n<td>\n<p><strong>Konzult\u00e1ci\u00f3<\/strong><\/p>\n<\/td>\n<td>\n<p>Dr. Voszka Istv\u00e1n<\/p>\n<\/td>\n<td>\n<p>egyetemi docens, PhD<\/p>\n<\/td>\n<\/tr>\n<tr>\n<td>\n<p>19.<\/p>\n<\/td>\n<td>\n<p>2026.06.04. cs\u00fct\u00f6rt\u00f6k<\/p>\n<\/td>\n<td>\n<p>08:15<\/p>\n<\/td>\n<td>\n<p>90<\/p>\n<\/td>\n<td>\n<p><strong>Sug\u00e1rz\u00e1s elleni v\u00e9delem a nukle\u00e1ris medicina munkahelyeken. A dolgoz\u00f3k \u00e9s a p\u00e1ciensek sug\u00e1rv\u00e9delme<\/strong><\/p>\n<\/td>\n<td>\n<p>Dr. K\u00e1ri B\u00e9la<\/p>\n<\/td>\n<td>\n<p>tudom\u00e1nyos f\u0151munkat\u00e1rs, PhD<\/p>\n<\/td>\n<\/tr>\n<tr>\n<td>\n<p>20.<\/p>\n<\/td>\n<td>\n<p>2026.06.04. cs\u00fct\u00f6rt\u00f6k<\/p>\n<\/td>\n<td>\n<p>10:00<\/p>\n<\/td>\n<td>\n<p>90<\/p>\n<\/td>\n<td>\n<p><strong>Sug\u00e1rv\u00e9delmi m\u00e9r\u0151eszk\u00f6z\u00f6k. Orsz\u00e1gos Sug\u00e1rfigyel\u0151, Jelz\u0151- \u00e9s Ellen\u0151rz\u0151 Rendszer (OSJER)<\/strong><\/p>\n<\/td>\n<td>\n<p>Dr. K\u00e1ri B\u00e9la<\/p>\n<\/td>\n<td>\n<p>tudom\u00e1nyos f\u0151munkat\u00e1rs, PhD<\/p>\n<\/td>\n<\/tr>\n<tr>\n<td>\n<p>21.<\/p>\n<\/td>\n<td>\n<p>2026.06.04. cs\u00fct\u00f6rt\u00f6k<\/p>\n<\/td>\n<td>\n<p>11:45<\/p>\n<\/td>\n<td>\n<p>45<\/p>\n<\/td>\n<td>\n<p><strong>D\u00f3zis- \u00e9s d\u00f3zisteljes\u00edtm\u00e9ny m\u00e9r\u00e9s, az eszk\u00f6z\u00f6k haszn\u00e1lata<\/strong><\/p>\n<\/td>\n<td>\n<p>Dr. K\u00e1ri B\u00e9la<\/p>\n<\/td>\n<td>\n<p>tudom\u00e1nyos f\u0151munkat\u00e1rs, PhD<\/p>\n<\/td>\n<\/tr>\n<tr>\n<td>\n<p>22.<\/p>\n<\/td>\n<td>\n<p>2026.06.04. cs\u00fct\u00f6rt\u00f6k<\/p>\n<\/td>\n<td>\n<p>13:00<\/p>\n<\/td>\n<td>\n<p>90<\/p>\n<\/td>\n<td>\n<p><strong>Konzult\u00e1ci\u00f3<\/strong><\/p>\n<\/td>\n<td>\n<p>Taba Gabriella, Dr. Voszka Istv\u00e1n<\/p>\n<\/td>\n<td>\n<p>&nbsp;<\/p>\n<\/td>\n<\/tr>\n<tr>\n<td>\n<p>23.<\/p>\n<\/td>\n<td>\n<p>2026.06.08. h\u00e9tf\u0151<\/p>\n<\/td>\n<td>\n<p>08:15<\/p>\n<\/td>\n<td>\n<p>45<\/p>\n<\/td>\n<td>\n<p><strong>Tesztvizsga<\/strong><\/p>\n<\/td>\n<td>\n<p>Taba Gabriella, Dr. Voszka Istv\u00e1n, OAH k\u00e9pvisel\u0151je<\/p>\n<\/td>\n<td>\n<p>&nbsp;<\/p>\n<\/td>\n<\/tr>\n<tr>\n<td>\n<p>24.<\/p>\n<\/td>\n<td>\n<p>2026.06.08. h\u00e9tf\u0151<\/p>\n<\/td>\n<td>\n<p>09:00<\/p>\n<\/td>\n<td>\n<p>150<\/p>\n<\/td>\n<td>\n<p><strong>Sz\u00f3beli vizsga<\/strong><\/p>\n<\/td>\n<td>\n<p>Taba Gabriella, Dr. Voszka Istv\u00e1n, OAH k\u00e9pvisel\u0151je<\/p>\n<\/td>\n<td>&nbsp;<\/td>\n<\/tr>\n<\/tbody>\n<\/table>\n<p style=\"text-align: left\" align=\"center\">\u00a0<\/p>\n<table width=\"1031\">\n<tbody>\n<tr>\n<td>&nbsp;<\/td>\n<td>&nbsp;<\/td>\n<td>&nbsp;<\/td>\n<td>&nbsp;<\/td>\n<td>&nbsp;<\/td>\n<td>&nbsp;<\/td>\n<td>&nbsp;<\/td>\n<\/tr>\n<tr>\n<td>&nbsp;<\/td>\n<td>&nbsp;<\/td>\n<td>&nbsp;<\/td>\n<td>&nbsp;<\/td>\n<td>&nbsp;<\/td>\n<td>&nbsp;<\/td>\n<td>&nbsp;<\/td>\n<\/tr>\n<tr>\n<td>&nbsp;<\/td>\n<td>&nbsp;<\/td>\n<td>&nbsp;<\/td>\n<td>&nbsp;<\/td>\n<td>&nbsp;<\/td>\n<td>&nbsp;<\/td>\n<td>&nbsp;<\/td>\n<\/tr>\n<tr>\n<td>&nbsp;<\/td>\n<td>&nbsp;<\/td>\n<td>&nbsp;<\/td>\n<td>&nbsp;<\/td>\n<td>&nbsp;<\/td>\n<td>&nbsp;<\/td>\n<td>&nbsp;<\/td>\n<\/tr>\n<tr>\n<td>&nbsp;<\/td>\n<td>&nbsp;<\/td>\n<td>&nbsp;<\/td>\n<td>&nbsp;<\/td>\n<td>&nbsp;<\/td>\n<td>&nbsp;<\/td>\n<td>&nbsp;<\/td>\n<\/tr>\n<tr>\n<td>&nbsp;<\/td>\n<td>&nbsp;<\/td>\n<td>&nbsp;<\/td>\n<td>&nbsp;<\/td>\n<td>&nbsp;<\/td>\n<td>&nbsp;<\/td>\n<td>&nbsp;<\/td>\n<\/tr>\n<tr>\n<td>&nbsp;<\/td>\n<td>&nbsp;<\/td>\n<td>&nbsp;<\/td>\n<td>&nbsp;<\/td>\n<td>&nbsp;<\/td>\n<td>&nbsp;<\/td>\n<td>&nbsp;<\/td>\n<\/tr>\n<tr>\n<td>&nbsp;<\/td>\n<td>&nbsp;<\/td>\n<td>&nbsp;<\/td>\n<td>&nbsp;<\/td>\n<td>&nbsp;<\/td>\n<td>&nbsp;<\/td>\n<td>&nbsp;<\/td>\n<\/tr>\n<tr>\n<td>&nbsp;<\/td>\n<td>&nbsp;<\/td>\n<td>&nbsp;<\/td>\n<td>&nbsp;<\/td>\n<td>&nbsp;<\/td>\n<td>&nbsp;<\/td>\n<td>&nbsp;<\/td>\n<\/tr>\n<tr>\n<td>&nbsp;<\/td>\n<td>&nbsp;<\/td>\n<td>&nbsp;<\/td>\n<td>&nbsp;<\/td>\n<td>&nbsp;<\/td>\n<td>&nbsp;<\/td>\n<td>&nbsp;<\/td>\n<\/tr>\n<tr>\n<td>&nbsp;<\/td>\n<td>&nbsp;<\/td>\n<td>&nbsp;<\/td>\n<td>&nbsp;<\/td>\n<td>&nbsp;<\/td>\n<td>&nbsp;<\/td>\n<td>&nbsp;<\/td>\n<\/tr>\n<tr>\n<td>&nbsp;<\/td>\n<td>&nbsp;<\/td>\n<td>&nbsp;<\/td>\n<td>&nbsp;<\/td>\n<td>&nbsp;<\/td>\n<td>&nbsp;<\/td>\n<td>&nbsp;<\/td>\n<\/tr>\n<tr>\n<td>&nbsp;<\/td>\n<td>&nbsp;<\/td>\n<td>&nbsp;<\/td>\n<td>&nbsp;<\/td>\n<td>&nbsp;<\/td>\n<td>&nbsp;<\/td>\n<td>&nbsp;<\/td>\n<\/tr>\n<tr>\n<td>&nbsp;<\/td>\n<td>&nbsp;<\/td>\n<td>&nbsp;<\/td>\n<td>&nbsp;<\/td>\n<td>&nbsp;<\/td>\n<td>&nbsp;<\/td>\n<td>&nbsp;<\/td>\n<\/tr>\n<tr>\n<td>&nbsp;<\/td>\n<td>&nbsp;<\/td>\n<td>&nbsp;<\/td>\n<td>&nbsp;<\/td>\n<td>&nbsp;<\/td>\n<td>&nbsp;<\/td>\n<td>&nbsp;<\/td>\n<\/tr>\n<tr>\n<td>&nbsp;<\/td>\n<td>&nbsp;<\/td>\n<td>&nbsp;<\/td>\n<td>&nbsp;<\/td>\n<td>&nbsp;<\/td>\n<td>&nbsp;<\/td>\n<td>&nbsp;<\/td>\n<\/tr>\n<tr>\n<td>&nbsp;<\/td>\n<td>&nbsp;<\/td>\n<td>&nbsp;<\/td>\n<td>&nbsp;<\/td>\n<td>&nbsp;<\/td>\n<td>&nbsp;<\/td>\n<td>&nbsp;<\/td>\n<\/tr>\n<tr>\n<td>&nbsp;<\/td>\n<td>&nbsp;<\/td>\n<td>&nbsp;<\/td>\n<td>&nbsp;<\/td>\n<td>&nbsp;<\/td>\n<td>&nbsp;<\/td>\n<td>&nbsp;<\/td>\n<\/tr>\n<tr>\n<td>&nbsp;<\/td>\n<td>&nbsp;<\/td>\n<td>&nbsp;<\/td>\n<td>&nbsp;<\/td>\n<td>&nbsp;<\/td>\n<td>&nbsp;<\/td>\n<td>&nbsp;<\/td>\n<\/tr>\n<tr>\n<td>&nbsp;<\/td>\n<td>&nbsp;<\/td>\n<td>&nbsp;<\/td>\n<td>&nbsp;<\/td>\n<td>&nbsp;<\/td>\n<td>&nbsp;<\/td>\n<td>&nbsp;<\/td>\n<\/tr>\n<tr>\n<td>&nbsp;<\/td>\n<td>&nbsp;<\/td>\n<td>&nbsp;<\/td>\n<td>&nbsp;<\/td>\n<td>&nbsp;<\/td>\n<td>&nbsp;<\/td>\n<td>&nbsp;<\/td>\n<\/tr>\n<tr>\n<td>&nbsp;<\/td>\n<td>&nbsp;<\/td>\n<td>&nbsp;<\/td>\n<td>&nbsp;<\/td>\n<td>&nbsp;<\/td>\n<td>&nbsp;<\/td>\n<td>&nbsp;<\/td>\n<\/tr>\n<tr>\n<td>&nbsp;<\/td>\n<td>&nbsp;<\/td>\n<td>&nbsp;<\/td>\n<td>&nbsp;<\/td>\n<td>&nbsp;<\/td>\n<td>&nbsp;<\/td>\n<td>&nbsp;<\/td>\n<\/tr>\n<tr>\n<td>&nbsp;<\/td>\n<td>&nbsp;<\/td>\n<td>&nbsp;<\/td>\n<td>&nbsp;<\/td>\n<td>&nbsp;<\/td>\n<td>&nbsp;<\/td>\n<td>\n<p>&nbsp;<\/p>\n<\/td>\n<\/tr>\n<\/tbody>\n<\/table>\n<p>&nbsp;<\/p>\n","protected":false},"excerpt":{"rendered":"<p>A k\u00f6vetkez\u0151 b\u0151v\u00edtett fokozat\u00fa sug\u00e1rv\u00e9delmi tanfolyam\u00a0 2026. j\u00fanius 1-8. k\u00f6z\u00f6tt lesz. Az el\u0151ad\u00e1sok j\u00fanius 1-4 k\u00f6z\u00f6tt lesznek az EOK B\u00e9k\u00e9sy Gy\u00f6rgy term\u00e9ben, a vizsga j\u00fanius 8-\u00e1n 8:15-kor az EOK B\u00e9k\u00e9sy Gy\u00f6rgy term\u00e9ben.\u00a0 A jelentkez\u00e9si lap let\u00f6lthet\u0151 innen: <a href=\"https:\/\/semmelweis.hu\/sugarvedelem\/files\/2026\/04\/BovSvTf-jellap-2026_06.doc\">BovSvTf-jellap-2026_06<\/a> tervezett program: 1. 2026.06.01. h\u00e9tf\u0151 08:15 5 Bevezet\u0151 Dr. Voszka Istv\u00e1n egyetemi docens, PhD 2. 2026.06.01. h\u00e9tf\u0151 08:20 &hellip;<\/p>\n","protected":false},"author":190,"featured_media":0,"parent":14,"menu_order":0,"comment_status":"closed","ping_status":"closed","template":"","meta":{"_acf_changed":false,"footnotes":""},"categories":[],"tags":[],"class_list":["post-57","page","type-page","status-publish","hentry"],"acf":[],"_links":{"self":[{"href":"https:\/\/semmelweis.hu\/sugarvedelem\/wp-json\/wp\/v2\/pages\/57","targetHints":{"allow":["GET"]}}],"collection":[{"href":"https:\/\/semmelweis.hu\/sugarvedelem\/wp-json\/wp\/v2\/pages"}],"about":[{"href":"https:\/\/semmelweis.hu\/sugarvedelem\/wp-json\/wp\/v2\/types\/page"}],"author":[{"embeddable":true,"href":"https:\/\/semmelweis.hu\/sugarvedelem\/wp-json\/wp\/v2\/users\/190"}],"replies":[{"embeddable":true,"href":"https:\/\/semmelweis.hu\/sugarvedelem\/wp-json\/wp\/v2\/comments?post=57"}],"version-history":[{"count":10,"href":"https:\/\/semmelweis.hu\/sugarvedelem\/wp-json\/wp\/v2\/pages\/57\/revisions"}],"predecessor-version":[{"id":489,"href":"https:\/\/semmelweis.hu\/sugarvedelem\/wp-json\/wp\/v2\/pages\/57\/revisions\/489"}],"up":[{"embeddable":true,"href":"https:\/\/semmelweis.hu\/sugarvedelem\/wp-json\/wp\/v2\/pages\/14"}],"wp:attachment":[{"href":"https:\/\/semmelweis.hu\/sugarvedelem\/wp-json\/wp\/v2\/media?parent=57"}],"wp:term":[{"taxonomy":"category","embeddable":true,"href":"https:\/\/semmelweis.hu\/sugarvedelem\/wp-json\/wp\/v2\/categories?post=57"},{"taxonomy":"post_tag","embeddable":true,"href":"https:\/\/semmelweis.hu\/sugarvedelem\/wp-json\/wp\/v2\/tags?post=57"}],"curies":[{"name":"wp","href":"https:\/\/api.w.org\/{rel}","templated":true}]}}