{"id":1204,"date":"2026-09-03T21:08:14","date_gmt":"2026-09-03T19:08:14","guid":{"rendered":"https:\/\/semmelweis.hu\/studentsupport\/?page_id=1204"},"modified":"2026-09-03T21:25:22","modified_gmt":"2026-09-03T19:25:22","slug":"schopf-merei-agost-osztondij-2026-27-1-oszi-felev","status":"publish","type":"page","link":"https:\/\/semmelweis.hu\/studentsupport\/schopf-merei-agost-osztondij-2026-27-1-oszi-felev\/","title":{"rendered":"Sch\u00f6pf-Merei \u00c1gost \u00d6szt\u00f6nd\u00edj 2026\/27 1. \u0151szi f\u00e9l\u00e9v"},"content":{"rendered":"<p><strong>Sch\u00f6pf-Merei \u00c1gost \u00d6szt\u00f6nd\u00edj \/ Szoci\u00e1lis helyzet meg\u00e1llap\u00edt\u00e1sa \u2013<\/strong><\/p>\n<p><strong>2026\/2027. tan\u00e9v \u0151szi f\u00e9l\u00e9v<\/strong><\/p>\n<ol>\n<li><strong> \u00c1ltal\u00e1nos tudnival\u00f3k<\/strong><\/li>\n<li><strong> Mi a Sch\u00f6pf-Merei \u00c1gost \u00d6szt\u00f6nd\u00edj?<\/strong><\/li>\n<\/ol>\n<p>A Sch\u00f6pf-Merei \u00c1gost \u00d6szt\u00f6nd\u00edj c\u00e9lja, hogy rendszeres p\u00e9nzbeli t\u00e1mogat\u00e1st ny\u00fajtson a Semmelweis Egyetem szoci\u00e1lisan r\u00e1szorul\u00f3 hallgat\u00f3inak, akik <span style=\"color: #ff0000\">a <strong>p\u00e9nzbeli t\u00e1mogat\u00e1s\u00a0<\/strong>(Semmelweis Egyetem Sch\u00f6pf-Merei \u00c1gost \u00d6szt\u00f6nd\u00edja)\u00a0<strong>hi\u00e1ny\u00e1ban nem, vagy csak nagy\u00a0<\/strong>\u2013 a lehet\u0151s\u00e9geiket meghalad\u00f3 \u00e9s szoci\u00e1lis biztons\u00e1gukat vesz\u00e9lyeztet\u0151 \u2013 <strong>terhek \u00e1r\u00e1n tudn\u00e1k elv\u00e9gezni az egyetem k\u00e9pz\u00e9s\u00e9t<\/strong>.<\/span><\/p>\n<p>A hallgat\u00f3 a p\u00e1ly\u00e1zat beny\u00fajt\u00e1s\u00e1val k\u00e9relmezi:<\/p>\n<ul>\n<li>szoci\u00e1lis helyzet\u00e9nek megvizsg\u00e1l\u00e1s\u00e1t \u00e9s r\u00e1szorults\u00e1gi kateg\u00f3ri\u00e1ba sorol\u00e1s\u00e1t, amennyiben az adott f\u00e9l\u00e9vre m\u00e9g nem rendelkezik figyelembe vehet\u0151 szoci\u00e1lishelyzet-meg\u00e1llap\u00edt\u00e1ssal; valamint<\/li>\n<li>a Sch\u00f6pf-Merei \u00c1gost \u00d6szt\u00f6nd\u00edjra val\u00f3 jogosults\u00e1g\u00e1nak meg\u00e1llap\u00edt\u00e1s\u00e1t.<\/li>\n<\/ul>\n<ol start=\"2\">\n<li><strong> Ki<\/strong><strong> jogosult r\u00e1?<\/strong><\/li>\n<\/ol>\n<p>Az jogosult a t\u00e1mogat\u00e1sra, akinek<\/p>\n<ul>\n<li>egy f\u0151re jut\u00f3 j\u00f6vedelme havi 140.000 Ft alatt van, VAGY<\/li>\n<li>egy f\u0151re jut\u00f3 j\u00f6vedelme havi 170.000 Ft alatt van \u00c9S emellett igaz r\u00e1 egy, a szab\u00e1lyzatban meghat\u00e1rozott kiemelt r\u00e1szorults\u00e1gi k\u00f6r\u00fclm\u00e9ny.<\/li>\n<\/ul>\n<p>Nem sorolhat\u00f3 r\u00e1szorults\u00e1gi kateg\u00f3ri\u00e1ba az a hallgat\u00f3, vagyis <span style=\"color: #ff0000\"><strong>NEM JOGOSULT AZ \u00d6SZT\u00d6ND\u00cdJRA AZ, <\/strong><\/span><\/p>\n<ul>\n<li><span style=\"color: #ff0000\"><strong>akinek a h\u00e1ztart\u00e1s\u00e1ban az egy f\u0151re jut\u00f3 havi j\u00f6vedelem meghaladja a 170.000 Ft-ot, \u00e9s az sem <\/strong><\/span><\/li>\n<li><span style=\"color: #ff0000\"><strong>akinek az egy f\u0151re jut\u00f3 havi j\u00f6vedelme 140.001 \u00e9s 170 000 Ft k\u00f6z\u00e9 esik, \u00e9s nincs igazolt r\u00e1szorults\u00e1gi k\u00f6r\u00fclm\u00e9nye<\/strong>.<\/span><\/li>\n<\/ul>\n<p>&nbsp;<\/p>\n<p>Sch\u00f6pf-Merei \u00c1gost \u00d6szt\u00f6nd\u00edjban <strong>az a p\u00e1ly\u00e1z\u00f3 r\u00e9szes\u00fclhet<\/strong>, aki megfelel a szoci\u00e1lis juttat\u00e1sokra vonatkoz\u00f3 jogosults\u00e1gi felt\u00e9teleknek, <strong>\u00e9s akit a SZEB az elj\u00e1r\u00e1s eredm\u00e9nyek\u00e9nt valamely r\u00e1szorults\u00e1gi kateg\u00f3ri\u00e1ba sorol<\/strong>.<\/p>\n<p>&nbsp;<\/p>\n<ol>\n<li><strong> Az elj\u00e1r\u00e1s tudnival\u00f3i<\/strong><\/li>\n<li><strong> Mit kell tenned, ha \u00fagy \u00e9rzed, hogy a fenti az igaz r\u00e1d?<\/strong><\/li>\n<\/ol>\n<p><strong>\u00a0\u00a0\u00a0\u00a0\u00a0\u00a0\u00a0\u00a0\u00a0\u00a0\u00a0\u00a0\u00a0 A NEPTUN-ban tudsz jelentkezni.<\/strong><\/p>\n<p><strong>A beadand\u00f3 igazol\u00e1sok list\u00e1ja \u00e9s a fontos tudnival\u00f3k el\u00e9rhet\u0151ek\u00a0<\/strong><a href=\"https:\/\/semmelweis.hu\/studentsupport\/tajekoztato-szocialis\/\"><strong>a TJSZ 9. \u00a7 (4) bekezd\u00e9s szerinti T\u00e1j\u00e9koztat\u00f3ban<\/strong><\/a><strong>.<\/strong><\/p>\n<p><span style=\"color: #ff0000\"><strong>FONTOS: A beadand\u00f3 igazol\u00e1sok list\u00e1ja, \u00e9s hogy kikre vonatkoz\u00f3an kell azt beny\u00fajtani 2026 nyar\u00e1n TELJES FEL\u00dcLVIZSG\u00c1LATON ESETT \u00c1T. EZ\u00c9RT NAGYON FONTOS A FENTI T\u00c1J\u00c9KOZTAT\u00d3 ALAPOS \u00c1TTANULM\u00c1NYOZ\u00c1SA \u00c9S A SZ\u00dcKS\u00c9GES IGAZOL\u00c1SOK BESZERZ\u00c9S\u00c9NEK ELIND\u00cdT\u00c1SA M\u00c1R MOST!<\/strong><\/span><\/p>\n<p><strong>\u00a0<\/strong><\/p>\n<ol start=\"2\">\n<li><strong> A p\u00e1ly\u00e1zati elj\u00e1r\u00e1s legfontosabb id\u0151pontjai<\/strong><\/li>\n<\/ol>\n<table>\n<tbody>\n<tr>\n<td>\n<p><strong>Az elj\u00e1r\u00e1s l\u00e9p\u00e9se<\/strong><\/p>\n<\/td>\n<td>\n<p><strong>Id\u0151pont<\/strong><\/p>\n<\/td>\n<\/tr>\n<tr>\n<td>\n<p>A Neptun-k\u00e9rv\u00e9ny megnyit\u00e1sa<\/p>\n<\/td>\n<td>\n<p><strong>2026. szeptember 03.<\/strong><\/p>\n<\/td>\n<\/tr>\n<tr>\n<td>\n<p>A p\u00e1ly\u00e1zat beny\u00fajt\u00e1si hat\u00e1rideje<\/p>\n<\/td>\n<td>\n<p><strong>2026. szeptember 16. (szerda) 12:00<\/strong><\/p>\n<\/td>\n<\/tr>\n<tr>\n<td>\n<p>Az eredm\u00e9nyek <strong>kihirdet\u00e9se<\/strong> a <strong>hi\u00e1nytalan p\u00e1ly\u00e1zatot beny\u00fajt\u00f3 hallgat\u00f3k eset\u00e9ben<\/strong><\/p>\n<\/td>\n<td>\n<p>2026. okt\u00f3ber 9.<\/p>\n<\/td>\n<\/tr>\n<tr>\n<td>\n<p>Az els\u0151 kifizet\u00e9s egyetemi \u00e1ltali elind\u00edt\u00e1s\u00e1nak v\u00e1rhat\u00f3 id\u0151pontja <strong>a hi\u00e1nytalan p\u00e1ly\u00e1zatot beny\u00fajt\u00f3 hallgat\u00f3k eset\u00e9ben<\/strong><\/p>\n<\/td>\n<td>\n<p>2026. okt\u00f3ber 10.<\/p>\n<\/td>\n<\/tr>\n<\/tbody>\n<\/table>\n<p>A hat\u00e1rid\u0151 lej\u00e1rt\u00e1t k\u00f6vet\u0151en a p\u00e1ly\u00e1zat beny\u00fajt\u00e1s\u00e1ra, m\u00f3dos\u00edt\u00e1s\u00e1ra vagy az el\u0151\u00edrt igazol\u00f3 dokumentumok ut\u00f3lagos csatol\u00e1s\u00e1ra f\u0151szab\u00e1ly szerint nincs lehet\u0151s\u00e9g.<\/p>\n<ol start=\"3\">\n<li><strong> Ki ny\u00fajthat be p\u00e1ly\u00e1zatot?<\/strong><\/li>\n<\/ol>\n<p>A Sch\u00f6pf-Merei \u00c1gost \u00d6szt\u00f6nd\u00edjra az a hallgat\u00f3 ny\u00fajthat be p\u00e1ly\u00e1zatot, aki<\/p>\n<ul>\n<li><strong>teljes <\/strong>idej\u0171<strong> (nappali) <\/strong>fels\u0151oktat\u00e1si szakk\u00e9pz\u00e9sben, alap- \u00e9s mesterk\u00e9pz\u00e9sben, illetve osztatlan k\u00e9pz\u00e9sben, valamint doktori k\u00e9pz\u00e9sben vesz r\u00e9szt,\n<ul>\n<li>\u00e1llamilag t\u00e1mogatott k\u00e9pz\u00e9si form\u00e1ban, vagy magyar \u00e1llami (r\u00e9sz)\u00f6szt\u00f6nd\u00edjask\u00e9nt vesz r\u00e9szt, vagy<\/li>\n<li>tanulm\u00e1nyait \u00e1llamilag t\u00e1mogatott k\u00e9pz\u00e9si form\u00e1ban kezdte meg \u00e9s az adott szakon, szakk\u00e9pz\u00e9sben megkezdett f\u00e9l\u00e9veinek sz\u00e1ma alapj\u00e1n jogosult lenne \u00e1llamilag t\u00e1mogatott k\u00e9pz\u00e9sben val\u00f3 r\u00e9szv\u00e9telre;<\/li>\n<\/ul>\n<\/li>\n<\/ul>\n<p>\u00c9S<\/p>\n<ul>\n<li>amennyiben szoci\u00e1lis helyzet\u00e9t az adott f\u00e9l\u00e9vre m\u00e9g nem \u00e1llap\u00edtott\u00e1k meg, kit\u00f6lti a szoci\u00e1lis adatlapot, \u00e9s beny\u00fajtja a T\u00e1j\u00e9koztat\u00f3ban el\u0151\u00edrt igazol\u00e1sokat;<\/li>\n<\/ul>\n<ul>\n<li>akt\u00edv f\u00e9l\u00e9vre bejelentkezett.<\/li>\n<\/ul>\n<p>A SZEB a p\u00e1ly\u00e1zatban k\u00f6z\u00f6lt adatok \u00e9s a beny\u00fajtott igazol\u00e1sok alapj\u00e1n, az elj\u00e1r\u00e1s sor\u00e1n d\u00f6nt arr\u00f3l, hogy a p\u00e1ly\u00e1z\u00f3:<\/p>\n<ul>\n<li>az I. r\u00e1szorults\u00e1gi kateg\u00f3ri\u00e1ba;<\/li>\n<li>a II. r\u00e1szorults\u00e1gi kateg\u00f3ri\u00e1ba;<\/li>\n<li>a III. r\u00e1szorults\u00e1gi kateg\u00f3ri\u00e1ba<\/li>\n<\/ul>\n<p>sorolhat\u00f3, vagy egyik r\u00e1szorults\u00e1gi kateg\u00f3ri\u00e1ba sem sorolhat\u00f3.<\/p>\n<p>A p\u00e1ly\u00e1zat beny\u00fajt\u00e1sa \u00f6nmag\u00e1ban nem jelent automatikus jogosults\u00e1got az \u00f6szt\u00f6nd\u00edjra. Sch\u00f6pf-Merei \u00c1gost \u00d6szt\u00f6nd\u00edjban az a p\u00e1ly\u00e1z\u00f3 r\u00e9szes\u00fclhet, aki megfelel a t\u00e1mogat\u00e1sra vonatkoz\u00f3 tov\u00e1bbi felt\u00e9teleknek, \u00e9s akit a SZEB a vizsg\u00e1lat eredm\u00e9nyek\u00e9nt valamely r\u00e1szorults\u00e1gi kateg\u00f3ri\u00e1ba sorol.<\/p>\n<p>A Sch\u00f6pf-Merei \u00c1gost \u00d6szt\u00f6nd\u00edjat a magyar \u00e1llami \u00f6szt\u00f6nd\u00edjas \u00e9s a magyar \u00e1llami r\u00e9sz\u00f6szt\u00f6nd\u00edjas hallgat\u00f3k r\u00e9sz\u00e9re azonos felt\u00e9telek \u00e9s ar\u00e1nyok szerint kell meg\u00e1llap\u00edtani.<\/p>\n<ol start=\"4\">\n<li><strong> Hogyan kell p\u00e1ly\u00e1zni?<\/strong><\/li>\n<\/ol>\n<p>A p\u00e1ly\u00e1zatot a Neptun-rendszerben el\u00e9rhet\u0151 elektronikus k\u00e9rv\u00e9ny beny\u00fajt\u00e1s\u00e1val kell beadni.<\/p>\n<p>A k\u00e9rv\u00e9ny el\u00e9r\u00e9si \u00fatja:<\/p>\n<p><strong>Neptun \u2192 \u00dcgyint\u00e9z\u00e9s \u2192 K\u00e9rv\u00e9nyek \u2192 Kit\u00f6lthet\u0151 k\u00e9rv\u00e9nyek \u2192 \u201eSzoci\u00e1lis helyzetfelm\u00e9r\u0151 adatlap Sch\u00f6pf-Merei \u00c1gost \u00d6szt\u00f6nd\u00edj stb. kapcs\u00e1n\u201d <\/strong><\/p>\n<p>A k\u00e9rv\u00e9ny kit\u00f6lt\u00e9s\u00e9nek szab\u00e1lyai <a href=\"https:\/\/semmelweis.hu\/studentsupport\/tajekoztato-szocialis\/\">itt<\/a> \u00e9rhet\u0151ek el.<\/p>\n<p>A p\u00e1ly\u00e1zat beny\u00fajt\u00e1si hat\u00e1rideje:<\/p>\n<p><strong style=\"font-size: 1rem\">2026. szeptember 16. (szerda) 12:00<\/strong><\/p>\n<p>A hat\u00e1rid\u0151ig nem elegend\u0151 a k\u00e9rv\u00e9ny kit\u00f6lt\u00e9s\u00e9t megkezdeni. A k\u00e9rv\u00e9nyt v\u00e9glegesen be is kell ny\u00fajtani. A hat\u00e1rid\u0151 lej\u00e1rta ut\u00e1n piszkozatk\u00e9nt megmarad\u00f3, de be nem ny\u00fajtott k\u00e9rv\u00e9ny nem min\u0151s\u00fcl \u00e9rv\u00e9nyes p\u00e1ly\u00e1zatnak.<\/p>\n<p>A p\u00e1ly\u00e1zat beny\u00fajt\u00e1s\u00e1val a hallgat\u00f3 szoci\u00e1lis helyzet\u00e9nek meg\u00e1llap\u00edt\u00e1s\u00e1t \u00e9s az \u00f6szt\u00f6nd\u00edjra val\u00f3 jogosults\u00e1g\u00e1nak elb\u00edr\u00e1l\u00e1s\u00e1t k\u00e9ri. Ez al\u00f3l azok az els\u0151\u00e9ves hallgat\u00f3k jelentenek kiv\u00e9telt, akiknek a szoci\u00e1lis helyzet\u00e9t az adott f\u00e9l\u00e9vre a koll\u00e9giumi felv\u00e9teli elj\u00e1r\u00e1s sor\u00e1n m\u00e1r meg\u00e1llap\u00edtott\u00e1k. Nekik a szoci\u00e1lis vizsg\u00e1lat megism\u00e9tl\u00e9se n\u00e9lk\u00fcl, k\u00fcl\u00f6n k\u00e9rv\u00e9nyben kell ig\u00e9nyelni\u00fck az \u00f6szt\u00f6nd\u00edjat.<\/p>\n<p><strong><span style=\"color: #ff0000\">Els\u0151\u00e9ves hallgat\u00f3k eset\u00e9n, akik 2026 augusztus\u00e1ban<\/span> adott le r\u00e9szletes szoci\u00e1lis b\u00edr\u00e1latai adatlapot, KIZ\u00c1R\u00d3LAG az al\u00e1bbi adatlapot kell kit\u00f6lteni: Neptun \u2192 \u00dcgyint\u00e9z\u00e9s \u2192 K\u00e9rv\u00e9nyek \u2192 Kit\u00f6lthet\u0151 k\u00e9rv\u00e9nyek \u2192 \u201eSch\u00f6pf-Merei \u00c1gost \u00d6szt\u00f6nd\u00edj ig\u00e9nyl\u00e9se m\u00e1r meg\u00e1llap\u00edtott szoci\u00e1lis helyzettel (els\u0151\u00e9vesek\u201d. M\u00e1s ezt az adatlapot NEM T\u00d6LTHETI KI!<\/strong><\/p>\n<ol start=\"5\">\n<li><strong> Kinek kell szoci\u00e1lis adatlapot \u00e9s igazol\u00e1sokat is beny\u00fajtania?<\/strong><\/li>\n<\/ol>\n<p><strong>Fels\u0151bb \u00e9ves hallgat\u00f3k<\/strong><\/p>\n<p>Annak a fels\u0151bb \u00e9ves hallgat\u00f3nak, aki a 2026\/2027. tan\u00e9v \u0151szi f\u00e9l\u00e9v\u00e9ben Sch\u00f6pf-Merei \u00c1gost \u00d6szt\u00f6nd\u00edjra p\u00e1ly\u00e1zik, a p\u00e1ly\u00e1zat r\u00e9szek\u00e9nt szoci\u00e1lis helyzete meg\u00e1llap\u00edt\u00e1s\u00e1t is k\u00e9relmeznie kell.<\/p>\n<p>A p\u00e1ly\u00e1z\u00f3nak be kell ny\u00fajtania:<\/p>\n<ul>\n<li>a Neptun-rendszerben el\u00e9rhet\u0151 szoci\u00e1lis adatlapot;<\/li>\n<li>a <a href=\"https:\/\/semmelweis.hu\/studentsupport\/tajekoztato-szocialis\/\">T\u00e1j\u00e9koztat\u00f3ban<\/a> meghat\u00e1rozott igazol\u00e1sokat;<\/li>\n<li>a kit\u00f6lt\u00f6tt j\u00f6vedelemnyilatkozatot;<\/li>\n<li>az \u00f6szt\u00f6nd\u00edj ig\u00e9nyl\u00e9s\u00e9hez sz\u00fcks\u00e9ges nyilatkozatokat.<\/li>\n<\/ul>\n<p>A SZEB ezek alapj\u00e1n vizsg\u00e1lja meg a hallgat\u00f3 szoci\u00e1lis helyzet\u00e9t, \u00e9s d\u00f6nt a r\u00e1szorults\u00e1gi kateg\u00f3ri\u00e1ba sorol\u00e1s\u00e1r\u00f3l.<\/p>\n<p><strong>Els\u0151\u00e9ves hallgat\u00f3k, akik a koll\u00e9giumi elj\u00e1r\u00e1sban nem k\u00e9rtek szoci\u00e1lis elb\u00edr\u00e1l\u00e1st<\/strong><\/p>\n<p>Annak az els\u0151\u00e9ves hallgat\u00f3nak, aki:<\/p>\n<ul>\n<li>nem p\u00e1ly\u00e1zott koll\u00e9giumi elhelyez\u00e9sre; vagy<\/li>\n<li>p\u00e1ly\u00e1zott koll\u00e9giumi elhelyez\u00e9sre, de annak sor\u00e1n nem k\u00e9rte szoci\u00e1lis helyzete figyelembev\u00e9tel\u00e9t,<\/li>\n<\/ul>\n<p>az \u00f6szt\u00f6nd\u00edjp\u00e1ly\u00e1zattal egy\u00fctt a szoci\u00e1lis helyzete meg\u00e1llap\u00edt\u00e1s\u00e1t is k\u00e9relmeznie kell.<\/p>\n<p>Ehhez a hallgat\u00f3nak a szoci\u00e1lis adatlapot, a j\u00f6vedelemnyilatkozatot \u00e9s valamennyi sz\u00fcks\u00e9ges igazol\u00e1st be kell ny\u00fajtania. A SZEB az \u00f6szt\u00f6nd\u00edjp\u00e1ly\u00e1zat elb\u00edr\u00e1l\u00e1s\u00e1nak r\u00e9szek\u00e9nt vizsg\u00e1lja meg a hallgat\u00f3 szoci\u00e1lis helyzet\u00e9t, \u00e9s d\u00f6nt a r\u00e1szorults\u00e1gi kateg\u00f3ri\u00e1ba sorol\u00e1s\u00e1r\u00f3l.<\/p>\n<p><strong>Els\u0151\u00e9ves hallgat\u00f3k, akiknek a szoci\u00e1lis helyzet\u00e9t m\u00e1r meg\u00e1llap\u00edtott\u00e1k 2026 augusztus\u00e1ban<\/strong><\/p>\n<p>Ha az els\u0151\u00e9ves hallgat\u00f3 a koll\u00e9giumi elhelyez\u00e9si elj\u00e1r\u00e1s sor\u00e1n jelezte, hogy k\u00e9s\u0151bb Sch\u00f6pf-Merei \u00c1gost \u00d6szt\u00f6nd\u00edjra is p\u00e1ly\u00e1zik, \u00e9s szoci\u00e1lis helyzet\u00e9t az Egyetem az adott f\u00e9l\u00e9vre m\u00e1r megvizsg\u00e1lta, akkor nem kell ism\u00e9telten k\u00e9rnie a szoci\u00e1lis helyzete meg\u00e1llap\u00edt\u00e1s\u00e1t.<\/p>\n<p>Az \u00f6szt\u00f6nd\u00edj azonban nem \u00e1llap\u00edthat\u00f3 meg automatikusan. Az \u00e9rintett hallgat\u00f3nak is be kell ny\u00fajtania a Sch\u00f6pf-Merei \u00c1gost \u00d6szt\u00f6nd\u00edj ig\u00e9nyl\u00e9s\u00e9re szolg\u00e1l\u00f3 k\u00fcl\u00f6n Neptun-k\u00e9rv\u00e9nyt (l\u00e1sd fent) \u00e9s az abban szerepl\u0151 nyilatkozatokat legk\u00e9s\u0151bb <strong>2026. szeptember 16-\u00e1n 12:00-ig<\/strong>.<\/p>\n<p>Ebben az esetben az \u00f6szt\u00f6nd\u00edjra val\u00f3 jogosults\u00e1g elb\u00edr\u00e1l\u00e1sakor a koll\u00e9giumi felv\u00e9teli elj\u00e1r\u00e1s sor\u00e1n m\u00e1r meg\u00e1llap\u00edtott szoci\u00e1lis kateg\u00f3ri\u00e1t kell figyelembe venni.<\/p>\n<ol start=\"6\">\n<li><strong> Hogyan \u00e1llap\u00edtj\u00e1k meg a szoci\u00e1lis helyzetet?<\/strong><\/li>\n<\/ol>\n<p>A p\u00e1ly\u00e1zat beny\u00fajt\u00e1s\u00e1t k\u00f6vet\u0151en a SZEB a hallgat\u00f3 \u00e1ltal megadott adatok \u00e9s beny\u00fajtott igazol\u00e1sok alapj\u00e1n megvizsg\u00e1lja a p\u00e1ly\u00e1z\u00f3 szoci\u00e1lis helyzet\u00e9t.<\/p>\n<p>A szoci\u00e1lis helyzet meg\u00e1llap\u00edt\u00e1sakor az Egyetem els\u0151sorban k\u00e9t k\u00f6r\u00fclm\u00e9nyt vizsg\u00e1l:<\/p>\n<ol>\n<li>a hallgat\u00f3 h\u00e1ztart\u00e1s\u00e1ban az egy f\u0151re jut\u00f3 havi j\u00f6vedelmet, sz\u00fcks\u00e9g eset\u00e9n a hallgat\u00f3 tart\u00e1s\u00e1ra k\u00f6teles, k\u00fcl\u00f6n \u00e9l\u0151 sz\u00fcl\u0151 j\u00f6vedelm\u00e9t is figyelembe v\u00e9ve;<\/li>\n<li>azt, hogy fenn\u00e1ll-e valamely igazolt, kiemelt r\u00e1szorults\u00e1gi k\u00f6r\u00fclm\u00e9ny.<\/li>\n<\/ol>\n<p>A j\u00f6vedelmi helyzet \u00e9s az igazolt r\u00e1szorults\u00e1gi k\u00f6r\u00fclm\u00e9nyek egy\u00fcttes vizsg\u00e1lata alapj\u00e1n a SZEB a p\u00e1ly\u00e1z\u00f3t:<\/p>\n<ul>\n<li>I. kateg\u00f3ri\u00e1ba \u2013 legink\u00e1bb r\u00e1szorul\u00f3;<\/li>\n<li>II. kateg\u00f3ri\u00e1ba \u2013 k\u00f6zepesen r\u00e1szorul\u00f3;<\/li>\n<li>III. kateg\u00f3ri\u00e1ba \u2013 kisebb m\u00e9rt\u00e9kben r\u00e1szorul\u00f3<\/li>\n<\/ul>\n<p>sorolhatja, vagy meg\u00e1llap\u00edthatja, hogy a p\u00e1ly\u00e1z\u00f3 egyik r\u00e1szorults\u00e1gi kateg\u00f3ri\u00e1ba sem sorolhat\u00f3.<\/p>\n<p>A p\u00e1ly\u00e1zat beny\u00fajt\u00e1sa teh\u00e1t megel\u0151zi a szoci\u00e1lis helyzet vizsg\u00e1lat\u00e1t \u00e9s a r\u00e1szorults\u00e1gi kateg\u00f3ri\u00e1ba sorol\u00e1st. A kateg\u00f3ri\u00e1ba sorol\u00e1s a p\u00e1ly\u00e1zat elb\u00edr\u00e1l\u00e1s\u00e1nak eredm\u00e9nye, nem pedig a p\u00e1ly\u00e1zat beny\u00fajt\u00e1s\u00e1nak el\u0151felt\u00e9tele.<\/p>\n<p>A r\u00e9szletes j\u00f6vedelemsz\u00e1m\u00edt\u00e1si szab\u00e1lyokat, az egyes r\u00e1szorults\u00e1gi k\u00f6r\u00fclm\u00e9nyeket \u00e9s a beny\u00fajtand\u00f3 dokumentumok k\u00f6r\u00e9t a <a href=\"https:\/\/semmelweis.hu\/studentsupport\/tajekoztato-szocialis\/\"><strong>TJSZ 9. \u00a7 (4) bekezd\u00e9se szerinti T\u00e1j\u00e9koztat\u00f3<\/strong><\/a> \u00e9s annak mell\u00e9klete tartalmazza.<\/p>\n<ol start=\"7\">\n<li><strong> Milyen dokumentumokat kell beny\u00fajtani?<\/strong><\/li>\n<\/ol>\n<p>A szoci\u00e1lis helyzet meg\u00e1llap\u00edt\u00e1s\u00e1t k\u00e9r\u0151 hallgat\u00f3nak a <a href=\"https:\/\/semmelweis.hu\/studentsupport\/tajekoztato-szocialis\/\">T\u00e1j\u00e9koztat\u00f3ban<\/a> meghat\u00e1rozott dokumentumokat kell felt\u00f6ltenie. Ezek k\u00f6re a hallgat\u00f3 \u00e9s a vele egy h\u00e1ztart\u00e1sban \u00e9l\u0151, illetve az eltart\u00e1s\u00e1ra k\u00f6teles szem\u00e9lyek \u00e9lethelyzet\u00e9t\u0151l \u00e9s j\u00f6vedelmi viszonyait\u00f3l f\u00fcgg.<\/p>\n<p>A beny\u00fajtand\u00f3 dokumentumok r\u00e9szletes list\u00e1ja \u00e9s a j\u00f6vedelemnyilatkozat itt \u00e9rhet\u0151 el:<\/p>\n<ul>\n<li><a href=\"https:\/\/semmelweis.hu\/studentsupport\/tajekoztato-szocialis\/\"><strong>TJSZ 9. \u00a7 (4) bekezd\u00e9se szerinti T\u00e1j\u00e9koztat\u00f3<\/strong><\/a><strong> \u00e9s a mell\u00e9klet\u00e9t k\u00e9pez\u0151 J\u00d6VEDELEMNYILATKOZAT<\/strong><\/li>\n<\/ul>\n<p>Fontosabb formai k\u00f6vetelm\u00e9nyek:<\/p>\n<ul>\n<li>a szoci\u00e1lis adatlap mell\u00e9kletek\u00e9nt f\u0151szab\u00e1ly szerint PDF- vagy JPG-form\u00e1tum\u00fa dokumentum t\u00f6lthet\u0151 fel;<\/li>\n<li>a j\u00f6vedelemnyilatkozatot Excel-form\u00e1tumban kell beny\u00fajtani;<\/li>\n<li>egy felt\u00f6lt\u00f6tt dokumentum m\u00e9rete legfeljebb 2 MB lehet;<\/li>\n<li>t\u00f6bboldalas irat eset\u00e9n valamennyi oldalt fel kell t\u00f6lteni;<\/li>\n<li>a dokumentumoknak teljesnek \u00e9s j\u00f3l olvashat\u00f3nak kell lenni\u00fck;<\/li>\n<li>a dokumentumokat a k\u00e9rv\u00e9ny megfelel\u0151 pontj\u00e1hoz kell felt\u00f6lteni;<\/li>\n<li>idegen nyelv\u0171 dokumentumhoz teljes magyar ford\u00edt\u00e1st is csatolni kell;<\/li>\n<li>elektronikusan hiteles\u00edtett irat eset\u00e9n az eredeti elektronikus dokumentumot kell felt\u00f6lteni.<\/li>\n<\/ul>\n<p>A nem megfelel\u0151 helyre felt\u00f6lt\u00f6tt, hi\u00e1nyos vagy olvashatatlan dokumentum a b\u00edr\u00e1lat sor\u00e1n nem vehet\u0151 figyelembe.<\/p>\n<ol start=\"8\">\n<li><strong> Hogyan t\u00f6rt\u00e9nik a p\u00e1ly\u00e1zatok elb\u00edr\u00e1l\u00e1sa?<\/strong><\/li>\n<\/ol>\n<p>A p\u00e1ly\u00e1zat beny\u00fajt\u00e1s\u00e1t k\u00f6vet\u0151en a SZEB a szoci\u00e1lis adatlapon k\u00f6z\u00f6lt adatok, a beny\u00fajtott igazol\u00e1sok \u00e9s az Egyetem rendelkez\u00e9s\u00e9re \u00e1ll\u00f3 adatok alapj\u00e1n megvizsg\u00e1lja a p\u00e1ly\u00e1z\u00f3 szoci\u00e1lis helyzet\u00e9t.<\/p>\n<p>A vizsg\u00e1lat eredm\u00e9nyek\u00e9nt a SZEB:<\/p>\n<ul>\n<li>a p\u00e1ly\u00e1z\u00f3t az I., II. vagy III. r\u00e1szorults\u00e1gi kateg\u00f3ri\u00e1ba sorolja; vagy<\/li>\n<li>meg\u00e1llap\u00edtja, hogy a p\u00e1ly\u00e1z\u00f3 egyik r\u00e1szorults\u00e1gi kateg\u00f3ri\u00e1ba sem sorolhat\u00f3.<\/li>\n<\/ul>\n<p>Ha a p\u00e1ly\u00e1z\u00f3 szoci\u00e1lis helyzet\u00e9t az adott f\u00e9l\u00e9vre a koll\u00e9giumi felv\u00e9teli elj\u00e1r\u00e1s sor\u00e1n m\u00e1r meg\u00e1llap\u00edtott\u00e1k, az \u00f6szt\u00f6nd\u00edjp\u00e1ly\u00e1zat elb\u00edr\u00e1l\u00e1sakor a kor\u00e1bban meghozott d\u00f6nt\u00e9st \u00e9s az abban meg\u00e1llap\u00edtott r\u00e1szorults\u00e1gi kateg\u00f3ri\u00e1t kell figyelembe venni. Ugyanabban a f\u00e9l\u00e9vben a szoci\u00e1lis helyzet ism\u00e9telt meg\u00e1llap\u00edt\u00e1sa nem k\u00e9rhet\u0151.<\/p>\n<p>Sch\u00f6pf-Merei \u00c1gost \u00d6szt\u00f6nd\u00edjban az a p\u00e1ly\u00e1z\u00f3 r\u00e9szes\u00fclhet, aki:<\/p>\n<ul>\n<li>a szoci\u00e1lis juttat\u00e1sokra vonatkoz\u00f3 jogosults\u00e1gi felt\u00e9teleknek megfelel;<\/li>\n<li>a p\u00e1ly\u00e1zat\u00e1t hat\u00e1rid\u0151ben beny\u00fajtotta; \u00e9s<\/li>\n<li>akit a SZEB valamely r\u00e1szorults\u00e1gi kateg\u00f3ri\u00e1ba sorolt.<\/li>\n<\/ul>\n<p>Aki egyik r\u00e1szorults\u00e1gi kateg\u00f3ri\u00e1ba sem sorolhat\u00f3, Sch\u00f6pf-Merei \u00c1gost \u00d6szt\u00f6nd\u00edjban nem r\u00e9szes\u00fclhet.<\/p>\n<p>Az \u00f6szt\u00f6nd\u00edj egyes r\u00e1szorults\u00e1gi kateg\u00f3ri\u00e1khoz tartoz\u00f3 havi \u00f6sszeg\u00e9t a SZEB d\u00f6nt\u00e9se alapj\u00e1n, annak figyelembev\u00e9tel\u00e9vel az oktat\u00e1si rektorhelyettes \u00e1llap\u00edtja meg. A meg\u00e1llap\u00edtott \u00f6sszegeket az Egyetem a honlapj\u00e1n k\u00f6zz\u00e9teszi.<\/p>\n<ol start=\"9\">\n<li><strong> Mekkora az \u00f6szt\u00f6nd\u00edj \u00f6sszege?<\/strong><\/li>\n<\/ol>\n<p>Az egyes kateg\u00f3ri\u00e1khoz tartoz\u00f3 havi \u00f6sszeget az oktat\u00e1si rektorhelyettes a SZEB d\u00f6nt\u00e9s\u00e9nek figyelembev\u00e9tel\u00e9vel \u00e1llap\u00edtja meg. Az \u00f6sszegeket az Egyetem a d\u00f6nt\u00e9st k\u00f6vet\u0151en a honlapj\u00e1n k\u00f6zz\u00e9teszi.<\/p>\n<ol start=\"10\">\n<li><strong> Hogyan t\u00f6rt\u00e9nik az \u00f6szt\u00f6nd\u00edj kifizet\u00e9se?<\/strong><\/li>\n<\/ol>\n<p>Az \u00f6szt\u00f6nd\u00edjat p\u00e9nzbeli juttat\u00e1sk\u00e9nt, havi r\u00e9szletekben kell foly\u00f3s\u00edtani.<\/p>\n<p>A kifizet\u00e9s f\u0151szab\u00e1ly szerint minden h\u00f3nap 10. napj\u00e1ig t\u00f6rt\u00e9nik. Az els\u0151 k\u00e9t h\u00f3napra j\u00e1r\u00f3 \u00f6sszeget az Egyetem a f\u00e9l\u00e9v m\u00e1sodik h\u00f3napj\u00e1nak 10. napj\u00e1ig egy \u00f6sszegben is kifizetheti.<\/p>\n<p>A kifizet\u00e9s a Neptun-rendszerben r\u00f6gz\u00edtett banksz\u00e1mlasz\u00e1mra t\u00f6rt\u00e9nik. A hallgat\u00f3 felel\u0151ss\u00e9ge, hogy a Neptunban szerepl\u0151 banksz\u00e1mlaadatai pontosak \u00e9s naprak\u00e9szek legyenek.<\/p>\n<p>K\u00e9rj\u00fck, a p\u00e1ly\u00e1zat beny\u00fajt\u00e1sa el\u0151tt ellen\u0151rizd a Neptun-rendszerben megadott banksz\u00e1mlasz\u00e1modat.<\/p>\n<ol start=\"11\">\n<li><strong> Mire kell k\u00fcl\u00f6n\u00f6sen figyelni a p\u00e1ly\u00e1zat beny\u00fajt\u00e1sakor?<\/strong><\/li>\n<\/ol>\n<ul>\n<li>A k\u00e9rv\u00e9nyt legk\u00e9s\u0151bb <strong>2026. szeptember 16-\u00e1n 12:00-ig<\/strong> v\u00e9glegesen be kell ny\u00fajtani.<\/li>\n<li>A beny\u00fajtott k\u00e9rv\u00e9ny ut\u00f3lagos m\u00f3dos\u00edt\u00e1s\u00e1ra nincs lehet\u0151s\u00e9g.<\/li>\n<li>A szoci\u00e1lis helyzet meg\u00e1llap\u00edt\u00e1s\u00e1t k\u00e9r\u0151 hallgat\u00f3nak valamennyi sz\u00fcks\u00e9ges igazol\u00e1st fel kell t\u00f6ltenie.<\/li>\n<li>A dokumentumok olvashat\u00f3s\u00e1g\u00e1\u00e9rt \u00e9s teljess\u00e9g\u00e9\u00e9rt a p\u00e1ly\u00e1z\u00f3 felel.<\/li>\n<li>A p\u00e1ly\u00e1zatban k\u00f6z\u00f6lt adatoknak \u00e9s a felt\u00f6lt\u00f6tt dokumentumoknak a p\u00e1ly\u00e1z\u00f3 t\u00e9nyleges helyzet\u00e9t kell t\u00fckr\u00f6zni\u00fck.<\/li>\n<li>Val\u00f3tlan adat k\u00f6zl\u00e9se, val\u00f3s dokumentum elhallgat\u00e1sa vagy hamis dokumentum felt\u00f6lt\u00e9se a p\u00e1ly\u00e1zat elutas\u00edt\u00e1s\u00e1n t\u00fal fegyelmi elj\u00e1r\u00e1st is maga ut\u00e1n vonhat.<\/li>\n<li>Az Egyetem sz\u00fcks\u00e9g eset\u00e9n tov\u00e1bbi dokumentumokat k\u00e9rhet be, illetve a beny\u00fajtott adatokat az egyetemi nyilv\u00e1ntart\u00e1sokban szerepl\u0151 adatokkal \u00f6sszevetheti.<\/li>\n<li>A p\u00e1ly\u00e1zat beny\u00fajt\u00e1sa nem jelent automatikus jogosults\u00e1got az \u00f6szt\u00f6nd\u00edjra. A szoci\u00e1lis helyzet vizsg\u00e1lat\u00e1ra \u00e9s a r\u00e1szorults\u00e1gi kateg\u00f3ri\u00e1ba sorol\u00e1sra a p\u00e1ly\u00e1zat elb\u00edr\u00e1l\u00e1sa sor\u00e1n ker\u00fcl sor.<\/li>\n<\/ul>\n<ol start=\"12\">\n<li><strong> Hi\u00e1nyp\u00f3tl\u00e1s \u00e9s jav\u00edt\u00e1s<\/strong><\/li>\n<\/ol>\n<p>A p\u00e1ly\u00e1zati hat\u00e1rid\u0151 lej\u00e1rt\u00e1t k\u00f6vet\u0151en f\u0151szab\u00e1ly szerint nincs lehet\u0151s\u00e9g a k\u00e9rv\u00e9ny m\u00f3dos\u00edt\u00e1s\u00e1ra, valamint a hi\u00e1nyz\u00f3 vagy hib\u00e1s dokumentumok p\u00f3tl\u00e1s\u00e1ra. Ez\u00e9rt minden p\u00e1ly\u00e1z\u00f3nak a beny\u00fajt\u00e1s el\u0151tt kell ellen\u0151riznie, hogy a k\u00e9rv\u00e9ny valamennyi adata helyes, \u00e9s minden sz\u00fcks\u00e9ges dokumentum hi\u00e1nytalanul, olvashat\u00f3an ker\u00fclt felt\u00f6lt\u00e9sre.<\/p>\n<ol start=\"13\">\n<li><strong> Mikor \u00e9s hogyan kapok \u00e9rtes\u00edt\u00e9st az eredm\u00e9nyr\u0151l?<\/strong><\/li>\n<\/ol>\n<p>A p\u00e1ly\u00e1zat elb\u00edr\u00e1l\u00e1s\u00e1r\u00f3l sz\u00f3l\u00f3 d\u00f6nt\u00e9st a THI azt k\u00f6vet\u0151en k\u00e9zbes\u00edti, hogy a Szoci\u00e1lis \u00e9s Es\u00e9lyegyel\u0151s\u00e9gi Bizotts\u00e1g, ill. az oktat\u00e1si rektorhelyettes arr\u00f3l d\u00f6nt\u00f6tt.<\/p>\n<ol start=\"14\">\n<li><strong> Kapcsolat<\/strong><\/li>\n<\/ol>\n<p>A p\u00e1ly\u00e1zattal kapcsolatos k\u00e9rd\u00e9seket az al\u00e1bbi el\u00e9rhet\u0151s\u00e9gre lehet megk\u00fcldeni:<\/p>\n<p><strong>T\u00e1mogat\u00f3 Szolg\u00e1ltat\u00e1sok \u00e9s Hallgat\u00f3i Kapcsolatok Igazgat\u00f3s\u00e1ga<\/strong><\/p>\n<p>E-mail: <strong>osztondij+SM\u00d62026\u0151sz@semmelweis.hu<\/strong><\/p>\n<p>K\u00e9rj\u00fck, hogy megkeres\u00e9sedben minden esetben t\u00fcntesd fel:<\/p>\n<ul>\n<li>a teljes nevedet;<\/li>\n<li>a Neptun-k\u00f3dodat;<\/li>\n<li>a k\u00e9pz\u00e9sedet \u00e9s \u00e9vfolyamodat;<\/li>\n<li>a k\u00e9rd\u00e9s vagy a technikai probl\u00e9ma r\u00f6vid, pontos le\u00edr\u00e1s\u00e1t.<\/li>\n<\/ul>\n<p><strong>Kapcsol\u00f3d\u00f3 dokumentumok<\/strong><\/p>\n<ul>\n<li><a href=\"https:\/\/semmelweis.hu\/jogigfoig\/dokumentumtar\/szabalyzattar\/szervezeti-es-mukodesi-szabalyzat\/iii-konyv-hkr\/szervezeti-es-mukodesi-szabalyzat-iii-konyv-hallgatoi-kovetelmenyrendszer-iii-4-resz-teritesi-es-juttatasi-szabalyzat-es-mellekletei\/\"><strong>T\u00e9r\u00edt\u00e9si \u00e9s Juttat\u00e1si Szab\u00e1lyzat <\/strong><\/a><\/li>\n<li><a href=\"https:\/\/semmelweis.hu\/studentsupport\/tajekoztato-szocialis\/\"><strong>A szoci\u00e1lis helyzet meg\u00e1llap\u00edt\u00e1s\u00e1ra vonatkoz\u00f3 T\u00e1j\u00e9koztat\u00f3<\/strong><\/a><\/li>\n<\/ul>\n<p><em><u>Jelen honlap kiz\u00e1r\u00f3lag k\u00f6z\u00e9rthet\u0151 t\u00e1j\u00e9koztat\u00e1sul szolg\u00e1l.<\/u><\/em> A hivatalos el\u0151\u00edr\u00e1sokat a Semmelweis Egyetem hat\u00e1lyos T\u00e9r\u00edt\u00e9si \u00e9s Juttat\u00e1si Szab\u00e1lyzata, a szoci\u00e1lis helyzet meg\u00e1llap\u00edt\u00e1s\u00e1ra vonatkoz\u00f3 T\u00e1j\u00e9koztat\u00f3, valamint az alkalmazand\u00f3 jogszab\u00e1lyok tartalmazz\u00e1k.<\/p>\n<p>&nbsp;<\/p>\n","protected":false},"excerpt":{"rendered":"<p>Sch\u00f6pf-Merei \u00c1gost \u00d6szt\u00f6nd\u00edj \/ Szoci\u00e1lis helyzet meg\u00e1llap\u00edt\u00e1sa \u2013 2026\/2027. tan\u00e9v \u0151szi f\u00e9l\u00e9v \u00c1ltal\u00e1nos tudnival\u00f3k Mi a Sch\u00f6pf-Merei \u00c1gost \u00d6szt\u00f6nd\u00edj? A Sch\u00f6pf-Merei \u00c1gost \u00d6szt\u00f6nd\u00edj c\u00e9lja, hogy rendszeres p\u00e9nzbeli t\u00e1mogat\u00e1st ny\u00fajtson a Semmelweis Egyetem szoci\u00e1lisan r\u00e1szorul\u00f3 hallgat\u00f3inak, akik a p\u00e9nzbeli t\u00e1mogat\u00e1s\u00a0(Semmelweis Egyetem Sch\u00f6pf-Merei \u00c1gost \u00d6szt\u00f6nd\u00edja)\u00a0hi\u00e1ny\u00e1ban nem, vagy csak nagy\u00a0\u2013 a lehet\u0151s\u00e9geiket meghalad\u00f3 \u00e9s szoci\u00e1lis biztons\u00e1gukat vesz\u00e9lyeztet\u0151 \u2013 &hellip;<\/p>\n","protected":false},"author":102590,"featured_media":0,"parent":0,"menu_order":0,"comment_status":"closed","ping_status":"closed","template":"","meta":{"_acf_changed":false,"footnotes":""},"categories":[],"tags":[],"class_list":["post-1204","page","type-page","status-publish","hentry"],"acf":[],"_links":{"self":[{"href":"https:\/\/semmelweis.hu\/studentsupport\/wp-json\/wp\/v2\/pages\/1204","targetHints":{"allow":["GET"]}}],"collection":[{"href":"https:\/\/semmelweis.hu\/studentsupport\/wp-json\/wp\/v2\/pages"}],"about":[{"href":"https:\/\/semmelweis.hu\/studentsupport\/wp-json\/wp\/v2\/types\/page"}],"author":[{"embeddable":true,"href":"https:\/\/semmelweis.hu\/studentsupport\/wp-json\/wp\/v2\/users\/102590"}],"replies":[{"embeddable":true,"href":"https:\/\/semmelweis.hu\/studentsupport\/wp-json\/wp\/v2\/comments?post=1204"}],"version-history":[{"count":5,"href":"https:\/\/semmelweis.hu\/studentsupport\/wp-json\/wp\/v2\/pages\/1204\/revisions"}],"predecessor-version":[{"id":1215,"href":"https:\/\/semmelweis.hu\/studentsupport\/wp-json\/wp\/v2\/pages\/1204\/revisions\/1215"}],"wp:attachment":[{"href":"https:\/\/semmelweis.hu\/studentsupport\/wp-json\/wp\/v2\/media?parent=1204"}],"wp:term":[{"taxonomy":"category","embeddable":true,"href":"https:\/\/semmelweis.hu\/studentsupport\/wp-json\/wp\/v2\/categories?post=1204"},{"taxonomy":"post_tag","embeddable":true,"href":"https:\/\/semmelweis.hu\/studentsupport\/wp-json\/wp\/v2\/tags?post=1204"}],"curies":[{"name":"wp","href":"https:\/\/api.w.org\/{rel}","templated":true}]}}