{"id":1201,"date":"2026-09-03T20:55:57","date_gmt":"2026-09-03T18:55:57","guid":{"rendered":"https:\/\/semmelweis.hu\/studentsupport\/?page_id=1201"},"modified":"2026-09-03T22:02:57","modified_gmt":"2026-09-03T20:02:57","slug":"schopf-merei-agost-osztondij-2019-oszi-felevet-megelozoen-rendszeres-szocialis-osztondij","status":"publish","type":"page","link":"https:\/\/semmelweis.hu\/studentsupport\/schopf-merei-agost-osztondij-2019-oszi-felevet-megelozoen-rendszeres-szocialis-osztondij\/","title":{"rendered":"Sch\u00f6pf-Merei \u00c1gost \u00d6szt\u00f6nd\u00edj (2019. \u0151szi f\u00e9l\u00e9vet megel\u0151z\u0151en: \u201erendszeres szoci\u00e1lis \u00f6szt\u00f6nd\u00edj\u201d)"},"content":{"rendered":"<p><strong>A Sch\u00f6pf-Merei \u00c1gost \u00d6szt\u00f6nd\u00edj a Semmelweis Egyetem p\u00e9nzbeli t\u00e1mogat\u00e1sa, melyre <span style=\"text-decoration: underline\">azok a hallgat\u00f3k jogosultak, <\/span><\/strong><span style=\"text-decoration: underline\">akik e <strong>t\u00e1mogat\u00e1s <\/strong><strong>hi\u00e1ny\u00e1ban nem, vagy csak nagy\u00a0<\/strong>\u2013 a lehet\u0151s\u00e9geiket meghalad\u00f3 \u00e9s szoci\u00e1lis biztons\u00e1gukat vesz\u00e9lyeztet\u0151 &#8211;\u00a0<strong>terhek \u00e1r\u00e1n tudn\u00e1k elv\u00e9gezni az egyetem k\u00e9pz\u00e9s\u00e9t.<\/strong><\/span><\/p>\n<p>Az akut\u00e1lis f\u00e9l\u00e9vre vonatkoz\u00f3 t\u00e1j\u00e9koztat\u00e1s el\u00e9rhet\u0151 az al\u00e1bbi linken:<\/p>\n<p><a href=\"https:\/\/semmelweis.hu\/studentsupport\/?page_id=1204&amp;preview=true\">Sch\u00f6pf-Merei \u00c1gost \u00d6szt\u00f6nd\u00edj 2026\/27 1. (\u0151szi) f\u00e9l\u00e9vre<\/a><\/p>\n<p>&nbsp;<\/p>\n<p>&nbsp;<\/p>\n<p>ARCH\u00cdV ANYAGOK:<\/p>\n<p><a href=\"https:\/\/semmelweis.hu\/studentsupport\/schopf-merei-agost-osztondij-korabban-rendszeres-szocialis-osztondij\/\">P\u00e1ly\u00e1zati ki\u00edr\u00e1s a Semmelweis Egyetem Sch\u00f6pf-Merei \u00c1gost \u00d6szt\u00f6nd\u00edj\u00e1ra 2025\/26 2. f\u00e9l\u00e9vre (arch\u00edv)<\/a><\/p>\n<p>&nbsp;<\/p>\n","protected":false},"excerpt":{"rendered":"<p>A Sch\u00f6pf-Merei \u00c1gost \u00d6szt\u00f6nd\u00edj a Semmelweis Egyetem p\u00e9nzbeli t\u00e1mogat\u00e1sa, melyre azok a hallgat\u00f3k jogosultak, akik e t\u00e1mogat\u00e1s hi\u00e1ny\u00e1ban nem, vagy csak nagy\u00a0\u2013 a lehet\u0151s\u00e9geiket meghalad\u00f3 \u00e9s szoci\u00e1lis biztons\u00e1gukat vesz\u00e9lyeztet\u0151 &#8211;\u00a0terhek \u00e1r\u00e1n tudn\u00e1k elv\u00e9gezni az egyetem k\u00e9pz\u00e9s\u00e9t.<br \/>\nAz akut\u00e1lis f\u00e9l\u00e9vre vonatkoz\u00f3 t\u00e1j\u00e9koztat\u00e1s el\u00e9rhet\u0151 az al\u00e1bbi linken:<br \/>\n<a href=\"https:\/\/semmelweis.hu\/studentsupport\/?page_id=1204&amp;preview=true\">Sch\u00f6pf-Merei \u00c1gost \u00d6szt\u00f6nd\u00edj 2026\/27 1. (\u0151szi) f\u00e9l\u00e9vre<\/a><br \/>\n&nbsp;<br \/>\n&nbsp;<br \/>\nARCH\u00cdV ANYAGOK:<br \/>\n<a href=\"https:\/\/semmelweis.hu\/studentsupport\/schopf-merei-agost-osztondij-korabban-rendszeres-szocialis-osztondij\/\">P\u00e1ly\u00e1zati ki\u00edr\u00e1s a Semmelweis Egyetem Sch\u00f6pf-Merei \u00c1gost \u00d6szt\u00f6nd\u00edj\u00e1ra 2025\/26 2. f\u00e9l\u00e9vre (arch\u00edv)<\/a><br \/>\n&nbsp;<\/p>\n","protected":false},"author":102590,"featured_media":0,"parent":0,"menu_order":0,"comment_status":"closed","ping_status":"closed","template":"","meta":{"_acf_changed":false,"footnotes":""},"categories":[],"tags":[],"class_list":["post-1201","page","type-page","status-publish","hentry"],"acf":[],"_links":{"self":[{"href":"https:\/\/semmelweis.hu\/studentsupport\/wp-json\/wp\/v2\/pages\/1201","targetHints":{"allow":["GET"]}}],"collection":[{"href":"https:\/\/semmelweis.hu\/studentsupport\/wp-json\/wp\/v2\/pages"}],"about":[{"href":"https:\/\/semmelweis.hu\/studentsupport\/wp-json\/wp\/v2\/types\/page"}],"author":[{"embeddable":true,"href":"https:\/\/semmelweis.hu\/studentsupport\/wp-json\/wp\/v2\/users\/102590"}],"replies":[{"embeddable":true,"href":"https:\/\/semmelweis.hu\/studentsupport\/wp-json\/wp\/v2\/comments?post=1201"}],"version-history":[{"count":8,"href":"https:\/\/semmelweis.hu\/studentsupport\/wp-json\/wp\/v2\/pages\/1201\/revisions"}],"predecessor-version":[{"id":1226,"href":"https:\/\/semmelweis.hu\/studentsupport\/wp-json\/wp\/v2\/pages\/1201\/revisions\/1226"}],"wp:attachment":[{"href":"https:\/\/semmelweis.hu\/studentsupport\/wp-json\/wp\/v2\/media?parent=1201"}],"wp:term":[{"taxonomy":"category","embeddable":true,"href":"https:\/\/semmelweis.hu\/studentsupport\/wp-json\/wp\/v2\/categories?post=1201"},{"taxonomy":"post_tag","embeddable":true,"href":"https:\/\/semmelweis.hu\/studentsupport\/wp-json\/wp\/v2\/tags?post=1201"}],"curies":[{"name":"wp","href":"https:\/\/api.w.org\/{rel}","templated":true}]}}