{"id":73,"date":"2021-10-26T10:35:17","date_gmt":"2021-10-26T08:35:17","guid":{"rendered":"https:\/\/semmelweis.hu\/semmelweisiskola\/?page_id=73"},"modified":"2025-10-28T09:16:01","modified_gmt":"2025-10-28T08:16:01","slug":"egeszsegugyi-technikum","status":"publish","type":"page","link":"https:\/\/semmelweis.hu\/semmelweisiskola\/oktatas\/egeszsegugyi-technikum\/","title":{"rendered":"Eg\u00e9szs\u00e9g\u00fcgyi technikum"},"content":{"rendered":"<p><strong>Tagozatk\u00f3d: 9001<\/strong><\/p>\n<p>A k\u00e9pz\u00e9st nemcsak azoknak a nyolcadikosnak aj\u00e1nljuk, akik elhivatotts\u00e1got \u00e9reznek az eg\u00e9szs\u00e9g\u00fcgyi p\u00e1ly\u00e1k ir\u00e1nt, \u00e9s szeretn\u00e9nek gyerekekkel, emberekkel foglalkozni, hanem mindazoknak, akik m\u00e9g bizonytalanok, \u00e9s egyel\u0151re csak azt tudj\u00e1k, hogy szeretn\u00e9nek \u00e9retts\u00e9gi bizony\u00edtv\u00e1nyt szerezni, \u00e9s olyan tant\u00e1rgyakat tanulni, olyan praktikus ismeretekre szert tenni, amelyeket k\u00e9s\u0151bb a mindennapi \u00e9let\u00fckben is hasznos\u00edtani tudnak.<\/p>\n<p>Mint az eg\u00e9sz orsz\u00e1gban, \u00edgy n\u00e1lunk is az \u00faj kerettantervek szerint indulnak az oszt\u00e1lyok! Az eg\u00e9szs\u00e9g\u00fcgyi technikum \u00e9letk\u00f6zeli, praktikus, hasznos ismereteket ny\u00fajt! A szakmai gyakorlatok maximum 12 f\u0151s csoportokban folynak a korszer\u0171en felszerelt demonstr\u00e1ci\u00f3s termeinkben.<\/p>\n<p>Az <strong>\u00f3raterv <a href=\"https:\/\/semmelweis.hu\/semmelweisiskola\/files\/2021\/10\/Egeszsegugyi.pdf\" target=\"_blank\" rel=\"noopener noreferrer\">innen<\/a> <\/strong>let\u00f6lthet\u0151, itt megn\u00e9zheted a tan\u00edtott tant\u00e1rgyakat.<\/p>\n<p>Az eg\u00e9szs\u00e9g\u00fcgyi technikum tov\u00e1bbi el\u0151nyei:<\/p>\n<ul>\n<li>aki nem akar, vagy nem tud tov\u00e1bbtanulni, a szakmai \u00e9retts\u00e9gi vizsg\u00e1val technikusi szakk\u00e9pes\u00edt\u00e9st is kap\u00a0(az \u00e1pol\u00f3k ir\u00e1nt nagy a kereslet, \u00edgy azonnal el lehet helyezkedni)<\/li>\n<li>aki az \u00e9retts\u00e9gi vizsga ut\u00e1n szakir\u00e1nyban tanul tov\u00e1bb, egy \u00e9v alatt szerezhet tov\u00e1bbi\u00a0technikusi-szakk\u00e9pes\u00edt\u00e9seket, illetve tov\u00e1bbi f\u00e9l vagy egy \u00e9v alatt szakk\u00e9pes\u00edt\u00e9s-r\u00e1\u00e9p\u00fcl\u00e9st is elv\u00e9gezhet<\/li>\n<li>sokf\u00e9le ir\u00e1nyban lehet tov\u00e1bbtanulni, nemcsak a csecsem\u0151- \u00e9s feln\u0151tt \u00e1pol\u00e1si ter\u00fcleten (gy\u00f3gy- \u00e9s sportmassz\u0151r, eg\u00e9szs\u00e9g\u00fcgyi asszisztens, fog\u00e1szati \u00e9s gy\u00f3gyszert\u00e1ri asszisztens stb.).<\/li>\n<\/ul>\n<p>&nbsp;<\/p>\n<p>Az eg\u00e9szs\u00e9g\u00fcgyi technikumba fi\u00fak is j\u00e1rnak, akik egy kis bab\u00e1z\u00e1st\u00f3l sem riadnak vissza, de a jogos\u00edtv\u00e1nyhoz az els\u0151seg\u00e9lyny\u00fajt\u00e1st is megtanulj\u00e1k, \u00e9s k\u00fcl\u00f6n\u00f6sen izgalmas szakma lehet sz\u00e1mukra a ment\u0151\u00e1pol\u00f3i.<\/p>\n<p>Iskol\u00e1nkban bar\u00e1ts\u00e1gos a l\u00e9gk\u00f6r, mert tan\u00e1raink gyerekszeret\u0151, elhivatott pedag\u00f3gusok.<\/p>\n<p>B\u0151vebb inform\u00e1ci\u00f3 telefonon:<\/p>\n<ul style=\"list-style-type: square\">\n<li>+36-1-281-3736<\/li>\n<li>+36-1-358-0556<\/li>\n<li>+36-70-932- 0048<\/li>\n<li>+36-70-932-0347<\/li>\n<\/ul>\n<p><img loading=\"lazy\" decoding=\"async\" class=\"size-medium wp-image-223 aligncenter\" src=\"https:\/\/semmelweis.hu\/semmelweisiskola\/files\/2021\/10\/szocialis4-400x266.jpg\" alt=\"\" width=\"400\" height=\"266\" \/><\/p>\n<p style=\"text-align: center\">Ha n\u00e1lunk tanulsz tov\u00e1bb, n\u00e9gy \u00e9v m\u00falva Te is a reflektorok f\u00e9ny\u00e9ben \u00e1llhatsz&#8230;<\/p>\n","protected":false},"excerpt":{"rendered":"<p>Tagozatk\u00f3d: 9001 A k\u00e9pz\u00e9st nemcsak azoknak a nyolcadikosnak aj\u00e1nljuk, akik elhivatotts\u00e1got \u00e9reznek az eg\u00e9szs\u00e9g\u00fcgyi p\u00e1ly\u00e1k ir\u00e1nt, \u00e9s szeretn\u00e9nek gyerekekkel, emberekkel foglalkozni, hanem mindazoknak, akik m\u00e9g bizonytalanok, \u00e9s egyel\u0151re csak azt tudj\u00e1k, hogy szeretn\u00e9nek \u00e9retts\u00e9gi bizony\u00edtv\u00e1nyt szerezni, \u00e9s olyan tant\u00e1rgyakat tanulni, olyan praktikus ismeretekre szert tenni, amelyeket k\u00e9s\u0151bb a mindennapi \u00e9let\u00fckben is hasznos\u00edtani tudnak. Mint az &hellip;<\/p>\n","protected":false},"author":101934,"featured_media":0,"parent":380,"menu_order":1,"comment_status":"closed","ping_status":"closed","template":"","meta":{"_acf_changed":false,"footnotes":""},"categories":[],"tags":[],"class_list":["post-73","page","type-page","status-publish","hentry"],"acf":[],"_links":{"self":[{"href":"https:\/\/semmelweis.hu\/semmelweisiskola\/wp-json\/wp\/v2\/pages\/73","targetHints":{"allow":["GET"]}}],"collection":[{"href":"https:\/\/semmelweis.hu\/semmelweisiskola\/wp-json\/wp\/v2\/pages"}],"about":[{"href":"https:\/\/semmelweis.hu\/semmelweisiskola\/wp-json\/wp\/v2\/types\/page"}],"author":[{"embeddable":true,"href":"https:\/\/semmelweis.hu\/semmelweisiskola\/wp-json\/wp\/v2\/users\/101934"}],"replies":[{"embeddable":true,"href":"https:\/\/semmelweis.hu\/semmelweisiskola\/wp-json\/wp\/v2\/comments?post=73"}],"version-history":[{"count":11,"href":"https:\/\/semmelweis.hu\/semmelweisiskola\/wp-json\/wp\/v2\/pages\/73\/revisions"}],"predecessor-version":[{"id":3597,"href":"https:\/\/semmelweis.hu\/semmelweisiskola\/wp-json\/wp\/v2\/pages\/73\/revisions\/3597"}],"up":[{"embeddable":true,"href":"https:\/\/semmelweis.hu\/semmelweisiskola\/wp-json\/wp\/v2\/pages\/380"}],"wp:attachment":[{"href":"https:\/\/semmelweis.hu\/semmelweisiskola\/wp-json\/wp\/v2\/media?parent=73"}],"wp:term":[{"taxonomy":"category","embeddable":true,"href":"https:\/\/semmelweis.hu\/semmelweisiskola\/wp-json\/wp\/v2\/categories?post=73"},{"taxonomy":"post_tag","embeddable":true,"href":"https:\/\/semmelweis.hu\/semmelweisiskola\/wp-json\/wp\/v2\/tags?post=73"}],"curies":[{"name":"wp","href":"https:\/\/api.w.org\/{rel}","templated":true}]}}