{"id":5466,"date":"2020-11-27T13:04:06","date_gmt":"2020-11-27T12:04:06","guid":{"rendered":"https:\/\/semmelweis.hu\/sebeszet1\/?page_id=5466"},"modified":"2021-12-08T10:27:35","modified_gmt":"2021-12-08T09:27:35","slug":"a-xvii-szazadtol-napjainkig","status":"publish","type":"page","link":"https:\/\/semmelweis.hu\/sebeszet\/a-klinikarol\/a-xvii-szazadtol-napjainkig\/","title":{"rendered":"Az \u00dcll\u0151i \u00fati Klinika t\u00f6rt\u00e9nete"},"content":{"rendered":"<div dir=\"ltr\">\n<h3 style=\"text-align: justify\"><strong>Korai t\u00f6rt\u00e9net: XVII-XIX. sz\u00e1zad<\/strong><\/h3>\n<p style=\"text-align: justify\">A budapesti orvostudom\u00e1nyi egyetem \u00e9s klinik\u00e1inak t\u00f6rt\u00e9nete a XVII. sz\u00e1zadig vezethet\u0151 vissza. P\u00e1zm\u00e1ny P\u00e9ter b\u00edboros, esztergomi \u00e9rsek \u00e1ltal 1635-ben megalap\u00edtott nagyszombati egyetemnek kezdetben theol\u00f3gia \u00e9s b\u00f6lcs\u00e9szeti fakult\u00e1sa volt. Az egyh\u00e1zi jelleg\u0171 int\u00e9zm\u00e9ny 1667-ben jogi karral b\u0151v\u00fclt, majd 1769-ben M\u00e1ria Ter\u00e9zia rendelkez\u00e9se nyom\u00e1n megkezd\u0151d\u00f6tt az orvoskar szervez\u00e9se. Az oktat\u00e1s 1770-ben indult meg \u00f6t tansz\u00e9kkel: seb\u00e9szet, \u00e9lettan \u00e9s gy\u00f3gyszertan, bonctan, botanika, \u00e9s k\u00e9mia \u00e9s \u00e1ltal\u00e1nos k\u00f3rtan. A kar alap\u00edt\u00e1s\u00e1t k\u00f6vet\u0151en az egyh\u00e1zi jelleg\u0171 int\u00e9zm\u00e9ny kir\u00e1lyi egyetemm\u00e9 alakult. A Hildebrandt Ferenc \u00e1ltal tervezett orvoskari \u00e9p\u00fcletet 1772-ben adt\u00e1k \u00e1t rendeltet\u00e9s\u00e9nek. Az egyetemet 1777-ben Bud\u00e1ra, majd 1784-ben Pestre helyezt\u00e9k \u00e1t. Az orvoskar 1859-ig az egykori jezsuita kolostorban kapott otthont a Hatvani utca \u00e9s az \u00dajvil\u00e1g utca sark\u00e1n (ma Kossuth Lajos utca \u00e9s Semmelweis utca), majd az Orsz\u00e1g\u00fati (ma M\u00fazeum k\u00f6r\u00fat) Kunew\u00e4lder-h\u00e1zba k\u00f6lt\u00f6z\u00f6tt, ahol 27 \u00e1gy k\u00e9pezte a Seb\u00e9szeti K\u00f3rod\u00e1t[1].<\/p>\n<p style=\"text-align: justify\">A kor egyik legnagyobb eur\u00f3pai seb\u00e9sze, Balassa J\u00e1nos, a magyar seb\u00e9szet megalap\u00edt\u00f3ja 1843-t\u00f3l a \u201eSeb\u00e9szeti K\u00f3rod\u00e1nak\u201d nevezett tansz\u00e9ket vezette hal\u00e1l\u00e1ig. Balassa nem kiz\u00e1r\u00f3lag seb\u00e9szettel foglalkozott, hanem sz\u00fcl\u00e9szetet, szem\u00e9szetet is el\u0151adott. A b\u00e9csi egyetem medikus n\u00f6vend\u00e9ke volt, 1839-ben a b\u00e9csi m\u0171t\u0151int\u00e9zet \u00f6szt\u00f6nd\u00edjas tan\u00e1rseg\u00e9de, 1843-ban m\u00e1r a pesti egyetem tan\u00e1ra (ekkor 28 \u00e9ves). Sokoldal\u00fa seb\u00e9szi, irodalmi munk\u00e1ss\u00e1g\u00e1val megalap\u00edtotta az \u00f6n\u00e1ll\u00f3 magyar seb\u00e9szetet \u00e9s annak tekint\u00e9lyt szerzett, eur\u00f3pai n\u00edv\u00f3ra emelte. Sikeres h\u00fagym\u0171t\u00e9tek, k\u00e9pz\u0151m\u0171t\u00e9tek \u00f6regb\u00edtett\u00e9k h\u00edrnev\u00e9t. A g\u00e9geseb\u00e9szet ter\u00fclet\u00e9n is maradand\u00f3t alkotott, a laryngofissio m\u0171t\u00e9t Balassa nev\u00e9hez f\u0171z\u0151dik. \u0150 vezette be haz\u00e1nkban a lobos iz\u00fcleti b\u00e1ntalmak helyes kezel\u00e9s m\u00f3dj\u00e1t \u00e9s v\u00e9gezte el Magyarorsz\u00e1gon az els\u0151 sikeres ovarium-cystoma m\u0171t\u00e9tet. El\u0151sz\u00f6r alkalmazott haz\u00e1nkban aether nark\u00f3zist [2]. A seb\u00e9szeti k\u00f3roda sz\u00e1m\u00e1ra Balassa k\u00f6nyvt\u00e1rat alap\u00edtott, melynek a r\u00e9gi \u00e9s modern seb\u00e9szeti munk\u00e1kon k\u00edv\u00fcl foly\u00f3iratokban, gy\u0171jt\u0151munk\u00e1kban \u00e9s rokon szakm\u00e1k k\u00f6nyveiben gazdag \u00e1llom\u00e1nya volt [3].<\/p>\n<p style=\"text-align: justify\">1870-t\u0151l a seb\u00e9szeti tansz\u00e9k vezet\u0151je Kov\u00e1cs J\u00f3zsef, aki Balassa tan\u00edtv\u00e1nya volt. A beteg\u00e1gyak sz\u00e1m\u00e1t 38-ra n\u00f6velte. Kov\u00e1cs J\u00f3zsef idej\u00e9ben indult meg a bels\u0151 klinikai telep \u00e9p\u00edt\u00e9se. Az \u0151 fel\u00fcgyelete alatt k\u00e9sz\u00fclt el \u00e9s nyitotta meg kapuit az 1876-77-es tan\u00e9vben az \u00faj Seb\u00e9szeti K\u00f3roda az \u00dcll\u0151i \u00fat \u00e9s a M\u00e1ria utca sark\u00e1n (a mai B\u0151r- Nemik\u00f3rtani \u00e9s B\u0151ronkol\u00f3giai Klinika ter\u00fclet\u00e9n). Kolbenheyer Ferenc \u00e9p\u00edt\u00e9sz, a t\u00f6rt\u00e9neti st\u00edlusok k\u00f6vet\u0151je \u00e9p\u00edtette az abban az id\u0151ben p\u00e9ld\u00e1tlan, egyed\u00fcl\u00e1ll\u00f3 alkot\u00e1sk\u00e9nt sz\u00e1mon tartott \u00e9p\u00fcletet. Az \u00faj klinika berendez\u00e9s\u00e9vel, felszerel\u00e9s\u00e9vel, hivat\u00e1s\u00e1hoz m\u00e9lt\u00f3 munk\u00e1ss\u00e1g\u00e1val a tudom\u00e1ny fellegv\u00e1ra lett. [4]. 1880-ban a tansz\u00e9k az I. Sz\u00e1m\u00fa Seb\u00e9szeti Klinika elnevez\u00e9st kapta.<\/p>\n<h3 style=\"text-align: justify\"><strong>A XX. sz\u00e1zad eleje<\/strong><\/h3>\n<p style=\"text-align: justify\">Kov\u00e1cs J\u00f3zsef hal\u00e1la ut\u00e1n Dollinger Gyula (els\u0151 k\u00e9p) ker\u00fclt a klinika \u00e9l\u00e9re (1898-1919). Tansz\u00e9kvezet\u0151i m\u0171k\u00f6d\u00e9s\u00e9t 1898. febr. 16-\u00e1n kezdte meg. \u0150 terveztette a k\u00fcls\u0151 klinikai telepen a klinika m\u00e1ig haszn\u00e1lt \u00e9p\u00fclet\u00e9t, melynek \u00e1tad\u00e1s\u00e1ra 1909-ben ker\u00fclt sor a Szigony utca \u00e9s az \u00dcll\u0151i \u00fat sark\u00e1n [5].<\/p>\n<p style=\"text-align: justify\">A klinika 1909. szeptember 27-i \u00e1tad\u00e1s\u00e1r\u00f3l sz\u00f3l\u00f3 eredeti \u00fajs\u00e1gcikk <a href=\"https:\/\/semmelweis.hu\/sebeszet\/files\/2020\/11\/%C3%9Aj-Seb%C3%A9szeti-Klinika-Dollinger-1.pdf\">&lt;&lt;ide kattintva&gt;&gt;<\/a> olvashat\u00f3.<\/p>\n<p style=\"text-align: justify\">\u00c9p\u00edt\u00e9szet\u00fcnk t\u00f6rt\u00e9net\u00e9ben kiemelked\u0151 alkot\u00f3k\u00e9nt sz\u00e1mon tartott Korb Fl\u00f3ris \u00e9s Giergl K\u00e1lm\u00e1n \u00e9p\u00edt\u00e9szek tervei alapj\u00e1n k\u00e9sz\u00fclt, amely r\u00e9szben t\u00e9glaburkolatos, r\u00e9szben k\u0151tagozatos, st\u00edlus\u00e1ban a t\u00f6rt\u00e9neti \u00e9p\u00edt\u00e9szet \u00e9s a kor \u00e9p\u00edt\u00e9szeti ir\u00e1nyzat\u00e1nak stiliz\u00e1lt elemeivel tagolt alkot\u00e1s.<\/p>\n<p style=\"text-align: justify\">A neorenesz\u00e1nsz \u00edzl\u00e9s\u0171 eklektikus formavil\u00e1gon t\u00fall\u00e9p\u0151, de annak kompoz\u00edci\u00f3s elveihez ragaszkod\u00f3 st\u00edlus\u00e1val, korszer\u0171 homlokzat d\u00edsz\u00edt\u00e9s\u00e9vel, modern berendez\u00e9s\u00e9vel Eur\u00f3pa egyik legmodernebb gy\u00f3gyint\u00e9zete volt, t\u00f6bbek k\u00f6zt p\u00e9ld\u00e1ul a l\u00e9gkondicion\u00e1lt m\u0171t\u0151, gravit\u00e1ci\u00f3s szell\u0151z\u00e9s megteremt\u00e9s\u00e9vel (D\u00e9ry A., Mer\u00e9nyi F.: Magyar \u00e9p\u00edt\u00e9szet, 1867-1945. Bp. 129 p).<\/p>\n<p style=\"text-align: justify\">Dollinger maradand\u00f3t alkotott, iskol\u00e1t teremtett a seb\u00e9szeti tev\u00e9kenys\u00e9g fejleszt\u00e9se \u00e9s az \u00fajabb technik\u00e1k bevezet\u00e9se ter\u00e9n. Jelent\u0151s szervez\u0151munk\u00e1ja seg\u00edtette a klinikai tev\u00e9kenys\u00e9get, az egyetemi oktat\u00e1st \u00e9s az orvostov\u00e1bbk\u00e9pz\u00e9st. Mer\u00e9sz \u00faj\u00edt\u00f3 volt, a modern magyar seb\u00e9szet els\u0151 reprezent\u00e1nsa, a hazai ortop\u00e9diai seb\u00e9szet megteremt\u0151je. Kor\u00e1nak minden \u00faj\u00edt\u00e1s\u00e1val l\u00e9p\u00e9st tartott. \u0150 volt az els\u0151, aki a gyakorlatban tudatosan alkalmazta a modern asepsist, a klinik\u00e1j\u00e1n a hasseb\u00e9szet, az agyseb\u00e9szet, a mellkasseb\u00e9szet, az urol\u00f3gia \u00e9s a modern orthopaedia a mindennapi tev\u00e9kenys\u00e9gek k\u00f6r\u00e9be tartozott [6].<\/p>\n<p style=\"text-align: justify\">Dollinger Gyula nyugalomba vonul\u00e1sa ut\u00e1n Vereb\u00e9ly Tibor (k\u00e9pen) lett a klinika igazgat\u00f3ja 1941-ben bek\u00f6vetkezett hal\u00e1l\u00e1ig. Ebben az id\u0151ben a klinika 150-160 \u00e1ggyal m\u0171k\u00f6d\u00f6tt, tev\u00e9kenys\u00e9gi k\u00f6re a klasszikus \u00e9rtelemben vett seb\u00e9szet minden ter\u00fclet\u00e9re kiterjedt. Lebilincsel\u0151 el\u0151ad\u00e1sai miatt a hallgat\u00f3k k\u00f6r\u00e9ben n\u00e9pszer\u0171 volt, di\u00e1kjai rajongtak \u00e9rte. T\u00f6bb sz\u00e1z dolgozata jelent meg, k\u00f6nyveket is \u00edrt, k\u00f6z\u00f6tt\u00fck egy n\u00e9gy k\u00f6tetes seb\u00e9szeti tank\u00f6nyvet. Sokoldal\u00fa, \u00e9rt\u00e9kes munk\u00e1ss\u00e1ga elismer\u00e9s\u00e9t sz\u00e1mos kit\u00fcntet\u00e9s bizony\u00edtotta. Nemzetk\u00f6zi h\u00edrnevet szerzett a gyomorfek\u00e9ly \u00e9s a gyomorr\u00e1k seb\u00e9szi kezel\u00e9s\u00e9ben el\u00e9rt eredm\u00e9nyeivel. Foglalkozott a hasny\u00e1lmirigy betegs\u00e9geinek patol\u00f3gi\u00e1j\u00e1val \u00e9s seb\u00e9szet\u00e9vel is. A klinika tudom\u00e1nyos munk\u00e1j\u00e1t seg\u00edtette a 2000 k\u00f6tetes orvosi szakk\u00f6nyvt\u00e1r, 16 el\u0151fizetett foly\u00f3irat [7][8].<\/p>\n<p style=\"text-align: justify\">Vereb\u00e9ly hal\u00e1la ut\u00e1n Matolay Gy\u00f6rgy lett kezdetben a klinika megb\u00edzott, majd k\u00e9s\u0151bb kinevezett igazgat\u00f3ja (1941-45). A h\u00e1bor\u00fa \u00e9vei alatt a felemelt medikus l\u00e9tsz\u00e1m k\u00f6vetkezt\u00e9ben az oktat\u00e1si feladatok megszaporodtak.<\/p>\n<h3 style=\"text-align: justify\"><strong>A II. Vil\u00e1gh\u00e1bor\u00fa ut\u00e1n, 1975-ig<\/strong><\/h3>\n<p style=\"text-align: justify\">A felszabadul\u00e1s ut\u00e1n, 1947.december\u00e9ig a klinika \u00e9p\u00fclet\u00e9ben katonai k\u00f3rh\u00e1z m\u0171k\u00f6d\u00f6tt. Ez id\u0151 alatt a klinika a II. sz. N\u0151gy\u00f3gy\u00e1szati Klinika pavilonj\u00e1ban, a Baross utc\u00e1ban m\u0171k\u00f6d\u00f6tt. 40 \u00e1gy \u00e1llt az akkor II. Sz. Seb\u00e9szeti Klinika n\u00e9ven m\u0171k\u00f6d\u0151 int\u00e9zet rendelkez\u00e9s\u00e9re. 1945-47 k\u00f6z\u00f6tt a klinika megb\u00edzott vezet\u0151je Marik Mikl\u00f3s, \u0151t k\u00f6vette Klimk\u00f3 Dezs\u0151, aki 1948-t\u00f3l 1949-ig volt a klinika igazgat\u00f3ja.A klinika az I. Sz. Seb\u00e9szeti Klinika elnevez\u00e9st 1953-ban kapta vissza, 112 \u00e1gyl\u00e9tsz\u00e1mmal tudott betegeket fogadni. Hedri Endre 1949 okt\u00f3ber\u00e9ben vette \u00e1t a klinika vezet\u00e9s\u00e9t, melynek hal\u00e1l\u00e1ig &#8211; 13 \u00e9ven \u00e1t &#8211; igazgat\u00f3ja volt. Elind\u00edtotta a modern baleseti seb\u00e9szet fejl\u0151d\u00e9s\u00e9t, vezet\u00e9se alatt korszer\u0171 traumatol\u00f3giai oszt\u00e1ly \u00e9s traumatol\u00f3giai m\u0171t\u0151 l\u00e9tes\u00fclt. Jelent\u0151s eredm\u00e9nyeket \u00e9rt el a vastag \u00e9s v\u00e9gb\u00e9l, valamint a hasny\u00e1lmirigy betegs\u00e9geinek m\u0171t\u00e9ti megold\u00e1sa ter\u00e9n.<\/p>\n<p style=\"text-align: justify\">Haz\u00e1nkban az \u0151 nev\u00e9hez f\u0171z\u0151dik az els\u0151 pancreatoduodenectomia m\u0171t\u00e9t, melyet egy hasny\u00e1lmirigyr\u00e1kban szenved\u0151 betegen hajtottak v\u00e9gre. Kezdem\u00e9nyez\u00e9s\u00e9re mellkasseb\u00e9szeti oszt\u00e1ly l\u00e9tes\u00fclt. A klinik\u00e1n 4 m\u0171t\u0151 \u00fczemelt, saj\u00e1t sz\u00f6vettani laborat\u00f3rium \u00e9s k\u00eds\u00e9rleti m\u0171t\u0151 m\u0171k\u00f6d\u00f6tt. Ekkor vezett\u00e9k be az intub\u00e1ci\u00f3s g\u00e9pi altat\u00e1st. A tudom\u00e1nyok differenci\u00e1l\u00f3dtak, ez\u00e9rt a szakosod\u00e1s t\u00e9rh\u00f3d\u00edt\u00e1s\u00e1val megsz\u0171nt a sz\u00e1jseb\u00e9szeti, urol\u00f3giai, f\u00fcl-orr-g\u00e9g\u00e9szeti \u00e9s helyre\u00e1ll\u00edt\u00f3 seb\u00e9szeti szakrendel\u00e9s a klinik\u00e1n. Tudom\u00e1nyos munk\u00e1ss\u00e1ga elismer\u00e9s\u00e9t kit\u00fcntet\u00e9sek sora bizony\u00edtotta. *<\/p>\n<p style=\"text-align: justify\">1956-ban az \u00e9p\u00fcletet s\u00falyos k\u00e1rok \u00e9rt\u00e9k. A vesz\u00e9lyeztetetts\u00e9g miatt a m\u0171t\u00e9tek egy r\u00e9sze a szomsz\u00e9dos klinik\u00e1k m\u0171t\u0151iben t\u00f6rt\u00e9nt. A k\u00e1rok helyre\u00e1ll\u00edt\u00e1sa ut\u00e1n 1957-ben a klinika \u00fajb\u00f3l \u00fczemk\u00e9pes volt. Az \u00e1gysz\u00e1mot 232-re emelt\u00e9k. Hedri Endre 1962. november 7-\u00e9n halt meg [9] [10].<\/p>\n<p style=\"text-align: justify\">Rub\u00e1nyi P\u00e1l 1963. december 3-\u00e1n vette \u00e1t a klinika igazgat\u00e1s\u00e1t. \u00daj profilokkal gazdag\u00edtotta a klinik\u00e1t. A mellkas-seb\u00e9szet egyik \u00fatt\u00f6r\u0151je, foglalkozott a mediastinum, a nyel\u0151cs\u0151 \u00e9s a gyomorr\u00e1k seb\u00e9szet\u00e9vel, a hypertonia seb\u00e9szi kezel\u00e9s\u00e9vel. A nyel\u0151cs\u0151p\u00f3tl\u00e1s k\u00eds\u00e9rletes \u00e9s klinikai vonatkoz\u00e1s\u00e1ban figyelemrem\u00e9lt\u00f3 eredm\u00e9nyeket \u00e9rt el. Haz\u00e1nkban els\u0151k\u00e9nt vezette be a fek\u00e9lybetegs\u00e9g kezel\u00e9s\u00e9re a trunk\u00e1lis vagot\u00f3mi\u00e1t drainage m\u0171t\u00e9ttel kombin\u00e1lva. Jelent\u0151s eredm\u00e9nyeket \u00e9rt el a mell\u00e9kpajzsmirigy, a mell\u00e9kvese, a hasny\u00e1lmirigy hormonakt\u00edv daganatainak seb\u00e9szet\u00e9ben. A port\u00e1lis hypertensio kezel\u00e9s\u00e9re bevezette a shunt m\u0171t\u00e9teket \u00e9s \u00faj technik\u00e1t alkalmazott a kr\u00f3nikus pancreatitis seb\u00e9szi kezel\u00e9s\u00e9ben.<\/p>\n<p style=\"text-align: justify\">A klinik\u00e1n megkezd\u0151d\u00f6tt a szerv\u00e1t\u00fcltet\u00e9si program els\u0151 l\u00e9p\u00e9sek\u00e9nt a vese\u00e1t\u00fcltet\u00e9s. A 70-es \u00e9vekben korszer\u0171, l\u00e9gkondicion\u00e1lt m\u0171t\u0151traktus, transzplant\u00e1lt betegek fogad\u00e1s\u00e1ra is alkalmas intenz\u00edv \u00e9s szeptikus oszt\u00e1ly l\u00e9tes\u00fclt. A klinika \u00e1gyl\u00e9tsz\u00e1ma 202-re cs\u00f6kkent. Nagy \u00e9rt\u00e9k\u0171 munk\u00e1ss\u00e1g\u00e1t sz\u00e1mos kit\u00fcntet\u00e9s f\u00e9mjelzi.<\/p>\n<p style=\"text-align: justify\">Rub\u00e1nyi P\u00e1l egyetem\u00fcnk rektorhelyettese is volt 1969-1974 k\u00f6z\u00f6tt [9] [10]. * Az Orvostudom\u00e1nyi Kar 1951-t\u0151l kiv\u00e1lt az egyetem szervezet\u00e9b\u0151l \u00e9s az Eg\u00e9szs\u00e9g\u00fcgyi Miniszt\u00e9rium fel\u00fcgyelete alatt, mint Budapesti Orvostudom\u00e1nyi Egyetem m\u0171k\u00f6d\u00f6tt. Az egyetemen 1955-ben h\u00e1rom kar alakult (\u00c1ltal\u00e1nos Orvostudom\u00e1nyi, Gy\u00f3gyszer\u00e9sztudom\u00e1nyi, Fogorvostudom\u00e1nyi). 1969-t\u0151l neve Semmelweis Orvostudom\u00e1nyi Egyetemre v\u00e1ltozott [1]. A Semmelweis Orvostudom\u00e1nyi Egyetem 2000. janu\u00e1r 1-\u00e9n integr\u00e1l\u00f3dott a Haynal Imre Eg\u00e9szs\u00e9gtudom\u00e1nyi Egyetem Tov\u00e1bbk\u00e9pz\u0151 Kar\u00e1val \u00e9s Eg\u00e9szs\u00e9g\u00fcgyi F\u0151iskolai Kar\u00e1val, tov\u00e1bb\u00e1 a Magyar Testnevel\u00e9si Egyetemmel. A m\u00e1r hatkar\u00fa egyetem Semmelweis Egyetem n\u00e9ven m\u0171k\u00f6d\u00f6tt tov\u00e1bb. 2001. december 31-\u00e9n az Eg\u00e9szs\u00e9gtudom\u00e1nyi Kar megsz\u0171nt.<\/p>\n<h3 style=\"text-align: justify\"><strong>1975-t\u0151l napjainkig<\/strong><\/h3>\n<p style=\"text-align: justify\">Sz\u00e9cs\u00e9ny Andor 1975-t\u0151l 1990-ig az I. Sz. Seb\u00e9szeti Klinika \u00e9s az Orsz\u00e1gos Seb\u00e9szeti Int\u00e9zet igazgat\u00f3ja, az egyetem rektora 1979-1984 k\u00f6z\u00f6tt. Meghat\u00e1roz\u00f3 szerepet t\u00f6lt\u00f6tt be a hazai modern seb\u00e9szet \u00e9s az egyetemi oktat\u00e1s megszervez\u00e9s\u00e9ben. Nev\u00e9hez f\u0171z\u0151dik az az oktat\u00e1si reform, ami a klinikai oktat\u00e1s gyakorlatiasabb\u00e1 v\u00e1l\u00e1s\u00e1t eredm\u00e9nyezte. Az \u0151 rektors\u00e1ga alatt kezd\u0151d\u00f6tt meg a k\u00fcls\u0151 klinikai telepen a klinik\u00e1k rekonstrukci\u00f3ja, a SOTE igazgat\u00e1s\u00e1nak moderniz\u00e1l\u00e1sa. Jelent\u0151s eredm\u00e9nyeket \u00e9rt el a portalis hypertensio sz\u00f6v\u0151dm\u00e9nyeinek seb\u00e9szi kezel\u00e9s\u00e9ben, foglalkozott a hazai szerv\u00e1t\u00fcltet\u00e9s szervezett form\u00e1j\u00e1nak kidolgoz\u00e1s\u00e1val, a gasztroenterol\u00f3giai (m\u00e1j, pancreas, endokrinol\u00f3gia) seb\u00e9szet sz\u00e1mos \u00faj m\u00f3dszer\u00e9nek bevezet\u00e9s\u00e9vel. Nemzetk\u00f6zi elismer\u00e9st \u00e9s tekint\u00e9lyt szerzett a hazai klinikai orvostudom\u00e1nynak \u00e9s a Semmelweis Egyetemnek [11][12]. T\u00f6bb hazai \u00e9s k\u00fclf\u00f6ldi orvos t\u00e1rsas\u00e1g tagja, rangos kit\u00fcntet\u00e9sek tulajdonosa.<\/p>\n<p style=\"text-align: justify\">Flautner Lajos 1990. j\u00falius 1-t\u0151l 2003. j\u00fanius 30-ig a klinika \u00e9s 1992-t\u0151l az Orsz\u00e1gos Seb\u00e9szeti Int\u00e9zet igazgat\u00f3ja volt. Tudom\u00e1nyos munk\u00e1ss\u00e1g\u00e1nak \u00e9rdemeit sz\u00e1mos elismer\u0151 oklev\u00e9l, els\u0151 helyez\u00e9st \u00e9rt p\u00e1lyamunk\u00e1k \u00e9s kit\u00fcntet\u00e9sek tan\u00fas\u00edtj\u00e1k. 150-n\u00e9l t\u00f6bb k\u00f6zlem\u00e9nye jelent meg rangos hazai \u00e9s k\u00fclf\u00f6ldi foly\u00f3iratokban, sz\u00e1mos k\u00f6nyvfejezet \u00e9s k\u00f6nyvszerkeszt\u00e9s f\u0171z\u0151dik nev\u00e9hez. 200-n\u00e1l t\u00f6bb el\u0151ad\u00e1st \u00e9s felk\u00e9rt refer\u00e1tumot tartott hazai \u00e9s k\u00fclf\u00f6ldi f\u00f3rumokon. F\u0151 kutat\u00e1si \u00e9s gy\u00f3gy\u00edt\u00e1si ter\u00fclete a gasztroenterol\u00f3giai seb\u00e9szet. Kiemelten foglalkozott a hasny\u00e1lmirigy seb\u00e9szet\u00e9vel. T\u00f6bb \u00faj seb\u00e9szi megold\u00e1st dolgozott ki \u00e9s alkalmazott. Nev\u00e9hez f\u0171z\u0151dik a pylorus megtart\u00e1sos pancreatoduodenektomia kr\u00f3nikus pancreatitisben, mely k\u00e9s\u0151bb Flautner-m\u0171t\u00e9t n\u00e9ven terjedt el a vil\u00e1gban \u00e9s beker\u00fclt a tank\u00f6nyvekbe is.<\/p>\n<p style=\"text-align: justify\">Ennek l\u00e9nyege, hogy \u00faj m\u0171t\u00e9ttechnikai v\u00e1ltoztat\u00e1sokkal siker\u00fclt a m\u0171t\u00e9ti mortalit\u00e1st cs\u00f6kkenteni, \u00e9s tov\u00e1bbi lehet\u0151s\u00e9g ny\u00edlt a pancreasr\u00e1k elleni k\u00fczdelemre. Nev\u00e9t f\u00e9mjelzi az \u00fan. felf\u00far\u00e1sos cysto-duodenostomia \u00e9s az \u00fan. cysto-Wirsungo-gastrostomia bevezet\u00e9se. Haz\u00e1nkban els\u0151k\u00e9nt v\u00e9gzett r\u00e9szleges l\u00e9presecti\u00f3t staplerrel, \u00faj technik\u00e1t alkalmazott a vastagb\u00e9lseb\u00e9szetben, sikerrel v\u00e9gzett S-pouch k\u00e9pz\u00e9s\u00e9vel totalis procto-colectomiat. Flautner professzor \u00far az egyre m\u00e9ly\u00fcl\u0151 gazdas\u00e1gi neh\u00e9zs\u00e9gek \u00e9s p\u00e9nz\u00fcgyi megszor\u00edt\u00e1sok ellen\u00e9re az orsz\u00e1g legnagyobb, eur\u00f3pai szint\u0171 gasztroenterol\u00f3giai seb\u00e9szeti centrum\u00e1t alak\u00edtotta ki. A klinika anyagi probl\u00e9m\u00e1inak m\u00e9rs\u00e9kl\u00e9s\u00e9re l\u00e9trehozta a klinika munkat\u00e1rsaival a \u201eBalassa J\u00e1nos Seb\u00e9szeti Alap\u00edtv\u00e1nyt\u201d.<\/p>\n<p style=\"text-align: justify\">A klinika kiemelt jelent\u0151s\u00e9g\u0171 ter\u00fcleteken &#8211; mint a hasny\u00e1lmirigy, nyel\u0151cs\u0151, m\u00e1j \u00e9s epeutak seb\u00e9szete, a gyomor-b\u00e9l traktus v\u00e9rz\u00e9sek ell\u00e1t\u00e1sa &#8211; orsz\u00e1gos referenciak\u00f6zpont lett. A gasztroenterol\u00f3giai betegek min\u00e9l sz\u00e9lesebb k\u00f6r\u0171 ell\u00e1t\u00e1sa \u00e9rdek\u00e9ben az int\u00e9zet profilj\u00e1t kib\u0151v\u00edtette. A laparoszk\u00f3pos seb\u00e9szet, az intervenci\u00f3s ultrahang \u00e9s endoszk\u00f3pia rutinszer\u0171 alkalmaz\u00e1s\u00e1val \u00faj ter\u00e1pi\u00e1s m\u00f3dszereket vezettek be [13]. A klinik\u00e1n 1992-ben t\u00f6rt\u00e9nt az els\u0151 laparoscopos cholecystectomia. Ez id\u0151 t\u00e1jt t\u00f6bb szinten fel\u00faj\u00edt\u00e1si munk\u00e1latok kezd\u0151dtek.<\/p>\n<p style=\"text-align: justify\">A tanterem rendbehozatala, a hangtechnikai berendez\u00e9sek moderniz\u00e1l\u00e1sa kedvez\u0151en hatott az oktat\u00e1si tev\u00e9kenys\u00e9gre. Az I-II-es \u00e9s a III-as m\u0171t\u0151 korszer\u0171s\u00edt\u00e9se, az orvosi szob\u00e1k fel\u00faj\u00edt\u00e1sa, a sz\u00e1m\u00edt\u00f3g\u00e9ph\u00e1l\u00f3zat fejleszt\u00e9se, a telefonk\u00f6zpont moderniz\u00e1l\u00e1sa jav\u00edtott a munkak\u00f6r\u00fclm\u00e9nyeken, egy\u00e9rtelm\u0171 sz\u00ednvonalemelked\u00e9st jelentett [14]. \u00c1talak\u00edtottak egy 19 \u00e1gyas k\u00f3rtermet h\u00e1rom k\u00e9t\u00e1gyas \u00e9s egy egy\u00e1gyas c\u00e9lszer\u0171bb, modernebb k\u00f3rteremm\u00e9. [15]. Az \u00fajonnan kialak\u00edtott m\u0171t\u0151 \u00e9s intenz\u00edv r\u00e9szleg \u00e1tad\u00e1s\u00e1ra 1999-ben ker\u00fclt sor. A b\u00fatorzat, a vil\u00e1g\u00edt\u00e1s, a klimatiz\u00e1l\u00e1s, a m\u0171t\u0151k \u00e9s a posztoperat\u00edvpostoperat\u00edv \u0151rz\u0151k m\u0171szerezetts\u00e9ge a magas szint\u0171 gy\u00f3gy\u00edt\u00f3 tev\u00e9kenys\u00e9ghez biztos\u00edtott m\u00e9lt\u00f3 mili\u0151t [16]. A traumatol\u00f3giai oszt\u00e1ly megsz\u0171n\u00e9s\u00e9vel (1992) a beteg\u00e1gyak sz\u00e1ma 200-ra cs\u00f6kkent. A klinik\u00e1n m\u0171k\u00f6d\u0151 transzplant\u00e1ci\u00f3s oszt\u00e1ly 1993-ben k\u00f6lt\u00f6z\u00f6tt a Baross utcai Transzplant\u00e1ci\u00f3s \u00e9s Seb\u00e9szeti Klinik\u00e1ra. Az int\u00e9zet tev\u00e9kenys\u00e9gi k\u00f6re gyarapodott, amikor a II. Sz. Seb\u00e9szeti Klinika megsz\u0171n\u00e9s\u00e9vel otthont adott az \u00e9rseb\u00e9szeti munkacsoportnak (1996).<\/p>\n<p style=\"text-align: justify\">A klinik\u00e1n az orvostanhallgat\u00f3k magyar, angol \u00e9s n\u00e9met nyelv\u0171 elm\u00e9leti \u00e9s gyakorlati k\u00e9pz\u00e9se, szakvizsga-el\u0151k\u00e9sz\u00edt\u0151 tov\u00e1bbk\u00e9pz\u00e9s, szervezett \u00e9s egy\u00e9ni posztgradu\u00e1lis k\u00e9pz\u00e9s folyt. A tudom\u00e1nyos di\u00e1kk\u00f6ri munka k\u00eds\u00e9rleti \u00e9s klinikai seb\u00e9szeti, patol\u00f3giai \u00e9s aneszteziol\u00f3giai k\u00e9rd\u00e9sekkel foglalkozott. Kutat\u00e1si ter\u00fcletek: \u00faj elj\u00e1r\u00e1sok bevezet\u00e9se a hasny\u00e1lmirigy m\u0171t\u00e9tekn\u00e9l \u00e9s a a daganatok seb\u00e9szet\u00e9ben, k\u00eds\u00e9rletes transzplantol\u00f3gia (pancreas, m\u00e1j), m\u00e1jcirrhosis \u00e9s portalis hypertensio, ascites patofiziol\u00f3gi\u00e1ja, minim\u00e1l invaz\u00edv seb\u00e9szi technika b\u0151v\u00edt\u00e9se, kiterjesztett m\u0171t\u00e9ti beavatkoz\u00e1sok anaesthesi\u00e1ja, septikus \u00e9s v\u00e9rz\u00e9ses shock intenz\u00edv ter\u00e1pi\u00e1ja, bakteri\u00e1lis fert\u0151z\u00e9sek kezel\u00e9se voltak. Az oktat\u00f3, kutat\u00f3 \u00e9s gy\u00f3gy\u00edt\u00f3 munk\u00e1t seg\u00edtette a klinika Orvostudom\u00e1nyi Szakk\u00f6nyvt\u00e1ra.<\/p>\n<p style=\"text-align: justify\">Flautner professzor \u00far t\u00e1mogat\u00e1s\u00e1val a k\u00f6nyvt\u00e1r szakmai \u00e9s tartalmi sz\u00ednvonala fejl\u0151d\u00e9snek indult. Az el\u00e9rt sikerek \u00e9s eredm\u00e9nyek bizony\u00edtott\u00e1k a k\u00f6nyvt\u00e1r l\u00e9tjogosults\u00e1g\u00e1t. T\u00f6rekv\u00e9se arra ir\u00e1nyult, hogy a hagyom\u00e1nyos k\u00f6nyvt\u00e1ri szolg\u00e1ltat\u00e1sokat a sz\u00e1m\u00edt\u00f3g\u00e9pre alapozott szolg\u00e1ltat\u00e1sokkal kieg\u00e9sz\u00edtse \u00e9s a klinika tev\u00e9kenys\u00e9g\u00e9vel \u00f6sszhangban, a szolg\u00e1ltat\u00e1sok sz\u00ednvonal\u00e1nak n\u00f6vel\u00e9s\u00e9vel tov\u00e1bb gyarap\u00edtsa az I. Sz. Seb\u00e9szeti Klinika szakmai elismerts\u00e9g\u00e9t. [17] [18]<\/p>\n<p style=\"text-align: justify\">2003. j\u00falius 1-t\u0151l a klinika igazgat\u00f3ja Prof. Kupcsulik P\u00e9ter lett. 1970-ben fejezte be tanulm\u00e1nyait a Budapesti Orvostudom\u00e1nyi Egyetem \u00c1ltal\u00e1nos Orvostudom\u00e1nyi Kar\u00e1n. Ezid\u0151 \u00f3ta dolgozik az I. Sz. Seb\u00e9szeti Klinik\u00e1n. \u00d6szt\u00f6nd\u00edjask\u00e9nt t\u00f6bb \u00e9vet t\u00f6lt\u00f6tt N\u00e9metorsz\u00e1gban \u00e9s az Amerikai Egyes\u00fclt \u00c1llamokban. 2003-ban kapott megb\u00edz\u00e1st az I. Sz. Seb\u00e9szeti Klinika vezet\u00e9s\u00e9re.<\/p>\n<p style=\"text-align: justify\">Nev\u00e9hez f\u00fcz\u0151dik a \u201eSeb\u00e9szeti Mesterkurzus\u201d \u00e9s az \u201eArs Chirurgiae\u201d el\u0151ad\u00e1ssorozatok l\u00e9trehoz\u00e1sa. Tansz\u00e9kvezet\u0151i m\u0171k\u00f6d\u00e9se sor\u00e1n \u00fajj\u00e1\u00e9ledt a Klinika k\u00eds\u00e9rletes seb\u00e9szeti tev\u00e9kenys\u00e9ge, di\u00e1kk\u00f6r\u00f6s hallgat\u00f3k tucatjai nyertek d\u00edjakat egyetemi \u00e9s orsz\u00e1gos rendezv\u00e9nyeken. Klinikai \u00e9s k\u00eds\u00e9rletes tudom\u00e1nyos munk\u00e1ja els\u0151sorban a m\u00e1jbetegs\u00e9gek, illetve a m\u00e1j k\u00f3r\u00e9lettana ter\u00fclet\u00e9re ir\u00e1nyult. A nyel\u0151cs\u0151 visszerek endoszk\u00f3pos kezel\u00e9s\u00e9nek hazai \u00fatt\u00f6r\u0151je, a ma m\u00e1r rutin elj\u00e1r\u00e1snak tekinthet\u0151 m\u00f3dszer oktat\u00f3ja \u00e9s elterjeszt\u0151je. Az els\u0151 magyarorsz\u00e1gi m\u00e1j\u00e1t\u00fcltet\u00e9s megszervez\u0151je \u00e9s r\u00e9sztvev\u0151je. Az ut\u00f3bbi \u00e9vtizedekben \u00e9rdekl\u0151d\u00e9se a minim\u00e1l invaz\u00edv seb\u00e9szeti elj\u00e1r\u00e1sok fel\u00e9 fordult. Az I. Sz. Seb\u00e9szeti Klinika e tekintetben is az orsz\u00e1g vezet\u0151 int\u00e9zet\u00e9v\u00e9 v\u00e1lt. Sz\u00e1mos m\u0171t\u00e9ti megold\u00e1s els\u0151 magyarorsz\u00e1gi bevezet\u0151je. Kiemelked\u0151 az onkol\u00f3giai seb\u00e9szeti munk\u00e1ss\u00e1ga. Tudom\u00e1nyos tev\u00e9kenys\u00e9g\u00e9t 55 k\u00f6nyvfejezet, 140 foly\u00f3iratcikk, 291 absztrakt jelzi.<\/p>\n<p style=\"text-align: justify\">Az \u00e1ltala ir\u00e1ny\u00edtott klinika az orsz\u00e1g legnagyobb seb\u00e9szeti int\u00e9zm\u00e9nye volt, mely hazai \u00e9s nemzetk\u00f6zi vonatkoz\u00e1sban egyar\u00e1nt vezet\u0151 szerepet t\u00f6lt\u00f6tt be.. A Magyar Seb\u00e9sz T\u00e1rsas\u00e1g eln\u00f6ke, az Amerikai Seb\u00e9sz T\u00e1rsas\u00e1g \u00e9s sz\u00e1mos hazai \u00e9s k\u00fclf\u00f6ldi t\u00e1rsas\u00e1g tagja, illetve tiszts\u00e9gvisel\u0151je. 1998-2003 k\u00f6z\u00f6tt a Magyar Orvosi Kamara eln\u00f6ke volt.\u00a01981-ben elnyerte az amerikai Seb\u00e9sz T\u00e1rsas\u00e1g Nemzetk\u00f6zi D\u00edj\u00e1t. 1998-2001 k\u00f6z\u00f6tt Sz\u00e9chenyi Professzori \u00d6szt\u00f6nd\u00edjban r\u00e9szes\u00fclt, 2008-ban Balassa J\u00e1nos Eml\u00e9k\u00e9remmel t\u00fcntett\u00e9k ki, 2009-ben megkapta a Pro Optimo Merito in Gastroenterologiae kit\u00fcntet\u00e9st.<\/p>\n<p style=\"text-align: justify\">2011. j\u00falius 1-\u00e9n a klinika igazgat\u00f3ja Dr. Hars\u00e1nyi L\u00e1szl\u00f3 lett. 1979-ben kezdte p\u00e1lyafut\u00e1s\u00e1t az I. Sz. Seb\u00e9szeti Klinik\u00e1n Sz\u00e9cs\u00e9ny Andor tan\u00edtv\u00e1nyak\u00e9nt. 1983-ban seb\u00e9sz, majd 1992-ben gasztroenterol\u00f3gus szakvizsg\u00e1t szerzett. Kutat\u00f3i \u00e9s oktat\u00f3i munk\u00e1ja nyom\u00e1n 2014-ben professzori c\u00edmet kapott. F\u0151 kutat\u00e1si ter\u00fclete a seb\u00e9szi betegek t\u00e1pl\u00e1lts\u00e1gi \u00e1llapota \u00e9s a perioperat\u00edv t\u00e1pl\u00e1l\u00e1s. \u00datt\u00f6r\u0151 munk\u00e1t v\u00e9gzett a percutan endoscopos gastrostomia (PEG) hazai \u00e9s nemzetk\u00f6zi alkalmaz\u00e1sa ter\u00e9n. Sz\u00e1mos d\u00edjnyertes TDK-hallgat\u00f3 \u00e9s PhD-hallgat\u00f3 t\u00e9mavezet\u0151je. Tudom\u00e1nyos munk\u00e1ss\u00e1g\u00e1t 371 foly\u00f3iratcikk \u00e9s sz\u00e1mos tank\u00f6nyvfejezet jelzi. 2015-2017 k\u00f6z\u00f6tt a Magyar Seb\u00e9sz T\u00e1rsas\u00e1g eln\u00f6ke. Munk\u00e1ss\u00e1g\u00e1t 2019-ben Balassa J\u00e1nos eml\u00e9k\u00e9remmel t\u00fcntett\u00e9k ki. 2018-ban Pro Optimo Merito in Gastroenterologia \u00e9letm\u0171d\u00edjat, 2019-ben Pro optimo merito in pancreatico-oncologia Nagyd\u00edjat kapott.<\/p>\n<p style=\"text-align: justify\">Igazgat\u00f3s\u00e1ga alatt a Klinka meg\u0151rizte vezet\u0151 szerep\u00e9t az orsz\u00e1g seb\u00e9szeti int\u00e9zm\u00e9nyei k\u00f6z\u00f6tt. Vezet\u00e9s\u00e9vel a Klinik\u00e1n sz\u00e1mos fel\u00faj\u00edt\u00e1s \u00e9s infrastruktur\u00e1lis fejleszt\u00e9s t\u00f6rt\u00e9nt, meg\u00fajult K\u00eds\u00e9rleti M\u0171t\u0151. Akt\u00edv munk\u00e1j\u00e1t d\u00edjnyertes TDK-el\u0151ad\u00e1sok, PhD-dolgozatok \u00e9s nemzetk\u00f6zi publik\u00e1ci\u00f3k jelezt\u00e9k.<\/p>\n<p style=\"text-align: justify\">2020. m\u00e1rcius 4-\u00e9n Prof. Szij\u00e1rt\u00f3 Attila lett az I. Sz. Seb\u00e9szeti Klinika igazgat\u00f3ja. 2001-ben kezdte p\u00e1lyafut\u00e1s\u00e1t a Klinik\u00e1n. 2006-ban PhD-fokozatot szerzett. 2016 \u00f3ta az MTA Doktora, 2019-t\u0151l egyetemi tan\u00e1r. 2003-t\u00f3l kezdve a K\u00eds\u00e9rleti M\u0171t\u0151 vezet\u0151jek\u00e9nt sz\u00e1mos d\u00edjnyertes TDK-hallgat\u00f3 \u00e9s eddig 10 v\u00e9gzett PhD-hallgat\u00f3 t\u00e9mavezet\u0151je. F\u0151 kutat\u00e1si ter\u00fclete a k\u00eds\u00e9rletes \u00e9s klinikai m\u00e1jseb\u00e9szet, m\u00e1jregener\u00e1ci\u00f3, ischaemia-reperf\u00fazi\u00f3.<\/p>\n<p style=\"text-align: justify\">2020. szeptember 1-\u00e9n Prof. Szij\u00e1rt\u00f3 Attila kezdem\u00e9nyez\u00e9s\u00e9re az el\u00e9rhet\u0151 legkorszer\u0171bb eszk\u00f6zparkkal megnyitotta kapuit a Klinika gasztroenterol\u00f3giai r\u00e9szlege. \u00cdgy interdiszciplin\u00e1ris szeml\u00e9lettel, a legmagasabb szinten folyhat a m\u00e1j- \u00e9s epe\u00fati, fels\u0151- \u00e9s als\u00f3 gasztrointestinalis, valamint IBD-s (gyullad\u00e1sos b\u00e9lbetegs\u00e9g betegek ell\u00e1t\u00e1sa. A r\u00e9szleg megnyit\u00e1s\u00e1val a Klinika neve I. Sz. Seb\u00e9szeti \u00e9s Intervenci\u00f3s Gasztroenterol\u00f3giai Klinika lett. Ezzel egy\u00fctt az eg\u00e9sz Klinik\u00e1n a 111 \u00e9ves \u00e9p\u00fclet teljes moderniz\u00e1l\u00e1sa \u00e9s eszk\u00f6zparkj\u00e1nak fejleszt\u00e9se kezd\u0151d\u00f6tt.<\/p>\n<p style=\"text-align: justify\">Prof. Szij\u00e1rt\u00f3 Attila vezet\u00e9se alatt \u00e9rte int\u00e9zm\u00e9ny\u00fcnket a COVID vil\u00e1gj\u00e1rv\u00e1ny. A koronav\u00edrus elleni v\u00e9dekez\u00e9sb\u0151l Klinik\u00e1nk hathat\u00f3san veszi ki r\u00e9sz\u00e9t, az egyetem seb\u00e9szeti \u00e9s gasztroenterol\u00f3giai COVID- \u00e9s intermedier oszt\u00e1lya Igazgat\u00f3 \u00far vezet\u00e9s\u00e9vel m\u0171k\u00f6dik \u00e9s a betegek ell\u00e1t\u00e1s\u00e1ban munkat\u00e1rsaink vesznek r\u00e9szt. \u00c9p\u00fclet\u00fcnkben pedig a j\u00e1rv\u00e1ny alatt otthont adunk t\u00f6bb t\u00e1rs klinika m\u0171t\u0151j\u00e9nek \u00e9s fekv\u0151beteg oszt\u00e1ly\u00e1nak, amelyek a j\u00e1rv\u00e1ny oszt\u00e1lyok megnyit\u00e1sa miatt voltak k\u00e9nytelenek k\u00f6lt\u00f6zni.<\/p>\n<h3 style=\"text-align: justify\">Felhaszn\u00e1lt Irodalom<\/h3>\n<p style=\"text-align: justify\">1. A Budapesti Orvostudom\u00e1nyi Egyetem jubileumi \u00e9vk\u00f6nyve az Orvosi Kar 200. \u00e9vfordul\u00f3ja alkalm\u00e1b\u00f3l, 1769-1969 \/ szerk. Rig\u00f3 J\u00e1nos. \u2013 Bp. : SOTE, 1969.<br \/>\n2. Adatok az aether-narkosis magyarorsz\u00e1gi t\u00f6rt\u00e9net\u00e9hez. In:Orvosi Hetilap, 1837.36.sz.924 p.<br \/>\n3. Eml\u00e9kk\u00f6nyv a Budapesti Kir\u00e1lyi Magyar Tudom\u00e1nyegyetem Orvosi Kar\u00e1nak m\u00faltj\u00e1r\u00f3l \u00e9s jelen\u00e9r\u0151l \/ H\u0151gyes Endre. Bp., 1896.<br \/>\n4. Az egyetem \u00faj Seb\u00e9szeti Klinik\u00e1ja. In: F\u0151v\u00e1rosi Lapok, 1877. 1282-83 p .<br \/>\n5. Az orvostudom\u00e1nyi Kar t\u00f6rt\u00e9nete, 1770-1935 \/ Gy\u0151ri Tibor. Bp., 1936. 714-15 p.<br \/>\n6. H\u00edres magyar orvosok \/ szerk. Kapronczay K. Bp. : Galenus, 2001.<br \/>\n7. Vereb\u00e9ly Tibor : In memoriam \/ Matolay Gy\u00f6rgy. In: Orvosi Hetilap, 1941. 85.\u00e9vf. 14.sz. 1 p.<br \/>\n8. Magyarorsz\u00e1g gy\u00f3gyint\u00e9zeteinek \u00e9vk\u00f6nyve, 1934 \/ [kiadja a] Magyarorsz\u00e1g Klinik\u00e1inak \u00e9s Gy\u00f3gyint\u00e9zeteinek Sz\u00f6vets\u00e9ge. Bp., 1934. 80-83 p.<br \/>\n9. I.sz. Seb\u00e9szeti Klinika \/ Sz\u00e9cs\u00e9ny A. In: T\u00e1j\u00e9koztat\u00f3 az \u00f6n\u00e1ll\u00f3 egyetem tudom\u00e1nyos munk\u00e1j\u00e1r\u00f3l, 1951-76. Bp. : SOTE, 1976. 147-48 p.<br \/>\n10. A SOTE I. sz. Seb\u00e9szeti Klinika t\u00f6rt\u00e9nete, 1935-1974 \/ Sz\u00e9cs\u00e9ny A., Rub\u00e1nyi P., Kar\u00e1csonyi S. \u2013 K\u00e9zirat. SE I.sz.Seb\u00e9szeti Klinika Orvostudom\u00e1nyi Szakk\u00f6nyvt\u00e1ra<br \/>\n11. Sz\u00e9cs\u00e9ny Andor (1920-2002) : In memoriam \/ Flautner L. In: Magyar Seb\u00e9szet 2002. 1. sz. 55 p.<br \/>\n12. Sz\u00e9cs\u00e9ny Andor : In memoriam \/ Vallent K\u00e1roly. In: Orvosi Hetilap, 2002. 18.sz. 937 p.<br \/>\n13. Flautner Lajos : \u00d6n\u00e9letrajz. K\u00e9zirat. SE I.sz.Seb\u00e9szeti Klinika Orvostudom\u00e1nyi Szakk\u00f6nyvt\u00e1ra<br \/>\n14. Professzori besz\u00e1mol\u00f3 az I. sz. Seb\u00e9szeten \/ Kondor Endre. In: Orvosegyetem, 1991.<br \/>\n15. Szebb \u2013 Jobb- Modernebb \/ Kondor Endre. In: Orvosegyetem, 1993. 1-2 sz. 9 p.<br \/>\n16. Az I.sz. Seb\u00e9szeti Klinika \u00faj m\u0171t\u0151 blokkja \/ Kondor Endre. In: Orvosegyetem, 1999. 7.sz. 8 p.<br \/>\n17. \u201dK\u00f6nyvt\u00e1ri F\u00f3rum\u201d az I. sz. Seb\u00e9szeti Klinika Orvostudom\u00e1nyi Szakk\u00f6nyvt\u00e1r\u00e1ban \/ K\u00f6vesh\u00e1zin\u00e9 Munty\u00e1n Alexandra. In: Orvosegyetem, 1995. 9.sz. 6<br \/>\n18. Min\u0151s\u00e9gszeml\u00e9let egy orvosi k\u00f6nyvt\u00e1rban \/ K\u00f6vesh\u00e1zin\u00e9 Munty\u00e1n Alexandra. In: K\u00f6nyvt\u00e1ri Figyel\u0151, 2002. 1-2. sz. 55-70 p.<\/p>\n<\/div>\n","protected":false},"excerpt":{"rendered":"<p>Korai t\u00f6rt\u00e9net: XVII-XIX. sz\u00e1zad A budapesti orvostudom\u00e1nyi egyetem \u00e9s klinik\u00e1inak t\u00f6rt\u00e9nete a XVII. sz\u00e1zadig vezethet\u0151 vissza. P\u00e1zm\u00e1ny P\u00e9ter b\u00edboros, esztergomi \u00e9rsek \u00e1ltal 1635-ben megalap\u00edtott nagyszombati egyetemnek kezdetben theol\u00f3gia \u00e9s b\u00f6lcs\u00e9szeti fakult\u00e1sa volt. Az egyh\u00e1zi jelleg\u0171 int\u00e9zm\u00e9ny 1667-ben jogi karral b\u0151v\u00fclt, majd 1769-ben M\u00e1ria Ter\u00e9zia rendelkez\u00e9se nyom\u00e1n megkezd\u0151d\u00f6tt az orvoskar szervez\u00e9se. Az oktat\u00e1s 1770-ben indult meg &hellip;<\/p>\n","protected":false},"author":101236,"featured_media":0,"parent":5669,"menu_order":6,"comment_status":"closed","ping_status":"closed","template":"","meta":{"_acf_changed":false,"footnotes":""},"categories":[],"tags":[],"class_list":["post-5466","page","type-page","status-publish","hentry"],"acf":[],"_links":{"self":[{"href":"https:\/\/semmelweis.hu\/sebeszet\/wp-json\/wp\/v2\/pages\/5466","targetHints":{"allow":["GET"]}}],"collection":[{"href":"https:\/\/semmelweis.hu\/sebeszet\/wp-json\/wp\/v2\/pages"}],"about":[{"href":"https:\/\/semmelweis.hu\/sebeszet\/wp-json\/wp\/v2\/types\/page"}],"author":[{"embeddable":true,"href":"https:\/\/semmelweis.hu\/sebeszet\/wp-json\/wp\/v2\/users\/101236"}],"replies":[{"embeddable":true,"href":"https:\/\/semmelweis.hu\/sebeszet\/wp-json\/wp\/v2\/comments?post=5466"}],"version-history":[{"count":8,"href":"https:\/\/semmelweis.hu\/sebeszet\/wp-json\/wp\/v2\/pages\/5466\/revisions"}],"predecessor-version":[{"id":6878,"href":"https:\/\/semmelweis.hu\/sebeszet\/wp-json\/wp\/v2\/pages\/5466\/revisions\/6878"}],"up":[{"embeddable":true,"href":"https:\/\/semmelweis.hu\/sebeszet\/wp-json\/wp\/v2\/pages\/5669"}],"wp:attachment":[{"href":"https:\/\/semmelweis.hu\/sebeszet\/wp-json\/wp\/v2\/media?parent=5466"}],"wp:term":[{"taxonomy":"category","embeddable":true,"href":"https:\/\/semmelweis.hu\/sebeszet\/wp-json\/wp\/v2\/categories?post=5466"},{"taxonomy":"post_tag","embeddable":true,"href":"https:\/\/semmelweis.hu\/sebeszet\/wp-json\/wp\/v2\/tags?post=5466"}],"curies":[{"name":"wp","href":"https:\/\/api.w.org\/{rel}","templated":true}]}}