{"id":16,"date":"2021-09-27T15:50:53","date_gmt":"2021-09-27T13:50:53","guid":{"rendered":"https:\/\/semmelweis.hu\/rokus\/?page_id=16"},"modified":"2025-09-08T08:56:20","modified_gmt":"2025-09-08T06:56:20","slug":"terkep","status":"publish","type":"page","link":"https:\/\/semmelweis.hu\/rokus\/terkep\/","title":{"rendered":"El\u00e9rhet\u0151s\u00e9gek"},"content":{"rendered":"<p style=\"text-align: justify\">A Szent R\u00f3kus K\u00f3rh\u00e1z \u00e9s Int\u00e9zm\u00e9nyei a Semmelweis Egyetembe integr\u00e1l\u00f3dott. A <strong>Szent R\u00f3kus Klinikai T\u00f6mbben <\/strong>m\u0171k\u00f6d\u0151 gy\u00f3gy\u00edt\u00f3-\u00e1pol\u00f3 munk\u00e1t \u00fajraszervezve \u00e1llunk tov\u00e1bbra is a betegek szolg\u00e1lat\u00e1ban, imm\u00e1ron a legnagyobb hazai eg\u00e9szs\u00e9g\u00fcgyi szolg\u00e1ltat\u00f3 infrastruktur\u00e1lis \u00e9s szakmai h\u00e1tter\u00e9vel.<\/p>\n<div class=\"keretes w-100\" style=\"text-align: left\">A klinikai t\u00f6mb k\u00f6zponti sz\u00e1ma: <strong>+36-1-235-6500<\/strong><\/div>\n<h1>A Szent R\u00f3kus Klinikai T\u00f6mbben m\u0171k\u00f6d\u0151 egys\u00e9gek \u00e9s r\u00e9szlegek:<\/h1>\n<ul>\n<li><a href=\"https:\/\/semmelweis.hu\/genomikai-medicina\/\">Genomikai Medicina \u00e9s Ritka Betegs\u00e9gek Int\u00e9zete<\/a><\/li>\n<li><a href=\"https:\/\/semmelweis.hu\/egynapossebeszet\/\">Multidiszciplin\u00e1ris Egynapos Seb\u00e9szeti Klinika<\/a><\/li>\n<li>Betegfelv\u00e9teli iroda<\/li>\n<li><a href=\"https:\/\/semmelweis.hu\/rokus\/betegellatas\/kardiologiai-rehabilitacio\/\">Kardiol\u00f3giai Rehabilit\u00e1ci\u00f3s R\u00e9szleg <\/a><br \/>\n<em>V\u00e1rosmajori Sz\u00edv- \u00e9s \u00c9rgy\u00f3gy\u00e1szati Klinika kihelyezett r\u00e9szlege<\/em><\/li>\n<li><a href=\"https:\/\/semmelweis.hu\/rokus\/betegellatas\/kepalkoto\/\">K\u00e9palkot\u00f3 Diagnosztika <\/a><br \/>\n<em>Orvosi K\u00e9palkot\u00f3 Klinika kihelyezett r\u00e9szlege<\/em><\/li>\n<li><a href=\"https:\/\/semmelweis.hu\/rokus\/betegellatas\/laboratorium\/\">Laborat\u00f3riumi Diagnosztika<\/a> <br \/>\n<em>Laborat\u00f3riumi Medicina Int\u00e9zet kihelyezett r\u00e9szlege<\/em><\/li>\n<li><a href=\"https:\/\/semmelweis.hu\/rokus\/betegellatas\/pszichiatria\/\">Pszichi\u00e1triai \u00e9s Pszichoter\u00e1pi\u00e1s Klinika kihelyezett r\u00e9szleg<\/a><\/li>\n<li><a href=\"https:\/\/semmelweis.hu\/rokus\/a-szent-rokus-klinikai-tombigazgatosag-bemutatasa\/munkatarsak\/\">Szent R\u00f3kus Klinikai T\u00f6mbigazgat\u00f3s\u00e1g<\/a><\/li>\n<li><a href=\"https:\/\/semmelweis.hu\/szakrendelo\/szakrendelesek\/dializis-kozpont\/\">Dializ\u00e1l\u00f3 \u00e1llom\u00e1s<\/a><\/li>\n<li><a href=\"https:\/\/semmelweis.hu\/szakrendelo\/\">Semmelweis Egyetem Szakrendel\u0151 Int\u00e9zet<\/a><\/li>\n<li>Call center<\/li>\n<li><a href=\"https:\/\/semmelweis.hu\/rokus\/betegellatas-a-szent-rokus-klinikai-tombben\/gyogyszertar\/\">Gy\u00f3gyszert\u00e1r<\/a><\/li>\n<li><a href=\"https:\/\/semmelweis.hu\/euszolg\/\">Eg\u00e9szs\u00e9g\u00fcgyi Szolg\u00e1ltat\u00e1si Igazgat\u00f3s\u00e1g<\/a><\/li>\n<li><a href=\"https:\/\/semmelweis.hu\/csot\/\">Csal\u00e1dorvosi Tansz\u00e9k<\/a><\/li>\n<li><a href=\"https:\/\/semmelweis.hu\/leveltar\/\">a Semmelweis Egyetem K\u00f6zponti Lev\u00e9lt\u00e1ra<\/a>\u00a0<\/li>\n<\/ul>\n\n<!-- iframe plugin v.4.9 wordpress.org\/plugins\/iframe\/ -->\n<iframe src=\"https:\/\/www.google.com\/maps\/embed?pb=!1m18!1m12!1m3!1d1347.8522739810242!2d19.066623904440593!3d47.49566876793045!2m3!1f0!2f0!3f0!3m2!1i1024!2i768!4f13.1!3m3!1m2!1s0x4741dc5d77cb86fb%3A0xa9b3232d2b15dfa9!2sBudapest%2C%20Gyulai%20P%C3%A1l%20u.%202%2C%201085!5e0!3m2!1shu!2shu!4v1633524615693!5m2!1shu!2shu\" width=\"100%\" height=\"300\" style=\"border:0;\" allowfullscreen loading=\"lazy\" scrolling=\"yes\" class=\"iframe-class\" frameborder=\"0\"><\/iframe>\n\n<p>&nbsp;<\/p>\n\n<!-- iframe plugin v.4.9 wordpress.org\/plugins\/iframe\/ -->\n<iframe src=\"https:\/\/www.google.com\/maps\/embed?pb=!1m18!1m12!1m3!1d1347.8675970267414!2d19.06690895828326!3d47.49507180703936!2m3!1f0!2f0!3f0!3m2!1i1024!2i768!4f13.1!3m3!1m2!1s0x4741dc5d98259889%3A0x433dbdc6cf57b6b6!2sBudapest%2C%20St%C3%A1hly%20u.%207-9%2C%201085!5e0!3m2!1shu!2shu!4v1633524667535!5m2!1shu!2shu\" width=\"100%\" height=\"300\" style=\"border:0;\" allowfullscreen loading=\"lazy\" scrolling=\"yes\" class=\"iframe-class\" frameborder=\"0\"><\/iframe>\n\n","protected":false},"excerpt":{"rendered":"<p>A Szent R\u00f3kus K\u00f3rh\u00e1z \u00e9s Int\u00e9zm\u00e9nyei 2020-ban a Semmelweis Egyetembe integr\u00e1l\u00f3dott. Az \u00fajonnan l\u00e9trej\u00f6tt Szent R\u00f3kus Klinikai T\u00f6mbben a legnagyobb hazai eg\u00e9szs\u00e9g\u00fcgyi szolg\u00e1ltat\u00f3 infrastruktur\u00e1lis \u00e9s szakmai h\u00e1tter\u00e9vel szervezt\u00fck \u00fajra a gy\u00f3gy\u00edt\u00f3-\u00e1pol\u00f3 munk\u00e1t.<\/p>\n<p>A betegell\u00e1t\u00e1s az integr\u00e1ci\u00f3t k\u00f6vet\u0151en is zavartalan, tov\u00e1bbi inform\u00e1ci\u00f3t al\u00e1bb, a betegell\u00e1t\u00f3 egys\u00e9gek nev\u00e9re kattintva kaphat. <\/p>\n","protected":false},"author":12,"featured_media":422,"parent":0,"menu_order":8,"comment_status":"closed","ping_status":"closed","template":"","meta":{"_acf_changed":false,"footnotes":""},"categories":[],"tags":[],"class_list":["post-16","page","type-page","status-publish","has-post-thumbnail","hentry"],"acf":[],"_links":{"self":[{"href":"https:\/\/semmelweis.hu\/rokus\/wp-json\/wp\/v2\/pages\/16","targetHints":{"allow":["GET"]}}],"collection":[{"href":"https:\/\/semmelweis.hu\/rokus\/wp-json\/wp\/v2\/pages"}],"about":[{"href":"https:\/\/semmelweis.hu\/rokus\/wp-json\/wp\/v2\/types\/page"}],"author":[{"embeddable":true,"href":"https:\/\/semmelweis.hu\/rokus\/wp-json\/wp\/v2\/users\/12"}],"replies":[{"embeddable":true,"href":"https:\/\/semmelweis.hu\/rokus\/wp-json\/wp\/v2\/comments?post=16"}],"version-history":[{"count":12,"href":"https:\/\/semmelweis.hu\/rokus\/wp-json\/wp\/v2\/pages\/16\/revisions"}],"predecessor-version":[{"id":693,"href":"https:\/\/semmelweis.hu\/rokus\/wp-json\/wp\/v2\/pages\/16\/revisions\/693"}],"wp:featuredmedia":[{"embeddable":true,"href":"https:\/\/semmelweis.hu\/rokus\/wp-json\/wp\/v2\/media\/422"}],"wp:attachment":[{"href":"https:\/\/semmelweis.hu\/rokus\/wp-json\/wp\/v2\/media?parent=16"}],"wp:term":[{"taxonomy":"category","embeddable":true,"href":"https:\/\/semmelweis.hu\/rokus\/wp-json\/wp\/v2\/categories?post=16"},{"taxonomy":"post_tag","embeddable":true,"href":"https:\/\/semmelweis.hu\/rokus\/wp-json\/wp\/v2\/tags?post=16"}],"curies":[{"name":"wp","href":"https:\/\/api.w.org\/{rel}","templated":true}]}}