{"id":40,"date":"2022-05-02T15:13:55","date_gmt":"2022-05-02T13:13:55","guid":{"rendered":"https:\/\/semmelweis.hu\/rendezveny\/?page_id=40"},"modified":"2024-09-13T13:20:43","modified_gmt":"2024-09-13T11:20:43","slug":"nagyvarad-teri-elmeleti-tomb","status":"publish","type":"page","link":"https:\/\/semmelweis.hu\/rendezveny\/nagyvarad-teri-elmeleti-tomb\/","title":{"rendered":"Nagyv\u00e1rad t\u00e9ri Elm\u00e9leti T\u00f6mb"},"content":{"rendered":"<p>1976-ban adt\u00e1k \u00e1t a Gerl\u00f3czy Gedeon, S\u00fcdi Ern\u0151 \u00e9s Wagner L\u00e1szl\u00f3 \u00e1ltal tervezett \u00e9p\u00fcletet. A torony 86 m\u00e9teres magass\u00e1g\u00e1val Budapest egyik legmagasabb \u00e9p\u00edtm\u00e9nye a nem ipari c\u00e9l\u00fa \u00e9p\u00fcletek k\u00f6z\u00f6tt. Az egyetem l\u00e9tes\u00edtm\u00e9nyei k\u00f6z\u00fcl tal\u00e1n a Nagyv\u00e1rad t\u00e9ri a legismertebb, amelyben orvosi kutat\u00f3int\u00e9zetek m\u0171k\u00f6dnek.<\/p>\n<p><strong>C\u00edm:<\/strong> 1089 Budapest, Nagyv\u00e1rad t\u00e9r 4. <br \/>\n<a href=\"https:\/\/goo.gl\/maps\/9Xce8satFP92\" target=\"_blank\" rel=\"noopener noreferrer\"><strong>Megk\u00f6zel\u00edthet\u0151s\u00e9g:<\/strong> j\u00f3 \u2192<\/a> <br \/>\n<strong>Parkol\u00e1s:<\/strong> korl\u00e1tozott f\u00e9r\u0151hellyel saj\u00e1t fizet\u0151s parkol\u00f3 \/ utca <br \/>\n<strong>Internet:<\/strong> WIFI (k\u00fcl\u00f6n k\u00e9r\u00e9sre) <br \/>\n<strong>Termek sz\u00e1ma:<\/strong> 2<\/p>\n<p><strong>Kapcsolat: <\/strong>net.rendezveny@semmelweis.hu<\/p>\n<h1>Termek:\u00a0<\/h1>\n<h4><strong>D\u00edszterem<\/strong><\/h4>\n<div class=\"keretes w-100\">\n<p><strong>Alapter\u00fclet: <\/strong>640m<sup>2<br \/>\n<\/sup><strong>F\u00e9r\u0151hely:\u00a0<\/strong>600 f\u0151<br \/>\n<strong>Elrendez\u00e9s:<\/strong>szabadon mozgathat\u00f3<br \/>\n<strong>Felszerelts\u00e9g: <\/strong>hangos\u00edt\u00e1s, vet\u00edt\u00e9stechnika, be\u00e9p\u00edtett asztali sz\u00e1m\u00edt\u00f3g\u00e9p<sup><br \/>\n<\/sup><\/p>\n<\/div>\n<h4><strong>Tan\u00e1csterem<\/strong><\/h4>\n<div class=\"keretes w-100\">\n<p><strong>Alapter\u00fclet: <\/strong>435m<sup>2<br \/>\n<\/sup><strong>F\u00e9r\u0151hely:<\/strong> 150 f\u0151<br \/>\n<strong>Elrendez\u00e9s: <\/strong>sz\u00e9ksoros<br \/>\n<strong>Felszerelts\u00e9g: <\/strong>hangos\u00edt\u00e1s, vet\u00edt\u00e9stechnika, be\u00e9p\u00edtett asztali sz\u00e1m\u00edt\u00f3g\u00e9p<\/p>\n<\/div>\n<p>\u00a0A termek haszn\u00e1lat\u00e1hoz ig\u00e9nyelhet\u0151 \u2013 a terem b\u00e9rleti d\u00edj\u00e1ban nem szerepl\u0151 \u2013 szolg\u00e1ltat\u00e1s: catering (nincs kiz\u00e1r\u00f3lagoss\u00e1g).<\/p>\n\r\n        [slb_exclude]\r\n        <div class=\"row galeria-wrapper mx-0 h-auto\">\r\n            <div class=\"col-9 pl-0 pr-2\">\r\n            <span class=\"gallery-item frame\">\r\n\t\t\t\t<div class=\"galeria-left-img\"><a href=\"https:\/\/semmelweis.hu\/rendezveny\/files\/2022\/05\/RS33362_KA-20150714-IMG_2978-scr.jpg\"><img src=https:\/\/semmelweis.hu\/rendezveny\/files\/2022\/05\/RS33362_KA-20150714-IMG_2978-scr.jpg  \r\n                            alt=\"\" \r\n                            class=\"attachment-sote-gallery-big size-sote-gallery-big\" \r\n                            srcset=\"https:\/\/semmelweis.hu\/rendezveny\/files\/2022\/05\/RS33362_KA-20150714-IMG_2978-scr-267x400.jpg 267w, https:\/\/semmelweis.hu\/rendezveny\/files\/2022\/05\/RS33362_KA-20150714-IMG_2978-scr.jpg 500w\" ><\/a><\/div>\r\n            <\/span>\r\n\r\n            <\/div>\r\n\r\n\t\t\t<div class=\"col-3 pl-0 pr-0\">\r\n\t\t\t\t<div class=\"galeria-right-img d-flex justify-content-between flex-column h-100 w-100 px-0 mx-0 \">\r\n                <div class=\"galeria-box\">\r\n\t\t\t\t\t<h3 class=\"galeria-title\">Gal\u00e9ria<\/h3>\r\n\t\t\t\t\t<div class=\"galeria-subtitle\">\r\n\r\n\t\t\t\t\t\t<div class=\"galeria-page-counter\"><span>4<\/span>k\u00e9p<\/div>\r\n                    <\/div> <\/div>\r\n                    <span class=\"gallery-item frame d-none d-md-flex\">\r\n\t\t\t\t\t<div class=\"galeria-small-img mt-0\"><a href=\"https:\/\/semmelweis.hu\/rendezveny\/files\/2022\/05\/RS66873_KA-20170913-IMG_2637-scr.jpg\"><img src=https:\/\/semmelweis.hu\/rendezveny\/files\/2022\/05\/RS66873_KA-20170913-IMG_2637-scr.jpg \r\n                                alt=\"\"  \r\n                                class=\"attachment-sote-gallery-small size-sote-gallery-small\" \r\n                                srcset=\"https:\/\/semmelweis.hu\/rendezveny\/files\/2022\/05\/RS66873_KA-20170913-IMG_2637-scr-400x267.jpg 400w, https:\/\/semmelweis.hu\/rendezveny\/files\/2022\/05\/RS66873_KA-20170913-IMG_2637-scr-768x512.jpg 768w, https:\/\/semmelweis.hu\/rendezveny\/files\/2022\/05\/RS66873_KA-20170913-IMG_2637-scr-753x502.jpg 753w, https:\/\/semmelweis.hu\/rendezveny\/files\/2022\/05\/RS66873_KA-20170913-IMG_2637-scr-203x135.jpg 203w, https:\/\/semmelweis.hu\/rendezveny\/files\/2022\/05\/RS66873_KA-20170913-IMG_2637-scr.jpg 950w\" ><\/a><\/div>\r\n                    <\/span>\r\n                    <span class=\"gallery-item frame d-none d-md-flex\">\r\n\t\t\t\t\t<div class=\"galeria-small-img mt-0\"><a href=\"https:\/\/semmelweis.hu\/rendezveny\/files\/2022\/05\/RS66876_KA-20170913-IMG_2633-scr.jpg\"><img src=https:\/\/semmelweis.hu\/rendezveny\/files\/2022\/05\/RS66876_KA-20170913-IMG_2633-scr.jpg \r\n                                alt=\"\" \r\n                                class=\"attachment-sote-gallery-small size-sote-gallery-small\" \r\n                                srcset=\"https:\/\/semmelweis.hu\/rendezveny\/files\/2022\/05\/RS66876_KA-20170913-IMG_2633-scr-400x267.jpg 400w, https:\/\/semmelweis.hu\/rendezveny\/files\/2022\/05\/RS66876_KA-20170913-IMG_2633-scr-768x512.jpg 768w, https:\/\/semmelweis.hu\/rendezveny\/files\/2022\/05\/RS66876_KA-20170913-IMG_2633-scr-753x502.jpg 753w, https:\/\/semmelweis.hu\/rendezveny\/files\/2022\/05\/RS66876_KA-20170913-IMG_2633-scr-203x135.jpg 203w, https:\/\/semmelweis.hu\/rendezveny\/files\/2022\/05\/RS66876_KA-20170913-IMG_2633-scr.jpg 950w\" ><\/a><\/div>\r\n                    <\/span>\r\n\r\n                <\/div>\r\n\r\n            <\/div>\r\n\r\n            <span class=\"gallery-item\"><div class=\"hidden\"><a href=\"https:\/\/semmelweis.hu\/rendezveny\/files\/2022\/05\/RS20102_KA-20140630-IMG_9557-net-aula-scr.png\">\r\n        <img src=https:\/\/semmelweis.hu\/rendezveny\/files\/2022\/05\/RS20102_KA-20140630-IMG_9557-net-aula-scr.png alt=\"\" class=\"attachment-sote-gallery-big size-sote-gallery-big\" srcset=\"https:\/\/semmelweis.hu\/rendezveny\/files\/2022\/05\/RS20102_KA-20140630-IMG_9557-net-aula-scr-400x141.png 400w, https:\/\/semmelweis.hu\/rendezveny\/files\/2022\/05\/RS20102_KA-20140630-IMG_9557-net-aula-scr-768x272.png 768w, https:\/\/semmelweis.hu\/rendezveny\/files\/2022\/05\/RS20102_KA-20140630-IMG_9557-net-aula-scr-753x266.png 753w, https:\/\/semmelweis.hu\/rendezveny\/files\/2022\/05\/RS20102_KA-20140630-IMG_9557-net-aula-scr.png 922w\" >\r\n        <\/a><\/div><\/span>\r\n            <\/div>\r\n\r\n            [\/slb_exclude]\r\n\t\n","protected":false},"excerpt":{"rendered":"<p>1976-ban adt\u00e1k \u00e1t a Gerl\u00f3czy Gedeon, S\u00fcdi Ern\u0151 \u00e9s Wagner L\u00e1szl\u00f3 \u00e1ltal tervezett \u00e9p\u00fcletet. A torony 86 m\u00e9teres magass\u00e1g\u00e1val Budapest egyik legmagasabb \u00e9p\u00edtm\u00e9nye a nem ipari c\u00e9l\u00fa \u00e9p\u00fcletek k\u00f6z\u00f6tt. Az egyetem l\u00e9tes\u00edtm\u00e9nyei k\u00f6z\u00fcl tal\u00e1n a Nagyv\u00e1rad t\u00e9ri a legismertebb, amelyben orvosi kutat\u00f3int\u00e9zetek m\u0171k\u00f6dnek. C\u00edm: 1089 Budapest, Nagyv\u00e1rad t\u00e9r 4. <a href=\"https:\/\/goo.gl\/maps\/9Xce8satFP92\" target=\"_blank\" rel=\"noopener noreferrer\">Megk\u00f6zel\u00edthet\u0151s\u00e9g: j\u00f3 \u2192<\/a> Parkol\u00e1s: korl\u00e1tozott f\u00e9r\u0151hellyel saj\u00e1t fizet\u0151s parkol\u00f3 &hellip;<\/p>\n","protected":false},"author":102028,"featured_media":0,"parent":0,"menu_order":2,"comment_status":"closed","ping_status":"closed","template":"template-fullwidth.php","meta":{"_acf_changed":false,"footnotes":""},"categories":[],"tags":[],"class_list":["post-40","page","type-page","status-publish","hentry"],"acf":[],"_links":{"self":[{"href":"https:\/\/semmelweis.hu\/rendezveny\/wp-json\/wp\/v2\/pages\/40","targetHints":{"allow":["GET"]}}],"collection":[{"href":"https:\/\/semmelweis.hu\/rendezveny\/wp-json\/wp\/v2\/pages"}],"about":[{"href":"https:\/\/semmelweis.hu\/rendezveny\/wp-json\/wp\/v2\/types\/page"}],"author":[{"embeddable":true,"href":"https:\/\/semmelweis.hu\/rendezveny\/wp-json\/wp\/v2\/users\/102028"}],"replies":[{"embeddable":true,"href":"https:\/\/semmelweis.hu\/rendezveny\/wp-json\/wp\/v2\/comments?post=40"}],"version-history":[{"count":9,"href":"https:\/\/semmelweis.hu\/rendezveny\/wp-json\/wp\/v2\/pages\/40\/revisions"}],"predecessor-version":[{"id":17037,"href":"https:\/\/semmelweis.hu\/rendezveny\/wp-json\/wp\/v2\/pages\/40\/revisions\/17037"}],"wp:attachment":[{"href":"https:\/\/semmelweis.hu\/rendezveny\/wp-json\/wp\/v2\/media?parent=40"}],"wp:term":[{"taxonomy":"category","embeddable":true,"href":"https:\/\/semmelweis.hu\/rendezveny\/wp-json\/wp\/v2\/categories?post=40"},{"taxonomy":"post_tag","embeddable":true,"href":"https:\/\/semmelweis.hu\/rendezveny\/wp-json\/wp\/v2\/tags?post=40"}],"curies":[{"name":"wp","href":"https:\/\/api.w.org\/{rel}","templated":true}]}}