{"id":468,"date":"2020-12-29T10:32:50","date_gmt":"2020-12-29T09:32:50","guid":{"rendered":"http:\/\/semmelweis.hu\/raoulwallenberg\/?page_id=468"},"modified":"2025-09-22T17:05:21","modified_gmt":"2025-09-22T15:05:21","slug":"fontos-datumok","status":"publish","type":"page","link":"https:\/\/semmelweis.hu\/raoulwallenberg\/nyolcadikosoknak\/fontos-datumok\/","title":{"rendered":"Fontos d\u00e1tumok"},"content":{"rendered":"<table width=\"0\">\n<tbody>\n<tr>\n<td width=\"132\">\n<p><strong>2025.10.20.<\/strong><\/p>\n<\/td>\n<td width=\"489\">\n<p>Az iskola a felv\u00e9teli t\u00e1j\u00e9koztat\u00f3j\u00e1t nyilv\u00e1noss\u00e1gra hozza a honlapj\u00e1n.<\/p>\n<\/td>\n<\/tr>\n<tr>\n<td width=\"132\">\n<p><strong>2025.11.04.<\/strong><\/p>\n<\/td>\n<td width=\"489\">\n<p>A \u201eNYITOTT KAPUK\u201d regisztr\u00e1ci\u00f3s fel\u00fclet megny\u00edlik honlapunkon<\/p>\n<\/td>\n<\/tr>\n<tr>\n<td width=\"132\">\n<p><strong>2025.11.19-21.<\/strong><\/p>\n<\/td>\n<td width=\"489\">\n<p>\u201eNYITOTT KAPUK\u201d t\u00e1j\u00e9koztat\u00f3k, bemutat\u00f3\u00f3r\u00e1k, demonst\u00far\u00e1k el\u0151zetes regisztr\u00e1ci\u00f3 alapj\u00e1n<\/p>\n<\/td>\n<\/tr>\n<tr>\n<td width=\"132\">\n<p><strong>2025.12.01.<\/strong><\/p>\n<\/td>\n<td width=\"489\">\n<p>A tanul\u00f3k jelentkez\u00e9se a k\u00f6zponti \u00edr\u00e1sbeli felv\u00e9teli vizsg\u00e1ra k\u00f6zvetlen\u00fcl a k\u00f6zponti \u00edr\u00e1sbeli felv\u00e9teli vizsg\u00e1t szervez\u0151 int\u00e9zm\u00e9nybe.<\/p>\n<\/td>\n<\/tr>\n<tr>\n<td width=\"132\">\n<p><strong>2026.01.24. <br \/>\n10.00<\/strong><\/p>\n<\/td>\n<td width=\"489\">\n<p>K\u00f6zponti \u00edr\u00e1sbeli felv\u00e9teli vizsg\u00e1k a kilencedik \u00e9vfolyamra<\/p>\n<\/td>\n<\/tr>\n<tr>\n<td width=\"132\">\n<p><strong>2026.01.30.<\/strong><br \/>\n<strong>07.30 \u2013 15.30<\/strong><\/p>\n<\/td>\n<td width=\"489\">\n<p>A k\u00f6zponti \u00edr\u00e1sbeli felv\u00e9teli vizsgadolgozatok jav\u00edt\u00e1s\u00e1nak megtekint\u00e9se iskol\u00e1nkban.<\/p>\n<\/td>\n<\/tr>\n<tr>\n<td width=\"132\">\n<p><strong>2026.02.03. <br \/>\n14.00<\/strong><\/p>\n<\/td>\n<td width=\"489\">\n<p>P\u00f3tl\u00f3 k\u00f6zponti \u00edr\u00e1sbeli felv\u00e9teli vizsg\u00e1k a kilencedik \u00e9vfolyamra, azoknak, akik az el\u0151z\u0151 \u00edr\u00e1sbelin alapos ok miatt nem tudtak r\u00e9szt venni.<\/p>\n<\/td>\n<\/tr>\n<tr>\n<td width=\"132\">\n<p><strong>2026.02.06. <\/strong><br \/>\n<strong>07.35 \u2013 15.30<\/strong><\/p>\n<\/td>\n<td width=\"489\">\n<p>Az \u00c9rt\u00e9kel\u0151 lapok szem\u00e9lyes \u00e1tv\u00e9tele iskol\u00e1nkban<\/p>\n<\/td>\n<\/tr>\n<tr>\n<td width=\"132\">\n<p><strong>2026.03.03-19.<\/strong><\/p>\n<\/td>\n<td width=\"489\">\n<p>P\u00e1lyaalkalmass\u00e1gi besz\u00e9lget\u00e9sek az \u00e1ltal\u00e1nos felv\u00e9teli elj\u00e1r\u00e1s keret\u00e9ben<\/p>\n<\/td>\n<\/tr>\n<tr>\n<td width=\"132\">\n<p><strong>2026.03.20.<\/strong><\/p>\n<\/td>\n<td width=\"489\">\n<p>A k\u00f6z\u00e9pfok\u00fa iskola eddig az id\u0151pontig nyilv\u00e1noss\u00e1gra hozza a jelentkez\u0151k felv\u00e9teli jegyz\u00e9k\u00e9t (ideiglenes rangsor)<\/p>\n<\/td>\n<\/tr>\n<tr>\n<td width=\"132\">\n<p><strong>2026.05.08.<\/strong><\/p>\n<\/td>\n<td width=\"489\">\n<p>A k\u00f6z\u00e9pfok\u00fa felv\u00e9teli elj\u00e1r\u00e1sban jelentkez\u0151k ki\u00e9rtes\u00edt\u00e9se a felv\u00e9telr\u0151l\/elutas\u00edt\u00e1sr\u00f3l<\/p>\n<\/td>\n<\/tr>\n<tr>\n<td width=\"132\">\n<p><strong>2026.05.11-22.<\/strong><\/p>\n<\/td>\n<td width=\"489\">\n<p>Rendk\u00edv\u00fcli felv\u00e9teli elj\u00e1r\u00e1s<\/p>\n<\/td>\n<\/tr>\n<tr>\n<td width=\"132\">\n<p><strong>2026.05.27. <br \/>\n17.00<\/strong><\/p>\n<\/td>\n<td width=\"489\">\n<p>Leend\u0151 9. \u00e9vfolyam els\u0151 sz\u00fcl\u0151i \u00e9rtekezlete<\/p>\n<\/td>\n<\/tr>\n<tr>\n<td width=\"132\">\n<p><strong>2026.06.26.<\/strong><\/p>\n<\/td>\n<td width=\"489\">\n<p>Beiratkoz\u00e1s 9. \u00e9vfolyamra iskol\u00e1nkban<\/p>\n<\/td>\n<\/tr>\n<\/tbody>\n<\/table>\n<p>&nbsp;<\/p>\n","protected":false},"excerpt":{"rendered":"<p>2025.10.20. Az iskola a felv\u00e9teli t\u00e1j\u00e9koztat\u00f3j\u00e1t nyilv\u00e1noss\u00e1gra hozza a honlapj\u00e1n. 2025.11.04. A \u201eNYITOTT KAPUK\u201d regisztr\u00e1ci\u00f3s fel\u00fclet megny\u00edlik honlapunkon 2025.11.19-21. \u201eNYITOTT KAPUK\u201d t\u00e1j\u00e9koztat\u00f3k, bemutat\u00f3\u00f3r\u00e1k, demonst\u00far\u00e1k el\u0151zetes regisztr\u00e1ci\u00f3 alapj\u00e1n 2025.12.01. A tanul\u00f3k jelentkez\u00e9se a k\u00f6zponti \u00edr\u00e1sbeli felv\u00e9teli vizsg\u00e1ra k\u00f6zvetlen\u00fcl a k\u00f6zponti \u00edr\u00e1sbeli felv\u00e9teli vizsg\u00e1t szervez\u0151 int\u00e9zm\u00e9nybe. 2026.01.24. 10.00 K\u00f6zponti \u00edr\u00e1sbeli felv\u00e9teli vizsg\u00e1k a kilencedik \u00e9vfolyamra 2026.01.30. 07.30 &hellip;<\/p>\n","protected":false},"author":101765,"featured_media":0,"parent":438,"menu_order":7,"comment_status":"closed","ping_status":"closed","template":"","meta":{"_acf_changed":false,"footnotes":""},"categories":[],"tags":[],"class_list":["post-468","page","type-page","status-publish","hentry"],"acf":[],"_links":{"self":[{"href":"https:\/\/semmelweis.hu\/raoulwallenberg\/wp-json\/wp\/v2\/pages\/468","targetHints":{"allow":["GET"]}}],"collection":[{"href":"https:\/\/semmelweis.hu\/raoulwallenberg\/wp-json\/wp\/v2\/pages"}],"about":[{"href":"https:\/\/semmelweis.hu\/raoulwallenberg\/wp-json\/wp\/v2\/types\/page"}],"author":[{"embeddable":true,"href":"https:\/\/semmelweis.hu\/raoulwallenberg\/wp-json\/wp\/v2\/users\/101765"}],"replies":[{"embeddable":true,"href":"https:\/\/semmelweis.hu\/raoulwallenberg\/wp-json\/wp\/v2\/comments?post=468"}],"version-history":[{"count":11,"href":"https:\/\/semmelweis.hu\/raoulwallenberg\/wp-json\/wp\/v2\/pages\/468\/revisions"}],"predecessor-version":[{"id":2462,"href":"https:\/\/semmelweis.hu\/raoulwallenberg\/wp-json\/wp\/v2\/pages\/468\/revisions\/2462"}],"up":[{"embeddable":true,"href":"https:\/\/semmelweis.hu\/raoulwallenberg\/wp-json\/wp\/v2\/pages\/438"}],"wp:attachment":[{"href":"https:\/\/semmelweis.hu\/raoulwallenberg\/wp-json\/wp\/v2\/media?parent=468"}],"wp:term":[{"taxonomy":"category","embeddable":true,"href":"https:\/\/semmelweis.hu\/raoulwallenberg\/wp-json\/wp\/v2\/categories?post=468"},{"taxonomy":"post_tag","embeddable":true,"href":"https:\/\/semmelweis.hu\/raoulwallenberg\/wp-json\/wp\/v2\/tags?post=468"}],"curies":[{"name":"wp","href":"https:\/\/api.w.org\/{rel}","templated":true}]}}