{"id":256,"date":"2020-12-28T17:52:43","date_gmt":"2020-12-28T16:52:43","guid":{"rendered":"http:\/\/semmelweis.hu\/raoulwallenberg\/?page_id=256"},"modified":"2025-09-22T16:44:25","modified_gmt":"2025-09-22T14:44:25","slug":"sikereink","status":"publish","type":"page","link":"https:\/\/semmelweis.hu\/raoulwallenberg\/iskolankrol\/sikereink\/","title":{"rendered":"Sikereink"},"content":{"rendered":"<h2>2025.<\/h2>\n<p><span style=\"color: #ff0000\"><strong>Az Orsz\u00e1gos Szakmai Tanulm\u00e1nyi Verseny, Eg\u00e9szs\u00e9g\u00fcgy \u00e1gazat orsz\u00e1gos d\u00f6nt\u0151j\u00e9be\u00a0 t\u00f6bb szakm\u00e1b\u00f3l jutottak be tanul\u00f3k, ahol a t\u00e9t a szakmai vizsg\u00e1n val\u00f3 vizsgamentess\u00e9g volt.<\/strong><\/span><\/p>\n<p><a href=\"https:\/\/semmelweis.hu\/raoulwallenberg\/files\/2025\/09\/EU-OSZTV.docx\">E\u00dc OSZTV<\/a><\/p>\n<h2>2024.<\/h2>\n<p><span style=\"color: #ff0000\"><strong>Az Orsz\u00e1gos Szakmai Tanulm\u00e1nyi Verseny, Eg\u00e9szs\u00e9g\u00fcgy \u00e1gazatban el\u0151sz\u00f6r rendezt\u00e9k meg. A legkiv\u00e1l\u00f3bb eredm\u00e9nyek:<\/strong><\/span><\/p>\n<p>\u00c1ltal\u00e1nos \u00e1pol\u00f3: III. helyez\u00e9s<br \/>\nRehabilit\u00e1ci\u00f3s terapeuta: II., IV. \u00e9s VI. helyez\u00e9s<\/p>\n<p><span style=\"color: #ff0000\"><strong>Kossuth Zsuzsanna Nemzeti Eg\u00e9szs\u00e9g\u00fcgyi Szakk\u00e9pz\u00e9si Verseny<\/strong><\/span><\/p>\n<p>Belgy\u00f3gy\u00e1szat \u00e9s \u00e1pol\u00e1stana: II. helyez\u00e9s<\/p>\n<p><span style=\"color: #ff0000\"><strong>Implom J\u00f3zsef K\u00f6z\u00e9piskolai Helyes\u00edr\u00e1si Verseny K\u00e1rp\u00e1t-medencei d\u00f6nt\u0151:<\/strong><\/span><\/p>\n<p>A technikumok-szakgimn\u00e1ziumok kateg\u00f3ria: III. helyez\u00e9s<\/p>\n<h2>2023.<\/h2>\n<div class=\"fontos_div\">\n<p><span style=\"color: #ff0000\"><strong>Az \u00c1gazati \u00c9retts\u00e9gi Vizsgat\u00e1rgyak verseny\u00e9nek orsz\u00e1gos d\u00f6nt\u0151j\u00e9be\u00a0 ebben a tan\u00e9vben is mindh\u00e1rom \u00e1gazatb\u00f3l jutottak be tanul\u00f3k.<\/strong><\/span><\/p>\n<\/div>\n<p><strong><span style=\"color: #000000\">Eg\u00e9szs\u00e9g\u00fcgy:<\/span><\/strong><\/p>\n<p>Vajda-Fekete Csenge (7.)<br \/>\nBudai Vir\u00e1g Napsug\u00e1r (16.)<\/p>\n<p><span style=\"color: #000000\"><strong>Pedag\u00f3gia:\u00a0<\/strong>\u00a0<\/span> \u00a0\u00a0\u00a0<\/p>\n<p><strong>Barta Ren\u00e1ta (1.)<\/strong><br \/>\nBusk\u00f3 Fanni Alexandra (17.)\u00a0 \u00a0 \u00a0 \u00a0 \u00a0 \u00a0 \u00a0 \u00a0 \u00a0 \u00a0 \u00a0 \u00a0\u00a0<\/p>\n<p><strong><span style=\"color: #000000\">Szoci\u00e1lis:\u00a0\u00a0\u00a0\u00a0<\/span><\/strong>\u00a0\u00a0\u00a0\u00a0\u00a0<\/p>\n<p><strong>Zsad\u00e1nyi S\u00e1ra Anna (1.)<\/strong><br \/>\nDrinka Fanni Erzs\u00e9bet (9.)<\/p>\n<p>Gratul\u00e1lunk a tanul\u00f3knak \u00e9s a felk\u00e9sz\u00edt\u0151 tan\u00e1roknak a kiemelked\u0151 sikerhez!<\/p>\n<div class=\"fontos_div\">\n<p><span style=\"color: #ff0000\"><strong>Kossuth Zsuzsanna Nemzeti Eg\u00e9szs\u00e9g\u00fcgyi Szakk\u00e9pz\u00e9si Verseny<\/strong><\/span><\/p>\n<\/div>\n<p>Alap\u00e1pol\u00e1s-gondoz\u00e1s, Els\u0151seg\u00e9lyny\u00fajt\u00e1si alapismeretek ismeretk\u00f6r orsz\u00e1gos d\u00f6nt\u0151j\u00e9ben <strong>1.<\/strong> helyez\u00e9st \u00e9rt el <b>N\u00e1dasdi Panna R-3\/15.\u00c1 <\/b>(\u00e1ltal\u00e1nos \u00e1pol\u00f3) tanul\u00f3nk<b>.<\/b><\/p>\n<div class=\"fontos_div\">\n<p><span style=\"color: #ff0000\"><strong>Implom J\u00f3zsef Helyes\u00edr\u00e1si Verseny K\u00e1rp\u00e1t-medencei d\u00f6nt\u0151j\u00e9ben<\/strong><\/span><\/p>\n<\/div>\n<p><strong>Tak\u00e1ts Zs\u00f3fia 11.B<\/strong> oszt\u00e1lyos tanul\u00f3\u00a0 a szakgimnazist\u00e1k k\u00f6z\u00f6tt a <b>2. <\/b>helyez\u00e9st \u00e9rte el.<\/p>\n<h2>2022.<\/h2>\n<div class=\"fontos_div\">\n<p><span style=\"color: #ff0000\"><strong>Implom J\u00f3zsef Helyes\u00edr\u00e1si Verseny K\u00e1rp\u00e1t-medencei d\u00f6nt\u0151j\u00e9ben<\/strong><\/span><\/p>\n<\/div>\n<p><strong>Tak\u00e1ts Zs\u00f3fia 10.B<\/strong> oszt\u00e1lyos tanul\u00f3 200 pontb\u00f3l 162 pontot kapott, ezzel a szakgimnazist\u00e1k k\u00f6z\u00f6tt a <b>11.\u00a0<\/b>helyez\u00e9st \u00e9rte el.<\/p>\n<div class=\"fontos_div\">\n<p><strong><span style=\"color: #ff0000\">Di\u00e1kolimpia<\/span><\/strong><\/p>\n<\/div>\n<div><strong>Schuszter Blanka 10.B<\/strong> oszt\u00e1lyos tanul\u00f3<\/div>\n<div>K\u00f6t\u00e9lugr\u00e1s d\u00f6nt\u0151: 1. hely<\/div>\n<div>\u00a0<\/div>\n<div><strong>Bagdi Alexa Zita 9.D<\/strong> oszt\u00e1lyos tanul\u00f3.<\/div>\n<div>Karate Di\u00e1kolimpia, el\u0151d\u00f6nt\u0151.<\/div>\n<div>&#8211; Kata: 1. hely<\/div>\n<div>&#8211; K\u00fczdelem: 1. hely<\/div>\n<div>\u00a0<\/div>\n<p>&nbsp;<\/p>\n<div class=\"fontos_div\">\n<p><span style=\"color: #ff0000\"><strong>Az \u00c1gazati \u00c9retts\u00e9gi Vizsgat\u00e1rgyak verseny\u00e9re ebben a tan\u00e9vben is mindh\u00e1rom \u00e1gazatb\u00f3l jutottak be tanul\u00f3k.<\/strong><\/span><\/p>\n<\/div>\n<p><strong><span style=\"color: #000000\">Eg\u00e9szs\u00e9g\u00fcgy:<\/span><\/strong><\/p>\n<p>Ag\u00e1rdi Edina D\u00f3ra (39.)<\/p>\n<p><span style=\"color: #000000\"><strong>Pedag\u00f3gia:\u00a0<\/strong>\u00a0<\/span> \u00a0\u00a0\u00a0<\/p>\n<p>Kiss No\u00e9mi Vir\u00e1g (1.)<br \/>\nHornok Zs\u00f3fia (18.)<br \/>\nBarna Barbara (19.)\u00a0 \u00a0 \u00a0 \u00a0 \u00a0 \u00a0 \u00a0 \u00a0 \u00a0 \u00a0 \u00a0 \u00a0 \u00a0 \u00a0<\/p>\n<p><strong><span style=\"color: #000000\">Szoci\u00e1lis:\u00a0\u00a0\u00a0\u00a0<\/span><\/strong>\u00a0\u00a0\u00a0\u00a0\u00a0<\/p>\n<p>Bali Barbara R\u00e9ka (14.)<\/p>\n<p>Gratul\u00e1lunk a tanul\u00f3knak \u00e9s a felk\u00e9sz\u00edt\u0151 tan\u00e1roknak a kiemelked\u0151 sikerhez!<\/p>\n<h2>2021.<\/h2>\n<p>Az \u00c1gazati \u00c9retts\u00e9gi Vizsgat\u00e1rgyak verseny\u00e9re ebben a tan\u00e9vben mindh\u00e1rom \u00e1gazatb\u00f3l jutottak be tanul\u00f3k.<\/p>\n<p><span style=\"color: #ff0000\">Eg\u00e9szs\u00e9g\u00fcgy<\/span>:<\/p>\n<p><span style=\"font-size: 1rem\">R\u00e1duly Krisztina (7.)<br \/>\n<\/span>Szab\u00f3 Bettina (17.)\u00a0\u00a0\u00a0\u00a0 <br \/>\nS\u00e1rk\u00f6zy Nikolasz (25.)<br \/>\nB\u00edr\u00f3 Luca (32.)<\/p>\n<p><span style=\"color: #ff0000\">Pedag\u00f3gia:\u00a0\u00a0<\/span> \u00a0\u00a0\u00a0<\/p>\n<p>B\u00e1lint N\u00f3ra Vivien (10.)<br \/>\nLovas Dominika (12.)\u00a0\u00a0\u00a0\u00a0\u00a0\u00a0\u00a0\u00a0\u00a0\u00a0\u00a0\u00a0\u00a0\u00a0\u00a0\u00a0\u00a0\u00a0\u00a0\u00a0\u00a0\u00a0\u00a0\u00a0\u00a0\u00a0\u00a0\u00a0\u00a0\u00a0\u00a0\u00a0\u00a0\u00a0\u00a0 <br \/>\nHorv\u00e1th Petra M\u00e1ria (13.)\u00a0\u00a0\u00a0\u00a0\u00a0\u00a0\u00a0\u00a0\u00a0\u00a0\u00a0\u00a0\u00a0\u00a0\u00a0\u00a0\u00a0\u00a0\u00a0\u00a0\u00a0\u00a0\u00a0\u00a0\u00a0\u00a0\u00a0\u00a0\u00a0\u00a0\u00a0\u00a0\u00a0\u00a0\u00a0\u00a0\u00a0\u00a0\u00a0\u00a0\u00a0<\/p>\n<p><span style=\"color: #ff0000\">Szoci\u00e1lis:\u00a0\u00a0\u00a0\u00a0<\/span>\u00a0\u00a0\u00a0\u00a0\u00a0<\/p>\n<p>N\u00f3gr\u00e1di No\u00e9mi (13.)<br \/>\nDrabik Anett (14.)<\/p>\n<p>Gratul\u00e1lunk a tanul\u00f3knak \u00e9s a felk\u00e9sz\u00edt\u0151 tan\u00e1roknak a kiemelked\u0151 sikerhez!<\/p>\n<p><span style=\"color: #ff0000\">OSZKTV<\/span><\/p>\n<p>Auer Cintia, 2\/10.SZ (region\u00e1lis 4.)<\/p>\n<h2>2020.<\/h2>\n<ul>\n<li><strong>Az \u00c1gazati szakmai \u00e9retts\u00e9gi vizsgat\u00e1rgyak versenye (\u00c1SZ\u00c9V) el\u0151d\u00f6nt\u0151j\u00e9nek eredm\u00e9nye alapj\u00e1n a k\u00f6vetkez\u0151 tanul\u00f3k jutottak be az orsz\u00e1gos d\u00f6nt\u0151be.<\/strong><br \/>\n<em>Pedag\u00f3gia \u00e1gazat:<\/em><br \/>\n<em>Fejes Di\u00e1na Vikt\u00f3ria<\/em><br \/>\n<em>Moln\u00e1r Panna<\/em><\/p>\n<p><em>Szoci\u00e1lis \u00e1gazat:<\/em><br \/>\n<em>Gazs\u00f3 Melissza No\u00e9mi<\/em><br \/>\n<em>Sznopka Evelin Tamara<\/em><br \/>\n<em>Gratul\u00e1lunk!<\/em><\/li>\n<li><strong>Gratul\u00e1lunk az OSZKTV (Orsz\u00e1gos Szakk\u00f6z\u00e9piskolai K\u00f6zismereti Tanulm\u00e1nyi Verseny), Hum\u00e1n ter\u00fclet, K\u00f6z\u00e9p-Magyarorsz\u00e1g region\u00e1lis fordul\u00f3ba jutott tanul\u00f3knak!<\/strong><br \/>\n<em>Frigyik Gabriella<\/em><br \/>\n<em>Nagy Szilvia<\/em><br \/>\n<em>Nerada L\u00e1szl\u00f3 Andr\u00e1s<\/em><br \/>\n<em>S\u00e1ri Zal\u00e1n<\/em><br \/>\n<em>Felk\u00e9sz\u00edt\u0151 tan\u00e1r: Kov\u00e1csn\u00e9 Gl\u00f3zik Inez<\/em><\/li>\n<li><strong>Gratul\u00e1lunk az OSZTV (Orsz\u00e1gos Szakmai Tanulm\u00e1nyi Verseny) \u00c1pol\u00f3 szakk\u00e9pes\u00edt\u00e9s-r\u00e1\u00e9p\u00fcl\u00e9sorsz\u00e1gos d\u00f6nt\u0151j\u00e9be bejutott tanul\u00f3nknak!<\/strong><br \/>\n<em>M\u00e1t\u00e9 Ang\u00e9la M\u00f3nika, 1\/15.\u00c1<\/em><br \/>\n<em>Felk\u00e9sz\u00edt\u0151 tan\u00e1rok: az oszt\u00e1lyt tan\u00edt\u00f3 szakmai tan\u00e1rok<\/em><\/li>\n<\/ul>\n<h2>2019.<\/h2>\n<ul>\n<li>\u00c1gazati Szakmai \u00c9retts\u00e9gi Vizsgat\u00e1rgyak Verseny (\u00c1SZ\u00c9V) ORSZ\u00c1GOS D\u00d6NT\u0150 eredm\u00e9nyei:<br \/>\n<figure id=\"attachment_257\" aria-describedby=\"caption-attachment-257\" style=\"width: 400px\" class=\"wp-caption alignright\"><img loading=\"lazy\" decoding=\"async\" class=\"wp-image-257 size-medium\" src=\"https:\/\/semmelweis.hu\/raoulwallenberg\/files\/2020\/12\/20190412_113051-400x225.jpg\" alt=\"\" width=\"400\" height=\"225\" srcset=\"https:\/\/semmelweis.hu\/raoulwallenberg\/files\/2020\/12\/20190412_113051-400x225.jpg 400w, https:\/\/semmelweis.hu\/raoulwallenberg\/files\/2020\/12\/20190412_113051-768x432.jpg 768w, https:\/\/semmelweis.hu\/raoulwallenberg\/files\/2020\/12\/20190412_113051-753x424.jpg 753w, https:\/\/semmelweis.hu\/raoulwallenberg\/files\/2020\/12\/20190412_113051.jpg 800w\" sizes=\"auto, (max-width: 400px) 100vw, 400px\" \/><figcaption id=\"caption-attachment-257\" class=\"wp-caption-text\">A k\u00e9pen -k\u00f6z\u00e9pen- Senk\u00f3 Nikolett 2. helyezett tanul\u00f3nk l\u00e1that\u00f3 a szolnoki d\u00edj\u00e1tad\u00f3n.<\/figcaption><\/figure><br \/>\n<em><strong>Pedag\u00f3gia ismeretek:<\/strong><\/em><br \/>\n<em>Szil\u00e1gyi Szilvia Enet (12. B) &#8211; 6. helyezett<\/em><br \/>\n<em>G\u00f3dor Hel\u00e9na (12. B) &#8211; 14. helyezett<\/em><br \/>\n<em>\u00c1brah\u00e1m Vikt\u00f3ria (12. B) &#8211; 30. helyezett<\/em><br \/>\n<em>(Felk\u00e9sz\u00edt\u0151 tan\u00e1rok: Dobosn\u00e9 B\u00e1nyai Veronika, Dorozsmain\u00e9 Balogh Erika)<\/em><br \/>\n<em><strong>Szoci\u00e1lis ismeretek:<\/strong><\/em><br \/>\n<em>Senk\u00f3 Nikolett (12. A) &#8211; 2. helyezett<\/em><br \/>\n<em>Mikula Dorina (12. A) &#8211; 8. helyezett<\/em><br \/>\n<em>(Felk\u00e9sz\u00edt\u0151 tan\u00e1rok: Palotai Ilona, Sz\u00e9csi \u00c1gnes, T\u00f3th Eszter)<\/em><br \/>\n<em>GRATUL\u00c1LUNK!<\/em><\/li>\n<li><a href=\"http:\/\/zay.hu\/elsosegelybol-elsok-orszagosan\/\" target=\"_blank\" rel=\"noopener noreferrer\">Sikereink a XXII. Orsz\u00e1gos Eg\u00e9szs\u00e9g\u00fcgyi \u00e9s Szoci\u00e1lis Tudom\u00e1nyos Di\u00e1kkonferenci\u00e1n&#8230;<\/a><\/li>\n<\/ul>\n<h2>2018.<\/h2>\n<ul>\n<li><a href=\"https:\/\/semmelweis.hu\/raoulwallenberg\/files\/2020\/12\/omszorszagosmentesiverseny2018.pdf\" target=\"_blank\" rel=\"noopener noreferrer\">Ment\u0151\u00e1pol\u00f3 tanul\u00f3ink I. helyez\u00e9st \u00e9rtek el az OMSZ ment\u00e9si verseny\u00e9n&#8230;<\/a><\/li>\n<li><a href=\"https:\/\/semmelweis.hu\/raoulwallenberg\/files\/2020\/12\/donto_eredmeny_aszev2018.pdf\" target=\"_blank\" rel=\"noopener noreferrer\">\u00c1SZ\u00c9V<\/a> orsz\u00e1gos d\u00f6nt\u0151 eredm\u00e9nyei<br \/>\noklev\u00e9l <a href=\"https:\/\/semmelweis.hu\/raoulwallenberg\/files\/2020\/12\/20180417165033.pdf\" target=\"_blank\" rel=\"noopener noreferrer\">1<\/a> &#8211; <a href=\"https:\/\/semmelweis.hu\/raoulwallenberg\/files\/2020\/12\/20180417165110.pdf\" target=\"_blank\" rel=\"noopener noreferrer\">2<\/a> &#8211; <a href=\"https:\/\/semmelweis.hu\/raoulwallenberg\/files\/2020\/12\/20180417165146.pdf\" target=\"_blank\" rel=\"noopener noreferrer\">3<\/a><\/li>\n<li>Az \u00c1SZ\u00c9V d\u00f6nt\u0151be jutott tanul\u00f3ink:<br \/>\nEg\u00e9szs\u00e9g\u00fcgy: 8 tanul\u00f3 jutott be a 34 f\u0151s d\u00f6nt\u0151be, az \u00f6sszes versenyz\u0151 341 f\u0151 volt Pedag\u00f3gia: 7 tanul\u00f3 jutott be a 33 f\u0151s d\u00f6nt\u0151be, az \u00f6sszes versenyz\u0151 97 f\u0151 volt<br \/>\nSzoci\u00e1lis: 4 tanul\u00f3 jutott be a 20 f\u0151s d\u00f6nt\u0151be, az \u00f6sszes versenyz\u0151 63 f\u0151 volt<br \/>\nGratul\u00e1lunk a tanul\u00f3knak \u00e9s a felk\u00e9sz\u00edt\u0151 tan\u00e1roknak!<\/li>\n<li>A &#8222;Sz\u00e9p Magyar Besz\u00e9d&#8221; verseny f\u0151v\u00e1rosi fordul\u00f3j\u00e1n a k\u00f6vetkez\u0151 helyez\u00e9seket \u00e9rte el iskol\u00e1nk k\u00e9t tanul\u00f3ja \u00e9s ezzel bejutottak a d\u00f6nt\u0151be:<br \/>\n1. helyezett: Hark\u00e1ly Gabriella 12.C oszt\u00e1lyos tanul\u00f3 &#8211; felk\u00e9sz\u00edt\u0151 tan\u00e1r Kov\u00e1csn\u00e9 Gl\u00f3zik Inez<br \/>\n10. helyezett: Benk\u0151 Enik\u0151 12.F oszt\u00e1lyos tanul\u00f3 &#8211; Kollarics Andrea<br \/>\nGRATUL\u00c1LUNK! SOK SIKERT K\u00cdV\u00c1NUNK AZ \u00c1PRILISI D\u00d6NT\u0150N!<\/li>\n<\/ul>\n<h2>2017.<\/h2>\n<ul>\n<li>Nagy Emese (12.d) a Szent\u00e1ghotai biol\u00f3gia orsz\u00e1gos versenyen 13. helyez\u00e9st \u00e9rt el \u00e9s az OKTV 3. fordul\u00f3j\u00e1ra bejutott biol\u00f3gia tant\u00e1gyb\u00f3l. OKTV orsz\u00e1gos d\u00f6nt\u0151ben 7. helyez\u00e9st \u00e9rt el (Felk\u00e9sz\u00edt\u0151 tan\u00e1r: Lakatosn\u00e9 Feuerabend \u00c1gnes)<\/li>\n<li>A szakk\u00e9pz\u00e9si centrum vezet\u00e9se gratul\u00e1l minden tanul\u00f3nak akik az \u00e1gazati \u00e9s \u00e1gazaton k\u00edv\u00fcli szakmai \u00e9retts\u00e9gi vizsgat\u00e1rgyak verseny\u00e9n (\u00c1SZ\u00c9V) a d\u00f6nt\u0151be jutottak, valamint az \u0151ket felk\u00e9sz\u00edt\u0151 tan\u00e1roknak!<br \/>\n<em><strong>Eg\u00e9szs\u00e9g\u00fcgy ismeretek<\/strong><\/em><br \/>\n<em>Nagy Emese<\/em><br \/>\n<em>Ungv\u00e1ri Bernadett<\/em><br \/>\n<em>Rapcs\u00e1k Fanni Ren\u00e1ta<\/em><br \/>\n<em><strong>Pedag\u00f3gia ismeretek<\/strong><\/em><br \/>\n<em>T\u00f3th Petra<\/em><br \/>\n<em>Pusk\u00e1s Petra Katalin<\/em><br \/>\n<em>Vallentin Bernadett<\/em><br \/>\n<em>Szoci\u00e1lis ismeretek<\/em><br \/>\n<em>Sipos R\u00e9ka Rebeka<\/em><br \/>\n<em>T\u00f3th Emese<\/em><br \/>\n<em>Bakos Melinda<\/em><\/li>\n<li>Nagy Emese (12.d) &#8211; (OKTV) Orsz\u00e1gos K\u00f6z\u00e9piskolai Tanulm\u00e1nyi Verseny &#8211; Biol\u00f3gia &#8211; beker\u00fclt az orsz\u00e1gos fordul\u00f3ba.<br \/>\nNagy Emese, Ungv\u00e1ri Bernadett, Rapcs\u00e1k Fanni 12.D (SZ\u00c9TV) Szakmai \u00c9retts\u00e9gi T\u00e1rgyak Versenye &#8211; beker\u00fcltek az orsz\u00e1gos fordul\u00f3ba.<\/li>\n<\/ul>\n<h2>2015.<\/h2>\n<ul>\n<li>Iskol\u00e1nk csapatai a k\u00f6vetkez\u0151 eredm\u00e9nyeket \u00e9rt\u00e9k el a D\u00e9lpesti Region\u00e1lis Megh\u00edv\u00e1sos R\u00f6plabda Torn\u00e1n:<\/li>\n<li>K\u00f6z\u00e9piskol\u00e1s l\u00e1nyok: VI. hely<br \/>\nVegyes csapat: IV. hely<\/li>\n<li><a href=\"https:\/\/semmelweis.hu\/raoulwallenberg\/files\/2020\/12\/SZETVdontoEredmenyei.pdf\" target=\"_blank\" rel=\"noopener noreferrer\">Szakmacsoportos szakmai el\u0151k\u00e9sz\u00edt\u0151 tant\u00e1rgyak (SZ\u00c9TV)<\/a> verseny orsz\u00e1gos d\u00f6nt\u0151 eredm\u00e9nyei&#8230;<\/li>\n<li><a href=\"https:\/\/semmelweis.hu\/raoulwallenberg\/files\/2020\/12\/rfm.jpg\">ROBERT FELICIA MODUPE<\/a> a Budapesti K\u00f6z\u00e9piskol\u00e1sok \u00c9nek-Zenei verseny\u00e9n a k\u00f6nny\u0171zene \u00e9s \u00e9nek kateg\u00f3ri\u00e1ban els\u0151 helyez\u00e9st \u00e9rt el.<\/li>\n<li>A D\u00e9lpesti Region\u00e1lis Megh\u00edv\u00e1sos R\u00f6plabda Torna \u0151szi fordul\u00f3j\u00e1ban l\u00e1ny csapatunk II. helyez\u00e9st \u00e9rt el&#8230;<\/li>\n<li>FILEP NO\u00c9MI (13.c) Anyanyelv\u00e1pol\u00f3k Sz\u00f6vets\u00e9ge k\u00fcl\u00f6n\u00edjban r\u00e9szes\u00fclt a Kazinczy- verseny orsz\u00e1gos d\u00f6nt\u0151j\u00e9n<\/li>\n<li>ORSZ\u00c1GJ\u00c1R\u00d3 DI\u00c1KK\u00d6R\u00dcNK ebben a tan\u00e9vben a II. helyez\u00e9st \u00e9rte el a Budapesti Di\u00e1ksport Sz\u00f6vets\u00e9g \u00e9s a Budapesti Term\u00e9szetbar\u00e1t Sportsz\u00f6vets\u00e9g \u00e1ltal meghirdetett t\u00farapontversenyen.<\/li>\n<li><a href=\"https:\/\/semmelweis.hu\/raoulwallenberg\/files\/2020\/12\/SZETV2015.pdf\" target=\"_blank\" rel=\"noopener noreferrer\">Szakmacsoportos szakmai el\u0151k\u00e9sz\u00edt\u0151 t\u00e1rgyak (SZ\u00c9TV)<\/a> verseny eredm\u00e9nyei<\/li>\n<li>Az \u00c1l\/arc Sz\u00ednj\u00e1tsz\u00f3k\u00f6r kar\u00e1csonykor Gaston Leroux Az Operah\u00e0z Fantomja c\u00edm\u0171 darabot adta el\u0151 (Forgat\u00f3k\u00f6nyv: Kov\u00e1csn\u00e9 Gl\u00f3zik Inez, Berki Klaudia 11.A)<\/li>\n<li>\u00c9v v\u00e9g\u00e9n Milos Forman Hair c. filmj\u00e9b\u0151l k\u00e9sz\u00fclt darabot \u00e1ll\u00edtott\u00e1k sz\u00ednpadra (Forgat\u00f3k\u00f6nyv: Kov\u00e1csn\u00e9 Gl\u00f3zik Inez, Berki Klaudia 11.A)<\/li>\n<\/ul>\n<h2>2014.<\/h2>\n<ul>\n<li>N\u00edv\u00f3d\u00edj 2014<br \/>\nJuba-Nagy \u00c1gnes \u00e9s Sz\u00e1lteleki Szilvia tan\u00e1rn\u0151k j\u00f3volt\u00e1b\u00f3l \u00e9vek \u00f3ta sikeresen p\u00e1ly\u00e1zunk a Tempus K\u00f6zalap\u00edtv\u00e1ny, Leonardo da Vinci projekt keret\u00e9ben szakk\u00e9pz\u0151s taul\u00f3ink k\u00fclf\u00fcldi szakmai gyakorlat\u00e1nak t\u00e1mogat\u00e1s\u00e1ra.<br \/>\nA 2012. \u00e9vi Hollandiai szakmai gyakorlat szervez\u00e9s\u00e9\u00e9rt, lebonyol\u00edt\u00e1s\u00e1\u00e9rt iskol\u00e1nk is N\u00edv\u00f3d\u00edjban r\u00e9szes\u00fclt. <a href=\"https:\/\/semmelweis.hu\/raoulwallenberg\/files\/2020\/12\/nivodij.jpg\">oklev\u00e9l megtekint\u00e9se<\/a><br \/>\nGratul\u00e1lunk!<\/li>\n<li>FARKAS ZSUZSANNA (14. Gyp) a XVII. Orsz\u00e1gos Eg\u00e9szs\u00e9g\u00fcgyi \u00e9s Szoci\u00e1lis Tudom\u00e1nyos Di\u00e1kkonferenci\u00e1n K\u00fcl\u00f6nd\u00edjban r\u00e9szes\u00fclt. Gratul\u00e1lunk!<\/li>\n<li><a href=\"https:\/\/semmelweis.hu\/raoulwallenberg\/files\/2020\/12\/oklevelRendekFanni.jpg\">A &#8222;Sz\u00e9p Magyar Besz\u00e9d&#8221; versenyen RENDEK FANNI (10. a) Kazinczy-eml\u00e9k\u00e9rmet nyert<\/a><\/li>\n<li><a href=\"https:\/\/semmelweis.hu\/raoulwallenberg\/files\/2020\/12\/01.jpg\">Szakmacsoportos szakmai el\u0151k\u00e9sz\u00edt\u0151 t\u00e1rgyak (SZ\u00c9TV) verseny eredm\u00e9nyei<\/a><\/li>\n<li>A Kazinczyr\u00f3l elnevezett &#8222;Sz\u00e9p Magyar Besz\u00e9d&#8221; verseny budapesti fordul\u00f3j\u00e1n k\u00e9t di\u00e1kunk el\u0151kel\u0151 helyez\u00e9st \u00e9rt nyert:<br \/>\nRENDEK FANNI (10. a) a m\u00e1sodik,<br \/>\nFILEP NO\u00c9MI (12. c) a 13. helyet szerezte meg.<br \/>\nIskol\u00e1nkat az orsz\u00e1gos d\u00f6nt\u0151ben Rendek Fanni k\u00e9pviseli.<\/li>\n<li>SUR\u00c1NYI BEATIX (12. b) &#8222;Az \u00e9n mes\u00e9m&#8221; c\u00edm\u0171 orsz\u00e1gos \u00edr\u00f3i p\u00e1ly\u00e1zaton azzal d\u00edjazt\u00e1k, hogy novell\u00e1j\u00e1t k\u00f6nyvben fogj\u00e1k megjelentetni.<\/li>\n<li>MAJZIK VIKT\u00d3RIA a Zr\u00ednyi Ilona Matematikaverseny budapesti I. k\u00f6rzeti fordul\u00f3j\u00e1n a 11. oszt\u00e1lyosok k\u00f6z\u00f6tt szakk\u00f6z\u00e9piskolai els\u0151 helyez\u00e9st \u00e9rt el. <a href=\"https:\/\/semmelweis.hu\/raoulwallenberg\/files\/2020\/12\/oklevel_mat.jpg\">OKLEV\u00c9L megtekint\u00e9se<\/a><\/li>\n<\/ul>\n<h2>2013.<\/h2>\n<ul>\n<li>T\u00f6rt\u00e9melmi v\u00e1lt\u00f3fut\u00e1s <a href=\"https:\/\/semmelweis.hu\/raoulwallenberg\/files\/2020\/12\/valtofutas1.png\">1<\/a>, <a href=\"https:\/\/semmelweis.hu\/raoulwallenberg\/files\/2020\/12\/valtofutas2.png\">2<\/a><\/li>\n<li><a href=\"https:\/\/semmelweis.hu\/raoulwallenberg\/files\/2020\/12\/versbolmeset.pdf\" target=\"_blank\" rel=\"noopener noreferrer\">Versb\u0151l mes\u00e9t<\/a><\/li>\n<\/ul>\n","protected":false},"excerpt":{"rendered":"<p>2025. Az Orsz\u00e1gos Szakmai Tanulm\u00e1nyi Verseny, Eg\u00e9szs\u00e9g\u00fcgy \u00e1gazat orsz\u00e1gos d\u00f6nt\u0151j\u00e9be\u00a0 t\u00f6bb szakm\u00e1b\u00f3l jutottak be tanul\u00f3k, ahol a t\u00e9t a szakmai vizsg\u00e1n val\u00f3 vizsgamentess\u00e9g volt. <a href=\"https:\/\/semmelweis.hu\/raoulwallenberg\/files\/2025\/09\/EU-OSZTV.docx\">E\u00dc OSZTV<\/a> 2024. Az Orsz\u00e1gos Szakmai Tanulm\u00e1nyi Verseny, Eg\u00e9szs\u00e9g\u00fcgy \u00e1gazatban el\u0151sz\u00f6r rendezt\u00e9k meg. A legkiv\u00e1l\u00f3bb eredm\u00e9nyek: \u00c1ltal\u00e1nos \u00e1pol\u00f3: III. helyez\u00e9s Rehabilit\u00e1ci\u00f3s terapeuta: II., IV. \u00e9s VI. helyez\u00e9s Kossuth Zsuzsanna Nemzeti Eg\u00e9szs\u00e9g\u00fcgyi Szakk\u00e9pz\u00e9si Verseny &hellip;<\/p>\n","protected":false},"author":101765,"featured_media":0,"parent":29,"menu_order":8,"comment_status":"closed","ping_status":"closed","template":"","meta":{"_acf_changed":false,"footnotes":""},"categories":[],"tags":[],"class_list":["post-256","page","type-page","status-publish","hentry"],"acf":[],"_links":{"self":[{"href":"https:\/\/semmelweis.hu\/raoulwallenberg\/wp-json\/wp\/v2\/pages\/256","targetHints":{"allow":["GET"]}}],"collection":[{"href":"https:\/\/semmelweis.hu\/raoulwallenberg\/wp-json\/wp\/v2\/pages"}],"about":[{"href":"https:\/\/semmelweis.hu\/raoulwallenberg\/wp-json\/wp\/v2\/types\/page"}],"author":[{"embeddable":true,"href":"https:\/\/semmelweis.hu\/raoulwallenberg\/wp-json\/wp\/v2\/users\/101765"}],"replies":[{"embeddable":true,"href":"https:\/\/semmelweis.hu\/raoulwallenberg\/wp-json\/wp\/v2\/comments?post=256"}],"version-history":[{"count":11,"href":"https:\/\/semmelweis.hu\/raoulwallenberg\/wp-json\/wp\/v2\/pages\/256\/revisions"}],"predecessor-version":[{"id":2459,"href":"https:\/\/semmelweis.hu\/raoulwallenberg\/wp-json\/wp\/v2\/pages\/256\/revisions\/2459"}],"up":[{"embeddable":true,"href":"https:\/\/semmelweis.hu\/raoulwallenberg\/wp-json\/wp\/v2\/pages\/29"}],"wp:attachment":[{"href":"https:\/\/semmelweis.hu\/raoulwallenberg\/wp-json\/wp\/v2\/media?parent=256"}],"wp:term":[{"taxonomy":"category","embeddable":true,"href":"https:\/\/semmelweis.hu\/raoulwallenberg\/wp-json\/wp\/v2\/categories?post=256"},{"taxonomy":"post_tag","embeddable":true,"href":"https:\/\/semmelweis.hu\/raoulwallenberg\/wp-json\/wp\/v2\/tags?post=256"}],"curies":[{"name":"wp","href":"https:\/\/api.w.org\/{rel}","templated":true}]}}