{"id":3045,"date":"2019-03-13T13:06:26","date_gmt":"2019-03-13T12:06:26","guid":{"rendered":"http:\/\/semmelweis.hu\/pszichiatria\/?page_id=3045"},"modified":"2019-04-20T22:39:15","modified_gmt":"2019-04-20T20:39:15","slug":"tringer80","status":"publish","type":"page","link":"https:\/\/semmelweis.hu\/pszichiatria\/tringer80\/","title":{"rendered":"Prof. Tringer L\u00e1szl\u00f3 emeritus 80. sz\u00fclet\u00e9snapja"},"content":{"rendered":"<div>Az esem\u00e9nyr\u0151l megjelent cikk az Egyetem\u00fcnk honlapj\u00e1n itt olvashat\u00f3:<\/div>\n<div><a href=\"https:\/\/semmelweis.hu\/hirek\/2019\/04\/17\/80-eves-dr-tringer-laszlo\/\">https:\/\/semmelweis.hu\/hirek\/2019\/04\/17\/80-eves-dr-tringer-laszlo\/<\/a><\/div>\n<div>\u00a0<\/div>\n<div><a href=\"https:\/\/semmelweis.hu\/pszichiatria\/files\/2019\/04\/Vasas-L\u00edvia_Tringer_professzor_ny.pdf\">Vasas L\u00edvia \u00edr\u00e1sa<\/a><\/div>\n<div><a href=\"https:\/\/semmelweis.hu\/pszichiatria\/files\/2019\/04\/Tringer_babu_v1.jpg\">Tringer b\u00e1bu<\/a><\/div>\n<div>\u00a0<\/div>\n<div><a href=\"https:\/\/semmelweis.hu\/pszichiatria\/files\/2019\/04\/Litavszky_Tringer80-eml\u00e9kk\u00f6nyv2_ny.pdf\">Litavszky Zsuzsa sz\u00fclet\u00e9snapi k\u00f6sz\u00f6nt\u0151je<\/a><br \/>\n<a href=\"https:\/\/semmelweis.hu\/pszichiatria\/files\/2019\/04\/Pataky-L_Tringer_v2_ny.pdf\">Pataki Licsi sz\u00fclet\u00e9snapi k\u00f6sz\u00f6nt\u0151je<\/a><br \/>\n<a href=\"https:\/\/semmelweis.hu\/pszichiatria\/files\/2019\/04\/Nagy-Zolt\u00e1n_Tringer-professzor-80-\u00e9ves_v2_ny.pdf\">Nagy Zolt\u00e1n anyagai az eml\u00e9kk\u00f6nyvb\u0151l<\/a><\/div>\n<div>\u00a0<\/div>\n<div><a href=\"https:\/\/semmelweis.hu\/pszichiatria\/files\/2019\/04\/Tulassay-k\u00f6sz\u00f6nt\u00f6.pdf\">Tulassay Tivadar besz\u00e9de az \u00fcnneps\u00e9gr\u0151l<\/a><\/div>\n<div>\u00a0<\/div>\n<div><a href=\"https:\/\/semmelweis.hu\/pszichiatria\/files\/2019\/04\/Kiss-Hajnal_Carl-Rogers-\u00e9s-az-indetermin\u00e1lt-emberk\u00e9p.pdf\">Kiss Hajni riportja<\/a><\/div>\n<div>\u00a0<\/div>\n<div><strong>Fot\u00f3k:<\/strong><\/div>\n<div>\n\r\n        [slb_exclude]\r\n        <div class=\"row galeria-wrapper mx-0 h-auto\">\r\n            <div class=\"col-9 pl-0 pr-2\">\r\n            <span class=\"gallery-item frame\">\r\n\t\t\t\t<div class=\"galeria-left-img\"><a href=\"https:\/\/semmelweis.hu\/pszichiatria\/files\/2019\/04\/Tringer-h\u00e1zasp\u00e1r.png\"><img src=https:\/\/semmelweis.hu\/pszichiatria\/files\/2019\/04\/Tringer-h\u00e1zasp\u00e1r.png  \r\n                            alt=\"\" \r\n                            class=\"attachment-sote-gallery-big size-sote-gallery-big\" \r\n                            srcset=\"https:\/\/semmelweis.hu\/pszichiatria\/files\/2019\/04\/Tringer-h\u00e1zasp\u00e1r-300x192.png 300w, https:\/\/semmelweis.hu\/pszichiatria\/files\/2019\/04\/Tringer-h\u00e1zasp\u00e1r-768x491.png 768w, https:\/\/semmelweis.hu\/pszichiatria\/files\/2019\/04\/Tringer-h\u00e1zasp\u00e1r-1024x655.png 1024w, https:\/\/semmelweis.hu\/pszichiatria\/files\/2019\/04\/Tringer-h\u00e1zasp\u00e1r-469x300.png 469w, https:\/\/semmelweis.hu\/pszichiatria\/files\/2019\/04\/Tringer-h\u00e1zasp\u00e1r.png 1361w\" ><\/a><\/div>\r\n            <\/span>\r\n\r\n            <\/div>\r\n\r\n\t\t\t<div class=\"col-3 pl-0 pr-0\">\r\n\t\t\t\t<div class=\"galeria-right-img d-flex justify-content-between flex-column h-100 w-100 px-0 mx-0 \">\r\n                <div class=\"galeria-box\">\r\n\t\t\t\t\t<h3 class=\"galeria-title\">Gal\u00e9ria<\/h3>\r\n\t\t\t\t\t<div class=\"galeria-subtitle\">\r\n\r\n\t\t\t\t\t\t<div class=\"galeria-page-counter\"><span>4<\/span>k\u00e9p<\/div>\r\n                    <\/div> <\/div>\r\n                    <span class=\"gallery-item frame d-none d-md-flex\">\r\n\t\t\t\t\t<div class=\"galeria-small-img mt-0\"><a href=\"https:\/\/semmelweis.hu\/pszichiatria\/files\/2019\/04\/Klinika-B1-3.jpg\"><img src=https:\/\/semmelweis.hu\/pszichiatria\/files\/2019\/04\/Klinika-B1-3.jpg \r\n                                alt=\"\"  \r\n                                class=\"attachment-sote-gallery-small size-sote-gallery-small\" \r\n                                srcset=\"https:\/\/semmelweis.hu\/pszichiatria\/files\/2019\/04\/Klinika-B1-3-300x210.jpg 300w, https:\/\/semmelweis.hu\/pszichiatria\/files\/2019\/04\/Klinika-B1-3-768x537.jpg 768w, https:\/\/semmelweis.hu\/pszichiatria\/files\/2019\/04\/Klinika-B1-3-429x300.jpg 429w, https:\/\/semmelweis.hu\/pszichiatria\/files\/2019\/04\/Klinika-B1-3.jpg 1007w\" ><\/a><\/div>\r\n                    <\/span>\r\n                    <span class=\"gallery-item frame d-none d-md-flex\">\r\n\t\t\t\t\t<div class=\"galeria-small-img mt-0\"><a href=\"https:\/\/semmelweis.hu\/pszichiatria\/files\/2019\/04\/Klinika-B1-2.jpg\"><img src=https:\/\/semmelweis.hu\/pszichiatria\/files\/2019\/04\/Klinika-B1-2.jpg \r\n                                alt=\"\" \r\n                                class=\"attachment-sote-gallery-small size-sote-gallery-small\" \r\n                                srcset=\"https:\/\/semmelweis.hu\/pszichiatria\/files\/2019\/04\/Klinika-B1-2-300x210.jpg 300w, https:\/\/semmelweis.hu\/pszichiatria\/files\/2019\/04\/Klinika-B1-2-768x537.jpg 768w, https:\/\/semmelweis.hu\/pszichiatria\/files\/2019\/04\/Klinika-B1-2-429x300.jpg 429w, https:\/\/semmelweis.hu\/pszichiatria\/files\/2019\/04\/Klinika-B1-2.jpg 812w\" ><\/a><\/div>\r\n                    <\/span>\r\n\r\n                <\/div>\r\n\r\n            <\/div>\r\n\r\n            <span class=\"gallery-item\"><div class=\"hidden\"><a href=\"https:\/\/semmelweis.hu\/pszichiatria\/files\/2019\/04\/a-hetek.png\">\r\n        <img src=https:\/\/semmelweis.hu\/pszichiatria\/files\/2019\/04\/a-hetek.png alt=\"\" class=\"attachment-sote-gallery-big size-sote-gallery-big\" srcset=\"https:\/\/semmelweis.hu\/pszichiatria\/files\/2019\/04\/a-hetek-300x200.png 300w, https:\/\/semmelweis.hu\/pszichiatria\/files\/2019\/04\/a-hetek-768x512.png 768w, https:\/\/semmelweis.hu\/pszichiatria\/files\/2019\/04\/a-hetek-1024x683.png 1024w, https:\/\/semmelweis.hu\/pszichiatria\/files\/2019\/04\/a-hetek-450x300.png 450w, https:\/\/semmelweis.hu\/pszichiatria\/files\/2019\/04\/a-hetek.png 1200w\" >\r\n        <\/a><\/div><\/span>\r\n            <\/div>\r\n\r\n            [\/slb_exclude]\r\n\t\n<\/div>\n<div>\u00a0<\/div>\n<div class=\"exp-col-content-holder\" style=\"padding-left: 24px\"><strong><a class=\"expand-content-link\" href=\"#\">Megh\u00edv\u00f3<\/a><\/strong><\/p>\n<div class=\"hidden-content\">\n<p><span style=\"font-size: 24pt\">Megh\u00edv\u00f3 Prof. Tringer L\u00e1szl\u00f3 <\/span><\/p>\n<h6><span style=\"font-size: 24pt\">emeritus 80. sz\u00fclet\u00e9snapj\u00e1ra<br \/>\n<\/span><span style=\"font-size: 8pt\">R\u00e9szv\u00e9teli sz\u00e1nd\u00e9k\u00e1t k\u00e9rem jelezze a pszichiatria.titkarsagvezeto@gmail.com, <br \/>\nvagy titkarsag.psych@med.semmelweis-univ.hu emailc\u00edmen<\/span><\/h6>\n<p><a href=\"https:\/\/semmelweis.hu\/pszichiatria\/files\/2019\/03\/Tringer_09.jpg\"><img loading=\"lazy\" decoding=\"async\" class=\"alignnone size-medium wp-image-3047\" src=\"https:\/\/semmelweis.hu\/pszichiatria\/files\/2019\/03\/Tringer_09-300x200.jpg\" alt=\"\" width=\"300\" height=\"200\" srcset=\"https:\/\/semmelweis.hu\/pszichiatria\/files\/2019\/03\/Tringer_09-300x200.jpg 300w, https:\/\/semmelweis.hu\/pszichiatria\/files\/2019\/03\/Tringer_09-768x512.jpg 768w, https:\/\/semmelweis.hu\/pszichiatria\/files\/2019\/03\/Tringer_09-450x300.jpg 450w, https:\/\/semmelweis.hu\/pszichiatria\/files\/2019\/03\/Tringer_09.jpg 950w\" sizes=\"auto, (max-width: 300px) 100vw, 300px\" \/><\/a><\/p>\n<p>&nbsp;<\/p>\n<p><a href=\"https:\/\/semmelweis.hu\/pszichiatria\/files\/2019\/03\/Meghivo_Tringer_netre.jpg\"><img loading=\"lazy\" decoding=\"async\" class=\"alignnone size-medium wp-image-3047\" src=\"https:\/\/semmelweis.hu\/pszichiatria\/files\/2019\/03\/Meghivo_Tringer_netre.jpg\" alt=\"\" width=\"300\" height=\"200\" \/><\/a><\/p>\n<p>&nbsp;<\/p>\n<\/div>\n<div class=\"exp-col-content-holder\" style=\"padding-left: 7px\">\u00a0<\/div>\n<\/div>\n","protected":false},"excerpt":{"rendered":"<p>Az esem\u00e9nyr\u0151l megjelent cikk az Egyetem\u00fcnk honlapj\u00e1n itt olvashat\u00f3:<br \/>\n<a href=\"https:\/\/semmelweis.hu\/hirek\/2019\/04\/17\/80-eves-dr-tringer-laszlo\/\">https:\/\/semmelweis.hu\/hirek\/2019\/04\/17\/80-eves-dr-tringer-laszlo\/<\/a><br \/>\n\u00a0<br \/>\n<a href=\"https:\/\/semmelweis.hu\/pszichiatria\/files\/2019\/04\/Vasas-L\u00edvia_Tringer_professzor_ny.pdf\">Vasas L\u00edvia \u00edr\u00e1sa<\/a><br \/>\n<a href=\"https:\/\/semmelweis.hu\/pszichiatria\/files\/2019\/04\/Tringer_babu_v1.jpg\">Tringer b\u00e1bu<\/a><br \/>\n\u00a0<br \/>\n<a href=\"https:\/\/semmelweis.hu\/pszichiatria\/files\/2019\/04\/Litavszky_Tringer80-eml\u00e9kk\u00f6nyv2_ny.pdf\">Litavszky Zsuzsa sz\u00fclet\u00e9snapi k\u00f6sz\u00f6nt\u0151je<\/a><br \/>\n<a href=\"https:\/\/semmelweis.hu\/pszichiatria\/files\/2019\/04\/Pataky-L_Tringer_v2_ny.pdf\">Pataki Licsi sz\u00fclet\u00e9snapi k\u00f6sz\u00f6nt\u0151je<\/a><br \/>\n<a href=\"https:\/\/semmelweis.hu\/pszichiatria\/files\/2019\/04\/Nagy-Zolt\u00e1n_Tringer-professzor-80-\u00e9ves_v2_ny.pdf\">Nagy Zolt\u00e1n anyagai az eml\u00e9kk\u00f6nyvb\u0151l<\/a><br \/>\n\u00a0<br \/>\n<a href=\"https:\/\/semmelweis.hu\/pszichiatria\/files\/2019\/04\/Tulassay-k\u00f6sz\u00f6nt\u00f6.pdf\">Tulassay Tivadar besz\u00e9de az \u00fcnneps\u00e9gr\u0151l<\/a><br \/>\n\u00a0<br \/>\n<a href=\"https:\/\/semmelweis.hu\/pszichiatria\/files\/2019\/04\/Kiss-Hajnal_Carl-Rogers-\u00e9s-az-indetermin\u00e1lt-emberk\u00e9p.pdf\">Kiss Hajni riportja<\/a><br \/>\n\u00a0<br \/>\nFot\u00f3k:<\/p>\n<p>\u00a0<br \/>\n<a class=\"expand-content-link\" href=\"#\">Megh\u00edv\u00f3<\/a><\/p>\n<p>Megh\u00edv\u00f3 Prof. Tringer L\u00e1szl\u00f3<br \/>\nemeritus 80. sz\u00fclet\u00e9snapj\u00e1ra<br \/>\nR\u00e9szv\u00e9teli sz\u00e1nd\u00e9k\u00e1t k\u00e9rem jelezze a pszichiatria.titkarsagvezeto@gmail.com,<br \/>\nvagy titkarsag.psych@med.semmelweis-univ.hu emailc\u00edmen<br \/>\n<a href=\"https:\/\/semmelweis.hu\/pszichiatria\/files\/2019\/03\/Tringer_09.jpg\"><\/a><br \/>\n&nbsp;<br \/>\n<a href=\"https:\/\/semmelweis.hu\/pszichiatria\/files\/2019\/03\/Meghivo_Tringer_netre.jpg\"><\/a><br \/>\n&nbsp;<\/p>\n<p>\u00a0<\/p>\n","protected":false},"author":101149,"featured_media":0,"parent":0,"menu_order":0,"comment_status":"closed","ping_status":"closed","template":"","meta":{"_acf_changed":false,"footnotes":""},"categories":[],"tags":[],"class_list":["post-3045","page","type-page","status-publish","hentry"],"acf":[],"_links":{"self":[{"href":"https:\/\/semmelweis.hu\/pszichiatria\/wp-json\/wp\/v2\/pages\/3045","targetHints":{"allow":["GET"]}}],"collection":[{"href":"https:\/\/semmelweis.hu\/pszichiatria\/wp-json\/wp\/v2\/pages"}],"about":[{"href":"https:\/\/semmelweis.hu\/pszichiatria\/wp-json\/wp\/v2\/types\/page"}],"author":[{"embeddable":true,"href":"https:\/\/semmelweis.hu\/pszichiatria\/wp-json\/wp\/v2\/users\/101149"}],"replies":[{"embeddable":true,"href":"https:\/\/semmelweis.hu\/pszichiatria\/wp-json\/wp\/v2\/comments?post=3045"}],"version-history":[{"count":10,"href":"https:\/\/semmelweis.hu\/pszichiatria\/wp-json\/wp\/v2\/pages\/3045\/revisions"}],"predecessor-version":[{"id":3050,"href":"https:\/\/semmelweis.hu\/pszichiatria\/wp-json\/wp\/v2\/pages\/3045\/revisions\/3050"}],"wp:attachment":[{"href":"https:\/\/semmelweis.hu\/pszichiatria\/wp-json\/wp\/v2\/media?parent=3045"}],"wp:term":[{"taxonomy":"category","embeddable":true,"href":"https:\/\/semmelweis.hu\/pszichiatria\/wp-json\/wp\/v2\/categories?post=3045"},{"taxonomy":"post_tag","embeddable":true,"href":"https:\/\/semmelweis.hu\/pszichiatria\/wp-json\/wp\/v2\/tags?post=3045"}],"curies":[{"name":"wp","href":"https:\/\/api.w.org\/{rel}","templated":true}]}}