{"id":9274,"date":"2013-01-02T12:58:13","date_gmt":"2013-01-02T11:58:13","guid":{"rendered":"http:\/\/semmelweis.hu\/phd\/doktori-iskolak\/szentagothai-janos-idegtudomanyi-di-multidiszciplinaris-orvostudomanyok-en\/"},"modified":"2022-05-05T14:52:53","modified_gmt":"2022-05-05T12:52:53","slug":"szentagothai-janos-idegtudomanyi-di-multidiszciplinaris-orvostudomanyok-en","status":"publish","type":"page","link":"https:\/\/semmelweis.hu\/phd\/en\/schools-archive\/szentagothai-janos-idegtudomanyi-di-multidiszciplinaris-orvostudomanyok-en\/","title":{"rendered":"Neurosciences (&quot;J\u00e1nos Szent\u00e1gothai&quot;)"},"content":{"rendered":"<p><span style=\"text-decoration: underline\">Chairman:<\/span><strong><br \/>\nDr. Prof. D\u00e1niel Bereczki, M.D., Ph.D., D.Sc.<\/strong><br \/>\nAdministrator:<br \/>\nAlexandra \u0150szi:<br \/>\n+36 1 4591500\/51171<\/p>\n<table style=\"width: 700px;height: 15px;border: 0px solid #ffffff\" border=\"0\" cellspacing=\"0\" cellpadding=\"8\">\n<tbody>\n<tr>\n<td style=\"background-color: #499fd4\" colspan=\"2\"><span style=\"color: #ffffff\"><strong>Programs<\/strong><\/span><\/td>\n<td style=\"background-color: #499fd4\"><span style=\"color: #ffffff\"> <strong>Co-ordinators<\/strong><\/span><\/td>\n<\/tr>\n<tr style=\"background-color: #fafafa\">\n<td style=\"background-color: #fbfbfb\" colspan=\"2\">01. Neuromorphology and Cell Biology<\/td>\n<td style=\"background-color: #fbfbfb\">Prof. Al\u00e1n Alp\u00e1r<\/td>\n<\/tr>\n<tr style=\"background-color: #f4f4f4\">\n<td style=\"background-color: #f4f4f4\" colspan=\"2\">02. Neuroendocrinology<\/td>\n<td style=\"background-color: #f4f4f4\">Prof. Csaba Fekete<\/td>\n<\/tr>\n<tr style=\"background-color: #fafafa\">\n<td style=\"background-color: #fbfbfb\" colspan=\"2\">03. Functional Neurosciences<\/td>\n<td style=\"background-color: #fbfbfb\">Prof. Be\u00e1ta Sperl\u00e1gh<\/td>\n<\/tr>\n<tr style=\"background-color: #fafafa\">\n<td style=\"background-color: #f4f4f4\" colspan=\"2\">04. Clinical Neurosciences<\/td>\n<td style=\"background-color: #f4f4f4\">Prof. M\u00e1ria Judit Moln\u00e1r<\/td>\n<\/tr>\n<tr style=\"background-color: #fafafa\">\n<td style=\"background-color: #fbfbfb\" colspan=\"2\">05. Clinical Neurological Research<\/td>\n<td style=\"background-color: #fbfbfb\">Prof. Tibor Kov\u00e1cs<\/td>\n<\/tr>\n<tr style=\"background-color: #f4f4f4\">\n<td style=\"background-color: #f4f4f4\" colspan=\"2\">06. Biological Psychiatry<\/td>\n<td style=\"background-color: #f4f4f4\">Prof. Judit Laz\u00e1ry<\/td>\n<\/tr>\n<\/tbody>\n<\/table>\n","protected":false},"excerpt":{"rendered":"<p>Chairman: Dr. Prof. D\u00e1niel Bereczki, M.D., Ph.D., D.Sc. Administrator: Alexandra \u0150szi: +36 1 4591500\/51171 Programs Co-ordinators 01. Neuromorphology and Cell Biology Prof. Al\u00e1n Alp\u00e1r 02. Neuroendocrinology Prof. Csaba Fekete 03. Functional Neurosciences Prof. Be\u00e1ta Sperl\u00e1gh 04. Clinical Neurosciences Prof. M\u00e1ria Judit Moln\u00e1r 05. Clinical Neurological Research Prof. Tibor Kov\u00e1cs 06. Biological Psychiatry Prof. Judit Laz\u00e1ry &hellip;<\/p>\n","protected":false},"author":158,"featured_media":0,"parent":9321,"menu_order":6,"comment_status":"open","ping_status":"open","template":"","meta":{"_acf_changed":false,"footnotes":""},"categories":[],"tags":[],"class_list":["post-9274","page","type-page","status-publish","hentry"],"acf":[],"_links":{"self":[{"href":"https:\/\/semmelweis.hu\/phd\/wp-json\/wp\/v2\/pages\/9274","targetHints":{"allow":["GET"]}}],"collection":[{"href":"https:\/\/semmelweis.hu\/phd\/wp-json\/wp\/v2\/pages"}],"about":[{"href":"https:\/\/semmelweis.hu\/phd\/wp-json\/wp\/v2\/types\/page"}],"author":[{"embeddable":true,"href":"https:\/\/semmelweis.hu\/phd\/wp-json\/wp\/v2\/users\/158"}],"replies":[{"embeddable":true,"href":"https:\/\/semmelweis.hu\/phd\/wp-json\/wp\/v2\/comments?post=9274"}],"version-history":[{"count":5,"href":"https:\/\/semmelweis.hu\/phd\/wp-json\/wp\/v2\/pages\/9274\/revisions"}],"predecessor-version":[{"id":14412,"href":"https:\/\/semmelweis.hu\/phd\/wp-json\/wp\/v2\/pages\/9274\/revisions\/14412"}],"up":[{"embeddable":true,"href":"https:\/\/semmelweis.hu\/phd\/wp-json\/wp\/v2\/pages\/9321"}],"wp:attachment":[{"href":"https:\/\/semmelweis.hu\/phd\/wp-json\/wp\/v2\/media?parent=9274"}],"wp:term":[{"taxonomy":"category","embeddable":true,"href":"https:\/\/semmelweis.hu\/phd\/wp-json\/wp\/v2\/categories?post=9274"},{"taxonomy":"post_tag","embeddable":true,"href":"https:\/\/semmelweis.hu\/phd\/wp-json\/wp\/v2\/tags?post=9274"}],"curies":[{"name":"wp","href":"https:\/\/api.w.org\/{rel}","templated":true}]}}