{"id":63300,"date":"2025-04-17T09:00:51","date_gmt":"2025-04-17T07:00:51","guid":{"rendered":"https:\/\/semmelweis.hu\/phd\/?page_id=63300"},"modified":"2026-04-29T10:53:22","modified_gmt":"2026-04-29T08:53:22","slug":"ekop","status":"publish","type":"page","link":"https:\/\/semmelweis.hu\/phd\/hallgatoknak\/palyazatok-osztondijak\/ekop\/","title":{"rendered":"EK\u00d6P 2026"},"content":{"rendered":"<div class=\"keretes w-100\">\n<h4><strong>Egyetemi Kutat\u00f3i \u00d6szt\u00f6nd\u00edj Program<\/strong><\/h4>\n<p>Magyarorsz\u00e1g Korm\u00e1nya \u00f6szt\u00f6nd\u00edjat alap\u00edtott Egyetemi Kutat\u00f3i \u00d6szt\u00f6nd\u00edj Program n\u00e9ven (a tov\u00e1bbiakban: <strong>EK\u00d6P<\/strong>), amely a fels\u0151oktat\u00e1si int\u00e9zm\u00e9nyek \u00e1ltal ki\u00edrt \u00f6szt\u00f6nd\u00edjp\u00e1ly\u00e1zatokat foglalja mag\u00e1ban.<\/p>\n<p><strong>Az \u00f6szt\u00f6nd\u00edj c\u00e9lja: <\/strong>Az integr\u00e1lt kiv\u00e1l\u00f3s\u00e1gi \u00f6szt\u00f6nd\u00edj program c\u00e9lja a kutat\u00f3i kiv\u00e1l\u00f3s\u00e1g elismer\u00e9se, valamint a kiemelked\u0151 k\u00e9pess\u00e9g\u0171 fiatalok kutat\u00f3i \u00e9letp\u00e1ly\u00e1n val\u00f3 elindul\u00e1s\u00e1nak t\u00e1mogat\u00e1sa. A program meghirdet\u00e9sre ker\u00fcl\u0151 p\u00e1ly\u00e1zatai a fels\u0151oktat\u00e1sban r\u00e9szt vev\u0151 hallgat\u00f3i, kutat\u00f3i kiv\u00e1l\u00f3s\u00e1got t\u00e1mogatj\u00e1k olyan \u2013 alapk\u00e9pz\u00e9sben, mesterk\u00e9pz\u00e9sben vagy doktori k\u00e9pz\u00e9sben r\u00e9szt vev\u0151 \u2013 hallgat\u00f3k, doktori hallgat\u00f3k, doktorv\u00e1rom\u00e1nyosok, valamint fiatal oktat\u00f3k, kutat\u00f3k t\u00e1mogat\u00e1s\u00e1val, akik a fels\u0151oktat\u00e1si int\u00e9zm\u00e9nyekben eredm\u00e9nyes kutat\u00e1si \u00e9s alkot\u00f3i tev\u00e9kenys\u00e9get folytatnak.<\/p>\n<\/div>\n<h3><strong>Megjelent az Egyetemi Kutat\u00f3i \u00d6szt\u00f6nd\u00edj Program (EK\u00d6P) p\u00e1ly\u00e1zati felh\u00edv\u00e1sa a 2026\/2027. tan\u00e9vre<\/strong><\/h3>\n<p>A Semmelweis Egyetem meghirdeti az Egyetemi Kutat\u00f3i \u00d6szt\u00f6nd\u00edj Program <strong>(EK\u00d6P)<\/strong> 2026\/2027. tan\u00e9vre sz\u00f3l\u00f3 p\u00e1ly\u00e1zat\u00e1t. Az EK\u00d6P a fels\u0151oktat\u00e1sban tanul\u00f3 hallgat\u00f3k, doktori hallgat\u00f3k, doktorv\u00e1rom\u00e1nyosok, valamint fiatal oktat\u00f3k \u00e9s kutat\u00f3k tudom\u00e1nyos \u00e9s kutat\u00e1si kiv\u00e1l\u00f3s\u00e1g\u00e1t t\u00e1mogatja, hozz\u00e1j\u00e1rulva az egyetemek oktat\u00f3i \u00e9s kutat\u00f3i ut\u00e1np\u00f3tl\u00e1s\u00e1nak meger\u0151s\u00edt\u00e9s\u00e9hez, valamint a kutat\u00f3i \u00e9letp\u00e1lya vonz\u00f3v\u00e1 t\u00e9tel\u00e9hez. A 2026\/2027-es tan\u00e9vben az Egyetemi Kutat\u00f3i \u00d6szt\u00f6nd\u00edj Program Kooperat\u00edv Doktori Program (EK\u00d6P-KDP) NEM ker\u00fcl meghirdet\u00e9sre.<\/p>\n<p><strong>Az EK\u00d6P-\u00f6szt\u00f6nd\u00edj a Semmelweis Egyetemen az al\u00e1bbi c\u00e9lcsoportok sz\u00e1m\u00e1ra megp\u00e1ly\u00e1zhat\u00f3:<\/strong><\/p>\n<ul>\n<li><strong>Alapk\u00e9pz\u00e9s<\/strong>ben\u00a0r\u00e9szt vev\u0151 hallgat\u00f3k;<\/li>\n<li><strong>Mester<\/strong>&#8211;\u00a0vagy\u00a0<strong>osztatlan<\/strong> k\u00e9pz\u00e9sben r\u00e9szt vev\u0151 hallgat\u00f3k;<\/li>\n<li><strong>Doktori<\/strong> k\u00e9pz\u00e9sben r\u00e9szt vev\u0151 hallgat\u00f3k;<\/li>\n<li>A Semmelweis Egyetemen az \u00f6szt\u00f6nd\u00edjas id\u0151szak alatt munkav\u00e9gz\u00e9sre ir\u00e1nyul\u00f3 tev\u00e9kenys\u00e9get folytat\u00f3 <strong>doktorv\u00e1rom\u00e1nyos <\/strong>vagy;<\/li>\n<li>A Semmelweis Egyetemen az \u00f6szt\u00f6nd\u00edjas id\u0151szak alatt munkav\u00e9gz\u00e9sre ir\u00e1nyul\u00f3 tev\u00e9kenys\u00e9ggel rendelkez\u0151\u00a0<strong>fiatal oktat\u00f3k-kutat\u00f3k<\/strong>, akik doktori fokozatukat \u00f6t \u00e9ven bel\u00fcl szerezt\u00e9k meg.<\/li>\n<\/ul>\n<p><strong>Az EK\u00d6P-\u00f6szt\u00f6nd\u00edjakat az al\u00e1bbi id\u0151szakokra lehet megp\u00e1ly\u00e1zni:<\/strong><\/p>\n<table style=\"height: 438px;width: 147.398%\" width=\"600\">\n<tbody>\n<tr style=\"height: 48px\">\n<td style=\"width: 34.8277%;height: 48px\" width=\"198\">\n<p style=\"text-align: center\"><strong>Id\u0151tartam<\/strong><\/p>\n<\/td>\n<td style=\"width: 165.845%;height: 48px\" width=\"236\">\n<p style=\"text-align: center\"><strong>\u00d6szt\u00f6nd\u00edjas id\u0151szak<\/strong><\/p>\n<\/td>\n<\/tr>\n<tr style=\"height: 69px\">\n<td style=\"width: 200.673%;height: 69px\" colspan=\"2\">\n<p style=\"text-align: center\"><strong>alapk\u00e9pz\u00e9s, mesterk\u00e9pz\u00e9s, osztatlan k\u00e9pz\u00e9s<\/strong><\/p>\n<\/td>\n<\/tr>\n<tr style=\"height: 93px\">\n<td style=\"width: 34.8277%;height: 93px\" width=\"198\">\n<p>5 h\u00f3nap<\/p>\n<\/td>\n<td style=\"width: 165.845%;height: 93px\" width=\"236\">\n<p>2026. szeptember 1. \u2013 2027. janu\u00e1r 31. vagy<\/p>\n<p>2027. febru\u00e1r 1. \u2013 2027. j\u00fanius 30.<\/p>\n<\/td>\n<\/tr>\n<tr style=\"height: 48px\">\n<td style=\"width: 34.8277%;height: 48px\" width=\"198\">\n<p>10 h\u00f3nap<\/p>\n<\/td>\n<td style=\"width: 165.845%;height: 48px\" width=\"236\">\n<p>2026. szeptember 1. \u2013 2027. j\u00fanius 30.<\/p>\n<\/td>\n<\/tr>\n<tr style=\"height: 36px\">\n<td style=\"width: 200.673%;height: 36px\" colspan=\"2\">\n<p style=\"text-align: center\"><strong>doktori k\u00e9pz\u00e9s, fiatal oktat\u00f3, kutat\u00f3 kateg\u00f3ria<\/strong><\/p>\n<\/td>\n<\/tr>\n<tr style=\"height: 48px\">\n<td style=\"width: 34.8277%;height: 48px\" width=\"198\">\n<p>5 h\u00f3nap<\/p>\n<\/td>\n<td style=\"width: 165.845%;height: 48px\" width=\"236\">\n<p>2026. szeptember 1. \u2013 2027. janu\u00e1r 31.<\/p>\n<\/td>\n<\/tr>\n<tr style=\"height: 48px\">\n<td style=\"width: 34.8277%;height: 48px\" width=\"198\">\n<p>7 h\u00f3nap<\/p>\n<\/td>\n<td style=\"width: 165.845%;height: 48px\" width=\"236\">\n<p>2027. febru\u00e1r 1. \u2013 2027. augusztus 31.<\/p>\n<\/td>\n<\/tr>\n<tr style=\"height: 48px\">\n<td style=\"width: 34.8277%;height: 48px\" width=\"198\">\n<p>12 h\u00f3nap<\/p>\n<\/td>\n<td style=\"width: 165.845%;height: 48px\" width=\"236\">\n<p>2026. szeptember 1. \u2013 2027. augusztus 31.<\/p>\n<\/td>\n<\/tr>\n<\/tbody>\n<\/table>\n<p><strong>\u00a0<\/strong><\/p>\n<p><strong>A p\u00e1ly\u00e1zhat\u00f3 \u00f6szt\u00f6nd\u00edj \u00f6sszege (I. mell\u00e9klet alapj\u00e1n):<\/strong><\/p>\n<p>alapk\u00e9pz\u00e9s, 125.000 &#8211; Ft\/h\u00f3<\/p>\n<p>mesterk\u00e9pz\u00e9s, osztatlan k\u00e9pz\u00e9s: 150.000 &#8211; Ft\/h\u00f3<\/p>\n<p>doktori k\u00e9pz\u00e9s: 175.000 &#8211; 200\u00a0000 Ft\/h\u00f3<\/p>\n<p>doktorv\u00e1rom\u00e1nyos k\u00e9pz\u00e9s: 225\u00a0000 Ft\/h\u00f3<\/p>\n<p>fiatal oktat\u00f3, kutat\u00f3 kateg\u00f3ria: 250.000 &#8211; Ft\/h\u00f3<\/p>\n<p><strong>A p\u00e1ly\u00e1zatok bead\u00e1s\u00e1nak hat\u00e1rideje:<br \/>\n<\/strong>2026. \u00e1prilis 28. \u2013 m\u00e1jus 28. k\u00f6z\u00f6tt<\/p>\n<p><strong>Jogosults\u00e1gi felt\u00e9telek:<br \/>\n<\/strong>Az a term\u00e9szetes szem\u00e9ly ny\u00fajthat be p\u00e1ly\u00e1zatot, aki 45. \u00e9let\u00e9v\u00e9t m\u00e9g nem t\u00f6lt\u00f6tte be (vagy rendelkezik rektori felment\u00e9ssel).<strong>\u00a0<\/strong><\/p>\n<h5><strong>Alapk\u00e9pz\u00e9s kateg\u00f3ri\u00e1ban<\/strong><\/h5>\n<ul>\n<li>B\u00e1rmilyen munkarend\u0171 alapk\u00e9pz\u00e9sen r\u00e9szt vev\u0151, akt\u00edv hallgat\u00f3i jogviszonnyal rendelkez\u0151 hallgat\u00f3;<\/li>\n<\/ul>\n<ul>\n<li>Az \u00f6szt\u00f6nd\u00edj megkezd\u00e9s\u00e9ig egy igazolt lez\u00e1rt f\u00e9l\u00e9vvel rendelkezik;<\/li>\n<li>Az el\u0151z\u0151 lez\u00e1rt f\u00e9l\u00e9v s\u00falyozott tanulm\u00e1nyi \u00e1tlaga <strong>minimum 4,00<\/strong>;<\/li>\n<li>Az \u00f6szt\u00f6nd\u00edj megkezd\u00e9se el\u0151tt legal\u00e1bb 1 f\u00e9l\u00e9v \u00f3ta <strong>igazoltan TDK munk\u00e1t v\u00e9gez<\/strong>.<\/li>\n<\/ul>\n<h5><strong>Mesterk\u00e9pz\u00e9s \u00e9s osztatlan k\u00e9pz\u00e9s kateg\u00f3ri\u00e1ban<\/strong><\/h5>\n<ul>\n<li>B\u00e1rmilyen munkarend\u0171 mester\/osztatlan k\u00e9pz\u00e9sen akt\u00edv hallgat\u00f3i jogviszonnyal rendelkez\u0151 hallgat\u00f3<\/li>\n<li>Legal\u00e1bb egy lez\u00e1rt f\u00e9l\u00e9vvel rendelkezik<\/li>\n<li>Az el\u0151z\u0151 lez\u00e1rt f\u00e9l\u00e9v s\u00falyozott tanulm\u00e1nyi \u00e1tlaga <strong>minimum 4,00<\/strong><\/li>\n<li>Az \u00f6szt\u00f6nd\u00edj megkezd\u00e9se el\u0151tt legal\u00e1bb 1 f\u00e9l\u00e9v \u00f3ta <strong>igazoltan TDK munk\u00e1t v\u00e9gez<\/strong><\/li>\n<\/ul>\n<h5><strong>Doktori k\u00e9pz\u00e9s kateg\u00f3ri\u00e1ban<\/strong><\/h5>\n<ul>\n<li>B\u00e1rmely munkarendben akt\u00edv doktori tanulm\u00e1nyokat folytat vagy;<\/li>\n<li>A Semmelweis Egyetem Doktori Iskola \u00e1ltal 2026\/2027 tan\u00e9vre b\u00e1rmely munkarendben meghirdetett doktori k\u00e9pz\u00e9sre felv\u00e9teli jelentkez\u00e9si k\u00e9relmet ny\u00fajtott be vagy sz\u00e1nd\u00e9kozik beny\u00fajtani;<\/li>\n<li>A kiemelked\u0151 tudom\u00e1nyos\/szakmai teljes\u00edtm\u00e9ny felt\u00e9telek\u00e9nt a p\u00e1ly\u00e1z\u00f3t\u00f3l elv\u00e1rt, hogy kor\u00e1bbi PhD \u00f6szt\u00f6nd\u00edjas tudom\u00e1nyos tev\u00e9kenys\u00e9g\u00e9nek eredm\u00e9nyeit m\u00e1r <strong>legal\u00e1bb egy OTDK<\/strong> konferenci\u00e1n ismertette, vagy legal\u00e1bb egy <strong>tudom\u00e1nyos publik\u00e1ci\u00f3val<\/strong> \u00e9s\/vagy innov\u00e1ci\u00f3s eredm\u00e9nnyel (szabadalom, mintaoltalom<strong>) rendelkezik<\/strong>;<\/li>\n<li>Amennyiben volt <strong>kor\u00e1bbi EK\u00d6P vagy \u00daNKP<\/strong> nyertes p\u00e1ly\u00e1zata, \u00fagy annak z\u00e1r\u00f3 szakmai besz\u00e1mol\u00f3j\u00e1ra <strong>\u201ekiv\u00e1l\u00f3an megfelelt\u201d min\u0151s\u00edt\u00e9st kapott.<\/strong><\/li>\n<\/ul>\n<h5><strong>Doktorv\u00e1rom\u00e1nyos kateg\u00f3ri\u00e1ban<\/strong><\/h5>\n<ul>\n<li>Doktori tanulm\u00e1nyaikat a Semmelweis Egyetemen v\u00e9gzik, vagy v\u00e9gezt\u00e9k \u00e9s a t\u00e1mogat\u00e1si id\u0151szak alatt a <strong>Semmelweis Egyetemmel legal\u00e1bb heti 20 \u00f3r\u00e1s munkaviszonnyal rendelkezzenek<\/strong>, melyet szerz\u0151d\u00e9sk\u00f6t\u00e9skor igazolni sz\u00fcks\u00e9ges (\u00f6nk\u00e9ntes jogviszony nem fogadhat\u00f3 el);<\/li>\n<li>Az abszolut\u00f3riumot megszerezt\u00e9k vagy az \u00f6szt\u00f6nd\u00edjas jogviszony kezdet\u00e9ig v\u00e1rhat\u00f3an megszerzik;<\/li>\n<li>PhD fokozatukat az \u00f6szt\u00f6nd\u00edjas jogviszony l\u00e9tes\u00edt\u00e9sekor m\u00e9g nem szerzik meg;<\/li>\n<li>Amennyiben volt <strong>kor\u00e1bbi EK\u00d6P vagy \u00daNKP<\/strong> nyertes p\u00e1ly\u00e1zata, \u00fagy annak z\u00e1r\u00f3 szakmai besz\u00e1mol\u00f3j\u00e1ra <strong>\u201ekiv\u00e1l\u00f3an megfelelt\u201d min\u0151s\u00edt\u00e9st kapott;<\/strong><\/li>\n<li>Publik\u00e1ci\u00f3s felt\u00e9telk\u00e9nt a p\u00e1ly\u00e1z\u00f3t\u00f3l elv\u00e1rt, hogy legal\u00e1bb egy a Semmelweis Egyetemr\u0151l jegyzett tudom\u00e1nyos k\u00f6zlem\u00e9nnyel \u00e9s\/vagy innov\u00e1ci\u00f3s eredm\u00e9nnyel (szabadalom, mintaoltalom) rendelkezzen;<\/li>\n<li>Kor\u00e1bban nem r\u00e9szes\u00fclt \u00daNKP vagy EK\u00d6P doktorv\u00e1rom\u00e1nyosi \u00f6szt\u00f6nd\u00edjban.<\/li>\n<\/ul>\n<h5><strong>Fiatal oktat\u00f3, kutat\u00f3 (posztdoktor) kateg\u00f3ri\u00e1ban<\/strong><\/h5>\n<ul>\n<li>A Semmelweis Egyetemmel legal\u00e1bb heti 20 \u00f3r\u00e1s munkaviszonnyal rendelkezik (\u00f6nk\u00e9ntes jogviszony nem fogadhat\u00f3 el);<\/li>\n<li>Fokozat\u00e1t m\u00e9g nem szerezte meg, de legk\u00e9s\u0151bb 2026. j\u00falius 31-ig megszerzi, vagy fokozat\u00e1t 5 \u00e9ven bel\u00fcl szerezte, \u00e9s<\/li>\n<li>A doktori fokozatszerz\u00e9shez felhaszn\u00e1lt els\u0151 szerz\u0151s publik\u00e1ci\u00f3k k\u00f6z\u00fcl legal\u00e1bb egy D1-es besorol\u00e1s\u00fa, vagy a fokozatszerz\u00e9s ut\u00e1n rendelkezik D1-es besorol\u00e1s\u00fa els\u0151 vagy utols\u00f3 szerz\u0151s k\u00f6zlem\u00e9nnyel vagy innov\u00e1ci\u00f3s eredm\u00e9nnyel (szabadalom, mintaoltalom) rendelkezik;<\/li>\n<li>Amennyiben volt <strong>kor\u00e1bbi EK\u00d6P vagy \u00daNKP nyertes<\/strong> p\u00e1ly\u00e1zata, \u00fagy annak z\u00e1r\u00f3 szakmai besz\u00e1mol\u00f3j\u00e1ra <strong>\u201ekiv\u00e1l\u00f3an megfelelt\u201d min\u0151s\u00edt\u00e9st kapott<\/strong>;<\/li>\n<li>A p\u00e1ly\u00e1z\u00f3t\u00f3l elv\u00e1rt, hogy a Semmelweis Egyetemen foly\u00f3 tehets\u00e9ggondoz\u00e1sban r\u00e9szt vesz (pl. TDK t\u00e9mavezet\u00e9s, PhD t\u00e9mavezet\u00e9s, v\u00e1laszthat\u00f3 kurzus el\u0151ad\u00e1s tart\u00e1sa, stb).\n<\/li>\n<\/ul>\n<div class=\"keretes w-100\">\n<h3><strong>Beny\u00fajt\u00e1s m\u00f3dja, helye:<\/strong> <a href=\"https:\/\/palyazz.semmelweis.hu\/\"><strong>https:\/\/palyazz.semmelweis.hu\/<\/strong><\/a><\/h3>\n<\/div>\n<p><strong>B\u0151vebb inform\u00e1ci\u00f3: <\/strong><a href=\"https:\/\/semmelweis.hu\/phd\/files\/2026\/04\/2026_2.1.1_ekop_SE_palyazati_felhivas_bz.pdf\"><strong>p\u00e1ly\u00e1zati felh\u00edv\u00e1s<\/strong><\/a><\/p>\n<p><strong>A p\u00e1ly\u00e1zathoz kapcsol\u00f3d\u00f3 mell\u00e9kletek:<\/strong><\/p>\n<ol>\n<li>T\u00e1mogatott k\u00e9pz\u00e9sek, doktori iskol\u00e1k \u00e9s szervezeti egys\u00e9gek<\/li>\n<li><a href=\"https:\/\/semmelweis.hu\/phd\/files\/2026\/04\/02_EKOP-melleklet_SE_TUDOMANYAGI_KEPZESI_BESOROLAS.pdf\">Tudom\u00e1ny\u00e1gi besorol\u00e1s, k\u00e9pz\u00e9si ter\u00fclet<\/a><\/li>\n<li>Kutat\u00e1si terv: <a href=\"https:\/\/semmelweis.hu\/phd\/files\/2026\/04\/03_EKOP_Melleklet_SE_Kutatasi_Terv_Alap_Mesterkepzes_Osztatlan-kepzes.docx\">Alap,Mester,Osztatlan k\u00e9pz\u00e9shez<\/a> \/ <a href=\"https:\/\/semmelweis.hu\/phd\/files\/2026\/04\/03_EKOP_Melleklet_SE_Kutatasi_terv_Doktori_kepzeshez.docx\">Doktori k\u00e9pz\u00e9shez<\/a><\/li>\n<li><a href=\"https:\/\/semmelweis.hu\/phd\/files\/2026\/04\/04_EKOP_Melleklet_SE_Kizaro_okok.docx\">Kiz\u00e1r\u00f3 okok nyilatkozat<\/a><\/li>\n<li><a href=\"https:\/\/semmelweis.hu\/phd\/files\/2026\/04\/05_EKOP_Melleklet_SE_GDPR_nyilatkozat.docx\">GDPR nyilatkozat<\/a><\/li>\n<li><a href=\"https:\/\/semmelweis.hu\/phd\/files\/2026\/04\/06_EKOP_Melleklet_SE_Palyazo_tovabbi_osztondijak.docx\">Tov\u00e1bbi \u00f6szt\u00f6nd\u00edjak nyilatkozat<\/a><\/li>\n<\/ol>\n<p>&nbsp;<\/p>\n<p>EK\u00d6P \u00dcgyint\u00e9z\u0151k el\u00e9rhet\u0151s\u00e9gei:<strong>\u00a0<\/strong><\/p>\n<p><strong>Doktori Iskola:<\/strong>\u00a0Csorba-J\u00f3n\u00e1s Csilla,\u00a0<a href=\"mailto:ekop-koordinator@semmelweis.hu\">ekop-koordinator@semmelweis.hu<\/a><\/p>\n<p><strong>\u00c1OK:<\/strong>\u00a0T\u00f3thn\u00e9 Varga Melitta,\u00a0<a href=\"mailto:tothne-varga.melitta@semmelweis.hu\">tothne-varga.melitta@semmelweis.hu<\/a><\/p>\n<p><strong>GYTK:<\/strong>\u00a0Vajvod\u00e1n\u00e9 P\u00e9nzes Eszter,\u00a0<a href=\"mailto:penzes.eszter@semmelweis.hu\">penzes.eszter@semmelweis.hu<\/a><\/p>\n<p><strong>FOK:<\/strong>\u00a0Tepl\u00e1n-G\u00e1l Orsolya,\u00a0<a href=\"mailto:teplan-gal.orsolya@semmelweis.hu\">teplan-gal.orsolya@semmelweis.hu<\/a><\/p>\n<p><strong>ETK:<\/strong>\u00a0\u00c9li\u00e1s Anna J\u00falia,\u00a0<a href=\"mailto:elias.anna.julia@semmelweis.hu\">elias.anna.julia@semmelweis.hu<\/a><\/p>\n<p><strong>EKK:<\/strong>\u00a0Szand\u00e1nyi Beatrix,\u00a0<a href=\"mailto:szandanyi.beatrix@emk.semmelweis.hu\">szandanyi.beatrix@emk.semmelweis.hu<\/a><\/p>\n<p><strong>PAK:<\/strong>\u00a0Bittmann Anett M\u00e1ria,\u00a0<a href=\"mailto:bittmann.anett.maria@semmelweis.hu\">bittmann.anett.maria@semmelweis.hu<\/a><\/p>\n<p><a href=\"mailto:kovacs.hajnalka2@semmelweis.hu\"><img loading=\"lazy\" decoding=\"async\" class=\"alignright wp-image-65444 size-medium\" src=\"https:\/\/semmelweis.hu\/phd\/files\/2025\/09\/NKFIA_infoblokk_kerettel_program_allo_2019_HU-400x220.png\" alt=\"\" width=\"400\" height=\"220\" srcset=\"https:\/\/semmelweis.hu\/phd\/files\/2025\/09\/NKFIA_infoblokk_kerettel_program_allo_2019_HU-400x220.png 400w, https:\/\/semmelweis.hu\/phd\/files\/2025\/09\/NKFIA_infoblokk_kerettel_program_allo_2019_HU-1024x564.png 1024w, https:\/\/semmelweis.hu\/phd\/files\/2025\/09\/NKFIA_infoblokk_kerettel_program_allo_2019_HU-768x423.png 768w, https:\/\/semmelweis.hu\/phd\/files\/2025\/09\/NKFIA_infoblokk_kerettel_program_allo_2019_HU-1536x846.png 1536w, https:\/\/semmelweis.hu\/phd\/files\/2025\/09\/NKFIA_infoblokk_kerettel_program_allo_2019_HU-2048x1128.png 2048w, https:\/\/semmelweis.hu\/phd\/files\/2025\/09\/NKFIA_infoblokk_kerettel_program_allo_2019_HU-753x415.png 753w\" sizes=\"auto, (max-width: 400px) 100vw, 400px\" \/><\/a><\/p>\n","protected":false},"excerpt":{"rendered":"<p>Jelentkez\u00e9si hat\u00e1rid\u0151: 2026. \u00e1prilis 28. \u2013 m\u00e1jus 28. k\u00f6z\u00f6tt<\/p>\n","protected":false},"author":12,"featured_media":0,"parent":15269,"menu_order":0,"comment_status":"closed","ping_status":"closed","template":"template-fullwidth.php","meta":{"_acf_changed":false,"footnotes":""},"categories":[],"tags":[],"class_list":["post-63300","page","type-page","status-publish","hentry"],"acf":[],"_links":{"self":[{"href":"https:\/\/semmelweis.hu\/phd\/wp-json\/wp\/v2\/pages\/63300","targetHints":{"allow":["GET"]}}],"collection":[{"href":"https:\/\/semmelweis.hu\/phd\/wp-json\/wp\/v2\/pages"}],"about":[{"href":"https:\/\/semmelweis.hu\/phd\/wp-json\/wp\/v2\/types\/page"}],"author":[{"embeddable":true,"href":"https:\/\/semmelweis.hu\/phd\/wp-json\/wp\/v2\/users\/12"}],"replies":[{"embeddable":true,"href":"https:\/\/semmelweis.hu\/phd\/wp-json\/wp\/v2\/comments?post=63300"}],"version-history":[{"count":11,"href":"https:\/\/semmelweis.hu\/phd\/wp-json\/wp\/v2\/pages\/63300\/revisions"}],"predecessor-version":[{"id":66520,"href":"https:\/\/semmelweis.hu\/phd\/wp-json\/wp\/v2\/pages\/63300\/revisions\/66520"}],"up":[{"embeddable":true,"href":"https:\/\/semmelweis.hu\/phd\/wp-json\/wp\/v2\/pages\/15269"}],"wp:attachment":[{"href":"https:\/\/semmelweis.hu\/phd\/wp-json\/wp\/v2\/media?parent=63300"}],"wp:term":[{"taxonomy":"category","embeddable":true,"href":"https:\/\/semmelweis.hu\/phd\/wp-json\/wp\/v2\/categories?post=63300"},{"taxonomy":"post_tag","embeddable":true,"href":"https:\/\/semmelweis.hu\/phd\/wp-json\/wp\/v2\/tags?post=63300"}],"curies":[{"name":"wp","href":"https:\/\/api.w.org\/{rel}","templated":true}]}}