{"id":18800,"date":"2024-09-20T11:38:07","date_gmt":"2024-09-20T09:38:07","guid":{"rendered":"https:\/\/semmelweis.hu\/phd\/?page_id=18800"},"modified":"2026-01-14T13:49:46","modified_gmt":"2026-01-14T12:49:46","slug":"tagozati-dokumentumok","status":"publish","type":"page","link":"https:\/\/semmelweis.hu\/phd\/doktori-tagozatok\/tagozati-dokumentumok\/","title":{"rendered":"Tagozati Tan\u00e1csok dokumentumai"},"content":{"rendered":"            <div class=\"qae-faqs-container qae-faqs-toggle-container\">\n\t\t\t\t\t\t\t<ul class=\"qe-faqs-filters-container\">\n\t\t\t\t<li class=\"active\"><a class=\"qe-faqs-filter all-faqs\" href=\"#\" data-filter=\"*\">All<\/a><\/li>\n\t\t\t\t<li><a class=\"qe-faqs-filter\" href=\"#jegyzokonyvbesz\" data-filter=\".jegyzokonyvbesz\">jegyzokonyvbesz<\/a><\/li>\t\t\t<\/ul>\n\t\t\t\t\t<div id=\"qaef-18021\" class=\"qe-faq-toggle jegyzokonyvbesz\">\n\t\t\t<div class=\"qe-toggle-title\">\n\t\t\t\t<h4>\n\t\t\t\t\t<i class=\"fa fa-minus-circle\"><\/i> Sz\u00edv- \u00e9s \u00c9rgy\u00f3gy\u00e1szati Tagozat Tan\u00e1csa\t\t\t\t<\/h4>\n\t\t\t<\/div>\n\t\t\t<div class=\"qe-toggle-content\">\n\t\t\t\t<h4><strong>\u00c9ves besz\u00e1mol\u00f3k:<\/strong><\/h4>\n<ul>\n<li><a href=\"https:\/\/semmelweis.hu\/phd\/files\/2024\/05\/2025.-evi-beszamolo-Sziv-es-Ergyogyaszati-Tagozat.xlsx\">2025<\/a><\/li>\n<\/ul>\n\t\t\t<\/div>\n\t\t<\/div>\n\t\t\t\t<div id=\"qaef-18024\" class=\"qe-faq-toggle jegyzokonyvbesz\">\n\t\t\t<div class=\"qe-toggle-title\">\n\t\t\t\t<h4>\n\t\t\t\t\t<i class=\"fa fa-minus-circle\"><\/i> Elm\u00e9leti \u00e9s Transzl\u00e1ci\u00f3s Orvostudom\u00e1nyi Tagozat Tan\u00e1csa\t\t\t\t<\/h4>\n\t\t\t<\/div>\n\t\t\t<div class=\"qe-toggle-content\">\n\t\t\t\t<h4><strong>Tan\u00e1cs\u00fcl\u00e9sek:<\/strong><\/h4>\n<ul>\n<li><a href=\"https:\/\/semmelweis.hu\/phd\/files\/2023\/10\/SKM_C25853323101813190.pdf\">2023. okt\u00f3ber 18. &#8211; Alakul\u00f3 \u00fcl\u00e9s jegyz\u0151k\u00f6nyve<\/a><\/li>\n<\/ul>\n<h4><strong>\u00c9ves besz\u00e1mol\u00f3k:<\/strong><\/h4>\n<ul>\n<li><a href=\"https:\/\/semmelweis.hu\/phd\/files\/2024\/05\/2025.-evi-beszamolo-Elmeleti-es-Transzlacios-Orvostudomanyi-Tagozat.xlsx\">2025<\/a><\/li>\n<\/ul>\n\t\t\t<\/div>\n\t\t<\/div>\n\t\t\t\t<div id=\"qaef-18030\" class=\"qe-faq-toggle jegyzokonyvbesz\">\n\t\t\t<div class=\"qe-toggle-title\">\n\t\t\t\t<h4>\n\t\t\t\t\t<i class=\"fa fa-minus-circle\"><\/i> Fogorvostudom\u00e1nyi Tagozat Tan\u00e1csa\t\t\t\t<\/h4>\n\t\t\t<\/div>\n\t\t\t<div class=\"qe-toggle-content\">\n\t\t\t\t<h4><strong>Tan\u00e1cs\u00fcl\u00e9sek:<\/strong><\/h4>\n<p><a href=\"https:\/\/semmelweis.hu\/phd\/files\/2023\/11\/fogorvostudomanyi-tagozat-jegyzokonyv.pdf\">2023. szeptember 12. &#8211; jegyz\u0151k\u00f6nyv a nyit\u00f3\u00fcl\u00e9sr\u0151l<\/a><\/p>\n<h4><strong>\u00c9ves besz\u00e1mol\u00f3k:<\/strong><\/h4>\n<ul>\n<li><a href=\"https:\/\/semmelweis.hu\/phd\/files\/2024\/05\/2025.-evi-beszamolo-Fogorvostudomanyi-Tagozat.xlsx\">2025<\/a><\/li>\n<\/ul>\n<p>&nbsp;<\/p>\n\t\t\t<\/div>\n\t\t<\/div>\n\t\t\t\t<div id=\"qaef-18031\" class=\"qe-faq-toggle jegyzokonyvbesz\">\n\t\t\t<div class=\"qe-toggle-title\">\n\t\t\t\t<h4>\n\t\t\t\t\t<i class=\"fa fa-minus-circle\"><\/i> Operat\u00edv Orvostudom\u00e1nyi Tagozat Tan\u00e1csa\t\t\t\t<\/h4>\n\t\t\t<\/div>\n\t\t\t<div class=\"qe-toggle-content\">\n\t\t\t\t<h4><strong>Tan\u00e1cs\u00fcl\u00e9sek:<\/strong><\/h4>\n<p><a href=\"https:\/\/semmelweis.hu\/phd\/files\/2023\/09\/Jegyzokonyv_2023.09.22.-_Operativ-Orvostudomany-Tagozat.pdf\">2023. szeptember 22. &#8211; jegyz\u0151k\u00f6nyv a nyit\u00f3 \u00fcl\u00e9sr\u0151l<\/a><\/p>\n<h4><strong>\u00c9ves besz\u00e1mol\u00f3k:<\/strong><\/h4>\n<ul>\n<li><a href=\"https:\/\/semmelweis.hu\/phd\/files\/2024\/05\/2025.-evi-beszamolo-Operativ-Orvostudomanyi-Tagozat.xlsx\">2025<\/a><\/li>\n<\/ul>\n\t\t\t<\/div>\n\t\t<\/div>\n\t\t\t\t<div id=\"qaef-18032\" class=\"qe-faq-toggle jegyzokonyvbesz\">\n\t\t\t<div class=\"qe-toggle-title\">\n\t\t\t\t<h4>\n\t\t\t\t\t<i class=\"fa fa-minus-circle\"><\/i> R\u00e1cz K\u00e1roly Konzervat\u00edv Orvostudom\u00e1nyi Tagozat Tan\u00e1csa\t\t\t\t<\/h4>\n\t\t\t<\/div>\n\t\t\t<div class=\"qe-toggle-content\">\n\t\t\t\t<h4><strong>Tan\u00e1cs\u00fcl\u00e9sek:<\/strong><\/h4>\n<ul>\n<li><a href=\"https:\/\/semmelweis.hu\/phd\/files\/2024\/07\/Doktori-Tanacsules-jegyzokonyv-2024-jun_13.pdf\">2024. j\u00fanius 13. &#8211; tan\u00e1cs\u00fcl\u00e9si jegyz\u0151k\u00f6nyv<\/a><\/li>\n<li><a href=\"https:\/\/semmelweis.hu\/phd\/files\/2023\/10\/Doktori-Tagozat-Tanacsanak-alakulo-ulese-2023-okt_2_honlapra.pdf\">2023. okt\u00f3ber 2. &#8211; jegyz\u0151k\u00f6nyv a tagozati alakul\u00f3 \u00fcl\u00e9s\u00e9r\u0151l<\/a><\/li>\n<\/ul>\n<h4><strong>\u00c9ves besz\u00e1mol\u00f3k:<\/strong><\/h4>\n<ul>\n<li><a href=\"https:\/\/semmelweis.hu\/phd\/files\/2024\/05\/2025.-evi-beszamolo-Konzervativ-Orvostudomanyi-Tagozat-v2.xlsx\">2025<\/a><\/li>\n<\/ul>\n\t\t\t<\/div>\n\t\t<\/div>\n\t\t\t\t<div id=\"qaef-18033\" class=\"qe-faq-toggle jegyzokonyvbesz\">\n\t\t\t<div class=\"qe-toggle-title\">\n\t\t\t\t<h4>\n\t\t\t\t\t<i class=\"fa fa-minus-circle\"><\/i> Gy\u00f3gyszertudom\u00e1nyok \u00e9s Eg\u00e9szs\u00e9g\u00fcgyi Technol\u00f3gi\u00e1k Tagozat Tan\u00e1csa\t\t\t\t<\/h4>\n\t\t\t<\/div>\n\t\t\t<div class=\"qe-toggle-content\">\n\t\t\t\t<h4><strong>Tan\u00e1cs\u00fcl\u00e9sek:<\/strong><\/h4>\n<ul>\n<li><a href=\"https:\/\/semmelweis.hu\/phd\/files\/2023\/10\/JegyzokonyvGYDIules2023.pdf\">2023. szeptember 28. &#8211; alakul\u00f3 tagozati tan\u00e1cs\u00fcl\u00e9s jegyz\u0151k\u00f6nyve<\/a><\/li>\n<\/ul>\n<h4><strong>\u00c9ves besz\u00e1mol\u00f3k:<\/strong><\/h4>\n<ul>\n<li><a href=\"https:\/\/semmelweis.hu\/phd\/files\/2024\/05\/2025.-evi-beszamolo-Gyogyszertudomanyok-es-Egeszsegugyi-Technologiak-Tagozat.xlsx\">2025<\/a><\/li>\n<\/ul>\n<p>&nbsp;<\/p>\n\t\t\t<\/div>\n\t\t<\/div>\n\t\t\t\t<div id=\"qaef-18034\" class=\"qe-faq-toggle jegyzokonyvbesz\">\n\t\t\t<div class=\"qe-toggle-title\">\n\t\t\t\t<h4>\n\t\t\t\t\t<i class=\"fa fa-minus-circle\"><\/i> Ment\u00e1lis Eg\u00e9szs\u00e9gtudom\u00e1nyi Tagozat Tan\u00e1csa\t\t\t\t<\/h4>\n\t\t\t<\/div>\n\t\t\t<div class=\"qe-toggle-content\">\n\t\t\t\t<h4><strong>Tan\u00e1cs\u00fcl\u00e9sek:<\/strong><\/h4>\n<ul>\n<li><a href=\"https:\/\/semmelweis.hu\/phd\/files\/2024\/05\/Mentalis-Doktori-Tanacs-jegyzokonyv-2025-05-29.pdf\">2025. m\u00e1jus 29. eml\u00e9keztet\u0151 a tagozat \u00fcl\u00e9s\u00e9r\u0151l<\/a><\/li>\n<li><a href=\"https:\/\/semmelweis.hu\/phd\/files\/2023\/09\/Mentalis-Tagozat-Doktori-Tanacsules-2023-09-07.pdf\">2023. szeptember 7. eml\u00e9keztet\u0151 a tagozat els\u0151 \u00fcl\u00e9s\u00e9r\u0151l<\/a><\/li>\n<\/ul>\n<h4><strong>\u00c9ves besz\u00e1mol\u00f3k:<\/strong><\/h4>\n<ul>\n<li><a href=\"https:\/\/semmelweis.hu\/phd\/files\/2024\/05\/2025.-evi-beszamolo-Mentalis-Egeszsegtudomanyi-Tagozat.xlsx\">2025<\/a><\/li>\n<\/ul>\n<div>\u00a0<\/div>\n<p>&nbsp;<\/p>\n\t\t\t<\/div>\n\t\t<\/div>\n\t\t\t\t<div id=\"qaef-18036\" class=\"qe-faq-toggle jegyzokonyvbesz\">\n\t\t\t<div class=\"qe-toggle-title\">\n\t\t\t\t<h4>\n\t\t\t\t\t<i class=\"fa fa-minus-circle\"><\/i> Eg\u00e9szs\u00e9gtudom\u00e1nyi Tagozat Tan\u00e1csa\t\t\t\t<\/h4>\n\t\t\t<\/div>\n\t\t\t<div class=\"qe-toggle-content\">\n\t\t\t\t<p><strong style=\"color: #313b40;font-family: Montserrat, sans-serif;font-size: 22px;text-transform: uppercase\">\u00c9ves besz\u00e1mol\u00f3k:<\/strong><\/p>\n<ul>\n<li><a href=\"https:\/\/semmelweis.hu\/phd\/files\/2024\/05\/2025.-evi-beszamolo-Egeszsegtudomanyi-Tagozat.xlsx\">2025<\/a><\/li>\n<\/ul>\n\t\t\t<\/div>\n\t\t<\/div>\n\t\t\t\t<div id=\"qaef-18038\" class=\"qe-faq-toggle jegyzokonyvbesz\">\n\t\t\t<div class=\"qe-toggle-title\">\n\t\t\t\t<h4>\n\t\t\t\t\t<i class=\"fa fa-minus-circle\"><\/i> Szent\u00e1gothai J\u00e1nos Idegtudom\u00e1nyi Tagozat Tan\u00e1csa\t\t\t\t<\/h4>\n\t\t\t<\/div>\n\t\t\t<div class=\"qe-toggle-content\">\n\t\t\t\t<h4><strong>Tan\u00e1cs\u00fcl\u00e9sek<\/strong>:<\/h4>\n<ul>\n<li><a href=\"https:\/\/semmelweis.hu\/phd\/files\/2024\/05\/Jegyzokonyv-alakulo-ulesrol-vegleges-20230925.pdf\">2023. szeptember 25. &#8211; jegyz\u0151k\u00f6nyv a tagozati tan\u00e1cs alap\u00edt\u00f3 \u00fcl\u00e9s\u00e9r\u0151l<\/a><\/li>\n<\/ul>\n<h4><strong>\u00c9ves besz\u00e1mol\u00f3k:<\/strong><\/h4>\n<ul>\n<li><a href=\"https:\/\/semmelweis.hu\/phd\/files\/2024\/05\/2025.-evi-beszamolo-Szentagothai-Janos-Idegtudomanyi-Tagozat.xlsx\">2025<\/a><\/li>\n<\/ul>\n\t\t\t<\/div>\n\t\t<\/div>\n\t\t\t\t<div id=\"qaef-18039\" class=\"qe-faq-toggle jegyzokonyvbesz\">\n\t\t\t<div class=\"qe-toggle-title\">\n\t\t\t\t<h4>\n\t\t\t\t\t<i class=\"fa fa-minus-circle\"><\/i> Molekul\u00e1ris Orvostudom\u00e1nyi Tagozat Tan\u00e1csa\t\t\t\t<\/h4>\n\t\t\t<\/div>\n\t\t\t<div class=\"qe-toggle-content\">\n\t\t\t\t<h4><strong>Tan\u00e1cs\u00fcl\u00e9sek:<\/strong><\/h4>\n<ul>\n<li><a href=\"https:\/\/semmelweis.hu\/phd\/files\/2023\/10\/Tagozat-alakulo-ules-MolOrv-jegyzokonyv.pdf\">2023. szeptember 29. &#8211; jegyz\u0151k\u00f6nyv a tagozati tan\u00e1cs alakul\u00f3 \u00fcl\u00e9s\u00e9r\u0151l<\/a><\/li>\n<\/ul>\n<h4><strong>\u00c9ves besz\u00e1mol\u00f3k:<\/strong><\/h4>\n<ul>\n<li><a href=\"https:\/\/semmelweis.hu\/phd\/files\/2024\/05\/2025.-evi-beszamolo-Molekularis-Orvostudomanyi-Tagozat.xlsx\">2025<\/a><\/li>\n<\/ul>\n\t\t\t<\/div>\n\t\t<\/div>\n\t\t\t\t<div id=\"qaef-18040\" class=\"qe-faq-toggle jegyzokonyvbesz\">\n\t\t\t<div class=\"qe-toggle-title\">\n\t\t\t\t<h4>\n\t\t\t\t\t<i class=\"fa fa-minus-circle\"><\/i> Patol\u00f3gia \u00e9s Onkol\u00f3gia Tagozat Tan\u00e1csa\t\t\t\t<\/h4>\n\t\t\t<\/div>\n\t\t\t<div class=\"qe-toggle-content\">\n\t\t\t\t<h4><strong>Tan\u00e1cs\u00fcl\u00e9sek<\/strong>:<\/h4>\n<ul>\n<li><a href=\"https:\/\/semmelweis.hu\/phd\/files\/2024\/05\/2024-november-POT-tanacsules.pdf\">2024. november 7-i tagozati alakul\u00f3 tan\u00e1cs\u00fcl\u00e9s jegyz\u0151k\u00f6nyve\u00a0<\/a><\/li>\n<li><a href=\"https:\/\/semmelweis.hu\/phd\/files\/2023\/10\/Patologia-es-Onkologia-Tagozat-Tanacsules-jegyzokonyv-2023.-szeptember.pdf\">2023. szeptember 27-i tagozati alakul\u00f3 tan\u00e1cs\u00fcl\u00e9s jegyz\u0151k\u00f6nyve\u00a0<\/a><\/li>\n<\/ul>\n<h4><strong>\u00c9ves besz\u00e1mol\u00f3k:<\/strong><\/h4>\n<ul>\n<li><a href=\"https:\/\/semmelweis.hu\/phd\/files\/2024\/05\/2025.-evi-beszamolo-Patologia-es-Onkologia-Tagozat.xlsx\">2025<\/a><\/li>\n<\/ul>\n\t\t\t<\/div>\n\t\t<\/div>\n\t\t            <\/div>\n\t\t\n","protected":false},"excerpt":{"rendered":"<p>Tan\u00e1cs\u00fcl\u00e9sek:<\/p>\n<p><a href=\"https:\/\/semmelweis.hu\/phd\/files\/2024\/05\/2024-november-POT-tanacsules.pdf\">2024. november 7-i tagozati alakul\u00f3 tan\u00e1cs\u00fcl\u00e9s jegyz\u0151k\u00f6nyve\u00a0<\/a><br \/>\n<a href=\"https:\/\/semmelweis.hu\/phd\/files\/2023\/10\/Patologia-es-Onkologia-Tagozat-Tanacsules-jegyzokonyv-2023.-szeptember.pdf\">2023. szeptember 27-i tagozati alakul\u00f3 tan\u00e1cs\u00fcl\u00e9s jegyz\u0151k\u00f6nyve\u00a0<\/a><\/p>\n<p>\u00c9ves besz\u00e1mol\u00f3k:<\/p>\n<p><a href=\"https:\/\/semmelweis.hu\/phd\/files\/2024\/05\/2025.-evi-beszamolo-Patologia-es-Onkologia-Tagozat.xlsx\">2025<\/a><\/p>\n","protected":false},"author":12,"featured_media":0,"parent":8023,"menu_order":22,"comment_status":"closed","ping_status":"closed","template":"template-fullwidth.php","meta":{"_acf_changed":false,"footnotes":""},"categories":[],"tags":[],"class_list":["post-18800","page","type-page","status-publish","hentry"],"acf":[],"_links":{"self":[{"href":"https:\/\/semmelweis.hu\/phd\/wp-json\/wp\/v2\/pages\/18800","targetHints":{"allow":["GET"]}}],"collection":[{"href":"https:\/\/semmelweis.hu\/phd\/wp-json\/wp\/v2\/pages"}],"about":[{"href":"https:\/\/semmelweis.hu\/phd\/wp-json\/wp\/v2\/types\/page"}],"author":[{"embeddable":true,"href":"https:\/\/semmelweis.hu\/phd\/wp-json\/wp\/v2\/users\/12"}],"replies":[{"embeddable":true,"href":"https:\/\/semmelweis.hu\/phd\/wp-json\/wp\/v2\/comments?post=18800"}],"version-history":[{"count":2,"href":"https:\/\/semmelweis.hu\/phd\/wp-json\/wp\/v2\/pages\/18800\/revisions"}],"predecessor-version":[{"id":18813,"href":"https:\/\/semmelweis.hu\/phd\/wp-json\/wp\/v2\/pages\/18800\/revisions\/18813"}],"up":[{"embeddable":true,"href":"https:\/\/semmelweis.hu\/phd\/wp-json\/wp\/v2\/pages\/8023"}],"wp:attachment":[{"href":"https:\/\/semmelweis.hu\/phd\/wp-json\/wp\/v2\/media?parent=18800"}],"wp:term":[{"taxonomy":"category","embeddable":true,"href":"https:\/\/semmelweis.hu\/phd\/wp-json\/wp\/v2\/categories?post=18800"},{"taxonomy":"post_tag","embeddable":true,"href":"https:\/\/semmelweis.hu\/phd\/wp-json\/wp\/v2\/tags?post=18800"}],"curies":[{"name":"wp","href":"https:\/\/api.w.org\/{rel}","templated":true}]}}