{"id":464,"date":"2014-02-10T17:32:14","date_gmt":"2014-02-10T17:32:14","guid":{"rendered":"http:\/\/semmelweis.hu\/pharmacology\/?page_id=464"},"modified":"2024-05-31T16:37:09","modified_gmt":"2024-05-31T14:37:09","slug":"phd-kutatasi-temak","status":"publish","type":"page","link":"https:\/\/semmelweis.hu\/pharmacology\/phd-kepzes\/phd-kutatasi-temak\/","title":{"rendered":"PhD kutat\u00e1si t\u00e9m\u00e1k"},"content":{"rendered":"<p>A Semmelweis Egyetem Doktori Iskol\u00e1inak teljes PhD t\u00e9ma list\u00e1ja megtal\u00e1lhat\u00f3 az al\u00e1bbi <a href=\"https:\/\/semmelweis.hu\/phd\/doktori-iskolak\/doktori-iskolak-temai\" target=\"_blank\" rel=\"noopener\"><strong>oldalon<\/strong>.<\/a><\/p>\n<h2>A Farmakol\u00f3giai \u00e9s Farmakoter\u00e1pi\u00e1s Int\u00e9zet\u00e9nek PhD t\u00e9m\u00e1i:<\/h2>\n<table style=\"width: 99.9419%\">\n<tbody>\n<tr>\n<td style=\"width: 111.254%\" colspan=\"3\"><strong>01. Sz\u00edv-\u00e9s \u00e9s \u00c9rgy\u00f3gy\u00e1szati, Elm\u00e9leti \u00e9s Transzl\u00e1ci\u00f3s Orvostudom\u00e1nyi Doktori Tagozat: <a href=\"https:\/\/semmelweis.hu\/telefonkonyv\/?emp_id=13936\">Prof. Kellermayer Mikl\u00f3s<\/a><\/strong><\/td>\n<\/tr>\n<tr>\n<td style=\"width: 13.3279%\">Program\/Alprogram<\/td>\n<td style=\"width: 75.1212%\">T\u00e9ma<\/td>\n<td style=\"width: 22.8044%\">T\u00e9mavezet\u0151<\/td>\n<\/tr>\n<tr>\n<td style=\"width: 13.3279%\">Program 1\/1<\/td>\n<td style=\"width: 75.1212%\"><em><strong>Sz\u00edv \u00e9s \u00e9rrendszeri betegs\u00e9gek \u00e9lettana \u00e9s klinikuma<\/strong><\/em><\/td>\n<td style=\"width: 22.8044%\">\u00a0<\/td>\n<\/tr>\n<tr>\n<td style=\"width: 13.3279%\">\u00a0<\/td>\n<td style=\"width: 75.1212%\">A sz\u00edvizom iszk\u00e9mi\u00e1s adapt\u00e1ci\u00f3j\u00e1nak vizsg\u00e1lata komorbidit\u00e1si t\u00e9nyez\u0151k jelenl\u00e9t\u00e9ben in vitro sejtkult\u00fara modelleken<\/td>\n<td style=\"width: 22.8044%\"><a href=\"https:\/\/semmelweis.hu\/telefonkonyv\/?emp_id=11539\">Dr. G\u00f6rbe Anik\u00f3\u00a0<\/a><\/td>\n<\/tr>\n<\/tbody>\n<\/table>\n<table style=\"width: 99.9059%;height: 977px\">\n<tbody>\n<tr style=\"height: 33px\">\n<td style=\"width: 99.9058%;height: 33px\" colspan=\"3\"><strong>03. Gy\u00f3gyszertudom\u00e1nyok \u00e9s Eg\u00e9szs\u00e9g\u00fcgyi Technol\u00f3gi\u00e1k Tagozat: <a href=\"https:\/\/semmelweis.hu\/telefonkonyv\/?emp_id=1229\">Prof. Zelk\u00f3 Rom\u00e1na<\/a><\/strong><\/td>\n<\/tr>\n<tr style=\"height: 33px\">\n<td style=\"width: 13.8418%;height: 33px\">Program\/Alprogram<\/td>\n<td style=\"width: 68.0791%;height: 33px\">T\u00e9ma<\/td>\n<td style=\"width: 17.9849%;height: 33px\">T\u00e9mavezet\u0151<\/td>\n<\/tr>\n<tr style=\"height: 33px\">\n<td style=\"width: 13.8418%;height: 33px\">Program 3\/1<\/td>\n<td style=\"width: 68.0791%;height: 33px\"><em><strong>A gy\u00f3gyszer\u00e9szeti tudom\u00e1nyok korszer\u0171 kutat\u00e1si ir\u00e1nyai<\/strong><\/em><\/td>\n<td style=\"width: 17.9849%;height: 33px\">\u00a0<\/td>\n<\/tr>\n<tr style=\"height: 63px\">\n<td style=\"width: 13.8418%;height: 63px\">\u00a0<\/td>\n<td style=\"width: 68.0791%;height: 63px\">Bioinformatikai \u00e9s h\u00e1l\u00f3zatelm\u00e9leti m\u00f3dszerek alkalmaz\u00e1sa illetve fejleszt\u00e9se a kardiovaszkul\u00e1ris megbeteged\u00e9sek kutat\u00e1s\u00e1ban \u00e9s a farmakovigilanci\u00e1ban<\/td>\n<td style=\"width: 17.9849%;height: 63px\"><a href=\"https:\/\/semmelweis.hu\/telefonkonyv\/?emp_id=11977\">Dr. \u00c1gg Bence<\/a><\/td>\n<\/tr>\n<tr style=\"height: 33px\">\n<td style=\"width: 13.8418%;height: 33px\">\u00a0<\/td>\n<td style=\"width: 68.0791%;height: 33px\">\u00daj kardioprotekt\u00edv elj\u00e1r\u00e1sok vizsg\u00e1lata kis- \u00e9s nagy\u00e1llatmodellekben<\/td>\n<td style=\"width: 17.9849%;height: 33px\"><a href=\"https:\/\/semmelweis.hu\/telefonkonyv\/?emp_id=7906\">Dr. Ferdinandy P\u00e9ter<\/a><\/td>\n<\/tr>\n<tr style=\"height: 33px\">\n<td style=\"width: 13.8418%;height: 33px\">Program 3\/2<\/td>\n<td style=\"width: 68.0791%;height: 33px\"><em><strong>Experiment\u00e1lis \u00e9s klinikai farmakol\u00f3gia<\/strong><\/em><\/td>\n<td style=\"width: 17.9849%;height: 33px\">\u00a0<\/td>\n<\/tr>\n<tr style=\"height: 63px\">\n<td style=\"width: 13.8418%;height: 63px\">\u00a0<\/td>\n<td style=\"width: 68.0791%;height: 63px\">Egy nem megoldott probl\u00e9ma (an unmet medical need): a perif\u00e9ri\u00e1s (gyullad\u00e1sos ill. neurop\u00e1thi\u00e1s) f\u00e1jdalomcsillap\u00edt\u00e1s \u00faj \u00fatjai<\/td>\n<td style=\"width: 17.9849%;height: 63px\"><a href=\"https:\/\/semmelweis.hu\/telefonkonyv\/?emp_id=1933\">Dr. Al-Khrasani Mahmoud<\/a><\/td>\n<\/tr>\n<tr style=\"height: 33px\">\n<td style=\"width: 13.8418%;height: 33px\">\u00a0<\/td>\n<td style=\"width: 68.0791%;height: 33px\">Centr\u00e1lis \u00e9s perif\u00e9ri\u00e1s mechanizmusok mint potenci\u00e1lis gy\u00f3gyszertargetek<\/td>\n<td style=\"width: 17.9849%;height: 33px\"><a href=\"https:\/\/semmelweis.hu\/telefonkonyv\/?emp_id=1934\">Dr. F\u00fcrst Zsuzsanna<\/a><\/td>\n<\/tr>\n<tr style=\"height: 33px\">\n<td style=\"width: 13.8418%;height: 33px\">\u00a0<\/td>\n<td style=\"width: 68.0791%;height: 33px\">Az extracellul\u00e1ris vezikul\u00e1k szerepe a kardioprotekt\u00edv ter\u00e1pi\u00e1kban<\/td>\n<td style=\"width: 17.9849%;height: 33px\"><a href=\"https:\/\/semmelweis.hu\/telefonkonyv\/?emp_id=10510\">Dr. Giricz Zolt\u00e1n<\/a><\/td>\n<\/tr>\n<tr style=\"height: 63px\">\n<td style=\"width: 13.8418%;height: 63px\">\u00a0<\/td>\n<td style=\"width: 68.0791%;height: 63px\">Lok\u00e1lis medi\u00e1torok szerepe \u00e9rreakci\u00f3kban, a ny\u00e1lkah\u00e1rtya funkcion\u00e1lis integrit\u00e1s\u00e1ban \u00e9s a mell\u00e9kvese-funkci\u00f3kban<\/td>\n<td style=\"width: 17.9849%;height: 63px\"><a href=\"https:\/\/semmelweis.hu\/telefonkonyv\/?emp_id=1936\">Dr. Gyires Kl\u00e1ra<\/a><\/td>\n<\/tr>\n<tr style=\"height: 63px\">\n<td style=\"width: 13.8418%;height: 63px\">\u00a0<\/td>\n<td style=\"width: 68.0791%;height: 63px\">A f\u00e1jdalom\u00e9rz\u00e9kel\u00e9s spin\u00e1lis \u00e9s szupraspin\u00e1lis opioderg szab\u00e1lyoz\u00e1s\u00e1nak mechanizmusai<\/td>\n<td style=\"width: 17.9849%;height: 63px\"><a href=\"https:\/\/semmelweis.hu\/telefonkonyv\/?emp_id=1941\">Dr. Riba P\u00e1l<\/a><\/td>\n<\/tr>\n<tr style=\"height: 113px\">\n<td style=\"width: 13.8418%;height: 113px\">\u00a0<\/td>\n<td style=\"width: 68.0791%;height: 113px\">Immunol\u00f3giai \u00e9s gyullad\u00e1sos mechanizmusok mint ter\u00e1pi\u00e1s t\u00e1mad\u00e1spontok azonos\u00edt\u00e1sa kardiovaszkul\u00e1ris \u00e9s metabolikus betegs\u00e9gekben<\/td>\n<td style=\"width: 17.9849%;height: 113px\">\n<p><a href=\"https:\/\/semmelweis.hu\/telefonkonyv\/?emp_id=10509\">Dr. Varga Zolt\u00e1n<\/a><br \/>\n<a href=\"https:\/\/semmelweis.hu\/telefonkonyv\/?emp_id=12953\">Dr. Guly\u00e1s-On\u00f3di Zs\u00f3fia<\/a><\/p>\n<\/td>\n<\/tr>\n<tr style=\"height: 63px\">\n<td style=\"width: 13.8418%;height: 63px\">\u00a0<\/td>\n<td style=\"width: 68.0791%;height: 63px\">A gasztrointsztin\u00e1lis rendszer m\u0171k\u00f6d\u00e9s\u00e9t befoly\u00e1sol\u00f3 vegy\u00fcletek hat\u00e1sainak \u00e9s receptorainak anal\u00edzise<\/td>\n<td style=\"width: 17.9849%;height: 63px\"><a href=\"https:\/\/semmelweis.hu\/telefonkonyv\/?emp_id=2004\">Dr. Z\u00e1dori Zolt\u00e1n<\/a><\/td>\n<\/tr>\n<tr style=\"height: 63px\">\n<td style=\"width: 13.8418%;height: 63px\">\u00a0<\/td>\n<td style=\"width: 68.0791%;height: 63px\">TAAR receptorok kognit\u00edv funkci\u00f3kban val\u00f3 szerep\u00e9nek vizsg\u00e1lata<\/td>\n<td style=\"width: 17.9849%;height: 63px\"><a href=\"https:\/\/semmelweis.hu\/telefonkonyv\/?emp_id=10514\">Dr. Ernyey Al\u00edz Judit<\/a><\/td>\n<\/tr>\n<tr style=\"height: 63px\">\n<td style=\"width: 13.8418%;height: 63px\">\u00a0<\/td>\n<td style=\"width: 68.0791%;height: 63px\">Enhancer anyagok k\u00f6zpontiidegrendszeri hat\u00e1smechanizmus\u00e1nak vizsg\u00e1lata TAAR receptorokon<\/td>\n<td style=\"width: 17.9849%;height: 63px\"><a href=\"https:\/\/semmelweis.hu\/telefonkonyv\/?emp_id=1944\">Dr. Miklya Ildik\u00f3<\/a><\/td>\n<\/tr>\n<tr style=\"height: 33px\">\n<td style=\"width: 13.8418%;height: 33px\">\u00a0<\/td>\n<td style=\"width: 68.0791%;height: 33px\">Angiotenzin-opioid interakci\u00f3k vizsg\u00e1lata opioid analg\u00e9zia ir\u00e1ny\u00e1ban<\/td>\n<td style=\"width: 17.9849%;height: 33px\"><a href=\"https:\/\/semmelweis.hu\/telefonkonyv\/?emp_id=1950\">Dr. Kir\u00e1ly Korn\u00e9l<\/a><\/td>\n<\/tr>\n<tr style=\"height: 33px\">\n<td style=\"width: 13.8418%;height: 33px\">Program 3\/3<\/td>\n<td style=\"width: 68.0791%;height: 33px\"><strong><em>Transzl\u00e1ci\u00f3s \u00e9s klinikai farmakol\u00f3giai<\/em><\/strong><\/td>\n<td style=\"width: 17.9849%;height: 33px\">\u00a0<\/td>\n<\/tr>\n<tr style=\"height: 33px\">\n<td style=\"width: 13.8418%;height: 33px\">\u00a0<\/td>\n<td style=\"width: 68.0791%;height: 33px\">Sejtorganellumok k\u00f6zti kommunik\u00e1ci\u00f3 \u00e9s ennek szerepe sz\u00edv- \u00e9rrendszeri \u00e9s metabolikus betegs\u00e9gekben<\/td>\n<td style=\"width: 17.9849%;height: 33px\"><a href=\"https:\/\/semmelweis.hu\/telefonkonyv\/?emp_id=20088\">Dr. M\u00f3rotz G\u00e1bor<\/a><\/td>\n<\/tr>\n<tr style=\"height: 93px\">\n<td style=\"width: 99.9058%;height: 93px\" colspan=\"3\">\nA Transzl\u00e1ci\u00f3s \u00e9s klinikai farmakol\u00f3giai program t\u00e9m\u00e1i a Transzl\u00e1ci\u00f3s Medicina K\u00f6zpont szervez\u00e9s\u00e9ben val\u00f3sulnak meg.<\/p>\n<\/td>\n<\/tr>\n<\/tbody>\n<\/table>\n<p>&nbsp;<\/p>\n<table>\n<tbody>\n<tr>\n<td colspan=\"3\"><strong>06. Szent\u00e1gothai J\u00e1nos Idegtudom\u00e1nyi Tagozat, vezet\u0151: <a href=\"https:\/\/semmelweis.hu\/telefonkonyv\/?emp_id=5782\">Prof. Bereczki D\u00e1niel<\/a><\/strong><\/td>\n<\/tr>\n<tr>\n<td>Program\/Alprogram<\/td>\n<td>T\u00e9ma<\/td>\n<td>T\u00e9mavezet\u0151<\/td>\n<\/tr>\n<tr>\n<td>Program 6\/3<\/td>\n<td><em><strong>Funkcion\u00e1lis idegtudom\u00e1nyok<\/strong><\/em><\/td>\n<td>&nbsp;<\/td>\n<\/tr>\n<tr>\n<td>&nbsp;<\/td>\n<td>Pszichi\u00e1triai \u00e9s neurol\u00f3giai k\u00f3rk\u00e9pek kognit\u00edv zavarainak modellez\u00e9se r\u00e1gcs\u00e1l\u00f3kban<\/td>\n<td><a href=\"https:\/\/semmelweis.hu\/telefonkonyv\/?emp_id=10511\">Dr. Gyerty\u00e1n Istv\u00e1n<\/a><\/td>\n<\/tr>\n<\/tbody>\n<\/table>\n<p>&nbsp;<\/p>\n<table>\n<tbody>\n<tr>\n<td colspan=\"3\"><strong>07. Molekul\u00e1ris Orvostudom\u00e1nyi Tagozat, vezet\u0151: <a href=\"https:\/\/semmelweis.hu\/telefonkonyv\/?emp_id=687\">Prof. Enyedi P\u00e9ter<\/a><\/strong><\/td>\n<\/tr>\n<tr>\n<td>Program\/Alprogram<\/td>\n<td>T\u00e9ma<\/td>\n<td>T\u00e9mavezet\u0151<\/td>\n<\/tr>\n<tr>\n<td>Program 7\/2<\/td>\n<td><em><strong>Pathobiok\u00e9mia<\/strong><\/em>\u00a0<\/td>\n<td>&nbsp;<\/td>\n<\/tr>\n<tr>\n<td>&nbsp;<\/td>\n<td>A sejthal\u00e1l szab\u00e1lyoz\u00e1s\u00e1ra hat\u00f3 jel\u00e1tviteli ter\u00e1pi\u00e1k molekul\u00e1ris farmakol\u00f3gi\u00e1ja \u00e9s k\u00eds\u00e9r\u0151 molekul\u00e1ris farmakodiagnosztik\u00e1ja<\/td>\n<td>Dr. Pet\u00e1k Istv\u00e1n<\/td>\n<\/tr>\n<\/tbody>\n<\/table>\n","protected":false},"excerpt":{"rendered":"<p>A Semmelweis Egyetem Doktori Iskol\u00e1inak teljes PhD t\u00e9ma list\u00e1ja megtal\u00e1lhat\u00f3 az al\u00e1bbi <a href=\"https:\/\/semmelweis.hu\/phd\/doktori-iskolak\/doktori-iskolak-temai\" target=\"_blank\" rel=\"noopener\">oldalon.<\/a> A Farmakol\u00f3giai \u00e9s Farmakoter\u00e1pi\u00e1s Int\u00e9zet\u00e9nek PhD t\u00e9m\u00e1i: 01. Sz\u00edv-\u00e9s \u00e9s \u00c9rgy\u00f3gy\u00e1szati, Elm\u00e9leti \u00e9s Transzl\u00e1ci\u00f3s Orvostudom\u00e1nyi Doktori Tagozat: <a href=\"https:\/\/semmelweis.hu\/telefonkonyv\/?emp_id=13936\">Prof. Kellermayer Mikl\u00f3s<\/a> Program\/Alprogram T\u00e9ma T\u00e9mavezet\u0151 Program 1\/1 Sz\u00edv \u00e9s \u00e9rrendszeri betegs\u00e9gek \u00e9lettana \u00e9s klinikuma \u00a0 \u00a0 A sz\u00edvizom iszk\u00e9mi\u00e1s adapt\u00e1ci\u00f3j\u00e1nak vizsg\u00e1lata komorbidit\u00e1si t\u00e9nyez\u0151k jelenl\u00e9t\u00e9ben in vitro sejtkult\u00fara modelleken &hellip;<\/p>\n","protected":false},"author":110,"featured_media":0,"parent":81,"menu_order":1,"comment_status":"closed","ping_status":"closed","template":"","meta":{"_acf_changed":false,"footnotes":""},"categories":[],"tags":[],"class_list":["post-464","page","type-page","status-publish","hentry"],"acf":[],"_links":{"self":[{"href":"https:\/\/semmelweis.hu\/pharmacology\/wp-json\/wp\/v2\/pages\/464","targetHints":{"allow":["GET"]}}],"collection":[{"href":"https:\/\/semmelweis.hu\/pharmacology\/wp-json\/wp\/v2\/pages"}],"about":[{"href":"https:\/\/semmelweis.hu\/pharmacology\/wp-json\/wp\/v2\/types\/page"}],"author":[{"embeddable":true,"href":"https:\/\/semmelweis.hu\/pharmacology\/wp-json\/wp\/v2\/users\/110"}],"replies":[{"embeddable":true,"href":"https:\/\/semmelweis.hu\/pharmacology\/wp-json\/wp\/v2\/comments?post=464"}],"version-history":[{"count":13,"href":"https:\/\/semmelweis.hu\/pharmacology\/wp-json\/wp\/v2\/pages\/464\/revisions"}],"predecessor-version":[{"id":13620,"href":"https:\/\/semmelweis.hu\/pharmacology\/wp-json\/wp\/v2\/pages\/464\/revisions\/13620"}],"up":[{"embeddable":true,"href":"https:\/\/semmelweis.hu\/pharmacology\/wp-json\/wp\/v2\/pages\/81"}],"wp:attachment":[{"href":"https:\/\/semmelweis.hu\/pharmacology\/wp-json\/wp\/v2\/media?parent=464"}],"wp:term":[{"taxonomy":"category","embeddable":true,"href":"https:\/\/semmelweis.hu\/pharmacology\/wp-json\/wp\/v2\/categories?post=464"},{"taxonomy":"post_tag","embeddable":true,"href":"https:\/\/semmelweis.hu\/pharmacology\/wp-json\/wp\/v2\/tags?post=464"}],"curies":[{"name":"wp","href":"https:\/\/api.w.org\/{rel}","templated":true}]}}