{"id":8,"date":"2023-02-14T08:50:00","date_gmt":"2023-02-14T07:50:00","guid":{"rendered":"https:\/\/semmelweis.hu\/peto-szolgaltatas\/?page_id=8"},"modified":"2025-04-10T15:58:34","modified_gmt":"2025-04-10T13:58:34","slug":"peto-modszer","status":"publish","type":"page","link":"https:\/\/semmelweis.hu\/peto-development\/hu\/rolunk\/peto-modszer\/","title":{"rendered":"A Pet\u0151 m\u00f3dszer"},"content":{"rendered":"<h1>A kondukt\u00edv pedag\u00f3gia<\/h1>\n<p>A <a href=\"https:\/\/semmelweis.hu\/pak\/konduktiv-fejlesztes\/\">kondukt\u00edv pedag\u00f3gia<\/a> Pet\u0151 Andr\u00e1s magyar professzor munk\u00e1ss\u00e1g\u00e1ra \u00e9p\u00fcl\u0151 nevel\u00e9si rendszer, amelyet kifejezetten neurol\u00f3giai eredet\u0171 motoros rendelleness\u00e9gekkel k\u00fczd\u0151 <a href=\"https:\/\/semmelweis.hu\/peto-development\/szolgaltatasok\/gyermekeknek\/\">gyermekek<\/a> \u00e9s <a href=\"https:\/\/semmelweis.hu\/peto-development\/szolgaltatasok\/felnotteknek\/\">feln\u0151ttek<\/a> sz\u00e1m\u00e1ra fejlesztettek ki, mint p\u00e9ld\u00e1ul <a href=\"https:\/\/semmelweis.hu\/peto-development\/hu\/szolgaltatasok\/felnotteknek\/kozponti-idegrendszeri-serules\/\">cerebral paresis<\/a>, spina bifida, <a href=\"https:\/\/semmelweis.hu\/peto-development\/szolgaltatasok\/felnotteknek\/sclerosis-multiplex-sm\/\">sclerosis multiplex<\/a>, <a href=\"https:\/\/semmelweis.hu\/peto-development\/szolgaltatasok\/felnotteknek\/parkinson\/\">Parkinson-k\u00f3r<\/a> \u00e9s <a href=\"https:\/\/semmelweis.hu\/peto-development\/hu\/szolgaltatasok\/felnotteknek\/stroke-hu\/\">szerzett agys\u00e9r\u00fcl\u00e9s<\/a> (pl. stroke, koponyas\u00e9r\u00fcl\u00e9s). Egy \u00e1tfog\u00f3 habilit\u00e1ci\u00f3s\/rehabilit\u00e1ci\u00f3s m\u00f3dszer, amely az akt\u00edv tanul\u00e1st \u00e9s a neuroplaszticit\u00e1s tudom\u00e1ny\u00e1t felhaszn\u00e1lva cs\u00f6kkenti a k\u00fcl\u00f6nf\u00e9le k\u00f6zponti idegrendszeri eredet\u0171 k\u00e1rosod\u00e1sok fizikai hat\u00e1sait.<\/p>\n<p>A kondukt\u00edv nevel\u00e9s \u00f6tv\u00f6zi a fizikai tev\u00e9kenys\u00e9geket a kognit\u00edv feladatokkal, a kommunik\u00e1ci\u00f3ra is kiemelt hangs\u00falyt fektetve. \u00c1ltal\u00e1ban csoportos keretek k\u00f6z\u00f6tt zajlik az akt\u00edv r\u00e9szv\u00e9tel \u00e9s a t\u00e1rsas interakci\u00f3 optimaliz\u00e1l\u00e1sa \u00e9rdek\u00e9ben.<\/p>\n<p>A szem\u00e9ly eg\u00e9sz\u00e9nek fejl\u0151d\u00e9s\u00e9re \u00f6sszpontos\u00edt \u00e9s <strong>komplex<\/strong> programot alkalmaz, hogy fejlessze:\u00a0<\/p>\n<ul>\n<li>a nagymozg\u00e1sokat (egyens\u00faly, t\u00e9riorient\u00e1ci\u00f3, mozg\u00e1skoordin\u00e1ci\u00f3&#8230;),<\/li>\n<li>finommotorik\u00e1t (grafomotoros k\u00e9szs\u00e9g, szem-k\u00e9z koordin\u00e1ci\u00f3&#8230;),<\/li>\n<li>kommunik\u00e1ci\u00f3t,<\/li>\n<li>kognit\u00edv k\u00e9pess\u00e9geket,<\/li>\n<li>szoci\u00e1lis k\u00e9pess\u00e9geket,<\/li>\n<li>az \u00f6nkiszolg\u00e1l\u00e1st mindennapi tev\u00e9kenys\u00e9gekbe \u00e1gyazva.<\/li>\n<\/ul>\n<p>Az egy\u00e9n fizikai, intellektu\u00e1lis \u00e9s \u00e9rzelmi sz\u00fcks\u00e9gleteit c\u00e9lz\u00f3 <strong>holisztikus<\/strong> megk\u00f6zel\u00edt\u00e9s a kondukt\u00edv nevel\u00e9si m\u00f3dszer kulcsfontoss\u00e1g\u00fa jellemz\u0151je, amely k\u00fcl\u00f6n\u00f6sen vonz\u00f3v\u00e1 teszi azon csal\u00e1dok sz\u00e1m\u00e1ra, akik gyermekeiket a k\u00e9s\u0151bbi \u00e9letre k\u00edv\u00e1nj\u00e1k felk\u00e9sz\u00edteni.<\/p>\n<h4><strong>Szolg\u00e1ltat\u00e1saink<\/strong><\/h4>\n<ul style=\"list-style-type: square\">\n<li><strong><a href=\"https:\/\/semmelweis.hu\/peto-development\/hu\/szolgaltatasok\/gyermekeknek\/\">Gyermekeknek sz\u00f3l\u00f3 programok<\/a><\/strong><\/li>\n<li><strong>Feln\u0151tteknek sz\u00f3l\u00f3 programok:<\/strong>\n<ul>\n<li><a href=\"https:\/\/semmelweis.hu\/peto-development\/hu\/szolgaltatasok\/felnotteknek\/kozponti-idegrendszeri-serules\/\">K\u00f6zponti idegrendszeri s\u00e9r\u00fcl\u00e9s (CP)\u00a0<\/a><\/li>\n<li><a href=\"https:\/\/semmelweis.hu\/peto-development\/hu\/szolgaltatasok\/felnotteknek\/stroke-hu\/\">Stroke (Hemipl\u00e9gia \u00e9s aphasia csoportok)\u00a0<\/a><\/li>\n<li><a href=\"https:\/\/semmelweis.hu\/peto-development\/hu\/szolgaltatasok\/felnotteknek\/sclerosis-multiplex\/\">Sclerosis Multiplex (SM)\u00a0<\/a><\/li>\n<li><a href=\"https:\/\/semmelweis.hu\/peto-development\/hu\/szolgaltatasok\/felnotteknek\/parkinson\/\">Parkinson\u00a0<\/a><\/li>\n<\/ul>\n<\/li>\n<li><strong><a href=\"https:\/\/semmelweis.hu\/peto-development\/hu\/szolgaltatasok\/egyeni-fejlesztes\/\">Egy\u00e9ni fejleszt\u00e9s\u00a0<\/a><\/strong><\/li>\n<li><strong><a href=\"https:\/\/semmelweis.hu\/peto-development\/hu\/szolgaltatasok\/eletvitel-program\/\">\u00c9letvitel program\u00a0<\/a><\/strong><\/li>\n<\/ul>\n<p>&nbsp;<\/p>\n\r\n        [slb_exclude]\r\n        <div class=\"row galeria-wrapper mx-0 h-auto\">\r\n            <div class=\"col-9 pl-0 pr-2\">\r\n            <span class=\"gallery-item frame\">\r\n\t\t\t\t<div class=\"galeria-left-img\"><a href=\"https:\/\/semmelweis.hu\/peto-development\/files\/2023\/05\/RS64865_KA-20170721-KA__9789-scr.jpg\"><img src=https:\/\/semmelweis.hu\/peto-development\/files\/2023\/05\/RS64865_KA-20170721-KA__9789-scr.jpg  \r\n                            alt=\"\" \r\n                            class=\"attachment-sote-gallery-big size-sote-gallery-big\" \r\n                            srcset=\"https:\/\/semmelweis.hu\/peto-development\/files\/2023\/05\/RS64865_KA-20170721-KA__9789-scr-400x267.jpg 400w, https:\/\/semmelweis.hu\/peto-development\/files\/2023\/05\/RS64865_KA-20170721-KA__9789-scr-768x512.jpg 768w, https:\/\/semmelweis.hu\/peto-development\/files\/2023\/05\/RS64865_KA-20170721-KA__9789-scr-753x502.jpg 753w, https:\/\/semmelweis.hu\/peto-development\/files\/2023\/05\/RS64865_KA-20170721-KA__9789-scr-203x135.jpg 203w, https:\/\/semmelweis.hu\/peto-development\/files\/2023\/05\/RS64865_KA-20170721-KA__9789-scr.jpg 950w\" ><\/a><\/div>\r\n            <\/span>\r\n\r\n            <\/div>\r\n\r\n\t\t\t<div class=\"col-3 pl-0 pr-0\">\r\n\t\t\t\t<div class=\"galeria-right-img d-flex justify-content-between flex-column h-100 w-100 px-0 mx-0 \">\r\n                <div class=\"galeria-box\">\r\n\t\t\t\t\t<h3 class=\"galeria-title\">Gallery<\/h3>\r\n\t\t\t\t\t<div class=\"galeria-subtitle\">\r\n\r\n\t\t\t\t\t\t<div class=\"galeria-page-counter\"><span>4<\/span>images<\/div>\r\n                    <\/div> <\/div>\r\n                    <span class=\"gallery-item frame d-none d-md-flex\">\r\n\t\t\t\t\t<div class=\"galeria-small-img mt-0\"><a href=\"https:\/\/semmelweis.hu\/peto-development\/files\/2023\/05\/RS147963_C19A2921-scr.jpg\"><img src=https:\/\/semmelweis.hu\/peto-development\/files\/2023\/05\/RS147963_C19A2921-scr.jpg \r\n                                alt=\"\"  \r\n                                class=\"attachment-sote-gallery-small size-sote-gallery-small\" \r\n                                srcset=\"https:\/\/semmelweis.hu\/peto-development\/files\/2023\/05\/RS147963_C19A2921-scr-400x267.jpg 400w, https:\/\/semmelweis.hu\/peto-development\/files\/2023\/05\/RS147963_C19A2921-scr-1024x683.jpg 1024w, https:\/\/semmelweis.hu\/peto-development\/files\/2023\/05\/RS147963_C19A2921-scr-768x512.jpg 768w, https:\/\/semmelweis.hu\/peto-development\/files\/2023\/05\/RS147963_C19A2921-scr-753x502.jpg 753w, https:\/\/semmelweis.hu\/peto-development\/files\/2023\/05\/RS147963_C19A2921-scr-203x135.jpg 203w, https:\/\/semmelweis.hu\/peto-development\/files\/2023\/05\/RS147963_C19A2921-scr.jpg 1200w\" ><\/a><\/div>\r\n                    <\/span>\r\n                    <span class=\"gallery-item frame d-none d-md-flex\">\r\n\t\t\t\t\t<div class=\"galeria-small-img mt-0\"><a href=\"https:\/\/semmelweis.hu\/peto-development\/files\/2023\/05\/RS64837_KA-20170721-KA__9690-scr.jpg\"><img src=https:\/\/semmelweis.hu\/peto-development\/files\/2023\/05\/RS64837_KA-20170721-KA__9690-scr.jpg \r\n                                alt=\"\" \r\n                                class=\"attachment-sote-gallery-small size-sote-gallery-small\" \r\n                                srcset=\"https:\/\/semmelweis.hu\/peto-development\/files\/2023\/05\/RS64837_KA-20170721-KA__9690-scr-400x267.jpg 400w, https:\/\/semmelweis.hu\/peto-development\/files\/2023\/05\/RS64837_KA-20170721-KA__9690-scr-768x512.jpg 768w, https:\/\/semmelweis.hu\/peto-development\/files\/2023\/05\/RS64837_KA-20170721-KA__9690-scr-753x502.jpg 753w, https:\/\/semmelweis.hu\/peto-development\/files\/2023\/05\/RS64837_KA-20170721-KA__9690-scr-203x135.jpg 203w, https:\/\/semmelweis.hu\/peto-development\/files\/2023\/05\/RS64837_KA-20170721-KA__9690-scr.jpg 950w\" ><\/a><\/div>\r\n                    <\/span>\r\n\r\n                <\/div>\r\n\r\n            <\/div>\r\n\r\n            <span class=\"gallery-item\"><div class=\"hidden\"><a href=\"https:\/\/semmelweis.hu\/peto-development\/files\/2023\/05\/RS147994_C19A3092-scr.jpg\">\r\n        <img src=https:\/\/semmelweis.hu\/peto-development\/files\/2023\/05\/RS147994_C19A3092-scr.jpg alt=\"\" class=\"attachment-sote-gallery-big size-sote-gallery-big\" srcset=\"https:\/\/semmelweis.hu\/peto-development\/files\/2023\/05\/RS147994_C19A3092-scr-400x253.jpg 400w, https:\/\/semmelweis.hu\/peto-development\/files\/2023\/05\/RS147994_C19A3092-scr-1024x649.jpg 1024w, https:\/\/semmelweis.hu\/peto-development\/files\/2023\/05\/RS147994_C19A3092-scr-768x486.jpg 768w, https:\/\/semmelweis.hu\/peto-development\/files\/2023\/05\/RS147994_C19A3092-scr-753x477.jpg 753w, https:\/\/semmelweis.hu\/peto-development\/files\/2023\/05\/RS147994_C19A3092-scr.jpg 1200w\" >\r\n        <\/a><\/div><\/span>\r\n            <\/div>\r\n\r\n            [\/slb_exclude]\r\n\t\n<p>&nbsp;<\/p>\n<p>&nbsp;<\/p>\n","protected":false},"excerpt":{"rendered":"<p>Kedves Sz\u00fcl\u0151k!<\/p>\n<p>Ny\u00e1ri t\u00e1bort hirdet a Semmelweis Egyetem Pet\u0151 Andr\u00e1s Kar\u00e1nak Nemzetk\u00f6zi csoportja!<br \/>\nKondukt\u00edv szeml\u00e9let\u0171 napk\u00f6zis ny\u00e1ri t\u00e1bor! \ud83e\uddf8\ud83e\udde9<br \/>\n\u23f0 A program minden h\u00e9tk\u00f6znap 9-13-ig tart<br \/>\n\ud83c\udf7d\ufe0f Az \u00e9tkez\u00e9shez sz\u00fcks\u00e9ges ennival\u00f3t a sz\u00fcl\u0151knek kell biztos\u00edtani gyermek\u00fck sz\u00e1m\u00e1ra<br \/>\n\ud83e\udd38\u200d\u2642\ufe0f Mozg\u00e1sfejleszt\u00e9s mindennap a programba be\u00e9p\u00edtve j\u00e1t\u00e9kosan<br \/>\n\u2709\ufe0f Jelentkez\u00e9s \u00e9s b\u0151vebb inform\u00e1ci\u00f3: pak.ce@semmelweis.hu<\/p>\n<p>V\u00e1rjuk szeretettel a mozg\u00e1ss\u00e9r\u00fcl\u00e9ssel \u00e9l\u0151 \u00f3vod\u00e1skor\u00fa gyermekeket!<\/p>\n","protected":false},"author":12,"featured_media":0,"parent":196,"menu_order":1,"comment_status":"closed","ping_status":"closed","template":"","meta":{"_acf_changed":false,"footnotes":""},"categories":[],"tags":[],"class_list":["post-8","page","type-page","status-publish","hentry"],"acf":[],"_links":{"self":[{"href":"https:\/\/semmelweis.hu\/peto-development\/wp-json\/wp\/v2\/pages\/8","targetHints":{"allow":["GET"]}}],"collection":[{"href":"https:\/\/semmelweis.hu\/peto-development\/wp-json\/wp\/v2\/pages"}],"about":[{"href":"https:\/\/semmelweis.hu\/peto-development\/wp-json\/wp\/v2\/types\/page"}],"author":[{"embeddable":true,"href":"https:\/\/semmelweis.hu\/peto-development\/wp-json\/wp\/v2\/users\/12"}],"replies":[{"embeddable":true,"href":"https:\/\/semmelweis.hu\/peto-development\/wp-json\/wp\/v2\/comments?post=8"}],"version-history":[{"count":10,"href":"https:\/\/semmelweis.hu\/peto-development\/wp-json\/wp\/v2\/pages\/8\/revisions"}],"predecessor-version":[{"id":383,"href":"https:\/\/semmelweis.hu\/peto-development\/wp-json\/wp\/v2\/pages\/8\/revisions\/383"}],"up":[{"embeddable":true,"href":"https:\/\/semmelweis.hu\/peto-development\/wp-json\/wp\/v2\/pages\/196"}],"wp:attachment":[{"href":"https:\/\/semmelweis.hu\/peto-development\/wp-json\/wp\/v2\/media?parent=8"}],"wp:term":[{"taxonomy":"category","embeddable":true,"href":"https:\/\/semmelweis.hu\/peto-development\/wp-json\/wp\/v2\/categories?post=8"},{"taxonomy":"post_tag","embeddable":true,"href":"https:\/\/semmelweis.hu\/peto-development\/wp-json\/wp\/v2\/tags?post=8"}],"curies":[{"name":"wp","href":"https:\/\/api.w.org\/{rel}","templated":true}]}}