{"id":5,"date":"2023-02-06T10:59:38","date_gmt":"2023-02-06T09:59:38","guid":{"rendered":"https:\/\/semmelweis.hu\/pbi\/?page_id=5"},"modified":"2025-11-24T08:55:27","modified_gmt":"2025-11-24T07:55:27","slug":"intezetunkrol","status":"publish","type":"page","link":"https:\/\/semmelweis.hu\/pbi\/intezetunkrol\/","title":{"rendered":"INT\u00c9ZET\u00dcNK BEMUTAT\u00c1SA"},"content":{"rendered":"<h2 style=\"text-align: justify\" data-start=\"193\" data-end=\"227\">A Pankre\u00e1sz Betegs\u00e9gek Int\u00e9zete<\/h2>\n<p style=\"text-align: justify\" data-start=\"229\" data-end=\"609\"><strong>A Semmelweis Egyetem Pankre\u00e1sz Betegs\u00e9gek Int\u00e9zete (PBI) orsz\u00e1gosan egyed\u00fcl\u00e1ll\u00f3, magas szakmai sz\u00ednvonal\u00fa centrum, amely a hasny\u00e1lmirigy betegs\u00e9geinek diagnosztik\u00e1j\u00e1ra, kezel\u00e9s\u00e9re \u00e9s kutat\u00e1s\u00e1ra specializ\u00e1l\u00f3dott. C\u00e9lunk, hogy a legkorszer\u0171bb multidiszciplin\u00e1ris ell\u00e1t\u00e1st biztos\u00edtsuk, valamint a tudom\u00e1nyos eredm\u00e9nyeket gyorsan \u00e9s hat\u00e9konyan \u00fcltess\u00fck \u00e1t a betegell\u00e1t\u00e1s gyakorlat\u00e1ba.<\/strong><\/p>\n<hr data-start=\"611\" data-end=\"614\" \/>\n<h4 style=\"text-align: justify\"><strong>Betegell\u00e1t\u00e1s<\/strong><\/h4>\n<p style=\"text-align: justify\" data-start=\"633\" data-end=\"892\">Int\u00e9zet\u00fcnkben belgy\u00f3gy\u00e1szati, gasztroenterol\u00f3giai \u00e9s onkol\u00f3giai profil\u00fa fekv\u0151beteg-ell\u00e1t\u00e1s zajlik, kiemelt monitoroz\u00e1s\u00fa k\u00f3rtermekkel az instabil vagy roml\u00f3 \u00e1llapot\u00fa betegek sz\u00e1m\u00e1ra. Emellett gasztroenterol\u00f3giai \u00e9s onkol\u00f3giai j\u00e1r\u00f3beteg-szakrendel\u00e9sek m\u0171k\u00f6dnek.<\/p>\n<h4 style=\"text-align: justify\"><strong>ENDOSZK\u00d3POS ELL\u00c1T\u00c1S<\/strong><\/h4>\n<p style=\"text-align: justify\" data-start=\"918\" data-end=\"1000\">Endoszk\u00f3pos r\u00e9szleg\u00fcnk diagnosztikus \u00e9s ter\u00e1pi\u00e1s beavatkoz\u00e1sokat v\u00e9gez, kiemelten:<\/p>\n<ul style=\"text-align: justify\" data-start=\"1002\" data-end=\"1078\">\n<li data-start=\"1002\" data-end=\"1010\">\n<p data-start=\"1004\" data-end=\"1010\">ERCP<\/p>\n<\/li>\n<li data-start=\"1011\" data-end=\"1018\">\n<p data-start=\"1013\" data-end=\"1018\">EUS<\/p>\n<\/li>\n<li data-start=\"1019\" data-end=\"1045\">\n<p data-start=\"1021\" data-end=\"1045\">pancreas cysta dren\u00e1zs<\/p>\n<\/li>\n<li data-start=\"1046\" data-end=\"1078\">\n<p data-start=\"1048\" data-end=\"1078\">insulinoma alkoholos abl\u00e1ci\u00f3<\/p>\n<\/li>\n<\/ul>\n<p style=\"text-align: justify\" data-start=\"1080\" data-end=\"1157\">Ezek a speci\u00e1lis elj\u00e1r\u00e1sok orsz\u00e1gos viszonylatban is kev\u00e9s helyen \u00e9rhet\u0151k el.<\/p>\n<h3 style=\"text-align: justify\" data-start=\"1159\" data-end=\"1179\">HOTLINE RENDSZER<\/h3>\n<p style=\"text-align: justify\" data-start=\"1180\" data-end=\"1252\">A PBI-ben 0\u201324 \u00f3r\u00e1s Hotline rendszer biztos\u00edtja a gyors betegrefer\u00e1l\u00e1st.<\/p>\n<ul style=\"text-align: justify\" data-start=\"1254\" data-end=\"1587\">\n<li data-start=\"1254\" data-end=\"1422\">\n<p data-start=\"1256\" data-end=\"1422\"><strong data-start=\"1256\" data-end=\"1279\">Akut pankreatitisz:<\/strong> Budapestr\u0151l \u00e9s 100 km-es k\u00f6rzetb\u0151l \u00e9rkez\u0151 betegeket a diagnosztikus krit\u00e9riumok teljes\u00fcl\u00e9se eset\u00e9n azonnal fogadunk, kapacit\u00e1s f\u00fcggv\u00e9ny\u00e9ben.<\/p>\n<\/li>\n<li data-start=\"1423\" data-end=\"1587\">\n<p data-start=\"1425\" data-end=\"1587\"><strong data-start=\"1425\" data-end=\"1451\">Pankre\u00e1sz tumor gyan\u00fa:<\/strong> orsz\u00e1gos szinten biztos\u00edtunk r\u00f6vid hat\u00e1rid\u0151s szakrendel\u00e9st \u00e9s gyors kivizsg\u00e1l\u00e1st. Minden \u00faj eset MDT-megbesz\u00e9l\u00e9sen ker\u00fcl bemutat\u00e1sra.<\/p>\n<\/li>\n<\/ul>\n<p style=\"text-align: justify\" data-start=\"1589\" data-end=\"1704\">A seb\u00e9szeti beavatkoz\u00e1sok \u00e9s az onkol\u00f3giai kezel\u00e9sek t\u00e1rsszakm\u00e1inkkal egy\u00fcttm\u0171k\u00f6dve r\u00f6vid id\u0151n bel\u00fcl megval\u00f3sulnak.<\/p>\n<h3 style=\"text-align: justify\" data-start=\"1706\" data-end=\"1746\">SZEM\u00c9LYRE SZABOTT ONKOL\u00d3GIAI KEZEL\u00c9S<\/h3>\n<p style=\"text-align: justify\" data-start=\"1747\" data-end=\"1915\">2023 \u00f3ta heti rendszeress\u00e9ggel m\u0171k\u00f6dik a molekul\u00e1ris tumor board, amely a szem\u00e9lyre szabott ter\u00e1pia kialak\u00edt\u00e1s\u00e1t t\u00e1mogatja.<br data-start=\"1870\" data-end=\"1873\" \/><br \/>\nT\u00f6reksz\u00fcnk a <strong data-start=\"1886\" data-end=\"1912\">4\/7 ell\u00e1t\u00e1si alapelvre<\/strong>:<\/p>\n<ul style=\"text-align: justify\" data-start=\"1916\" data-end=\"1993\">\n<li data-start=\"1916\" data-end=\"1955\">\n<p data-start=\"1918\" data-end=\"1955\">4 napon bel\u00fcl sz\u00f6vettani diagn\u00f3zis,<\/p>\n<\/li>\n<li data-start=\"1956\" data-end=\"1993\">\n<p data-start=\"1958\" data-end=\"1993\">7 napon bel\u00fcl a kezel\u00e9s megkezd\u00e9se.<\/p>\n<\/li>\n<\/ul>\n<hr data-start=\"1995\" data-end=\"1998\" \/>\n<h2 style=\"text-align: justify\" data-start=\"2000\" data-end=\"2010\">OKTAT\u00c1S<\/h2>\n<p style=\"text-align: justify\" data-start=\"2012\" data-end=\"2159\">A Pankre\u00e1sz Betegs\u00e9gek Int\u00e9zete a Semmelweis Egyetem gradu\u00e1lis \u00e9s posztgradu\u00e1lis oktat\u00e1s\u00e1nak akt\u00edv szerepl\u0151je. Magyar \u00e9s angol nyelv\u0171 k\u00e9pz\u00e9seinkre:<\/p>\n<ul style=\"text-align: justify\" data-start=\"2161\" data-end=\"2252\">\n<li data-start=\"2161\" data-end=\"2183\">\n<p data-start=\"2163\" data-end=\"2183\">orvostanhallgat\u00f3k,<\/p>\n<\/li>\n<li data-start=\"2184\" data-end=\"2195\">\n<p data-start=\"2186\" data-end=\"2195\">\u00e1pol\u00f3k,<\/p>\n<\/li>\n<li data-start=\"2196\" data-end=\"2213\">\n<p data-start=\"2198\" data-end=\"2213\">dietetikusok,<\/p>\n<\/li>\n<li data-start=\"2214\" data-end=\"2233\">\n<p data-start=\"2216\" data-end=\"2233\">pszichol\u00f3gusok,<\/p>\n<\/li>\n<li data-start=\"2234\" data-end=\"2252\">\n<p data-start=\"2236\" data-end=\"2252\">gy\u00f3gytorn\u00e1szok<\/p>\n<\/li>\n<\/ul>\n<p style=\"text-align: justify\" data-start=\"2254\" data-end=\"2299\">gyakorlati oktat\u00e1sa egyar\u00e1nt lehet\u0151s\u00e9get kap.<\/p>\n<hr data-start=\"2301\" data-end=\"2304\" \/>\n<h2 style=\"text-align: justify\" data-start=\"2306\" data-end=\"2316\">Kutat\u00e1s<\/h2>\n<p style=\"text-align: justify\" data-start=\"2318\" data-end=\"2659\">Koll\u00e9g\u00e1ink kiemelt hangs\u00falyt fektetnek a tudom\u00e1nyos munk\u00e1ra. Folyamatosan r\u00e9szt vesz\u00fcnk hazai \u00e9s nemzetk\u00f6zi kutat\u00e1sokban, friss t\u00e9m\u00e1kat biztos\u00edtunk hallgat\u00f3k sz\u00e1m\u00e1ra, tov\u00e1bbk\u00e9pz\u00e9seket tartunk, \u00e9s rendszeresen publik\u00e1lunk vezet\u0151 szakmai foly\u00f3iratokban. Strat\u00e9giai c\u00e9lunk a tudom\u00e1nyos eredm\u00e9nyek miel\u0151bbi be\u00e9p\u00edt\u00e9se a mindennapi betegell\u00e1t\u00e1sba.<\/p>\n<p style=\"text-align: justify\"><a href=\"https:\/\/semmelweis.hu\/pbi\/files\/2023\/03\/pbi_logo.png\"><img loading=\"lazy\" decoding=\"async\" class=\"wp-image-48 aligncenter\" src=\"https:\/\/semmelweis.hu\/pbi\/files\/2023\/03\/pbi_logo.png\" alt=\"\" width=\"205\" height=\"205\" srcset=\"https:\/\/semmelweis.hu\/pbi\/files\/2023\/03\/pbi_logo.png 1000w, https:\/\/semmelweis.hu\/pbi\/files\/2023\/03\/pbi_logo-400x400.png 400w, https:\/\/semmelweis.hu\/pbi\/files\/2023\/03\/pbi_logo-150x150.png 150w, https:\/\/semmelweis.hu\/pbi\/files\/2023\/03\/pbi_logo-768x768.png 768w, https:\/\/semmelweis.hu\/pbi\/files\/2023\/03\/pbi_logo-753x753.png 753w\" sizes=\"auto, (max-width: 205px) 100vw, 205px\" \/><\/a><\/p>\n","protected":false},"excerpt":{"rendered":"<p>A hasny\u00e1lmirigy betegs\u00e9gek diagn\u00f3zisa, kezel\u00e9se \u00e9s k\u00f6vet\u00e9se az orvostudom\u00e1ny legnagyobb kih\u00edv\u00e1sai k\u00f6z\u00e9 tartozik. A heveny hasny\u00e1lmirigy gyullad\u00e1s korai diagn\u00f3zisa ugyan megoldott, de specifikus ter\u00e1pia hi\u00e1ny\u00e1ban a betegs\u00e9g a mai napig \u00e9letvesz\u00e9lyes \u00e1llapotot eredm\u00e9nyezhet, s\u00falyos esetben a hal\u00e1loz\u00e1s el\u00e9rheti a 20-50%-ot. Az Amerikai Egyes\u00fclt \u00c1llamokkal \u00e9s Nyugat-Eur\u00f3p\u00e1val ellent\u00e9tben K\u00f6z\u00e9p- \u00e9s Kelet Eur\u00f3p\u00e1ban mind a mai napig nem megoldott a pankre\u00e1sz betegek centraliz\u00e1lt ell\u00e1t\u00e1sa. Ezt a hi\u00e1nyt hivatott p\u00f3tolni a Pankre\u00e1sz Betegs\u00e9gek Int\u00e9zete (PBI), mely k\u00fcldet\u00e9s\u00e9nek tekinti, hogy a legkorszer\u0171bb kutat\u00e1si eredm\u00e9nyeket hat\u00e9kony, multidiszciplin\u00e1ris m\u00f3don ford\u00edtsa a betegell\u00e1t\u00e1s jav\u00e1ra, \u00e9s a betegell\u00e1t\u00e1s kapcs\u00e1n \u00faj tudom\u00e1nyos ismereteket szerezzen meg.<\/p>\n","protected":false},"author":12,"featured_media":29,"parent":0,"menu_order":0,"comment_status":"closed","ping_status":"closed","template":"","meta":{"_acf_changed":false,"footnotes":""},"categories":[],"tags":[],"class_list":["post-5","page","type-page","status-publish","has-post-thumbnail","hentry"],"acf":[],"_links":{"self":[{"href":"https:\/\/semmelweis.hu\/pbi\/wp-json\/wp\/v2\/pages\/5","targetHints":{"allow":["GET"]}}],"collection":[{"href":"https:\/\/semmelweis.hu\/pbi\/wp-json\/wp\/v2\/pages"}],"about":[{"href":"https:\/\/semmelweis.hu\/pbi\/wp-json\/wp\/v2\/types\/page"}],"author":[{"embeddable":true,"href":"https:\/\/semmelweis.hu\/pbi\/wp-json\/wp\/v2\/users\/12"}],"replies":[{"embeddable":true,"href":"https:\/\/semmelweis.hu\/pbi\/wp-json\/wp\/v2\/comments?post=5"}],"version-history":[{"count":10,"href":"https:\/\/semmelweis.hu\/pbi\/wp-json\/wp\/v2\/pages\/5\/revisions"}],"predecessor-version":[{"id":186,"href":"https:\/\/semmelweis.hu\/pbi\/wp-json\/wp\/v2\/pages\/5\/revisions\/186"}],"wp:featuredmedia":[{"embeddable":true,"href":"https:\/\/semmelweis.hu\/pbi\/wp-json\/wp\/v2\/media\/29"}],"wp:attachment":[{"href":"https:\/\/semmelweis.hu\/pbi\/wp-json\/wp\/v2\/media?parent=5"}],"wp:term":[{"taxonomy":"category","embeddable":true,"href":"https:\/\/semmelweis.hu\/pbi\/wp-json\/wp\/v2\/categories?post=5"},{"taxonomy":"post_tag","embeddable":true,"href":"https:\/\/semmelweis.hu\/pbi\/wp-json\/wp\/v2\/tags?post=5"}],"curies":[{"name":"wp","href":"https:\/\/api.w.org\/{rel}","templated":true}]}}