{"id":25,"date":"2023-03-22T10:04:04","date_gmt":"2023-03-22T09:04:04","guid":{"rendered":"https:\/\/semmelweis.hu\/pbi\/?page_id=25"},"modified":"2023-05-09T09:26:47","modified_gmt":"2023-05-09T07:26:47","slug":"onkologiai-apolo","status":"publish","type":"page","link":"https:\/\/semmelweis.hu\/pbi\/karrier\/onkologiai-apolo\/","title":{"rendered":"Onkol\u00f3giai \u00e1pol\u00f3"},"content":{"rendered":"<p style=\"margin: 0cm 7.5pt 0cm 0cm\">1. A\u00a0munkak\u00f6r megnevez\u00e9se: onkol\u00f3giai \u00e1pol\u00f3<\/p>\n<p style=\"margin: 0cm 7.5pt;text-indent: 12pt\">\u00a0<\/p>\n<p style=\"margin: 0cm 7.5pt 0cm 0cm\"><a name=\"pr78\"><\/a>2. A\u00a0munkak\u00f6rh\u00f6z kapcsol\u00f3d\u00f3 esetleges vezet\u0151i megb\u00edz\u00e1s megnevez\u00e9se<a name=\"pr79\"><\/a><a name=\"pr80\"><\/a>: &#8211;<\/p>\n<p style=\"margin: 0cm 7.5pt;text-indent: 12pt\">\u00a0<\/p>\n<p style=\"margin: 0cm 7.5pt 0cm 0cm\"><a name=\"pr81\"><\/a>3. Az a szervezeti egys\u00e9g, ahol a munkak\u00f6rt be kell t\u00f6lteni: Semmelweis Egyetem Pankreasz Betegs\u00e9gek Int\u00e9zete<\/p>\n<p style=\"margin: 0cm 7.5pt;text-indent: 12pt\">\u00a0<\/p>\n<p style=\"margin: 0cm 7.5pt 0cm 0cm\"><a name=\"pr82\"><\/a>4. A\u00a0munkak\u00f6r bet\u00f6lthet\u0151s\u00e9g\u00e9nek id\u0151pontja: 2023\/04\/01. A munkak\u00f6r a p\u00e1lyazatok elbir\u00e1l\u00e1s\u00e1t k\u00f6vet\u0151en azonnal bet\u00f6lthet\u0151.<\/p>\n<p style=\"margin: 0cm 7.5pt;text-indent: 12pt\">\u00a0<\/p>\n<p style=\"margin: 0cm 7.5pt 0cm 0cm\"><a name=\"pr83\"><\/a>5. A\u00a0jogviszony id\u0151tartama (hat\u00e1rozatlan\/hat\u00e1rozott): hat\u00e1rozatlan<\/p>\n<p style=\"margin: 0cm 7.5pt;text-indent: 12pt\">\u00a0<\/p>\n<p style=\"margin: 0cm 7.5pt 0cm 0cm\"><a name=\"pr84\"><\/a>6. A\u00a0foglalkoztat\u00e1s jellege (teljes munkaid\u0151\/r\u00e9szmunkaid\u0151s): teljes munkaid\u0151<\/p>\n<p style=\"margin: 0cm 7.5pt;text-indent: 12pt\">\u00a0<\/p>\n<p style=\"margin: 0cm 7.5pt 0cm 0cm\"><a name=\"pr85\"><\/a>7. Vezet\u0151i megb\u00edz\u00e1s eset\u00e9n a megb\u00edz\u00e1s id\u0151tartama: &#8211;<\/p>\n<p style=\"margin: 0cm 7.5pt;text-indent: 12pt\">\u00a0<\/p>\n<p style=\"margin: 0cm 7.5pt 0cm 0cm\"><a name=\"pr86\"><\/a>8. A\u00a0munkav\u00e9gz\u00e9s helye: Budapest, T\u00f6m\u0151 utca 25-29, 1083<\/p>\n<p style=\"margin: 0cm 7.5pt;text-indent: 12pt\">\u00a0\u00a0<a name=\"pr87\"><\/a><\/p>\n<p style=\"margin: 0cm 7.5pt 0cm 0cm\">9. A\u00a0munkak\u00f6rbe tartoz\u00f3, illetve a vezet\u0151i megb\u00edz\u00e1ssal j\u00e1r\u00f3 l\u00e9nyeges feladatok felsorol\u00e1sa<a name=\"pr88\"><\/a>:<\/p>\n<p style=\"margin: 0cm 7.5pt 0cm 0cm\">Szakmai tud\u00e1sa, gyakorlata \u00e9s kompetenci\u00e1ja szerint v\u00e9gzi az \u00e1pol\u00f3i tev\u00e9kenys\u00e9geket.<\/p>\n<p style=\"margin: 0cm 7.5pt 0cm 0cm;text-align: justify\"><span style=\"color: #151515;background-image: initial;background-position: initial;background-size: initial;background-attachment: initial\">Az \u00e1pol\u00f3 szakmai kommunik\u00e1ci\u00f3t folytat a beteggel \u00e9s a hozz\u00e1tartoz\u00f3j\u00e1val. \u00c1pol\u00e1si folyamatnak megfelel\u0151en \u00e1polja, gondozza, seg\u00edti a beteget. Szak\u00e1pol\u00e1st v\u00e9gez, a beavatkoz\u00e1sok k\u00f6r\u00fcli \u00e1pol\u00f3i tev\u00e9kenys\u00e9geket ell\u00e1tja, s\u00fcrg\u0151ss\u00e9gi eseteket, v\u00e9szhelyzeteket felismer. Citosztatikumok elk\u00e9sz\u00edt\u00e9s\u00e9t v\u00e9gzi, illetve szakszer\u0171 ad\u00e1s\u00e1t biztos\u00edtja a betegek sz\u00e1m\u00e1ra. A kemoetr\u00e1pi\u00e1s kezel\u00e9ssel kapcsolatos mell\u00e9khat\u00e1sokat, akut k\u00f3rk\u00e9peket felismeri. Kompetencia szintj\u00e9nek megfelel\u0151en k\u00f6zrem\u0171k\u00f6dik a prevenci\u00f3ban, eg\u00e9szs\u00e9gnevel\u0151 tev\u00e9kenys\u00e9gben, eduk\u00e1ci\u00f3ban \u00e9s rehabilit\u00e1ci\u00f3ban. Eg\u00e9szs\u00e9g\u00fcgyi dokument\u00e1ci\u00f3t vezet az \u00e9rv\u00e9nyben l\u00e9v\u0151 jogszab\u00e1lyban meghat\u00e1rozott el\u0151\u00edr\u00e1sok szerint.<\/span><\/p>\n<p style=\"margin: 0cm 7.5pt 0cm 0cm\"><a name=\"pr89\"><\/a>\u00a0<\/p>\n<p style=\"margin: 0cm 7.5pt 0cm 0cm\">10. A\u00a0munkak\u00f6r, vezet\u0151i megb\u00edz\u00e1s bet\u00f6lt\u00e9s\u00e9hez elv\u00e1rt\/el\u0151nyt jelent\u0151 k\u00e9pzetts\u00e9g, v\u00e9gzetts\u00e9g, tapasztalat: 3 \u00e9ves onkol\u00f3giai oszt\u00e1lyon vagy onkol\u00f3giai k\u00faraszer\u0171n ell\u00e1t\u00e1sban elt\u00f6lt\u00f6tt munkav\u00e9gz\u00e9s, idegen nyelvi tud\u00e1s, j\u00f3 kommunik\u00e1ci\u00f3s adotts\u00e1gok<\/p>\n<p style=\"margin: 0cm 7.5pt 0cm 0cm\">\u00a0<\/p>\n<p style=\"margin: 0cm 7.5pt 0cm 0cm\">11. V\u00e9gzetts\u00e9g szintje: E<span style=\"color: #282b30;background-image: initial;background-position: initial;background-size: initial;background-attachment: initial\">melt szint\u0171 szakk\u00e9pes\u00edt\u00e9s &#8211;\u00a0<\/span><span style=\"color: windowtext\">Fels\u0151fok\u00fa iskolai v\u00e9gzetts\u00e9g<\/span><\/p>\n<p style=\"margin: 0cm 7.5pt 0cm 0cm\">\u00a0<\/p>\n<p style=\"margin: 0cm 7.5pt 0cm 0cm\">12. V\u00e9gzetts\u00e9g: F\u0151iskola\/ Egyetem<\/p>\n<p style=\"margin: 0cm 7.5pt 0cm 0cm\">\u00a0<\/p>\n<p style=\"margin: 0cm 7.5pt 0cm 0cm\">13. K\u00e9pes\u00edt\u00e9s: Fels\u0151fok\u00fa (OKJ 54, 55, 56) k\u00e9pes\u00edt\u00e9s<\/p>\n<p style=\"margin: 0cm 7.5pt\">\u00a0<\/p>\n<p style=\"margin: 0cm 7.5pt 0cm 0cm\"><a name=\"pr90\"><\/a>14. A\u00a0munkak\u00f6r, vezet\u0151i megb\u00edz\u00e1s bet\u00f6lt\u00e9s\u00e9hez elv\u00e1rt\/el\u0151nyt jelent\u0151 nyelvtud\u00e1s szintje, nyelvvizsga t\u00edpusa: \u00e1ltal\u00e1nos angol vagy n\u00e9met nyelvvizsga (aj\u00e1nlott: B2 szint); angol vagy n\u00e9met szaknyelvi nyelvvizsga (aj\u00e1nlott: B2 szint).\u00a0<\/p>\n<p style=\"margin: 0cm 7.5pt\">\u00a0<\/p>\n<p style=\"margin: 0cm 7.5pt 0cm 0cm\"><a name=\"pr91\"><\/a>15. A\u00a0munkak\u00f6r bet\u00f6lt\u00e9s\u00e9hez elv\u00e1rt\/el\u0151nyt jelent\u0151 informatikai rendszerismeret<a name=\"pr92\"><\/a><a name=\"pr93\"><\/a><a name=\"pr94\"><\/a>:<\/p>\n<p style=\"margin: 0cm 7.5pt 0cm 0cm\">MicrosoftWindows, Excel, PowerPoint illetve MedSol rendszerek ismerete.<\/p>\n<p style=\"margin: 0cm 7.5pt 0cm 0cm\">\u00a0<\/p>\n<p style=\"margin: 0cm 7.5pt 0cm 0cm\"><a name=\"pr95\"><\/a>16. Egy\u00e9b felt\u00e9telek\/el\u0151ny\u00f6k a munkak\u00f6r bet\u00f6lt\u00e9s\u00e9hez: empatikus hozz\u00e1\u00e1ll\u00e1s a koll\u00e9g\u00e1khoz \u00e9s a betegekhez; j\u00f3 kommunik\u00e1ci\u00f3s k\u00e9szs\u00e9gek alkalmaz\u00e1sa, rugalmass\u00e1g, probl\u00e9mamegold\u00f3 k\u00e9szs\u00e9g, fejl\u0151d\u0151k\u00e9pess\u00e9g<\/p>\n<p style=\"margin: 0cm 7.5pt 0cm 0cm\">\u00a0<\/p>\n<p style=\"margin: 0cm 7.5pt 0cm 0cm\"><a name=\"pr96\"><\/a>17. A munkak\u00f6r bet\u00f6lt\u0151j\u00e9t\u0151l elv\u00e1rt kompetenci\u00e1k:<\/p>\n<p style=\"margin: 0cm 7.5pt 0cm 0cm;text-align: justify\"><span style=\"color: #151515;background-image: initial;background-position: initial;background-size: initial;background-attachment: initial\">Az \u00e1pol\u00f3 szakk\u00e9pes\u00edt\u00e9ssel rendelkez\u0151 k\u00e9pes munk\u00e1j\u00e1t \u00f6n\u00e1ll\u00f3an, vagy szakmai csoportban, a jogi \u00e9s etikai norm\u00e1k betart\u00e1s\u00e1val, a szakmai szab\u00e1lyoknak megfelel\u0151en v\u00e9gezni.<\/span><\/p>\n<p style=\"margin: 0cm 7.5pt 0cm 0cm;text-align: justify\"><span style=\"color: #151515;background-image: initial;background-position: initial;background-size: initial;background-attachment: initial\">Munk\u00e1j\u00e1t a min\u0151s\u00e9gbiztos\u00edt\u00e1s, min\u0151s\u00e9gfejleszt\u00e9s \u00e9s az \u00e1pol\u00e1si folyamat elvei szerint szervezi, \u00e1pol\u00e1si folyamat megval\u00f3s\u00edt\u00e1s\u00e1hoz sz\u00fcks\u00e9ges inform\u00e1ci\u00f3kat, er\u0151forr\u00e1sokat felt\u00e1rja, felhaszn\u00e1lja. Kompetencia szintj\u00e9nek megfelel\u0151en k\u00f6zrem\u0171k\u00f6dik a prevenci\u00f3ban, eg\u00e9szs\u00e9gnevel\u0151 tev\u00e9kenys\u00e9gben, eduk\u00e1ci\u00f3ban \u00e9s rehabilit\u00e1ci\u00f3ban. Eg\u00e9szs\u00e9g\u00fcgyi dokument\u00e1ci\u00f3t vezet az \u00e9rv\u00e9nyben l\u00e9v\u0151 jogszab\u00e1lyban meghat\u00e1rozott el\u0151\u00edr\u00e1sok szerint.<\/span><\/p>\n<p style=\"margin: 0cm 7.5pt 0cm 0cm;text-align: justify\"><span style=\"color: #151515;background-image: initial;background-position: initial;background-size: initial;background-attachment: initial\">\u00a0<\/span><\/p>\n<p style=\"margin: 0cm 7.5pt 0cm 0cm\">18. Tov\u00e1bb\u00edt\u00e1si email c\u00edm: semmelweis.pankreasz.intezet@gmail.com<\/p>\n<p style=\"margin: 0cm 7.5pt 0cm 0cm\">\u00a0<\/p>\n<p style=\"margin: 0cm 7.5pt 0cm 0cm\">19. A\u00a0p\u00e1ly\u00e1zat elb\u00edr\u00e1l\u00e1s\u00e1nak ideje a p\u00e1ly\u00e1zat lej\u00e1rt\u00e1t k\u00f6vet\u0151en: 5 nap<\/p>\n<p style=\"margin: 0cm 7.5pt 0cm 0cm\">\u00a0<\/p>\n<p style=\"margin: 0cm 7.5pt 0cm 0cm\">20. A munk\u00e1ltat\u00f3val kapcsolatban tov\u00e1bbi inform\u00e1ci\u00f3t az al\u00e1bbi weboldalon tal\u00e1lhatnak:\u00a0<a href=\"https:\/\/tm-centre.org\/hu\/alapitvany\/pankreasz-betegsegek-kivalosagi-kozpontja-hu\/\" target=\"_blank\" rel=\"noopener\"><span style=\"color: #1155cc;background: yellow\">https:\/\/tm-centre.org\/hu\/alapitvany\/pankreasz-betegsegek-kivalosagi-kozpontja-hu\/<\/span><\/a><\/p>\n<p style=\"margin: 0cm 7.5pt 0cm 0cm\">\u00a0<\/p>\n<p style=\"margin: 0cm 7.5pt 0cm 0cm\"><b>21. Csatoland\u00f3 dokumentumok:<\/b><\/p>\n<p style=\"margin: 0cm 7.5pt 0cm 36pt;text-indent: -18pt\">1.<span style=\"font-size: 7pt;line-height: normal\">\u00a0\u00a0\u00a0\u00a0\u00a0<\/span>K\u00e9pes szakmai \u00f6n\u00e9letrajz<\/p>\n<p style=\"margin: 0cm 7.5pt 0cm 36pt;text-indent: -18pt\">2.<span style=\"font-size: 7pt;line-height: normal\">\u00a0\u00a0\u00a0\u00a0\u00a0<\/span>K\u00e9pes\u00edt\u00e9st igazol\u00f3 okiratok m\u00e1solata<\/p>\n<p>&nbsp;<\/p>\n<p style=\"margin: 0cm 7.5pt 0cm 0cm\">\u00a0<\/p>\n","protected":false},"excerpt":{"rendered":"<p>1. A\u00a0munkak\u00f6r megnevez\u00e9se: onkol\u00f3giai \u00e1pol\u00f3 \u00a0 <a name=\"pr78\"><\/a> 2. A\u00a0munkak\u00f6rh\u00f6z kapcsol\u00f3d\u00f3 esetleges vezet\u0151i megb\u00edz\u00e1s megnevez\u00e9se <a name=\"pr79\"><\/a> <a name=\"pr80\"><\/a> : &#8211; \u00a0 <a name=\"pr81\"><\/a> 3. Az a szervezeti egys\u00e9g, ahol a munkak\u00f6rt be kell t\u00f6lteni: Semmelweis Egyetem Pankreasz Betegs\u00e9gek Int\u00e9zete \u00a0 <a name=\"pr82\"><\/a> 4. A\u00a0munkak\u00f6r bet\u00f6lthet\u0151s\u00e9g\u00e9nek id\u0151pontja: 2023\/04\/01. A munkak\u00f6r a p\u00e1lyazatok elbir\u00e1l\u00e1s\u00e1t k\u00f6vet\u0151en azonnal bet\u00f6lthet\u0151. \u00a0 <a name=\"pr83\"><\/a> 5. A\u00a0jogviszony id\u0151tartama (hat\u00e1rozatlan\/hat\u00e1rozott): hat\u00e1rozatlan \u00a0 <a name=\"pr84\"><\/a> 6. A\u00a0foglalkoztat\u00e1s &hellip;<\/p>\n","protected":false},"author":101929,"featured_media":0,"parent":22,"menu_order":5,"comment_status":"closed","ping_status":"closed","template":"","meta":{"_acf_changed":false,"footnotes":""},"categories":[1],"tags":[],"class_list":["post-25","page","type-page","status-publish","hentry","category-hirek"],"acf":[],"_links":{"self":[{"href":"https:\/\/semmelweis.hu\/pbi\/wp-json\/wp\/v2\/pages\/25","targetHints":{"allow":["GET"]}}],"collection":[{"href":"https:\/\/semmelweis.hu\/pbi\/wp-json\/wp\/v2\/pages"}],"about":[{"href":"https:\/\/semmelweis.hu\/pbi\/wp-json\/wp\/v2\/types\/page"}],"author":[{"embeddable":true,"href":"https:\/\/semmelweis.hu\/pbi\/wp-json\/wp\/v2\/users\/101929"}],"replies":[{"embeddable":true,"href":"https:\/\/semmelweis.hu\/pbi\/wp-json\/wp\/v2\/comments?post=25"}],"version-history":[{"count":1,"href":"https:\/\/semmelweis.hu\/pbi\/wp-json\/wp\/v2\/pages\/25\/revisions"}],"predecessor-version":[{"id":26,"href":"https:\/\/semmelweis.hu\/pbi\/wp-json\/wp\/v2\/pages\/25\/revisions\/26"}],"up":[{"embeddable":true,"href":"https:\/\/semmelweis.hu\/pbi\/wp-json\/wp\/v2\/pages\/22"}],"wp:attachment":[{"href":"https:\/\/semmelweis.hu\/pbi\/wp-json\/wp\/v2\/media?parent=25"}],"wp:term":[{"taxonomy":"category","embeddable":true,"href":"https:\/\/semmelweis.hu\/pbi\/wp-json\/wp\/v2\/categories?post=25"},{"taxonomy":"post_tag","embeddable":true,"href":"https:\/\/semmelweis.hu\/pbi\/wp-json\/wp\/v2\/tags?post=25"}],"curies":[{"name":"wp","href":"https:\/\/api.w.org\/{rel}","templated":true}]}}