{"id":130,"date":"2025-05-21T11:04:45","date_gmt":"2025-05-21T09:04:45","guid":{"rendered":"https:\/\/semmelweis.hu\/pbi\/?page_id=130"},"modified":"2025-05-21T11:04:45","modified_gmt":"2025-05-21T09:04:45","slug":"a-betegklubokrol","status":"publish","type":"page","link":"https:\/\/semmelweis.hu\/pbi\/betegellatas\/a-betegklubokrol\/","title":{"rendered":"A betegklubokr\u00f3l"},"content":{"rendered":"<p>Olyan k\u00f6z\u00f6ss\u00e9gek l\u00e9trehoz\u00e1s\u00e1ra t\u00f6reksz\u00fcnk, melyek keretein bel\u00fcl a kr\u00f3nikus betegs\u00e9ggel \u00e9l\u0151k \u00e9s az akut megbeteged\u00e9sen \u00e1tesett p\u00e1ciensek egyar\u00e1nt hozz\u00e1juthatnak minden az \u00e1llapotuk meg\u00e9rt\u00e9s\u00e9hez \u00e9s kezel\u00e9s\u00e9hez sz\u00fcks\u00e9ges inform\u00e1ci\u00f3hoz \u00e9rdekeik sz\u00e9lesk\u00f6r\u0171 k\u00e9pviselete mellett.<\/p>\n<p>Gyakran haszn\u00e1lt sz\u00f3fordulat, hogy \u201eegys\u00e9gben az er\u0151\u201d, \u00e9s ez az \u00e9let sz\u00e1mos ter\u00fclete mellett az azonos betegs\u00e9gben szenved\u0151k k\u00f6z\u00f6ss\u00e9g\u00e9re is igaz. A kutat\u00f3k \u00e9s kutat\u00e1sok t\u00e1mogat\u00e1sa mellett c\u00e9lunk megval\u00f3s\u00edt\u00e1s\u00e1t a betegek oktat\u00e1s\u00e1ban, pszich\u00e9s \u00e9s gyakorlati t\u00e1mogat\u00e1s\u00e1ban egyar\u00e1nt l\u00e1tjuk. Hisz\u00fcnk benne, hogy a p\u00e1ciensek \u00f6sszefog\u00e1s\u00e1val jav\u00edthatjuk a kezel\u00e9s \u00e9s a betegek \u00e9let\u00e9nek min\u0151s\u00e9g\u00e9t egyar\u00e1nt.<\/p>\n<p>&nbsp;<\/p>\n<h3>Mi\u00e9rt \u00e9ri meg csatlakozni a betegklubjainkhoz?<\/h3>\n<p>&#8211; Sz\u00e1mos k\u00e9rd\u00e9s van, amelyekre nem jut id\u0151 egy orvos-beteg tal\u00e1lkoz\u00f3 sor\u00e1n, vagy csak k\u00e9s\u0151bb mer\u00fcl fel a p\u00e1ciensekben. Betegklubjaink lehet\u0151s\u00e9get biztos\u00edtanak a p\u00e1ciensek r\u00e9szletes t\u00e1j\u00e9koztat\u00e1s\u00e1ra, ami a jelenlegi eg\u00e9szs\u00e9g\u00fcgyi ell\u00e1t\u00f3rendszerben civil szervez\u0151d\u00e9s n\u00e9lk\u00fcl nem lenne megval\u00f3s\u00edthat\u00f3. Szeretn\u00e9nk, ha hosszas, sok esetben eredm\u00e9nytelen internetes keresg\u00e9l\u00e9s helyett a betegklubjaink tagjai \u00e9s hozz\u00e1tartoz\u00f3ik szak\u00e9rt\u00e9kt\u0151l kapn\u00e1k meg a megfelel\u0151 v\u00e1laszokat, hogy ez\u00e1ltal er\u0151s\u00edts\u00fck a kezel\u0151orvosok \u00e9s az eg\u00e9szs\u00e9g\u00fcgyi dolgoz\u00f3k ir\u00e1nti bizalmukat.<\/p>\n<p>&#8211; Az inform\u00e1ci\u00f3k \u00e1tad\u00e1sa el\u0151ad\u00e1sok, t\u00e1j\u00e9koztat\u00f3 anyagok, klubtal\u00e1lkoz\u00f3k \u00e9s kiscsoportos foglalkoz\u00e1sok keret\u00e9ben t\u00f6rt\u00e9nnek.<\/p>\n<p>&#8211; Civil kezdem\u00e9nyez\u00e9s\u00fcnk \u00e1ltal szeretn\u00e9nk el\u00e9rni az egyes betegs\u00e9gek ter\u00fclet\u00e9n v\u00e9gzett klinikai kutat\u00e1sok eredm\u00e9nyeinek min\u00e9l sz\u00e9lesebb k\u00f6r\u0171 megismertet\u00e9s\u00e9t, ezzel folyamatosan jav\u00edtva az eg\u00e9szs\u00e9g\u00fcgyi ell\u00e1t\u00e1s min\u0151s\u00e9g\u00e9t.<\/p>\n<p>&#8211; Egy\u00fcttm\u0171k\u00f6d\u00e9s\u00fcnkkel k\u00e9pviselni k\u00edv\u00e1njuk mind a p\u00e1ciensek, mind orvosaik \u00e9rdekeit.<\/p>\n<p>&nbsp;<\/p>\n<p><strong>Akt\u00edvan m\u0171k\u00f6d\u0151 betegklubjaink:<\/strong><\/p>\n<ul>\n<li>Hasny\u00e1lmirigy Betegklub<\/li>\n<li>Coeliakia Betegklub<\/li>\n<li>Cardiomyopathia Betegklub<\/li>\n<li>Stroke Betegklub<\/li>\n<li>IBD Betegklub<\/li>\n<li>NASH\/NAFLD Betegklub<\/li>\n<li>Wilson-k\u00f3r Betegklub<\/li>\n<\/ul>\n<p>\nV\u00e1rjuk szeretettel \u00f6sszej\u00f6veteleinken\/rendezv\u00e9nyeinken, ahol aggodalmait, tapasztalatait \u00e9s tan\u00e1csait megoszthatja a sorst\u00e1rsaival, valamint orvosok \u00e9s eg\u00e9szs\u00e9g\u00fcgyi szakemberek seg\u00edts\u00e9g\u00e9vel b\u0151v\u00edtheti ismereteit!<\/p>\n<p><a href=\"https:\/\/www.facebook.com\/groups\/320890179351063\/\" target=\"_blank\" rel=\"noopener\">https:\/\/www.facebook.com\/groups\/320890179351063\/<\/a><\/p>\n","protected":false},"excerpt":{"rendered":"<p>Olyan k\u00f6z\u00f6ss\u00e9gek l\u00e9trehoz\u00e1s\u00e1ra t\u00f6reksz\u00fcnk, melyek keretein bel\u00fcl a kr\u00f3nikus betegs\u00e9ggel \u00e9l\u0151k \u00e9s az akut megbeteged\u00e9sen \u00e1tesett p\u00e1ciensek egyar\u00e1nt hozz\u00e1juthatnak minden az \u00e1llapotuk meg\u00e9rt\u00e9s\u00e9hez \u00e9s kezel\u00e9s\u00e9hez sz\u00fcks\u00e9ges inform\u00e1ci\u00f3hoz \u00e9rdekeik sz\u00e9lesk\u00f6r\u0171 k\u00e9pviselete mellett. Gyakran haszn\u00e1lt sz\u00f3fordulat, hogy \u201eegys\u00e9gben az er\u0151\u201d, \u00e9s ez az \u00e9let sz\u00e1mos ter\u00fclete mellett az azonos betegs\u00e9gben szenved\u0151k k\u00f6z\u00f6ss\u00e9g\u00e9re is igaz. A kutat\u00f3k \u00e9s &hellip;<\/p>\n","protected":false},"author":101929,"featured_media":0,"parent":128,"menu_order":0,"comment_status":"closed","ping_status":"closed","template":"","meta":{"_acf_changed":false,"footnotes":""},"categories":[],"tags":[],"class_list":["post-130","page","type-page","status-publish","hentry"],"acf":[],"_links":{"self":[{"href":"https:\/\/semmelweis.hu\/pbi\/wp-json\/wp\/v2\/pages\/130","targetHints":{"allow":["GET"]}}],"collection":[{"href":"https:\/\/semmelweis.hu\/pbi\/wp-json\/wp\/v2\/pages"}],"about":[{"href":"https:\/\/semmelweis.hu\/pbi\/wp-json\/wp\/v2\/types\/page"}],"author":[{"embeddable":true,"href":"https:\/\/semmelweis.hu\/pbi\/wp-json\/wp\/v2\/users\/101929"}],"replies":[{"embeddable":true,"href":"https:\/\/semmelweis.hu\/pbi\/wp-json\/wp\/v2\/comments?post=130"}],"version-history":[{"count":1,"href":"https:\/\/semmelweis.hu\/pbi\/wp-json\/wp\/v2\/pages\/130\/revisions"}],"predecessor-version":[{"id":131,"href":"https:\/\/semmelweis.hu\/pbi\/wp-json\/wp\/v2\/pages\/130\/revisions\/131"}],"up":[{"embeddable":true,"href":"https:\/\/semmelweis.hu\/pbi\/wp-json\/wp\/v2\/pages\/128"}],"wp:attachment":[{"href":"https:\/\/semmelweis.hu\/pbi\/wp-json\/wp\/v2\/media?parent=130"}],"wp:term":[{"taxonomy":"category","embeddable":true,"href":"https:\/\/semmelweis.hu\/pbi\/wp-json\/wp\/v2\/categories?post=130"},{"taxonomy":"post_tag","embeddable":true,"href":"https:\/\/semmelweis.hu\/pbi\/wp-json\/wp\/v2\/tags?post=130"}],"curies":[{"name":"wp","href":"https:\/\/api.w.org\/{rel}","templated":true}]}}