{"id":7584,"date":"2022-04-20T17:26:05","date_gmt":"2022-04-20T15:26:05","guid":{"rendered":"https:\/\/semmelweis.hu\/patologia1\/?page_id=7584"},"modified":"2023-04-18T14:38:26","modified_gmt":"2023-04-18T12:38:26","slug":"krompecher-odon-palyazat","status":"publish","type":"page","link":"https:\/\/semmelweis.hu\/patologia1\/krompecher-odon-palyazat\/","title":{"rendered":"Krompecher \u00d6d\u00f6n p\u00e1ly\u00e1zat"},"content":{"rendered":"<h6 style=\"text-align: center\"><span style=\"font-size: 12pt\"><strong>A MAGYAR PATHOLOGUSOK T\u00c1RSAS\u00c1GA &#8211; MPT &#8211;<\/strong><br \/>\n<strong>\u00e9s<\/strong><br \/>\n<strong>A MAGYAR ONKOL\u00d3GUSOK T\u00c1RSAS\u00c1GA\u00ae<\/strong><br \/>\n<strong>&#8211; MOT\u00ae &#8211;<\/strong><br \/>\n<strong>&#8211; az Eln\u00f6ks\u00e9g \u00fatj\u00e1n &#8211;<\/strong><br \/>\n<strong>tudom\u00e1nyos tev\u00e9kenys\u00e9g t\u00e1mogat\u00e1sa c\u00e9lj\u00e1b\u00f3l meghirdeti a<\/strong><br \/>\n<strong>\u201eKROMPECHER \u00d6D\u00d6N\u201d<\/strong><br \/>\n<strong>p\u00e1ly\u00e1zatot<\/strong><\/span><\/h6>\n<h6 style=\"text-align: left\"><span style=\"font-size: 12pt\"><br \/>\n<strong>A p\u00e1ly\u00e1zat\/p\u00e1lyamunka t\u00e9m\u00e1ja, c\u00edme:<\/strong><br \/>\n\u201eSzeml\u00e9letv\u00e1lt\u00e1s a prosztata daganatok patol\u00f3giai diagnosztik\u00e1j\u00e1ban \u00e9s ter\u00e1pi\u00e1j\u00e1ban\u201d<\/span><\/h6>\n<h6 style=\"text-align: left\"><span style=\"font-size: 12pt\"><strong>A p\u00e1lyamunka form\u00e1ja<\/strong>: tanulm\u00e1ny<\/span><\/h6>\n<h6><span style=\"font-size: 12pt\"><strong>A p\u00e1lyamunka d\u00edjaz\u00e1sa<\/strong>: 200.000 Ft<\/span><\/h6>\n<h6 style=\"text-align: left\"><span style=\"font-size: 12pt\"><strong>A p\u00e1ly\u00e1zat felt\u00e9telei, beny\u00fajt\u00e1s\u00e1nak \u00e9s elb\u00edr\u00e1l\u00e1s\u00e1nak m\u00f3dja:<\/strong><br \/>\n<strong>\u2022 a p\u00e1ly\u00e1z\u00f3k k\u00f6re<\/strong><br \/>\n\u00a0\u00a0\u00a0\u00a0\u00a0\u00a0\u00a0\u00a0\u00a0\u00a0\u00a0\u00a0 &#8211; a p\u00e1ly\u00e1zatra orvostanhallgat\u00f3k \u00e9s fogorvostan hallgat\u00f3k ny\u00fajthatnak be p\u00e1lyamunk\u00e1t<br \/>\n<strong>\u2022 a p\u00e1ly\u00e1zat terjedelme<\/strong><br \/>\n\u00a0\u00a0\u00a0\u00a0\u00a0\u00a0\u00a0\u00a0\u00a0\u00a0\u00a0\u00a0 &#8211; a p\u00e1lyamunka &#8211; az irodalommal \u00e9s a dokument\u00e1ci\u00f3val egy\u00fctt &#8211; legfeljebb 80 oldal terjedelm\u0171<br \/>\n<strong>\u2022 a p\u00e1lyamunka beny\u00fajt\u00e1s\u00e1nak m\u00f3dja<\/strong><br \/>\n\u00a0\u00a0\u00a0\u00a0\u00a0\u00a0\u00a0\u00a0\u00a0\u00a0\u00a0\u00a0 &#8211; a p\u00e1lyamunk\u00e1t jelig\u00e9vel kell beny\u00fajtani, a szerz\u0151 nev\u00e9t \u00e9s el\u00e9rhet\u0151s\u00e9g\u00e9t (\u00e9vfolyam, lakc\u00edm, telefonsz\u00e1m, e-mail c\u00edm) lez\u00e1rt bor\u00edt\u00e9kban &#8211; melyen a jelige felt\u00fcntet\u00e9sre <br \/>\n\u00a0\u00a0\u00a0\u00a0\u00a0\u00a0\u00a0\u00a0\u00a0\u00a0\u00a0\u00a0\u00a0\u00a0\u00a0 ker\u00fcl &#8211; kell mell\u00e9kelni<br \/>\n\u00a0\u00a0\u00a0\u00a0\u00a0\u00a0\u00a0\u00a0\u00a0\u00a0\u00a0\u00a0 &#8211; a p\u00e1lyamunk\u00e1t k\u00f6tve kell beny\u00fajtani, a c\u00edmlapon szerepeltetve a &#8222;KROMPECHER \u00d6D\u00d6N P\u00c1LY\u00c1ZAT&#8221; c\u00edmet \u00e9s az \u00e9vsz\u00e1mot<br \/>\n\u00a0 \u00a0 \u00a0 \u00a0 \u00a0 \u00a0\u00a0 &#8211; a p\u00e1lyamunka szerkezete a tudom\u00e1nyos publik\u00e1ci\u00f3k szerkezet\u00e9vel azonos<br \/>\n<strong>\u2022 a p\u00e1lyamunka bead\u00e1si hat\u00e1rideje: 2023. december 10.<\/strong><br \/>\n<strong>\u2022 a p\u00e1lyamunka beny\u00fajt\u00e1s\u00e1nak helye:<\/strong><br \/>\n\u00a0\u00a0\u00a0\u00a0\u00a0\u00a0\u00a0\u00a0\u00a0\u00a0\u00a0\u00a0\u00a0 &#8211; Semmelweis Egyetem, Patol\u00f3giai, Igazs\u00e1g\u00fcgyi \u00e9s Biztos\u00edt\u00e1si Orvostani Int\u00e9zet (Titk\u00e1rs\u00e1g), 1091 Bp., \u00dcll\u0151i \u00fat 93.<br \/>\n<strong>\u2022 az \u00e9rt\u00e9kel\u00e9s szempontjai:<\/strong><br \/>\n\u00a0 \u00a0 \u00a0 \u00a0 \u00a0 \u00a0\u00a0 &#8211; a m\u0171 eredetis\u00e9ge<br \/>\n\u00a0\u00a0\u00a0\u00a0\u00a0\u00a0\u00a0\u00a0\u00a0\u00a0\u00a0\u00a0 &#8211; a m\u0171 st\u00edlusa, szerkezete,<br \/>\n\u00a0\u00a0\u00a0\u00a0\u00a0\u00a0\u00a0\u00a0\u00a0\u00a0\u00a0\u00a0 &#8211; a felhaszn\u00e1lt irodalom korszer\u0171s\u00e9ge<br \/>\n<strong>\u2022 a p\u00e1ly\u00e1zat elb\u00edr\u00e1l\u00e1s\u00e1nak m\u00f3dja:<\/strong><br \/>\n\u00a0\u00a0\u00a0\u00a0\u00a0\u00a0\u00a0\u00a0\u00a0\u00a0\u00a0\u00a0 &#8211; a b\u00edr\u00e1l\u00f3k k\u00f6re &#8211; a B\u00edr\u00e1l\u00f3 Bizotts\u00e1g tagjait az aktu\u00e1lis t\u00e9ma szak\u00e9rt\u0151i k\u00f6z\u00fcl v\u00e1lasztj\u00e1k ki a p\u00e1ly\u00e1zat ki\u00edr\u00f3i<br \/>\n<strong>\u2022 a p\u00e1ly\u00e1zat elb\u00edr\u00e1l\u00e1s\u00e1nak hat\u00e1rideje:<\/strong><br \/>\n\u00a0\u00a0\u00a0\u00a0\u00a0\u00a0\u00a0\u00a0\u00a0\u00a0\u00a0\u00a0 &#8211; 2024. janu\u00e1r h\u00f3 10. nap<br \/>\n<strong>\u2022 az eredm\u00e9ny kihirdet\u00e9s\u00e9nek id\u0151pontja, form\u00e1ja, helye:<\/strong><br \/>\n\u00a0\u00a0\u00a0\u00a0\u00a0\u00a0\u00a0\u00a0\u00a0\u00a0\u00a0 &#8211; az elb\u00edr\u00e1l\u00e1si hat\u00e1rid\u0151t k\u00f6vet\u0151en, a 2024. \u00e9vi els\u0151 Orsz\u00e1gos Metszetkonzult\u00e1ci\u00f3n, 2024. janu\u00e1r 26-\u00e1n Krompecher \u00d6d\u00f6n lesz\u00e1rmazottainak, valamint a ki\u00edr\u00f3 T\u00e1rsas\u00e1gok <br \/>\n\u00a0\u00a0\u00a0\u00a0\u00a0\u00a0\u00a0\u00a0\u00a0\u00a0\u00a0\u00a0\u00a0\u00a0 k\u00e9pvisel\u0151inek jelenl\u00e9t\u00e9ben<br \/>\n\u00a0\u00a0\u00a0\u00a0\u00a0\u00a0\u00a0\u00a0\u00a0\u00a0\u00a0 &#8211; az eredm\u00e9nyt a ki\u00edr\u00f3k a meghirdet\u00e9ssel azonos m\u00f3don nyilv\u00e1noss\u00e1gra hozz\u00e1k, tov\u00e1bb\u00e1 arr\u00f3l a nyertest k\u00fcl\u00f6n, \u00edr\u00e1sban is \u00e9rtes\u00edtik az elb\u00edr\u00e1l\u00e1si hat\u00e1rid\u0151 letelt\u00e9t k\u00f6vet\u0151 <br \/>\n\u00a0\u00a0\u00a0\u00a0\u00a0\u00a0\u00a0\u00a0\u00a0\u00a0\u00a0\u00a0\u00a0 15 napon bel\u00fcl<br \/>\n<strong>\u2022 egy\u00e9b t\u00e1j\u00e9koztat\u00e1s:<\/strong><br \/>\n\u00a0 \u00a0 \u00a0 \u00a0 \u00a0\u00a0\u00a0 &#8211; a B\u00edr\u00e1l\u00f3 Bizotts\u00e1g javaslatot tehet a legjobb, d\u00edjazott p\u00e1lyamunk\u00e1k szakdolgozatk\u00e9nt t\u00f6rt\u00e9n\u0151 beny\u00fajt\u00e1s\u00e1ra.<br \/>\n<\/span><\/h6>\n<h6 style=\"text-align: left\"><span style=\"font-size: 12pt\">A k\u00f6zz\u00e9t\u00e9tel (ki\u00edr\u00e1s, eredm\u00e9nyhirdet\u00e9s) a<br \/>\n<strong>Magyar Onkol\u00f3gia foly\u00f3iratban<\/strong><\/span><\/h6>\n<h6 style=\"text-align: left\"><strong><span style=\"font-size: 12pt\"><br \/>\na MOT\u00ae honlapj\u00e1n \u201ehttp:\/\/www.oncology.hu\u201d \u00e9s<\/span><\/strong><\/h6>\n<h6 style=\"text-align: left\"><span style=\"font-size: 12pt\"><br \/>\n<strong>az MPT honlapj\u00e1n \u201ehttp:\/\/www.pathology.hu\u201d t\u00f6rt\u00e9nik<\/strong><br \/>\n<\/span><\/h6>\n<h6>\u00a0<\/h6>\n<h6 style=\"text-align: left\"><span style=\"font-size: 12pt\">Budapest, 2023. m\u00e1rcius 20.<br \/>\n<\/span><\/h6>\n<p>&nbsp;<\/p>\n<h6 style=\"text-align: left\"><span style=\"font-size: 12pt\">az MPT r\u00e9sz\u00e9r\u0151l:<br \/>\nDr. Glasz Tibor\u00a0\u00a0\u00a0\u00a0\u00a0\u00a0\u00a0\u00a0\u00a0\u00a0\u00a0\u00a0\u00a0\u00a0\u00a0\u00a0\u00a0\u00a0\u00a0\u00a0\u00a0\u00a0\u00a0\u00a0 Dr. Zalatnai Attila\u00a0\u00a0\u00a0\u00a0\u00a0\u00a0\u00a0\u00a0\u00a0\u00a0\u00a0\u00a0\u00a0\u00a0\u00a0\u00a0\u00a0\u00a0\u00a0\u00a0\u00a0\u00a0\u00a0\u00a0 Dr. Kr\u00e1nitz No\u00e9mi<br \/>\naz MPT Eln\u00f6ke az MPT \u00a0 \u00a0 \u00a0 \u00a0\u00a0 F\u0151titk\u00e1ra az MPT \u00a0 \u00a0 \u00a0 \u00a0 \u00a0 \u00a0 \u00a0 \u00a0 \u00a0 \u00a0 \u00a0 \u00a0\u00a0 P\u00e9nzt\u00e1rosa<br \/>\n<\/span><\/h6>\n<h6 style=\"text-align: left\"><span style=\"font-size: 12pt\">a MOT\u00ae r\u00e9sz\u00e9r\u0151l:<br \/>\nDr. Polg\u00e1r Csaba\u00a0\u00a0\u00a0\u00a0\u00a0\u00a0\u00a0\u00a0\u00a0\u00a0\u00a0\u00a0\u00a0\u00a0\u00a0\u00a0\u00a0\u00a0\u00a0\u00a0 Dr. Pat\u00f3cs Attila\u00a0\u00a0\u00a0\u00a0\u00a0\u00a0\u00a0\u00a0\u00a0\u00a0\u00a0\u00a0\u00a0\u00a0\u00a0\u00a0\u00a0\u00a0\u00a0\u00a0\u00a0\u00a0\u00a0\u00a0\u00a0\u00a0\u00a0 Dr. Vincze Borb\u00e1la<br \/>\na MOT\u00ae Eln\u00f6ke a MOT\u00ae\u00a0\u00a0\u00a0\u00a0\u00a0\u00a0 F\u0151titk\u00e1ra a MOT\u00ae\u00a0\u00a0\u00a0\u00a0\u00a0\u00a0\u00a0\u00a0\u00a0\u00a0\u00a0\u00a0\u00a0\u00a0\u00a0\u00a0\u00a0\u00a0\u00a0\u00a0\u00a0\u00a0\u00a0\u00a0 Kincst\u00e1rnoka\u00a0\u00a0\u00a0\u00a0\u00a0\u00a0\u00a0\u00a0\u00a0\u00a0\u00a0\u00a0\u00a0\u00a0\u00a0\u00a0\u00a0\u00a0\u00a0\u00a0\u00a0\u00a0\u00a0\u00a0\u00a0\u00a0\u00a0\u00a0\u00a0\u00a0\u00a0\u00a0\u00a0\u00a0\u00a0\u00a0\u00a0\u00a0\u00a0\u00a0\u00a0\u00a0\u00a0 <\/span><br \/>\n<span style=\"font-size: 12pt\">\u00a0\u00a0\u00a0\u00a0\u00a0\u00a0\u00a0\u00a0\u00a0\u00a0\u00a0\u00a0\u00a0\u00a0\u00a0\u00a0\u00a0\u00a0\u00a0\u00a0\u00a0\u00a0\u00a0\u00a0\u00a0\u00a0\u00a0\u00a0\u00a0\u00a0\u00a0\u00a0\u00a0\u00a0\u00a0\u00a0\u00a0\u00a0\u00a0\u00a0\u00a0\u00a0\u00a0\u00a0\u00a0\u00a0\u00a0\u00a0\u00a0\u00a0\u00a0\u00a0\u00a0\u00a0\u00a0\u00a0\u00a0\u00a0\u00a0\u00a0\u00a0\u00a0\u00a0\u00a0\u00a0\u00a0\u00a0\u00a0\u00a0\u00a0\u00a0\u00a0\u00a0\u00a0\u00a0\u00a0\u00a0\u00a0\u00a0\u00a0\u00a0\u00a0\u00a0\u00a0\u00a0\u00a0\u00a0\u00a0\u00a0\u00a0\u00a0\u00a0\u00a0\u00a0\u00a0\u00a0\u00a0\u00a0\u00a0\u00a0\u00a0\u00a0\u00a0\u00a0 <br \/>\n<\/span><span style=\"font-size: 12pt\">\u00a0\u00a0\u00a0\u00a0\u00a0\u00a0\u00a0\u00a0\u00a0\u00a0\u00a0\u00a0\u00a0\u00a0\u00a0\u00a0\u00a0\u00a0\u00a0\u00a0\u00a0\u00a0\u00a0\u00a0\u00a0\u00a0\u00a0\u00a0\u00a0\u00a0\u00a0\u00a0\u00a0\u00a0\u00a0\u00a0\u00a0\u00a0\u00a0\u00a0\u00a0\u00a0\u00a0\u00a0\u00a0\u00a0\u00a0\u00a0\u00a0\u00a0\u00a0\u00a0\u00a0\u00a0\u00a0\u00a0\u00a0\u00a0\u00a0\u00a0\u00a0\u00a0\u00a0\u00a0\u00a0\u00a0\u00a0\u00a0\u00a0\u00a0\u00a0\u00a0\u00a0\u00a0\u00a0\u00a0\u00a0\u00a0\u00a0\u00a0\u00a0\u00a0\u00a0\u00a0\u00a0\u00a0\u00a0\u00a0\u00a0\u00a0\u00a0\u00a0\u00a0\u00a0\u00a0\u00a0\u00a0\u00a0\u00a0\u00a0\u00a0\u00a0\u00a0\u00a0\u00a0\u00a0\u00a0 <br \/>\n<\/span><\/h6>\n","protected":false},"excerpt":{"rendered":"<p>A MAGYAR PATHOLOGUSOK T\u00c1RSAS\u00c1GA &#8211; MPT &#8211; \u00e9s A MAGYAR ONKOL\u00d3GUSOK T\u00c1RSAS\u00c1GA\u00ae &#8211; MOT\u00ae &#8211; &#8211; az Eln\u00f6ks\u00e9g \u00fatj\u00e1n &#8211; tudom\u00e1nyos tev\u00e9kenys\u00e9g t\u00e1mogat\u00e1sa c\u00e9lj\u00e1b\u00f3l meghirdeti a \u201eKROMPECHER \u00d6D\u00d6N\u201d p\u00e1ly\u00e1zatot A p\u00e1ly\u00e1zat\/p\u00e1lyamunka t\u00e9m\u00e1ja, c\u00edme: \u201eSzeml\u00e9letv\u00e1lt\u00e1s a prosztata daganatok patol\u00f3giai diagnosztik\u00e1j\u00e1ban \u00e9s ter\u00e1pi\u00e1j\u00e1ban\u201d A p\u00e1lyamunka form\u00e1ja: tanulm\u00e1ny A p\u00e1lyamunka d\u00edjaz\u00e1sa: 200.000 Ft A p\u00e1ly\u00e1zat felt\u00e9telei, beny\u00fajt\u00e1s\u00e1nak \u00e9s &hellip;<\/p>\n","protected":false},"author":157,"featured_media":0,"parent":0,"menu_order":0,"comment_status":"closed","ping_status":"closed","template":"","meta":{"_acf_changed":false,"footnotes":""},"categories":[],"tags":[],"class_list":["post-7584","page","type-page","status-publish","hentry"],"acf":[],"_links":{"self":[{"href":"https:\/\/semmelweis.hu\/patologia1\/wp-json\/wp\/v2\/pages\/7584","targetHints":{"allow":["GET"]}}],"collection":[{"href":"https:\/\/semmelweis.hu\/patologia1\/wp-json\/wp\/v2\/pages"}],"about":[{"href":"https:\/\/semmelweis.hu\/patologia1\/wp-json\/wp\/v2\/types\/page"}],"author":[{"embeddable":true,"href":"https:\/\/semmelweis.hu\/patologia1\/wp-json\/wp\/v2\/users\/157"}],"replies":[{"embeddable":true,"href":"https:\/\/semmelweis.hu\/patologia1\/wp-json\/wp\/v2\/comments?post=7584"}],"version-history":[{"count":10,"href":"https:\/\/semmelweis.hu\/patologia1\/wp-json\/wp\/v2\/pages\/7584\/revisions"}],"predecessor-version":[{"id":7911,"href":"https:\/\/semmelweis.hu\/patologia1\/wp-json\/wp\/v2\/pages\/7584\/revisions\/7911"}],"wp:attachment":[{"href":"https:\/\/semmelweis.hu\/patologia1\/wp-json\/wp\/v2\/media?parent=7584"}],"wp:term":[{"taxonomy":"category","embeddable":true,"href":"https:\/\/semmelweis.hu\/patologia1\/wp-json\/wp\/v2\/categories?post=7584"},{"taxonomy":"post_tag","embeddable":true,"href":"https:\/\/semmelweis.hu\/patologia1\/wp-json\/wp\/v2\/tags?post=7584"}],"curies":[{"name":"wp","href":"https:\/\/api.w.org\/{rel}","templated":true}]}}