{"id":3468,"date":"2020-12-22T12:26:42","date_gmt":"2020-12-22T11:26:42","guid":{"rendered":"https:\/\/semmelweis.hu\/parodontologia\/?page_id=3468"},"modified":"2025-04-03T13:17:01","modified_gmt":"2025-04-03T11:17:01","slug":"szintentarto-tanfolyam","status":"publish","type":"page","link":"https:\/\/semmelweis.hu\/parodontologia\/oktatas\/posztgradualis-kepzes\/szintentarto-tanfolyam\/","title":{"rendered":"Szintentart\u00f3 tanfolyam"},"content":{"rendered":"<p>Szintentart\u00f3 tanfolyamok<\/p>\n<p>A szakorvosok \u00f6t\u00e9ves k\u00e9pz\u00e9si ciklusuk sor\u00e1n egy k\u00f6telez\u0151 szintentart\u00f3 tanfolyamon r\u00e9szt kell, hogy vegyenek. Ez a k\u00e9pz\u00e9s nem v\u00e1lthat\u00f3 ki m\u00e1s tanfolyammal. A tanfolyamokra jelentkez\u00e9s kiz\u00e1r\u00f3lag az <a href=\"http:\/\/www.oftex.hu\/\" target=\"_blank\" rel=\"noopener noreferrer\">Oftex\u00a0<\/a>oldal\u00e1n t\u00f6rt\u00e9nik. <a href=\"https:\/\/www.enkk.hu\/index.php\/hun\/szakkepzes-tamogatasi-foosztaly\/tovabbkepzesek-minositese\/ofgyk-tovabbkepzes\" target=\"_blank\" rel=\"noopener noreferrer\">Az erre vonatkoz\u00f3 jogszab\u00e1ly megtekinthet\u0151 ide kattintva.<\/a><\/p>\n<p>A 2025- 2030 tov\u00e1bbk\u00e9pz\u00e9si ciklusban Klinik\u00e1nk oktat\u00f3i az al\u00e1bbi tematik\u00e1j\u00fa tanfolyamot tartj\u00e1k:<\/p>\n<p><strong>A fogorvostudom\u00e1ny aktu\u00e1lis k\u00e9rd\u00e9sei szekci\u00f3ban<\/strong><\/p>\n<p>Parodont\u00e1lis megbeteged\u00e9sek \u00faj klasszifik\u00e1ci\u00f3ja, interdiszciplin\u00e1ris diagnosztikai \u00e9s ter\u00e1pi\u00e1s megfontol\u00e1sok a protetika, implantol\u00f3gia \u00e9s orthodoncia\u00a0ter\u00fclet\u00e9n\u00a0 (35 perc) \/ Prof. Windisch P\u00e9ter<\/p>\n<p><strong>A Dento-alveol\u00e1ris seb\u00e9szet, Parodontol\u00f3gia szekci\u00f3ban<\/strong><\/p>\n<table style=\"width: 87.4954%\" width=\"744\">\n<tbody>\n<tr>\n<td style=\"width: 2.83019%\" width=\"21\">\u00a0<\/td>\n<td style=\"width: 61.8088%\" width=\"477\"><strong>T\u00e9mak\u00f6r<\/strong><\/td>\n<td style=\"width: 72.3334%\" width=\"246\"><strong>El\u0151ad\u00f3<\/strong><\/td>\n<\/tr>\n<tr>\n<td style=\"width: 2.83019%\">1.<\/td>\n<td style=\"width: 61.8088%\" width=\"477\">Parodont\u00e1lis medicina<\/td>\n<td style=\"width: 72.3334%\" width=\"246\">Prof. Dr. Gera Istv\u00e1n<\/td>\n<\/tr>\n<tr>\n<td style=\"width: 2.83019%\">2.<\/td>\n<td style=\"width: 61.8088%\" width=\"477\">III. st\u00e1dium\u00fa furk\u00e1ci\u00f3 \u00e9rintett fogak komplex seb\u00e9szi \u00e9s protetikai ell\u00e1t\u00e1sa hossz\u00fat\u00e1v\u00fa eredm\u00e9nyek<\/td>\n<td style=\"width: 72.3334%\" width=\"246\">Dr. Nagy P\u00e1l<\/td>\n<\/tr>\n<tr>\n<td style=\"width: 2.83019%\">3.<\/td>\n<td style=\"width: 61.8088%\">PRF alkalmaz\u00e1sa a parodont\u00e1lis seb\u00e9szetben<\/td>\n<td style=\"width: 72.3334%\" width=\"246\">Dr. Csif\u00f3-Nagy Bor\u00f3ka<\/td>\n<\/tr>\n<tr>\n<td style=\"width: 2.83019%\">4.<\/td>\n<td style=\"width: 61.8088%\" width=\"477\">Lokaliz\u00e1lt \u00ednymegnyagyobbod\u00e1sok elt\u00e1vol\u00edt\u00e1sa \u00e9s egyidej\u0171 parodont\u00e1lis plasztikai seb\u00e9szeti rekonstrukci\u00f3ja<\/td>\n<td style=\"width: 72.3334%\" width=\"246\">Dr. Moln\u00e1r B\u00e1lint<\/td>\n<\/tr>\n<tr>\n<td style=\"width: 2.83019%\">5.<\/td>\n<td style=\"width: 61.8088%\">Parodontol\u00f3giai p\u00e1ciensek implant\u00e1ci\u00f3s lehet\u0151s\u00e9gei<\/td>\n<td style=\"width: 72.3334%\" width=\"246\">Dr. Horv\u00e1th Attila<\/td>\n<\/tr>\n<tr>\n<td style=\"width: 2.83019%\">6.<\/td>\n<td style=\"width: 61.8088%\" width=\"477\">Modern digit\u00e1lis elj\u00e1r\u00e1sok alkalmaz\u00e1sa a parodont\u00e1lis diagnosztik\u00e1ban<\/td>\n<td style=\"width: 72.3334%\" width=\"246\">Dr. Palkovics D\u00e1niel<\/td>\n<\/tr>\n<tr>\n<td style=\"width: 2.83019%\">7.<\/td>\n<td style=\"width: 61.8088%\" width=\"477\">Az autol\u00f3g dentin graft rekonstrukci\u00f3s seb\u00e9szetben bet\u00f6lt\u00f6tt szerepe<\/td>\n<td style=\"width: 72.3334%\">Dr. S\u00f3lyom Eleon\u00f3ra<\/td>\n<\/tr>\n<\/tbody>\n<\/table>\n<p>&nbsp;<\/p>\n","protected":false},"excerpt":{"rendered":"<p>Szintentart\u00f3 tanfolyamok A szakorvosok \u00f6t\u00e9ves k\u00e9pz\u00e9si ciklusuk sor\u00e1n egy k\u00f6telez\u0151 szintentart\u00f3 tanfolyamon r\u00e9szt kell, hogy vegyenek. Ez a k\u00e9pz\u00e9s nem v\u00e1lthat\u00f3 ki m\u00e1s tanfolyammal. A tanfolyamokra jelentkez\u00e9s kiz\u00e1r\u00f3lag az <a href=\"http:\/\/www.oftex.hu\/\" target=\"_blank\" rel=\"noopener noreferrer\">Oftex\u00a0<\/a> oldal\u00e1n t\u00f6rt\u00e9nik. <a href=\"https:\/\/www.enkk.hu\/index.php\/hun\/szakkepzes-tamogatasi-foosztaly\/tovabbkepzesek-minositese\/ofgyk-tovabbkepzes\" target=\"_blank\" rel=\"noopener noreferrer\">Az erre vonatkoz\u00f3 jogszab\u00e1ly megtekinthet\u0151 ide kattintva.<\/a> A 2025- 2030 tov\u00e1bbk\u00e9pz\u00e9si ciklusban Klinik\u00e1nk oktat\u00f3i az al\u00e1bbi tematik\u00e1j\u00fa tanfolyamot tartj\u00e1k: A fogorvostudom\u00e1ny aktu\u00e1lis k\u00e9rd\u00e9sei szekci\u00f3ban Parodont\u00e1lis megbeteged\u00e9sek \u00faj klasszifik\u00e1ci\u00f3ja, interdiszciplin\u00e1ris diagnosztikai \u00e9s &hellip;<\/p>\n","protected":false},"author":356,"featured_media":0,"parent":481,"menu_order":2,"comment_status":"closed","ping_status":"closed","template":"","meta":{"_acf_changed":false,"footnotes":""},"categories":[],"tags":[],"class_list":["post-3468","page","type-page","status-publish","hentry"],"acf":[],"_links":{"self":[{"href":"https:\/\/semmelweis.hu\/parodontologia\/wp-json\/wp\/v2\/pages\/3468","targetHints":{"allow":["GET"]}}],"collection":[{"href":"https:\/\/semmelweis.hu\/parodontologia\/wp-json\/wp\/v2\/pages"}],"about":[{"href":"https:\/\/semmelweis.hu\/parodontologia\/wp-json\/wp\/v2\/types\/page"}],"author":[{"embeddable":true,"href":"https:\/\/semmelweis.hu\/parodontologia\/wp-json\/wp\/v2\/users\/356"}],"replies":[{"embeddable":true,"href":"https:\/\/semmelweis.hu\/parodontologia\/wp-json\/wp\/v2\/comments?post=3468"}],"version-history":[{"count":7,"href":"https:\/\/semmelweis.hu\/parodontologia\/wp-json\/wp\/v2\/pages\/3468\/revisions"}],"predecessor-version":[{"id":4843,"href":"https:\/\/semmelweis.hu\/parodontologia\/wp-json\/wp\/v2\/pages\/3468\/revisions\/4843"}],"up":[{"embeddable":true,"href":"https:\/\/semmelweis.hu\/parodontologia\/wp-json\/wp\/v2\/pages\/481"}],"wp:attachment":[{"href":"https:\/\/semmelweis.hu\/parodontologia\/wp-json\/wp\/v2\/media?parent=3468"}],"wp:term":[{"taxonomy":"category","embeddable":true,"href":"https:\/\/semmelweis.hu\/parodontologia\/wp-json\/wp\/v2\/categories?post=3468"},{"taxonomy":"post_tag","embeddable":true,"href":"https:\/\/semmelweis.hu\/parodontologia\/wp-json\/wp\/v2\/tags?post=3468"}],"curies":[{"name":"wp","href":"https:\/\/api.w.org\/{rel}","templated":true}]}}