{"id":262,"date":"2016-01-26T00:00:00","date_gmt":"2016-01-25T23:00:00","guid":{"rendered":"http:\/\/semmelweis.hu\/ortopedklinika\/01_profiljaink_konzervativrehabilitacio\/"},"modified":"2022-10-07T13:51:45","modified_gmt":"2022-10-07T11:51:45","slug":"profiljaink_konzervativrehabilitacio","status":"publish","type":"page","link":"https:\/\/semmelweis.hu\/ortopedklinika\/profiljaink-lista\/profiljaink_konzervativrehabilitacio\/","title":{"rendered":"Konzervat\u00edv &#8211; rehabilit\u00e1ci\u00f3s profil"},"content":{"rendered":"<p><img loading=\"lazy\" decoding=\"async\" class=\"aligncenter\" src=\"https:\/\/semmelweis.hu\/ortopedklinika\/files\/2016\/01\/konzrehab01.jpg\" alt=\"\" width=\"600\" height=\"300\" \/><\/p>\n<p style=\"text-align: justify\">Klinik\u00e1nkon \u00e9vtizedek \u00f3ta l\u00e9nyeges szerep jut a mozg\u00e1sszervi betegek konzervat\u00edv kezel\u00e9s\u00e9nek. Ennek oka kor\u00e1bban els\u0151sorban az volt, hogy nem minden esetben \u00e1llt rendelkez\u00e9sre modern m\u0171t\u00e9ti megold\u00e1s (p\u00e9ld\u00e1ul prot\u00e9zis be\u00fcltet\u00e9s) a mozg\u00e1sszervi betegs\u00e9gek kezel\u00e9s\u00e9re. Napjainkban egyr\u00e9szt azokat a betegeket kezelj\u00fck, akikn\u00e9l a k\u00f3rk\u00e9p nem ig\u00e9nyel m\u0171t\u00e9ti beavatkoz\u00e1st, azonban k\u00f3rh\u00e1zi ell\u00e1t\u00e1st igen, m\u00e1sr\u00e9szt jelent\u0151s a m\u0171t\u00e9t ut\u00e1n rehabilit\u00e1ci\u00f3s tev\u00e9kenys\u00e9g\u00fcnk is.<\/p>\n<p style=\"text-align: justify\">A legfontosabb betegs\u00e9gek, melyeket konzervat\u00edvan kezel\u00fcnk a s\u00falyos, f\u0151leg tehervisel\u0151 \u00edz\u00fcletek gyullad\u00e1sa, kop\u00e1sa, csontritkul\u00e1sos (osteoporoticus) eredet\u0171 csigolya t\u00f6r\u00e9sek (compressi\u00f3k), degenerat\u00edv, kop\u00e1sos gerinc elv\u00e1ltoz\u00e1sok, gerinscsatorna sz\u0171k\u00fclet (stenosis canalis spinalis) okozta f\u00e1jdalmak.<\/p>\n<p style=\"text-align: justify\">Ezen megbeteged\u00e9sek akut f\u00e1jdalm\u00e1nak csillap\u00edt\u00e1sa mellett, a fizioter\u00e1pia, gy\u00f3gytorna alkalmaz\u00e1s\u00e1val, miel\u0151bb visszanyerhet\u0151 a beteg mozg\u00e1sk\u00e9szs\u00e9ge, mely az id\u0151s beteg \u00f6nell\u00e1t\u00e1s\u00e1nak, \u00f6n\u00e1ll\u00f3 \u00e9letvitel\u00e9nek el\u0151felt\u00e9tele.<br \/>\nEzt a szeml\u00e9letet t\u00fckr\u00f6zi az ut\u00f3bbi \u00e9vtizedekben haz\u00e1nkban is teret nyert rehabilit\u00e1ci\u00f3s kezel\u00e9sek , oszt\u00e1lyok bevezet\u00e9se.<\/p>\n<p style=\"text-align: justify\">Klinik\u00e1nkon is m\u0171k\u00f6d\u0151 rehabilit\u00e1ci\u00f3s r\u00e9szlegre ker\u00fcl\u0151 betegek a feln\u0151tt ambulanci\u00e1kr\u00f3l, ortop\u00e9diai \u00e9s reumatol\u00f3giai szakvizsg\u00e1latot, kivizsg\u00e1l\u00e1st k\u00f6vet\u0151en ker\u00fclnek el\u0151jegyz\u00e9sre.<\/p>\n<p style=\"text-align: justify\">A betegek \u00e9letkor\u00e1b\u00f3l ered\u0151en sz\u00fcks\u00e9g szerint szakir\u00e1ny\u00fa belgy\u00f3gy\u00e1szati konz\u00edlium, ter\u00e1pia m\u00f3dos\u00edt\u00e1s el\u0151zi meg a felv\u00e9telt, mivel az eredm\u00e9nyes mozg\u00e1sszervi rehabilit\u00e1ci\u00f3 alapfelt\u00e9tele a stabil kardio-respiratorikus status. Ennek kivitelez\u00e9s\u00e9hez a beteg H\u00e1ziorvos\u00e1nak seg\u00edts\u00e9ge, akt\u00edv k\u00f6zrem\u0171k\u00f6d\u00e9se elengedhetetlen, hiszen k\u00f6z\u00f6s c\u00e9lunk a betegek mozg\u00e1sk\u00e9szs\u00e9g\u00e9nek, munkak\u00e9pess\u00e9g\u00e9nek vissza\u00e1ll\u00edt\u00e1sa. Az el\u0151jegyz\u00e9s alapj\u00e1n felvett betegek megfelel\u0151 f\u00e1jdalom \u00e9s gyullad\u00e1scs\u00f6kkent\u00e9s mellett \u00e1llapotuknak megfelel\u0151en egy\u00e9ni, csoportos gy\u00f3gytorn\u00e1n, v\u00edz alatti torn\u00e1n, elektroter\u00e1pi\u00e1s kezel\u00e9seken vesznek r\u00e9szt.<\/p>\n<p style=\"text-align: justify\">T\u00e1voz\u00e1sukkor a tov\u00e1bbi sz\u00fcks\u00e9g szerinti ter\u00e1pi\u00e1ra, otthoni beteg\u00e1pol\u00e1s keret\u00e9n bel\u00fcli kezel\u00e9sre vonatkoz\u00f3 javaslattal t\u00e1voznak. Az id\u0151s, sokszor egyed\u00fcl \u00e9l\u0151 beteg ig\u00e9nye, \u00e1llapota szerint mentalhigi\u00e9n\u00e9s munkat\u00e1rsunk otthoni, vagy tov\u00e1bbi int\u00e9zm\u00e9nyi \u00e1pol\u00e1s szervez\u00e9s\u00e9ben ny\u00fajt seg\u00edts\u00e9get.<\/p>\n","protected":false},"excerpt":{"rendered":"<p>Klinik\u00e1nkon \u00e9vtizedek \u00f3ta l\u00e9nyeges szerep jut a mozg\u00e1sszervi betegek konzervat\u00edv kezel\u00e9s\u00e9nek. Ennek oka kor\u00e1bban els\u0151sorban az volt, hogy nem minden esetben \u00e1llt rendelkez\u00e9sre modern m\u0171t\u00e9ti megold\u00e1s (p\u00e9ld\u00e1ul prot\u00e9zis be\u00fcltet\u00e9s) a mozg\u00e1sszervi betegs\u00e9gek kezel\u00e9s\u00e9re. Napjainkban egyr\u00e9szt azokat a betegeket kezelj\u00fck, akikn\u00e9l a k\u00f3rk\u00e9p nem ig\u00e9nyel m\u0171t\u00e9ti beavatkoz\u00e1st, azonban k\u00f3rh\u00e1zi ell\u00e1t\u00e1st igen, m\u00e1sr\u00e9szt jelent\u0151s a m\u0171t\u00e9t ut\u00e1n &hellip;<\/p>\n","protected":false},"author":1,"featured_media":0,"parent":255,"menu_order":9,"comment_status":"closed","ping_status":"closed","template":"","meta":{"_acf_changed":false,"footnotes":""},"categories":[],"tags":[],"class_list":["post-262","page","type-page","status-publish","hentry"],"acf":[],"_links":{"self":[{"href":"https:\/\/semmelweis.hu\/ortopedklinika\/wp-json\/wp\/v2\/pages\/262","targetHints":{"allow":["GET"]}}],"collection":[{"href":"https:\/\/semmelweis.hu\/ortopedklinika\/wp-json\/wp\/v2\/pages"}],"about":[{"href":"https:\/\/semmelweis.hu\/ortopedklinika\/wp-json\/wp\/v2\/types\/page"}],"author":[{"embeddable":true,"href":"https:\/\/semmelweis.hu\/ortopedklinika\/wp-json\/wp\/v2\/users\/1"}],"replies":[{"embeddable":true,"href":"https:\/\/semmelweis.hu\/ortopedklinika\/wp-json\/wp\/v2\/comments?post=262"}],"version-history":[{"count":3,"href":"https:\/\/semmelweis.hu\/ortopedklinika\/wp-json\/wp\/v2\/pages\/262\/revisions"}],"predecessor-version":[{"id":2612,"href":"https:\/\/semmelweis.hu\/ortopedklinika\/wp-json\/wp\/v2\/pages\/262\/revisions\/2612"}],"up":[{"embeddable":true,"href":"https:\/\/semmelweis.hu\/ortopedklinika\/wp-json\/wp\/v2\/pages\/255"}],"wp:attachment":[{"href":"https:\/\/semmelweis.hu\/ortopedklinika\/wp-json\/wp\/v2\/media?parent=262"}],"wp:term":[{"taxonomy":"category","embeddable":true,"href":"https:\/\/semmelweis.hu\/ortopedklinika\/wp-json\/wp\/v2\/categories?post=262"},{"taxonomy":"post_tag","embeddable":true,"href":"https:\/\/semmelweis.hu\/ortopedklinika\/wp-json\/wp\/v2\/tags?post=262"}],"curies":[{"name":"wp","href":"https:\/\/api.w.org\/{rel}","templated":true}]}}