{"id":2202,"date":"2022-02-02T23:41:11","date_gmt":"2022-02-02T22:41:11","guid":{"rendered":"https:\/\/semmelweis.hu\/ortopedklinika\/?page_id=2202"},"modified":"2022-07-10T23:18:28","modified_gmt":"2022-07-10T21:18:28","slug":"a-programban-fokozatot-szerzett-hallgatok-listaja","status":"publish","type":"page","link":"https:\/\/semmelweis.hu\/ortopedklinika\/phd-kepzes\/phd-program\/a-programban-fokozatot-szerzett-hallgatok-listaja\/","title":{"rendered":"A programban fokozatot szerzett hallgat\u00f3k list\u00e1ja"},"content":{"rendered":"<p><strong>44. Dr. Kaszap Bal\u00e1zs<\/strong><\/p>\n<p><a href=\"https:\/\/doktori.hu\/index.php?menuid=193&amp;lang=HU&amp;vid=24824\">Az artr\u00f3zis kialakul\u00e1sa \u00e9s seb\u00e9szeti kezel\u00e9se a k\u00e9zben<\/a><\/p>\n<p><em>T\u00e9mavezet\u0151:<\/em> Dr. Skaliczki G\u00e1bor<\/p>\n<div>\n<p class=\"Listaszerbekezds1\"><i>A fokozatszerz\u00e9s \u00e9ve:<\/i> 2022.<\/p>\n<\/div>\n<p>&nbsp;<\/p>\n<p><strong>43. Kert\u00e9szn\u00e9 Dr. N\u00e9meth Bernadett<\/strong><\/p>\n<p><a href=\"https:\/\/doktori.hu\/index.php?menuid=193&amp;lang=HU&amp;vid=23897\">\u00c9p \u00e9s mozg\u00e1sukban s\u00e9r\u00fclt profi kajakoz\u00f3 sportol\u00f3k biomechanikai mozg\u00e1selemz\u00e9se \u00e9s \u00f6sszehasonl\u00edt\u00f3 vizsg\u00e1lata h\u00e1romdimenzi\u00f3s kamerarendszer haszn\u00e1lat\u00e1val<\/a><\/p>\n<p><em>T\u00e9mavezet\u0151:<\/em> Dr. Bejek Zolt\u00e1n<\/p>\n<p><i>A fokozatszerz\u00e9s \u00e9ve:<\/i> 2021.<\/p>\n<p>&nbsp;<\/p>\n<p><strong>42. Szita J\u00falia<\/strong><\/p>\n<p><a href=\"https:\/\/doktori.hu\/index.php?menuid=193&amp;lang=HU&amp;vid=23266\">Factors in childhood and adulthood influencing the development and treatment of low back pain<\/a><\/p>\n<p><em>T\u00e9mavezet\u0151:<\/em> Dr. Laz\u00e1ry \u00c1ron<\/p>\n<p><em>A fokozatszerz\u00e9s \u00e9ve:<\/em> 2021.<\/p>\n<p>&nbsp;<\/p>\n<p><strong>41. Dr. K\u0151v\u00e1ri Eszter<\/strong><\/p>\n<p><a class=\"link\" href=\"https:\/\/doktori.hu\/index.php?menuid=193&amp;lang=HU&amp;vid=22724\">Komorbidit\u00e1sok vizsg\u00e1lata generaliz\u00e1lt osteoarthrosisban<\/a><\/p>\n<div>\n<p class=\"Listaszerbekezds1CxSpFirst\"><i>T\u00e9mavezet\u0151:<\/i> Dr. B\u00e1lint P\u00e9ter<\/p>\n<\/div>\n<div>\n<p class=\"Listaszerbekezds1CxSpLast\"><i>A fokozatszerz\u00e9s \u00e9ve:<\/i> 2021.<\/p>\n<\/div>\n<p>&nbsp;<\/p>\n<p><strong>40. Dr. \u00c9ltes P\u00e9ter<\/strong><\/p>\n<p><a class=\"link\" href=\"https:\/\/doktori.hu\/index.php?menuid=193&amp;lang=HU&amp;vid=22090\">\u201eImplementation of In Silico Biomechanical Methods in Spine Surgery Innovations\u201d<\/a><\/p>\n<div>\n<p class=\"Listaszerbekezds1CxSpFirst\"><i>T\u00e9mavezet\u0151:<\/i> Dr. Laz\u00e1ry \u00c1ron<\/p>\n<\/div>\n<div>\n<p class=\"Listaszerbekezds1CxSpLast\"><i>A fokozatszerz\u00e9s \u00e9ve:<\/i> 2020.<\/p>\n<\/div>\n<p>&nbsp;<\/p>\n<p><strong>39. Dr. Schandl K\u00e1roly<\/strong><\/p>\n<p><a class=\"link\" href=\"https:\/\/doktori.hu\/index.php?menuid=193&amp;lang=HU&amp;vid=19906\">A BoneAlbumin felt\u00f6lt\u00e9s cs\u00f6kkenti a donor-ter\u00fcleti panaszokat patella-\u00ednnal v\u00e9gzett el\u00fcls\u0151 keresztszalag rekonstrukci\u00f3t k\u00f6vet\u0151en<\/a><\/p>\n<div>\n<p class=\"Listaszerbekezds1CxSpFirst\"><i>T\u00e9mavezet\u0151:<\/i> Dr. Lacza Zsombor<\/p>\n<\/div>\n<div>\n<p class=\"Listaszerbekezds1CxSpLast\"><i>A fokozatszerz\u00e9s \u00e9ve:<\/i> 2019.<\/p>\n<\/div>\n<p>&nbsp;<\/p>\n<p><strong>38. Dr. Szalay Kriszti\u00e1n<\/strong><\/p>\n<p><a class=\"link\" href=\"https:\/\/doktori.hu\/index.php?menuid=193&amp;lang=HU&amp;vid=19132\">A csontp\u00f3tl\u00e1s klinikai \u00e9s k\u00eds\u00e9rletes vizsg\u00e1lata<\/a><\/p>\n<div>\n<p class=\"Listaszerbekezds1CxSpFirst\"><i>T\u00e9mavezet\u0151:<\/i> Prof. Dr. Szendr\u0151i Mikl\u00f3s<\/p>\n<\/div>\n<div>\n<p class=\"Listaszerbekezds1CxSpLast\"><i>A fokozatszerz\u00e9s \u00e9ve:<\/i> 2018.<\/p>\n<\/div>\n<p>&nbsp;<\/p>\n<p><strong>37. Dr. Turcs\u00e1nyi Istv\u00e1n<\/strong><\/p>\n<p><a class=\"link\" href=\"https:\/\/doktori.hu\/index.php?menuid=193&amp;lang=HU&amp;vid=19139\">A fels\u0151 v\u00e9gtag seb\u00e9szi rehabilit\u00e1ci\u00f3ja tetraplegi\u00e1s betegekn\u00e9l: a k\u00f6ny\u00f6kny\u00fajt\u00e1s, a markol\u00e1s \u00e9s a kulcsfog\u00e1s helyre\u00e1ll\u00edt\u00e1sa<\/a><\/p>\n<div>\n<p class=\"Listaszerbekezds1CxSpFirst\"><i>T\u00e9mavezet\u0151:<\/i> Prof. Dr. Sz\u0151ke Gy\u00f6rgy<\/p>\n<\/div>\n<div>\n<p class=\"Listaszerbekezds1CxSpLast\"><i>A fokozatszerz\u00e9s \u00e9ve:<\/i> 2018.<\/p>\n<\/div>\n<p>&nbsp;<\/p>\n<p><strong>36. Dr. L\u0151rincz-P\u00e9ter Orsolya<\/strong><\/p>\n<p><a class=\"link\" href=\"https:\/\/doktori.hu\/index.php?menuid=193&amp;lang=HU&amp;vid=18829\">Robot \u00e1ltal t\u00e1mogatott ter\u00e1pia hat\u00e1soss\u00e1g\u00e1nak vizsg\u00e1lata stroke &#8211; on \u00e1tesett betegek fels\u0151 v\u00e9gtagi funkci\u00f3j\u00e1nak jav\u00edt\u00e1s\u00e1ra<\/a><\/p>\n<div>\n<p class=\"Listaszerbekezds1CxSpFirst\"><i>T\u00e9mavezet\u0151:<\/i> Dr. Fazekas G\u00e1bor<\/p>\n<\/div>\n<div>\n<p class=\"Listaszerbekezds1CxSpLast\"><i>A fokozatszerz\u00e9s \u00e9ve:<\/i> 2018.<\/p>\n<\/div>\n<p>&nbsp;<\/p>\n<p><strong>35. Dr. Zsiga Katalin<\/strong><\/p>\n<p><a class=\"link\" href=\"https:\/\/doktori.hu\/index.php?menuid=193&amp;lang=HU&amp;vid=18731\">Id\u0151seket saj\u00e1t otthonukban t\u00e1mogat\u00f3 szervizrobot fejleszt\u00e9se \u00e9s terepvizsg\u00e1lata<\/a><\/p>\n<div>\n<p class=\"Listaszerbekezds1CxSpFirst\"><i>T\u00e9mavezet\u0151:<\/i> Dr. Fazekas G\u00e1bor<\/p>\n<\/div>\n<div>\n<p class=\"Listaszerbekezds1CxSpLast\"><i>A fokozatszerz\u00e9s \u00e9ve:<\/i> 2018.<\/p>\n<\/div>\n<p>&nbsp;<\/p>\n<p><strong>34. Dr. Klemencsics Istv\u00e1n<\/strong><\/p>\n<p><a class=\"link\" href=\"https:\/\/doktori.hu\/index.php?menuid=193&amp;lang=HU&amp;vid=18422\">Elekt\u00edv lumb\u00e1lis gerinc m\u0171t\u00e9t ut\u00e1ni szeptikus sz\u00f6v\u0151dm\u00e9ny rizik\u00f3becsl\u00e9se \u00e9s a komplik\u00e1ci\u00f3 kezel\u00e9s\u00e9nek hossz\u00fa t\u00e1v\u00fa eredm\u00e9nyess\u00e9ge<\/a><\/p>\n<div>\n<p class=\"Listaszerbekezds1CxSpFirst\"><i>T\u00e9mavezet\u0151:<\/i> Dr. Laz\u00e1ry \u00c1ron<\/p>\n<\/div>\n<div>\n<p class=\"Listaszerbekezds1CxSpLast\"><i>A fokozatszerz\u00e9s \u00e9ve:<\/i> 2018.<\/p>\n<\/div>\n<p>&nbsp;<\/p>\n<p><strong>33. Dr.\u00a0Horv\u00e1thy D\u00e9nes<\/strong><\/p>\n<p><a class=\"link\" href=\"https:\/\/doktori.hu\/index.php?menuid=193&amp;lang=HU&amp;vid=17877\">A sz\u00e9rum albumin regenerat\u00edv hat\u00e1sai a t\u00e1maszt\u00f3 \u00e9s mozgat\u00f3 szervrendszerben<\/a><\/p>\n<div>\n<p class=\"Listaszerbekezds1CxSpFirst\"><i>T\u00e9mavezet\u0151:<\/i> Dr. Lacza Zsombor<\/p>\n<\/div>\n<div>\n<p class=\"Listaszerbekezds1CxSpLast\"><i>A fokozatszerz\u00e9s \u00e9ve:<\/i> 2017.<\/p>\n<\/div>\n<p>&nbsp;<\/p>\n<p><strong>32. Dr. Zah\u00e1r \u00c1kos<\/strong><\/p>\n<p><a class=\"link\" href=\"https:\/\/doktori.hu\/index.php?menuid=193&amp;lang=HU&amp;vid=17610\">A periprotetikus \u00edz\u00fcleti infekci\u00f3k diagnosztik\u00e1ja \u00e9s kezel\u00e9se<\/a><\/p>\n<div>\n<p class=\"Listaszerbekezds1CxSpFirst\"><i>T\u00e9mavezet\u0151:<\/i> Prof. Szendr\u0151i Mikl\u00f3s, Dr. Skaliczki G\u00e1bor<\/p>\n<\/div>\n<div>\n<p class=\"Listaszerbekezds1CxSpLast\"><i>A fokozatszerz\u00e9s \u00e9ve:<\/i> 2017.<\/p>\n<\/div>\n<p>&nbsp;<\/p>\n<p><strong>31. Dr. Sz\u00f6v\u00e9rfi Zsolt<\/strong><\/p>\n<p><a class=\"link\" href=\"https:\/\/doktori.hu\/index.php?menuid=193&amp;lang=HU&amp;vid=17366\">Predictors of Mortality and Local Recurrence in the Surgical Management of Primary Tumors of the Spine<\/a><\/p>\n<div>\n<p class=\"Listaszerbekezds1CxSpFirst\"><i>T\u00e9mavezet\u0151:<\/i> Dr. Laz\u00e1ry \u00c1ron<\/p>\n<\/div>\n<div>\n<p class=\"Listaszerbekezds1CxSpLast\"><i>A fokozatszerz\u00e9s \u00e9ve:<\/i> 2017.<\/p>\n<\/div>\n<p>&nbsp;<\/p>\n<p><strong>30. Dr. Hangody Gy\u00f6rgy M\u00e1rk<\/strong><\/p>\n<p><a class=\"link\" href=\"https:\/\/doktori.hu\/index.php?menuid=193&amp;lang=HU&amp;vid=17340\">El\u00fcls\u0151 keresztszalag p\u00f3tl\u00e1s\u00e1ra felhaszn\u00e1lhat\u00f3 hum\u00e1n allograftok biomechanikai vizsg\u00e1lata<\/a><\/p>\n<div>\n<p class=\"Listaszerbekezds1CxSpFirst\"><i>T\u00e9mavezet\u0151:<\/i> Dr. Pap K\u00e1roly<\/p>\n<\/div>\n<div>\n<p class=\"Listaszerbekezds1CxSpLast\"><i>A fokozatszerz\u00e9s \u00e9ve:<\/i> 2017.<\/p>\n<\/div>\n<p>&nbsp;<\/p>\n<p><strong>29. Dr.\u00a0Holnapy Gergely<\/strong><\/p>\n<p><a class=\"link\" href=\"https:\/\/doktori.hu\/index.php?menuid=193&amp;lang=HU&amp;vid=16346\">A k\u00fcl\u00f6nb\u00f6z\u0151 t\u00edpus\u00fa cs\u00edp\u0151\u00edz\u00fcleti felt\u00e1r\u00e1s ok hat\u00e1sa a dinamikus egyens\u00falyoz\u00f3 k\u00e9pess\u00e9gre \u00e9s a j\u00e1r\u00e1s szab\u00e1lyoss\u00e1g\u00e1ra a cs\u00edp\u0151prot\u00e9zis be\u00fcltet\u00e9s \u00e9 t k\u00f6vet\u0151 hat h\u00f3nap sor\u00e1n<\/a><\/p>\n<div>\n<p class=\"Listaszerbekezds1CxSpFirst\"><i>T\u00e9mavezet\u0151:<\/i> Dr. Kiss Rita<\/p>\n<\/div>\n<div>\n<p class=\"Listaszerbekezds1CxSpLast\"><i>A fokozatszerz\u00e9s \u00e9ve:<\/i> 2016.<\/p>\n<\/div>\n<p>&nbsp;<\/p>\n<p><strong>28. Dr. V\u00e9gv\u00e1ri D\u00f3ra<\/strong><\/p>\n<p><a class=\"link\" href=\"https:\/\/doktori.hu\/index.php?menuid=193&amp;lang=HU&amp;vid=16243\">Long &#8211; term results after single event multilevel surgery for the correction of gait disorders in spastic diplegic cerebral palsy&#8221;<\/a><\/p>\n<div>\n<p class=\"Listaszerbekezds1CxSpFirst\"><i>T\u00e9mavezet\u0151:<\/i> Prof. Dr. Sz\u0151ke Gy\u00f6rgy<\/p>\n<\/div>\n<div>\n<p class=\"Listaszerbekezds1CxSpLast\"><i>A fokozatszerz\u00e9s \u00e9ve:<\/i> 2016.<\/p>\n<\/div>\n<p>&nbsp;<\/p>\n<p><strong>27. Dr. Fl\u00f3ris Istv\u00e1n<\/strong><\/p>\n<p><a class=\"link\" href=\"https:\/\/doktori.hu\/index.php?menuid=193&amp;lang=HU&amp;vid=15365\">Cs\u00edp\u0151\u00edz\u00fclet k\u00f6r\u00fcli t\u00f6r\u00e9sek r\u00f6gz\u00edt\u00e9s\u00e9nek k\u00eds\u00e9rletes \u00e9s klinikai elemz\u00e9se<\/a><\/p>\n<div>\n<p class=\"Listaszerbekezds1CxSpFirst\"><i>T\u00e9mavezet\u0151:<\/i> Dr. Cserh\u00e1ti P\u00e9ter<\/p>\n<\/div>\n<div>\n<p class=\"Listaszerbekezds1CxSpLast\"><i>A fokozatszerz\u00e9s \u00e9ve:<\/i> 2016.<\/p>\n<\/div>\n<p>&nbsp;<\/p>\n<p><strong>26. Dr. Valasek Tam\u00e1s<\/strong><\/p>\n<p><a class=\"link\" href=\"https:\/\/doktori.hu\/index.php?menuid=193&amp;lang=HU&amp;vid=14626\">A der\u00e9kf\u00e1jdalom k\u00f6vetkezt\u00e9ben kialakul\u00f3 funkci\u00f3cs\u00f6kken\u00e9s vizsg\u00e1lat\u00e1nak lehet\u0151s\u00e9gei, \u00f6nkit\u00f6lt\u0151s \u00e1llapotfelm\u00e9r\u0151 k\u00e9rd\u0151\u00edvek seg\u00edts\u00e9g\u00e9vel<\/a><\/p>\n<div>\n<p class=\"Listaszerbekezds1CxSpFirst\"><i>T\u00e9mavezet\u0151:<\/i> Dr. Laz\u00e1ry \u00c1ron<\/p>\n<\/div>\n<div>\n<p class=\"Listaszerbekezds1CxSpLast\"><i>A fokozatszerz\u00e9s \u00e9ve:<\/i> 2015.<\/p>\n<\/div>\n<p>&nbsp;<\/p>\n<p><strong>25. Dr. Kl\u00e1ra Tam\u00e1s<\/strong><\/p>\n<p><a class=\"link\" href=\"https:\/\/doktori.hu\/index.php?menuid=193&amp;lang=HU&amp;vid=14911\">Hum\u00e1n albuminnal kezelt struktur\u00e1lis liofiliz\u00e1lt allograftokkal szerzett klinikai tapasztalatok cs\u00edp\u0151 \u00e9s t\u00e9rdprot\u00e9zis rev\u00edzi\u00f3k sor\u00e1n<\/a><\/p>\n<div>\n<p class=\"Listaszerbekezds1CxSpFirst\"><i>T\u00e9mavezet\u0151:<\/i> Dr. Lacza Zsombor<\/p>\n<\/div>\n<div>\n<p class=\"Listaszerbekezds1CxSpLast\"><i>A fokozatszerz\u00e9s \u00e9ve:<\/i> 2015.<\/p>\n<\/div>\n<p>&nbsp;<\/p>\n<p><strong>24. Dr. Berki S\u00e1ndor<\/strong><\/p>\n<p><a class=\"link\" href=\"https:\/\/doktori.hu\/index.php?menuid=193&amp;lang=HU&amp;vid=14276\">Csont \u00e9s l\u00e1gyr\u00e9sz sz\u00f6veti reakci\u00f3k v\u00e9gtagi elong\u00e1ci\u00f3 sor\u00e1n \u00e1llatk\u00eds\u00e9rletes modellen vizsg\u00e1lva<\/a><\/p>\n<div>\n<p class=\"Listaszerbekezds1CxSpFirst\"><i>T\u00e9mavezet\u0151:<\/i> Prof. Sz\u0151ke Gy\u00f6rgy<\/p>\n<\/div>\n<div>\n<p class=\"Listaszerbekezds1CxSpLast\"><i>A fokozatszerz\u00e9s \u00e9ve:<\/i> 2015.<\/p>\n<\/div>\n<p>&nbsp;<\/p>\n<p><strong>23. Dr. Magyar Oliv\u00e9r M\u00e1ty\u00e1s<\/strong><\/p>\n<p><a class=\"link\" href=\"https:\/\/doktori.hu\/index.php?menuid=193&amp;lang=HU&amp;vid=14220\">J\u00e1r\u00e1svizsg\u00e1lat fiatal eg\u00e9szs\u00e9ges szem\u00e9lyeken, valamint meniscectomia pre- \u00e9s posztoperat\u00edv id\u0151szak\u00e1ban<\/a><\/p>\n<div>\n<p class=\"Listaszerbekezds1CxSpFirst\"><i>T\u00e9mavezet\u0151:<\/i> Dr. Kiss Rita<\/p>\n<\/div>\n<div>\n<p class=\"Listaszerbekezds1CxSpLast\"><i>A fokozatszerz\u00e9s \u00e9ve:<\/i> 2015.<\/p>\n<\/div>\n<p>&nbsp;<\/p>\n<p><strong>22. Dr. Hangody L\u00e1szl\u00f3 Rudolf<\/strong><\/p>\n<p><a class=\"link\" href=\"https:\/\/doktori.hu\/index.php?menuid=193&amp;lang=HU&amp;vid=14061\">Terhel\u0151felsz\u00edni \u00edz\u00fcleti defektusok p\u00f3tl\u00e1sa friss osteochondralis allografttal<\/a><\/p>\n<div>\n<p class=\"Listaszerbekezds1CxSpFirst\"><i>T\u00e9mavezet\u0151:<\/i> Prof. Sz\u0151ke Gy\u00f6rgy<\/p>\n<\/div>\n<div>\n<p class=\"Listaszerbekezds1CxSpLast\"><i>A fokozatszerz\u00e9s \u00e9ve:<\/i> 2015.<\/p>\n<\/div>\n<p>&nbsp;<\/p>\n<p><strong>21. Dr. Skaliczki G\u00e1bor<\/strong><\/p>\n<p><a class=\"link\" href=\"https:\/\/doktori.hu\/index.php?menuid=193&amp;lang=HU&amp;vid=12441\">Csontdefektusok p\u00f3tl\u00e1s\u00e1nak lehet\u0151s\u00e9ge \u00faj t\u00edpus\u00fa csontgraffal<\/a><\/p>\n<div>\n<p class=\"Listaszerbekezds1CxSpFirst\"><i>T\u00e9mavezet\u0151:<\/i> Dr. Lacza Zsombor<\/p>\n<\/div>\n<div>\n<p class=\"Listaszerbekezds1CxSpLast\"><i>A fokozatszerz\u00e9s \u00e9ve:<\/i> 2014.<\/p>\n<\/div>\n<p>&nbsp;<\/p>\n<p><strong>20. Dr. Bodzay Tam\u00e1s<\/strong><\/p>\n<p><a class=\"link\" href=\"https:\/\/doktori.hu\/index.php?menuid=193&amp;lang=HU&amp;vid=9121\">Instabil medencegy\u0171r\u0171-s\u00e9r\u00fcl\u00e9sek m\u0171t\u00e9ti ell\u00e1t\u00e1sa: biomechanikai \u00e9s klinikai vizsg\u00e1latok<\/a><\/p>\n<div>\n<p class=\"Listaszerbekezds1CxSpFirst\"><i>T\u00e9mavezet\u0151:<\/i> Prof. Dr. Hangody L\u00e1szl\u00f3<\/p>\n<\/div>\n<div>\n<p class=\"Listaszerbekezds1CxSpLast\"><i>A fokozatszerz\u00e9s \u00e9ve:<\/i> 2012.<\/p>\n<\/div>\n<p>&nbsp;<\/p>\n<p><strong>19. Dr. L\u0151rincz Tam\u00e1s<\/strong><\/p>\n<p><a class=\"link\" href=\"https:\/\/doktori.hu\/index.php?menuid=193&amp;lang=HU&amp;vid=6723\">Emberi daganatok csontmetaszt\u00e1zisai angiog\u00e9n jellemz\u0151inek vizsg\u00e1lata \u00e9s modellez\u00e9s\u00fck in vivo<\/a><\/p>\n<div>\n<p class=\"Listaszerbekezds1CxSpFirst\"><i>T\u00e9mavezet\u0151:<\/i> Prof. Dr. Szendr\u0151i Mikl\u00f3s<\/p>\n<\/div>\n<div>\n<p class=\"Listaszerbekezds1CxSpLast\"><i>A fokozatszerz\u00e9s \u00e9ve:<\/i> 2011.<\/p>\n<\/div>\n<p>&nbsp;<\/p>\n<p><strong>18. Dr. Bejek Zolt\u00e1n<\/strong><\/p>\n<p><a class=\"link\" href=\"https:\/\/doktori.hu\/index.php?menuid=193&amp;lang=HU&amp;vid=5729\">Sz\u00e1m\u00edt\u00f3g\u00e9pes navig\u00e1ci\u00f3 haszn\u00e1lata teljes felsz\u00ednp\u00f3tl\u00f3 t\u00e9rdprot\u00e9zis be\u00fcltet\u00e9se sor\u00e1n &#8211; rehabilit\u00e1ci\u00f3 ut\u00e1nk\u00f6vet\u00e9se j\u00e1r\u00e1svizsg\u00e1lat seg\u00edts\u00e9g\u00e9vel<\/a><\/p>\n<div>\n<p class=\"Listaszerbekezds1CxSpFirst\"><i>T\u00e9mavezet\u0151:<\/i> Prof. Dr. Szendr\u0151i Mikl\u00f3s<\/p>\n<\/div>\n<div>\n<p class=\"Listaszerbekezds1CxSpLast\"><i>A fokozatszerz\u00e9s \u00e9ve:<\/i> 2010.<\/p>\n<\/div>\n<p>&nbsp;<\/p>\n<p><strong>17. Dr.\u00a0Paz\u00e1r Borb\u00e1la<\/strong><\/p>\n<p><a class=\"link\" href=\"https:\/\/doktori.hu\/index.php?menuid=193&amp;lang=HU&amp;vid=4434\">Nem-MHC g\u00e9nek jelent\u0151s\u00e9ge az immun-medi\u00e1lt reumatol\u00f3giai betegs\u00e9gekben<\/a><\/p>\n<div>\n<p class=\"Listaszerbekezds1CxSpFirst\"><i>T\u00e9mavezet\u0151:<\/i> Prof. Dr. Po\u00f3r Gyula<\/p>\n<\/div>\n<div>\n<p class=\"Listaszerbekezds1CxSpLast\"><i>A fokozatszerz\u00e9s \u00e9ve:<\/i> 2010.<\/p>\n<\/div>\n<p>&nbsp;<\/p>\n<p><strong>16. Dr. Kiss S\u00e1ndor<\/strong><\/p>\n<p><a class=\"link\" href=\"https:\/\/doktori.hu\/index.php?menuid=193&amp;lang=HU&amp;vid=7304\">A fixateur externe alkalmaz\u00e1s\u00e1nak speci\u00e1lis lehet\u0151s\u00e9gei a mozg\u00e1sszervi fejl\u0151d\u00e9si rendelleness\u00e9gek \u00e9s csontdaganatok kezel\u00e9s\u00e9ben<\/a><\/p>\n<div>\n<p class=\"Listaszerbekezds1CxSpFirst\"><i>T\u00e9mavezet\u0151:<\/i> Dr. Sz\u0151ke Gy\u00f6rgy<\/p>\n<\/div>\n<div>\n<p class=\"Listaszerbekezds1CxSpLast\"><i>A fokozatszerz\u00e9s \u00e9ve:<\/i> 2010.<\/p>\n<\/div>\n<p>&nbsp;<\/p>\n<p><strong>15. Dr. Kynsburg \u00c1kos<\/strong><\/p>\n<p><a class=\"link\" href=\"https:\/\/doktori.hu\/index.php?menuid=193&amp;lang=HU&amp;vid=6524\">A propriocept\u00edv tr\u00e9ning szerepe a k\u00fclbokaszalag-s\u00e9r\u00fcl\u00e9sek megel\u0151z\u00e9s\u00e9ben<\/a><\/p>\n<div>\n<p class=\"Listaszerbekezds1CxSpFirst\"><i>T\u00e9mavezet\u0151:<\/i> Prof. Dr. Szendr\u0151i Mikl\u00f3s<\/p>\n<\/div>\n<div>\n<p class=\"Listaszerbekezds1CxSpLast\"><i>A fokozatszerz\u00e9s \u00e9ve:<\/i> 2009.<\/p>\n<\/div>\n<p>&nbsp;<\/p>\n<p><strong>14<\/strong><strong>. Dr. Pulai Judit<\/strong><\/p>\n<p><a class=\"link\" href=\"https:\/\/doktori.hu\/index.php?menuid=193&amp;lang=HU&amp;vid=3428\">A fibronektin-k\u00f6t\u0151 \u03b15\u03b21 integrinek szerepe a porcdegrad\u00e1ci\u00f3ban, az osteoarthrosis patomechanizmus\u00e1ban<\/a><\/p>\n<div>\n<p class=\"Listaszerbekezds1CxSpFirst\"><i>T\u00e9mavezet\u0151:<\/i> Prof. Dr. Po\u00f3r Gyula<\/p>\n<\/div>\n<div>\n<p class=\"Listaszerbekezds1CxSpLast\"><i>A fokozatszerz\u00e9s \u00e9ve:<\/i> 2009.<\/p>\n<\/div>\n<p>&nbsp;<\/p>\n<p><strong>13. Dr.\u00a0Vend\u00e9g Zsolt<\/strong><\/p>\n<p><a class=\"link\" href=\"https:\/\/doktori.hu\/index.php?menuid=193&amp;lang=HU&amp;vid=3130\">Neuropeptidek \u00e9s vazoakt\u00edv anyagok hat\u00e1sa a k\u00e9pz\u0151d\u0151 kallusz mikrocirkul\u00e1ci\u00f3j\u00e1ra &#8211; r\u00e9s-oszteot\u00f3mi\u00e1s modell ny\u00fal tibi\u00e1n<\/a><\/p>\n<div>\n<p class=\"Listaszerbekezds1CxSpFirst\"><i>T\u00e9mavezet\u0151:<\/i> Dr. Hamar J\u00e1nos<\/p>\n<\/div>\n<div>\n<p class=\"Listaszerbekezds1CxSpLast\"><i>A fokozatszerz\u00e9s \u00e9ve:<\/i> 2009.<\/p>\n<\/div>\n<p>&nbsp;<\/p>\n<p><strong>12. Dr. K\u00e1das Istv\u00e1n<\/strong><\/p>\n<p><a class=\"link\" href=\"https:\/\/doktori.hu\/index.php?menuid=193&amp;lang=HU&amp;vid=3129\">Ny\u00edlt l\u00e1bsz\u00e1rt\u00f6r\u00e9sek pathomechanizmusa \u00e9s a kezel\u00e9si elj\u00e1r\u00e1sok \u00f6sszehasonl\u00edt\u00f3 elemz\u00e9se<\/a><\/p>\n<div>\n<p class=\"Listaszerbekezds1CxSpFirst\"><i>T\u00e9mavezet\u0151:<\/i> Dr. Magyari Zolt\u00e1n<\/p>\n<\/div>\n<div>\n<p class=\"Listaszerbekezds1CxSpLast\"><i>A fokozatszerz\u00e9s \u00e9ve:<\/i> 2009.<\/p>\n<\/div>\n<p>&nbsp;<\/p>\n<p><strong>11. Dr. Bartha Lajos<\/strong><\/p>\n<p><a class=\"link\" href=\"https:\/\/doktori.hu\/index.php?menuid=193&amp;lang=HU&amp;vid=1529\">Adatok a biodegrad\u00e1bilis anyagokkal t\u00f6rt\u00e9n\u0151 porcfelsz\u00edn k\u00e9pz\u00e9s problematik\u00e1j\u00e1hoz<\/a><\/p>\n<div>\n<p class=\"Listaszerbekezds1CxSpFirst\"><i>T\u00e9mavezet\u0151:<\/i> Prof. Dr. Hangody L\u00e1szl\u00f3<\/p>\n<\/div>\n<div>\n<p class=\"Listaszerbekezds1CxSpLast\"><i>A fokozatszerz\u00e9s \u00e9ve:<\/i> 2009.<\/p>\n<\/div>\n<p>&nbsp;<\/p>\n<p><strong>10. Dr. Pap K\u00e1roly<\/strong><\/p>\n<p><a class=\"link\" href=\"https:\/\/doktori.hu\/index.php?menuid=193&amp;lang=HU&amp;vid=1478\">A v\u00e1zizom v\u00e1laszreakci\u00f3i v\u00e9gtaghosszab\u00edt\u00e1sra<\/a><\/p>\n<div>\n<p class=\"Listaszerbekezds1CxSpFirst\"><i>T\u00e9mavezet\u0151:<\/i> Dr. Sz\u0151ke Gy\u00f6rgy<\/p>\n<\/div>\n<div>\n<p class=\"Listaszerbekezds1CxSpLast\"><i>A fokozatszerz\u00e9s \u00e9ve:<\/i> 2009.<\/p>\n<\/div>\n<p>&nbsp;<\/p>\n<p><strong>9. Dr. Shisha Tam\u00e1s<\/strong><\/p>\n<p><a class=\"link\" href=\"https:\/\/doktori.hu\/index.php?menuid=193&amp;lang=HU&amp;vid=914\">A v\u00e9gtaghosszabb\u00edt\u00e1s hat\u00e1sa az izomsz\u00f6vetre<\/a><\/p>\n<div>\n<p class=\"Listaszerbekezds1CxSpFirst\"><i>T\u00e9mavezet\u0151:<\/i> Dr. Sz\u0151ke Gy\u00f6rgy<\/p>\n<\/div>\n<div>\n<p class=\"Listaszerbekezds1CxSpLast\"><i>A fokozatszerz\u00e9s \u00e9ve:<\/i> 2008.<\/p>\n<\/div>\n<p>&nbsp;<\/p>\n<p><strong>8. Dr. Fazekas G\u00e1bor<\/strong><\/p>\n<p><a class=\"link\" href=\"https:\/\/doktori.hu\/index.php?menuid=193&amp;lang=HU&amp;vid=620\">Robotok alkalmaz\u00e1sa centr\u00e1lis motoneuron k\u00e1rosod\u00e1s k\u00f6vetkezt\u00e9ben fels\u0151 v\u00e9gtagi b\u00e9nultt\u00e1 v\u00e1lt betegek gy\u00f3gytorn\u00e1ztat\u00e1s\u00e1nak t\u00e1mogat\u00e1s\u00e1ra a rehabilit\u00e1ci\u00f3 sor\u00e1n<\/a><\/p>\n<div>\n<p class=\"Listaszerbekezds1CxSpFirst\"><i>T\u00e9mavezet\u0151:<\/i> Prof. Dr. Kullmann Lajos<\/p>\n<\/div>\n<div>\n<p class=\"Listaszerbekezds1CxSpLast\"><i>A fokozatszerz\u00e9s \u00e9ve:<\/i> 2008.<\/p>\n<\/div>\n<p>&nbsp;<\/p>\n<p><strong>7. Dr. Kord\u00e1s G\u00e9za<\/strong><\/p>\n<p><a class=\"link\" href=\"https:\/\/doktori.hu\/index.php?menuid=193&amp;lang=HU&amp;vid=460\">Oszteokondr\u00e1lis graftok primer stabilit\u00e1sa mozaikplasztika ut\u00e1n<\/a><\/p>\n<div>\n<p class=\"Listaszerbekezds1CxSpFirst\"><i>T\u00e9mavezet\u0151:<\/i> Prof. Dr. Hangody L\u00e1szl\u00f3<\/p>\n<\/div>\n<div>\n<p class=\"Listaszerbekezds1CxSpLast\"><i>A fokozatszerz\u00e9s \u00e9ve:<\/i> 2008.<\/p>\n<\/div>\n<p>&nbsp;<\/p>\n<p><strong>6. Dr. Gayane Badalian Very<\/strong><\/p>\n<p><a class=\"link\" href=\"https:\/\/doktori.hu\/index.php?menuid=193&amp;lang=HU&amp;vid=6525\">Rosszindulat\u00fa Daganatok Fenot\u00edpus\u00e1nak \u00e9s Genot\u00edpus\u00e1nak V\u00e1ltoz\u00e1sa Csont\u00e1tt\u00e9tekben<\/a><\/p>\n<div>\n<p class=\"Listaszerbekezds1CxSpFirst\"><i>T\u00e9mavezet\u0151:<\/i> Prof. Dr. Szendr\u0151i Mikl\u00f3s<\/p>\n<\/div>\n<div>\n<p class=\"Listaszerbekezds1CxSpLast\"><i>A fokozatszerz\u00e9s \u00e9ve:<\/i> 2008.<\/p>\n<\/div>\n<p>&nbsp;<\/p>\n<p><strong>5. Dr. D\u00e9nes Zolt\u00e1n<\/strong><\/p>\n<div>\n<p class=\"Listaszerbekezds1\">A m\u00e1sodlagos k\u00e1rosod\u00e1sok k\u00f6vetkezm\u00e9nyei, kezel\u00e9s\u00fck \u00e9s a megel\u0151z\u00e9s lehet\u0151s\u00e9gei a s\u00falyos agyk\u00e1rosod\u00e1st szenvedett betegek rehabilit\u00e1ci\u00f3ja sor\u00e1n.<\/p>\n<\/div>\n<div>\n<p class=\"Listaszerbekezds1CxSpFirst\"><i>T\u00e9mavezet\u0151:<\/i> Prof. Dr. Kullmann Lajos<\/p>\n<\/div>\n<div>\n<p class=\"Listaszerbekezds1CxSpLast\"><i>A fokozatszerz\u00e9s \u00e9ve:<\/i> 2007.<\/p>\n<\/div>\n<p>&nbsp;<\/p>\n<p><strong>4. Dr. Hruska Anett<\/strong><\/p>\n<p><a class=\"link\" href=\"https:\/\/doktori.hu\/index.php?menuid=193&amp;lang=HU&amp;vid=6888\">A perif\u00e9ri\u00e1s idegh\u00fcvelytumorok \u00e9s a synovialis sarcom\u00e1k ploidit\u00e1si \u00e9s molekul\u00e1ris pathol\u00f3giai vizsg\u00e1lata, k\u00fcl\u00f6n\u00f6s tekintettel a differenci\u00e1ldiagnosztikai neh\u00e9zs\u00e9gekre \u00e9s a progn\u00f3zist befoly\u00e1sol\u00f3 t\u00e9nye<\/a><\/p>\n<div>\n<p class=\"Listaszerbekezds1CxSpFirst\"><i>T\u00e9mavezet\u0151: <\/i>Prof. Dr. S\u00e1pi Zolt\u00e1n<\/p>\n<\/div>\n<div>\n<p class=\"Listaszerbekezds1CxSpLast\"><i>A fokozatszerz\u00e9s \u00e9ve:<\/i> 2007.<\/p>\n<\/div>\n<p>&nbsp;<\/p>\n<p><strong>3<\/strong><strong>. Dr. Illy\u00e9s \u00c1rp\u00e1d<\/strong><\/p>\n<p><a class=\"link\" href=\"https:\/\/doktori.hu\/index.php?menuid=193&amp;lang=HU&amp;vid=13542\">Stabil \u00e9s multidirekcion\u00e1lis instabilit\u00e1s\u00fa v\u00e1ll\u00edz\u00fcletek biomechanikai param\u00e9tereinek meghat\u00e1roz\u00e1sa \u00faj, dinamikus mozg\u00e1selemz\u0151 rendszerrel<\/a><\/p>\n<div>\n<p class=\"Listaszerbekezds1CxSpFirst\"><i>T\u00e9mavezet\u0151: <\/i>Dr. Kiss Rita<\/p>\n<\/div>\n<div>\n<p class=\"Listaszerbekezds1CxSpLast\"><i>A fokozatszerz\u00e9s \u00e9ve:<\/i><b> <\/b>2006.<\/p>\n<\/div>\n<p>&nbsp;<\/p>\n<p><strong>2. Dr. Cserh\u00e1ti P\u00e9ter<\/strong><\/p>\n<div>\n<p class=\"Listaszerbekezds1\">A medialis combnyakt\u00f6r\u00e9s osteosynthesis\u00e9nek fejleszt\u00e9se ism\u00e9telt, prospekt\u00edv, nemzetk\u00f6zi epidemiol\u00f3giai felm\u00e9r\u00e9sek r\u00e9v\u00e9n.<\/p>\n<\/div>\n<div>\n<p class=\"Listaszerbekezds1CxSpFirst\"><i>T\u00e9mavezet\u0151:<\/i> Prof. Dr. Fekete K\u00e1roly<\/p>\n<\/div>\n<div>\n<p class=\"Listaszerbekezds1CxSpLast\"><i>A fokozatszerz\u00e9s \u00e9ve:<\/i> 2005.<\/p>\n<\/div>\n<p>&nbsp;<\/p>\n<p><strong>1. Dr. Gergely P\u00e9ter<\/strong><\/p>\n<div>\n<p class=\"Listaszerbekezds1\">Mitokondri\u00e1lis \u00e9s intracellul\u00e1ris sejtparam\u00e9terek jelent\u0151s\u00e9ge sziszt\u00e9m\u00e1s lupus erythematosusban<\/p>\n<\/div>\n<div>\n<p class=\"Listaszerbekezds1CxSpFirst\"><i>T\u00e9mavezet\u0151:<\/i> Prof. Dr. Po\u00f3r Gyula<\/p>\n<\/div>\n<div>\n<p class=\"Listaszerbekezds1CxSpLast\"><i>A fokozatszerz\u00e9s \u00e9ve:<\/i> 2004.<\/p>\n<\/div>\n","protected":false},"excerpt":{"rendered":"<p>44. Dr. Kaszap Bal\u00e1zs <a href=\"https:\/\/doktori.hu\/index.php?menuid=193&amp;lang=HU&amp;vid=24824\">Az artr\u00f3zis kialakul\u00e1sa \u00e9s seb\u00e9szeti kezel\u00e9se a k\u00e9zben<\/a> T\u00e9mavezet\u0151: Dr. Skaliczki G\u00e1bor A fokozatszerz\u00e9s \u00e9ve: 2022. &nbsp; 43. Kert\u00e9szn\u00e9 Dr. N\u00e9meth Bernadett <a href=\"https:\/\/doktori.hu\/index.php?menuid=193&amp;lang=HU&amp;vid=23897\">\u00c9p \u00e9s mozg\u00e1sukban s\u00e9r\u00fclt profi kajakoz\u00f3 sportol\u00f3k biomechanikai mozg\u00e1selemz\u00e9se \u00e9s \u00f6sszehasonl\u00edt\u00f3 vizsg\u00e1lata h\u00e1romdimenzi\u00f3s kamerarendszer haszn\u00e1lat\u00e1val<\/a> T\u00e9mavezet\u0151: Dr. Bejek Zolt\u00e1n A fokozatszerz\u00e9s \u00e9ve: 2021. &nbsp; 42. Szita J\u00falia <a href=\"https:\/\/doktori.hu\/index.php?menuid=193&amp;lang=HU&amp;vid=23266\">Factors in childhood and adulthood influencing the development and treatment of low back pain<\/a> T\u00e9mavezet\u0151: Dr. Laz\u00e1ry \u00c1ron A fokozatszerz\u00e9s \u00e9ve: 2021. &nbsp; 41. Dr. K\u0151v\u00e1ri Eszter <a class=\"link\" href=\"https:\/\/doktori.hu\/index.php?menuid=193&amp;lang=HU&amp;vid=22724\">Komorbidit\u00e1sok vizsg\u00e1lata generaliz\u00e1lt osteoarthrosisban<\/a> T\u00e9mavezet\u0151: Dr. B\u00e1lint P\u00e9ter A fokozatszerz\u00e9s \u00e9ve: 2021. &nbsp; 40. Dr. \u00c9ltes &hellip;<\/p>\n","protected":false},"author":101896,"featured_media":0,"parent":2191,"menu_order":2,"comment_status":"closed","ping_status":"closed","template":"","meta":{"_acf_changed":false,"footnotes":""},"categories":[],"tags":[],"class_list":["post-2202","page","type-page","status-publish","hentry"],"acf":[],"_links":{"self":[{"href":"https:\/\/semmelweis.hu\/ortopedklinika\/wp-json\/wp\/v2\/pages\/2202","targetHints":{"allow":["GET"]}}],"collection":[{"href":"https:\/\/semmelweis.hu\/ortopedklinika\/wp-json\/wp\/v2\/pages"}],"about":[{"href":"https:\/\/semmelweis.hu\/ortopedklinika\/wp-json\/wp\/v2\/types\/page"}],"author":[{"embeddable":true,"href":"https:\/\/semmelweis.hu\/ortopedklinika\/wp-json\/wp\/v2\/users\/101896"}],"replies":[{"embeddable":true,"href":"https:\/\/semmelweis.hu\/ortopedklinika\/wp-json\/wp\/v2\/comments?post=2202"}],"version-history":[{"count":4,"href":"https:\/\/semmelweis.hu\/ortopedklinika\/wp-json\/wp\/v2\/pages\/2202\/revisions"}],"predecessor-version":[{"id":3154,"href":"https:\/\/semmelweis.hu\/ortopedklinika\/wp-json\/wp\/v2\/pages\/2202\/revisions\/3154"}],"up":[{"embeddable":true,"href":"https:\/\/semmelweis.hu\/ortopedklinika\/wp-json\/wp\/v2\/pages\/2191"}],"wp:attachment":[{"href":"https:\/\/semmelweis.hu\/ortopedklinika\/wp-json\/wp\/v2\/media?parent=2202"}],"wp:term":[{"taxonomy":"category","embeddable":true,"href":"https:\/\/semmelweis.hu\/ortopedklinika\/wp-json\/wp\/v2\/categories?post=2202"},{"taxonomy":"post_tag","embeddable":true,"href":"https:\/\/semmelweis.hu\/ortopedklinika\/wp-json\/wp\/v2\/tags?post=2202"}],"curies":[{"name":"wp","href":"https:\/\/api.w.org\/{rel}","templated":true}]}}