{"id":2143,"date":"2019-12-05T15:03:05","date_gmt":"2019-12-05T14:03:05","guid":{"rendered":"http:\/\/semmelweis.hu\/orgchem\/?page_id=2143"},"modified":"2020-01-30T18:15:38","modified_gmt":"2020-01-30T17:15:38","slug":"historie","status":"publish","type":"page","link":"https:\/\/semmelweis.hu\/orgchem\/de\/einfuehrung\/historie\/","title":{"rendered":"Historie"},"content":{"rendered":"<p style=\"text-align: justify\">Das Institut f\u00fcr Organische Chemie wurde vom Gesundheitsminister am 13. M\u00e4rz 1957 gegr\u00fcndet. Erster Institutsvorstand war ab 27. Dezember 1957 Professor Ott\u00f3 Clauder, dem zwischen 1977 und 1996 Professor L\u00e1szl\u00f3 Szab\u00f3 folgte. Zwischen 1996 und 1997 war Dr. \u00c1kos Kocsis der ernannte Direktor. Seit 1997 bis 2016 leitete Professor P\u00e9ter M\u00e1tyus das Institut. Danach wurde Dr. G\u00e1bor Krajsovszky als ernannter Vorstand bis Juni 2017 aufgetragen. Seit Juli 2017 ist der Direktor Dr. Istv\u00e1n M\u00e1ndity.<\/p>\n","protected":false},"excerpt":{"rendered":"<p>Das Institut f\u00fcr Organische Chemie wurde vom Gesundheitsminister am 13. M\u00e4rz 1957 gegr\u00fcndet. Erster Institutsvorstand war ab 27. Dezember 1957 Professor Ott\u00f3 Clauder, dem zwischen 1977 und 1996 Professor L\u00e1szl\u00f3 Szab\u00f3 folgte. Zwischen 1996 und 1997 war Dr. \u00c1kos Kocsis der ernannte Direktor. Seit 1997 bis 2016 leitete Professor P\u00e9ter M\u00e1tyus das Institut. Danach wurde &hellip;<\/p>\n","protected":false},"author":164,"featured_media":0,"parent":2141,"menu_order":0,"comment_status":"closed","ping_status":"closed","template":"","meta":{"_acf_changed":false,"footnotes":""},"categories":[],"tags":[],"class_list":["post-2143","page","type-page","status-publish","hentry"],"acf":[],"_links":{"self":[{"href":"https:\/\/semmelweis.hu\/orgchem\/wp-json\/wp\/v2\/pages\/2143","targetHints":{"allow":["GET"]}}],"collection":[{"href":"https:\/\/semmelweis.hu\/orgchem\/wp-json\/wp\/v2\/pages"}],"about":[{"href":"https:\/\/semmelweis.hu\/orgchem\/wp-json\/wp\/v2\/types\/page"}],"author":[{"embeddable":true,"href":"https:\/\/semmelweis.hu\/orgchem\/wp-json\/wp\/v2\/users\/164"}],"replies":[{"embeddable":true,"href":"https:\/\/semmelweis.hu\/orgchem\/wp-json\/wp\/v2\/comments?post=2143"}],"version-history":[{"count":2,"href":"https:\/\/semmelweis.hu\/orgchem\/wp-json\/wp\/v2\/pages\/2143\/revisions"}],"predecessor-version":[{"id":2226,"href":"https:\/\/semmelweis.hu\/orgchem\/wp-json\/wp\/v2\/pages\/2143\/revisions\/2226"}],"up":[{"embeddable":true,"href":"https:\/\/semmelweis.hu\/orgchem\/wp-json\/wp\/v2\/pages\/2141"}],"wp:attachment":[{"href":"https:\/\/semmelweis.hu\/orgchem\/wp-json\/wp\/v2\/media?parent=2143"}],"wp:term":[{"taxonomy":"category","embeddable":true,"href":"https:\/\/semmelweis.hu\/orgchem\/wp-json\/wp\/v2\/categories?post=2143"},{"taxonomy":"post_tag","embeddable":true,"href":"https:\/\/semmelweis.hu\/orgchem\/wp-json\/wp\/v2\/tags?post=2143"}],"curies":[{"name":"wp","href":"https:\/\/api.w.org\/{rel}","templated":true}]}}