{"id":2638,"date":"2020-09-07T11:49:42","date_gmt":"2020-09-07T09:49:42","guid":{"rendered":"https:\/\/semmelweis.hu\/oralis-diagnosztika\/?page_id=2638"},"modified":"2026-08-31T12:24:28","modified_gmt":"2026-08-31T10:24:28","slug":"general-and-dental-radiology-i","status":"publish","type":"page","link":"https:\/\/semmelweis.hu\/oralis-diagnosztika\/en\/education\/general-and-dental-radiology-i\/","title":{"rendered":"General and dental radiology I."},"content":{"rendered":"<h1 style=\"text-align: center\">Lectures in Oral Radiology<\/h1>\n<p style=\"text-align: center\"><strong>2026\/2027 1<sup>st<\/sup> semester<\/strong><\/p>\n<p style=\"text-align: center\"><strong>4<sup>th <\/sup>year students<\/strong><\/p>\n<p style=\"text-align: center\">\u00a0<\/p>\n<table width=\"638\">\n<tbody>\n<tr>\n<td width=\"71\">\n<h3>Weeks<\/h3>\n<\/td>\n<td width=\"293\">\n<h3>Title<\/h3>\n<\/td>\n<td width=\"170\">\n<h3>Presenter<\/h3>\n<\/td>\n<td width=\"104\">\n<h3>Date<\/h3>\n<\/td>\n<\/tr>\n<tr>\n<td width=\"71\">\n<p>1<\/p>\n<\/td>\n<td width=\"293\">\n<p><em>Normal anatomy of the jaws <\/em><\/p>\n<\/td>\n<td width=\"170\">\n<p>Dr. Vecsei, B\u00e1lint<\/p>\n<\/td>\n<td width=\"104\">\n<p>2 September<\/p>\n<\/td>\n<\/tr>\n<tr>\n<td width=\"71\">\n<p>2<\/p>\n<\/td>\n<td width=\"293\">\n<p><em>Periapical lesions; Root canal filling<\/em><\/p>\n<\/td>\n<td width=\"170\">\n<p>Dr. Dob\u00f3 Nagy, Csaba<\/p>\n<\/td>\n<td width=\"104\">\n<p>9 September<\/p>\n<\/td>\n<\/tr>\n<tr>\n<td width=\"71\">\n<p>3<\/p>\n<\/td>\n<td width=\"293\">\n<p><em>Cysts of the jaws<\/em><\/p>\n<\/td>\n<td width=\"170\">\n<p>Dr. Vecsei, B\u00e1lint<\/p>\n<\/td>\n<td width=\"104\">\n<p>16 September<\/p>\n<\/td>\n<\/tr>\n<tr>\n<td width=\"71\">\n<p>4<\/p>\n<\/td>\n<td width=\"293\">\n<p><em>Extraction of the teeth<\/em><\/p>\n<\/td>\n<td width=\"170\">\n<p>Dr. Szab\u00f3, Bence<\/p>\n<\/td>\n<td width=\"104\">\n<p>23 September<\/p>\n<\/td>\n<\/tr>\n<tr>\n<td width=\"71\">\n<p>5<\/p>\n<\/td>\n<td width=\"293\">\n<p><em>Periodontal disease<\/em><\/p>\n<\/td>\n<td width=\"170\">\n<p>Dr. Dob\u00f3 Nagy, Csaba<\/p>\n<\/td>\n<td width=\"104\">\n<p>30 September<\/p>\n<\/td>\n<\/tr>\n<tr>\n<td width=\"71\">\n<p>6<\/p>\n<\/td>\n<td width=\"293\">\n<p><em>Caries, pulp cavity<\/em><\/p>\n<\/td>\n<td width=\"170\">\n<p>Dr. Szab\u00f3, Bence<\/p>\n<\/td>\n<td width=\"104\">\n<p>07 October<\/p>\n<\/td>\n<\/tr>\n<tr>\n<td width=\"71\">\n<p>7<\/p>\n<\/td>\n<td width=\"293\">\n<p><em>Panoramic radiography<\/em><\/p>\n<\/td>\n<td width=\"170\">\n<p>Dr. Dob\u00f3 Nagy, Csaba<\/p>\n<\/td>\n<td width=\"104\">\n<p>14 October<\/p>\n<\/td>\n<\/tr>\n<tr>\n<td width=\"71\">\n<p>8<\/p>\n<\/td>\n<td width=\"293\">\n<p><em>Tumors; Anomalies<\/em><\/p>\n<\/td>\n<td width=\"170\">\n<p>Dr. Dobai, Adrienn<\/p>\n<\/td>\n<td width=\"104\">\n<p>21 October<\/p>\n<\/td>\n<\/tr>\n<tr>\n<td width=\"71\">\n<p>9<\/p>\n<\/td>\n<td width=\"293\">\n<p><em>Interpretation of radiographs<\/em><\/p>\n<\/td>\n<td width=\"170\">\n<p>Dr. Dob\u00f3 Nagy, Csaba<\/p>\n<\/td>\n<td width=\"104\">\n<p>28 October<\/p>\n<\/td>\n<\/tr>\n<tr>\n<td width=\"71\">\n<p>10<\/p>\n<\/td>\n<td width=\"293\">\n<p><em>Resorption of the teeth<\/em><\/p>\n<\/td>\n<td width=\"170\">\n<p>Dr. Vecsei, B\u00e1lint<\/p>\n<\/td>\n<td width=\"104\">\n<p>4 November<\/p>\n<\/td>\n<\/tr>\n<tr>\n<td width=\"71\">\n<p>11<\/p>\n<\/td>\n<td width=\"293\">\n<p><em>Competition (3 images)<\/em><\/p>\n<\/td>\n<td width=\"170\">\n<p>Dr. Dob\u00f3 Nagy, Csaba<\/p>\n<\/td>\n<td width=\"104\">\n<p>11 November<\/p>\n<\/td>\n<\/tr>\n<tr>\n<td width=\"71\">\n<p>12<\/p>\n<\/td>\n<td width=\"293\">\n<p><em>Digital imaging<\/em><\/p>\n<\/td>\n<td width=\"170\">\n<p>Dr. Dobai, Adrienn<\/p>\n<\/td>\n<td width=\"104\">\n<p>18 November<\/p>\n<\/td>\n<\/tr>\n<tr>\n<td width=\"71\">\n<p>13<\/p>\n<\/td>\n<td width=\"293\">\n<p><em>AI in intraoral imaging<\/em><\/p>\n<\/td>\n<td width=\"170\">\n<p>Dr. Szab\u00f3, Bence<\/p>\n<\/td>\n<td width=\"104\">\n<p>25 November<\/p>\n<\/td>\n<\/tr>\n<tr>\n<td width=\"71\">\n<p>14<\/p>\n<\/td>\n<td width=\"293\">\n<p><em>Written exam<\/em><\/p>\n<\/td>\n<td width=\"170\">\n<p>Dr. Szab\u00f3, Bence<\/p>\n<\/td>\n<td width=\"104\">\n<p>2 December<\/p>\n<\/td>\n<\/tr>\n<\/tbody>\n<\/table>\n<p><em>\u00a0<\/em><\/p>\n<p>&nbsp;<\/p>\n<p>Place of lecture: \u00c1rk\u00f6vy lecture room<\/p>\n<p>Duration: <strong>12<sup>00<\/sup>-12<sup>45 <\/sup><\/strong>on every Wednesday<\/p>\n<p>Budapest, 24th August 2026<\/p>\n<p>&nbsp;<\/p>\n<p>&nbsp;<\/p>\n<p>Dob\u00f3 Nagy, Csaba<\/p>\n<p><strong><em>Head of the Dept.<\/em><\/strong><\/p>\n<p><strong><em>\u00a0<\/em><\/strong><\/p>\n<p><strong>Practices in Oral Radiology<\/strong><\/p>\n<p><strong>2026\/2027 1<sup>st<\/sup> semester<\/strong><\/p>\n<p><strong>4<sup>th<\/sup> year students<\/strong><\/p>\n<p><strong>\u00a0<\/strong><\/p>\n<ol>\n<li>Tooth anatomy<\/li>\n<li>Anatomical landmarks. Part one<\/li>\n<li>Anatomical landmarks<\/li>\n<li>Development of the teeth<\/li>\n<li>Caries<\/li>\n<li>Periapical lesions \u00a0\u00a0\u00a0\u00a0\u00a0\u00a0\u00a0\u00a0\u00a0\u00a0\u00a0\u00a0\u00a0\u00a0\u00a0\u00a0\u00a0\u00a0\u00a0\u00a0\u00a0\u00a0\u00a0\u00a0\u00a0\u00a0\u00a0\u00a0\u00a0\u00a0\u00a0\u00a0\u00a0\u00a0\u00a0<\/li>\n<li>Periodontal disease<\/li>\n<li>Cyst \u00a0\u00a0\u00a0\u00a0\u00a0\u00a0\u00a0\u00a0\u00a0\u00a0\u00a0\u00a0\u00a0\u00a0\u00a0\u00a0\u00a0\u00a0\u00a0\u00a0\u00a0\u00a0\u00a0\u00a0\u00a0\u00a0\u00a0\u00a0\u00a0\u00a0\u00a0\u00a0\u00a0\u00a0\u00a0\u00a0\u00a0\u00a0\u00a0\u00a0\u00a0\u00a0\u00a0\u00a0\u00a0\u00a0<\/li>\n<li>Tumors, anomalies I.<\/li>\n<li>Anomalies <strong>Midterm<\/strong>\u00a0\u00a0\u00a0\u00a0\u00a0\u00a0\u00a0\u00a0\u00a0\u00a0\u00a0\u00a0\u00a0\u00a0\u00a0\u00a0\u00a0\u00a0\u00a0\u00a0\u00a0\u00a0\u00a0\u00a0\u00a0\u00a0\u00a0\u00a0\u00a0\u00a0\u00a0<\/li>\n<li>Practicing bisecting technique\u00a0\u00a0\u00a0\u00a0\u00a0\u00a0\u00a0\u00a0\u00a0\u00a0 \u00a0\u00a0\u00a0\u00a0\u00a0\u00a0\u00a0\u00a0\u00a0\u00a0\u00a0<\/li>\n<li>Practicing parallel technique, Midterm<\/li>\n<li>Analyzing intraoral films<\/li>\n<li>Analyzing extraoral films, Midterm<\/li>\n<\/ol>\n<p>&nbsp;<\/p>\n<p>&nbsp;<\/p>\n<p>&nbsp;<\/p>\n<table width=\"623\">\n<tbody>\n<tr>\n<td width=\"71\">\n<p><strong>groups<\/strong><\/p>\n<\/td>\n<td width=\"180\">\n<p><strong>\u00a0date<\/strong><\/p>\n<\/td>\n<td width=\"183\">\n<p><strong>place<\/strong><\/p>\n<\/td>\n<td width=\"189\">\n<p><strong>presenter<\/strong><\/p>\n<\/td>\n<\/tr>\n<tr>\n<td width=\"71\">\n<p><strong>1-3<\/strong><\/p>\n<\/td>\n<td width=\"180\">\n<p>Friday 8<sup>45<\/sup>-10<sup>15<\/sup><\/p>\n<\/td>\n<td width=\"183\">\n<p>No. 319 room at the DTC<\/p>\n<\/td>\n<td width=\"189\">\n<p>Dr. Vecsei, B\u00e1lint<\/p>\n<\/td>\n<\/tr>\n<tr>\n<td width=\"71\">\n<p><strong>4-6<\/strong><\/p>\n<\/td>\n<td width=\"180\">\n<p>Thursday 14<sup>45<\/sup> -16<sup>15<\/sup><\/p>\n<\/td>\n<td width=\"183\">\n<p>No. 319 room at the DTC<\/p>\n<\/td>\n<td width=\"189\">\n<p>Dr. Dob\u00f3 Nagy, Csaba<\/p>\n<\/td>\n<\/tr>\n<tr>\n<td width=\"71\">\n<p><strong>7-9<\/strong><\/p>\n<\/td>\n<td width=\"180\">\n<p>Tuesday 10<sup>30<\/sup>-12<sup>00<\/sup><\/p>\n<\/td>\n<td width=\"183\">\n<p>No. 319 room at the DTC<\/p>\n<\/td>\n<td width=\"189\">\n<p>Dr. Dob\u00f3 Nagy, Csaba<\/p>\n<p>Dr. Dobai, Adrienn<\/p>\n<\/td>\n<\/tr>\n<tr>\n<td width=\"71\">\n<p><strong>10-12<\/strong><\/p>\n<\/td>\n<td width=\"180\">\n<p>Friday 1200-1330<\/p>\n<\/td>\n<td width=\"183\">\n<p>No. 319 room at the DTC<\/p>\n<\/td>\n<td width=\"189\">\n<p>Dr. Szab\u00f3, Viktor<\/p>\n<\/td>\n<\/tr>\n<tr>\n<td width=\"71\">\n<p><strong>13-15<\/strong><\/p>\n<\/td>\n<td width=\"180\">\n<p>Tuesday 8<sup>00<\/sup>-9<sup>30<\/sup>\u00a0\u00a0\u00a0\u00a0\u00a0\u00a0\u00a0\u00a0\u00a0<\/p>\n<\/td>\n<td width=\"183\">\n<p>No. 319 room at the DTC<\/p>\n<\/td>\n<td width=\"189\">\n<p>Dr. Dobai, Adrienn<\/p>\n<p>Dr. Szab\u00f3, Viktor<\/p>\n<\/td>\n<\/tr>\n<tr>\n<td width=\"71\">\n<p><strong>16-17<\/strong><\/p>\n<\/td>\n<td width=\"180\">\n<p>Wednesday 14<sup>30<\/sup>-16<sup>00<\/sup><\/p>\n<\/td>\n<td width=\"183\">\n<p>No. 319 room at the DTC<\/p>\n<\/td>\n<td width=\"189\">\n<p>Dr. Szab\u00f3, Bence<\/p>\n<\/td>\n<\/tr>\n<\/tbody>\n<\/table>\n<p>&nbsp;<\/p>\n<p>&nbsp;<\/p>\n<p>Budapest, 24th August 2026<\/p>\n<p>&nbsp;<\/p>\n<p>&nbsp;<\/p>\n<p>&nbsp;<\/p>\n<p>Dob\u00f3 Nagy, Csaba<\/p>\n<p style=\"text-align: left\"><em>head of the Dept.<\/em><\/p>\n","protected":false},"excerpt":{"rendered":"<p>Lectures in Oral Radiology 2026\/2027 1st semester 4th year students \u00a0 Weeks Title Presenter Date 1 Normal anatomy of the jaws Dr. Vecsei, B\u00e1lint 2 September 2 Periapical lesions; Root canal filling Dr. Dob\u00f3 Nagy, Csaba 9 September 3 Cysts of the jaws Dr. Vecsei, B\u00e1lint 16 September 4 Extraction of the teeth Dr. Szab\u00f3, &hellip;<\/p>\n","protected":false},"author":126,"featured_media":0,"parent":1337,"menu_order":0,"comment_status":"closed","ping_status":"closed","template":"","meta":{"_acf_changed":false,"footnotes":""},"categories":[],"tags":[],"class_list":["post-2638","page","type-page","status-publish","hentry"],"acf":[],"_links":{"self":[{"href":"https:\/\/semmelweis.hu\/oralis-diagnosztika\/wp-json\/wp\/v2\/pages\/2638","targetHints":{"allow":["GET"]}}],"collection":[{"href":"https:\/\/semmelweis.hu\/oralis-diagnosztika\/wp-json\/wp\/v2\/pages"}],"about":[{"href":"https:\/\/semmelweis.hu\/oralis-diagnosztika\/wp-json\/wp\/v2\/types\/page"}],"author":[{"embeddable":true,"href":"https:\/\/semmelweis.hu\/oralis-diagnosztika\/wp-json\/wp\/v2\/users\/126"}],"replies":[{"embeddable":true,"href":"https:\/\/semmelweis.hu\/oralis-diagnosztika\/wp-json\/wp\/v2\/comments?post=2638"}],"version-history":[{"count":10,"href":"https:\/\/semmelweis.hu\/oralis-diagnosztika\/wp-json\/wp\/v2\/pages\/2638\/revisions"}],"predecessor-version":[{"id":3065,"href":"https:\/\/semmelweis.hu\/oralis-diagnosztika\/wp-json\/wp\/v2\/pages\/2638\/revisions\/3065"}],"up":[{"embeddable":true,"href":"https:\/\/semmelweis.hu\/oralis-diagnosztika\/wp-json\/wp\/v2\/pages\/1337"}],"wp:attachment":[{"href":"https:\/\/semmelweis.hu\/oralis-diagnosztika\/wp-json\/wp\/v2\/media?parent=2638"}],"wp:term":[{"taxonomy":"category","embeddable":true,"href":"https:\/\/semmelweis.hu\/oralis-diagnosztika\/wp-json\/wp\/v2\/categories?post=2638"},{"taxonomy":"post_tag","embeddable":true,"href":"https:\/\/semmelweis.hu\/oralis-diagnosztika\/wp-json\/wp\/v2\/tags?post=2638"}],"curies":[{"name":"wp","href":"https:\/\/api.w.org\/{rel}","templated":true}]}}