{"id":2855,"date":"2023-05-15T12:05:36","date_gmt":"2023-05-15T10:05:36","guid":{"rendered":"https:\/\/semmelweis.hu\/oralbiologia\/?page_id=2855"},"modified":"2025-03-17T15:07:58","modified_gmt":"2025-03-17T14:07:58","slug":"patofiziologia","status":"publish","type":"page","link":"https:\/\/semmelweis.hu\/oralbiologia\/oktatas\/patofiziologia\/","title":{"rendered":"Patofiziol\u00f3gia"},"content":{"rendered":"<ul>\n<li><strong>Tant\u00e1rgyle\u00edr\u00e1s: <a href=\"https:\/\/semmelweis.hu\/oralbiologia\/files\/2025\/03\/Altalanos-es-oralis-patofiziologia.pdf\">Patofiziol\u00f3gia 2023\/24(pdf)<\/a><\/strong><\/li>\n<li><strong>T\u00e9telsorok:<\/strong> <a href=\"https:\/\/semmelweis.hu\/oralbiologia\/files\/2024\/12\/Patofiziologia_Tetelsor_2024.pdf\">Patofiziol\u00f3gia t\u00e9telsor 2024\/2025\u00a0<\/a><\/li>\n<\/ul>\n<div class=\"responsive-tabs\">\n<h2 class=\"tabtitle\"><\/h2>\n<div class=\"tabcontent responsive-tabs__panel--active\">\n\n<p><strong><span style=\"font-size: 18pt\">Tanta\u0301rgylei\u0301ra\u0301s &#8211; A\u0301ltala\u0301nos e\u0301s ora\u0301lis pathofiziolo\u0301gia<\/span><\/strong><\/p>\n<p><strong>1. A tanta\u0301rgy a\u0301ltala\u0301nos ce\u0301lja e\u0301s specifikus ce\u0301lkitu\u030bze\u0301sei: <\/strong><\/p>\n<p>A\u0301ltala\u0301nos e\u0301s ora\u0301lis pathofiziolo\u0301gia preklinikai ta\u0301rgy a Fogorvostudoma\u0301nyi Kar 5. szemesztere\u0301ben tanulo\u0301k re\u0301sze\u0301re. A ta\u0301rgy elo\u030bada\u0301sa\u0301t megelo\u030bzi az anato\u0301mia, bioke\u0301mia, e\u0301lettan oktata\u0301sa, pa\u0301rhuzamos vele a ko\u0301rbonctan e\u0301s mikrobiolo\u0301gia, ko\u0308veti o\u030bt az a\u0301ltala\u0301nos orvosi- illetve fogorvosi tematika\u0301ju\u0301 klinikai ta\u0301rgyak oktata\u0301sa. Szorosan kapcsolo\u0301dik e\u0301s e\u0301pi\u0301t az alapta\u0301rgyak ismeretanyaga\u0301ra, egyu\u0301ttal szemle\u0301lete\u0301ben ko\u0308zeledik a klinikai ta\u0301rgyakhoz, i\u0301gy hidat ke\u0301pez az alapta\u0301rgyak e\u0301s klinikai ta\u0301rgyak ko\u0308zo\u0308tt. Mind az a\u0301ltala\u0301nos orvosi jellegu\u030b-, mind a fogorvosi klinikai ta\u0301gyak az egyes ko\u0301rke\u0301pek klinikuma\u0301nak ta\u0301rgyala\u0301sa sora\u0301n felhaszna\u0301lja\u0301k a ko\u0301re\u0301lettani ismereteket. Ce\u0301lja a ko\u0301ros ko\u0308ru\u0308lme\u0301nyek ko\u0308zt mu\u0308ko\u0308do\u030b szaba\u0301lyzo\u0301 mechanizmusok ismertete\u0301se, az orvosi diagnosztikus e\u0301s gyo\u0301gyi\u0301to\u0301 teve\u0301kenyse\u0301g gondolkoza\u0301smo\u0301dja\u0301nak elsaja\u0301ti\u0301ta\u0301sa, i\u0301gy a klinikai ta\u0301rgyak elme\u0301leti megalapoza\u0301sa.<\/p>\n<p>A ta\u0301rgyat elsaja\u0301ti\u0301tva a hallgato\u0301k ke\u0301pesek lesznek az egyszeru\u030bbb klinikai esetek mechanizmusa\u0301nak mege\u0301rte\u0301se\u0301re e\u0301s az ezekre vonatkozo\u0301 laborato\u0301riumi leletek e\u0301rte\u0301kele\u0301se\u0301re. Az oktata\u0301s ke\u0301t nagy re\u0301szre oszthato\u0301: elme\u0301letre (elo\u030bada\u0301sok) e\u0301s diagnosztikai mo\u0301dszertanra (gyakorlatok e\u0301s szemina\u0301riumok).<\/p>\n<p>&nbsp;<\/p>\n<p>R\u00e9szletes, hetente aktualiz\u00e1lt oktat\u00e1si inform\u00e1ci\u00f3k, oktat\u00e1si seg\u00e9danyagok a Moodle fel\u00fcleten tal\u00e1lhat\u00f3k.<\/p>\n<p>&nbsp;<\/p>\n<p>&nbsp;<\/p>\n<h2>Oktat\u00f3i Munka Hallgat\u00f3i V\u00e9lem\u00e9nyez\u00e9se \u2013 OMHV<\/h2>\n<p>Az Or\u00e1lbiol\u00f3giai Tansz\u00e9ken foly\u00f3 oktat\u00f3i munka hallgat\u00f3i v\u00e9lem\u00e9nyez\u00e9s\u00e9nek c\u00e9lja, hogy a hallgat\u00f3i v\u00e9lem\u00e9nyek megismer\u00e9s\u00e9vel emelje az oktat\u00e1s sz\u00ednvonal\u00e1t, seg\u00edtse a min\u0151s\u00e9gi k\u00f6vetelm\u00e9nyek teljes\u00edt\u00e9s\u00e9t, az oktat\u00e1s hat\u00e9konys\u00e1g\u00e1t, ezzel is hozz\u00e1j\u00e1rulva az egyetem min\u0151s\u00e9gbiztos\u00edt\u00e1si rendszer\u00e9nek folyamatos m\u0171k\u00f6d\u00e9s\u00e9t.<\/p>\n<p>&nbsp;<\/p>\n<p>2025.<\/p>\n<p><a href=\"https:\/\/semmelweis.hu\/oralbiologia\/files\/2025\/03\/hu-FOKOOBT241_1M-2024_25_1-subject-1.pdf\">Hallgat\u00f3i v\u00e9lem\u00e9nyek<\/a><\/p>\n<p><a href=\"https:\/\/semmelweis.hu\/oralbiologia\/files\/2025\/03\/Patofiziologia_intezkedesi-terv_2025.pdf\">Int\u00e9zked\u00e9si terv\u00a0<\/a><\/p>\n<p>2024.<\/p>\n<p><a href=\"https:\/\/semmelweis.hu\/oralbiologia\/files\/2025\/03\/Oralis-biologia-FOKOOBT249_1M-subject.pdf\">Hallgat\u00f3i v\u00e9lem\u00e9nyek <\/a><\/p>\n<p><a href=\"https:\/\/semmelweis.hu\/oralbiologia\/files\/2025\/03\/Oralis-biologia-FOKOOBT249_1M-subject.pdf\">Hallgat\u00f3i v\u00e9lem\u00e9nyek &#8211; gyakorlat<\/a><\/p>\n<p><a href=\"https:\/\/semmelweis.hu\/oralbiologia\/files\/2024\/12\/Patofiz_intterv_2024_magyar.pdf\">Int\u00e9zked\u00e9si terv\u00a0<\/a><\/p>\n<p>&nbsp;<\/p>\n","protected":false},"excerpt":{"rendered":"<p>Tant\u00e1rgyle\u00edr\u00e1s: <a href=\"https:\/\/semmelweis.hu\/oralbiologia\/files\/2025\/03\/Altalanos-es-oralis-patofiziologia.pdf\">Patofiziol\u00f3gia 2023\/24(pdf)<\/a> T\u00e9telsorok: <a href=\"https:\/\/semmelweis.hu\/oralbiologia\/files\/2024\/12\/Patofiziologia_Tetelsor_2024.pdf\">Patofiziol\u00f3gia t\u00e9telsor 2024\/2025\u00a0<\/a> Tanta\u0301rgylei\u0301ra\u0301s &#8211; A\u0301ltala\u0301nos e\u0301s ora\u0301lis pathofiziolo\u0301gia 1. A tanta\u0301rgy a\u0301ltala\u0301nos ce\u0301lja e\u0301s specifikus ce\u0301lkitu\u030bze\u0301sei: A\u0301ltala\u0301nos e\u0301s ora\u0301lis pathofiziolo\u0301gia preklinikai ta\u0301rgy a Fogorvostudoma\u0301nyi Kar 5. szemesztere\u0301ben tanulo\u0301k re\u0301sze\u0301re. A ta\u0301rgy elo\u030bada\u0301sa\u0301t megelo\u030bzi az anato\u0301mia, bioke\u0301mia, e\u0301lettan oktata\u0301sa, pa\u0301rhuzamos vele a ko\u0301rbonctan e\u0301s mikrobiolo\u0301gia, ko\u0308veti o\u030bt az a\u0301ltala\u0301nos orvosi- illetve fogorvosi tematika\u0301ju\u0301 klinikai ta\u0301rgyak oktata\u0301sa. &hellip;<\/p>\n","protected":false},"author":102212,"featured_media":0,"parent":28,"menu_order":0,"comment_status":"closed","ping_status":"closed","template":"","meta":{"_acf_changed":false,"footnotes":""},"categories":[],"tags":[],"class_list":["post-2855","page","type-page","status-publish","hentry"],"acf":[],"_links":{"self":[{"href":"https:\/\/semmelweis.hu\/oralbiologia\/wp-json\/wp\/v2\/pages\/2855","targetHints":{"allow":["GET"]}}],"collection":[{"href":"https:\/\/semmelweis.hu\/oralbiologia\/wp-json\/wp\/v2\/pages"}],"about":[{"href":"https:\/\/semmelweis.hu\/oralbiologia\/wp-json\/wp\/v2\/types\/page"}],"author":[{"embeddable":true,"href":"https:\/\/semmelweis.hu\/oralbiologia\/wp-json\/wp\/v2\/users\/102212"}],"replies":[{"embeddable":true,"href":"https:\/\/semmelweis.hu\/oralbiologia\/wp-json\/wp\/v2\/comments?post=2855"}],"version-history":[{"count":11,"href":"https:\/\/semmelweis.hu\/oralbiologia\/wp-json\/wp\/v2\/pages\/2855\/revisions"}],"predecessor-version":[{"id":3300,"href":"https:\/\/semmelweis.hu\/oralbiologia\/wp-json\/wp\/v2\/pages\/2855\/revisions\/3300"}],"up":[{"embeddable":true,"href":"https:\/\/semmelweis.hu\/oralbiologia\/wp-json\/wp\/v2\/pages\/28"}],"wp:attachment":[{"href":"https:\/\/semmelweis.hu\/oralbiologia\/wp-json\/wp\/v2\/media?parent=2855"}],"wp:term":[{"taxonomy":"category","embeddable":true,"href":"https:\/\/semmelweis.hu\/oralbiologia\/wp-json\/wp\/v2\/categories?post=2855"},{"taxonomy":"post_tag","embeddable":true,"href":"https:\/\/semmelweis.hu\/oralbiologia\/wp-json\/wp\/v2\/tags?post=2855"}],"curies":[{"name":"wp","href":"https:\/\/api.w.org\/{rel}","templated":true}]}}