{"id":19,"date":"2020-01-22T14:45:29","date_gmt":"2020-01-22T13:45:29","guid":{"rendered":"http:\/\/semmelweis.hu\/onkologiai-tanszek\/?page_id=19"},"modified":"2025-12-13T20:05:57","modified_gmt":"2025-12-13T19:05:57","slug":"oktatas","status":"publish","type":"page","link":"https:\/\/semmelweis.hu\/onkologiai-tanszek\/oktatas\/","title":{"rendered":"Onkol\u00f3gia tant\u00e1rgy"},"content":{"rendered":"<div class=\"responsive-tabs\">\n<h2 class=\"tabtitle\">A tant\u00e1rgyr\u00f3l<\/h2>\n<div class=\"tabcontent\">\n\n<h4><strong>Onkol\u00f3gia tant\u00e1rgy\u00a0<\/strong><\/h4>\n<p style=\"text-align: justify\">Az Onkol\u00f3gia teljesen \u00f6n\u00e1ll\u00f3, f\u00e9l\u00e9ves tant\u00e1rgyk\u00e9nt a 2018-19. tan\u00e9vt\u0151l ker\u00fcl oktat\u00e1sra az \u00c1ltal\u00e1nos Orvostudom\u00e1nyi Kar V. \u00e9ves hallgat\u00f3i sz\u00e1m\u00e1ra. Az emelt \u00f3rasz\u00e1m (14 \u00f3ra tantermi el\u0151ad\u00e1s \u00e9s 42 \u00f3ra gyakorlat) lehet\u0151v\u00e9 teszi, hogy az \u00e1ltal\u00e1nos onkol\u00f3giai alapismereteken k\u00edv\u00fcl a hallgat\u00f3k megismerkedhessenek a legfontosabb szolid tumorok komplex onkol\u00f3giai kezel\u00e9s\u00e9nek alapelveivel.<\/p>\n<p style=\"text-align: justify\">Az oktat\u00e1s\u00e1n\u00e1l a tematika els\u0151sorban a daganatok gy\u00f3gyszeres kezel\u00e9s\u00e9t \u00e9s sug\u00e1rkezel\u00e9s\u00e9t tartalmazza; az egyes daganatok diagnosztikai algoritmusait, valamint a daganatok seb\u00e9szi kezel\u00e9s\u00e9t csak annyiban \u00e9rinti, amennyiben az az onkol\u00f3giai betegek multidiszciplin\u00e1ris diagnosztikai \u00e9s ter\u00e1pi\u00e1s alapelveinek \u00e1ttekint\u0151 \u00e9s szintetiz\u00e1l\u00f3 ismeret\u00e9hez sz\u00fcks\u00e9ges.<\/p>\n<h5>Blokkbeoszt\u00e1s \u00e9s \u00f3rarend (Excel):<\/h5>\n<p><a href=\"https:\/\/semmelweis.hu\/onkologiai-tanszek\/files\/2025\/08\/blokkbeosztas_2025-2026.xlsx\">Blokkbeoszt\u00e1s let\u00f6lt\u00e9se a 2025\/2026 tan\u00e9vre Excel form\u00e1tumban<\/a><br \/>\n<a href=\"https:\/\/semmelweis.hu\/onkologiai-tanszek\/files\/2025\/08\/orarend_2025-2026.xlsx\">\u00d3rarend let\u00f6lt\u00e9se Excel form\u00e1tumban<\/a><\/p>\n<h5>K\u00f6vetelm\u00e9nyrendszer<\/h5>\n<p>Az Onkol\u00f3gia c. tant\u00e1rgy teljes k\u00f6vetelm\u00e9nyrendszer\u00e9nek PDF form\u00e1tumban t\u00f6rt\u00e9n\u0151 let\u00f6lt\u00e9s\u00e9hez kattintson <a href=\"https:\/\/semmelweis.hu\/onkologiai-tanszek\/files\/2025\/08\/Kovetelmenyrendszer_2025-2026.pdf\">ide<\/a>.<\/p>\n<h5>Tananyag<\/h5>\n<p style=\"text-align: justify\">A vizsg\u00e1ra val\u00f3 felk\u00e9sz\u00fcl\u00e9st az el\u0151ad\u00e1sok \u00e9s gyakorlatok anyagai seg\u00edtik, amelyek elektronikus form\u00e1ban let\u00f6lthet\u0151k a tansz\u00e9k honlapj\u00e1r\u00f3l. Emellett a hallgat\u00f3k sz\u00e1m\u00e1ra el\u00e9rhet\u0151 egy 150 k\u00e9rd\u00e9sb\u0151l \u00e1ll\u00f3, r\u00e9szletesen kidolgozott k\u00e9rd\u00e9ssor is, amely a Moodle rendszeren kereszt\u00fcl lesz hozz\u00e1f\u00e9rhet\u0151.<\/p>\n<h5>TDK \u00e9s diplomamunka<\/h5>\n<p>A Tansz\u00e9ken lehet\u0151s\u00e9g van r\u00e9szt venni TDK \u00e9s szakdolgozati munk\u00e1ban is.<br \/>\nR\u00e9szletek\u00e9rt kattintsnak az oldal tetej\u00e9n tal\u00e1lhat\u00f3 TDK \u00e9s szakdolgozati t\u00e9m\u00e1k men\u00fcpontra.<\/p>\n<h5>Hasznos inform\u00e1ci\u00f3k<\/h5>\n<p>\u00d6sszegy\u0171jt\u00f6tt\u00fck az Int\u00e9zettel kapcsolatos hasznos inform\u00e1ci\u00f3kat, mint a tanterem megk\u00f6zel\u00edt\u00e9se, a k\u00f6rny\u00e9ken tal\u00e1lhat\u00f3 boltok \u00e9s b\u00fcf\u00e9k helye, stb, hogy k\u00f6nnyebben eligazodjanak Int\u00e9zet\u00fcnkben. <a href=\"https:\/\/semmelweis.hu\/onkologiai-tanszek\/oktatas\/hasznos-informacio-hallgatoknak\/\">Tov\u00e1bb olvasom&#8230;<\/a><\/p>\n\n<\/div><h2 class=\"tabtitle\">\u00d3rarend<\/h2>\n<div class=\"tabcontent\">\n\n<h4><strong>\u00d3RAREND \u2013 ONKOL\u00d3GIA \u00c9S HELYRE\u00c1LL\u00cdT\u00d3 PLASZTIKAI SEB\u00c9SZET<\/strong><\/h4>\n<p><strong>BLOKK 1. H\u00c9T<\/strong><\/p>\n<table style=\"width: 100%;height: 931px\" width=\"100%\">\n<tbody>\n<tr style=\"height: 53px\">\n<td style=\"width: 20%;height: 53px\">\n<p>H\u00c9TF\u0150<\/p>\n<\/td>\n<td style=\"width: 20%;height: 53px\">\n<p>KEDD<\/p>\n<\/td>\n<td style=\"width: 20%;height: 53px\">\n<p>SZERDA<\/p>\n<\/td>\n<td style=\"width: 20%;height: 53px\">\n<p>CS\u00dcT\u00d6RT\u00d6K<\/p>\n<\/td>\n<td style=\"width: 20%;height: 53px\">\n<p>P\u00c9NTEK<\/p>\n<\/td>\n<\/tr>\n<tr style=\"height: 83px\">\n<td style=\"width: 19.6827%;height: 83px\" width=\"215\">08:00 &#8211; 08:45: El\u0151ad\u00e1s 1.<br \/>\nProf. Dr. Dank Magdolna<\/td>\n<td style=\"width: 22.6078%;height: 83px\">\n<p>08:00 &#8211; 08:45: El\u0151ad\u00e1s 7.<br \/>\nDr. Rubovszky G\u00e1bor<\/p>\n<\/td>\n<td style=\"width: 9.12245%;height: 878px\" rowspan=\"11\">\n<p>SZABADNAP<\/p>\n<p>&nbsp;<\/p>\n<\/td>\n<td style=\"width: 25.88%;height: 83px\">\n<p>08:00 &#8211; 08:45: El\u0151ad\u00e1s 9.<br \/>\nProf. Dr. Polg\u00e1r Csaba \/ Dr. med.habil. Tak\u00e1csi-Nagy Zolt\u00e1n<\/p>\n<\/td>\n<td style=\"width: 22.6078%;height: 83px\" rowspan=\"2\">\n<p>08:00 &#8211; 09:30: Gyakorlat (2&#215;45 perc)<br \/>\nK\u00e9palkot\u00f3 diagnosztika<\/p>\n<p>&nbsp;<\/p>\n<\/td>\n<\/tr>\n<tr style=\"height: 113px\">\n<td style=\"width: 19.6827%;height: 113px\">\n<p>08:45 &#8211; 09:30: El\u0151ad\u00e1s 2.<br \/>\nDr. T\u00e1rnoki \u00c1d\u00e1m Domonkos \/ Dr. T\u00e1rnoki D\u00e1vid L\u00e1szl\u00f3<\/p>\n<\/td>\n<td style=\"width: 22.6078%;height: 113px\">\n<p>08:45 &#8211; 09:30: El\u0151ad\u00e1s 8.<br \/>\nDr. K\u00fcronya Zs\u00f3fia \/ Dr.med.habil. Hitre Erika<\/p>\n<\/td>\n<td style=\"width: 25.88%;height: 113px\">\n<p>08:45-10:15: Gyakorlat (2&#215;45 perc)<br \/>\nDaganatok sug\u00e1rkezel\u00e9se I: Besug\u00e1rz\u00e1stervez\u00e9s<\/p>\n<\/td>\n<\/tr>\n<tr style=\"height: 83px\">\n<td style=\"width: 19.6827%;height: 83px\">\n<p>09:30 &#8211; 10:00:<br \/>\nSZ\u00dcNET<\/p>\n<\/td>\n<td style=\"width: 22.6078%;height: 83px\">\n<p>09:30 &#8211; 10:00:<br \/>\nSZ\u00dcNET<\/p>\n<\/td>\n<td style=\"width: 25.88%;height: 83px\">\n<p>10:15-10:45:<br \/>\nSZ\u00dcNET<\/p>\n<\/td>\n<td style=\"width: 22.6078%;height: 83px\">\n<p>09:30 &#8211; 10:00:<br \/>\nSZ\u00dcNET<\/p>\n<\/td>\n<\/tr>\n<tr style=\"height: 111px\">\n<td style=\"width: 19.6827%;height: 111px\">\n<p>10:00 &#8211; 10:45: El\u0151ad\u00e1s 3.<br \/>\nDr. T\u00f3th Erika \/ Dr. Sz\u0151ke J\u00e1nos \/Dr. Kuthi Levente \/ Dr. B\u00e1thory-F\u00fcl\u00f6p L\u00e1szl\u00f3<\/p>\n<\/td>\n<td style=\"width: 22.6078%;height: 194px\" rowspan=\"2\">\n<p>10:00 &#8211; 11:30: Gyakorlat (2&#215;45 perc)<br \/>\nOnkol\u00f3gia \u00c9l\u0151ben: ambul\u00e1ns rendel\u00e9s val\u00f3s betegekkel (kiscsoportos)<\/p>\n<\/td>\n<td style=\"width: 25.88%;height: 194px\" rowspan=\"2\">\n<p>10:45 &#8211; 12:15: Gyakorlat (2&#215;45 perc)<br \/>\nDaganatok sug\u00e1rkezel\u00e9se II: K\u00fcls\u0151 sug\u00e1rkezel\u00e9s<\/p>\n<\/td>\n<td style=\"width: 22.6078%;height: 194px\" rowspan=\"2\">\n<p>10:00 &#8211; 11:30: Gyakorlat (2&#215;45 perc)<br \/>\nK\u00e9palkot\u00f3 diagnosztika<\/p>\n<\/td>\n<\/tr>\n<tr style=\"height: 83px\">\n<td style=\"width: 19.6827%;height: 83px\">\n<p>10:45 &#8211; 11:30: El\u0151ad\u00e1s 4.<br \/>\nDr. Mersich Tam\u00e1s \/ Dr. Hor\u00e1nyi D\u00e1niel<\/p>\n<\/td>\n<\/tr>\n<tr style=\"height: 83px\">\n<td style=\"width: 19.6827%;height: 83px\">\n<p>11:30 &#8211; 12:30:<br \/>\nEB\u00c9DSZ\u00dcNET<\/p>\n<\/td>\n<td style=\"width: 22.6078%;height: 83px\">\n<p>11:30 &#8211; 12:30:<br \/>\nEB\u00c9DSZ\u00dcNET<\/p>\n<\/td>\n<td style=\"width: 25.88%;height: 83px\">\n<p>12:15 &#8211; 13:15:<br \/>\nEB\u00c9DSZ\u00dcNET<\/p>\n<\/td>\n<td style=\"width: 22.6078%;height: 83px\">\n<p>11:30 &#8211; 12:30:<br \/>\nEB\u00c9DSZ\u00dcNET<\/p>\n<\/td>\n<\/tr>\n<tr style=\"height: 83px\">\n<td style=\"width: 19.6827%;height: 83px\">\n<p>12:30 &#8211; 13:15: El\u0151ad\u00e1s 5.<br \/>\nDr. Hor\u00e1nyi D\u00e1niel \/ Dr. Mersich Tam\u00e1s<\/p>\n<\/td>\n<td style=\"width: 22.6078%;height: 166px\" rowspan=\"2\">\n<p>12:30 &#8211; 14:00: Gyakorlat (2&#215;45 perc)<br \/>\nEls\u0151 Tal\u00e1lkoz\u00e1s az onkol\u00f3giai beteggel \u2013 onkol\u00f3giai \u00e1gy melletti gyakorlat<\/p>\n<\/td>\n<td style=\"width: 25.88%;height: 166px\" rowspan=\"2\">\n<p>13:15 &#8211; 14:45: Gyakorlat (2&#215;45 perc)<br \/>\nDaganatok sug\u00e1rkezel\u00e9se III: Brachyter\u00e1pia<\/p>\n<\/td>\n<td style=\"height: 166px;width: 22.6078%\">\n<p>12:30 &#8211; 13:15: El\u0151ad\u00e1s 10.<br \/>\nDr. Kov\u00e1cs P\u00e9ter<\/p>\n<\/td>\n<\/tr>\n<tr style=\"height: 83px\">\n<td style=\"width: 19.6827%;height: 83px\">\n<p>13:15 &#8211; 14:00: El\u0151ad\u00e1s 6.<br \/>\nDr. med.habil. Hitre Erika<\/p>\n<\/td>\n<td style=\"width: 22.6078%\">\n<p>13:15 &#8211; 14:00: Gyakorlat<br \/>\nOnko-pszichol\u00f3gia<\/p>\n<\/td>\n<\/tr>\n<tr style=\"height: 53px\">\n<td style=\"width: 19.6827%;height: 53px\">\n<p>14:00 &#8211; 14:30:<br \/>\nSZ\u00dcNET<\/p>\n<\/td>\n<td style=\"width: 22.6078%;height: 53px\">\n<p>14:00 &#8211; 14:30:<br \/>\nSZ\u00dcNET<\/p>\n<\/td>\n<td style=\"width: 25.88%;height: 53px\">\n<p>14:45 &#8211; 15:15:<br \/>\nSZ\u00dcNET<\/p>\n<\/td>\n<td style=\"width: 22.6078%;height: 53px\">\n<p>14:00-14:30:<br \/>\nSZ\u00dcNET<\/p>\n<\/td>\n<\/tr>\n<tr style=\"height: 103px\">\n<td style=\"width: 19.6827%;height: 103px\" rowspan=\"2\">\n<p>14:30 &#8211; 16:00: Gyakorlat (2&#215;45 perc)<br \/>\nCitol\u00f3gia, sz\u00f6vettan, molekul\u00e1ris patol\u00f3gia<\/p>\n<p>&nbsp;<\/p>\n<\/td>\n<td style=\"width: 22.6078%;height: 103px\">\n<p>14:30 &#8211; 15:15: El\u0151ad\u00e1s 13.<br \/>\nDr. Kord\u00e1n\u00e9 Dr. Horv\u00e1th Orsolya \/ Dr. S\u00fcller-Torma Vill\u0151<\/p>\n<\/td>\n<td style=\"width: 25.88%;height: 103px\" rowspan=\"2\">\n<p>15:15 &#8211; 16:00: Tesztvizsga<br \/>\nProf. Dr. Major Tibor<\/p>\n<p>&nbsp;<\/p>\n<\/td>\n<td style=\"width: 22.6078%;height: 103px\">\n<p>14:30 &#8211; 15:15: Gyakorlat<br \/>\nOnko-pszichol\u00f3gia<\/p>\n<\/td>\n<\/tr>\n<tr>\n<td style=\"width: 22.6078%\">\n<p>15:15 &#8211; 16:00: Gyakorlat<br \/>\nKorai palliat\u00edv ell\u00e1t\u00e1s szerepe az onkol\u00f3gi\u00e1ban<br \/>\nDr. Kord\u00e1n\u00e9 Dr. Horv\u00e1th Orsolya \/ Dr. S\u00fcller-Torma Vill\u0151<\/p>\n<\/td>\n<td style=\"width: 22.6078%\">\n<p>15:15 &#8211; 16:00: Konzult\u00e1ci\u00f3<br \/>\nDr. M\u00e9sz\u00e1ros Norbert<\/p>\n<\/td>\n<\/tr>\n<\/tbody>\n<\/table>\n<p>&nbsp;<\/p>\n<p><strong>BLOKK 2. H\u00c9T<\/strong><\/p>\n<table style=\"width: 100%\" width=\"100%\">\n<tbody>\n<tr>\n<td style=\"width: 20%\" width=\"208\">\n<p>H\u00c9TF\u0150<\/p>\n<\/td>\n<td style=\"width: 20%\">\n<p>KEDD<\/p>\n<\/td>\n<td style=\"width: 20%\">\n<p>SZERDA<\/p>\n<\/td>\n<td style=\"width: 20%\">\n<p>CS\u00dcTR\u00d6T\u00d6K<\/p>\n<\/td>\n<td style=\"width: 20%\" width=\"217\">\n<p>P\u00c9NTEK<\/p>\n<\/td>\n<\/tr>\n<tr>\n<td style=\"width: 19.7076%\" width=\"208\">\n<p>08:00 &#8211; 8:45: El\u0151ad\u00e1s 11.<br \/>\nDr. M\u00e9sz\u00e1ros Norbert<\/p>\n<\/td>\n<td style=\"width: 22.4776%\">\n<p>08:00 &#8211; 08:45: El\u0151ad\u00e1s 14.<br \/>\nDr. T\u00e1rnoki \u00c1d\u00e1m Domonkos \/ Dr. T\u00e1rnoki D\u00e1vid L\u00e1szl\u00f3<\/p>\n<\/td>\n<td style=\"width: 9.33949%\" rowspan=\"8\">\n<p>SZABADNAP<\/p>\n<p>&nbsp;<\/p>\n<p>&nbsp;<\/p>\n<p>&nbsp;<\/p>\n<p>&nbsp;<\/p>\n<p>&nbsp;<\/p>\n<p>&nbsp;<\/p>\n<p>&nbsp;<\/p>\n<\/td>\n<td style=\"width: 25.9172%\" rowspan=\"2\">\n<p>08:00 &#8211; 09:30: Gyakorlat (2&#215;45 perc)<br \/>\nTud\u00e1smeger\u0151s\u00edt\u0151<\/p>\n<p>&nbsp;<\/p>\n<\/td>\n<td style=\"width: 22.5087%\" rowspan=\"8\" width=\"217\">\n<p>&nbsp;<\/p>\n<p>&nbsp;<\/p>\n<p>&nbsp;<\/p>\n<p>&nbsp;<\/p>\n<p>VIZSGANAP<\/p>\n<p>&nbsp;<\/p>\n<p>&nbsp;<\/p>\n<p>&nbsp;<\/p>\n<p>&nbsp;<\/p>\n<p>&nbsp;<\/p>\n<p>&nbsp;<\/p>\n<\/td>\n<\/tr>\n<tr>\n<td style=\"width: 19.7076%\" width=\"208\">\n<p>08:45 &#8211; 09:30: El\u0151ad\u00e1s 12.<br \/>\nDr. Szentm\u00e1rtoni Gy\u00f6ngyv\u00e9r<\/p>\n<\/td>\n<td style=\"width: 22.4776%\">\n<p>08:45 &#8211; 09:30: Gyakorlat<br \/>\nSziszt\u00e9m\u00e1s kezel\u00e9s a gy\u00f3gyszer\u00e9sz szem\u00e9vel<br \/>\nDr. Juh\u00e1sz \u00c1kos \/ Dr. Diszt\u00f3s Zolt\u00e1n<\/p>\n<\/td>\n<\/tr>\n<tr>\n<td style=\"width: 19.7076%\" width=\"208\">\n<p>09:30 &#8211; 10:00:<br \/>\nSZ\u00dcNET<\/p>\n<\/td>\n<td style=\"width: 22.4776%\">\n<p>09:30 &#8211; 10:00:<br \/>\nSZ\u00dcNET<\/p>\n<\/td>\n<td style=\"width: 25.9172%\">\n<p>09:30 &#8211; 10:00:<br \/>\nSZ\u00dcNET<\/p>\n<\/td>\n<\/tr>\n<tr>\n<td style=\"width: 19.7076%\" width=\"208\">\n<p>10:00 &#8211; 11:30: Gyakorlat (2&#215;45 perc)<br \/>\nDaganatok seb\u00e9szete<\/p>\n<\/td>\n<td style=\"width: 22.4776%\">\n<p>10:00 &#8211; 11:30: Gyakorlat (2&#215;45 perc)<br \/>\nCATO<br \/>\nDr. Diszt\u00f3s Zolt\u00e1n \/Dr. Juh\u00e1sz \u00c1kos<\/p>\n<\/td>\n<td style=\"width: 25.9172%\">\n<p>10:00 &#8211; 11:30: Gyakorlat (2&#215;45 perc)<br \/>\nTud\u00e1smeger\u0151s\u00edt\u0151<\/p>\n<\/td>\n<\/tr>\n<tr>\n<td style=\"width: 19.7076%\" width=\"208\">\n<p>11:30 &#8211; 12:30:<br \/>\nEB\u00c9DSZ\u00dcNET<\/p>\n<\/td>\n<td style=\"width: 22.4776%\">\n<p>11:30 &#8211; 12:30:<br \/>\nEB\u00c9DSZ\u00dcNET<\/p>\n<\/td>\n<td style=\"width: 25.9172%\">\n<p>11:30 &#8211; 12:30:<br \/>\nEB\u00c9DSZ\u00dcNET<\/p>\n<\/td>\n<\/tr>\n<tr>\n<td style=\"width: 19.7076%\" width=\"208\">\n<p>12:30 &#8211; 14:00: Gyakorlat (2&#215;45 perc)<br \/>\nDaganatok seb\u00e9szete<\/p>\n<\/td>\n<td style=\"width: 22.4776%\">\n<p>12:30 &#8211; 14:00: Gyakorlat (2&#215;45 perc)<br \/>\nTud\u00e1smeger\u0151s\u00edt\u0151<\/p>\n<\/td>\n<td style=\"width: 25.9172%\">\n<p>12:30 &#8211; 14:00: Gyakorlat (2&#215;45 perc)<br \/>\nTud\u00e1smeger\u0151s\u00edt\u0151<\/p>\n<\/td>\n<\/tr>\n<tr>\n<td style=\"width: 19.7076%\">\n<p>14:00 &#8211; 14:30:<br \/>\nSZ\u00dcNET<\/p>\n<\/td>\n<td style=\"width: 22.4776%\">\n<p>14:00 &#8211; 14:30:<br \/>\nSZ\u00dcNET<\/p>\n<\/td>\n<td style=\"width: 25.9172%\">\n<p>14:00 &#8211; 14:30:<br \/>\nSZ\u00dcNET<\/p>\n<\/td>\n<\/tr>\n<tr>\n<td style=\"width: 19.7076%\">\n<p>14:30 &#8211; 16:00: Gyakorlat (2&#215;45 perc)<br \/>\nOnko-team<br \/>\nDr. B\u00edr\u00f3 Krisztina<\/p>\n<\/td>\n<td style=\"width: 22.4776%\">\n<p>14:30 &#8211; 16:00: Gyakorlat (2&#215;45 perc)<br \/>\nTud\u00e1smeger\u0151s\u00edt\u0151<\/p>\n<\/td>\n<td style=\"width: 25.9172%\">\n<p>14:30 &#8211; 16:00: Gyakorlat (2&#215;45 perc)<br \/>\nTud\u00e1smeger\u0151s\u00edt\u0151<\/p>\n<\/td>\n<\/tr>\n<\/tbody>\n<\/table>\n<h4>\u00a0<\/h4>\n\n<\/div><h2 class=\"tabtitle\">El\u0151ad\u00e1sok<\/h2>\n<div class=\"tabcontent\">\n\n<h4><strong>El\u0151ad\u00e1sok<\/strong><strong>\u00a0<\/strong><\/h4>\n<p><strong>Blokk 1. nap:<br \/>\n<\/strong>1. Daganatok etiol\u00f3gi\u00e1ja, epidemiol\u00f3gi\u00e1ja, a megel\u0151z\u00e9s \u00e9s sz\u0171r\u00e9s m\u00f3dszerei (45 perc &#8211; Prof. Dr. Dank Magdolna)<br \/>\n2. Daganatok k\u00e9palkot\u00f3 diagnosztik\u00e1ja (45 perc &#8211; Dr. T\u00e1rnoki \u00c1d\u00e1m Domonkos \/ Dr. T\u00e1rnoki D\u00e1vid L\u00e1szl\u00f3)<br \/>\n3. Daganatok sz\u00f6vettani \u00e9s molekul\u00e1ris patol\u00f3giai diagnosztik\u00e1ja (45 perc &#8211; Dr. T\u00f3th Erika \/ Dr. Sz\u0151ke J\u00e1nos)<br \/>\n4. Az onkol\u00f3giai seb\u00e9szet alapjai. Seb\u00e9szi szempontok az onko-teamben (45 perc &#8211; Dr. Mersich Tam\u00e1s)<br \/>\n5. Az onko-seb\u00e9szeti rekonstrukci\u00f3, palli\u00e1ci\u00f3 \u00e9s onkol\u00f3giai intervenci\u00f3 a technol\u00f3giai forradalom kor\u00e1ban (45 perc &#8211; Dr. Hor\u00e1nyi D\u00e1niel)<br \/>\n6. Gy\u00f3gyszeres klinikai vizsg\u00e1latok \u00e9s k\u00eds\u00e9rleti onkol\u00f3giai ter\u00e1pi\u00e1k (45 perc &#8211; Dr. med.habil. Hitre Erika)<\/p>\n<p><strong>Blokk 2. nap:<br \/>\n<\/strong>7. Kemoter\u00e1pia, biol\u00f3giai \u00e9s endokrin kezel\u00e9sek (45 perc &#8211; Dr. Rubovszky G\u00e1bor \/ Dr. K\u00fcronya Zs\u00f3fia)<br \/>\n8. Immunol\u00f3giai kezel\u00e9sek az onkol\u00f3gi\u00e1ban (45 perc &#8211; Dr. K\u00fcronya Zs\u00f3fia \/ Dr.med.habil. Hitre Erika)<\/p>\n<p><strong>Blokk 3. nap:<br \/>\n<\/strong>9. Daganatok sug\u00e1rkezel\u00e9s\u00e9nek \u00e9s radiokemoter\u00e1pi\u00e1j\u00e1nak alapjai (45 perc &#8211; Prof. Dr. Polg\u00e1r Csaba \/ Dr. med.habil. Tak\u00e1csi-Nagy Zolt\u00e1n)<\/p>\n<p><strong>Blokk 4. nap: <br \/>\n<\/strong>10. Klinikai onko-pszcihol\u00f3gia (45 perc &#8211; Dr. Kov\u00e1cs P\u00e9ter)<\/p>\n<p><strong>Blokk 5. nap:<br \/>\n<\/strong>11. Mesters\u00e9ges intelligencia az onkol\u00f3gi\u00e1ban (45 perc &#8211; Dr. M\u00e9sz\u00e1ros Norbert)<br \/>\n12. Onkol\u00f3giai s\u00fcrg\u0151ss\u00e9gi \u00e1llapotok (45 perc &#8211; Dr. Szentm\u00e1rtoni Gy\u00f6ngyv\u00e9r)<\/p>\n<p><strong style=\"font-size: 1rem\">Blokk 6. nap:<br \/>\n<\/strong>13. Onkol\u00f3giai rehabilit\u00e1ci\u00f3 \u00e9s k\u00f6vet\u00e9s (45 perc &#8211; Dr. Kord\u00e1n\u00e9 Dr. Horv\u00e1th Orsolya)<br \/>\n14. Teranosztikus ter\u00e1pi\u00e1k (45 perc &#8211; Dr. T\u00e1rnoki \u00c1d\u00e1m Domonkos \/ Dr. T\u00e1rnoki D\u00e1vid L\u00e1szl\u00f3)<\/p>\n\n<\/div><h2 class=\"tabtitle\">Vizsgak\u00f6vetelm\u00e9nyek<\/h2>\n<div class=\"tabcontent\">\n\n<h4><strong>Vizsgak\u00f6vetelm\u00e9nyek<\/strong><\/h4>\n<p style=\"text-align: justify\">A vizsg\u00e1ra val\u00f3 felk\u00e9sz\u00fcl\u00e9st egy olyan, 150 k\u00e9rd\u00e9sb\u0151l \u00e1ll\u00f3, r\u00e9szletesen kidolgozott k\u00e9rd\u00e9ssor seg\u00edti, amely lefedi a klinikai onkol\u00f3gia tant\u00e1rgy korszer\u0171, gyakorlati szempontb\u00f3l relev\u00e1ns ismeretanyag\u00e1t. A k\u00e9rd\u00e9seket a tant\u00e1rgy tematik\u00e1ja alapj\u00e1n az \u00f3raad\u00f3 oktat\u00f3k \u00e1ll\u00edtott\u00e1k \u00f6ssze, kiemelve azokat a kulcsfontoss\u00e1g\u00fa t\u00e9mak\u00f6r\u00f6ket \u00e9s kompetenciaelemeket, amelyek elengedhetetlenek a t\u00e1rgy sikeres elsaj\u00e1t\u00edt\u00e1s\u00e1hoz \u00e9s a komplex onkol\u00f3giai szeml\u00e9let kialak\u00edt\u00e1s\u00e1hoz. A k\u00e9rd\u00e9seket a hallgat\u00f3k a tantermi el\u0151ad\u00e1sok v\u00e9g\u00e9n mini-teszt form\u00e1j\u00e1ban, valamint a moodle rendszeren kereszt\u00fcl \u00e9rik el.<\/p>\n<hr \/>\n<h5>Az oszt\u00e1lyzat kialak\u00edt\u00e1s\u00e1nak m\u00f3dja \u00e9s t\u00edpusa:<\/h5>\n<p>90% felett jeles, 80-89% j\u00f3, 70-79% k\u00f6zepes, 60-69% el\u00e9gs\u00e9ges, 60% alatt el\u00e9gtelen<\/p>\n<h5>A vizsg\u00e1ra t\u00f6rt\u00e9n\u0151 jelentkez\u00e9s m\u00f3dja:<\/h5>\n<p>A hallgat\u00f3k vizsgajelentkez\u00e9se kiz\u00e1r\u00f3lag a NEPTUN egys\u00e9ges tanulm\u00e1nyi rendszer seg\u00edts\u00e9g\u00e9vel t\u00f6rt\u00e9nik a TVSZ-ben le\u00edrt szab\u00e1lyoz\u00e1s szerint.<\/p>\n<h5>A vizsga megism\u00e9tl\u00e9s\u00e9nek lehet\u0151s\u00e9gei:<\/h5>\n<p>Tanulm\u00e1nyi \u00e9s Vizsgaszab\u00e1lyzat szerint<\/p>\n<h5>A tananyag elsaj\u00e1t\u00edt\u00e1s\u00e1hoz felhaszn\u00e1lhat\u00f3 nyomtatott, elektronikus \u00e9s online jegyzetek, tank\u00f6nyvek, seg\u00e9dletek \u00e9s szakirodalom:<\/h5>\n<p style=\"text-align: justify\">A vizsg\u00e1ra val\u00f3 felk\u00e9sz\u00fcl\u00e9st az el\u0151ad\u00e1sok \u00e9s gyakorlatok anyagai seg\u00edtik, amelyek elektronikus form\u00e1ban let\u00f6lthet\u0151k a tansz\u00e9k honlapj\u00e1r\u00f3l. Emellett a hallgat\u00f3k sz\u00e1m\u00e1ra el\u00e9rhet\u0151 egy 150 k\u00e9rd\u00e9sb\u0151l \u00e1ll\u00f3, r\u00e9szletesen kidolgozott k\u00e9rd\u00e9ssor is, amely a Moodle rendszeren kereszt\u00fcl lesz hozz\u00e1f\u00e9rhet\u0151.<\/p>\n<p>Tananyag: Onkol\u00f3gia \u00e9s Sug\u00e1rter\u00e1pia egyetemi jegyzet al\u00e1bbi fejezetei (Szerk.: Polg\u00e1r Csaba):<\/p>\n<ul>\n<li>I. \u00c1ltal\u00e1nos onkol\u00f3gia \u00e9s sug\u00e1rter\u00e1pia fejezet<\/li>\n<li>II\/11. Onkol\u00f3giai s\u00fcrg\u00f5ss\u00e9gi \u00e1llapotok, szupport\u00edv kezel\u00e9s,onkol\u00f3giai rehabilit\u00e1ci\u00f3 \u00e9s k\u00f6vet\u00e9s\n<ul>\n<li>magyar, angol \u00e9s n\u00e9met nyelven elektronikus jegyzet form\u00e1j\u00e1ban<\/li>\n<li>magyar nyelven nyomdai kiad\u00e1sban (Semmelweis Kiad\u00f3, Budapest, 2018)<\/li>\n<\/ul>\n<\/li>\n<\/ul>\n<p style=\"text-align: justify\"><strong>Aj\u00e1nlott irodalom:<\/strong> Az onkol\u00f3gia alapjai (Szerk.: K\u00e1sler Mikl\u00f3s), egyetemi tank\u00f6nyv (2. kiad\u00e1s Medicina K\u00f6nyvkiad\u00f3 Zrt., Budapest, 2018<\/p>\n<\/div><\/div>\n","protected":false},"excerpt":{"rendered":"<p>Onkol\u00f3gia tant\u00e1rgy\u00a0 Az Onkol\u00f3gia teljesen \u00f6n\u00e1ll\u00f3, f\u00e9l\u00e9ves tant\u00e1rgyk\u00e9nt a 2018-19. tan\u00e9vt\u0151l ker\u00fcl oktat\u00e1sra az \u00c1ltal\u00e1nos Orvostudom\u00e1nyi Kar V. \u00e9ves hallgat\u00f3i sz\u00e1m\u00e1ra. Az emelt \u00f3rasz\u00e1m (14 \u00f3ra tantermi el\u0151ad\u00e1s \u00e9s 42 \u00f3ra gyakorlat) lehet\u0151v\u00e9 teszi, hogy az \u00e1ltal\u00e1nos onkol\u00f3giai alapismereteken k\u00edv\u00fcl a hallgat\u00f3k megismerkedhessenek a legfontosabb szolid tumorok komplex onkol\u00f3giai kezel\u00e9s\u00e9nek alapelveivel. Az oktat\u00e1s\u00e1n\u00e1l a tematika &hellip;<\/p>\n","protected":false},"author":12,"featured_media":0,"parent":0,"menu_order":1,"comment_status":"closed","ping_status":"closed","template":"template-fullwidth.php","meta":{"_acf_changed":false,"footnotes":""},"categories":[],"tags":[],"class_list":["post-19","page","type-page","status-publish","hentry"],"acf":[],"_links":{"self":[{"href":"https:\/\/semmelweis.hu\/onkologiai-tanszek\/wp-json\/wp\/v2\/pages\/19","targetHints":{"allow":["GET"]}}],"collection":[{"href":"https:\/\/semmelweis.hu\/onkologiai-tanszek\/wp-json\/wp\/v2\/pages"}],"about":[{"href":"https:\/\/semmelweis.hu\/onkologiai-tanszek\/wp-json\/wp\/v2\/types\/page"}],"author":[{"embeddable":true,"href":"https:\/\/semmelweis.hu\/onkologiai-tanszek\/wp-json\/wp\/v2\/users\/12"}],"replies":[{"embeddable":true,"href":"https:\/\/semmelweis.hu\/onkologiai-tanszek\/wp-json\/wp\/v2\/comments?post=19"}],"version-history":[{"count":12,"href":"https:\/\/semmelweis.hu\/onkologiai-tanszek\/wp-json\/wp\/v2\/pages\/19\/revisions"}],"predecessor-version":[{"id":436,"href":"https:\/\/semmelweis.hu\/onkologiai-tanszek\/wp-json\/wp\/v2\/pages\/19\/revisions\/436"}],"wp:attachment":[{"href":"https:\/\/semmelweis.hu\/onkologiai-tanszek\/wp-json\/wp\/v2\/media?parent=19"}],"wp:term":[{"taxonomy":"category","embeddable":true,"href":"https:\/\/semmelweis.hu\/onkologiai-tanszek\/wp-json\/wp\/v2\/categories?post=19"},{"taxonomy":"post_tag","embeddable":true,"href":"https:\/\/semmelweis.hu\/onkologiai-tanszek\/wp-json\/wp\/v2\/tags?post=19"}],"curies":[{"name":"wp","href":"https:\/\/api.w.org\/{rel}","templated":true}]}}