{"id":521,"date":"2022-05-22T12:23:00","date_gmt":"2022-05-22T10:23:00","guid":{"rendered":"https:\/\/semmelweis.hu\/noiklinika\/?page_id=521"},"modified":"2023-01-12T11:13:46","modified_gmt":"2023-01-12T10:13:46","slug":"nogyogyaszat","status":"publish","type":"page","link":"https:\/\/semmelweis.hu\/noiklinika\/ulloi\/fekvobeteg-ellatas\/nogyogyaszat\/","title":{"rendered":"N\u0151gy\u00f3gy\u00e1szati Oszt\u00e1ly &#8211; \u00dcll\u0151i \u00fat"},"content":{"rendered":"<p>N\u0151gy\u00f3gy\u00e1szati oszt\u00e1lyunkon a n\u0151gy\u00f3gy\u00e1szati betegs\u00e9gben szenved\u0151 p\u00e1ciensek ell\u00e1t\u00e1sa zajlik. R\u00e9szben egynapos seb\u00e9szeti betegek \u00e9s a t\u00f6bbnapos bent fekv\u00e9st ig\u00e9nyl\u0151 n\u0151gy\u00f3gy\u00e1szati betegek ell\u00e1t\u00e1sa is ezen az oszt\u00e1lyon zajlik. N\u0151gy\u00f3gy\u00e1szati oszt\u00e1lyunk Klinik\u00e1nk harmadik emelet\u00e9n tal\u00e1lhat\u00f3. Az oszt\u00e1lyon 29 beteg\u00e1gy van, egy \u00e9s k\u00e9t\u00e1gyas k\u00f3rtermekben sz\u00e9tosztva.\u00a0<\/p>\n<div class=\"keretes w-100\">\n<h4><strong>L\u00e1togat\u00e1si id\u0151 <\/strong><\/h4>\n<p>L\u00e1togat\u00e1sra <strong>16:00 \u00e9s 17:00 \u00f3ra k\u00f6z\u00f6tt<\/strong> van lehet\u0151s\u00e9g az oszt\u00e1ly t\u00e1rsalg\u00f3j\u00e1ban. <strong>Egy beteget egy hozz\u00e1tartoz\u00f3 l\u00e1togathat maximum 1 \u00f3r\u00e1n kereszt\u00fcl.<\/strong><\/p>\n<\/div>\n<h4><strong>Mit \u00e9rdemes behozni?<\/strong><\/h4>\n<ul>\n<li>Als\u00f3nem\u0171, bet\u00e9t<\/li>\n<li>H\u00e1l\u00f3ing<\/li>\n<li>Papucs<\/li>\n<li>Tusf\u00fcrd\u0151<\/li>\n<li>T\u00f6r\u00f6lk\u00f6z\u0151<\/li>\n<li>V\u00edz<\/li>\n<li>Telefon, t\u00f6lt\u0151<\/li>\n<li>Saj\u00e1t gy\u00f3gyszerek<\/li>\n<li>Ev\u0151eszk\u00f6z, poh\u00e1r<\/li>\n<\/ul>\n<p>&nbsp;<\/p>\n","protected":false},"excerpt":{"rendered":"<p>N\u0151gy\u00f3gy\u00e1szati oszt\u00e1lyunkon a n\u0151gy\u00f3gy\u00e1szati betegs\u00e9gben szenved\u0151 p\u00e1ciensek ell\u00e1t\u00e1sa zajlik. R\u00e9szben egynapos seb\u00e9szeti betegek \u00e9s a t\u00f6bbnapos bent fekv\u00e9st ig\u00e9nyl\u0151 n\u0151gy\u00f3gy\u00e1szati betegek ell\u00e1t\u00e1sa is ezen az oszt\u00e1lyon zajlik. N\u0151gy\u00f3gy\u00e1szati oszt\u00e1lyunk Klinik\u00e1nk harmadik emelet\u00e9n tal\u00e1lhat\u00f3. Az oszt\u00e1lyon 29 beteg\u00e1gy van, egy \u00e9s k\u00e9t\u00e1gyas k\u00f3rtermekben sz\u00e9tosztva.\u00a0 L\u00e1togat\u00e1si id\u0151 L\u00e1togat\u00e1sra 16:00 \u00e9s 17:00 \u00f3ra k\u00f6z\u00f6tt van lehet\u0151s\u00e9g az oszt\u00e1ly &hellip;<\/p>\n","protected":false},"author":102064,"featured_media":0,"parent":517,"menu_order":2,"comment_status":"closed","ping_status":"closed","template":"","meta":{"_acf_changed":false,"footnotes":""},"categories":[24],"tags":[22],"class_list":["post-521","page","type-page","status-publish","hentry","category-szakrendelesek-es-osztalyok","tag-betegellatas"],"acf":[],"_links":{"self":[{"href":"https:\/\/semmelweis.hu\/noiklinika\/wp-json\/wp\/v2\/pages\/521","targetHints":{"allow":["GET"]}}],"collection":[{"href":"https:\/\/semmelweis.hu\/noiklinika\/wp-json\/wp\/v2\/pages"}],"about":[{"href":"https:\/\/semmelweis.hu\/noiklinika\/wp-json\/wp\/v2\/types\/page"}],"author":[{"embeddable":true,"href":"https:\/\/semmelweis.hu\/noiklinika\/wp-json\/wp\/v2\/users\/102064"}],"replies":[{"embeddable":true,"href":"https:\/\/semmelweis.hu\/noiklinika\/wp-json\/wp\/v2\/comments?post=521"}],"version-history":[{"count":8,"href":"https:\/\/semmelweis.hu\/noiklinika\/wp-json\/wp\/v2\/pages\/521\/revisions"}],"predecessor-version":[{"id":748,"href":"https:\/\/semmelweis.hu\/noiklinika\/wp-json\/wp\/v2\/pages\/521\/revisions\/748"}],"up":[{"embeddable":true,"href":"https:\/\/semmelweis.hu\/noiklinika\/wp-json\/wp\/v2\/pages\/517"}],"wp:attachment":[{"href":"https:\/\/semmelweis.hu\/noiklinika\/wp-json\/wp\/v2\/media?parent=521"}],"wp:term":[{"taxonomy":"category","embeddable":true,"href":"https:\/\/semmelweis.hu\/noiklinika\/wp-json\/wp\/v2\/categories?post=521"},{"taxonomy":"post_tag","embeddable":true,"href":"https:\/\/semmelweis.hu\/noiklinika\/wp-json\/wp\/v2\/tags?post=521"}],"curies":[{"name":"wp","href":"https:\/\/api.w.org\/{rel}","templated":true}]}}