{"id":209,"date":"2021-09-30T22:26:44","date_gmt":"2021-09-30T20:26:44","guid":{"rendered":"https:\/\/semmelweis.hu\/noiklinika\/?page_id=209"},"modified":"2023-01-12T10:59:24","modified_gmt":"2023-01-12T09:59:24","slug":"betegfelvetel","status":"publish","type":"page","link":"https:\/\/semmelweis.hu\/noiklinika\/baross\/fekvobeteg-ellatas\/betegfelvetel\/","title":{"rendered":"Betegfelv\u00e9tel \u00e9s elbocs\u00e1t\u00e1s &#8211; Baross utca"},"content":{"rendered":"<h1>Betegfelv\u00e9tel<\/h1>\n<h4><strong>Hol?<br \/>\n<\/strong><\/h4>\n<p><strong>Baross utcai r\u00e9szleg\u00a0<\/strong>(1088 Budapest,<span class=\"LrzXr\"> Baross u. 27.)\u00a0<\/span><\/p>\n<ul style=\"list-style-type: square;\">\n<li>a n\u0151gy\u00f3gy\u00e1szati ambulanci\u00e1n \u00a0a f\u0151bej\u00e1ratt\u00f3l jobbra<\/li>\n<li>a v\u00e1rand\u00f3s ambulanci\u00e1n a f\u0151bej\u00e1ratt\u00f3l balra\u00a0\u00a0<\/li>\n<\/ul>\n<h4><strong>Mikor?<\/strong><\/h4>\n<p>Az oszt\u00e1lyokra t\u00f6rt\u00e9n\u0151 betegfelv\u00e9telek k\u00e9t l\u00e9pcs\u0151ben t\u00f6rt\u00e9nnek, az el\u0151zetesen kapott t\u00e1j\u00e9koztat\u00e1snak megfelel\u0151en.<\/p>\n<ul style=\"list-style-type: square;\">\n<li>reggel: minden h\u00e9tk\u00f6znap reggel 7.00 \u00f3r\u00e1t\u00f3l<\/li>\n<li>a d\u00e9lut\u00e1n felv\u00e9telre ker\u00fcl\u0151 betegeink eset\u00e9ben 12.00 \u00f3r\u00e1t\u00f3l<\/li>\n<\/ul>\n<p><strong>A felv\u00e9tellel kapcsolatos adminisztr\u00e1ci\u00f3t \u2013 az ambulanci\u00e1kon t\u00f6rt\u00e9n\u0151 megjelen\u00e9s ut\u00e1n \u2013 betegeink a felv\u00e9teli irod\u00e1ban int\u00e9zhetik.<\/strong> A p\u00e9ntek d\u00e9lut\u00e1n felv\u00e9telre ker\u00fcl\u0151 betegek m\u00e1r azon a napon munkahely\u00fckr\u0151l t\u00e1voll\u00e9v\u0151nek sz\u00e1m\u00edtanak. K\u00e9rj\u00fck, hogy amennyiben m\u0171t\u00e9ti beavatkoz\u00e1s tervezett, \u00e9kszereit vegye le, a k\u00f6r\u00f6mlakkot t\u00e1vol\u00edtsa el.<\/p>\n<div class=\"keretes w-100\">\n<h4><strong>Sz\u00fcks\u00e9ges iratok, dokumentumok:<\/strong><\/h4>\n<ul style=\"list-style-type: square;\">\n<li>szem\u00e9lyi igazolv\u00e1ny,<\/li>\n<li>lakc\u00edm k\u00e1rtya,<\/li>\n<li>betegbiztos\u00edt\u00e1si (TAJ) k\u00e1rtya <em>(K\u00e9rj\u00fck, ha bizonytalan jogviszony\u00e1t illet\u0151en, t\u00e1j\u00e9koz\u00f3djon az \u00d6nh\u00f6z legk\u00f6zelebb es\u0151 OEP kirendelts\u00e9gen.)<\/em><\/li>\n<li>a m\u0171t\u00e9ti beavatkoz\u00e1shoz sz\u00fcks\u00e9ges leletek,<\/li>\n<li>nem s\u00fcrg\u0151s esetekben beutal\u00f3,<\/li>\n<li>ha vannak, r\u00e9gi z\u00e1r\u00f3jelent\u00e9sek, egy\u00e9b orvosi dokumentumok.\u00a0<\/li>\n<\/ul>\n<\/div>\n<h4><strong>Aneszteziol\u00f3giai vizsg\u00e1lat<\/strong><\/h4>\n<p>Felh\u00edvjuk kedves Betegeink figyelm\u00e9t, hogy<strong> a m\u0171t\u00e9t el\u0151tti kivizsg\u00e1l\u00e1s r\u00e9sze az el\u0151re egyeztetett id\u0151pontban t\u00f6rt\u00e9n\u0151 aneszteziol\u00f3giai vizsg\u00e1lat<\/strong>, amelyre magukkal kell vinni\u00fck a kezel\u0151orvosuk \u00e1ltal el\u0151\u00edrt, \u00e9s a ter\u00fcleti szakrendel\u0151ben elv\u00e9gzett vizsg\u00e1latok eredm\u00e9nyeit. Az eredm\u00e9nyek a m\u0171t\u00e9t napj\u00e1n nem lehetnek r\u00e9gebbiek, mint 1 h\u00f3nap, k\u00e9rj\u00fck erre k\u00fcl\u00f6n\u00f6sen figyeljenek.\u00a0<\/p>\n<h4><strong>\u00e1gyak elfoglal\u00e1sa \/ mit \u00e9rdemes behozni<\/strong><\/h4>\n<p>Az adminisztrat\u00edv teend\u0151k elv\u00e9gz\u00e9se ut\u00e1n az oszt\u00e1lyon szolg\u00e1latot teljes\u00edt\u0151 sz\u00fcl\u00e9szn\u0151\/\u00e1pol\u00f3 megmutatja \u00d6nnek k\u00f3rterm\u00e9t \u00e9s az \u00e1gy\u00e1t. <span style=\"font-size: 1rem;\">\u00a0K\u00e9rj\u00fck, hogy hozzon mag\u00e1val:<\/span><\/p>\n<ul style=\"list-style-type: square;\">\n<li><span style=\"font-size: 1rem;\">v\u00e1lt\u00e1s h\u00e1l\u00f3ruh\u00e1t <em>(a Klinik\u00e1n haszn\u00e1lhatja saj\u00e1t h\u00e1l\u00f3ruh\u00e1j\u00e1t.)<\/em><\/span><\/li>\n<li><span style=\"font-size: 1rem;\">tiszt\u00e1lkod\u00e1si szereket (szappan, f\u00e9s\u0171, fogmos\u00f3), <\/span><\/li>\n<li><span style=\"font-size: 1rem;\">papucsot, <\/span><\/li>\n<li><span style=\"font-size: 1rem;\">iv\u00f3poharat, <\/span><\/li>\n<li><span style=\"font-size: 1rem;\">amennyiben lehets\u00e9ges \u2013 saj\u00e1t l\u00e1zm\u00e9r\u0151t. <\/span><\/li>\n<\/ul>\n<p><span style=\"font-size: 1rem;\">Utcai ruh\u00e1it \u00e9s szem\u00e9lyes holmij\u00e1t a k\u00f3rteremben lev\u0151 szekr\u00e9nyben helyezheti el.<\/span><\/p>\n<p>Behozhat TV-t, r\u00e1di\u00f3t, sz\u00e1m\u00edt\u00f3g\u00e9pet. Ezek haszn\u00e1latakor azonban k\u00e9rj\u00fck, legyen tekintettel szobat\u00e1rsaira. \u00c9kszert, nagyobb \u00e9rt\u00e9kben p\u00e9nzt lehet\u0151leg ne hozzon mag\u00e1val. Amennyiben valamilyen okn\u00e1l fogva ez elker\u00fclhetetlen, <strong>k\u00e9rj\u00fck fokozottan \u00fcgyeljen \u00e9rt\u00e9keire<\/strong>.<\/p>\n<p>Amennyiben ig\u00e9nyli, a Klinika Gazdas\u00e1gi Irod\u00e1j\u00e1ban van lehet\u0151s\u00e9g \u00e9rt\u00e9kmeg\u0151rz\u00e9sre. Az int\u00e9zm\u00e9nybe behozott p\u00e9nz\u00e9\u00e9rt, \u00e9rt\u00e9kt\u00e1rgyai\u00e9rt az int\u00e9zm\u00e9ny csak ebben az esetben v\u00e1llal felel\u0151ss\u00e9get.<\/p>\n<p>A k\u00f3rterem elhagy\u00e1sakor, ha nem marad senki a szob\u00e1ban, lehet\u0151s\u00e9ge van azt bez\u00e1rni \u00e9s a kulcsot az oszt\u00e1lyos sz\u00fcl\u00e9szn\u0151nek\/\u00e1pol\u00f3nak leadni.\u00a0<\/p>\n<h1>Betegek elbocs\u00e1t\u00e1sa<\/h1>\n<p>A Klinik\u00e1r\u00f3l t\u00f6rt\u00e9n\u0151 elbocs\u00e1t\u00e1s id\u0151pontj\u00e1r\u00f3l kezel\u0151orvosa, vagy oszt\u00e1lyos orvosa t\u00e1j\u00e9koztatja \u00d6nt, a v\u00e1rhat\u00f3 id\u0151pont el\u0151tt legal\u00e1bb egy nappal.<\/p>\n<p>Az \u201eegynapos\u201d m\u0171t\u00e9ti beavatkoz\u00e1son \u00e1tesett betegek eset\u00e9ben a t\u00e1voz\u00e1s a kezel\u0151orvos, vagy az oszt\u00e1lyos orvos \u00e1ltal megadott id\u0151pontban t\u00f6rt\u00e9nik. Egyedi esetekben \u2013 a beteggel t\u00f6rt\u00e9n\u0151 egyeztet\u00e9s ut\u00e1n \u2013 a t\u00e1voz\u00e1s id\u0151pontja ett\u0151l elt\u00e9r\u0151 lehet.<\/p>\n<p>T\u00e1j\u00e9koztatjuk, hogy <strong>a hazamenetel napj\u00e1n legk\u00e9s\u0151bb 9.30 \u00f3rakor el kell hagynia a k\u00f3rtermet.\u00a0<\/strong>K\u00e9rj\u00fck, hogy err\u0151l hozz\u00e1tartoz\u00f3it is \u00e9rtes\u00edtse.<\/p>\n<p>A betegs\u00e9g\u00e9re, sz\u00fcl\u00e9s\u00e9re vonatkoz\u00f3 dokumentumokat (z\u00e1r\u00f3jelent\u00e9s) hazabocs\u00e1t\u00e1skor kapja meg.<\/p>\n<p><strong>K\u00e9rj\u00fck, ne mulassza el a kontrollvizsg\u00e1laton val\u00f3 megjelen\u00e9st!<\/strong><\/p>\n","protected":false},"excerpt":{"rendered":"<p>Betegfelv\u00e9tel Hol? Baross utcai r\u00e9szleg\u00a0(1088 Budapest, Baross u. 27.)\u00a0 a n\u0151gy\u00f3gy\u00e1szati ambulanci\u00e1n \u00a0a f\u0151bej\u00e1ratt\u00f3l jobbra a v\u00e1rand\u00f3s ambulanci\u00e1n a f\u0151bej\u00e1ratt\u00f3l balra\u00a0\u00a0 Mikor? Az oszt\u00e1lyokra t\u00f6rt\u00e9n\u0151 betegfelv\u00e9telek k\u00e9t l\u00e9pcs\u0151ben t\u00f6rt\u00e9nnek, az el\u0151zetesen kapott t\u00e1j\u00e9koztat\u00e1snak megfelel\u0151en. reggel: minden h\u00e9tk\u00f6znap reggel 7.00 \u00f3r\u00e1t\u00f3l a d\u00e9lut\u00e1n felv\u00e9telre ker\u00fcl\u0151 betegeink eset\u00e9ben 12.00 \u00f3r\u00e1t\u00f3l A felv\u00e9tellel kapcsolatos adminisztr\u00e1ci\u00f3t \u2013 az ambulanci\u00e1kon &hellip;<\/p>\n","protected":false},"author":101531,"featured_media":0,"parent":112,"menu_order":1,"comment_status":"closed","ping_status":"closed","template":"","meta":{"_acf_changed":false,"footnotes":""},"categories":[],"tags":[],"class_list":["post-209","page","type-page","status-publish","hentry"],"acf":[],"_links":{"self":[{"href":"https:\/\/semmelweis.hu\/noiklinika\/wp-json\/wp\/v2\/pages\/209","targetHints":{"allow":["GET"]}}],"collection":[{"href":"https:\/\/semmelweis.hu\/noiklinika\/wp-json\/wp\/v2\/pages"}],"about":[{"href":"https:\/\/semmelweis.hu\/noiklinika\/wp-json\/wp\/v2\/types\/page"}],"author":[{"embeddable":true,"href":"https:\/\/semmelweis.hu\/noiklinika\/wp-json\/wp\/v2\/users\/101531"}],"replies":[{"embeddable":true,"href":"https:\/\/semmelweis.hu\/noiklinika\/wp-json\/wp\/v2\/comments?post=209"}],"version-history":[{"count":8,"href":"https:\/\/semmelweis.hu\/noiklinika\/wp-json\/wp\/v2\/pages\/209\/revisions"}],"predecessor-version":[{"id":856,"href":"https:\/\/semmelweis.hu\/noiklinika\/wp-json\/wp\/v2\/pages\/209\/revisions\/856"}],"up":[{"embeddable":true,"href":"https:\/\/semmelweis.hu\/noiklinika\/wp-json\/wp\/v2\/pages\/112"}],"wp:attachment":[{"href":"https:\/\/semmelweis.hu\/noiklinika\/wp-json\/wp\/v2\/media?parent=209"}],"wp:term":[{"taxonomy":"category","embeddable":true,"href":"https:\/\/semmelweis.hu\/noiklinika\/wp-json\/wp\/v2\/categories?post=209"},{"taxonomy":"post_tag","embeddable":true,"href":"https:\/\/semmelweis.hu\/noiklinika\/wp-json\/wp\/v2\/tags?post=209"}],"curies":[{"name":"wp","href":"https:\/\/api.w.org\/{rel}","templated":true}]}}