{"id":9008,"date":"2025-09-30T11:09:56","date_gmt":"2025-09-30T09:09:56","guid":{"rendered":"https:\/\/semmelweis.hu\/nki\/?page_id=9008"},"modified":"2026-03-24T09:55:05","modified_gmt":"2026-03-24T08:55:05","slug":"euniwell","status":"publish","type":"page","link":"https:\/\/semmelweis.hu\/nki\/en\/euniwell\/","title":{"rendered":"European University for Well-Being (EUniWell)"},"content":{"rendered":"<div class=\"keretes w-100\" style=\"border: none !important; background-color: #4d9de0 !important; margin-left: 0% !important;\">\n<h2><span style=\"color: #ffffff;\">What is EUniWell?<\/span><\/h2>\n<p><span style=\"color: #ffffff;\">EUniWell, the European University for Well-Being, is an alliance of 12 universities across Europe with a mission to improve individual, social and environmental\u202fwell-being\u202fthrough research,\u202feducation,\u202finnovation\u202fand social responsibility. <span style=\"font-size: 14pt;\">It revolves around five topics, the EUniWell Arenas: Health and Well-being; Social Equality and Well-being; Environmental Change and Well-being; Culture, Multilingualism and Well-Being; Teacher Education and Well-Being. As one of the founding members, Semmelweis University actively supports EUniWell&#8217;s long-term goal to become a multi-campus European University.<\/span><\/span><\/p>\n<h3><span style=\"color: #ffffff;\">Who is it for and what does it offer?<\/span><\/h3>\n<p><span style=\"color: #ffffff;\">Students, researchers and\u202facademic\u202fstaff\u00a0 at Semmelweis University can take part in EUniWell&#8217;s interdisciplinary, international collaborations through\u202finnovative educational programs,\u202fdiverse mobility programs, and high-quality research and funding opportunities.<\/span><\/p>\n<\/div>\n<div class=\"keretes w-100\" style=\"border: 3px solid #e3d496 !important; background-color: #ffff !important;\">\n<h3><a href=\"https:\/\/semmelweis.hu\/nki\/files\/2026\/02\/EUniWell-map.png\"><img loading=\"lazy\" decoding=\"async\" class=\"wp-image-34402 alignleft pr-3\" src=\"https:\/\/semmelweis.hu\/nki\/files\/2026\/02\/EUniWell-map-1024x724.png\" alt=\"The image shows an illustrated map with the 12 member universities of EUniWell\" width=\"580\" height=\"410\" srcset=\"https:\/\/semmelweis.hu\/nki\/files\/2026\/02\/EUniWell-map-1024x724.png 1024w, https:\/\/semmelweis.hu\/nki\/files\/2026\/02\/EUniWell-map-400x283.png 400w, https:\/\/semmelweis.hu\/nki\/files\/2026\/02\/EUniWell-map-768x543.png 768w, https:\/\/semmelweis.hu\/nki\/files\/2026\/02\/EUniWell-map-1536x1086.png 1536w, https:\/\/semmelweis.hu\/nki\/files\/2026\/02\/EUniWell-map-753x532.png 753w, https:\/\/semmelweis.hu\/nki\/files\/2026\/02\/EUniWell-map.png 1600w\" sizes=\"auto, (max-width: 580px) 100vw, 580px\" \/><\/a>EUniWell member universities:<\/h3>\n<ul style=\"list-style-type: square;\">\n<li>University of Birmingham (UK)<\/li>\n<li>University of Cologne (Germany)<\/li>\n<li>University of Florence (Italy)<\/li>\n<li>Inalco University (France)<\/li>\n<li>University of Konstanz (Germany)<\/li>\n<li>Linnaeus University (Sweden)<\/li>\n<li>University of Murcia (Spain)<\/li>\n<li>Nantes Universit\u00e9 (France)<\/li>\n<li>Universidade de Santiago de Compostela (Spain)<\/li>\n<li>Semmelweis University (Hungary)<\/li>\n<li>Taras Shevchenko National University of Kyiv (Ukraine)<\/li>\n<li>Medical University of Warsaw (Poland)<\/li>\n<\/ul>\n<\/div>\n<div id=\"infolinks-container\" class=\"container pt-2 mt-1 mb-0\">\n<div class=\"section-row row mt-2 mb-4 mr-0\">\n<div class=\"col-md-auto section-title\">\n<h2>EUniWell opportunities<\/h2>\n<\/div>\n<\/div>\n<div class=\"row card mt-2 mb-2 flex-row\">\n<div class=\"col-md-6 col-12 px-normal pr-md-0 mb-3\">\n<div class=\"row mr-1\">\n<div class=\"col-lg-11 col-10 card-body col-header-pale px-1 pt-3\">\n<h5 style=\"padding-left: 20px;\"><a href=\"https:\/\/www.euniwell.eu\/what-we-offer\/seed-funding-programme\" target=\"_blank\" rel=\"noopener\">Seed Funding Programme <i class=\"fa fa-long-arrow-right\" aria-hidden=\"true\"><\/i><\/a><\/h5>\n<div class=\"card-text\" style=\"padding-left: 20px;\">Promotes collaborative, grassroots projects initiated by researchers, students, teachers and administrative staff\u00a0<\/div>\n<\/div>\n<\/div>\n<\/div>\n<div class=\"col-md-6 col-12 px-normal pr-md-0 mb-3\">\n<div class=\"row mr-1\">\n<div class=\"col-lg-11 col-10 card-body col-header-pale px-1 pt-3\">\n<h5 style=\"padding-left: 20px;\"><a href=\"https:\/\/www.euniwell.eu\/what-we-offer\/courses-and-trainings\" target=\"_blank\" rel=\"noopener\">Courses and Training Catalogue <i class=\"fa fa-long-arrow-right\" aria-hidden=\"true\"><\/i><\/a><\/h5>\n<div class=\"card-text\" style=\"padding-left: 20px;\">Free online and blended-learning opportunities for students, academic and administrative staff\u00a0<\/div>\n<\/div>\n<\/div>\n<\/div>\n<div class=\"col-md-6 col-12 px-normal pr-md-0 mb-3\">\n<div class=\"row mr-1\">\n<div class=\"col-lg-11 col-10 card-body col-header-pale px-1 pt-3\">\n<h5 style=\"padding-left: 20px;\"><a href=\"https:\/\/www.euniwell.eu\/what-we-offer\/mobility-offer\" target=\"_blank\" rel=\"noopener\">Mobility offer <i class=\"fa fa-long-arrow-right\" aria-hidden=\"true\"><\/i><\/a><\/h5>\n<div class=\"card-text\" style=\"padding-left: 20px;\">Including physical and virtual and blended-mobility experiences for students, academic and administrative staff<\/div>\n<\/div>\n<\/div>\n<\/div>\n<div class=\"col-md-6 col-12 px-normal pr-md-0 mb-3\">\n<div class=\"row mr-1\">\n<div class=\"col-lg-11 col-10 card-body col-header-pale px-1 pt-3\">\n<h5 style=\"padding-left: 20px;\"><a href=\"https:\/\/www.euniwell.eu\/what-we-offer\/educational-offer\/euniwell-open-lecture-series\" target=\"_blank\" rel=\"noopener\">EUniWell Open Lecture Series <i class=\"fa fa-long-arrow-right\" aria-hidden=\"true\"><\/i><\/a><\/h5>\n<div class=\"card-text\" style=\"padding-left: 20px;\">Scholars, researchers, and educators from across EUniWell share insights on topics linked to well-being<\/div>\n<\/div>\n<\/div>\n<\/div>\n<\/div>\n<\/div>\n<script type=\"text\/javascript\" src=\"https:\/\/semmelweis.hu\/nki\/wp-content\/themes\/se18\/dist\/scripts\/carousel.js\"><\/script>    <section class=\"post-cards shortcode-wrapper\">\r\n        <div id=\"news-container\" class=\" d-none d-sm-flex flex-column  full-width-post-cards-shortcode-card news-container-for-card-code\" style=\"\">\r\n                            <div class=\"section-row row mt-0  pr-normal mx-0\">\r\n                    <div class=\"col-auto section-title\">\r\n                        <h2>News<\/h2>\r\n                    <\/div>\r\n                <\/div>\r\n\r\n            \r\n            <div class=\"row card-row my-2 pt-3 pb-0 mx-0 w-100 \">\r\n               \r\n                \ufeff\r\n    <div class=\"card-format col col-12 col-md-4 col-lg-4 pl-1 pl-md-0 pr-1 pr-md-2 mb-2\">\r\n        <a class=\"d-block w-100\"  href=\"https:\/\/semmelweis.hu\/nki\/en\/2026\/03\/17\/pilgrimage-as-well-being-therapy-join-the-discussion-on-28-march\/\">\r\n      <!--  <a class=\"d-block w-100\" target=\"_blank\" href=\" \"> -->\r\n            <div class=\"card\">\r\n                \r\n                <div class=\"card-body\">\r\n                    <div class=\"card-date text-uppercase    \">\r\n                                                    <h5><span class=\"font-weight-normal\">2026. <\/span>m\u00e1rcius 17.<\/h5>\r\n                                            <\/div>\r\n                    <div class=\"card-title\">\r\n                        <h3 class=\"mt-2 entry-title\">Pilgrimage as Well-Being Therapy: Join the discussion on 28 March!<\/h3>\r\n                    <\/div>\r\n                    <style>\r\n                        .card-text-inside{\r\n                                                 display: -webkit-box;\r\n                    -webkit-line-clamp: 4;\r\n                    -webkit-box-orient: vertical;\r\n                     overflow:hidden;\r\n                     text-overflow: ellipsis;\r\n                        }\r\n                        <\/style>\r\n                                    <\/div>\r\n            <\/div>\r\n        <\/a>\r\n    <\/div>\r\n\r\n\r\n\ufeff\r\n    <div class=\"card-format col col-12 col-md-4 col-lg-4 pl-1 pl-md-0 pr-1 pr-md-2 mb-2\">\r\n        <a class=\"d-block w-100\"  href=\"https:\/\/semmelweis.hu\/nki\/en\/2026\/02\/25\/new-euniwell-course-catalogue-apply-by-15-march\/\">\r\n      <!--  <a class=\"d-block w-100\" target=\"_blank\" href=\" \"> -->\r\n            <div class=\"card\">\r\n                \r\n                <div class=\"card-body\">\r\n                    <div class=\"card-date text-uppercase    \">\r\n                                                    <h5><span class=\"font-weight-normal\">2026. <\/span>febru\u00e1r 25.<\/h5>\r\n                                            <\/div>\r\n                    <div class=\"card-title\">\r\n                        <h3 class=\"mt-2 entry-title\">New EUniWell Course Catalogue \u2013 Apply by 15 March<\/h3>\r\n                    <\/div>\r\n                    <style>\r\n                        .card-text-inside{\r\n                                                 display: -webkit-box;\r\n                    -webkit-line-clamp: 4;\r\n                    -webkit-box-orient: vertical;\r\n                     overflow:hidden;\r\n                     text-overflow: ellipsis;\r\n                        }\r\n                        <\/style>\r\n                                    <\/div>\r\n            <\/div>\r\n        <\/a>\r\n    <\/div>\r\n\r\n\r\n\ufeff\r\n    <div class=\"card-format col col-12 col-md-4 col-lg-4 pl-1 pl-md-0 pr-1 pr-md-2 mb-2\">\r\n        <a class=\"d-block w-100\"  href=\"https:\/\/semmelweis.hu\/nki\/en\/2026\/02\/20\/post-its-strategy-and-a-shared-european-vision-reflections-from-the-euniwell-ic-wpc-in-person-meeting-in-murcia-spain\/\">\r\n      <!--  <a class=\"d-block w-100\" target=\"_blank\" href=\" \"> -->\r\n            <div class=\"card\">\r\n                \r\n                <div class=\"card-body\">\r\n                    <div class=\"card-date text-uppercase    \">\r\n                                                    <h5><span class=\"font-weight-normal\">2026. <\/span>febru\u00e1r 20.<\/h5>\r\n                                            <\/div>\r\n                    <div class=\"card-title\">\r\n                        <h3 class=\"mt-2 entry-title\">Post-its, Strategy, and a Shared European Vision: Reflections from the EUniWell IC-WPC  &hellip;<\/h3>\r\n                    <\/div>\r\n                    <style>\r\n                        .card-text-inside{\r\n                                                 display: -webkit-box;\r\n                    -webkit-line-clamp: 4;\r\n                    -webkit-box-orient: vertical;\r\n                     overflow:hidden;\r\n                     text-overflow: ellipsis;\r\n                        }\r\n                        <\/style>\r\n                                    <\/div>\r\n            <\/div>\r\n        <\/a>\r\n    <\/div>\r\n\r\n\r\n                \r\n            <\/div>\r\n        <\/div>\r\n\r\n                                <div class=\"section-row row mt-0  pr-normal mx-0 d-md-none\">\r\n                    <div class=\"col-auto section-title\">\r\n                        <h2>News<\/h2>\r\n                    <\/div>\r\n                <\/div>\r\n                        <div class=\"post-slide-hirek row px-0\">\r\n            <style>\r\n                .post-slide-hirek .owl-nav button {\r\n                    margin: 0px !important;\r\n                    height: 100% !important;\r\n                }\r\n\r\n                .card-custom-title {\r\n                    font-size: 17px;\r\n                    line-height: 23px;\r\n                    overflow: hidden;\r\n                    text-overflow: ellipsis;\r\n                    display: -webkit-box;\r\n                    -webkit-line-clamp: 3;\r\n                    -webkit-box-orient: vertical;\r\n                    min-height: 72px;\r\n                }\r\n\r\n                .card-custom-max-h {\r\n                    max-height: 235px !important;\r\n                    object-fit: cover;\r\n                }\r\n\r\n                .post-slide-hirek .owl-item .card-img img {\r\n                    opacity: 1 !important;\r\n                    aspect-ratio: 3\/ 2;\r\n\r\n                }\r\n                .card:has(.card-date:not(.d-none)):not(:has(img)) {\r\n                    margin-top: 20px;\r\n                }\r\n            <\/style>\r\n                            <div class=\"owl-carousel col-12 px-0 mt-2 mb-4 md-md-0 d-sm-none\">\r\n                                            <a class=\"item-1\" href=\"https:\/\/semmelweis.hu\/nki\/en\/2026\/03\/17\/pilgrimage-as-well-being-therapy-join-the-discussion-on-28-march\/\">\r\n\r\n                            <div class=\"card-img bg-image\">\r\n                                <img decoding=\"async\" class=\"wp-post-image img-fluid\" src=\"https:\/\/semmelweis.hu\/wp-content\/themes\/se18\/dist\/images\/svg\/bg-image.svg\">                            <\/div>\r\n                            <div class=\"card-title mb-1\">\r\n                                <h3 class=\"mt-0 pt-1 mb-0 px-2 card-custom-title d-flex align-items-center d-md-block\">\r\n                                    <span class=\"entry-title pt-0 pt-md-1\">Pilgrimage as Well-Being Therapy: Join the discussion on 28 March!                                <\/h3>\r\n                            <\/div>\r\n                            \r\n\r\n                        <\/a>\r\n                                            <a class=\"item-2\" href=\"https:\/\/semmelweis.hu\/nki\/en\/2026\/02\/25\/new-euniwell-course-catalogue-apply-by-15-march\/\">\r\n\r\n                            <div class=\"card-img \">\r\n                                <img loading=\"lazy\" decoding=\"async\" width=\"560\" height=\"315\" src=\"https:\/\/semmelweis.hu\/nki\/files\/2026\/02\/EUniWell-course-catalogue-Feb2026-scaled.jpg\" class=\"d-block card-custom-max-h  img-fluid n-2 wp-post-image\" alt=\"\" srcset=\"https:\/\/semmelweis.hu\/nki\/files\/2026\/02\/EUniWell-course-catalogue-Feb2026-scaled.jpg 2560w, https:\/\/semmelweis.hu\/nki\/files\/2026\/02\/EUniWell-course-catalogue-Feb2026-400x225.jpg 400w, https:\/\/semmelweis.hu\/nki\/files\/2026\/02\/EUniWell-course-catalogue-Feb2026-1024x576.jpg 1024w, https:\/\/semmelweis.hu\/nki\/files\/2026\/02\/EUniWell-course-catalogue-Feb2026-768x432.jpg 768w, https:\/\/semmelweis.hu\/nki\/files\/2026\/02\/EUniWell-course-catalogue-Feb2026-1536x864.jpg 1536w, https:\/\/semmelweis.hu\/nki\/files\/2026\/02\/EUniWell-course-catalogue-Feb2026-2048x1152.jpg 2048w, https:\/\/semmelweis.hu\/nki\/files\/2026\/02\/EUniWell-course-catalogue-Feb2026-753x424.jpg 753w\" sizes=\"auto, (max-width: 560px) 100vw, 560px\" \/>                            <\/div>\r\n                            <div class=\"card-title mb-1\">\r\n                                <h3 class=\"mt-0 pt-1 mb-0 px-2 card-custom-title d-flex align-items-center d-md-block\">\r\n                                    <span class=\"entry-title pt-0 pt-md-1\">New EUniWell Course Catalogue \u2013 Apply by 15 March                                <\/h3>\r\n                            <\/div>\r\n                            \r\n\r\n                        <\/a>\r\n                                            <a class=\"item-3\" href=\"https:\/\/semmelweis.hu\/nki\/en\/2026\/02\/20\/post-its-strategy-and-a-shared-european-vision-reflections-from-the-euniwell-ic-wpc-in-person-meeting-in-murcia-spain\/\">\r\n\r\n                            <div class=\"card-img \">\r\n                                <img loading=\"lazy\" decoding=\"async\" width=\"560\" height=\"374\" src=\"https:\/\/semmelweis.hu\/nki\/files\/2026\/02\/EUniWell-meeting-in-Murcia-Feb2026.jpg\" class=\"d-block card-custom-max-h  img-fluid n-3 wp-post-image\" alt=\"\" srcset=\"https:\/\/semmelweis.hu\/nki\/files\/2026\/02\/EUniWell-meeting-in-Murcia-Feb2026.jpg 1000w, https:\/\/semmelweis.hu\/nki\/files\/2026\/02\/EUniWell-meeting-in-Murcia-Feb2026-400x267.jpg 400w, https:\/\/semmelweis.hu\/nki\/files\/2026\/02\/EUniWell-meeting-in-Murcia-Feb2026-768x512.jpg 768w, https:\/\/semmelweis.hu\/nki\/files\/2026\/02\/EUniWell-meeting-in-Murcia-Feb2026-753x502.jpg 753w, https:\/\/semmelweis.hu\/nki\/files\/2026\/02\/EUniWell-meeting-in-Murcia-Feb2026-203x135.jpg 203w\" sizes=\"auto, (max-width: 560px) 100vw, 560px\" \/>                            <\/div>\r\n                            <div class=\"card-title mb-1\">\r\n                                <h3 class=\"mt-0 pt-1 mb-0 px-2 card-custom-title d-flex align-items-center d-md-block\">\r\n                                    <span class=\"entry-title pt-0 pt-md-1\">Post-its, Strategy, and a Shared European Vision: Reflections from the EUniWell IC-WPC In-Person  &hellip;                                <\/h3>\r\n                            <\/div>\r\n                            \r\n\r\n                        <\/a>\r\n                                    <\/div>\r\n\r\n                    \r\n        <\/div><!-- owl-carousel -->\r\n    <\/section>\r\n\r\n\n    <section class=\"post-cards shortcode-wrapper\">\r\n        <div id=\"news-container\" class=\" d-none d-sm-flex flex-column  full-width-post-cards-shortcode-card news-container-for-card-code\" style=\"\">\r\n                            <div class=\"section-row row mt-0  pr-normal mx-0\">\r\n                    <div class=\"col-auto section-title\">\r\n                        <h2>Blog<\/h2>\r\n                    <\/div>\r\n                <\/div>\r\n\r\n            \r\n            <div class=\"row card-row my-2 pt-3 pb-0 mx-0 w-100 \">\r\n               \r\n                \ufeff\r\n    <div class=\"card-format col col-12 col-md-4 col-lg-4 pl-1 pl-md-0 pr-1 pr-md-2 mb-2\">\r\n        <a class=\"d-block w-100\"  href=\"https:\/\/semmelweis.hu\/nki\/en\/2026\/04\/21\/improving-language-assistance-in-healthcare-for-safer-patient-care-a-euniwell-project-led-by-semmelweis-university\/\">\r\n      <!--  <a class=\"d-block w-100\" target=\"_blank\" href=\" \"> -->\r\n            <div class=\"card\">\r\n                                    <div class=\"card-image img-fluid \">\r\n                         \r\n                        <img loading=\"lazy\" decoding=\"async\" width=\"753\" height=\"424\" src=\"https:\/\/semmelweis.hu\/nki\/files\/2026\/04\/How-to-balance-study-and-work-768x432.png\" class=\"landscape wp-post-image\" alt=\"\" srcset=\"https:\/\/semmelweis.hu\/nki\/files\/2026\/04\/How-to-balance-study-and-work-768x432.png 768w, https:\/\/semmelweis.hu\/nki\/files\/2026\/04\/How-to-balance-study-and-work-400x225.png 400w, https:\/\/semmelweis.hu\/nki\/files\/2026\/04\/How-to-balance-study-and-work-1024x576.png 1024w, https:\/\/semmelweis.hu\/nki\/files\/2026\/04\/How-to-balance-study-and-work-1536x864.png 1536w, https:\/\/semmelweis.hu\/nki\/files\/2026\/04\/How-to-balance-study-and-work-753x424.png 753w, https:\/\/semmelweis.hu\/nki\/files\/2026\/04\/How-to-balance-study-and-work.png 1600w\" sizes=\"auto, (max-width: 753px) 100vw, 753px\" \/>                    <\/div>\r\n                \r\n                <div class=\"card-body\">\r\n                    <div class=\"card-date text-uppercase    \">\r\n                                                    <h5><span class=\"font-weight-normal\">2026. <\/span>\u00e1prilis 21.<\/h5>\r\n                                            <\/div>\r\n                    <div class=\"card-title\">\r\n                        <h3 class=\"mt-2 entry-title\">Improving language assistance in healthcare for safer patient care\u2013 a EUniWell project  &hellip;<\/h3>\r\n                    <\/div>\r\n                    <style>\r\n                        .card-text-inside{\r\n                                                 display: -webkit-box;\r\n                    -webkit-line-clamp: 4;\r\n                    -webkit-box-orient: vertical;\r\n                     overflow:hidden;\r\n                     text-overflow: ellipsis;\r\n                        }\r\n                        <\/style>\r\n                    <div class=\"card-text\">\r\n    <div class=\"card-text-inside\">\r\n        When patients and healthcare providers don\u2019t share a common language, essential medical information may be lost or misunderstood, affecting both patient safety, treatment outcomes and patientsatisfaction. A new research project aims to identify transferable good practices for language assistance within Europe to promote safer, more equitable, and higher-quality care. \u00a0 Accessing healthcare services while not &hellip;\r\n    <\/div><!-- card-text-inside -->\r\n<\/div> <!-- card-text -->                <\/div>\r\n            <\/div>\r\n        <\/a>\r\n    <\/div>\r\n\r\n\r\n\ufeff\r\n    <div class=\"card-format col col-12 col-md-4 col-lg-4 pl-1 pl-md-0 pr-1 pr-md-2 mb-2\">\r\n        <a class=\"d-block w-100\"  href=\"https:\/\/semmelweis.hu\/nki\/en\/2026\/04\/10\/how-to-balance-study-and-work-a-new-euniwell-project-led-by-semmelweis-university-explores-institutional-support-strategies\/\">\r\n      <!--  <a class=\"d-block w-100\" target=\"_blank\" href=\" \"> -->\r\n            <div class=\"card\">\r\n                                    <div class=\"card-image img-fluid \">\r\n                         \r\n                        <img loading=\"lazy\" decoding=\"async\" width=\"753\" height=\"424\" src=\"https:\/\/semmelweis.hu\/nki\/files\/2026\/04\/How-to-balance-study-and-work-768x432.jpg\" class=\"landscape wp-post-image\" alt=\"\" srcset=\"https:\/\/semmelweis.hu\/nki\/files\/2026\/04\/How-to-balance-study-and-work-768x432.jpg 768w, https:\/\/semmelweis.hu\/nki\/files\/2026\/04\/How-to-balance-study-and-work-400x225.jpg 400w, https:\/\/semmelweis.hu\/nki\/files\/2026\/04\/How-to-balance-study-and-work-1024x576.jpg 1024w, https:\/\/semmelweis.hu\/nki\/files\/2026\/04\/How-to-balance-study-and-work-1536x864.jpg 1536w, https:\/\/semmelweis.hu\/nki\/files\/2026\/04\/How-to-balance-study-and-work-753x424.jpg 753w, https:\/\/semmelweis.hu\/nki\/files\/2026\/04\/How-to-balance-study-and-work.jpg 1600w\" sizes=\"auto, (max-width: 753px) 100vw, 753px\" \/>                    <\/div>\r\n                \r\n                <div class=\"card-body\">\r\n                    <div class=\"card-date text-uppercase    \">\r\n                                                    <h5><span class=\"font-weight-normal\">2026. <\/span>\u00e1prilis 10.<\/h5>\r\n                                            <\/div>\r\n                    <div class=\"card-title\">\r\n                        <h3 class=\"mt-2 entry-title\">How to balance study and work? A new EUniWell project led by Semmelweis University  &hellip;<\/h3>\r\n                    <\/div>\r\n                    <style>\r\n                        .card-text-inside{\r\n                                                 display: -webkit-box;\r\n                    -webkit-line-clamp: 4;\r\n                    -webkit-box-orient: vertical;\r\n                     overflow:hidden;\r\n                     text-overflow: ellipsis;\r\n                        }\r\n                        <\/style>\r\n                    <div class=\"card-text\">\r\n    <div class=\"card-text-inside\">\r\n        Attending university while having a job is a challenging reality many students face. Balancing academic expectations, paid work, and personal well-being often places students under constant pressure. A new international research project aims to better understand this reality and support higher education institutions in responding to it effectively. \u00a0 &nbsp; According to a 2021 study, &hellip;\r\n    <\/div><!-- card-text-inside -->\r\n<\/div> <!-- card-text -->                <\/div>\r\n            <\/div>\r\n        <\/a>\r\n    <\/div>\r\n\r\n\r\n\ufeff\r\n    <div class=\"card-format col col-12 col-md-4 col-lg-4 pl-1 pl-md-0 pr-1 pr-md-2 mb-2\">\r\n        <a class=\"d-block w-100\"  href=\"https:\/\/semmelweis.hu\/nki\/en\/2026\/04\/02\/euniwell-student-mentor-station-at-the-xi-semmelweis-health-competition\/\">\r\n      <!--  <a class=\"d-block w-100\" target=\"_blank\" href=\" \"> -->\r\n            <div class=\"card\">\r\n                                    <div class=\"card-image img-fluid \">\r\n                         \r\n                        <img loading=\"lazy\" decoding=\"async\" width=\"753\" height=\"565\" src=\"https:\/\/semmelweis.hu\/nki\/files\/2026\/04\/tempImageMa6XT0-768x576.jpg\" class=\"landscape wp-post-image\" alt=\"\" srcset=\"https:\/\/semmelweis.hu\/nki\/files\/2026\/04\/tempImageMa6XT0-768x576.jpg 768w, https:\/\/semmelweis.hu\/nki\/files\/2026\/04\/tempImageMa6XT0-400x300.jpg 400w, https:\/\/semmelweis.hu\/nki\/files\/2026\/04\/tempImageMa6XT0-1024x768.jpg 1024w, https:\/\/semmelweis.hu\/nki\/files\/2026\/04\/tempImageMa6XT0-1536x1152.jpg 1536w, https:\/\/semmelweis.hu\/nki\/files\/2026\/04\/tempImageMa6XT0-2048x1536.jpg 2048w, https:\/\/semmelweis.hu\/nki\/files\/2026\/04\/tempImageMa6XT0-753x565.jpg 753w\" sizes=\"auto, (max-width: 753px) 100vw, 753px\" \/>                    <\/div>\r\n                \r\n                <div class=\"card-body\">\r\n                    <div class=\"card-date text-uppercase    \">\r\n                                                    <h5><span class=\"font-weight-normal\">2026. <\/span>\u00e1prilis 2.<\/h5>\r\n                                            <\/div>\r\n                    <div class=\"card-title\">\r\n                        <h3 class=\"mt-2 entry-title\">EUniWell student mentor station at the XI. Semmelweis Health Competition<\/h3>\r\n                    <\/div>\r\n                    <style>\r\n                        .card-text-inside{\r\n                                                 display: -webkit-box;\r\n                    -webkit-line-clamp: 4;\r\n                    -webkit-box-orient: vertical;\r\n                     overflow:hidden;\r\n                     text-overflow: ellipsis;\r\n                        }\r\n                        <\/style>\r\n                    <div class=\"card-text\">\r\n    <div class=\"card-text-inside\">\r\n        Between 28\u201329 March, BOE (the Budapest Association of Medical Students) organised the Semmelweis Health Competition for the eleventh time, with the active involvement of Semmelweis University\u2019s local EUniWell Student Board, which contributed a mentor-based, internationally oriented programme element.\u00a0 Over the past years, it has become a tradition for the Semmelweis EUniWell team and its associated &hellip;\r\n    <\/div><!-- card-text-inside -->\r\n<\/div> <!-- card-text -->                <\/div>\r\n            <\/div>\r\n        <\/a>\r\n    <\/div>\r\n\r\n\r\n                \r\n            <\/div>\r\n        <\/div>\r\n\r\n                                <div class=\"section-row row mt-0  pr-normal mx-0 d-md-none\">\r\n                    <div class=\"col-auto section-title\">\r\n                        <h2>Blog<\/h2>\r\n                    <\/div>\r\n                <\/div>\r\n                        <div class=\"post-slide-hirek row px-0\">\r\n            <style>\r\n                .post-slide-hirek .owl-nav button {\r\n                    margin: 0px !important;\r\n                    height: 100% !important;\r\n                }\r\n\r\n                .card-custom-title {\r\n                    font-size: 17px;\r\n                    line-height: 23px;\r\n                    overflow: hidden;\r\n                    text-overflow: ellipsis;\r\n                    display: -webkit-box;\r\n                    -webkit-line-clamp: 3;\r\n                    -webkit-box-orient: vertical;\r\n                    min-height: 72px;\r\n                }\r\n\r\n                .card-custom-max-h {\r\n                    max-height: 235px !important;\r\n                    object-fit: cover;\r\n                }\r\n\r\n                .post-slide-hirek .owl-item .card-img img {\r\n                    opacity: 1 !important;\r\n                    aspect-ratio: 3\/ 2;\r\n\r\n                }\r\n                .card:has(.card-date:not(.d-none)):not(:has(img)) {\r\n                    margin-top: 20px;\r\n                }\r\n            <\/style>\r\n                            <div class=\"owl-carousel col-12 px-0 mt-2 mb-4 md-md-0 d-sm-none\">\r\n                                            <a class=\"item-1\" href=\"https:\/\/semmelweis.hu\/nki\/en\/2026\/04\/21\/improving-language-assistance-in-healthcare-for-safer-patient-care-a-euniwell-project-led-by-semmelweis-university\/\">\r\n\r\n                            <div class=\"card-img \">\r\n                                <img loading=\"lazy\" decoding=\"async\" width=\"560\" height=\"315\" src=\"https:\/\/semmelweis.hu\/nki\/files\/2026\/04\/How-to-balance-study-and-work.png\" class=\"d-block card-custom-max-h  img-fluid n-1 wp-post-image\" alt=\"\" srcset=\"https:\/\/semmelweis.hu\/nki\/files\/2026\/04\/How-to-balance-study-and-work.png 1600w, https:\/\/semmelweis.hu\/nki\/files\/2026\/04\/How-to-balance-study-and-work-400x225.png 400w, https:\/\/semmelweis.hu\/nki\/files\/2026\/04\/How-to-balance-study-and-work-1024x576.png 1024w, https:\/\/semmelweis.hu\/nki\/files\/2026\/04\/How-to-balance-study-and-work-768x432.png 768w, https:\/\/semmelweis.hu\/nki\/files\/2026\/04\/How-to-balance-study-and-work-1536x864.png 1536w, https:\/\/semmelweis.hu\/nki\/files\/2026\/04\/How-to-balance-study-and-work-753x424.png 753w\" sizes=\"auto, (max-width: 560px) 100vw, 560px\" \/>                            <\/div>\r\n                            <div class=\"card-title mb-1\">\r\n                                <h3 class=\"mt-0 pt-1 mb-0 px-2 card-custom-title d-flex align-items-center d-md-block\">\r\n                                    <span class=\"entry-title pt-0 pt-md-1\">Improving language assistance in healthcare for safer patient care\u2013 a EUniWell project led by  &hellip;                                <\/h3>\r\n                            <\/div>\r\n                            \r\n\r\n                        <\/a>\r\n                                            <a class=\"item-2\" href=\"https:\/\/semmelweis.hu\/nki\/en\/2026\/04\/10\/how-to-balance-study-and-work-a-new-euniwell-project-led-by-semmelweis-university-explores-institutional-support-strategies\/\">\r\n\r\n                            <div class=\"card-img \">\r\n                                <img loading=\"lazy\" decoding=\"async\" width=\"560\" height=\"315\" src=\"https:\/\/semmelweis.hu\/nki\/files\/2026\/04\/How-to-balance-study-and-work.jpg\" class=\"d-block card-custom-max-h  img-fluid n-2 wp-post-image\" alt=\"\" srcset=\"https:\/\/semmelweis.hu\/nki\/files\/2026\/04\/How-to-balance-study-and-work.jpg 1600w, https:\/\/semmelweis.hu\/nki\/files\/2026\/04\/How-to-balance-study-and-work-400x225.jpg 400w, https:\/\/semmelweis.hu\/nki\/files\/2026\/04\/How-to-balance-study-and-work-1024x576.jpg 1024w, https:\/\/semmelweis.hu\/nki\/files\/2026\/04\/How-to-balance-study-and-work-768x432.jpg 768w, https:\/\/semmelweis.hu\/nki\/files\/2026\/04\/How-to-balance-study-and-work-1536x864.jpg 1536w, https:\/\/semmelweis.hu\/nki\/files\/2026\/04\/How-to-balance-study-and-work-753x424.jpg 753w\" sizes=\"auto, (max-width: 560px) 100vw, 560px\" \/>                            <\/div>\r\n                            <div class=\"card-title mb-1\">\r\n                                <h3 class=\"mt-0 pt-1 mb-0 px-2 card-custom-title d-flex align-items-center d-md-block\">\r\n                                    <span class=\"entry-title pt-0 pt-md-1\">How to balance study and work? A new EUniWell project led by Semmelweis University explores  &hellip;                                <\/h3>\r\n                            <\/div>\r\n                            \r\n\r\n                        <\/a>\r\n                                            <a class=\"item-3\" href=\"https:\/\/semmelweis.hu\/nki\/en\/2026\/04\/02\/euniwell-student-mentor-station-at-the-xi-semmelweis-health-competition\/\">\r\n\r\n                            <div class=\"card-img \">\r\n                                <img loading=\"lazy\" decoding=\"async\" width=\"560\" height=\"420\" src=\"https:\/\/semmelweis.hu\/nki\/files\/2026\/04\/tempImageMa6XT0-scaled.jpg\" class=\"d-block card-custom-max-h  img-fluid n-3 wp-post-image\" alt=\"\" srcset=\"https:\/\/semmelweis.hu\/nki\/files\/2026\/04\/tempImageMa6XT0-scaled.jpg 2560w, https:\/\/semmelweis.hu\/nki\/files\/2026\/04\/tempImageMa6XT0-400x300.jpg 400w, https:\/\/semmelweis.hu\/nki\/files\/2026\/04\/tempImageMa6XT0-1024x768.jpg 1024w, https:\/\/semmelweis.hu\/nki\/files\/2026\/04\/tempImageMa6XT0-768x576.jpg 768w, https:\/\/semmelweis.hu\/nki\/files\/2026\/04\/tempImageMa6XT0-1536x1152.jpg 1536w, https:\/\/semmelweis.hu\/nki\/files\/2026\/04\/tempImageMa6XT0-2048x1536.jpg 2048w, https:\/\/semmelweis.hu\/nki\/files\/2026\/04\/tempImageMa6XT0-753x565.jpg 753w\" sizes=\"auto, (max-width: 560px) 100vw, 560px\" \/>                            <\/div>\r\n                            <div class=\"card-title mb-1\">\r\n                                <h3 class=\"mt-0 pt-1 mb-0 px-2 card-custom-title d-flex align-items-center d-md-block\">\r\n                                    <span class=\"entry-title pt-0 pt-md-1\">EUniWell student mentor station at the XI. Semmelweis Health Competition                                <\/h3>\r\n                            <\/div>\r\n                            \r\n\r\n                        <\/a>\r\n                                    <\/div>\r\n\r\n                    \r\n        <\/div><!-- owl-carousel -->\r\n    <\/section>\r\n\r\n\n<div class=\"keretes w-100\" style=\"border: none !important; background-color: #e3d496 !important;\">\n<h2>Student Board\u00a0<\/h2>\n<p>The mission of the <a href=\"https:\/\/www.euniwell.eu\/participate\/student-participation\" target=\"_blank\" rel=\"noopener\">Student Board<\/a> is to both develop, co-create, and critically evaluate ideas within EUniWell and to ensure that students\u2019 voices are reflected in the further development of the European University. Each EUniWell partner university elects two members as student representatives for the EUniWell Student Board and runs a local Student Board.<\/p>\n<p>To learn more about the work of the Semmelweis University Student Board and the opportunities awaiting you through\u202fEUniWell, follow the <a href=\"https:\/\/www.instagram.com\/euniwell.semmelweis\/?hl=en\" target=\"_blank\" rel=\"noopener\">@euniwell.semmelweis<\/a> Instagram account.<\/p>\n<\/div>\n<div id=\"myModal\" class=\"modal fade single-modal-csekk\" tabindex=\"-1\" role=\"dialog\" \r\n     aria-labelledby=\"myModalLabel\" aria-hidden=\"true\">\r\n    <div class=\"modal-dialog\">\r\n        <div class=\"modal-content\">\r\n            <div class=\"modal-body\">\r\n                <button type=\"button\" class=\"close\" data-dismiss=\"modal\" aria-label=\"Close\" aria-hidden=\"true\">&times;<\/button>\r\n                <div class=\"modal-video\">\r\n                    <div class=\"embed-responsive embed-responsive-16by9\">\r\n                        <iframe sandbox=\"allow-scripts allow-same-origin allow-presentation\" id=\"ytplayer\" class=\"embed-responsive-item\" frameborder=\"0\" allow=\"encrypted-media;autoplay\" allowfullscreen><\/iframe>\r\n                    <\/div>\r\n                <\/div>\r\n            <\/div>\r\n        <\/div>\r\n    <\/div>\r\n<\/div>\r\n\r\n<script>\r\n    jQuery(document).ready(function(){\r\n        jQuery('.modal-backdrop').click(function () {\r\n            jQuery('#myModal').modal('hide');\r\n        });\r\n        \/\/ONLY ALLOW ONE MODAL WITH THIS ID!\r\n        $('#myModal').each(function (i) {\r\n                $('[id=\"' + this.id + '\"]').slice(1).remove();\r\n        });\r\n    });\r\n    jQuery('#myModal').on('hidden.bs.modal', function (e) {\r\n        jQuery('#myModal iframe').removeAttr('src');            \r\n    });\r\n\r\n<\/script>\r\n\r\n<section style=\"background-color: white !important\">\r\n    <style>\r\n    .yt-slider .section-link h5:after {\r\n        color: unset !important;\r\n    }\r\n\r\n\r\n\r\n    body:not(.sidebar-primary) videosav .owl-item:not(.center) {\r\n        \/* padding: 0.3%; *\/\r\n    }\r\n\r\n    videosav .owl-item:not(.center) {\r\n        padding: 15px;\r\n    }\r\n\r\n\r\n    videosav .owl-item.center .card {\r\n        \/* margin-left: -40px;\r\n                margin-right: -40px; *\/\r\n    }\r\n\r\n    videosav .card-body {\r\n        background-color:\r\n             white \r\n        ;\r\n        min-height: 0px;\r\n        padding: 0 !important;\r\n\r\n    }\r\n\r\n    .yt-cim-feher {\r\n        line-height: 25px;\r\n        background: rgb(28 49 90 \/ 50%);\r\n        color: #fff;\r\n        position: absolute;\r\n        left: 0;\r\n        top: -45px;\r\n        min-height: 45px;\r\n        font-size: 14px;\r\n        display: -webkit-box !important;\r\n        -webkit-line-clamp: 2;\r\n        overflow: hidden;\r\n        -webkit-box-orient: vertical;\r\n        min-width: 100%;\r\n        padding-left: 5px;\r\n        padding-right: 5px;\r\n        ;\r\n    }\r\n\r\n    .yt-cim-kek {\r\n        line-height: 25px;\r\n        color: #fff;\r\n        min-height: 45px;\r\n        font-size: 16px;\r\n        display: -webkit-box !important;\r\n        -webkit-line-clamp: 2;\r\n        overflow: hidden;\r\n\r\n        -webkit-box-orient: vertical;\r\n    }\r\n\r\n    videosav.yt-slider .owl-item:not(.center) .yt-cim {\r\n        display: none !important;\r\n    }\r\n\r\n    videosav.yt-slider .owl-item.center .yt-cim {\r\n        padding: 15px !important;\r\n        top: -80px;\r\n        min-height: 80px;\r\n\r\n\r\n    }\r\n\r\n    videosav.yt-slider .owl-item.center {\r\n        margin-top: 0;\r\n    }\r\n\r\n    videosav.yt-slider .owl-item.center a:hover {\r\n        background-color: transparent;\r\n    }\r\n\r\n    videosav.yt-slider .owl-item.center .card .counter {\r\n        display: flex;\r\n        align-content: flex-start;\r\n        justify-content: center;\r\n        align-items: flex-end;\r\n        min-height: 28px;\r\n    }\r\n\r\n    videosav.yt-slider .owl-nav {\r\n        padding-top: 1.5rem;\r\n\r\n\r\n    }\r\n\r\n    videosav.yt-slider .owl-nav button {\r\n        height: calc(100% - 35px);\r\n        margin: 0;\r\n\r\n\r\n    }\r\n\r\n    videosav.yt-slider .owl-item a.videolink.ready {\r\n        height: inherit !important;\r\n        padding-top: unset !important;\r\n        aspect-ratio: 16 \/ 9;\r\n        padding-top: 1%;\r\n        padding-bottom: 1%;\r\n\r\n    }\r\n\r\n    videosav.yt-slider .owl-item .videolink:after {\r\n        \/* top: -30px; *\/\r\n        \/* background-position-y: calc(50% - 28px); *\/\r\n        aspect-ratio: 16 \/ 9;\r\n        height: inherit !important;\r\n    }\r\n\r\n    videosav.yt-slider .owl-item.active.center .videolink:after {\r\n        \/* top: -30px; *\/\r\n        \/* background-position-y: calc(50% - 28px); *\/\r\n        background-position-y: calc(50% + 5px);\r\n\r\n    }\r\n<\/style>\r\n    <div class=\"yt-slider videosav \">\r\n                    <!-- <div class=\"section-row row <?= mt-2 ?> <?php (mt-2 == \"mt-0\" ? \"pt-0\" : \"pt-3\") ?> pl-0 pr-0 mx-lg-0\"\r\n            style=\"background-color: <?= white ?>; padding-top: 10px;\"> -->\r\n            <div class=\"section-row row  mt-2 pt-3  pl-0 pr-0 mx-lg-0\"\r\n            style=\"background-color:  white; padding-top: 10px;\">\r\n            <div class=\"col-md-auto section-title\" style=\"background-color: #1C315A;\">\r\n                <h2 style=\"color: white ;\"> Podcast <\/h2>\r\n            <\/div>\r\n            <div class=\"col section-divider px-0 mx-2 d-none d-md-block\"\r\n                style=\"background-color: #1C315A;\"><\/div>\r\n\r\n            <div class=\"col col-md-auto section-link text-uppercase px-0 d-none d-md-block\" style=\"margin-right: 5px;\">\r\n                <h5 class=\"m-0 After-text-white\" style=\"color:  #1C315A  !important;\">\r\n    <a href=\"https:\/\/www.youtube.com\/playlist?list=PLLkRvJCE8SzSN7-PqKN6Onhr_qHumFX50\"\r\n        style=\"color: #1C315A  !important;\">\r\n            Tov\u00e1bbi vide\u00f3k\r\n    <\/a>\r\n<\/h5>\r\n            <\/div>\r\n        <\/div>\r\n        <div class=\"row px-0  mb-0 mx-lg-0\" style=\"background-color: white\">\r\n\r\n            <div class=\"owl-carousel col-12 px-0 mt-2 mb-3\">\r\n                \r\n<div class=\"card\">\r\n    <div class=\"card-img\">\r\n        <a class=\"videolink\" href=\"https:\/\/www.youtube.com\/watch?v=GmjgHB8J1qI\" data-src=\"https:\/\/www.youtube.com\/embed\/GmjgHB8J1qI?modestbranding=1&rel=0&controls=1&showinfo=0&html5=1&autoplay=1\"\r\n            style=\"background-image: url(https:\/\/i.ytimg.com\/vi\/GmjgHB8J1qI\/maxresdefault.jpg)\">\r\n        <\/a>\r\n    <\/div>\r\n            \r\n    <h6 class=\"counter text-center  text-white\" style=\"color:  #1C315A  !important;\">\r\n        <span class=\"bold\"> 1 <\/span> \/  3\r\n    <\/h6>\r\n\r\n<\/div>\r\n<div class=\"card\">\r\n    <div class=\"card-img\">\r\n        <a class=\"videolink\" href=\"https:\/\/www.youtube.com\/watch?v=A9XJHDNbwhc\" data-src=\"https:\/\/www.youtube.com\/embed\/A9XJHDNbwhc?modestbranding=1&rel=0&controls=1&showinfo=0&html5=1&autoplay=1\"\r\n            style=\"background-image: url(https:\/\/i.ytimg.com\/vi\/A9XJHDNbwhc\/maxresdefault.jpg)\">\r\n        <\/a>\r\n    <\/div>\r\n            \r\n    <h6 class=\"counter text-center  text-white\" style=\"color:  #1C315A  !important;\">\r\n        <span class=\"bold\"> 2 <\/span> \/  3\r\n    <\/h6>\r\n\r\n<\/div>\r\n<div class=\"card\">\r\n    <div class=\"card-img\">\r\n        <a class=\"videolink\" href=\"https:\/\/www.youtube.com\/watch?v=77od0mY4Ca0\" data-src=\"https:\/\/www.youtube.com\/embed\/77od0mY4Ca0?modestbranding=1&rel=0&controls=1&showinfo=0&html5=1&autoplay=1\"\r\n            style=\"background-image: url(https:\/\/i.ytimg.com\/vi\/77od0mY4Ca0\/maxresdefault.jpg)\">\r\n        <\/a>\r\n    <\/div>\r\n            \r\n    <h6 class=\"counter text-center  text-white\" style=\"color:  #1C315A  !important;\">\r\n        <span class=\"bold\"> 3 <\/span> \/  3\r\n    <\/h6>\r\n\r\n<\/div>\r\n            <\/div>\r\n            <div class=\"col col-md-auto section-link text-uppercase px-2 d-md-none flex-row-reverse d-flex\"\r\n                style=\"margin: -14px 12px 10px 8px;\">\r\n                    <h5 class=\"m-0 After-text-white\" style=\"color:  #1C315A  !important;\">\r\n    <a href=\"https:\/\/www.youtube.com\/playlist?list=PLLkRvJCE8SzSN7-PqKN6Onhr_qHumFX50\"\r\n        style=\"color: #1C315A  !important;\">\r\n            Tov\u00e1bbi vide\u00f3k\r\n    <\/a>\r\n<\/h5>\r\n                <div class=\"col section-divider px-0 mx-2\" style=\"margin-top: 7px;\"><\/div>\r\n            <\/div>\r\n        <\/div>\r\n    <\/div>\r\n<\/section>\n<div class=\"keretes\" style=\"float: left !important; border: 0px !important; margin-left: 0px !important;\">\n<h2>Contact us<\/h2>\n<p><strong><span style=\"font-family: Montserrat;\">Fanni Matyasovszki<br \/>\n<\/span><\/strong><span style=\"font-family: Montserrat; font-size: 14pt;\">International Relations Specialist,<\/span><br \/>\n<span style=\"font-family: Montserrat; font-size: 14pt;\">EUniWell Institutional Coordinator<br \/>\n<a href=\"mailto:matyasovszki.fanni.sara@semmelweis.hu\">Send an Email!<\/a><\/span><\/p>\n<h5>Follow EUniWell on social media:<\/h5>\n<p style=\"text-align: center;\"><a class=\"btn btn-light\" href=\"https:\/\/www.instagram.com\/euniwell\/\" target=\"_blank\" rel=\"noopener\">Instagram<\/a>\u00a0 \u00a0 \u00a0 \u00a0 \u00a0 \u00a0<a class=\"btn btn-secondary\" href=\"https:\/\/www.linkedin.com\/school\/euniwell\/posts\/?feedView=all\" target=\"_blank\" rel=\"noopener\">LinkedIn<\/a><\/p>\n<\/div>\n<div class=\"keretes\" style=\"border: 3px solid #e3d496 !important; background-color: #ffff !important;\">\n<h2>Useful links<\/h2>\n<ul style=\"list-style-type: square;\">\n<li>\n<p><a href=\"https:\/\/www.euniwell.eu\/\">EUniWell<\/a><\/p>\n<\/li>\n<li>\n<p><a href=\"https:\/\/www.euniwell.eu\/news-events\/events\">EUniWell Events<\/a><\/p>\n<\/li>\n<li>\n<p><a href=\"https:\/\/www.euniwell.eu\/news-events\/newsletter\">EUniWell Newsletter<\/a><\/p>\n<\/li>\n<li>\n<p><a href=\"https:\/\/www.euniwell.eu\/what-we-offer\/euniwell-champions-scheme\">EUniWell Champions<\/a><\/p>\n<\/li>\n<li><a href=\"https:\/\/euniwell-open-education.univ-nantes.fr\/oer-showcase\/\" target=\"_blank\" rel=\"noopener\">EUniWell Open Educational Resources<\/a><\/li>\n<\/ul>\n<\/div>\n<hr style=\"border-width: 1; border-color: white;\" \/>\n<p>&nbsp;<\/p>\n<div class=\"keretes w-100\" style=\"border: 3px solid #4d9de0 !important; background-color: #ffff !important;\">\n<h3><a href=\"https:\/\/semmelweis.hu\/nki\/files\/2025\/03\/Print-scaled.jpg\"><img loading=\"lazy\" decoding=\"async\" class=\"piktogram alignright wp-image-34191\" src=\"https:\/\/semmelweis.hu\/nki\/files\/2025\/03\/Print-400x220.jpg\" alt=\"The image shows an illustrated map with the 12 member universities of EUniWell\" width=\"244\" height=\"134\" srcset=\"https:\/\/semmelweis.hu\/nki\/files\/2025\/03\/Print-400x220.jpg 400w, https:\/\/semmelweis.hu\/nki\/files\/2025\/03\/Print-1024x564.jpg 1024w, https:\/\/semmelweis.hu\/nki\/files\/2025\/03\/Print-768x423.jpg 768w, https:\/\/semmelweis.hu\/nki\/files\/2025\/03\/Print-1536x846.jpg 1536w, https:\/\/semmelweis.hu\/nki\/files\/2025\/03\/Print-2048x1128.jpg 2048w, https:\/\/semmelweis.hu\/nki\/files\/2025\/03\/Print-753x415.jpg 753w\" sizes=\"auto, (max-width: 244px) 100vw, 244px\" \/><\/a>Financial support<\/h3>\n<p>Semmelweis University\u2019s involvement in the EUniWell program is supported by the National Research, Development and Innovation Fund (Nemzeti Kutat\u00e1si, Fejleszt\u00e9si \u00e9s Innov\u00e1ci\u00f3s Hivatal &#8211; NKFIH).<\/p>\n<p><a href=\"https:\/\/semmelweis.hu\/nki\/files\/2026\/02\/EU-funded.jpg\"><img loading=\"lazy\" decoding=\"async\" class=\"piktogram alignleft wp-image-34442\" src=\"https:\/\/semmelweis.hu\/nki\/files\/2026\/02\/EU-funded-150x150.jpg\" alt=\"\" width=\"126\" height=\"126\" \/><\/a><\/p>\n<p style=\"text-align: left;\">The &#8222;EUniWellWeFF&#8221; project is co-funded by the Erasmus+ Programme of the European Union.<br \/>\n<span style=\"font-size: 12pt;\">Disclaimer: Funded by the European Union. Views and opinions expressed are however those of the author(s) only and do not necessarily reflect those of the European Union or the European Education and Culture Executive Agency (EACEA). Neither the European Union nor EACEA can be held responsible for them.<\/span><\/p>\n<\/div>\n","protected":false},"excerpt":{"rendered":"<p>Between 28\u201329 March, BOE (the Budapest Association of Medical Students) organised the Semmelweis Health Competition for the eleventh time, with the active involvement of Semmelweis University\u2019s local EUniWell Student Board, which contributed a mentor-based, internationally oriented programme element.\u00a0 Over the past years, it has become a tradition for the Semmelweis EUniWell team and its associated &hellip;<\/p>\n","protected":false},"author":362,"featured_media":0,"parent":0,"menu_order":0,"comment_status":"closed","ping_status":"closed","template":"template-fullwidth.php","meta":{"_acf_changed":false,"footnotes":""},"categories":[],"tags":[],"class_list":["post-9008","page","type-page","status-publish","hentry"],"acf":[],"_links":{"self":[{"href":"https:\/\/semmelweis.hu\/nki\/wp-json\/wp\/v2\/pages\/9008","targetHints":{"allow":["GET"]}}],"collection":[{"href":"https:\/\/semmelweis.hu\/nki\/wp-json\/wp\/v2\/pages"}],"about":[{"href":"https:\/\/semmelweis.hu\/nki\/wp-json\/wp\/v2\/types\/page"}],"author":[{"embeddable":true,"href":"https:\/\/semmelweis.hu\/nki\/wp-json\/wp\/v2\/users\/362"}],"replies":[{"embeddable":true,"href":"https:\/\/semmelweis.hu\/nki\/wp-json\/wp\/v2\/comments?post=9008"}],"version-history":[{"count":16,"href":"https:\/\/semmelweis.hu\/nki\/wp-json\/wp\/v2\/pages\/9008\/revisions"}],"predecessor-version":[{"id":34751,"href":"https:\/\/semmelweis.hu\/nki\/wp-json\/wp\/v2\/pages\/9008\/revisions\/34751"}],"wp:attachment":[{"href":"https:\/\/semmelweis.hu\/nki\/wp-json\/wp\/v2\/media?parent=9008"}],"wp:term":[{"taxonomy":"category","embeddable":true,"href":"https:\/\/semmelweis.hu\/nki\/wp-json\/wp\/v2\/categories?post=9008"},{"taxonomy":"post_tag","embeddable":true,"href":"https:\/\/semmelweis.hu\/nki\/wp-json\/wp\/v2\/tags?post=9008"}],"curies":[{"name":"wp","href":"https:\/\/api.w.org\/{rel}","templated":true}]}}