{"id":9501,"date":"2026-09-05T12:59:16","date_gmt":"2026-09-05T10:59:16","guid":{"rendered":"https:\/\/semmelweis.hu\/mutettan\/?page_id=9501"},"modified":"2026-09-06T08:53:46","modified_gmt":"2026-09-06T06:53:46","slug":"altalanos-informaciok","status":"publish","type":"page","link":"https:\/\/semmelweis.hu\/mutettan\/mst-kiserletes-sebeszeti-szekcio-31-kongresszusa\/altalanos-informaciok\/","title":{"rendered":"\u00c1ltal\u00e1nos inform\u00e1ci\u00f3k"},"content":{"rendered":"<p style=\"text-align: center\"><strong>A KONGRESSZUS F\u0150V\u00c9DN\u00d6KE<\/strong> <br \/>\nProf. Dr. Merkely B\u00e9la <br \/>\nA Semmelweis Egyetem rektora <br \/>\n<strong><br \/>\nA KONGRESSZUS V\u00c9DN\u00d6KE<\/strong> <br \/>\nProf. Dr. Nyir\u00e1dy P\u00e9ter <br \/>\nA Semmelweis Egyetem <br \/>\n\u00c1ltal\u00e1nos Orvostudom\u00e1nyi Kar d\u00e9k\u00e1nja <br \/>\n<strong><br \/>\nSZERVEZ\u0150 BIZOTTS\u00c1G <br \/>\n<\/strong>Prof. Dr. Radovits Tam\u00e1s <br \/>\nDr. Csuk\u00e1s Domokos <br \/>\nPetrovics Alica <br \/>\nTatai Fanni<br \/>\n<strong><br \/>\nTUDOM\u00c1NYOS BIZOTTS\u00c1G <br \/>\n<\/strong>Dr. B\u00f3r L\u00e1szl\u00f3 <br \/>\nDr. De\u00e1k \u00c1d\u00e1m <br \/>\nProf. Dr. Ender Ferenc <br \/>\nDr. \u00c9rces D\u00e1niel <br \/>\nDr. Furka Andrea <br \/>\nDr. F\u00fcl\u00f6p Andr\u00e1s <br \/>\nProf. Dr. Gamal Eldin Mohamed<br \/>\nProf. Dr. Haidegger Tam\u00e1s <br \/>\nDr. Kl\u00e1rik Zolt\u00e1n <br \/>\nDr. L\u00e9vay Kl\u00e1ra <br \/>\nProf. Dr. Mik\u00f3 Ir\u00e9n <br \/>\nProf. Dr. N\u00e9meth Norbert <br \/>\nDr. Paszt Attila <br \/>\nDr. Pet\u0151 Katalin <br \/>\nDr. S\u00e1ndor Zolt\u00e1n <br \/>\nDr. Szab\u00f3 Andrea <br \/>\nDr. Sz\u00e1nt\u00f3 Zal\u00e1n <br \/>\nProf. Dr. Szij\u00e1rt\u00f3 Attila <br \/>\nProf. Dr. Szokoly Mikl\u00f3s <br \/>\nDr. Tall\u00f3sy Szabolcs P\u00e9ter <br \/>\nDr. Toronyi \u00c9va <br \/>\nDr. Varga \u00c1d\u00e1m <br \/>\nDr. Varga Gabriella <br \/>\nDr. Voniatis Constantinos <br \/>\nProf. Dr. V\u00f6r\u00f6s Attila<\/p>\n<p style=\"text-align: center\"><strong>A KONGRESSZUS ELN\u00d6KE<br \/>\n<\/strong>Prof. Dr. S\u00e1ndor J\u00f3zsef<\/p>\n<p style=\"text-align: center\"><strong>\u00a0A KONGRESSZUS TITK\u00c1RA <br \/>\n<\/strong>Dr. Szab\u00f3 Gy\u00f6rgyi<\/p>\n<ul style=\"list-style-type: disc\">\n<li style=\"text-align: center\"><strong>A KONGRESSZUS F\u0150 T\u00c9M\u00c1I <br \/>\n<\/strong>Kardiovaszkul\u00e1ris kutat\u00e1sok <br \/>\nSebgy\u00f3gyul\u00e1s, sebkezel\u00e9s, regener\u00e1ci\u00f3 <br \/>\nIschemia-reperf\u00fazi\u00f3, szepszis <br \/>\nBiom\u00e9rn\u00f6ki, robotseb\u00e9szeti kutat\u00e1sok szerepe a seb\u00e9szetben <br \/>\nKering\u00e9s, mikrokering\u00e9s, mikroseb\u00e9szet <br \/>\nOktat\u00e1s <br \/>\n\u00c1llatmodellek \u00e9s alternat\u00edv lehet\u0151s\u00e9gek a k\u00eds\u00e9rletes seb\u00e9szeti kutat\u00e1sban <br \/>\nFiatal kutat\u00f3k versenyszekci\u00f3i: <br \/>\nEgyetemi hallgat\u00f3k versenyszekci\u00f3ja <br \/>\nPHD\/fiatal kutat\u00f3k (35 \u00e9v alattiak) versenyszekci\u00f3ja <br \/>\nMitokondri\u00e1lis funkci\u00f3k vizsg\u00e1lata <br \/>\nK\u00f6zponti idegrendszeri kutat\u00e1sok<\/p>\n<p><em><strong><br \/>\nVaria AKKREDIT\u00c1CI\u00d3 <br \/>\nA tanfolyam a Semmelweis Egyetem \u00e1ltal <\/strong><\/em><br \/>\n<em><strong>akkredit\u00e1l\u00e1sra ker\u00fcl szabadon v\u00e1laszthat\u00f3 tov\u00e1bbk\u00e9pz\u0151 tanfolyamk\u00e9nt.<\/strong><\/em><\/p>\n<\/li>\n<\/ul>\n<p style=\"text-align: center\"><strong>\u00a0Szakk\u00e9pes\u00edt\u00e9sek:<\/strong><br \/>\n1. gyermekseb\u00e9szet; 2. mellkasseb\u00e9szet; 3. \u00e9rseb\u00e9szet; 4. ideg- seb\u00e9szet; <br \/>\n5. plasztikai (\u00e9g\u00e9si) seb\u00e9szet; 6. seb\u00e9szet; 7. sz\u00edvseb\u00e9szet; 8. urol\u00f3gia<\/p>\n<p style=\"text-align: center\"><strong>A RENDEZV\u00c9NY HELYSZ\u00cdNE<\/strong> <br \/>\nRadisson Blu B\u00e9ke 1067 Budapest, <br \/>\nTer\u00e9z krt. 43.<\/p>\n","protected":false},"excerpt":{"rendered":"<p>A KONGRESSZUS F\u0150V\u00c9DN\u00d6KE Prof. Dr. Merkely B\u00e9la A Semmelweis Egyetem rektora A KONGRESSZUS V\u00c9DN\u00d6KE Prof. Dr. Nyir\u00e1dy P\u00e9ter A Semmelweis Egyetem \u00c1ltal\u00e1nos Orvostudom\u00e1nyi Kar d\u00e9k\u00e1nja SZERVEZ\u0150 BIZOTTS\u00c1G Prof. Dr. Radovits Tam\u00e1s Dr. Csuk\u00e1s Domokos Petrovics Alica Tatai Fanni TUDOM\u00c1NYOS BIZOTTS\u00c1G Dr. B\u00f3r L\u00e1szl\u00f3 Dr. De\u00e1k \u00c1d\u00e1m Prof. Dr. Ender Ferenc Dr. \u00c9rces D\u00e1niel Dr. Furka &hellip;<\/p>\n","protected":false},"author":101700,"featured_media":0,"parent":9495,"menu_order":2,"comment_status":"closed","ping_status":"closed","template":"","meta":{"_acf_changed":false,"footnotes":""},"categories":[],"tags":[],"class_list":["post-9501","page","type-page","status-publish","hentry"],"acf":[],"_links":{"self":[{"href":"https:\/\/semmelweis.hu\/mutettan\/wp-json\/wp\/v2\/pages\/9501","targetHints":{"allow":["GET"]}}],"collection":[{"href":"https:\/\/semmelweis.hu\/mutettan\/wp-json\/wp\/v2\/pages"}],"about":[{"href":"https:\/\/semmelweis.hu\/mutettan\/wp-json\/wp\/v2\/types\/page"}],"author":[{"embeddable":true,"href":"https:\/\/semmelweis.hu\/mutettan\/wp-json\/wp\/v2\/users\/101700"}],"replies":[{"embeddable":true,"href":"https:\/\/semmelweis.hu\/mutettan\/wp-json\/wp\/v2\/comments?post=9501"}],"version-history":[{"count":5,"href":"https:\/\/semmelweis.hu\/mutettan\/wp-json\/wp\/v2\/pages\/9501\/revisions"}],"predecessor-version":[{"id":9524,"href":"https:\/\/semmelweis.hu\/mutettan\/wp-json\/wp\/v2\/pages\/9501\/revisions\/9524"}],"up":[{"embeddable":true,"href":"https:\/\/semmelweis.hu\/mutettan\/wp-json\/wp\/v2\/pages\/9495"}],"wp:attachment":[{"href":"https:\/\/semmelweis.hu\/mutettan\/wp-json\/wp\/v2\/media?parent=9501"}],"wp:term":[{"taxonomy":"category","embeddable":true,"href":"https:\/\/semmelweis.hu\/mutettan\/wp-json\/wp\/v2\/categories?post=9501"},{"taxonomy":"post_tag","embeddable":true,"href":"https:\/\/semmelweis.hu\/mutettan\/wp-json\/wp\/v2\/tags?post=9501"}],"curies":[{"name":"wp","href":"https:\/\/api.w.org\/{rel}","templated":true}]}}